{"id":15373,"date":"2026-08-20T11:04:33","date_gmt":"2026-08-20T09:04:33","guid":{"rendered":"https:\/\/badabus.com\/?page_id=15373"},"modified":"2026-08-31T12:13:05","modified_gmt":"2026-08-31T10:13:05","slug":"lloguer-de-minibus-barcelona","status":"publish","type":"page","link":"https:\/\/badabus.com\/ca\/lloguer-de-minibus-barcelona\/","title":{"rendered":"Lloguer de minib\u00fas Barcelona CAT"},"content":{"rendered":"<div class=\"wpb-content-wrapper\"><p>[vc_row css=\u00bb.vc_custom_1594119237446{background-image: url(https:\/\/badabus.com\/wp-content\/uploads\/alquiler-minibus-barcelona.jpg?id=2622) !important;background-position: center !important;background-repeat: no-repeat !important;background-size: cover !important;}\u00bb el_class=\u00bbheader-new-landing\u00bb][vc_column css=\u00bb.vc_custom_1594126547888{padding-top: 130px !important;padding-bottom: 130px !important;}\u00bb offset=\u00bbvc_hidden-sm vc_hidden-xs\u00bb][vc_column_text css=\u00bb\u00bb]<\/p>\n<p class=\"estilo-linea-dos\">LLOGUER DE MINIB\u00daS<br \/>\nBARCELONA<\/p>\n<p>[\/vc_column_text][vc_btn title=\u00bbDEMANA PRESSUPOST\u00bb style=\u00bbcustom\u00bb custom_background=\u00bb#25a6b9&#8243; custom_text=\u00bb#ffffff\u00bb shape=\u00bbround\u00bb align=\u00bbleft\u00bb css=\u00bb\u00bb link=\u00bburl:https%3A%2F%2Fbadabus.com%2Fca%2Fpressupost-lloguer-de-minibusos%2F|title:Pressupost%20lloguer%20d&#8217;autobusos\u00bb el_class=\u00bbbtn-new-landing\u00bb][\/vc_column][\/vc_row][vc_row css=\u00bb.vc_custom_1596641640341{background-image: url(https:\/\/badabus.com\/wp-content\/uploads\/IMG_6410MOBILE-1-scaled-e1596641621341.jpg?id=4370) !important;background-position: center !important;background-repeat: no-repeat !important;background-size: cover !important;}\u00bb el_class=\u00bbheader-new-landing\u00bb][vc_column css=\u00bb.vc_custom_1594126540640{padding-top: 130px !important;padding-bottom: 130px !important;}\u00bb offset=\u00bbvc_hidden-lg vc_hidden-md\u00bb][vc_column_text css=\u00bb\u00bb]<\/p>\n<p class=\"estilo-linea-dos-mob\">LLOGUER DE MINIB\u00daS<br \/>\nBARCELONA<\/p>\n<p>[\/vc_column_text][vc_btn title=\u00bbDEMANA PRESSUPOST\u00bb style=\u00bbcustom\u00bb custom_background=\u00bb#25a6b9&#8243; custom_text=\u00bb#ffffff\u00bb shape=\u00bbround\u00bb align=\u00bbleft\u00bb css=\u00bb\u00bb link=\u00bburl:https%3A%2F%2Fbadabus.com%2Fca%2Fpressupost-lloguer-de-minibusos%2F|title:Pressupost%20lloguer%20d&#8217;autobusos\u00bb el_class=\u00bbbtn-new-landing\u00bb][\/vc_column][\/vc_row][vc_row row_vertical_center=\u00bb1&#8243;][vc_column css=\u00bb.vc_custom_1593697360791{margin-top: 15px !important;}\u00bb][vc_column_text css=\u00bb.vc_custom_1719301838946{margin-top: 25px !important;}\u00bb]<\/p>\n<h1 class=\"h1-servicios\">Lloguer de minibusos a Barcelona<\/h1>\n<h2 class=\"h2-servicios-uno\"><img loading=\"lazy\" decoding=\"async\" class=\"alignnone wp-image-1962\" src=\"https:\/\/badabus.com\/wp-content\/uploads\/flechas-300x193.png\" alt=\"Contacto Lloguer de minib\u00fas Barcelona\" width=\"56\" height=\"36\" srcset=\"https:\/\/badabus.com\/wp-content\/uploads\/flechas-300x193.png 300w, https:\/\/badabus.com\/wp-content\/uploads\/flechas.png 302w\" sizes=\"auto, (max-width: 56px) 100vw, 56px\" \/>LA TEVA COMPANYIA DE MINIBUSOS<br \/>\nDE CONFIAN\u00c7A<\/h2>\n<p>[\/vc_column_text][vc_column_text css=\u00bb.vc_custom_1596181278129{padding-right: 10% !important;padding-left: 10% !important;}\u00bb]Si necessites un mitj\u00e0 de transport per despla\u00e7ar-te de manera r\u00e0pida i c\u00f2moda i no vols renunciar a la privacitat, el lloguer d&#8217;un minib\u00fas a Barcelona \u00e9s exactament el que busques. A Badabus comptem amb una \u00e0mplia flota entre la qual podr\u00e0s triar segons les teves prefer\u00e8ncies i requisits.[\/vc_column_text][\/vc_column][\/vc_row][vc_row][vc_column width=\u00bb1\/2&#8243;][vc_single_image image=\u00bb14914&#8243; img_size=\u00bbfull\u00bb][\/vc_column][vc_column width=\u00bb1\/2&#8243;][vc_column_text css=\u00bb.vc_custom_1787574480542{padding-right: 10% !important;}\u00bb]<\/p>\n<h2>Qu\u00e8 t&#8217;ofereix el lloguer d&#8217;un minib\u00fas amb nosaltres<\/h2>\n<p>Som conscients que les opcions que hi ha al mercat s\u00f3n \u00e0mplies i per aix\u00f2 a Badabus busquem diferenciar-nos de la resta. Amb m\u00e9s de 25 anys de traject\u00f2ria al sector del transport privat, hem apr\u00e8s que la satisfacci\u00f3 i l&#8217;experi\u00e8ncia del client s\u00f3n el secret de l&#8217;\u00e8xit. Per aix\u00f2 continuem treballant dia a dia per oferir-te els millors serveis a bord de la nostra flota, de la m\u00e0 de conductors professionals.<\/p>\n<p>Els nostres minibusos i <a class=\"link-discreto\" href=\"https:\/\/badabus.com\/ca\/lloguer-de-furgoneta-amb-conductor-barcelona\/\">furgonetes amb conductor<\/a> et donaran l&#8217;oportunitat de gaudir de la millor companyia en un espai on predomina el confort. Amb un equipament complet i enfocat al teu benestar, et garantim que el viatge per carretera ser\u00e0 tan agradable com puguis imaginar.<\/p>\n<p>Posem a la teva disposici\u00f3 dues modalitats de vehicle. Pots optar pel lloguer d&#8217;un minib\u00fas de 18 places o b\u00e9 un de 25. Tot dep\u00e8n del nombre de passatgers o de les necessitats d&#8217;espai que tinguis. No tots els viatges s\u00f3n iguals! Recorda que, si veus que el minib\u00fas se&#8217;t quedar\u00e0 petit, tamb\u00e9 pots fer un cop d&#8217;ull a la nostra flota i <a href=\"https:\/\/badabus.com\/ca\/lloguer-autocar-barcelona\/\">llogar un autocar a Barcelona<\/a> encertant segur.[\/vc_column_text][\/vc_column][\/vc_row][vc_row][vc_column width=\u00bb1\/2&#8243; offset=\u00bbvc_hidden-sm vc_hidden-xs\u00bb][vc_column_text css=\u00bb.vc_custom_1786966116668{padding-left: 10% !important;}\u00bb]<\/p>\n<h2>Per qu\u00e8 llogar un minib\u00fas amb Badabus<\/h2>\n<p>El lloguer d&#8217;un minib\u00fas a Barcelona, tri\u00efs el model que tri\u00efs, et garanteix el compliment de les mesures de seguretat obligat\u00f2ries. No nom\u00e9s la nostra flota va equipada amb cinturons de seguretat, sin\u00f3 que els nostres conductors tamb\u00e9 s\u00f3n experts en seguretat vi\u00e0ria i coneixen a la perfecci\u00f3 totes les rutes. A m\u00e9s, tots els vehicles se sotmeten a revisions regulars perqu\u00e8 estiguin sempre a punt.<\/p>\n<p>A l&#8217;interior de qualsevol dels nostres minibusos hi trobar\u00e0s un espai ampli i c\u00f2mode perqu\u00e8 el trajecte sigui agradable per a tothom. Les butaques s\u00f3n reclinables i tenen reposabra\u00e7os i cap\u00e7al, entapissats amb materials diversos de gran resist\u00e8ncia i durabilitat, com el teixit o la pell.<\/p>\n<p>Donem servei a les principals fires i congressos de Barcelona, com ara <a href=\"https:\/\/badabus.com\/ca\/fira-mwc-barcelona\/\">Mobile World Congress<\/a>, <a href=\"https:\/\/badabus.com\/ca\/fira-seafood-expo-global-barcelona\/\">Seafood Expo Global<\/a>, etc.[\/vc_column_text][\/vc_column][vc_column width=\u00bb1\/2&#8243; offset=\u00bbvc_hidden-sm vc_hidden-xs\u00bb][vc_single_image image=\u00bb14909&#8243; img_size=\u00bbfull\u00bb][\/vc_column][\/vc_row][vc_row][vc_column width=\u00bb1\/2&#8243;][vc_single_image image=\u00bb14912&#8243; img_size=\u00bbfull\u00bb][\/vc_column][vc_column width=\u00bb1\/2&#8243;][vc_column_text css=\u00bb.vc_custom_1786966131371{padding-right: 10% !important;}\u00bb]<\/p>\n<h2>Caracter\u00edstiques dels minibusos de Badabus<\/h2>\n<p>Des del teu seient podr\u00e0s programar el teu propi climatitzador i utilitzar el llum de lectura individual. I gr\u00e0cies al doble envidrament de les finestres, a\u00efllar-te del soroll exterior i aprofitar el temps del trajecte per llegir, xerrar amb el teu grup o fins i tot descansar. Tu decideixes com gaudir del teu temps!<\/p>\n<p>Per\u00f2 aix\u00f2 no \u00e9s tot: si vols una mica d&#8217;entreteniment per amenitzar el trajecte, la nostra flota tamb\u00e9 disposa d&#8217;un equip de v\u00eddeo i \u00e0udio. Veure una pel\u00b7l\u00edcula o reproduir la teva m\u00fasica preferida abans de l&#8217;esdeveniment tamb\u00e9 \u00e9s possible amb el lloguer d&#8217;un minib\u00fas a Barcelona.<\/p>\n<p>Sol\u00b7licita el teu <a href=\"https:\/\/badabus.com\/ca\/pressupost-lloguer-de-minibusos\/\">pressupost de lloguer de minib\u00fas.<\/a>[\/vc_column_text][\/vc_column][\/vc_row][vc_row][vc_column][vc_empty_space height=\u00bb65px\u00bb][\/vc_column][\/vc_row][vc_row equal_height=\u00bbyes\u00bb content_placement=\u00bbmiddle\u00bb row_vertical_center=\u00bb1&#8243; css=\u00bb.vc_custom_1593761608258{background-color: #25a6b9 !important;}\u00bb][vc_column width=\u00bb2\/3&#8243;][vc_column_text css=\u00bb.vc_custom_1719302064435{margin-top: 25px !important;margin-bottom: 0px !important;padding-bottom: 5px !important;}\u00bb]<\/p>\n<h2 style=\"color: white;\">LLOGUER DE MINIB\u00daS BARCELONA<\/h2>\n<p>[\/vc_column_text][vc_column_text css=\u00bb\u00bb]<\/p>\n<p class=\"estilo-linea-cuatro\">Si necessites m\u00e9s informaci\u00f3 sobre el lloguer de minib\u00fas de 18 o 25 persones, pots posar-te en contacte amb nosaltres o sol\u00b7licitar un pressupost totalment gratu\u00eft i sense cap comprom\u00eds. \u00c9s hora de posar-se en marxa!<\/p>\n<p>[\/vc_column_text][\/vc_column][vc_column width=\u00bb1\/3&#8243; el_class=\u00bbbtn-pide-pres\u00bb][vc_btn title=\u00bbDEMANA PRESSUPOST\u00bb style=\u00bboutline-custom\u00bb outline_custom_color=\u00bb#ffffff\u00bb outline_custom_hover_background=\u00bb#ffffff\u00bb outline_custom_hover_text=\u00bb#0a0a0a\u00bb shape=\u00bbround\u00bb align=\u00bbright\u00bb css=\u00bb.vc_custom_1786966141837{margin-top: 15% !important;}\u00bb link=\u00bburl:https%3A%2F%2Fbadabus.com%2Fca%2Fpressupost-lloguer-de-minibusos%2F|title:Pressupost%20lloguer%20d&#8217;autobusos\u00bb el_class=\u00bbbtn-new-landing-bold\u00bb][\/vc_column][\/vc_row][vc_row][vc_column][vc_empty_space height=\u00bb65px\u00bb][\/vc_column][\/vc_row][vc_row][vc_column css=\u00bb.vc_custom_1594044024843{margin-top: 15px !important;margin-bottom: 50px !important;}\u00bb][vc_column_text css=\u00bb.vc_custom_1719302088375{margin-top: 10px !important;}\u00bb]<\/p>\n<h3 class=\"h2-servicios-uno\"><img loading=\"lazy\" decoding=\"async\" class=\"wp-image-1962 alignnone\" style=\"text-align: center;\" src=\"https:\/\/badabus.com\/wp-content\/uploads\/flechas-300x193.png\" alt=\"Contacto Lloguer de minib\u00fas Barcelona\" width=\"52\" height=\"34\" srcset=\"https:\/\/badabus.com\/wp-content\/uploads\/flechas-300x193.png 300w, https:\/\/badabus.com\/wp-content\/uploads\/flechas.png 302w\" sizes=\"auto, (max-width: 52px) 100vw, 52px\" \/> M\u00c9S FLOTA BADABUS<\/h3>\n<p>[\/vc_column_text][\/vc_column][\/vc_row][vc_row row_fullwidth=\u00bb1&#8243; css=\u00bb.vc_custom_1719302158864{margin-top: 15px !important;margin-bottom: 10px !important;}\u00bb][vc_column width=\u00bb1\/3&#8243; offset=\u00bbvc_hidden-sm vc_hidden-xs\u00bb css=\u00bb.vc_custom_1594813556672{margin-right: 5px !important;margin-left: 5px !important;}\u00bb][vc_column_text css=\u00bb.vc_custom_1787574778570{margin-right: 2px !important;margin-left: 2px !important;}\u00bb el_class=\u00bbbtn-mas-serv\u00bb]<\/p>\n<p style=\"text-align: center;\"><a href=\"https:\/\/badabus.com\/ca\/lloguer-autocar-barcelona\/\"><img loading=\"lazy\" decoding=\"async\" class=\"alignnone wp-image-10032 size-full\" src=\"https:\/\/badabus.com\/wp-content\/uploads\/Alex-Bascuas-Photo-0508-1.png\" alt=\"\" width=\"300\" height=\"226\" \/><\/a><a href=\"https:\/\/badabus.com\/ca\/lloguer-autocar-barcelona\/\"><br \/>\nAutocar<\/a><\/p>\n<p>[\/vc_column_text][\/vc_column][vc_column width=\u00bb1\/3&#8243; offset=\u00bbvc_hidden-sm vc_hidden-xs\u00bb css=\u00bb.vc_custom_1594813588807{margin-right: 5px !important;margin-left: 5px !important;}\u00bb][vc_column_text css=\u00bb.vc_custom_1786966239288{margin-right: 2px !important;margin-left: 2px !important;}\u00bb el_class=\u00bbbtn-mas-serv\u00bb]<\/p>\n<p style=\"text-align: center;\"><a href=\"https:\/\/badabus.com\/ca\/lloguer-autocar-vip-barcelona\/\"><img loading=\"lazy\" decoding=\"async\" class=\"alignnone wp-image-3078 size-medium\" src=\"https:\/\/badabus.com\/wp-content\/uploads\/alquiler-autobus-barcelona-1-300x225.jpg\" alt=\"alquiler autob\u00fas barcelona\" width=\"300\" height=\"225\" srcset=\"https:\/\/badabus.com\/wp-content\/uploads\/alquiler-autobus-barcelona-1-300x225.jpg 300w, https:\/\/badabus.com\/wp-content\/uploads\/alquiler-autobus-barcelona-1-768x576.jpg 768w, https:\/\/badabus.com\/wp-content\/uploads\/alquiler-autobus-barcelona-1.jpg 800w\" sizes=\"auto, (max-width: 300px) 100vw, 300px\" \/><br \/>\nAutocar VIP<br \/>\n<\/a><\/p>\n<p>[\/vc_column_text][\/vc_column][vc_column width=\u00bb1\/3&#8243; offset=\u00bbvc_hidden-sm vc_hidden-xs\u00bb css=\u00bb.vc_custom_1594813596910{margin-right: 5px !important;margin-left: 5px !important;}\u00bb][vc_column_text css=\u00bb.vc_custom_1786966334298{margin-right: 2px !important;margin-left: 2px !important;}\u00bb el_class=\u00bbbtn-mas-serv\u00bb]<\/p>\n<p style=\"text-align: center;\"><a href=\"https:\/\/badabus.com\/ca\/lloguer-de-minibus-vip-barcelona\/\"><img loading=\"lazy\" decoding=\"async\" class=\"alignnone wp-image-10017 size-medium\" src=\"https:\/\/badabus.com\/wp-content\/uploads\/\/Alex-Bascuas-Photo-0471-300x230.png\" alt=\"\" width=\"300\" height=\"230\" srcset=\"https:\/\/badabus.com\/wp-content\/uploads\/Alex-Bascuas-Photo-0471-300x230.png 300w, https:\/\/badabus.com\/wp-content\/uploads\/Alex-Bascuas-Photo-0471-768x588.png 768w, https:\/\/badabus.com\/wp-content\/uploads\/Alex-Bascuas-Photo-0471.png 800w\" sizes=\"auto, (max-width: 300px) 100vw, 300px\" \/><\/a><a href=\"https:\/\/badabus.com\/ca\/lloguer-de-minibus-vip-barcelona\/\"><br \/>\nMinib\u00fas VIP<br \/>\n<\/a><\/p>\n<p>[\/vc_column_text][\/vc_column][\/vc_row][vc_row row_fullwidth=\u00bb1&#8243; css=\u00bb.vc_custom_1719302165208{margin-top: 15px !important;}\u00bb][vc_column offset=\u00bbvc_hidden-lg vc_hidden-md\u00bb css=\u00bb.vc_custom_1719302171172{margin-bottom: 50px !important;}\u00bb][vc_column_text css=\u00bb\u00bb el_class=\u00bbbtn-mas-serv\u00bb]<\/p>\n<p style=\"text-align: center;\"><a href=\"https:\/\/badabus.com\/ca\/lloguer-autocar-barcelona\/\"><br \/>\n<\/a><a href=\"https:\/\/badabus.com\/ca\/?page_id=14902\"><img loading=\"lazy\" decoding=\"async\" class=\"alignnone wp-image-10019 size-medium\" src=\"https:\/\/badabus.com\/wp-content\/uploads\/Alex-Bascuas-Photo-0508-300x203.jpg\" alt=\"\" width=\"300\" height=\"203\" \/><\/a><\/p>\n<p style=\"text-align: center;\"><a href=\"https:\/\/badabus.com\/ca\/lloguer-autocar-barcelona\/\">Autocar<\/a><\/p>\n<p>[\/vc_column_text][vc_column_text css=\u00bb\u00bb el_class=\u00bbbtn-mas-serv\u00bb]<\/p>\n<p style=\"text-align: center;\"><a href=\"https:\/\/badabus.com\/ca\/lloguer-autocar-vip-barcelona\/\"><img loading=\"lazy\" decoding=\"async\" class=\"alignnone wp-image-3078 size-medium\" src=\"https:\/\/badabus.com\/wp-content\/uploads\/alquiler-autobus-barcelona-1-300x225.jpg\" alt=\"alquiler autob\u00fas barcelona\" width=\"300\" height=\"225\" srcset=\"https:\/\/badabus.com\/wp-content\/uploads\/alquiler-autobus-barcelona-1-300x225.jpg 300w, https:\/\/badabus.com\/wp-content\/uploads\/alquiler-autobus-barcelona-1-768x576.jpg 768w, https:\/\/badabus.com\/wp-content\/uploads\/alquiler-autobus-barcelona-1.jpg 800w\" sizes=\"auto, (max-width: 300px) 100vw, 300px\" \/><br \/>\nAutocar VIP<br \/>\n<\/a><\/p>\n<p>[\/vc_column_text][vc_column_text css=\u00bb\u00bb el_class=\u00bbbtn-mas-serv\u00bb]<\/p>\n<p style=\"text-align: center;\"><img loading=\"lazy\" decoding=\"async\" class=\"alignnone wp-image-10017 size-medium\" src=\"https:\/\/badabus.com\/wp-content\/uploads\/\/Alex-Bascuas-Photo-0471-300x230.png\" alt=\"\" width=\"300\" height=\"230\" srcset=\"https:\/\/badabus.com\/wp-content\/uploads\/Alex-Bascuas-Photo-0471-300x230.png 300w, https:\/\/badabus.com\/wp-content\/uploads\/Alex-Bascuas-Photo-0471-768x588.png 768w, https:\/\/badabus.com\/wp-content\/uploads\/Alex-Bascuas-Photo-0471.png 800w\" sizes=\"auto, (max-width: 300px) 100vw, 300px\" \/><a href=\"https:\/\/badabus.com\/ca\/lloguer-de-minibus-vip-barcelona\/\"><br \/>\nMinib\u00fas VIP<br \/>\n<\/a><\/p>\n<p>[\/vc_column_text][\/vc_column][\/vc_row][vc_row][vc_column][vc_column_text css=\u00bb\u00bb]<\/p>\n<h3 style=\"text-align: center;\">Altres opcions relacionades amb els minibusos de Badabus<\/h3>\n<p><span style=\"font-weight: 400; text-align: center;\">A Badabus ens especialitzem a oferir solucions de transport d&#8217;alta qualitat per satisfer totes les seves necessitats a Barcelona. A m\u00e9s del lloguer d&#8217;autocars est\u00e0ndard, comptem amb una \u00e0mplia varietat de vehicles per adaptar-nos a qualsevol ocasi\u00f3 i mida de grup. A continuaci\u00f3 li presentem la nostra gamma de productes: <\/span><\/p>\n<p style=\"text-align: center; font-size: 12pt;\"><a href=\"https:\/\/badabus.com\/ca\/lloguer-autocar-barcelona\/\"><strong>Lloguer d&#8217;autocar<\/strong><\/a><\/p>\n<p><span style=\"font-weight: 400;\">Si necessita transportar un grup en autocar, tenim l&#8217;opci\u00f3 perfecta. Amb gran capacitat, els nostres autocars ofereixen un viatge c\u00f2mode i eficient. Ideals per a excursions grupals, trasllats urbans i esdeveniments comunitaris, el nostre autocar est\u00e0 equipat amb tot el necessari per assegurar un viatge sense complicacions.<\/span><\/p>\n<p style=\"text-align: center; font-size: 12pt;\"><a href=\"https:\/\/badabus.com\/ca\/lloguer-de-minibus-vip-barcelona\/\"><strong>Lloguer de microb\u00fas VIP<\/strong><\/a><\/p>\n<p><span style=\"font-weight: 400;\">Si busques un confort i una exclusivitat superiors, et presentem el nostre microb\u00fas VIP. Perfecte per a grups redu\u00efts, aquest vehicle est\u00e0 dissenyat per oferir una experi\u00e8ncia de viatge de luxe. Els microbusos VIP destaquen pel seu interior espai\u00f3s, un disseny exclusiu amb seients de pell i acabats d&#8217;alta gamma, i garanteixen un viatge confortable i exclusiu.<\/span><\/p>\n<p style=\"text-align: center; font-size: 12pt;\"><a href=\"https:\/\/badabus.com\/ca\/lloguer-autocar-vip-barcelona\/\"><strong>Lloguer d&#8217;autob\u00fas VIP<\/strong><\/a><\/p>\n<p><span style=\"font-weight: 400;\">La nostra flota d&#8217;autocars VIP representa l&#8217;elecci\u00f3 suprema per transportar grups grans amb estil i confort. Amb capacitat per a fins a 50 passatgers, aquests autocars ofereixen un ampli espai interior i estan equipats amb caracter\u00edstiques de luxe, com ara entapissats de pell. A m\u00e9s, incorporen totes les prestacions avan\u00e7ades del mercat. Perfectes per a esdeveniments corporatius, casaments i viatges de luxe, asseguren una experi\u00e8ncia de viatge excepcional.<\/span>[\/vc_column_text][\/vc_column][\/vc_row][vc_row][vc_column][vc_empty_space height=\u00bb30px\u00bb][vc_tta_accordion section_title_tag=\u00bbh2&#8243; color=\u00bbwhite\u00bb active_section=\u00bb1&#8243;][vc_tta_section title=\u00bbQuant costa llogar un minib\u00fas a Barcelona?\u00bb tab_id=\u00bb1764070065970-7327c854-e33b\u00bb][vc_column_text css=\u00bb\u00bb]El preu de llogar un minib\u00fas a Barcelona dep\u00e8n del trajecte, la durada del servei, el nombre de passatgers i el tipus de vehicle necessari. Cada viatge \u00e9s diferent, per la qual cosa no hi ha una tarifa est\u00e0ndard. La manera m\u00e9s precisa de con\u00e8ixer el cost \u00e9s sol\u00b7licitar un pressupost indicant origen, destinaci\u00f3 i data del servei. Amb aquesta informaci\u00f3 es calcula un preu personalitzat, ajustat a les necessitats reals del grup i sense costos sorpresa.[\/vc_column_text][\/vc_tta_section][vc_tta_section title=\u00bbQuins avantatges t\u00e9 llogar un minib\u00fas a Barcelona per a grups petits o mitjans?\u00bb tab_id=\u00bb1764070065985-fc028f40-b3f5&#8243;][vc_column_text css=\u00bb\u00bb]Llogar un minib\u00fas a Barcelona \u00e9s ideal per a grups que necessiten despla\u00e7ar-se c\u00f2modament sense rec\u00f3rrer a vehicles de gran mida. \u00c9s una opci\u00f3 m\u00e9s flexible, pr\u00e0ctica i econ\u00f2mica, perfecta per a trajectes urbans, transfers a l&#8217;aeroport, activitats familiars, sortides escolars o esdeveniments d&#8217;empresa. Els minibusos ofereixen un interior confortable, climatitzaci\u00f3 i seients amplis, i permeten que el grup viatgi junt i coordinat. A m\u00e9s, la seva mida facilita la mobilitat per Barcelona, l&#8217;acc\u00e9s a carrers m\u00e9s estrets i la realitzaci\u00f3 de rutes m\u00e9s din\u00e0miques.[\/vc_column_text][\/vc_tta_section][vc_tta_section title=\u00bbEs pot contractar un minib\u00fas per a rutes i visites per Barcelona?\u00bb tab_id=\u00bb1764070124453-a21a6c79-fcdd\u00bb][vc_column_text css=\u00bb\u00bb]S\u00ed, es pot contractar un minib\u00fas per fer tours personalitzats per Barcelona i rodalies. Aquesta opci\u00f3 \u00e9s molt convenient per a grups que volen con\u00e8ixer la ciutat al seu ritme, visitar els principals punts d&#8217;inter\u00e8s o despla\u00e7ar-se entre zones diferents sense dependre del transport p\u00fablic. A m\u00e9s, el servei permet organitzar excursions properes a llocs com Montju\u00efc, el Tibidabo, Sitges, Montserrat o la Costa Brava. El recorregut s&#8217;adapta totalment a l&#8217;itinerari desitjat i garanteix comoditat i flexibilitat durant tota la visita.[\/vc_column_text][\/vc_tta_section][vc_tta_section title=\u00bbQuant sol durar un servei de lloguer de minib\u00fas a Barcelona?\u00bb tab_id=\u00bb1764070169871-bb80236b-4421&#8243;][vc_column_text css=\u00bb\u00bb]La durada del servei dep\u00e8n del tipus de despla\u00e7ament. Hi ha serveis curts, com ara trasllats puntuals dins de la ciutat, i d&#8217;altres m\u00e9s llargs, com excursions de mig dia o de jornada completa. Tamb\u00e9 es pot contractar el minib\u00fas per hores, ideal per a esdeveniments, congressos o activitats en qu\u00e8 el vehicle ha de fer diverses parades o esperes. Sigui quina sigui la durada, el servei es configura segons les necessitats del grup per oferir un despla\u00e7ament c\u00f2mode i ben planificat.[\/vc_column_text][\/vc_tta_section][vc_tta_section title=\u00bbQuina capacitat t\u00e9 un minib\u00fas de lloguer a Barcelona?\u00bb tab_id=\u00bb1764070198879-efe04861-2cfc\u00bb][vc_column_text css=\u00bb\u00bb]Els minibusos disponibles a Barcelona ofereixen capacitats diferents per adaptar-se a grups petits i mitjans, amb opcions que van de 8 a 25 places. Aquesta varietat permet triar el vehicle m\u00e9s adequat segons el tipus de trajecte, ja sigui una excursi\u00f3, un trasllat urb\u00e0 o una activitat en grup. Seleccionar la capacitat correcta garanteix un viatge c\u00f2mode i tamb\u00e9 ajuda a optimitzar el cost del servei. En sol\u00b7licitar un pressupost, nom\u00e9s cal indicar el nombre de passatgers perqu\u00e8 s&#8217;assigni el minib\u00fas que millor s&#8217;ajusti a les necessitats del despla\u00e7ament.[\/vc_column_text][\/vc_tta_section][vc_tta_section title=\u00bbEs pot llogar un minib\u00fas per a l&#8217;aeroport de Barcelona?\u00bb tab_id=\u00bb1764070225250-cb480404-1977&#8243;][vc_column_text css=\u00bb\u00bb]S\u00ed, es pot sol\u00b7licitar un minib\u00fas per fer trasllats a l&#8217;aeroport de Barcelona-el Prat. \u00c9s un servei molt \u00fatil per a grups que arriben o surten de la ciutat i necessiten un transport directe fins a hotels, centres de reunions, el port o qualsevol punt de Barcelona o rodalies. El conductor s&#8217;encarrega d&#8217;arribar puntualment al lloc acordat, ajudar amb l&#8217;equipatge i fer el trajecte de manera c\u00f2moda i segura. Tamb\u00e9 es poden organitzar recollides per a grups que aterren a hores diferents.[\/vc_column_text][\/vc_tta_section][vc_tta_section title=\u00bbQuina difer\u00e8ncia hi ha entre llogar un minib\u00fas i un autocar a Barcelona?\u00bb tab_id=\u00bb1764070245347-3417d4d0-6d30&#8243;][vc_column_text css=\u00bb\u00bb]La difer\u00e8ncia principal \u00e9s la capacitat i el tipus de despla\u00e7ament. El minib\u00fas \u00e9s perfecte per a grups redu\u00efts o mitjans, ja que ofereix una mida m\u00e9s manejable i m\u00e9s flexibilitat dins de Barcelona. \u00c9s ideal per a trasllats urbans, excursions curtes o activitats que requereixen agilitat en els despla\u00e7aments. L&#8217;autocar, en canvi, \u00e9s m\u00e9s adequat per a grups grans i viatges de m\u00e9s durada. Tots dos ofereixen comoditat, climatitzaci\u00f3 i totes les mesures de seguretat, per\u00f2 cadascun s&#8217;adapta a necessitats diferents segons la mida del grup i el tipus de viatge.[\/vc_column_text][\/vc_tta_section][vc_tta_section title=\u00bbCal fer un pagament previ per reservar un minib\u00fas a Barcelona?\u00bb tab_id=\u00bb1764070263741-4faef9bc-5ce6&#8243;][vc_column_text css=\u00bb\u00bb]Segons el servei i la data del viatge, pot ser necessari fer un dip\u00f2sit per assegurar la reserva del minib\u00fas. Aquest procediment garanteix la disponibilitat del vehicle i del conductor en l&#8217;horari sol\u00b7licitat. Al pressupost s&#8217;especifiquen de manera clara les condicions, els terminis i qualsevol import necessari per confirmar la contractaci\u00f3. D&#8217;aquesta manera, el client disposa de tota la informaci\u00f3 abans de fer el pagament i pot planificar el servei amb total tranquil\u00b7litat.[\/vc_column_text][\/vc_tta_section][\/vc_tta_accordion][vc_separator color=\u00bbwhite\u00bb border_width=\u00bb5&#8243; css=\u00bb\u00bb][\/vc_column][\/vc_row][vc_row content_placement=\u00bbmiddle\u00bb row_fullwidth=\u00bb1&#8243; row_zero_column_space=\u00bb1&#8243; css=\u00bb.vc_custom_1593605588923{margin-top: 0px !important;margin-right: 0px !important;margin-bottom: 0px !important;margin-left: 0px !important;border-right-width: 0px !important;border-left-width: 0px !important;padding-top: 0px !important;padding-right: 0px !important;padding-bottom: 0px !important;padding-left: 0px !important;background-color: #303033 !important;}\u00bb][vc_column width=\u00bb1\/2&#8243; css=\u00bb.vc_custom_1593605440973{margin-top: -30px !important;}\u00bb][vc_single_image image=\u00bb15747&#8243; img_size=\u00bbfull\u00bb css=\u00bb\u00bb][\/vc_column][vc_column width=\u00bb1\/4&#8243;][vc_single_image image=\u00bb15755&#8243; img_size=\u00bbfull\u00bb css=\u00bb.vc_custom_1787216919041{padding-top: 10px !important;}\u00bb][\/vc_column][vc_column width=\u00bb1\/4&#8243;][vc_btn title=\u00bbDEMANAR PRESSUPOST\u00bb style=\u00bbgradient-custom\u00bb gradient_custom_color_1=\u00bb#25a6b9&#8243; gradient_custom_color_2=\u00bb#e22893&#8243; shape=\u00bbround\u00bb size=\u00bblg\u00bb align=\u00bbleft\u00bb css=\u00bb.vc_custom_1786966350957{padding-top: 20px !important;}\u00bb link=\u00bburl:https%3A%2F%2Fbadabus.com%2Fca%2Fpressupost-lloguer-de-minibusos%2F|title:Pressupost%20lloguer%20d&#8217;autobusos\u00bb][\/vc_column][\/vc_row][vc_row][vc_column][vc_raw_html css=\u00bb\u00bb]PHNjcmlwdCB0eXBlPSJhcHBsaWNhdGlvbi9sZCtqc29uIj4KewogICJAY29udGV4dCI6ICJodHRwczovL3NjaGVtYS5vcmciLAogICJAdHlwZSI6ICJGQVFQYWdlIiwKICAibWFpbkVudGl0eSI6IFt7CiAgICAiQHR5cGUiOiAiUXVlc3Rpb24iLAogICAgIm5hbWUiOiAiUXVhbnQgY29zdGEgbGxvZ2FyIHVuIG1pbmliw7pzIGEgQmFyY2Vsb25hPyIsCiAgICAiYWNjZXB0ZWRBbnN3ZXIiOiB7CiAgICAgICJAdHlwZSI6ICJBbnN3ZXIiLAogICAgICAidGV4dCI6ICJFbCBwcmV1IGRlIGxsb2dhciB1biBtaW5pYsO6cyBhIEJhcmNlbG9uYSBkZXDDqG4gZGVsIHRyYWplY3RlLCBsYSBkdXJhZGEgZGVsIHNlcnZlaSwgZWwgbm9tYnJlIGRlIHBhc3NhdGdlcnMgaSBlbCB0aXB1cyBkZSB2ZWhpY2xlIG5lY2Vzc2FyaS4gQ2FkYSB2aWF0Z2Ugw6lzIGRpZmVyZW50LCBwZXIgbGEgcXVhbCBjb3NhIG5vIGhpIGhhIHVuYSB0YXJpZmEgZXN0w6BuZGFyZC4gTGEgbWFuZXJhIG3DqXMgcHJlY2lzYSBkZSBjb27DqGl4ZXIgZWwgY29zdCDDqXMgc29swrdsaWNpdGFyIHVuIHByZXNzdXBvc3QgaW5kaWNhbnQgb3JpZ2VuLCBkZXN0aW5hY2nDsyBpIGRhdGEgZGVsIHNlcnZlaS4gQW1iIGFxdWVzdGEgaW5mb3JtYWNpw7MgZXMgY2FsY3VsYSB1biBwcmV1IHBlcnNvbmFsaXR6YXQsIGFqdXN0YXQgYSBsZXMgbmVjZXNzaXRhdHMgcmVhbHMgZGVsIGdydXAgaSBzZW5zZSBjb3N0b3Mgc29ycHJlc2EuIgogICAgfQogIH0sewogICAgIkB0eXBlIjogIlF1ZXN0aW9uIiwKICAgICJuYW1lIjogIlF1aW5zIGF2YW50YXRnZXMgdMOpIGxsb2dhciB1biBtaW5pYsO6cyBhIEJhcmNlbG9uYSBwZXIgYSBncnVwcyBwZXRpdHMgbyBtaXRqYW5zPyIsCiAgICAiYWNjZXB0ZWRBbnN3ZXIiOiB7CiAgICAgICJAdHlwZSI6ICJBbnN3ZXIiLAogICAgICAidGV4dCI6ICJMbG9nYXIgdW4gbWluaWLDunMgYSBCYXJjZWxvbmEgw6lzIGlkZWFsIHBlciBhIGdydXBzIHF1ZSBuZWNlc3NpdGVuIGRlc3BsYcOnYXItc2UgY8OybW9kYW1lbnQgc2Vuc2UgcmVjw7NycmVyIGEgdmVoaWNsZXMgZGUgZ3JhbiBtaWRhLiDDiXMgdW5hIG9wY2nDsyBtw6lzIGZsZXhpYmxlLCBwcsOgY3RpY2EgaSBlY29uw7JtaWNhLCBwZXJmZWN0YSBwZXIgYSB0cmFqZWN0ZXMgdXJiYW5zLCB0cmFuc2ZlcnMgYSBsJ2Flcm9wb3J0LCBhY3Rpdml0YXRzIGZhbWlsaWFycywgc29ydGlkZXMgZXNjb2xhcnMgbyBlc2RldmVuaW1lbnRzIGQnZW1wcmVzYS4gRWxzIG1pbmlidXNvcyBvZmVyZWl4ZW4gdW4gaW50ZXJpb3IgY29uZm9ydGFibGUsIGNsaW1hdGl0emFjacOzIGkgc2VpZW50cyBhbXBsaXMsIGkgcGVybWV0ZW4gcXVlIGVsIGdydXAgdmlhdGdpIGp1bnQgaSBjb29yZGluYXQuIEEgbcOpcywgbGEgc2V2YSBtaWRhIGZhY2lsaXRhIGxhIG1vYmlsaXRhdCBwZXIgQmFyY2Vsb25hLCBsJ2FjY8OpcyBhIGNhcnJlcnMgbcOpcyBlc3RyZXRzIGkgbGEgcmVhbGl0emFjacOzIGRlIHJ1dGVzIG3DqXMgZGluw6BtaXF1ZXMuIgogICAgfQogIH0sewogICAgIkB0eXBlIjogIlF1ZXN0aW9uIiwKICAgICJuYW1lIjogIkVzIHBvdCBjb250cmFjdGFyIHVuIG1pbmliw7pzIHBlciBhIHJ1dGVzIGkgdmlzaXRlcyBwZXIgQmFyY2Vsb25hPyIsCiAgICAiYWNjZXB0ZWRBbnN3ZXIiOiB7CiAgICAgICJAdHlwZSI6ICJBbnN3ZXIiLAogICAgICAidGV4dCI6ICJTw60sIGVzIHBvdCBjb250cmFjdGFyIHVuIG1pbmliw7pzIHBlciBmZXIgdG91cnMgcGVyc29uYWxpdHphdHMgcGVyIEJhcmNlbG9uYSBpIHJvZGFsaWVzLiBBcXVlc3RhIG9wY2nDsyDDqXMgbW9sdCBjb252ZW5pZW50IHBlciBhIGdydXBzIHF1ZSB2b2xlbiBjb27DqGl4ZXIgbGEgY2l1dGF0IGFsIHNldSByaXRtZSwgdmlzaXRhciBlbHMgcHJpbmNpcGFscyBwdW50cyBkJ2ludGVyw6hzIG8gZGVzcGxhw6dhci1zZSBlbnRyZSB6b25lcyBkaWZlcmVudHMgc2Vuc2UgZGVwZW5kcmUgZGVsIHRyYW5zcG9ydCBww7pibGljLiBBIG3DqXMsIGVsIHNlcnZlaSBwZXJtZXQgb3JnYW5pdHphciBleGN1cnNpb25zIHByb3BlcmVzIGEgbGxvY3MgY29tIE1vbnRqdcOvYywgZWwgVGliaWRhYm8sIFNpdGdlcywgTW9udHNlcnJhdCBvIGxhIENvc3RhIEJyYXZhLiBFbCByZWNvcnJlZ3V0IHMnYWRhcHRhIHRvdGFsbWVudCBhIGwnaXRpbmVyYXJpIGRlc2l0amF0IGkgZ2FyYW50ZWl4IGNvbW9kaXRhdCBpIGZsZXhpYmlsaXRhdCBkdXJhbnQgdG90YSBsYSB2aXNpdGEuIgogICAgfQogIH0sewogICAgIkB0eXBlIjogIlF1ZXN0aW9uIiwKICAgICJuYW1lIjogIlF1YW50IHNvbCBkdXJhciB1biBzZXJ2ZWkgZGUgbGxvZ3VlciBkZSBtaW5pYsO6cyBhIEJhcmNlbG9uYT8iLAogICAgImFjY2VwdGVkQW5zd2VyIjogewogICAgICAiQHR5cGUiOiAiQW5zd2VyIiwKICAgICAgInRleHQiOiAiTGEgZHVyYWRhIGRlbCBzZXJ2ZWkgZGVww6huIGRlbCB0aXB1cyBkZSBkZXNwbGHDp2FtZW50LiBIaSBoYSBzZXJ2ZWlzIGN1cnRzLCBjb20gYXJhIHRyYXNsbGF0cyBwdW50dWFscyBkaW5zIGRlIGxhIGNpdXRhdCwgaSBkJ2FsdHJlcyBtw6lzIGxsYXJncywgY29tIGV4Y3Vyc2lvbnMgZGUgbWlnIGRpYSBvIGRlIGpvcm5hZGEgY29tcGxldGEuIFRhbWLDqSBlcyBwb3QgY29udHJhY3RhciBlbCBtaW5pYsO6cyBwZXIgaG9yZXMsIGlkZWFsIHBlciBhIGVzZGV2ZW5pbWVudHMsIGNvbmdyZXNzb3MgbyBhY3Rpdml0YXRzIGVuIHF1w6ggZWwgdmVoaWNsZSBoYSBkZSBmZXIgZGl2ZXJzZXMgcGFyYWRlcyBvIGVzcGVyZXMuIFNpZ3VpIHF1aW5hIHNpZ3VpIGxhIGR1cmFkYSwgZWwgc2VydmVpIGVzIGNvbmZpZ3VyYSBzZWdvbnMgbGVzIG5lY2Vzc2l0YXRzIGRlbCBncnVwIHBlciBvZmVyaXIgdW4gZGVzcGxhw6dhbWVudCBjw7Jtb2RlIGkgYmVuIHBsYW5pZmljYXQuIgogICAgfQogIH0sewogICAgIkB0eXBlIjogIlF1ZXN0aW9uIiwKICAgICJuYW1lIjogIlF1aW5hIGNhcGFjaXRhdCB0w6kgdW4gbWluaWLDunMgZGUgbGxvZ3VlciBhIEJhcmNlbG9uYT8iLAogICAgImFjY2VwdGVkQW5zd2VyIjogewogICAgICAiQHR5cGUiOiAiQW5zd2VyIiwKICAgICAgInRleHQiOiAiRWxzIG1pbmlidXNvcyBkaXNwb25pYmxlcyBhIEJhcmNlbG9uYSBvZmVyZWl4ZW4gY2FwYWNpdGF0cyBkaWZlcmVudHMgcGVyIGFkYXB0YXItc2UgYSBncnVwcyBwZXRpdHMgaSBtaXRqYW5zLCBhbWIgb3BjaW9ucyBxdWUgdmFuIGRlIDggYSAyNSBwbGFjZXMuIEFxdWVzdGEgdmFyaWV0YXQgcGVybWV0IHRyaWFyIGVsIHZlaGljbGUgbcOpcyBhZGVxdWF0IHNlZ29ucyBlbCB0aXB1cyBkZSB0cmFqZWN0ZSwgamEgc2lndWkgdW5hIGV4Y3Vyc2nDsywgdW4gdHJhc2xsYXQgdXJiw6AgbyB1bmEgYWN0aXZpdGF0IGVuIGdydXAuIFNlbGVjY2lvbmFyIGxhIGNhcGFjaXRhdCBjb3JyZWN0YSBnYXJhbnRlaXggdW4gdmlhdGdlIGPDsm1vZGUgaSB0YW1iw6kgYWp1ZGEgYSBvcHRpbWl0emFyIGVsIGNvc3QgZGVsIHNlcnZlaS4gRW4gc29swrdsaWNpdGFyIHVuIHByZXNzdXBvc3QsIG5vbcOpcyBjYWwgaW5kaWNhciBlbCBub21icmUgZGUgcGFzc2F0Z2VycyBwZXJxdcOoIHMnYXNzaWduaSBlbCBtaW5pYsO6cyBxdWUgbWlsbG9yIHMnYWp1c3RpIGEgbGVzIG5lY2Vzc2l0YXRzIGRlbCBkZXNwbGHDp2FtZW50LiIKICAgIH0KICB9LHsKICAgICJAdHlwZSI6ICJRdWVzdGlvbiIsCiAgICAibmFtZSI6ICJFcyBwb3QgbGxvZ2FyIHVuIG1pbmliw7pzIHBlciBhIGwnYWVyb3BvcnQgZGUgQmFyY2Vsb25hPyIsCiAgICAiYWNjZXB0ZWRBbnN3ZXIiOiB7CiAgICAgICJAdHlwZSI6ICJBbnN3ZXIiLAogICAgICAidGV4dCI6ICJTw60sIGVzIHBvdCBzb2zCt2xpY2l0YXIgdW4gbWluaWLDunMgcGVyIGZlciB0cmFzbGxhdHMgYSBsJ2Flcm9wb3J0IGRlIEJhcmNlbG9uYS1lbCBQcmF0LiDDiXMgdW4gc2VydmVpIG1vbHQgw7p0aWwgcGVyIGEgZ3J1cHMgcXVlIGFycmliZW4gbyBzdXJ0ZW4gZGUgbGEgY2l1dGF0IGkgbmVjZXNzaXRlbiB1biB0cmFuc3BvcnQgZGlyZWN0ZSBmaW5zIGEgaG90ZWxzLCBjZW50cmVzIGRlIHJldW5pb25zLCBlbCBwb3J0IG8gcXVhbHNldm9sIHB1bnQgZGUgQmFyY2Vsb25hIG8gcm9kYWxpZXMuIEVsIGNvbmR1Y3RvciBzJ2VuY2FycmVnYSBkJ2FycmliYXIgcHVudHVhbG1lbnQgYWwgbGxvYyBhY29yZGF0LCBhanVkYXIgYW1iIGwnZXF1aXBhdGdlIGkgZmVyIGVsIHRyYWplY3RlIGRlIG1hbmVyYSBjw7Jtb2RhIGkgc2VndXJhLiBUYW1iw6kgZXMgcG9kZW4gb3JnYW5pdHphciByZWNvbGxpZGVzIHBlciBhIGdydXBzIHF1ZSBhdGVycmVuIGEgaG9yZXMgZGlmZXJlbnRzLiIKICAgIH0KICB9LHsKICAgICJAdHlwZSI6ICJRdWVzdGlvbiIsCiAgICAibmFtZSI6ICJRdWluYSBkaWZlcsOobmNpYSBoaSBoYSBlbnRyZSBsbG9nYXIgdW4gbWluaWLDunMgaSB1biBhdXRvY2FyIGEgQmFyY2Vsb25hPyIsCiAgICAiYWNjZXB0ZWRBbnN3ZXIiOiB7CiAgICAgICJAdHlwZSI6ICJBbnN3ZXIiLAogICAgICAidGV4dCI6ICJMYSBkaWZlcsOobmNpYSBwcmluY2lwYWwgw6lzIGxhIGNhcGFjaXRhdCBpIGVsIHRpcHVzIGRlIGRlc3BsYcOnYW1lbnQuIEVsIG1pbmliw7pzIMOpcyBwZXJmZWN0ZSBwZXIgYSBncnVwcyByZWR1w690cyBvIG1pdGphbnMsIGphIHF1ZSBvZmVyZWl4IHVuYSBtaWRhIG3DqXMgbWFuZWphYmxlIGkgbcOpcyBmbGV4aWJpbGl0YXQgZGlucyBkZSBCYXJjZWxvbmEuIMOJcyBpZGVhbCBwZXIgYSB0cmFzbGxhdHMgdXJiYW5zLCBleGN1cnNpb25zIGN1cnRlcyBvIGFjdGl2aXRhdHMgcXVlIHJlcXVlcmVpeGVuIGFnaWxpdGF0IGVuIGVscyBkZXNwbGHDp2FtZW50cy4gTCdhdXRvY2FyLCBlbiBjYW52aSwgw6lzIG3DqXMgYWRlcXVhdCBwZXIgYSBncnVwcyBncmFucyBpIHZpYXRnZXMgZGUgbcOpcyBkdXJhZGEuIFRvdHMgZG9zIG9mZXJlaXhlbiBjb21vZGl0YXQsIGNsaW1hdGl0emFjacOzIGkgdG90ZXMgbGVzIG1lc3VyZXMgZGUgc2VndXJldGF0LCBwZXLDsiBjYWRhc2N1biBzJ2FkYXB0YSBhIG5lY2Vzc2l0YXRzIGRpZmVyZW50cyBzZWdvbnMgbGEgbWlkYSBkZWwgZ3J1cCBpIGVsIHRpcHVzIGRlIHZpYXRnZS4iCiAgICB9CiAgfSx7CiAgICAiQHR5cGUiOiAiUXVlc3Rpb24iLAogICAgIm5hbWUiOiAiQ2FsIGZlciB1biBwYWdhbWVudCBwcmV2aSBwZXIgcmVzZXJ2YXIgdW4gbWluaWLDunMgYSBCYXJjZWxvbmE\/IiwKICAgICJhY2NlcHRlZEFuc3dlciI6IHsKICAgICAgIkB0eXBlIjogIkFuc3dlciIsCiAgICAgICJ0ZXh0IjogIlNlZ29ucyBlbCBzZXJ2ZWkgaSBsYSBkYXRhIGRlbCB2aWF0Z2UsIHBvdCBzZXIgbmVjZXNzYXJpIGZlciB1biBkaXDDsnNpdCBwZXIgYXNzZWd1cmFyIGxhIHJlc2VydmEgZGVsIG1pbmliw7pzLiBBcXVlc3QgcHJvY2VkaW1lbnQgZ2FyYW50ZWl4IGxhIGRpc3BvbmliaWxpdGF0IGRlbCB2ZWhpY2xlIGkgZGVsIGNvbmR1Y3RvciBlbiBsJ2hvcmFyaSBzb2zCt2xpY2l0YXQuIEFsIHByZXNzdXBvc3Qgcydlc3BlY2lmaXF1ZW4gZGUgbWFuZXJhIGNsYXJhIGxlcyBjb25kaWNpb25zLCBlbHMgdGVybWluaXMgaSBxdWFsc2V2b2wgaW1wb3J0IG5lY2Vzc2FyaSBwZXIgY29uZmlybWFyIGxhIGNvbnRyYWN0YWNpw7MuIEQnYXF1ZXN0YSBtYW5lcmEsIGVsIGNsaWVudCBkaXNwb3NhIGRlIHRvdGEgbGEgaW5mb3JtYWNpw7MgYWJhbnMgZGUgZmVyIGVsIHBhZ2FtZW50IGkgcG90IHBsYW5pZmljYXIgZWwgc2VydmVpIGFtYiB0b3RhbCB0cmFucXVpbMK3bGl0YXQuIgogICAgfQogIH1dCn0KPC9zY3JpcHQ+[\/vc_raw_html][\/vc_column][\/vc_row]<\/p>\n<\/div>","protected":false},"excerpt":{"rendered":"<p>[vc_row css=\u00bb.vc_custom_1594119237446{background-image: url(https:\/\/badabus.com\/wp-content\/uploads\/alquiler-minibus-barcelona.jpg?id=2622) !important;background-position: center !important;background-repeat: no-repeat !important;background-size: cover !important;}\u00bb el_class=\u00bbheader-new-landing\u00bb][vc_column css=\u00bb.vc_custom_1594126547888{padding-top: 130px !important;padding-bottom: 130px !important;}\u00bb offset=\u00bbvc_hidden-sm vc_hidden-xs\u00bb][vc_column_text css=\u00bb\u00bb] LLOGUER DE MINIB\u00daS BARCELONA [\/vc_column_text][vc_btn title=\u00bbDEMANA PRESSUPOST\u00bb style=\u00bbcustom\u00bb custom_background=\u00bb#25a6b9&#8243; custom_text=\u00bb#ffffff\u00bb shape=\u00bbround\u00bb [&hellip;]<\/p>\n","protected":false},"author":1,"featured_media":14921,"parent":0,"menu_order":0,"comment_status":"closed","ping_status":"closed","template":"","meta":{"footnotes":""},"class_list":["post-15373","page","type-page","status-publish","has-post-thumbnail","hentry","has_thumb"],"_links":{"self":[{"href":"https:\/\/badabus.com\/ca\/wp-json\/wp\/v2\/pages\/15373","targetHints":{"allow":["GET"]}}],"collection":[{"href":"https:\/\/badabus.com\/ca\/wp-json\/wp\/v2\/pages"}],"about":[{"href":"https:\/\/badabus.com\/ca\/wp-json\/wp\/v2\/types\/page"}],"author":[{"embeddable":true,"href":"https:\/\/badabus.com\/ca\/wp-json\/wp\/v2\/users\/1"}],"replies":[{"embeddable":true,"href":"https:\/\/badabus.com\/ca\/wp-json\/wp\/v2\/comments?post=15373"}],"version-history":[{"count":9,"href":"https:\/\/badabus.com\/ca\/wp-json\/wp\/v2\/pages\/15373\/revisions"}],"predecessor-version":[{"id":15975,"href":"https:\/\/badabus.com\/ca\/wp-json\/wp\/v2\/pages\/15373\/revisions\/15975"}],"wp:featuredmedia":[{"embeddable":true,"href":"https:\/\/badabus.com\/ca\/wp-json\/wp\/v2\/media\/14921"}],"wp:attachment":[{"href":"https:\/\/badabus.com\/ca\/wp-json\/wp\/v2\/media?parent=15373"}],"curies":[{"name":"wp","href":"https:\/\/api.w.org\/{rel}","templated":true}]}}