{"id":15321,"date":"2026-08-20T10:28:56","date_gmt":"2026-08-20T08:28:56","guid":{"rendered":"https:\/\/badabus.com\/?page_id=15321"},"modified":"2026-08-31T12:13:02","modified_gmt":"2026-08-31T10:13:02","slug":"autobusos-per-al-transport-de-treballadors","status":"publish","type":"page","link":"https:\/\/badabus.com\/ca\/autobusos-per-al-transport-de-treballadors\/","title":{"rendered":"Autobusos per al transport de treballadors CAT"},"content":{"rendered":"<div class=\"wpb-content-wrapper\"><p>[vc_row css=\u00bb.vc_custom_1596576147839{background-image: url(https:\/\/badabus.com\/wp-content\/uploads\/OB82EG0-scaled.jpg?id=4270) !important;background-position: center !important;background-repeat: no-repeat !important;background-size: cover !important;}\u00bb el_class=\u00bbheader-new-landing\u00bb][vc_column css=\u00bb.vc_custom_1594126970381{padding-top: 130px !important;padding-bottom: 130px !important;}\u00bb offset=\u00bbvc_hidden-sm vc_hidden-xs\u00bb][vc_column_text css=\u00bb\u00bb el_class=\u00bbbtn-new-landing\u00bb]<\/p>\n<p class=\"estilo-linea-uno\">EXPERTS EN<\/p>\n<p class=\"estilo-linea-dos\">TRANSPORT DE<br \/>\nTREBALLADORS<\/p>\n<p>[\/vc_column_text][vc_btn title=\u00bbDEMANA PRESSUPOST\u00bb style=\u00bbcustom\u00bb custom_background=\u00bb#25a6b9&#8243; custom_text=\u00bb#ffffff\u00bb shape=\u00bbround\u00bb align=\u00bbleft\u00bb css=\u00bb\u00bb el_class=\u00bbbtn-new-landing\u00bb link=\u00bburl:https%3A%2F%2Fbadabus.com%2Fca%2Fpressupost-lloguer-dautobusos%2F|title:Pressupost%20lloguer%20d&#8217;autobusos\u00bb][vc_raw_html css=\u00bb\u00bb]PHNjcmlwdCB0eXBlPSJhcHBsaWNhdGlvbi9sZCtqc29uIj4KewogICJAY29udGV4dCI6ICJodHRwczovL3NjaGVtYS5vcmciLAogICJAdHlwZSI6ICJGQVFQYWdlIiwKICAibWFpbkVudGl0eSI6IFt7CiAgICAiQHR5cGUiOiAiUXVlc3Rpb24iLAogICAgIm5hbWUiOiAiUXVpbiDDqXMgZWwgbm9tYnJlIG3DoHhpbSBkZSBwYXJhZGVzIHF1ZSBwb3QgZmVyIGwnYXV0b2NhciBkZSB0cmViYWxsYWRvcnMgZHVyYW50IHVuYSBydXRhPyIsCiAgICAiYWNjZXB0ZWRBbnN3ZXIiOiB7CiAgICAgICJAdHlwZSI6ICJBbnN3ZXIiLAogICAgICAidGV4dCI6ICJFbnMgYWp1c3RlbSBhIGxlcyBuZWNlc3NpdGF0cyBkZSBsYSB0ZXZhIGVtcHJlc2E6IGZlbSB0YW50ZXMgcGFyYWRlcyBjb20gY2FsZ3VpIHNlZ29ucyBsZXMgem9uZXMgb24gdmlzcXVpbiBlbHMgdGV1cyBjb2zCt2xhYm9yYWRvcnMuIFRhbWLDqSBlcyBwb3QgcmVjb2xsaXIgdG90aG9tIGVuIHVuIMO6bmljIHB1bnQgbyBvcmdhbml0emFyIGRpdmVyc2VzIHJ1dGVzIHBlciBldml0YXIgdHJhamVjdGVzIGxsYXJncy4iCiAgICB9CiAgfSx7CiAgICAiQHR5cGUiOiAiUXVlc3Rpb24iLAogICAgIm5hbWUiOiAiw4lzIHBvc3NpYmxlIHRlbmlyIHJ1dGVzIGRpZmVyZW50cyBwZXIgYWxzIHRyZWJhbGxhZG9ycyBzZWdvbnMgbCdob3JhcmkgbyBlbCBkaWEgZGUgbGEgc2V0bWFuYT8iLAogICAgImFjY2VwdGVkQW5zd2VyIjogewogICAgICAiQHR5cGUiOiAiQW5zd2VyIiwKICAgICAgInRleHQiOiAiU8OtLCBkaXNzZW55ZW0gbGVzIHJ1dGVzIGEgbGEgdGV2YSBtaWRhLiBOb23DqXMgY2FsIHF1ZSBlbnMgZXhwbGlxdWlzIHF1aW4gw6lzIGVsIHZvc3RyZSBjYXMgaSB0J2Fzc2Vzc29yZW0uIE3DqXMgZGUgMjUgYW55cyBkJ2V4cGVyacOobmNpYSBlbnMgYXZhbGVuLiIKICAgIH0KICB9XQp9Cjwvc2NyaXB0Pgo=[\/vc_raw_html][\/vc_column][\/vc_row][vc_row css=\u00bb.vc_custom_1596576802497{background-image: url(https:\/\/badabus.com\/wp-content\/uploads\/OB82EG0-scaled.jpg?id=4270) !important;background-position: center !important;background-repeat: no-repeat !important;background-size: cover !important;}\u00bb el_class=\u00bbheader-new-landing\u00bb][vc_column css=\u00bb.vc_custom_1594126978918{padding-top: 130px !important;padding-bottom: 130px !important;}\u00bb offset=\u00bbvc_hidden-lg vc_hidden-md\u00bb][vc_column_text css=\u00bb\u00bb]<\/p>\n<p class=\"estilo-linea-uno\">EXPERTS EN<\/p>\n<p class=\"estilo-linea-dos-mob\">TRANSPORT DE TREBALLADORS<\/p>\n<p>[\/vc_column_text][vc_btn title=\u00bbDEMANA PRESSUPOST\u00bb style=\u00bbcustom\u00bb custom_background=\u00bb#25a6b9&#8243; custom_text=\u00bb#ffffff\u00bb shape=\u00bbround\u00bb align=\u00bbleft\u00bb css=\u00bb\u00bb el_class=\u00bbbtn-new-landing\u00bb link=\u00bburl:https%3A%2F%2Fbadabus.com%2Fca%2Fpressupost-lloguer-dautobusos%2F|title:Pressupost%20lloguer%20d&#8217;autobusos\u00bb][\/vc_column][\/vc_row][vc_row css=\u00bb.vc_custom_1645009807948{margin-top: 50px !important;margin-bottom: 50px !important;}\u00bb][vc_column css=\u00bb.vc_custom_1593697360791{margin-top: 15px !important;}\u00bb][vc_column_text css=\u00bb.vc_custom_1718969685871{margin-top: 25px !important;}\u00bb]<\/p>\n<h1 class=\"h1-servicios\">Servei de transport de treballadors<\/h1>\n<h2 class=\"h2-servicios-uno\"><img loading=\"lazy\" decoding=\"async\" class=\"alignnone wp-image-1962\" src=\"https:\/\/badabus.com\/wp-content\/uploads\/flechas-300x193.png\" alt=\"Contacto Alquiler Minibus Barcelona\" width=\"56\" height=\"36\" srcset=\"https:\/\/badabus.com\/wp-content\/uploads\/flechas-300x193.png 300w, https:\/\/badabus.com\/wp-content\/uploads\/flechas.png 302w\" sizes=\"auto, (max-width: 56px) 100vw, 56px\" \/>LA TEVA EMPRESA DE TRANSPORT<br \/>\nPER A TREBALLADORS<\/h2>\n<p>[\/vc_column_text][vc_column_text css=\u00bb.vc_custom_1645010034193{padding-right: 10% !important;padding-left: 10% !important;}\u00bb]<\/p>\n<p style=\"text-align: center;\"><span style=\"font-size: 16pt; color: #303033;\">Els embussos i els problemes d&#8217;aparcament dificulten la puntualitat a la feina i generen cada dia situacions d&#8217;estr\u00e8s indesitjades.<\/span><\/p>\n<p style=\"text-align: center;\"><span style=\"font-size: 16pt; color: #303033;\">La millor alternativa al transport en un vehicle particular \u00e9s contractar <b>una empresa de transport per a treballadors<\/b>. Descobreix per qu\u00e8 \u00e9s un dels serveis m\u00e9s demandats pels nostres clients i tots els seus beneficis!<\/span><\/p>\n<p>[\/vc_column_text][\/vc_column][\/vc_row][vc_row css=\u00bb.vc_custom_1645010615492{background-color: #25a6b9 !important;}\u00bb][vc_column][vc_column_text css=\u00bb.vc_custom_1718970001153{margin-top: 65px !important;}\u00bb]<\/p>\n<h2 class=\"h2-servicios-dos\">PER QU\u00c8 CONTRACTAR UN<br \/>\nTRANSPORT DE TREBALLADORS<\/h2>\n<p>[\/vc_column_text][\/vc_column][\/vc_row][vc_row row_fullwidth=\u00bb1&#8243; css=\u00bb.vc_custom_1753704471673{padding-right: 5% !important;padding-left: 5% !important;background-color: #25a6b9 !important;}\u00bb][vc_column width=\u00bb1\/3&#8243;][vc_row_inner][vc_column_inner width=\u00bb1\/4&#8243;][vc_icon icon_fontawesome=\u00bbfar fa-clock\u00bb color=\u00bbwhite\u00bb background_style=\u00bbrounded\u00bb background_color=\u00bbcustom\u00bb align=\u00bbright\u00bb css=\u00bb.vc_custom_1645010771721{margin-right: 15px !important;}\u00bb custom_background_color=\u00bb#e22893&#8243;][\/vc_column_inner][vc_column_inner width=\u00bb3\/4&#8243;][vc_column_text]<span style=\"font-family: gotham-rounded; font-size: 22pt; color: #ffffff;\"><strong>PUNTUALITAT<\/strong><\/span><\/p>\n<p style=\"text-align: justify;\"><span style=\"font-size: 16pt; color: #ffffff;\">Els treballadors arribaran a l&#8217;hora a la feina. Des de Badabus ens comprometem a la m\u00e0xima puntualitat possible a destinaci\u00f3.<\/span><\/p>\n<p>[\/vc_column_text][\/vc_column_inner][\/vc_row_inner][vc_row_inner][vc_column_inner width=\u00bb1\/4&#8243;][vc_icon icon_fontawesome=\u00bbfar fa-calendar-check\u00bb color=\u00bbwhite\u00bb background_style=\u00bbrounded\u00bb background_color=\u00bbcustom\u00bb align=\u00bbright\u00bb css=\u00bb.vc_custom_1645011037103{margin-right: 15px !important;}\u00bb custom_background_color=\u00bb#e22893&#8243;][\/vc_column_inner][vc_column_inner width=\u00bb3\/4&#8243;][vc_column_text]<span style=\"font-family: gotham-rounded; font-size: 22pt; color: #ffffff;\"><strong>FLEXIBILITAT<\/strong><\/span><\/p>\n<p style=\"text-align: justify;\"><span style=\"font-size: 16pt; color: #ffffff;\">Es pot establir un \u00fanic punt de recollida per a tots els treballadors o b\u00e9 una ruta amb parades adaptant-nos a les necessitats de la teva empresa.<\/span><\/p>\n<p>[\/vc_column_text][\/vc_column_inner][\/vc_row_inner][\/vc_column][vc_column width=\u00bb1\/3&#8243;][vc_row_inner][vc_column_inner css=\u00bb.vc_custom_1657203136089{margin-left: 25px !important;}\u00bb][vc_single_image image=\u00bb15200&#8243; img_size=\u00bbfull\u00bb alignment=\u00bbcenter\u00bb css=\u00bb\u00bb][\/vc_column_inner][\/vc_row_inner][\/vc_column][vc_column width=\u00bb1\/3&#8243;][vc_row_inner][vc_column_inner width=\u00bb1\/4&#8243;][vc_icon icon_fontawesome=\u00bbfas fa-globe-americas\u00bb color=\u00bbwhite\u00bb background_style=\u00bbrounded\u00bb background_color=\u00bbcustom\u00bb align=\u00bbright\u00bb css=\u00bb.vc_custom_1645010934615{margin-right: 15px !important;}\u00bb custom_background_color=\u00bb#e22893&#8243;][\/vc_column_inner][vc_column_inner width=\u00bb3\/4&#8243;][vc_column_text]<span style=\"font-family: gotham-rounded; font-size: 22pt; color: #ffffff;\"><strong>SOSTENIBILITAT<\/strong><\/span><\/p>\n<p style=\"text-align: justify;\"><span style=\"font-size: 16pt; color: #ffffff;\">Ajuda a tenir cura del medi ambient reduint la contaminaci\u00f3 i a descongestionar el tr\u00e0nsit en hora punta.<\/span><\/p>\n<p>[\/vc_column_text][\/vc_column_inner][\/vc_row_inner][vc_row_inner][vc_column_inner width=\u00bb1\/4&#8243;][vc_icon icon_fontawesome=\u00bbfas fa-brain\u00bb color=\u00bbwhite\u00bb background_style=\u00bbrounded\u00bb background_color=\u00bbcustom\u00bb align=\u00bbright\u00bb css=\u00bb.vc_custom_1645011141901{margin-right: 15px !important;}\u00bb custom_background_color=\u00bb#e22893&#8243;][\/vc_column_inner][vc_column_inner width=\u00bb3\/4&#8243;][vc_column_text]<span style=\"font-family: gotham-rounded; font-size: 22pt; color: #ffffff;\"><strong>BENESTAR<\/strong><\/span><\/p>\n<p style=\"text-align: justify;\"><span style=\"font-size: 16pt; color: #ffffff;\">Els treballadors tenen l&#8217;oportunitat d&#8217;aprofitar el trajecte per descansar o revisar tasques pendents, cosa que millora la seva qualitat de vida.<\/span><\/p>\n<p>[\/vc_column_text][\/vc_column_inner][\/vc_row_inner][\/vc_column][\/vc_row][vc_row css=\u00bb.vc_custom_1657203415934{margin-top: 50px !important;margin-bottom: 25px !important;}\u00bb][vc_column css=\u00bb.vc_custom_1593697360791{margin-top: 15px !important;}\u00bb][vc_column_text css=\u00bb.vc_custom_1657203247666{margin-top: 25px !important;}\u00bb]<\/p>\n<h2 style=\"text-align: center;\"><span style=\"font-family: gotham-rounded; font-size: 36pt; color: #e22893;\"><strong>EL MILLOR SERVEI DE TRANSPORT EMPRESARIAL<\/strong><\/span><\/h2>\n<p>[\/vc_column_text][vc_column_text css=\u00bb.vc_custom_1657203280137{padding-right: 10% !important;padding-left: 10% !important;}\u00bb]<\/p>\n<p style=\"text-align: center;\"><span style=\"font-size: 16pt; color: #303033;\">Som una empresa familiar i de confian\u00e7a amb una traject\u00f2ria de m\u00e9s de 25 anys oferint serveis de transport de viatgers per carretera. Alguns dels avantatges de fer el transport corporatiu amb nosaltres s\u00f3n:<\/span><\/p>\n<p>[\/vc_column_text][\/vc_column][\/vc_row][vc_row][vc_column width=\u00bb1\/2&#8243;][vc_single_image image=\u00bb8102&#8243; img_size=\u00bbfull\u00bb alignment=\u00bbcenter\u00bb][\/vc_column][vc_column width=\u00bb1\/2&#8243; css=\u00bb.vc_custom_1657203932664{margin-top: 30px !important;}\u00bb][vc_column_text css=\u00bb\u00bb]<\/p>\n<p style=\"text-align: justify;\"><span style=\"font-size: 16pt;\"><img loading=\"lazy\" decoding=\"async\" class=\"alignnone wp-image-1962\" src=\"https:\/\/badabus.com\/wp-content\/uploads\/flechas-300x193.png\" alt=\"Contacto Alquiler Minibus Barcelona\" width=\"33\" height=\"21\" srcset=\"https:\/\/badabus.com\/wp-content\/uploads\/flechas-300x193.png 300w, https:\/\/badabus.com\/wp-content\/uploads\/flechas.png 302w\" sizes=\"auto, (max-width: 33px) 100vw, 33px\" \/> <strong>MESURES DE SEGURETAT<\/strong><\/span><\/p>\n<p style=\"text-align: justify;\"><span style=\"font-size: 14pt;\">El confort durant el trajecte no pot estar renyit amb les mesures de seguretat a la carretera. Tota la nostra flota se sotmet a revisions rigoroses i el nostre personal destaca per la seva qualificaci\u00f3 i professionalitat.<\/span><\/p>\n<p>&nbsp;<\/p>\n<p style=\"text-align: justify;\"><span style=\"font-size: 16pt;\"><img loading=\"lazy\" decoding=\"async\" class=\"alignnone wp-image-1962\" src=\"https:\/\/badabus.com\/wp-content\/uploads\/flechas-300x193.png\" alt=\"Contacto Alquiler Minibus Barcelona\" width=\"33\" height=\"21\" srcset=\"https:\/\/badabus.com\/wp-content\/uploads\/flechas-300x193.png 300w, https:\/\/badabus.com\/wp-content\/uploads\/flechas.png 302w\" sizes=\"auto, (max-width: 33px) 100vw, 33px\" \/> <strong>VARIETAT DE VEHICLES<\/strong><\/span><\/p>\n<p style=\"text-align: justify;\"><span style=\"font-size: 14pt;\">La nostra flota inclou autocars i minibusos de capacitats diferents, tots amb l&#8217;equipament necessari per garantir el m\u00e0xim confort en els despla\u00e7aments dels teus treballadors.<\/span><\/p>\n<p>&nbsp;<\/p>\n<p style=\"text-align: justify;\"><span style=\"font-size: 16pt;\"><img loading=\"lazy\" decoding=\"async\" class=\"alignnone wp-image-1962\" src=\"https:\/\/badabus.com\/wp-content\/uploads\/flechas-300x193.png\" alt=\"Contacto Alquiler Minibus Barcelona\" width=\"33\" height=\"21\" srcset=\"https:\/\/badabus.com\/wp-content\/uploads\/flechas-300x193.png 300w, https:\/\/badabus.com\/wp-content\/uploads\/flechas.png 302w\" sizes=\"auto, (max-width: 33px) 100vw, 33px\" \/> <strong>CERTIFICAT COVID<\/strong><\/span><\/p>\n<p style=\"text-align: justify;\"><span style=\"font-size: 14pt;\">Mantenim actualitzats els nostres protocols COVID, amb l&#8217;aplicaci\u00f3 de tota la normativa sanit\u00e0ria.<\/span><\/p>\n<p>[\/vc_column_text][\/vc_column][\/vc_row][vc_row][vc_column][vc_empty_space height=\u00bb65px\u00bb][\/vc_column][\/vc_row][vc_row equal_height=\u00bbyes\u00bb content_placement=\u00bbmiddle\u00bb row_vertical_center=\u00bb1&#8243; css=\u00bb.vc_custom_1593761608258{background-color: #25a6b9 !important;}\u00bb][vc_column width=\u00bb2\/3&#8243;][vc_column_text css=\u00bb.vc_custom_1596477107923{margin-top: 25px !important;margin-bottom: 0px !important;padding-bottom: 5px !important;}\u00bb]<\/p>\n<h2 style=\"color: white; font-size: 28px;\">AUTOCARS I MINIBUSOS PER AL TRANSPORT DE TREBALLADORS<\/h2>\n<p>[\/vc_column_text][vc_column_text css=\u00bb\u00bb]<\/p>\n<p class=\"estilo-linea-cuatro\">A Badabus et garantim que podem complir i fins i tot superar les teves expectatives. Contacta amb nosaltres per a m\u00e9s informaci\u00f3 sobre el servei de llan\u00e7adores.<\/p>\n<p>[\/vc_column_text][\/vc_column][vc_column width=\u00bb1\/3&#8243; el_class=\u00bbbtn-pide-pres\u00bb][vc_btn title=\u00bbDEMANA PRESSUPOST\u00bb style=\u00bboutline-custom\u00bb outline_custom_color=\u00bb#ffffff\u00bb outline_custom_hover_background=\u00bb#e22893&#8243; outline_custom_hover_text=\u00bb#ffffff\u00bb shape=\u00bbround\u00bb align=\u00bbright\u00bb css=\u00bb.vc_custom_1787214681503{margin-top: 15% !important;}\u00bb el_class=\u00bbbtn-new-landing-bold\u00bb link=\u00bburl:https%3A%2F%2Fbadabus.com%2Fca%2Fpressupost-lloguer-dautobusos%2F|title:Pressupost%20lloguer%20d&#8217;autobusos\u00bb][\/vc_column][\/vc_row][vc_row][vc_column][vc_empty_space height=\u00bb65px\u00bb][\/vc_column][\/vc_row][vc_row][vc_column css=\u00bb.vc_custom_1594647397267{margin-top: 25px !important;}\u00bb][vc_column_text css=\u00bb\u00bb]<\/p>\n<h3 class=\"h2-servicios-uno\"><img loading=\"lazy\" decoding=\"async\" class=\"alignnone wp-image-1962\" src=\"https:\/\/badabus.com\/wp-content\/uploads\/flechas-300x193.png\" alt=\"Contacto Alquiler Minibus Barcelona\" width=\"56\" height=\"36\" srcset=\"https:\/\/badabus.com\/wp-content\/uploads\/flechas-300x193.png 300w, https:\/\/badabus.com\/wp-content\/uploads\/flechas.png 302w\" sizes=\"auto, (max-width: 56px) 100vw, 56px\" \/>ALTRES SERVEIS RELACIONATS<br \/>\nAMB EL TRANSPORT DE TREBALLADORS<\/h3>\n<p>[\/vc_column_text][\/vc_column][\/vc_row][vc_row css=\u00bb.vc_custom_1594647407536{margin-top: 15px !important;margin-bottom: 50px !important;}\u00bb][vc_column width=\u00bb1\/3&#8243;][vc_column_text css=\u00bb\u00bb el_class=\u00bbbtn-mas-serv\u00bb]<\/p>\n<p style=\"text-align: center;\"><a href=\"https:\/\/badabus.com\/ca\/turisme\/\"><img loading=\"lazy\" decoding=\"async\" class=\"alignnone wp-image-2255 size-medium\" src=\"https:\/\/badabus.com\/wp-content\/uploads\/servico-trasporte-autocar-badabus-turismo-300x175.jpg\" alt=\"alquiler bus tur\u00edstico barcelona\" width=\"300\" height=\"175\" srcset=\"https:\/\/badabus.com\/wp-content\/uploads\/servico-trasporte-autocar-badabus-turismo-300x175.jpg 300w, https:\/\/badabus.com\/wp-content\/uploads\/servico-trasporte-autocar-badabus-turismo.jpg 573w\" sizes=\"auto, (max-width: 300px) 100vw, 300px\" \/><br \/>\nTurisme<\/a><\/p>\n<p>[\/vc_column_text][vc_column_text css=\u00bb\u00bb el_class=\u00bbbtn-mas-serv\u00bb]<\/p>\n<p style=\"text-align: center;\"><a href=\"https:\/\/badabus.com\/ca\/autobusos-per-al-transport-de-treballadors\/\"><img loading=\"lazy\" decoding=\"async\" class=\"alignnone wp-image-2259 size-medium\" src=\"https:\/\/badabus.com\/wp-content\/uploads\/servicio-trasporte-autocar-badabus-trabajadores-300x175.jpg\" alt=\"alquiler autocares trabajadores barcelona\" width=\"300\" height=\"175\" srcset=\"https:\/\/badabus.com\/wp-content\/uploads\/servicio-trasporte-autocar-badabus-trabajadores-300x175.jpg 300w, https:\/\/badabus.com\/wp-content\/uploads\/servicio-trasporte-autocar-badabus-trabajadores.jpg 573w\" sizes=\"auto, (max-width: 300px) 100vw, 300px\" \/><br \/>\nTransport de treballadors<br \/>\n<\/a><\/p>\n<p>[\/vc_column_text][\/vc_column][vc_column width=\u00bb1\/3&#8243;][vc_column_text css=\u00bb\u00bb el_class=\u00bbbtn-mas-serv\u00bb]<\/p>\n<p style=\"text-align: center;\"><a href=\"https:\/\/badabus.com\/ca\/transport-escolar\/\"><img loading=\"lazy\" decoding=\"async\" class=\"alignnone wp-image-2257 size-medium\" src=\"https:\/\/badabus.com\/wp-content\/uploads\/servicio-trasporte-autocar-badabus-escolar-300x175.jpg\" alt=\"alquiler bus escolar barcelona\" width=\"300\" height=\"175\" srcset=\"https:\/\/badabus.com\/wp-content\/uploads\/servicio-trasporte-autocar-badabus-escolar-300x175.jpg 300w, https:\/\/badabus.com\/wp-content\/uploads\/servicio-trasporte-autocar-badabus-escolar.jpg 573w\" sizes=\"auto, (max-width: 300px) 100vw, 300px\" \/><br \/>\nTransport escolar<br \/>\n<\/a><\/p>\n<p>[\/vc_column_text][vc_column_text css=\u00bb\u00bb el_class=\u00bbbtn-mas-serv\u00bb]<\/p>\n<p style=\"text-align: center;\"><a href=\"https:\/\/badabus.com\/ca\/transport-per-a-clubs-esportius\/\"><img loading=\"lazy\" decoding=\"async\" class=\"alignnone wp-image-2261 size-medium\" src=\"https:\/\/badabus.com\/wp-content\/uploads\/servicio-trasporte-autocar-badabus-deportivo-300x175.jpg\" alt=\"alquiler autocares club deportivo\" width=\"300\" height=\"175\" srcset=\"https:\/\/badabus.com\/wp-content\/uploads\/servicio-trasporte-autocar-badabus-deportivo-300x175.jpg 300w, https:\/\/badabus.com\/wp-content\/uploads\/servicio-trasporte-autocar-badabus-deportivo.jpg 573w\" sizes=\"auto, (max-width: 300px) 100vw, 300px\" \/><br \/>\nClubs esportius<br \/>\n<\/a><\/p>\n<p>[\/vc_column_text][\/vc_column][vc_column width=\u00bb1\/3&#8243;][vc_column_text css=\u00bb\u00bb el_class=\u00bbbtn-mas-serv\u00bb]<\/p>\n<p style=\"text-align: center;\"><a href=\"https:\/\/badabus.com\/ca\/autocars-per-a-esdeveniments-i-congressos\/\"><img loading=\"lazy\" decoding=\"async\" class=\"alignnone wp-image-2258 size-medium\" src=\"https:\/\/badabus.com\/wp-content\/uploads\/servicio-trasporte-autocar-badabus-congreso-300x175.jpg\" alt=\"Alquiler Autocares Barcelona\" width=\"300\" height=\"175\" srcset=\"https:\/\/badabus.com\/wp-content\/uploads\/servicio-trasporte-autocar-badabus-congreso-300x175.jpg 300w, https:\/\/badabus.com\/wp-content\/uploads\/servicio-trasporte-autocar-badabus-congreso.jpg 573w\" sizes=\"auto, (max-width: 300px) 100vw, 300px\" \/><br \/>\nCongressos i esdeveniments<\/a><\/p>\n<p>[\/vc_column_text][vc_column_text css=\u00bb\u00bb el_class=\u00bbbtn-mas-serv\u00bb]<\/p>\n<p style=\"text-align: center;\"><a href=\"https:\/\/badabus.com\/ca\/serveis-privats\/\"><img loading=\"lazy\" decoding=\"async\" class=\"alignnone wp-image-3322 size-medium\" src=\"https:\/\/badabus.com\/wp-content\/uploads\/bitmap@2x-300x175.jpg\" alt=\"\" width=\"300\" height=\"175\" srcset=\"https:\/\/badabus.com\/wp-content\/uploads\/bitmap@2x-300x175.jpg 300w, https:\/\/badabus.com\/wp-content\/uploads\/bitmap@2x.jpg 568w\" sizes=\"auto, (max-width: 300px) 100vw, 300px\" \/><br \/>\nServeis privats<\/a><\/p>\n<p>[\/vc_column_text][\/vc_column][\/vc_row][vc_row css=\u00bb.vc_custom_1718971137290{background-color: #25a6b9 !important;}\u00bb][vc_column][vc_column_text css=\u00bb\u00bb]<\/p>\n<h3 class=\"h3-FAQs\">PREGUNTES FREQ\u00dcENTS SOBRE TRANSPORT DE TREBALLADORS<\/h3>\n<p>&nbsp;<\/p>\n<h4 class=\"estilo-pregunta-FAQs\"><img loading=\"lazy\" decoding=\"async\" class=\"alignnone wp-image-1962 \" src=\"https:\/\/badabus.com\/wp-content\/uploads\/flechas-300x193.png\" alt=\"Contacto Alquiler Minibus Barcelona\" width=\"31\" height=\"20\" srcset=\"https:\/\/badabus.com\/wp-content\/uploads\/flechas-300x193.png 300w, https:\/\/badabus.com\/wp-content\/uploads\/flechas.png 302w\" sizes=\"auto, (max-width: 31px) 100vw, 31px\" \/> <strong> Quin \u00e9s el nombre m\u00e0xim de parades que pot fer l&#8217;autocar de treballadors durant una ruta?<\/strong><\/h4>\n<p class=\"estilo-respuesta-FAQs\">Ens ajustem a les necessitats de la teva empresa: fem tantes parades com calgui segons les zones on visquin els teus col\u00b7laboradors. Tamb\u00e9 es pot recollir tothom en un \u00fanic punt o organitzar diverses rutes per evitar trajectes llargs.<\/p>\n<p>&nbsp;<\/p>\n<h4 class=\"estilo-pregunta-FAQs\"><img loading=\"lazy\" decoding=\"async\" class=\"alignnone wp-image-1962 \" src=\"https:\/\/badabus.com\/wp-content\/uploads\/flechas-300x193.png\" alt=\"Contacto Alquiler Minibus Barcelona\" width=\"31\" height=\"20\" srcset=\"https:\/\/badabus.com\/wp-content\/uploads\/flechas-300x193.png 300w, https:\/\/badabus.com\/wp-content\/uploads\/flechas.png 302w\" sizes=\"auto, (max-width: 31px) 100vw, 31px\" \/> <strong>\u00c9s possible tenir rutes diferents per als treballadors segons l&#8217;horari o el dia de la setmana?<\/strong><\/h4>\n<p class=\"estilo-respuesta-FAQs\">S\u00ed, dissenyem les rutes a la teva mida. Nom\u00e9s cal que ens expliquis quin \u00e9s el vostre cas i t&#8217;assessorem. M\u00e9s de 25 anys d&#8217;experi\u00e8ncia ens avalen.<\/p>\n<p>[\/vc_column_text][vc_empty_space height=\u00bb65px\u00bb][\/vc_column][\/vc_row][vc_row content_placement=\u00bbmiddle\u00bb row_fullwidth=\u00bb1&#8243; row_zero_column_space=\u00bb1&#8243; css=\u00bb.vc_custom_1593605588923{margin-top: 0px !important;margin-right: 0px !important;margin-bottom: 0px !important;margin-left: 0px !important;border-right-width: 0px !important;border-left-width: 0px !important;padding-top: 0px !important;padding-right: 0px !important;padding-bottom: 0px !important;padding-left: 0px !important;background-color: #303033 !important;}\u00bb][vc_column width=\u00bb1\/2&#8243; css=\u00bb.vc_custom_1593605440973{margin-top: -30px !important;}\u00bb][vc_single_image image=\u00bb15747&#8243; img_size=\u00bbfull\u00bb css=\u00bb\u00bb][\/vc_column][vc_column width=\u00bb1\/4&#8243;][vc_single_image image=\u00bb15755&#8243; img_size=\u00bbfull\u00bb css=\u00bb.vc_custom_1787214742206{padding-top: 10px !important;}\u00bb][\/vc_column][vc_column width=\u00bb1\/4&#8243;][vc_btn title=\u00bbDEMANAR PRESSUPOST\u00bb style=\u00bbgradient-custom\u00bb gradient_custom_color_1=\u00bb#25a6b9&#8243; gradient_custom_color_2=\u00bb#e22893&#8243; shape=\u00bbround\u00bb size=\u00bblg\u00bb align=\u00bbleft\u00bb css=\u00bb.vc_custom_1787214696192{padding-top: 20px !important;}\u00bb link=\u00bburl:https%3A%2F%2Fbadabus.com%2Fca%2Fpressupost-lloguer-dautobusos%2F|title:Pressupost%20lloguer%20d&#8217;autobusos\u00bb][\/vc_column][\/vc_row]<\/p>\n<\/div>","protected":false},"excerpt":{"rendered":"<p>[vc_row css=\u00bb.vc_custom_1596576147839{background-image: url(https:\/\/badabus.com\/wp-content\/uploads\/OB82EG0-scaled.jpg?id=4270) !important;background-position: center !important;background-repeat: no-repeat !important;background-size: cover !important;}\u00bb el_class=\u00bbheader-new-landing\u00bb][vc_column css=\u00bb.vc_custom_1594126970381{padding-top: 130px !important;padding-bottom: 130px !important;}\u00bb offset=\u00bbvc_hidden-sm vc_hidden-xs\u00bb][vc_column_text css=\u00bb\u00bb el_class=\u00bbbtn-new-landing\u00bb] EXPERTS EN TRANSPORT DE TREBALLADORS [\/vc_column_text][vc_btn title=\u00bbDEMANA PRESSUPOST\u00bb style=\u00bbcustom\u00bb custom_background=\u00bb#25a6b9&#8243; [&hellip;]<\/p>\n","protected":false},"author":1,"featured_media":14921,"parent":0,"menu_order":0,"comment_status":"closed","ping_status":"closed","template":"","meta":{"footnotes":""},"class_list":["post-15321","page","type-page","status-publish","has-post-thumbnail","hentry","has_thumb"],"_links":{"self":[{"href":"https:\/\/badabus.com\/ca\/wp-json\/wp\/v2\/pages\/15321","targetHints":{"allow":["GET"]}}],"collection":[{"href":"https:\/\/badabus.com\/ca\/wp-json\/wp\/v2\/pages"}],"about":[{"href":"https:\/\/badabus.com\/ca\/wp-json\/wp\/v2\/types\/page"}],"author":[{"embeddable":true,"href":"https:\/\/badabus.com\/ca\/wp-json\/wp\/v2\/users\/1"}],"replies":[{"embeddable":true,"href":"https:\/\/badabus.com\/ca\/wp-json\/wp\/v2\/comments?post=15321"}],"version-history":[{"count":7,"href":"https:\/\/badabus.com\/ca\/wp-json\/wp\/v2\/pages\/15321\/revisions"}],"predecessor-version":[{"id":15773,"href":"https:\/\/badabus.com\/ca\/wp-json\/wp\/v2\/pages\/15321\/revisions\/15773"}],"wp:featuredmedia":[{"embeddable":true,"href":"https:\/\/badabus.com\/ca\/wp-json\/wp\/v2\/media\/14921"}],"wp:attachment":[{"href":"https:\/\/badabus.com\/ca\/wp-json\/wp\/v2\/media?parent=15321"}],"curies":[{"name":"wp","href":"https:\/\/api.w.org\/{rel}","templated":true}]}}