{"id":15283,"date":"2026-08-25T09:01:23","date_gmt":"2026-08-25T07:01:23","guid":{"rendered":"https:\/\/badabus.com\/?page_id=15283"},"modified":"2026-08-31T15:09:08","modified_gmt":"2026-08-31T13:09:08","slug":"lloguer-autocars-i-minibusos-adaptats-a-barcelona","status":"publish","type":"page","link":"https:\/\/badabus.com\/ca\/lloguer-autocars-i-minibusos-adaptats-a-barcelona\/","title":{"rendered":"Lloguer d&#8217;autocars i minibusos adaptats a Barcelona CAT"},"content":{"rendered":"<div class=\"wpb-content-wrapper\"><p>[vc_row css=\u00bb.vc_custom_1596641790923{background-image: url(https:\/\/badabus.com\/wp-content\/uploads\/adaptados-cabecera-scaled.jpg?id=4374) !important;background-position: center !important;background-repeat: no-repeat !important;background-size: cover !important;}\u00bb el_class=\u00bbheader-new-landing\u00bb][vc_column css=\u00bb.vc_custom_1594126547888{padding-top: 130px !important;padding-bottom: 130px !important;}\u00bb offset=\u00bbvc_hidden-sm vc_hidden-xs\u00bb][vc_column_text]<\/p>\n<h1 style=\"color: white; font-size: 80px; line-height: 0.92;\">LLOGUER D&#8217;AUTOCARS I MINIBUSOS ADAPTATS A BARCELONA<\/h1>\n<p>[\/vc_column_text][vc_btn title=\u00bbDEMANA PRESSUPOST\u00bb style=\u00bbcustom\u00bb custom_background=\u00bb#25a6b9&#8243; custom_text=\u00bb#ffffff\u00bb shape=\u00bbround\u00bb align=\u00bbleft\u00bb css=\u00bb\u00bb link=\u00bburl:https%3A%2F%2Fbadabus.com%2Fca%2Fpressupost-lloguer-dautobusos%2F|title:Pressupost%20lloguer%20d&#8217;autobusos\u00bb el_class=\u00bbbtn-new-landing\u00bb][\/vc_column][\/vc_row][vc_row css=\u00bb.vc_custom_1596641824803{background-image: url(https:\/\/badabus.com\/wp-content\/uploads\/adaptados-cabecera-scaled.jpg?id=4374) !important;background-position: center !important;background-repeat: no-repeat !important;background-size: cover !important;}\u00bb el_class=\u00bbheader-new-landing\u00bb][vc_column css=\u00bb.vc_custom_1594126540640{padding-top: 130px !important;padding-bottom: 130px !important;}\u00bb offset=\u00bbvc_hidden-lg vc_hidden-md\u00bb][vc_column_text]<\/p>\n<h1 style=\"color: white; font-size: 80px; line-height: 0.92;\">LLOGUER D&#8217;AUTOCARS I MINIBUSOS ADAPTATS A BARCELONA<\/h1>\n<p>[\/vc_column_text][vc_btn title=\u00bbDEMANA PRESSUPOST\u00bb style=\u00bbcustom\u00bb custom_background=\u00bb#25a6b9&#8243; custom_text=\u00bb#ffffff\u00bb shape=\u00bbround\u00bb align=\u00bbleft\u00bb css=\u00bb\u00bb link=\u00bburl:https%3A%2F%2Fbadabus.com%2Fca%2Fpressupost-lloguer-dautobusos%2F|title:Pressupost%20lloguer%20d&#8217;autobusos\u00bb el_class=\u00bbbtn-new-landing\u00bb][\/vc_column][\/vc_row][vc_row row_vertical_center=\u00bb1&#8243;][vc_column css=\u00bb.vc_custom_1593697360791{margin-top: 15px !important;}\u00bb][vc_column_text css=\u00bb.vc_custom_1594043943137{margin-top: 25px !important;}\u00bb]<\/p>\n<p style=\"text-align: center;\"><span style=\"font-size: 24pt;\"><img loading=\"lazy\" decoding=\"async\" class=\"wp-image-1962 alignnone\" style=\"text-align: center;\" src=\"https:\/\/badabus.com\/wp-content\/uploads\/flechas-300x193.png\" alt=\"Contacto Alquiler Minibus Barcelona\" width=\"52\" height=\"34\" srcset=\"https:\/\/badabus.com\/wp-content\/uploads\/flechas-300x193.png 300w, https:\/\/badabus.com\/wp-content\/uploads\/flechas.png 302w\" sizes=\"auto, (max-width: 52px) 100vw, 52px\" \/> <strong>LA TEVA COMPANYIA DE CONFIAN\u00c7A<\/strong><\/span><\/p>\n<p>[\/vc_column_text][vc_column_text css=\u00bb.vc_custom_1594889880233{padding-right: 10% !important;padding-left: 10% !important;}\u00bb]L&#8217;experi\u00e8ncia ens ha ensenyat que no hi ha dos clients iguals. Per aix\u00f2, els nostres autocars i minibusos estan adaptats per poder satisfer les necessitats i les demandes de cadascun d&#8217;ells. Un comprom\u00eds amb la mobilitat de tots els usuaris dels nostres serveis.[\/vc_column_text][\/vc_column][\/vc_row][vc_row][vc_column width=\u00bb1\/2&#8243;][vc_single_image image=\u00bb15285&#8243; img_size=\u00bbfull\u00bb][\/vc_column][vc_column width=\u00bb1\/2&#8243;][vc_column_text css=\u00bb.vc_custom_1787641186601{padding-right: 10% !important;}\u00bb]<\/p>\n<h2>Qu\u00e8 ofereixen els nostres autocars i minibusos adaptats<\/h2>\n<p>Per poder oferir el millor servei cal ser conscients que no tots els usuaris tenen les mateixes necessitats espec\u00edfiques. Gr\u00e0cies a la nostra llarga traject\u00f2ria al servei del client, hem anat adaptant la nostra flota al que considerem requisits indispensables. Oferim el millor <a href=\"https:\/\/badabus.com\/ca\/lloguer-autocar-barcelona\/\">servei de lloguer d&#8217;autocars a Barcelona<\/a> i ens adaptem a les teves necessitats i requisits!<\/p>\n<p>I quins s\u00f3n aquests requisits que et permetran gaudir d&#8217;un viatge adaptat a tu? En primer lloc, disposem de plataformes elevadores que permeten accedir a l&#8217;interior amb una cadira de rodes. A m\u00e9s, un cop dins de l&#8217;autob\u00fas, no nom\u00e9s disposar\u00e0s d&#8217;un espai m\u00e9s ampli per a la teva comoditat i la de la resta de passatgers, sin\u00f3 tamb\u00e9 de sistemes d&#8217;ancoratge que et permetran viatjar amb seguretat.<\/p>\n<p>Cal esmentar que tots els autocars de lloguer, aix\u00ed com els minibusos, se sotmeten a controls estrictes i regulars que garanteixen que es troben en bones condicions per circular. Altres elements disponibles que garanteixen l&#8217;accessibilitat i la mobilitat s\u00f3n les barres i els agafadors, l&#8217;adequaci\u00f3 del terra per als vehicles adaptats i la il\u00b7luminaci\u00f3 de totes les zones d&#8217;acc\u00e9s.<\/p>\n<p>Si est\u00e0s valorant la possibilitat de llogar un autocar amb conductor o un minib\u00fas amb conductor, a <a href=\"https:\/\/badabus.com\/ca\/\">Badabus<\/a> t&#8217;oferim atenci\u00f3 personalitzada i assessorament per triar el vehicle apropiat. La teva satisfacci\u00f3 com a client \u00e9s el nostre major assoliment.[\/vc_column_text][\/vc_column][\/vc_row][vc_row][vc_column width=\u00bb1\/2&#8243; offset=\u00bbvc_hidden-sm vc_hidden-xs\u00bb][vc_column_text css=\u00bb.vc_custom_1596176642534{padding-left: 10% !important;}\u00bb]<\/p>\n<h2>Per qu\u00e8 optar pel lloguer d&#8217;un autob\u00fas adaptat<\/h2>\n<p>El lloguer d&#8217;un autob\u00fas et permet despreocupar-te de l&#8217;organitzaci\u00f3 dels despla\u00e7aments en grup. Quan es tracta d&#8217;un nombre elevat de persones i el viatge inclou recorreguts diferents, resulta feixuc trobar la manera d&#8217;organitzar-se i, encara m\u00e9s, de fer-ho amb \u00e8xit. Per aix\u00f2, des de Badabus et recomanem que deleguis aquesta tasca en mans de professionals experts.[\/vc_column_text][\/vc_column][vc_column width=\u00bb1\/2&#8243; offset=\u00bbvc_hidden-sm vc_hidden-xs\u00bb][vc_single_image image=\u00bb15286&#8243; img_size=\u00bbfull\u00bb][\/vc_column][\/vc_row][vc_row][vc_column width=\u00bb1\/2&#8243;][vc_single_image image=\u00bb15307&#8243; img_size=\u00bbfull\u00bb][\/vc_column][vc_column width=\u00bb1\/2&#8243;][vc_column_text css=\u00bb.vc_custom_1596176649320{padding-right: 10% !important;}\u00bb]Fa m\u00e9s de 25 anys que som al servei dels nostres clients i t&#8217;oferim possibilitats diverses perqu\u00e8 tri\u00efs la que m\u00e9s et convingui. Els nostres autocars ofereixen fins a 60 places i van equipats amb tot el que necessites per gaudir d&#8217;un viatge agradable. Per\u00f2 si a m\u00e9s de la mida busques serveis de la m\u00e0xima qualitat, tamb\u00e9 tenim una versi\u00f3 VIP. Si per a tu \u00e9s important, per a nosaltres es converteix en imprescindible.<\/p>\n<p>En canvi, si el que busques \u00e9s una cosa m\u00e9s \u00edntima, et recomanem el lloguer d&#8217;un minib\u00fas. El mateix confort, per\u00f2 en un espai m\u00e9s compacte que no supera les 25 places. L&#8217;opci\u00f3 perfecta per als serveis privats.[\/vc_column_text][\/vc_column][\/vc_row][vc_row equal_height=\u00bbyes\u00bb content_placement=\u00bbmiddle\u00bb row_vertical_center=\u00bb1&#8243; css=\u00bb.vc_custom_1593761608258{background-color: #25a6b9 !important;}\u00bb][vc_column width=\u00bb2\/3&#8243;][vc_column_text css=\u00bb.vc_custom_1596477491477{margin-top: 25px !important;margin-bottom: 0px !important;padding-bottom: 5px !important;}\u00bb]<\/p>\n<h2 style=\"color: white;\">LLOGUER D&#8217;AUTOCARS I MINIBUSOS ADAPTATS A BARCELONA<\/h2>\n<p>[\/vc_column_text][vc_column_text]<\/p>\n<h5><span style=\"color: #ffffff;\">A Badabus comptem amb una flota que inclou vehicles adaptats. Com a empresa de transport, sabem que per parlar de mobilitat cal incloure-hi la de tothom. Som la teva companyia de confian\u00e7a.<\/span><\/h5>\n<p>[\/vc_column_text][\/vc_column][vc_column width=\u00bb1\/3&#8243; el_class=\u00bbbtn-pide-pres\u00bb][vc_btn title=\u00bbDEMANA PRESSUPOST\u00bb style=\u00bboutline-custom\u00bb outline_custom_color=\u00bb#ffffff\u00bb outline_custom_hover_background=\u00bb#ffffff\u00bb outline_custom_hover_text=\u00bb#0a0a0a\u00bb shape=\u00bbround\u00bb align=\u00bbright\u00bb css=\u00bb.vc_custom_1787744754569{margin-top: 15% !important;}\u00bb link=\u00bburl:https%3A%2F%2Fbadabus.com%2Fca%2Fpressupost-lloguer-dautobusos%2F|title:Pressupost%20lloguer%20d&#8217;autobusos\u00bb el_class=\u00bbbtn-new-landing-bold\u00bb][\/vc_column][\/vc_row][vc_row][vc_column css=\u00bb.vc_custom_1594044024843{margin-top: 15px !important;margin-bottom: 50px !important;}\u00bb][vc_column_text css=\u00bb.vc_custom_1594044062044{margin-top: 10px !important;}\u00bb]<\/p>\n<p style=\"text-align: center;\"><span style=\"font-size: 24pt;\"><img loading=\"lazy\" decoding=\"async\" class=\"wp-image-1962 alignnone\" style=\"text-align: center;\" src=\"https:\/\/badabus.com\/wp-content\/uploads\/flechas-300x193.png\" alt=\"Contacto Alquiler Minibus Barcelona\" width=\"52\" height=\"34\" srcset=\"https:\/\/badabus.com\/wp-content\/uploads\/flechas-300x193.png 300w, https:\/\/badabus.com\/wp-content\/uploads\/flechas.png 302w\" sizes=\"auto, (max-width: 52px) 100vw, 52px\" \/> <strong>M\u00c9S FLOTA BADABUS<\/strong><\/span><\/p>\n<p>[\/vc_column_text][\/vc_column][\/vc_row][vc_row row_fullwidth=\u00bb1&#8243; css=\u00bb.vc_custom_1594813254567{margin-top: 15px !important;margin-bottom: 50px !important;}\u00bb][vc_column width=\u00bb1\/4&#8243; offset=\u00bbvc_hidden-sm vc_hidden-xs\u00bb css=\u00bb.vc_custom_1594813556672{margin-right: 5px !important;margin-left: 5px !important;}\u00bb][vc_column_text css=\u00bb.vc_custom_1787641204585{margin-right: 2px !important;margin-left: 2px !important;}\u00bb el_class=\u00bbbtn-mas-serv\u00bb]<a href=\"https:\/\/badabus.com\/ca\/lloguer-autocar-barcelona\/\"><img loading=\"lazy\" decoding=\"async\" class=\"alignnone wp-image-2878 size-medium\" src=\"https:\/\/badabus.com\/wp-content\/uploads\/alquiler-de-autobus-en-Barcelona-300x225.jpg\" alt=\"alquiler de autob\u00fas en Barcelona\" width=\"300\" height=\"225\" srcset=\"https:\/\/badabus.com\/wp-content\/uploads\/alquiler-de-autobus-en-Barcelona-300x225.jpg 300w, https:\/\/badabus.com\/wp-content\/uploads\/alquiler-de-autobus-en-Barcelona-768x576.jpg 768w, https:\/\/badabus.com\/wp-content\/uploads\/alquiler-de-autobus-en-Barcelona.jpg 800w\" sizes=\"auto, (max-width: 300px) 100vw, 300px\" \/><br \/>\nAutocar<\/a>[\/vc_column_text][\/vc_column][vc_column width=\u00bb1\/4&#8243; offset=\u00bbvc_hidden-sm vc_hidden-xs\u00bb css=\u00bb.vc_custom_1594813573638{margin-right: 5px !important;margin-left: 5px !important;}\u00bb][vc_column_text css=\u00bb.vc_custom_1786965304595{margin-right: 2px !important;margin-left: 2px !important;}\u00bb el_class=\u00bbbtn-mas-serv\u00bb]<a href=\"https:\/\/badabus.com\/ca\/lloguer-de-minibus-barcelona\/\"><img loading=\"lazy\" decoding=\"async\" class=\"alignnone wp-image-2898 size-medium\" src=\"https:\/\/badabus.com\/wp-content\/uploads\/minibus-badabus-barcelona-1-300x225.jpg\" alt=\"alquiler autobus barcelona\" width=\"300\" height=\"225\" srcset=\"https:\/\/badabus.com\/wp-content\/uploads\/minibus-badabus-barcelona-1-300x225.jpg 300w, https:\/\/badabus.com\/wp-content\/uploads\/minibus-badabus-barcelona-1-768x576.jpg 768w, https:\/\/badabus.com\/wp-content\/uploads\/minibus-badabus-barcelona-1.jpg 800w\" sizes=\"auto, (max-width: 300px) 100vw, 300px\" \/><br \/>\nMinibus<br \/>\n<\/a>[\/vc_column_text][\/vc_column][vc_column width=\u00bb1\/4&#8243; offset=\u00bbvc_hidden-sm vc_hidden-xs\u00bb css=\u00bb.vc_custom_1594813588807{margin-right: 5px !important;margin-left: 5px !important;}\u00bb][vc_column_text css=\u00bb.vc_custom_1786965355172{margin-right: 2px !important;margin-left: 2px !important;}\u00bb el_class=\u00bbbtn-mas-serv\u00bb]<a href=\"https:\/\/badabus.com\/ca\/lloguer-autocar-vip-barcelona\/\"><img loading=\"lazy\" decoding=\"async\" class=\"alignnone wp-image-3078 size-medium\" src=\"https:\/\/badabus.com\/wp-content\/uploads\/alquiler-autobus-barcelona-1-300x225.jpg\" alt=\"alquiler autob\u00fas barcelona\" width=\"300\" height=\"225\" srcset=\"https:\/\/badabus.com\/wp-content\/uploads\/alquiler-autobus-barcelona-1-300x225.jpg 300w, https:\/\/badabus.com\/wp-content\/uploads\/alquiler-autobus-barcelona-1-768x576.jpg 768w, https:\/\/badabus.com\/wp-content\/uploads\/alquiler-autobus-barcelona-1.jpg 800w\" sizes=\"auto, (max-width: 300px) 100vw, 300px\" \/><br \/>\nAutocar VIP<br \/>\n<\/a>[\/vc_column_text][\/vc_column][vc_column width=\u00bb1\/4&#8243; offset=\u00bbvc_hidden-sm vc_hidden-xs\u00bb css=\u00bb.vc_custom_1594813596910{margin-right: 5px !important;margin-left: 5px !important;}\u00bb][vc_column_text css=\u00bb.vc_custom_1786965436222{margin-right: 2px !important;margin-left: 2px !important;}\u00bb el_class=\u00bbbtn-mas-serv\u00bb]<a href=\"https:\/\/badabus.com\/ca\/lloguer-de-minibus-vip-barcelona\/\"><img loading=\"lazy\" decoding=\"async\" class=\"alignnone wp-image-4329 size-medium\" src=\"https:\/\/badabus.com\/wp-content\/uploads\/\/Dise\u00f1o-sin-t\u00edtulo-300x225.png\" alt=\"alquiler minibus vip badabus\" width=\"300\" height=\"225\" srcset=\"https:\/\/badabus.com\/wp-content\/uploads\/Dise\u00f1o-sin-t\u00edtulo-300x225.png 300w, https:\/\/badabus.com\/wp-content\/uploads\/Dise\u00f1o-sin-t\u00edtulo-768x576.png 768w, https:\/\/badabus.com\/wp-content\/uploads\/Dise\u00f1o-sin-t\u00edtulo.png 800w\" sizes=\"auto, (max-width: 300px) 100vw, 300px\" \/><br \/>\nMinib\u00fas VIP<br \/>\n<\/a>[\/vc_column_text][\/vc_column][\/vc_row][vc_row row_fullwidth=\u00bb1&#8243; css=\u00bb.vc_custom_1594813254567{margin-top: 15px !important;margin-bottom: 50px !important;}\u00bb][vc_column offset=\u00bbvc_hidden-lg vc_hidden-md\u00bb][vc_column_text css=\u00bb\u00bb el_class=\u00bbbtn-mas-serv\u00bb]<\/p>\n<p style=\"text-align: center;\"><a href=\"https:\/\/badabus.com\/ca\/lloguer-autocar-barcelona\/\"><img loading=\"lazy\" decoding=\"async\" class=\"alignnone wp-image-3076 size-medium\" src=\"https:\/\/badabus.com\/wp-content\/uploads\/alquiler-de-autobus-en-Barcelona-1-300x225.jpg\" alt=\"alquiler de autob\u00fas en Barcelona\" width=\"300\" height=\"225\" srcset=\"https:\/\/badabus.com\/wp-content\/uploads\/alquiler-de-autobus-en-Barcelona-1-300x225.jpg 300w, https:\/\/badabus.com\/wp-content\/uploads\/alquiler-de-autobus-en-Barcelona-1-768x576.jpg 768w, https:\/\/badabus.com\/wp-content\/uploads\/alquiler-de-autobus-en-Barcelona-1.jpg 800w\" sizes=\"auto, (max-width: 300px) 100vw, 300px\" \/><br \/>\nAutocar<\/a><\/p>\n<p>[\/vc_column_text][vc_column_text css=\u00bb\u00bb el_class=\u00bbbtn-mas-serv\u00bb]<\/p>\n<p style=\"text-align: center;\"><a href=\"https:\/\/badabus.com\/ca\/lloguer-de-minibus-barcelona\/\"><img loading=\"lazy\" decoding=\"async\" class=\"alignnone wp-image-2898 size-medium\" src=\"https:\/\/badabus.com\/wp-content\/uploads\/minibus-badabus-barcelona-1-300x225.jpg\" alt=\"alquiler autobus barcelona\" width=\"300\" height=\"225\" srcset=\"https:\/\/badabus.com\/wp-content\/uploads\/minibus-badabus-barcelona-1-300x225.jpg 300w, https:\/\/badabus.com\/wp-content\/uploads\/minibus-badabus-barcelona-1-768x576.jpg 768w, https:\/\/badabus.com\/wp-content\/uploads\/minibus-badabus-barcelona-1.jpg 800w\" sizes=\"auto, (max-width: 300px) 100vw, 300px\" \/><br \/>\nMinibus<br \/>\n<\/a><\/p>\n<p>[\/vc_column_text][vc_column_text css=\u00bb\u00bb el_class=\u00bbbtn-mas-serv\u00bb]<\/p>\n<p style=\"text-align: center;\"><a href=\"https:\/\/badabus.com\/ca\/lloguer-autocar-vip-barcelona\/\"><img loading=\"lazy\" decoding=\"async\" class=\"alignnone wp-image-3078 size-medium\" src=\"https:\/\/badabus.com\/wp-content\/uploads\/alquiler-autobus-barcelona-1-300x225.jpg\" alt=\"alquiler autob\u00fas barcelona\" width=\"300\" height=\"225\" srcset=\"https:\/\/badabus.com\/wp-content\/uploads\/alquiler-autobus-barcelona-1-300x225.jpg 300w, https:\/\/badabus.com\/wp-content\/uploads\/alquiler-autobus-barcelona-1-768x576.jpg 768w, https:\/\/badabus.com\/wp-content\/uploads\/alquiler-autobus-barcelona-1.jpg 800w\" sizes=\"auto, (max-width: 300px) 100vw, 300px\" \/><br \/>\nAutocar VIP<br \/>\n<\/a><\/p>\n<p>[\/vc_column_text][vc_column_text css=\u00bb\u00bb el_class=\u00bbbtn-mas-serv\u00bb]<\/p>\n<p style=\"text-align: center;\"><img loading=\"lazy\" decoding=\"async\" class=\"alignnone size-medium wp-image-4329\" src=\"https:\/\/badabus.com\/wp-content\/uploads\/\/Dise\u00f1o-sin-t\u00edtulo-300x225.png\" alt=\"alquiler minibus vip badabus\" width=\"300\" height=\"225\" srcset=\"https:\/\/badabus.com\/wp-content\/uploads\/Dise\u00f1o-sin-t\u00edtulo-300x225.png 300w, https:\/\/badabus.com\/wp-content\/uploads\/Dise\u00f1o-sin-t\u00edtulo-768x576.png 768w, https:\/\/badabus.com\/wp-content\/uploads\/Dise\u00f1o-sin-t\u00edtulo.png 800w\" sizes=\"auto, (max-width: 300px) 100vw, 300px\" \/><a href=\"https:\/\/badabus.com\/ca\/lloguer-de-minibus-vip-barcelona\/\"><br \/>\nMinib\u00fas VIP<br \/>\n<\/a><\/p>\n<p>[\/vc_column_text][\/vc_column][\/vc_row][vc_row content_placement=\u00bbmiddle\u00bb row_fullwidth=\u00bb1&#8243; row_zero_column_space=\u00bb1&#8243; css=\u00bb.vc_custom_1593605588923{margin-top: 0px !important;margin-right: 0px !important;margin-bottom: 0px !important;margin-left: 0px !important;border-right-width: 0px !important;border-left-width: 0px !important;padding-top: 0px !important;padding-right: 0px !important;padding-bottom: 0px !important;padding-left: 0px !important;background-color: #303033 !important;}\u00bb][vc_column width=\u00bb1\/2&#8243; css=\u00bb.vc_custom_1593605440973{margin-top: -30px !important;}\u00bb][vc_single_image image=\u00bb15747&#8243; img_size=\u00bbfull\u00bb css=\u00bb\u00bb][\/vc_column][vc_column width=\u00bb1\/4&#8243;][vc_single_image image=\u00bb15755&#8243; img_size=\u00bbfull\u00bb css=\u00bb.vc_custom_1788181745690{padding-top: 10px !important;}\u00bb][\/vc_column][vc_column width=\u00bb1\/4&#8243;][vc_btn title=\u00bbDEMANAR PRESSUPOST\u00bb style=\u00bbgradient-custom\u00bb gradient_custom_color_1=\u00bb#25a6b9&#8243; gradient_custom_color_2=\u00bb#e22893&#8243; shape=\u00bbround\u00bb size=\u00bblg\u00bb align=\u00bbleft\u00bb css=\u00bb.vc_custom_1786965452536{padding-top: 20px !important;}\u00bb link=\u00bburl:https%3A%2F%2Fbadabus.com%2Fca%2Fpressupost-lloguer-dautobusos%2F|title:Pressupost%20lloguer%20d&#8217;autobusos\u00bb][\/vc_column][\/vc_row]<\/p>\n<\/div>","protected":false},"excerpt":{"rendered":"<p>[vc_row css=\u00bb.vc_custom_1596641790923{background-image: url(https:\/\/badabus.com\/wp-content\/uploads\/adaptados-cabecera-scaled.jpg?id=4374) !important;background-position: center !important;background-repeat: no-repeat !important;background-size: cover !important;}\u00bb el_class=\u00bbheader-new-landing\u00bb][vc_column css=\u00bb.vc_custom_1594126547888{padding-top: 130px !important;padding-bottom: 130px !important;}\u00bb offset=\u00bbvc_hidden-sm vc_hidden-xs\u00bb][vc_column_text] LLOGUER D&#8217;AUTOCARS I MINIBUSOS ADAPTATS A BARCELONA [\/vc_column_text][vc_btn title=\u00bbDEMANA PRESSUPOST\u00bb style=\u00bbcustom\u00bb custom_background=\u00bb#25a6b9&#8243; [&hellip;]<\/p>\n","protected":false},"author":1,"featured_media":14921,"parent":0,"menu_order":0,"comment_status":"closed","ping_status":"closed","template":"","meta":{"footnotes":""},"class_list":["post-15283","page","type-page","status-publish","has-post-thumbnail","hentry","has_thumb"],"_links":{"self":[{"href":"https:\/\/badabus.com\/ca\/wp-json\/wp\/v2\/pages\/15283","targetHints":{"allow":["GET"]}}],"collection":[{"href":"https:\/\/badabus.com\/ca\/wp-json\/wp\/v2\/pages"}],"about":[{"href":"https:\/\/badabus.com\/ca\/wp-json\/wp\/v2\/types\/page"}],"author":[{"embeddable":true,"href":"https:\/\/badabus.com\/ca\/wp-json\/wp\/v2\/users\/1"}],"replies":[{"embeddable":true,"href":"https:\/\/badabus.com\/ca\/wp-json\/wp\/v2\/comments?post=15283"}],"version-history":[{"count":18,"href":"https:\/\/badabus.com\/ca\/wp-json\/wp\/v2\/pages\/15283\/revisions"}],"predecessor-version":[{"id":16032,"href":"https:\/\/badabus.com\/ca\/wp-json\/wp\/v2\/pages\/15283\/revisions\/16032"}],"wp:featuredmedia":[{"embeddable":true,"href":"https:\/\/badabus.com\/ca\/wp-json\/wp\/v2\/media\/14921"}],"wp:attachment":[{"href":"https:\/\/badabus.com\/ca\/wp-json\/wp\/v2\/media?parent=15283"}],"curies":[{"name":"wp","href":"https:\/\/api.w.org\/{rel}","templated":true}]}}