{"id":15268,"date":"2026-08-18T08:13:03","date_gmt":"2026-08-18T06:13:03","guid":{"rendered":"https:\/\/badabus.com\/?page_id=15268"},"modified":"2026-08-31T12:13:03","modified_gmt":"2026-08-31T10:13:03","slug":"inici","status":"publish","type":"page","link":"https:\/\/badabus.com\/ca\/","title":{"rendered":"HOME CAT"},"content":{"rendered":"<div class=\"wpb-content-wrapper\"><p>[vc_row row_fullwidth=\u00bb1&#8243; row_zero_column_space=\u00bb1&#8243; css=\u00bb.vc_custom_1461073450203{margin-top: 0px !important;margin-right: 0px !important;margin-bottom: 0px !important;margin-left: 0px !important;padding-top: 0px !important;padding-right: 0px !important;padding-bottom: 0px !important;padding-left: 0px !important;}\u00bb][vc_column offset=\u00bbvc_hidden-sm vc_hidden-xs\u00bb][rev_slider_vc alias=\u00bbbadabus-1&#8243; el_class=\u00bbno-bottom-margin\u00bb][\/vc_column][\/vc_row][vc_row gap=\u00bb5&#8243; row_fullwidth=\u00bb1&#8243; css=\u00bb.vc_custom_1684321545730{margin-top: 0px !important;margin-bottom: 0px !important;padding-top: 40px !important;padding-right: 40px !important;padding-left: 40px !important;background-color: #ffffff !important;}\u00bb][vc_column offset=\u00bbvc_hidden-sm vc_hidden-xs\u00bb][vc_column_text css=\u00bb\u00bb]<\/p>\n<h1 class=\"h1-home-cat\">Autocars a Barcelona<\/h1>\n<h2 class=\"h1-servicios\">Les nostres opcions per al lloguer d&#8217;autocars<\/h2>\n<p>[\/vc_column_text][vc_raw_html css=\u00bb\u00bb]JTVCYmFkYWJ1c19zZXJ2ZWlzJTVE[\/vc_raw_html][\/vc_column][vc_column offset=\u00bbvc_hidden-sm vc_hidden-xs\u00bb][vc_custom_heading text=\u00bbVols saber m\u00e9s coses sobre el lloguer d&#8217;autocars i minibusos?\u00bb font_container=\u00bbtag:h3|font_size:24|text_align:center|color:%23000000|line_height:30px\u00bb google_fonts=\u00bbfont_family:Raleway%3A100%2C200%2C300%2Cregular%2C500%2C600%2C700%2C800%2C900|font_style:300%20light%20regular%3A300%3Anormal\u00bb css=\u00bb.vc_custom_1719402993033{margin-top: 0px !important;margin-bottom: 0px !important;padding-top: 20px !important;padding-bottom: 30px !important;}\u00bb][vc_btn title=\u00bb+INFO\u00bb style=\u00bboutline-custom\u00bb outline_custom_color=\u00bb#000000&#8243; outline_custom_hover_background=\u00bb#000000&#8243; outline_custom_hover_text=\u00bb#ffffff\u00bb shape=\u00bbround\u00bb size=\u00bblg\u00bb align=\u00bbcenter\u00bb i_type=\u00bblinecons\u00bb i_icon_linecons=\u00bbvc_li vc_li-clip\u00bb css=\u00bb\u00bb add_icon=\u00bbtrue\u00bb link=\u00bburl:https%3A%2F%2Fbadabus.com%2Fca%2Fflota%2F\u00bb][\/vc_column][\/vc_row][vc_row row_fullwidth=\u00bb1&#8243; css=\u00bb.vc_custom_1613379287195{padding-right: 0px !important;padding-left: 0px !important;background-color: #0a0a0a !important;}\u00bb][vc_column css=\u00bb.vc_custom_1710964759406{padding-top: 0px !important;padding-right: 0px !important;padding-bottom: 0px !important;padding-left: 0px !important;background: #0a0a0a url(https:\/\/badabus.com\/wp-content\/uploads\/Alex-Bascuas-Photo-9610-opacity.jpg?id=9993) !important;background-position: center !important;background-repeat: no-repeat !important;background-size: cover !important;}\u00bb offset=\u00bbvc_hidden-lg vc_hidden-md\u00bb el_class=\u00bbimagen-background-home-mobile\u00bb][vc_column_text css=\u00bb.vc_custom_1719403542936{margin-top: 45px !important;margin-right: 5% !important;margin-bottom: 45px !important;margin-left: 5% !important;padding-right: 0px !important;padding-left: 0px !important;background-position: center !important;background-repeat: no-repeat !important;background-size: cover !important;}\u00bb]<\/p>\n<h1 class=\"h1-home-mob\">Lloguer d&#8217;autocars i minibusos a Barcelona<\/h1>\n<p>[\/vc_column_text][vc_btn title=\u00bbDEMANA PRESSUPOST\u00bb style=\u00bbcustom\u00bb custom_background=\u00bb#e22893&#8243; custom_text=\u00bb#ffffff\u00bb shape=\u00bbround\u00bb css=\u00bb.vc_custom_1786950729685{margin-left: 30px !important;}\u00bb link=\u00bburl:https%3A%2F%2Fbadabus.com%2Fca%2Fpressupost-lloguer-autobusos%2F|title:Pressupost%20lloguer%20d&#8217;autobusos\u00bb][\/vc_column][\/vc_row][vc_row gap=\u00bb20&#8243; equal_height=\u00bbyes\u00bb css=\u00bb.vc_custom_1719475441479{margin-top: 40px !important;padding-top: 40px !important;padding-bottom: 120px !important;background-image: url(https:\/\/badabus.com\/wp-content\/uploads\/dotted.png?id=2221) !important;}\u00bb][vc_column][vc_column_text css=\u00bb.vc_custom_1585693633065{margin-bottom: -20px !important;}\u00bb]<\/p>\n<p style=\"text-align: center; font-size: 50px; font-family: gotham-rounded; line-height: 1em;\"><strong>Per qu\u00e8 triar-nos?<\/strong><\/p>\n<p>[\/vc_column_text][vc_custom_heading text=\u00bbLloguer d&#8217;autocars, minibusos i minibusos VIP\u00bb font_container=\u00bbtag:h2|font_size:35|text_align:center|color:%23d3d3d3|line_height:36px\u00bb google_fonts=\u00bbfont_family:Raleway%3A100%2C200%2C300%2Cregular%2C500%2C600%2C700%2C800%2C900|font_style:100%20light%20regular%3A100%3Anormal\u00bb css=\u00bb.vc_custom_1719474414514{margin-bottom: 0px !important;padding-bottom: 30px !important;}\u00bb][vc_row_inner equal_height=\u00bbyes\u00bb css=\u00bb.vc_custom_1719475202374{margin-bottom: 0px !important;padding-bottom: 0px !important;}\u00bb][vc_column_inner width=\u00bb1\/3&#8243; css=\u00bb.vc_custom_1719475287975{background-color: #25a6b9 !important;border-radius: 5px !important;}\u00bb][vc_column_text css=\u00bb\u00bb]<\/p>\n<p class=\"numero-porque\">\/\/ 01<\/p>\n<p class=\"titulo-porque\">Seguretat<\/p>\n<p class=\"p-porque\">En el lloguer d&#8217;autocars som molt rigorosos en les revisions i el manteniment de la nostra flota per tenir cura dels nostres clients en els seus trajectes.<\/p>\n<p>[\/vc_column_text][vc_btn title=\u00bbVEURE FLOTA\u00bb style=\u00bboutline-custom\u00bb outline_custom_color=\u00bb#ffffff\u00bb outline_custom_hover_background=\u00bb#ffffff\u00bb outline_custom_hover_text=\u00bb#25a6b9&#8243; shape=\u00bbround\u00bb size=\u00bbsm\u00bb css=\u00bb.vc_custom_1786950765687{margin-left: 35px !important;}\u00bb link=\u00bburl:https%3A%2F%2Fbadabus.com%2Fca%2Fflota%2F|title:Veure%20flota%20d&#8217;autocars\u00bb][vc_empty_space][\/vc_column_inner][vc_column_inner width=\u00bb1\/3&#8243; css=\u00bb.vc_custom_1719475336589{background-color: #9b6da6 !important;border-radius: 5px !important;}\u00bb][vc_column_text css=\u00bb\u00bb]<\/p>\n<p class=\"numero-porque\">\/\/ 02<\/p>\n<p class=\"titulo-porque\">Confort<\/p>\n<p class=\"p-porque\">Els nostres autocars i minibusos estan dissenyats acuradament per donar la millor comoditat i seguretat als nostres clients en cada viatge.<\/p>\n<p>[\/vc_column_text][vc_btn title=\u00bbVEURE FLOTA\u00bb style=\u00bboutline-custom\u00bb outline_custom_color=\u00bb#ffffff\u00bb outline_custom_hover_background=\u00bb#ffffff\u00bb outline_custom_hover_text=\u00bb#9b6da6&#8243; shape=\u00bbround\u00bb size=\u00bbsm\u00bb css=\u00bb.vc_custom_1786950778672{margin-left: 35px !important;}\u00bb link=\u00bburl:https%3A%2F%2Fbadabus.com%2Fca%2Fflota%2F|title:Veure%20flota%20d&#8217;autocars\u00bb][vc_empty_space][\/vc_column_inner][vc_column_inner width=\u00bb1\/3&#8243; css=\u00bb.vc_custom_1719475343640{background-color: #e22893 !important;border-radius: 5px !important;}\u00bb][vc_column_text css=\u00bb\u00bb]<\/p>\n<p class=\"numero-porque\">\/\/ 03<\/p>\n<p class=\"titulo-porque\">Conductors<\/p>\n<p class=\"p-porque\">Conductors professionals experts tant en el coneixement de rutes com en seguretat vi\u00e0ria, que asseguren un servei d&#8217;alta qualitat per als nostres clients.<\/p>\n<p>[\/vc_column_text][vc_btn title=\u00bbVEURE FLOTA\u00bb style=\u00bboutline-custom\u00bb outline_custom_color=\u00bb#ffffff\u00bb outline_custom_hover_background=\u00bb#ffffff\u00bb outline_custom_hover_text=\u00bb#e22893&#8243; shape=\u00bbround\u00bb size=\u00bbsm\u00bb css=\u00bb.vc_custom_1786950791376{margin-left: 35px !important;}\u00bb link=\u00bburl:https%3A%2F%2Fbadabus.com%2Fca%2Fflota%2F|title:Veure%20flota%20d&#8217;autocars\u00bb][vc_empty_space][\/vc_column_inner][\/vc_row_inner][\/vc_column][\/vc_row][vc_row gap=\u00bb35&#8243; row_fullwidth=\u00bb1&#8243; css=\u00bb.vc_custom_1684322156353{margin-top: 0px !important;margin-bottom: 0px !important;padding-top: 70px !important;padding-bottom: 40px !important;padding-left: 39px !important;background-color: #ffffff !important;}\u00bb][vc_column width=\u00bb2\/3&#8243; offset=\u00bbvc_hidden-sm vc_hidden-xs\u00bb][vc_column_text css=\u00bb.vc_custom_1584377898693{margin-bottom: -10px !important;}\u00bb]<\/p>\n<p style=\"font-size: 50px; font-family: 'gotham-rounded'; text-align: left; color: #25a8ba; line-height: 1em;\"><strong>La teva companyia de confian\u00e7a<\/strong><\/p>\n<p>[\/vc_column_text][vc_column_text]<\/p>\n<p style=\"font-size: 20px; font-family: 'gotham-rounded'; text-align: left;\"><strong>Badabus \u00e9s una empresa familiar dedicada al transport de viatgers per carretera.<\/strong><\/p>\n<p>Empresa especialista en el lloguer d&#8217;autocars i minibusos. Ens avala l&#8217;experi\u00e8ncia de m\u00e9s de 25 anys en el sector de les persones que la dirigim.[\/vc_column_text][vc_btn title=\u00bbVols saber-ne m\u00e9s?\u00bb style=\u00bbgradient-custom\u00bb gradient_custom_color_1=\u00bb#25a6b9&#8243; gradient_custom_color_2=\u00bb#e22893&#8243; shape=\u00bbround\u00bb size=\u00bblg\u00bb align=\u00bbleft\u00bb css=\u00bb.vc_custom_1786950805328{padding-right: 3% !important;padding-left: 3% !important;}\u00bb link=\u00bburl:https%3A%2F%2Fbadabus.com%2Fca%2Fflota%2F\u00bb][\/vc_column][vc_column width=\u00bb1\/3&#8243; offset=\u00bbvc_hidden-sm vc_hidden-xs\u00bb][vc_column_text css=\u00bb\u00bb]<b style=\"text-align: left; font-size: 20px;\"><img loading=\"lazy\" decoding=\"async\" class=\"alignnone wp-image-1964\" src=\"https:\/\/badabus.com\/wp-content\/uploads\/flechas-badabus.jpg\" alt=\"\" width=\"45\" height=\"27\" \/> CONTACTE<\/b>[\/vc_column_text][vc_column_text css=\u00bb\u00bb]<\/p>\n<h3 style=\"text-align: left; font-size: 20px;\">Autocares Badabus<\/h3>\n<p>Adre\u00e7a: <a href=\"https:\/\/www.google.com\/maps\/place\/Autocares+Badabus\/@41.3518513,2.1340148,17z\/data=!3m1!4b1!4m6!3m5!1s0x12a498a57225f481:0x27ebbd8420ff8f5e!8m2!3d41.3518513!4d2.1340148!16s%2Fg%2F11fz9zb2tf?entry=ttu\" target=\"_blank\" rel=\"noopener noreferrer\">Carrer de la Metal\u00b7l\u00fargia, 51, 08908 Barcelona<\/a><br \/>\nCorreu electr\u00f2nic: <a href=\"mailto:info@badabus.com\">info@badabus.com<\/a><br \/>\n<img loading=\"lazy\" decoding=\"async\" class=\"size-full wp-image-2239 alignleft\" src=\"https:\/\/badabus.com\/wp-content\/uploads\/telefon-de-lloguer-autocars-badabus.jpg\" alt=\"tel\u00e8fon de lloguer autocars badabus\" width=\"341\" height=\"124\" \/>[\/vc_column_text][\/vc_column][\/vc_row][vc_row gap=\u00bb35&#8243; row_fullwidth=\u00bb1&#8243; css=\u00bb.vc_custom_1595256381018{margin-bottom: 0px !important;padding-top: 0px !important;padding-bottom: 15px !important;background-color: #ffffff !important;}\u00bb][vc_column width=\u00bb2\/3&#8243; offset=\u00bbvc_hidden-lg vc_hidden-md\u00bb css=\u00bb.vc_custom_1595256410887{margin-top: -100px !important;}\u00bb][vc_column_text css=\u00bb.vc_custom_1595254868036{margin-bottom: -10px !important;}\u00bb]<\/p>\n<p style=\"font-size: 25px; font-family: 'gotham-rounded'; text-align: left; color: #25a8ba; line-height: 1em;\"><strong>La teva companyia de confian\u00e7a<\/strong><\/p>\n<p>[\/vc_column_text][vc_column_text]<\/p>\n<p style=\"font-size: 20px; font-family: 'gotham-rounded'; text-align: left;\"><strong>Badabus \u00e9s una empresa familiar dedicada al transport de viatgers per carretera.<\/strong><\/p>\n<p>Empresa especialista en el lloguer d&#8217;autocars i minibusos. Ens avala l&#8217;experi\u00e8ncia de m\u00e9s de 25 anys en el sector de les persones que la dirigim.[\/vc_column_text][vc_btn title=\u00bbVols saber-ne m\u00e9s?\u00bb style=\u00bbgradient-custom\u00bb gradient_custom_color_1=\u00bb#25a6b9&#8243; gradient_custom_color_2=\u00bb#e22893&#8243; shape=\u00bbround\u00bb size=\u00bblg\u00bb align=\u00bbleft\u00bb css=\u00bb.vc_custom_1786950821688{padding-right: 3% !important;padding-left: 3% !important;}\u00bb link=\u00bburl:https%3A%2F%2Fbadabus.com%2Fca%2Fflota%2F|title:Flota\u00bb][\/vc_column][vc_column width=\u00bb1\/3&#8243; offset=\u00bbvc_hidden-lg vc_hidden-md\u00bb][vc_column_text css=\u00bb\u00bb]<b style=\"text-align: left; font-size: 20px;\"><img loading=\"lazy\" decoding=\"async\" class=\"alignnone wp-image-1964\" src=\"https:\/\/badabus.com\/wp-content\/uploads\/flechas-badabus.jpg\" alt=\"\" width=\"45\" height=\"27\" \/> CONTACTE<\/b>[\/vc_column_text][vc_column_text css=\u00bb\u00bb]<\/p>\n<h3 style=\"text-align: left; font-size: 20px;\">Autocares Badabus<\/h3>\n<p>Adre\u00e7a: <a href=\"https:\/\/www.google.com\/maps\/place\/Autocares+Badabus\/@41.3518513,2.1340148,17z\/data=!3m1!4b1!4m6!3m5!1s0x12a498a57225f481:0x27ebbd8420ff8f5e!8m2!3d41.3518513!4d2.1340148!16s%2Fg%2F11fz9zb2tf?entry=ttu\" target=\"_blank\" rel=\"noopener noreferrer\">C\/Plom, 28 \u2013 08038 (Barcelona)<\/a><br \/>\nCorreu electr\u00f2nic: <a href=\"mailto:info@badabus.com\">info@badabus.com<\/a><br \/>\n<img loading=\"lazy\" decoding=\"async\" class=\"size-full wp-image-2239 alignleft\" src=\"https:\/\/badabus.com\/wp-content\/uploads\/telefono-de-alquiler-autocares-badabus.jpg\" alt=\"telefono de alquiler autocares badabus\" width=\"341\" height=\"124\" srcset=\"https:\/\/badabus.com\/wp-content\/uploads\/telefono-de-alquiler-autocares-badabus.jpg 341w, https:\/\/badabus.com\/wp-content\/uploads\/telefono-de-alquiler-autocares-badabus-300x109.jpg 300w\" sizes=\"auto, (max-width: 341px) 100vw, 341px\" \/>[\/vc_column_text][\/vc_column][\/vc_row][vc_row css=\u00bb.vc_custom_1594969838619{margin-bottom: 25px !important;}\u00bb][vc_column][vc_column_text css=\u00bb\u00bb]<\/p>\n<h2>Autocars a Barcelona Badabus: connectem persones, connectem llocs.<\/h2>\n<p style=\"font-weight: 400;\">A Badabus oferim serveis de lloguer d&#8217;autocars i de minibusos a Barcelona. Comptem amb una \u00e0mplia flota de caracter\u00edstiques molt variades i places que van de 18 a 60. Comoditat, seguretat i professionalitat s&#8217;uneixen perqu\u00e8 el teu viatge sigui una experi\u00e8ncia inoblidable. Per alguna cosa som els primers en qui hauries de pensar si vols <a href=\"https:\/\/badabus.com\/ca\/lloguer-autocars-a-barcelona\/\">llogar un autocar a Barcelona<\/a>.<\/p>\n<h3 style=\"font-weight: 400;\">La nostra experi\u00e8ncia en el lloguer d&#8217;autocars a Barcelona al teu servei<\/h3>\n<p style=\"font-weight: 400;\">Badabus \u00e9s una empresa familiar amb m\u00e9s de 25 anys d&#8217;experi\u00e8ncia operant al sector del transport privat per carretera i dedicada al lloguer d&#8217;autocars i de minibusos. Ens agrada el que fem i, per aix\u00f2, cada dia hi posem tota la nostra passi\u00f3 i entusiasme per oferir els millors serveis als nostres passatgers.<\/p>\n<p style=\"font-weight: 400;\">Sigui quin sigui el tipus d&#8217;esdeveniment o activitat que far\u00e0s, tenim un vehicle que s&#8217;adapta a les teves necessitats. La nostra flota est\u00e0 formada per diversos autocars de lloguer, aix\u00ed com per <a href=\"https:\/\/badabus.com\/ca\/lloguer-de-minibus-barcelona\/\">minibusos<\/a> amb caracter\u00edstiques que difereixen entre si. Per exemple, en el nombre de places o el disseny interior, ja que a m\u00e9s dels models tradicionals posem a la teva disposici\u00f3 la nostra flota VIP. Si celebres per tot l&#8217;alt, la teva arribada tamb\u00e9 ha de ser espectacular!<\/p>\n<p style=\"font-weight: 400;\">I com aconseguim a Badabus que durant el viatge sentis que encara no has sortit de casa? Perqu\u00e8 pensem en tu i hi hem incl\u00f2s una s\u00e8rie de serveis que faran que no vulguis arribar a la teva destinaci\u00f3. Entre ells destaquen les butaques reclinables amb cap\u00e7al i reposabra\u00e7os en materials d&#8217;alta qualitat, aix\u00ed com un ampli espai entre elles perqu\u00e8 puguis moure&#8217;t c\u00f2modament; climatitzador programable i llums de lectura individuals; equips de v\u00eddeo i \u00e0udio per a l&#8217;entreteniment i nevera, entre molts altres.<\/p>\n<h3 style=\"font-weight: 400;\">Per qu\u00e8 triar Badabus per al lloguer d&#8217;autobusos?<\/h3>\n<p style=\"font-weight: 400;\">A Badabus pots optar per tres opcions diferents de vehicles: lloguer d&#8217;autocar amb conductor, lloguer de minib\u00fas amb conductor i, per descomptat, minibusos VIP. Sabem que no tots els esdeveniments s\u00f3n iguals, i per aix\u00f2 la nostra flota et permet triar el mitj\u00e0 de transport que compleixi les teves expectatives i que et proporcioni tot el confort que necessites.<\/p>\n<p style=\"font-weight: 400;\">Entre els nostres serveis de lloguer d&#8217;autocar hi incloem tota mena de viatges. Des dels destinats a celebracions m\u00e9s \u00edntimes, com ara casaments, bateigs o comiats de solter i soltera, fins als grans esdeveniments corporatius organitzats per empreses, aix\u00ed com excursions per a turistes de qualsevol proced\u00e8ncia. Transport escolar i de treballadors i fins i tot despla\u00e7aments de qualsevol entitat esportiva o cultural. I, per descomptat, t&#8217;oferim el<a href=\"https:\/\/badabus.com\/ca\/transfer-aeroport-barcelona\/\"> transfer a l&#8217;aeroport de Barcelona<\/a> m\u00e9s r\u00e0pid, c\u00f2mode i segur.<\/p>\n<p>[\/vc_column_text][vc_empty_space height=\u00bb30px\u00bb][vc_tta_accordion section_title_tag=\u00bbh2&#8243; color=\u00bbwhite\u00bb active_section=\u00bb1&#8243;][vc_tta_section title=\u00bbQuin preu t\u00e9 llogar un autocar o autob\u00fas a Barcelona?\u00bb tab_id=\u00bb1764068316557-79ee0471-877b\u00bb][vc_column_text css=\u00bb\u00bb]El cost de llogar un autocar o autob\u00fas a Barcelona pot variar segons factors com la data del servei, el nombre de passatgers, el recorregut, la durada del viatge i el tipus de vehicle sol\u00b7licitat. No hi ha una tarifa \u00fanica, ja que cada despla\u00e7ament t\u00e9 unes necessitats espec\u00edfiques: des de trasllats curts fins a rutes de dia complet o serveis especials. Per con\u00e8ixer l&#8217;import exacte, el m\u00e9s recomanable \u00e9s sol\u00b7licitar un pressupost indicant origen, destinaci\u00f3, horari i mida del grup. Amb aquesta informaci\u00f3 es prepara una tarifa personalitzada, transparent i adaptada a les caracter\u00edstiques reals del trajecte.[\/vc_column_text][\/vc_tta_section][vc_tta_section title=\u00bbCom se sol\u00b7licita un pressupost per a lloguer d&#8217;autocar o minib\u00fas?\u00bb tab_id=\u00bb1764068316574-314030d4-e84a\u00bb][vc_column_text css=\u00bb\u00bb]Demanar un pressupost \u00e9s molt senzill: nom\u00e9s cal omplir el formulari amb la informaci\u00f3 essencial del servei, com ara la data, el punt de recollida, la destinaci\u00f3, el nombre de passatgers i el tipus de vehicle desitjat. Amb aquestes dades es pot elaborar una proposta detallada que normalment s&#8217;envia en poques hores. Si el client necessita assessorament per triar l&#8217;autocar o el minib\u00fas m\u00e9s adequat, tamb\u00e9 pot rebre recomanacions per garantir que el vehicle s&#8217;ajusti al tipus de trasllat que vol fer.[\/vc_column_text][\/vc_tta_section][vc_tta_section title=\u00bbQu\u00e8 inclou exactament el servei de lloguer d&#8217;autocar?\u00bb tab_id=\u00bb1764068839576-8bfd4fa0-5049&#8243;][vc_column_text css=\u00bb\u00bb]El servei de lloguer d&#8217;autocar inclou un vehicle equipat per al transport de passatgers i un conductor professional encarregat de fer el trajecte amb total seguretat. Els autocars disposen de climatitzaci\u00f3, seients confortables, sistemes de seguretat i equipament pensat per oferir un viatge agradable. Segons el tipus de servei, el pressupost pot incorporar combustible, peatges i el temps previst d&#8217;\u00fas del vehicle. En cas de necessitar extres com ara hores addicionals, parades m\u00faltiples o serveis especials, aquests detalls sempre s&#8217;especifiquen clarament per evitar costos imprevistos.[\/vc_column_text][\/vc_tta_section][vc_tta_section title=\u00bbQuines capacitats i mides de vehicles hi ha disponibles?\u00bb tab_id=\u00bb1764068880149-745c9551-1279&#8243;][vc_column_text css=\u00bb\u00bb]La flota inclou vehicles de capacitats diferents per cobrir tant grups petits com grans. Comptem amb una \u00e0mplia flota de caracter\u00edstiques molt variades i places que van de 18 a 60. Es poden contractar minibusos per a despla\u00e7aments m\u00e9s redu\u00efts i autocars de m\u00e9s mida per a excursions nombroses, viatges escolars o esdeveniments corporatius. Aquesta varietat permet seleccionar el vehicle que millor encaixi amb el nombre de passatgers i amb el tipus de servei, garantint comoditat, efici\u00e8ncia i un cost ajustat a la mida del grup.[\/vc_column_text][\/vc_tta_section][vc_tta_section title=\u00bbHi ha autocars i minibusos adaptats per a persones amb mobilitat redu\u00efda?\u00bb tab_id=\u00bb1764068906260-4b69c8ef-c647&#8243;][vc_column_text css=\u00bb\u00bb]S\u00ed, hi ha disponibilitat de vehicles adaptats per a passatgers amb mobilitat redu\u00efda. Aquests models disposen de plataforma elevadora, espai reservat per a cadires de rodes i sistemes de fixaci\u00f3 que permeten viatjar de manera c\u00f2moda i segura. En sol\u00b7licitar el pressupost, nom\u00e9s cal indicar que es necessita un vehicle adaptat per assegurar que s&#8217;assigni l&#8217;opci\u00f3 correcta i que el trajecte es planifiqui adequadament.[\/vc_column_text][\/vc_tta_section][vc_tta_section title=\u00bbAmb quina antelaci\u00f3 \u00e9s recomanable reservar un autocar?\u00bb tab_id=\u00bb1764068934641-13f880ca-2931&#8243;][vc_column_text css=\u00bb\u00bb]El temps ideal per fer una reserva dep\u00e8n de la temporada i del tipus de despla\u00e7ament. Durant \u00e8poques d&#8217;alta demanda\u2014com ara excursions escolars, viatges de final de curs, esdeveniments empresarials o caps de setmana\u2014\u00e9s aconsellable reservar amb diverses setmanes d&#8217;antelaci\u00f3 per garantir-ne la disponibilitat. Tot i aix\u00f2, tamb\u00e9 es poden gestionar serveis urgents sempre que hi hagi vehicles lliures. Com abans es confirmi el servei, m\u00e9s f\u00e0cil ser\u00e0 assegurar l&#8217;autocar adequat en la data desitjada.[\/vc_column_text][\/vc_tta_section][vc_tta_section title=\u00bbQuin tipus de serveis es poden contractar amb la flota?\u00bb tab_id=\u00bb1764068965640-dbe8233e-0ff6&#8243;][vc_column_text css=\u00bb\u00bb]La flota permet contractar una \u00e0mplia varietat de serveis: transport escolar, trasllats corporatius, rutes per a empreses, excursions tur\u00edstiques, despla\u00e7aments esportius, casaments, celebracions familiars, transfers a l&#8217;aeroport i serveis privats a mida. Gr\u00e0cies a la versatilitat dels vehicles, es poden cobrir necessitats puntuals o recorreguts regulars, adaptant-se a qualsevol tipus de viatge en grup.[\/vc_column_text][\/vc_tta_section][vc_tta_section title=\u00bbEls autocars poden fer trajectes fora de Barcelona?\u00bb tab_id=\u00bb1764068992092-65796988-6bae\u00bb][vc_column_text css=\u00bb\u00bb]S\u00ed, els serveis no es limiten \u00fanicament a Barcelona. Es poden fer despla\u00e7aments per tot Catalunya, viatges de mitjana i llarga dist\u00e0ncia, excursions a altres comunitats aut\u00f2nomes i fins i tot rutes tur\u00edstiques planificades. Tamb\u00e9 s&#8217;ofereixen transfers a l&#8217;aeroport, sortides culturals, serveis per a esdeveniments i recorreguts personalitzats segons la ruta que el grup necessiti. En indicar origen, destinaci\u00f3 i dates, es prepara un servei completament adaptat a l&#8217;itinerari desitjat.[\/vc_column_text][\/vc_tta_section][\/vc_tta_accordion][\/vc_column][\/vc_row][vc_row row_fullwidth=\u00bb1&#8243; row_zero_column_space=\u00bb1&#8243; css=\u00bb.vc_custom_1525855960545{margin-top: 0px !important;margin-right: 0px !important;margin-bottom: 0px !important;margin-left: 0px !important;padding-top: 0px !important;padding-right: 0px !important;padding-bottom: 0px !important;padding-left: 0px !important;background-color: #303033 !important;}\u00bb][vc_column width=\u00bb1\/2&#8243; css=\u00bb.vc_custom_1525855742551{margin-top: -30px !important;}\u00bb][vc_single_image image=\u00bb15747&#8243; img_size=\u00bbfull\u00bb css=\u00bb\u00bb][\/vc_column][vc_column width=\u00bb1\/4&#8243; offset=\u00bbvc_hidden-xs\u00bb][vc_single_image image=\u00bb15755&#8243; img_size=\u00bbfull\u00bb css=\u00bb.vc_custom_1787139407083{padding-top: 10px !important;}\u00bb][\/vc_column][vc_column width=\u00bb1\/4&#8243; offset=\u00bbvc_hidden-xs\u00bb][vc_btn title=\u00bbDEMANAR PRESSUPOST\u00bb style=\u00bbgradient-custom\u00bb gradient_custom_color_1=\u00bb#25a6b9&#8243; gradient_custom_color_2=\u00bb#e22893&#8243; shape=\u00bbround\u00bb size=\u00bblg\u00bb align=\u00bbleft\u00bb css=\u00bb.vc_custom_1787732348748{padding-top: 20px !important;}\u00bb link=\u00bburl:https%3A%2F%2Fbadabus.com%2Fca%2Fpressupost-lloguer-dautobusos%2F\u00bb][\/vc_column][\/vc_row][vc_row][vc_column][vc_raw_html css=\u00bb\u00bb]PHNjcmlwdCB0eXBlPSJhcHBsaWNhdGlvbi9sZCtqc29uIj4KewogICJAY29udGV4dCI6ICJodHRwczovL3NjaGVtYS5vcmciLAogICJAdHlwZSI6ICJGQVFQYWdlIiwKICAibWFpbkVudGl0eSI6IFt7CiAgICAiQHR5cGUiOiAiUXVlc3Rpb24iLAogICAgIm5hbWUiOiAiUXVpbiBwcmV1IHTDqSBsbG9nYXIgdW4gYXV0b2NhciBvIGF1dG9iw7pzIGEgQmFyY2Vsb25hPyIsCiAgICAiYWNjZXB0ZWRBbnN3ZXIiOiB7CiAgICAgICJAdHlwZSI6ICJBbnN3ZXIiLAogICAgICAidGV4dCI6ICJFbCBjb3N0IGRlIGxsb2dhciB1biBhdXRvY2FyIG8gYXV0b2LDunMgYSBCYXJjZWxvbmEgcG90IHZhcmlhciBzZWdvbnMgZmFjdG9ycyBjb20gbGEgZGF0YSBkZWwgc2VydmVpLCBlbCBub21icmUgZGUgcGFzc2F0Z2VycywgZWwgcmVjb3JyZWd1dCwgbGEgZHVyYWRhIGRlbCB2aWF0Z2UgaSBlbCB0aXB1cyBkZSB2ZWhpY2xlIHNvbMK3bGljaXRhdC4gTm8gaGkgaGEgdW5hIHRhcmlmYSDDum5pY2EsIGphIHF1ZSBjYWRhIGRlc3BsYcOnYW1lbnQgdMOpIHVuZXMgbmVjZXNzaXRhdHMgZXNwZWPDrWZpcXVlczogZGVzIGRlIHRyYXNsbGF0cyBjdXJ0cyBmaW5zIGEgcnV0ZXMgZGUgZGlhIGNvbXBsZXQgbyBzZXJ2ZWlzIGVzcGVjaWFscy4gUGVyIGNvbsOoaXhlciBsJ2ltcG9ydCBleGFjdGUsIGVsIG3DqXMgcmVjb21hbmFibGUgw6lzIHNvbMK3bGljaXRhciB1biBwcmVzc3Vwb3N0IGluZGljYW50IG9yaWdlbiwgZGVzdGluYWNpw7MsIGhvcmFyaSBpIG1pZGEgZGVsIGdydXAuIEFtYiBhcXVlc3RhIGluZm9ybWFjacOzIGVzIHByZXBhcmEgdW5hIHRhcmlmYSBwZXJzb25hbGl0emFkYSwgdHJhbnNwYXJlbnQgaSBhZGFwdGFkYSBhIGxlcyBjYXJhY3RlcsOtc3RpcXVlcyByZWFscyBkZWwgdHJhamVjdGUuIgogICAgfQogIH0sewogICAgIkB0eXBlIjogIlF1ZXN0aW9uIiwKICAgICJuYW1lIjogIkNvbSBzZSBzb2zCt2xpY2l0YSB1biBwcmVzc3Vwb3N0IHBlciBhIGxsb2d1ZXIgZCdhdXRvY2FyIG8gbWluaWLDunM\/IiwKICAgICJhY2NlcHRlZEFuc3dlciI6IHsKICAgICAgIkB0eXBlIjogIkFuc3dlciIsCiAgICAgICJ0ZXh0IjogIkRlbWFuYXIgdW4gcHJlc3N1cG9zdCDDqXMgbW9sdCBzZW56aWxsOiBub23DqXMgY2FsIG9tcGxpciBlbCBmb3JtdWxhcmkgYW1iIGxhIGluZm9ybWFjacOzIGVzc2VuY2lhbCBkZWwgc2VydmVpLCBjb20gYXJhIGxhIGRhdGEsIGVsIHB1bnQgZGUgcmVjb2xsaWRhLCBsYSBkZXN0aW5hY2nDsywgZWwgbm9tYnJlIGRlIHBhc3NhdGdlcnMgaSBlbCB0aXB1cyBkZSB2ZWhpY2xlIGRlc2l0amF0LiBBbWIgYXF1ZXN0ZXMgZGFkZXMgZXMgcG90IGVsYWJvcmFyIHVuYSBwcm9wb3N0YSBkZXRhbGxhZGEgcXVlIG5vcm1hbG1lbnQgcydlbnZpYSBlbiBwb3F1ZXMgaG9yZXMuIFNpIGVsIGNsaWVudCBuZWNlc3NpdGEgYXNzZXNzb3JhbWVudCBwZXIgdHJpYXIgbCdhdXRvY2FyIG8gZWwgbWluaWLDunMgbcOpcyBhZGVxdWF0LCB0YW1iw6kgcG90IHJlYnJlIHJlY29tYW5hY2lvbnMgcGVyIGdhcmFudGlyIHF1ZSBlbCB2ZWhpY2xlIHMnYWp1c3RpIGFsIHRpcHVzIGRlIHRyYXNsbGF0IHF1ZSB2b2wgZmVyLiIKICAgIH0KICB9LHsKICAgICJAdHlwZSI6ICJRdWVzdGlvbiIsCiAgICAibmFtZSI6ICJRdcOoIGluY2xvdSBleGFjdGFtZW50IGVsIHNlcnZlaSBkZSBsbG9ndWVyIGQnYXV0b2Nhcj8iLAogICAgImFjY2VwdGVkQW5zd2VyIjogewogICAgICAiQHR5cGUiOiAiQW5zd2VyIiwKICAgICAgInRleHQiOiAiRWwgc2VydmVpIGRlIGxsb2d1ZXIgZCdhdXRvY2FyIGluY2xvdSB1biB2ZWhpY2xlIGVxdWlwYXQgcGVyIGFsIHRyYW5zcG9ydCBkZSBwYXNzYXRnZXJzIGkgdW4gY29uZHVjdG9yIHByb2Zlc3Npb25hbCBlbmNhcnJlZ2F0IGRlIGZlciBlbCB0cmFqZWN0ZSBhbWIgdG90YWwgc2VndXJldGF0LiBFbHMgYXV0b2NhcnMgZGlzcG9zZW4gZGUgY2xpbWF0aXR6YWNpw7MsIHNlaWVudHMgY29uZm9ydGFibGVzLCBzaXN0ZW1lcyBkZSBzZWd1cmV0YXQgaSBlcXVpcGFtZW50IHBlbnNhdCBwZXIgb2ZlcmlyIHVuIHZpYXRnZSBhZ3JhZGFibGUuIFNlZ29ucyBlbCB0aXB1cyBkZSBzZXJ2ZWksIGVsIHByZXNzdXBvc3QgcG90IGluY29ycG9yYXIgY29tYnVzdGlibGUsIHBlYXRnZXMgaSBlbCB0ZW1wcyBwcmV2aXN0IGQnw7pzIGRlbCB2ZWhpY2xlLiBFbiBjYXMgZGUgbmVjZXNzaXRhciBleHRyZXMgY29tIGFyYSBob3JlcyBhZGRpY2lvbmFscywgcGFyYWRlcyBtw7psdGlwbGVzIG8gc2VydmVpcyBlc3BlY2lhbHMsIGFxdWVzdHMgZGV0YWxscyBzZW1wcmUgcydlc3BlY2lmaXF1ZW4gY2xhcmFtZW50IHBlciBldml0YXIgY29zdG9zIGltcHJldmlzdG9zLiIKICAgIH0KICB9LHsKICAgICJAdHlwZSI6ICJRdWVzdGlvbiIsCiAgICAibmFtZSI6ICJRdWluZXMgY2FwYWNpdGF0cyBpIG1pZGVzIGRlIHZlaGljbGVzIGhpIGhhIGRpc3BvbmlibGVzPyIsCiAgICAiYWNjZXB0ZWRBbnN3ZXIiOiB7CiAgICAgICJAdHlwZSI6ICJBbnN3ZXIiLAogICAgICAidGV4dCI6ICJMYSBmbG90YSBpbmNsb3UgdmVoaWNsZXMgZGUgY2FwYWNpdGF0cyBkaWZlcmVudHMgcGVyIGNvYnJpciB0YW50IGdydXBzIHBldGl0cyBjb20gZ3JhbnMuIENvbXB0ZW0gYW1iIHVuYSDDoG1wbGlhIGZsb3RhIGRlIGNhcmFjdGVyw61zdGlxdWVzIG1vbHQgdmFyaWFkZXMgaSBwbGFjZXMgcXVlIHZhbiBkZSAxOCBhIDYwLiBFcyBwb2RlbiBjb250cmFjdGFyIG1pbmlidXNvcyBwZXIgYSBkZXNwbGHDp2FtZW50cyBtw6lzIHJlZHXDr3RzIGkgYXV0b2NhcnMgZGUgbcOpcyBtaWRhIHBlciBhIGV4Y3Vyc2lvbnMgbm9tYnJvc2VzLCB2aWF0Z2VzIGVzY29sYXJzIG8gZXNkZXZlbmltZW50cyBjb3Jwb3JhdGl1cy4gQXF1ZXN0YSB2YXJpZXRhdCBwZXJtZXQgc2VsZWNjaW9uYXIgZWwgdmVoaWNsZSBxdWUgbWlsbG9yIGVuY2FpeGkgYW1iIGVsIG5vbWJyZSBkZSBwYXNzYXRnZXJzIGkgYW1iIGVsIHRpcHVzIGRlIHNlcnZlaSwgZ2FyYW50aW50IGNvbW9kaXRhdCwgZWZpY2nDqG5jaWEgaSB1biBjb3N0IGFqdXN0YXQgYSBsYSBtaWRhIGRlbCBncnVwLiIKICAgIH0KICB9LHsKICAgICJAdHlwZSI6ICJRdWVzdGlvbiIsCiAgICAibmFtZSI6ICJIaSBoYSBhdXRvY2FycyBpIG1pbmlidXNvcyBhZGFwdGF0cyBwZXIgYSBwZXJzb25lcyBhbWIgbW9iaWxpdGF0IHJlZHXDr2RhPyIsCiAgICAiYWNjZXB0ZWRBbnN3ZXIiOiB7CiAgICAgICJAdHlwZSI6ICJBbnN3ZXIiLAogICAgICAidGV4dCI6ICJTw60sIGhpIGhhIGRpc3BvbmliaWxpdGF0IGRlIHZlaGljbGVzIGFkYXB0YXRzIHBlciBhIHBhc3NhdGdlcnMgYW1iIG1vYmlsaXRhdCByZWR1w69kYS4gQXF1ZXN0cyBtb2RlbHMgZGlzcG9zZW4gZGUgcGxhdGFmb3JtYSBlbGV2YWRvcmEsIGVzcGFpIHJlc2VydmF0IHBlciBhIGNhZGlyZXMgZGUgcm9kZXMgaSBzaXN0ZW1lcyBkZSBmaXhhY2nDsyBxdWUgcGVybWV0ZW4gdmlhdGphciBkZSBtYW5lcmEgY8OybW9kYSBpIHNlZ3VyYS4gRW4gc29swrdsaWNpdGFyIGVsIHByZXNzdXBvc3QsIG5vbcOpcyBjYWwgaW5kaWNhciBxdWUgZXMgbmVjZXNzaXRhIHVuIHZlaGljbGUgYWRhcHRhdCBwZXIgYXNzZWd1cmFyIHF1ZSBzJ2Fzc2lnbmkgbCdvcGNpw7MgY29ycmVjdGEgaSBxdWUgZWwgdHJhamVjdGUgZXMgcGxhbmlmaXF1aSBhZGVxdWFkYW1lbnQuIgogICAgfQogIH0sewogICAgIkB0eXBlIjogIlF1ZXN0aW9uIiwKICAgICJuYW1lIjogIkFtYiBxdWluYSBhbnRlbGFjacOzIMOpcyByZWNvbWFuYWJsZSByZXNlcnZhciB1biBhdXRvY2FyPyIsCiAgICAiYWNjZXB0ZWRBbnN3ZXIiOiB7CiAgICAgICJAdHlwZSI6ICJBbnN3ZXIiLAogICAgICAidGV4dCI6ICJFbCB0ZW1wcyBpZGVhbCBwZXIgZmVyIHVuYSByZXNlcnZhIGRlcMOobiBkZSBsYSB0ZW1wb3JhZGEgaSBkZWwgdGlwdXMgZGUgZGVzcGxhw6dhbWVudC4gRHVyYW50IMOocG9xdWVzIGQnYWx0YSBkZW1hbmRh4oCUY29tIGFyYSBleGN1cnNpb25zIGVzY29sYXJzLCB2aWF0Z2VzIGRlIGZpbmFsIGRlIGN1cnMsIGVzZGV2ZW5pbWVudHMgZW1wcmVzYXJpYWxzIG8gY2FwcyBkZSBzZXRtYW5h4oCUw6lzIGFjb25zZWxsYWJsZSByZXNlcnZhciBhbWIgZGl2ZXJzZXMgc2V0bWFuZXMgZCdhbnRlbGFjacOzIHBlciBnYXJhbnRpci1uZSBsYSBkaXNwb25pYmlsaXRhdC4gVG90IGkgYWl4w7IsIHRhbWLDqSBlcyBwb2RlbiBnZXN0aW9uYXIgc2VydmVpcyB1cmdlbnRzIHNlbXByZSBxdWUgaGkgaGFnaSB2ZWhpY2xlcyBsbGl1cmVzLiBDb20gYWJhbnMgZXMgY29uZmlybWkgZWwgc2VydmVpLCBtw6lzIGbDoGNpbCBzZXLDoCBhc3NlZ3VyYXIgbCdhdXRvY2FyIGFkZXF1YXQgZW4gbGEgZGF0YSBkZXNpdGphZGEuIgogICAgfQogIH0sewogICAgIkB0eXBlIjogIlF1ZXN0aW9uIiwKICAgICJuYW1lIjogIlF1aW4gdGlwdXMgZGUgc2VydmVpcyBlcyBwb2RlbiBjb250cmFjdGFyIGFtYiBsYSBmbG90YT8iLAogICAgImFjY2VwdGVkQW5zd2VyIjogewogICAgICAiQHR5cGUiOiAiQW5zd2VyIiwKICAgICAgInRleHQiOiAiTGEgZmxvdGEgcGVybWV0IGNvbnRyYWN0YXIgdW5hIMOgbXBsaWEgdmFyaWV0YXQgZGUgc2VydmVpczogdHJhbnNwb3J0IGVzY29sYXIsIHRyYXNsbGF0cyBjb3Jwb3JhdGl1cywgcnV0ZXMgcGVyIGEgZW1wcmVzZXMsIGV4Y3Vyc2lvbnMgdHVyw61zdGlxdWVzLCBkZXNwbGHDp2FtZW50cyBlc3BvcnRpdXMsIGNhc2FtZW50cywgY2VsZWJyYWNpb25zIGZhbWlsaWFycywgdHJhbnNmZXJzIGEgbCdhZXJvcG9ydCBpIHNlcnZlaXMgcHJpdmF0cyBhIG1pZGEuIEdyw6BjaWVzIGEgbGEgdmVyc2F0aWxpdGF0IGRlbHMgdmVoaWNsZXMsIGVzIHBvZGVuIGNvYnJpciBuZWNlc3NpdGF0cyBwdW50dWFscyBvIHJlY29ycmVndXRzIHJlZ3VsYXJzLCBhZGFwdGFudC1zZSBhIHF1YWxzZXZvbCB0aXB1cyBkZSB2aWF0Z2UgZW4gZ3J1cC4iCiAgICB9CiAgfSx7CiAgICAiQHR5cGUiOiAiUXVlc3Rpb24iLAogICAgIm5hbWUiOiAiRWxzIGF1dG9jYXJzIHBvZGVuIGZlciB0cmFqZWN0ZXMgZm9yYSBkZSBCYXJjZWxvbmE\/IiwKICAgICJhY2NlcHRlZEFuc3dlciI6IHsKICAgICAgIkB0eXBlIjogIkFuc3dlciIsCiAgICAgICJ0ZXh0IjogIlPDrSwgZWxzIHNlcnZlaXMgbm8gZXMgbGltaXRlbiDDum5pY2FtZW50IGEgQmFyY2Vsb25hLiBFcyBwb2RlbiBmZXIgZGVzcGxhw6dhbWVudHMgcGVyIHRvdCBDYXRhbHVueWEsIHZpYXRnZXMgZGUgbWl0amFuYSBpIGxsYXJnYSBkaXN0w6BuY2lhLCBleGN1cnNpb25zIGEgYWx0cmVzIGNvbXVuaXRhdHMgYXV0w7Jub21lcyBpIGZpbnMgaSB0b3QgcnV0ZXMgdHVyw61zdGlxdWVzIHBsYW5pZmljYWRlcy4gVGFtYsOpIHMnb2ZlcmVpeGVuIHRyYW5zZmVycyBhIGwnYWVyb3BvcnQsIHNvcnRpZGVzIGN1bHR1cmFscywgc2VydmVpcyBwZXIgYSBlc2RldmVuaW1lbnRzIGkgcmVjb3JyZWd1dHMgcGVyc29uYWxpdHphdHMgc2Vnb25zIGxhIHJ1dGEgcXVlIGVsIGdydXAgbmVjZXNzaXRpLiBFbiBpbmRpY2FyIG9yaWdlbiwgZGVzdGluYWNpw7MgaSBkYXRlcywgZXMgcHJlcGFyYSB1biBzZXJ2ZWkgY29tcGxldGFtZW50IGFkYXB0YXQgYSBsJ2l0aW5lcmFyaSBkZXNpdGphdC4iCiAgICB9CiAgfV0KfQo8L3NjcmlwdD4=[\/vc_raw_html][\/vc_column][\/vc_row]<\/p>\n<\/div>","protected":false},"excerpt":{"rendered":"<p>[vc_row row_fullwidth=\u00bb1&#8243; row_zero_column_space=\u00bb1&#8243; css=\u00bb.vc_custom_1461073450203{margin-top: 0px !important;margin-right: 0px !important;margin-bottom: 0px !important;margin-left: 0px !important;padding-top: 0px !important;padding-right: 0px !important;padding-bottom: 0px !important;padding-left: 0px !important;}\u00bb][vc_column offset=\u00bbvc_hidden-sm vc_hidden-xs\u00bb][rev_slider_vc alias=\u00bbbadabus-1&#8243; el_class=\u00bbno-bottom-margin\u00bb][\/vc_column][\/vc_row][vc_row gap=\u00bb5&#8243; row_fullwidth=\u00bb1&#8243; css=\u00bb.vc_custom_1684321545730{margin-top: 0px !important;margin-bottom: 0px [&hellip;]<\/p>\n","protected":false},"author":1,"featured_media":0,"parent":0,"menu_order":0,"comment_status":"closed","ping_status":"closed","template":"","meta":{"footnotes":""},"class_list":["post-15268","page","type-page","status-publish","hentry"],"_links":{"self":[{"href":"https:\/\/badabus.com\/ca\/wp-json\/wp\/v2\/pages\/15268","targetHints":{"allow":["GET"]}}],"collection":[{"href":"https:\/\/badabus.com\/ca\/wp-json\/wp\/v2\/pages"}],"about":[{"href":"https:\/\/badabus.com\/ca\/wp-json\/wp\/v2\/types\/page"}],"author":[{"embeddable":true,"href":"https:\/\/badabus.com\/ca\/wp-json\/wp\/v2\/users\/1"}],"replies":[{"embeddable":true,"href":"https:\/\/badabus.com\/ca\/wp-json\/wp\/v2\/comments?post=15268"}],"version-history":[{"count":10,"href":"https:\/\/badabus.com\/ca\/wp-json\/wp\/v2\/pages\/15268\/revisions"}],"predecessor-version":[{"id":16017,"href":"https:\/\/badabus.com\/ca\/wp-json\/wp\/v2\/pages\/15268\/revisions\/16017"}],"wp:attachment":[{"href":"https:\/\/badabus.com\/ca\/wp-json\/wp\/v2\/media?parent=15268"}],"curies":[{"name":"wp","href":"https:\/\/api.w.org\/{rel}","templated":true}]}}