{"id":15171,"date":"2026-08-19T13:43:48","date_gmt":"2026-08-19T11:43:48","guid":{"rendered":"https:\/\/badabus.com\/?page_id=15171"},"modified":"2026-08-31T12:13:06","modified_gmt":"2026-08-31T10:13:06","slug":"rutes-escolars","status":"publish","type":"page","link":"https:\/\/badabus.com\/ca\/transport-escolar\/rutes-escolars\/","title":{"rendered":"RUTES ESCOLARS CAT"},"content":{"rendered":"<div class=\"wpb-content-wrapper\"><p>[vc_row equal_height=\u00bbyes\u00bb content_placement=\u00bbmiddle\u00bb row_fullwidth=\u00bb1&#8243; el_class=\u00bbfirst-section-new-landing\u00bb css=\u00bb.vc_custom_1627573173977{margin-bottom: 20px !important;background-image: url(https:\/\/badabus.com\/wp-content\/uploads\/Untitled-design-5.png?id=7282) !important;background-position: center !important;background-repeat: no-repeat !important;background-size: cover !important;}\u00bb video_overlay_color=\u00bbrgba(60,171,188,0.88)\u00bb][vc_column css_animation=\u00bbleft-to-right\u00bb width=\u00bb1\/2&#8243; css=\u00bb.vc_custom_1627492801417{margin-top: 15px !important;margin-bottom: 125px !important;border-radius: 10px !important;}\u00bb][vc_column_text css=\u00bb.vc_custom_1718957046002{padding-right: 30px !important;padding-left: 40px !important;}\u00bb el_class=\u00bbtitle-header-new\u00bb]<\/p>\n<p class=\"estilo-linea-cuatro\">RUTES ESCOLARS<\/p>\n<p>[\/vc_column_text][vc_column_text css=\u00bb.vc_custom_1627486832179{padding-right: 30px !important;padding-left: 40px !important;}\u00bb]<strong><span style=\"font-size: 14pt; color: #ffffff;\">A Badabus tenim una gran experi\u00e8ncia en el transport escolar. Oferim el servei de rutes escolars segons les necessitats de cada escola.<\/span><\/strong><\/p>\n<p><strong><span style=\"font-size: 14pt; color: #ffffff;\">Entenem la import\u00e0ncia de tenir una relaci\u00f3 de confian\u00e7a amb l&#8217;empresa de rutes escolars dels infants que estan sota la teva responsabilitat. Per aix\u00f2 ens comprometem a oferir un servei segur, de qualitat i amb transpar\u00e8ncia.<\/span><\/strong>[\/vc_column_text][vc_btn title=\u00bbVULL SABER-NE M\u00c9S\u00bb style=\u00bbcustom\u00bb custom_background=\u00bb#e22893&#8243; custom_text=\u00bb#ffffff\u00bb shape=\u00bbround\u00bb size=\u00bblg\u00bb css=\u00bb.vc_custom_1786969966304{padding-right: 30px !important;padding-left: 40px !important;}\u00bb el_class=\u00bb.btn-new-landing\u00bb link=\u00bburl:https%3A%2F%2Fbadabus.com%2Fca%2Ftransport-escolar%2F\u00bb][vc_raw_html css=\u00bb\u00bb]PHNjcmlwdCB0eXBlPSJhcHBsaWNhdGlvbi9sZCtqc29uIj4KewogICJAY29udGV4dCI6ICJodHRwczovL3NjaGVtYS5vcmciLAogICJAdHlwZSI6ICJGQVFQYWdlIiwKICAibWFpbkVudGl0eSI6IFt7CiAgICAiQHR5cGUiOiAiUXVlc3Rpb24iLAogICAgIm5hbWUiOiAiUmVjb2xsaXUgZWxzIGluZmFudHMgZGVzIGQnYWxndW4gcHVudCBlbiBjb25jcmV0PyIsCiAgICAiYWNjZXB0ZWRBbnN3ZXIiOiB7CiAgICAgICJAdHlwZSI6ICJBbnN3ZXIiLAogICAgICAidGV4dCI6ICJTZWdvbnMgZWxzIGluZmFudHMgcXVlIGZhcmFuIHNlcnZpciBsZXMgcnV0ZXMgZXNjb2xhcnMgaSBvbiB2aXVlbiwgZXMgZGVmaW5laXhlbiBjb25qdW50YW1lbnQgYW1iIGwnZXNjb2xhIGxlcyBwYXJhZGVzIG3DqXMgcHJvcGVyZXMgYSBjYWRhc2N1biBkJ2VsbHMuIgogICAgfQogIH0sewogICAgIkB0eXBlIjogIlF1ZXN0aW9uIiwKICAgICJuYW1lIjogIkNvbSBlcyBwb3QgY29udHJhY3RhciBlbCBzZXJ2ZWkgZGUgcnV0ZXMgZXNjb2xhcnM\/IiwKICAgICJhY2NlcHRlZEFuc3dlciI6IHsKICAgICAgIkB0eXBlIjogIkFuc3dlciIsCiAgICAgICJ0ZXh0IjogIsOJcyBsJ2VzY29sYSBxdWkgcydoYSBkZSBwb3NhciBlbiBjb250YWN0ZSBhbWIgbm9zYWx0cmVzIGksIHVuIGNvcCBkZWZpbmlkZXMgbGVzIHJ1dGVzLCBjYWRhIGZhbcOtbGlhIHNlZ3VpcsOgIGwnb3BlcmF0aXZhIHF1ZSBkZWNpZGVpeGkgbCdlc2NvbGEgcGVyIGNvbnRyYWN0YXIgbGEgcnV0YSBlc2NvbGFyLiIKICAgIH0KICB9LHsKICAgICJAdHlwZSI6ICJRdWVzdGlvbiIsCiAgICAibmFtZSI6ICJFbHMgaW5mYW50cyB2YW4gYWNvbXBhbnlhdHM\/IiwKICAgICJhY2NlcHRlZEFuc3dlciI6IHsKICAgICAgIkB0eXBlIjogIkFuc3dlciIsCiAgICAgICJ0ZXh0IjogIkEgbGVzIHJ1dGVzIGVzY29sYXJzIHNlbXByZSBoaSB2YSB1biBtb25pdG9yIG8gbW9uaXRvcmEgYWNvbXBhbnlhbnQgZGlucyBkZWwgdmVoaWNsZS4iCiAgICB9CiAgfV0KfQo8L3NjcmlwdD4K[\/vc_raw_html][\/vc_column][\/vc_row][vc_row row_fullwidth=\u00bb1&#8243; css=\u00bb.vc_custom_1627661679820{margin-top: 50px !important;margin-bottom: 20px !important;}\u00bb][vc_column][vc_column_text css=\u00bb\u00bb el_class=\u00bbtitle-header-new\u00bb]<\/p>\n<h1 class=\"h1-servicios\">Lloguer d&#8217;autocar per a rutes escolars<\/h1>\n<h2 class=\"h2-servicios-uno\"><img loading=\"lazy\" decoding=\"async\" class=\"alignnone wp-image-1962\" src=\"https:\/\/badabus.com\/wp-content\/uploads\/flechas-300x193.png\" alt=\"Contacto Alquiler Minibus Barcelona\" width=\"56\" height=\"36\" srcset=\"https:\/\/badabus.com\/wp-content\/uploads\/flechas-300x193.png 300w, https:\/\/badabus.com\/wp-content\/uploads\/flechas.png 302w\" sizes=\"auto, (max-width: 56px) 100vw, 56px\" \/>LA NOSTRA FLOTA PER A RUTES ESCOLARS<\/h2>\n<p>[\/vc_column_text][vc_column_text css=\u00bb.vc_custom_1627654695465{margin-right: 15% !important;margin-left: 15% !important;}\u00bb]<\/p>\n<p style=\"text-align: center;\"><span style=\"font-size: 16pt; color: #303033;\">La nostra flota est\u00e0 formada per autocars i minibusos amb capacitats diferents; concretament, de 19 a 70 places. Aix\u00ed doncs, en funci\u00f3 del nombre de passatgers que necessitis portar, triarem el vehicle o els vehicles que s&#8217;ajustin a les teves necessitats.<\/span><\/p>\n<p>[\/vc_column_text][\/vc_column][\/vc_row][vc_row gap=\u00bb25&#8243; row_fullwidth=\u00bb1&#8243; css=\u00bb.vc_custom_1629875957431{margin-bottom: 50px !important;}\u00bb][vc_column width=\u00bb1\/3&#8243;][vc_single_image image=\u00bb15188&#8243; img_size=\u00bbfull\u00bb][\/vc_column][vc_column width=\u00bb1\/3&#8243;][vc_single_image image=\u00bb15189&#8243; img_size=\u00bbfull\u00bb][\/vc_column][vc_column width=\u00bb1\/3&#8243;][vc_single_image image=\u00bb15186&#8243; img_size=\u00bbfull\u00bb][\/vc_column][\/vc_row][vc_row css=\u00bb.vc_custom_1627500466838{margin-top: 0px !important;background-color: #25a6b9 !important;}\u00bb][vc_column css=\u00bb.vc_custom_1625606559505{margin-bottom: 50px !important;}\u00bb][vc_column_text css=\u00bb.vc_custom_1719306021555{margin-top: 65px !important;}\u00bb el_class=\u00bbtitle-header-new\u00bb]<\/p>\n<p class=\"h2-servicios-dos\">QU\u00c8 T&#8217;OFERIM?<\/p>\n<p>[\/vc_column_text][vc_column_text]<\/p>\n<p style=\"text-align: center;\"><span style=\"font-size: 14pt; color: #ffffff;\">Independentment de la seva mida o del trajecte que vulguis fer, tots tenen les caracter\u00edstiques seg\u00fcents:<\/span><\/p>\n<p>[\/vc_column_text][\/vc_column][\/vc_row][vc_row row_fullwidth=\u00bb1&#8243; css=\u00bb.vc_custom_1753704332646{margin-top: 0px !important;padding-right: 5% !important;padding-left: 5% !important;background-color: #25a6b9 !important;}\u00bb][vc_column css_animation=\u00bbleft-to-right\u00bb width=\u00bb1\/3&#8243; el_class=\u00bbicon-text-new-landing\u00bb][vc_row_inner css=\u00bb.vc_custom_1625588188487{padding-left: 5px !important;}\u00bb][vc_column_inner width=\u00bb1\/4&#8243;][vc_icon icon_fontawesome=\u00bbfas fa-bus\u00bb color=\u00bbwhite\u00bb background_style=\u00bbrounded\u00bb background_color=\u00bbcustom\u00bb css=\u00bb.vc_custom_1627578106337{padding-right: 10px !important;}\u00bb custom_background_color=\u00bb#e22893&#8243;][\/vc_column_inner][vc_column_inner width=\u00bb3\/4&#8243;][vc_column_text]<span style=\"font-family: gotham-rounded; font-size: 22pt; color: #ffffff;\"><strong>EQUIPAMENT DE QUALITAT<\/strong><\/span><\/p>\n<p style=\"text-align: justify;\"><span style=\"font-size: 16pt; color: #ffffff;\">La nostra flota d&#8217;autobusos de rutes escolars t\u00e9 cinturons de seguretat a cada seient per garantir la seguretat dels alumnes durant tot el viatge.<\/span><\/p>\n<p>[\/vc_column_text][\/vc_column_inner][\/vc_row_inner][vc_row_inner css=\u00bb.vc_custom_1625588188487{padding-left: 5px !important;}\u00bb][vc_column_inner width=\u00bb1\/4&#8243;][vc_icon icon_fontawesome=\u00bbfas fa-shield-alt\u00bb color=\u00bbwhite\u00bb background_style=\u00bbrounded\u00bb background_color=\u00bbcustom\u00bb css=\u00bb.vc_custom_1627578064871{margin-bottom: 50px !important;padding-right: 10px !important;}\u00bb custom_background_color=\u00bb#e22893&#8243;][\/vc_column_inner][vc_column_inner width=\u00bb3\/4&#8243;][vc_column_text]<span style=\"font-family: gotham-rounded; font-size: 22pt; color: #ffffff;\"><strong>MESURES DE PREVENCI\u00d3<\/strong><\/span><\/p>\n<p style=\"text-align: justify;\"><span style=\"font-size: 16pt; color: #ffffff;\">Tots els nostres vehicles de rutes escolars se sotmeten a revisions regulars i a controls exhaustius per assegurar que no es produeixin imprevistos a la carretera.<\/span><\/p>\n<p>[\/vc_column_text][\/vc_column_inner][\/vc_row_inner][\/vc_column][vc_column css_animation=\u00bbbottom-to-top\u00bb width=\u00bb1\/3&#8243; css=\u00bb.vc_custom_1629885464555{margin-left: 25px !important;}\u00bb offset=\u00bbvc_hidden-sm vc_hidden-xs\u00bb][vc_single_image image=\u00bb15200&#8243; img_size=\u00bbfull\u00bb alignment=\u00bbcenter\u00bb css=\u00bb\u00bb][\/vc_column][vc_column css_animation=\u00bbright-to-left\u00bb width=\u00bb1\/3&#8243; el_class=\u00bbicon-text-new-landing\u00bb][vc_row_inner gap=\u00bb5&#8243;][vc_column_inner width=\u00bb1\/4&#8243;][vc_icon icon_fontawesome=\u00bbfas fa-thumbs-up\u00bb color=\u00bbwhite\u00bb background_style=\u00bbrounded\u00bb background_color=\u00bbcustom\u00bb css=\u00bb.vc_custom_1627574146368{padding-right: 5px !important;}\u00bb custom_background_color=\u00bb#e22893&#8243;][\/vc_column_inner][vc_column_inner width=\u00bb3\/4&#8243;][vc_column_text css=\u00bb.vc_custom_1635249950923{padding-left: 5px !important;}\u00bb]<span style=\"font-family: gotham-rounded; font-size: 22pt; color: #ffffff;\"><strong>CONFORT A L&#8217;INTERIOR<\/strong><\/span><\/p>\n<p style=\"text-align: justify;\"><span style=\"font-size: 16pt; color: #ffffff;\">Seients adaptats als m\u00e9s petits per assegurar-ne el benestar. S\u00f3n confortables i d&#8217;alta qualitat per a un viatge c\u00f2mode i agradable.<\/span><\/p>\n<p>[\/vc_column_text][\/vc_column_inner][\/vc_row_inner][vc_row_inner gap=\u00bb5&#8243; css=\u00bb.vc_custom_1626272972139{padding-bottom: 60px !important;}\u00bb][vc_column_inner width=\u00bb1\/4&#8243;][vc_icon icon_fontawesome=\u00bbfas fa-user-tie\u00bb color=\u00bbwhite\u00bb background_style=\u00bbrounded\u00bb background_color=\u00bbcustom\u00bb css=\u00bb.vc_custom_1627574139108{padding-right: 5px !important;}\u00bb custom_background_color=\u00bb#e22893&#8243;][\/vc_column_inner][vc_column_inner width=\u00bb3\/4&#8243;][vc_column_text css=\u00bb.vc_custom_1627655014503{padding-left: 5px !important;}\u00bb]<span style=\"font-family: gotham-rounded; font-size: 22pt; color: #ffffff;\"><strong>CONDUCTORS EXPERTS<\/strong><\/span><\/p>\n<p style=\"text-align: justify;\"><span style=\"font-size: 16pt; color: #ffffff;\">Els nostres conductors experts vetllen pel trajecte dels alumnes cap a l&#8217;escola i de tornada. S\u00f3n els m\u00e9s preparats i garanteixen que els estudiants arribin a l&#8217;escola a temps i tornin amb seguretat cada dia de classe.<\/span><\/p>\n<p>[\/vc_column_text][\/vc_column_inner][\/vc_row_inner][\/vc_column][\/vc_row][vc_row][vc_column][vc_empty_space height=\u00bb50px\u00bb][\/vc_column][\/vc_row][vc_row equal_height=\u00bbyes\u00bb row_fullwidth=\u00bb1&#8243; bottom_button=\u00bbon\u00bb bottom_button_color=\u00bb#25a6b9&#8243; css=\u00bb.vc_custom_1627501022709{margin-bottom: 25px !important;background-color: #ffffff !important;}\u00bb][vc_column css=\u00bb.vc_custom_1624270326050{margin-top: 65px !important;}\u00bb][vc_column_text css=\u00bb\u00bb]<\/p>\n<h3 style=\"text-align: center;\"><span style=\"font-family: gotham-rounded; font-size: 36pt; line-height: 36pt;\">LA SEGURETAT \u00c9S LA NOSTRA PRIORITAT<\/span><\/h3>\n<p>[\/vc_column_text][vc_row_inner][vc_column_inner][vc_single_image image=\u00bb15179&#8243; img_size=\u00bbfull\u00bb alignment=\u00bbcenter\u00bb css=\u00bb.vc_custom_1629886662652{margin-right: 10px !important;margin-left: 10px !important;}\u00bb][vc_column_text css=\u00bb.vc_custom_1629885596901{margin-right: 10px !important;margin-left: 10px !important;}\u00bb]<span style=\"font-size: 16pt;\">Consulti com hem adaptat el nostre servei i els nostres protocols de neteja per alinear-nos amb les recomanacions vigents i <strong>protegir la salut dels nostres passatgers<\/strong> durant els seus viatges en temps de pand\u00e8mia.<\/span>[\/vc_column_text][vc_btn title=\u00bbVULL SABER-NE M\u00c9S\u00bb style=\u00bbcustom\u00bb custom_background=\u00bb#e22893&#8243; custom_text=\u00bb#ffffff\u00bb shape=\u00bbround\u00bb size=\u00bblg\u00bb align=\u00bbcenter\u00bb css=\u00bb.vc_custom_1787140109574{margin-right: 10px !important;margin-left: 10px !important;}\u00bb link=\u00bburl:https%3A%2F%2Fbadabus.com%2Fwp-content%2Fuploads%2FProtocolo-COVID-sin-mascarillas-1.pdf|title:Protocol%20Covid|target:_blank|\u00bb][\/vc_column_inner][\/vc_row_inner][\/vc_column][\/vc_row][vc_row][vc_column][vc_empty_space height=\u00bb50px\u00bb][\/vc_column][\/vc_row][vc_row row_fullwidth=\u00bb1&#8243; el_class=\u00bblast-sect-new-landing\u00bb css=\u00bb.vc_custom_1627500842849{background-color: #e22893 !important;}\u00bb][vc_column width=\u00bb2\/3&#8243; css=\u00bb.vc_custom_1625606183245{margin-top: 65px !important;margin-bottom: 30px !important;}\u00bb][vc_column_text css=\u00bb\u00bb]<\/p>\n<h3 class=\"estilo-linea-tres\">VOLS SABER M\u00c9S COSES DELS NOSTRES SERVEIS?<\/h3>\n<p>[\/vc_column_text][\/vc_column][vc_column width=\u00bb1\/3&#8243; css=\u00bb.vc_custom_1625605974318{margin-top: 63px !important;}\u00bb][vc_btn title=\u00bbCONTACTA&#8217;NS\u00bb style=\u00bbcustom\u00bb custom_background=\u00bb#25a6b9&#8243; custom_text=\u00bb#ffffff\u00bb shape=\u00bbround\u00bb size=\u00bblg\u00bb align=\u00bbcenter\u00bb css=\u00bb\u00bb link=\u00bburl:https%3A%2F%2Fbadabus.com%2Fca%2Fpressupost-lloguer-dautobusos%2F|title:Contacte%20lloguer%20d&#8217;autocar\u00bb el_class=\u00bbbtn-new-landing\u00bb][\/vc_column][\/vc_row][vc_row css=\u00bb.vc_custom_1718960030526{background-color: #25a6b9 !important;}\u00bb][vc_column][vc_column_text css=\u00bb\u00bb]<\/p>\n<h3 class=\"h3-FAQs\">PREGUNTES FREQ\u00dcENTS SOBRE RUTES ESCOLARS<\/h3>\n<p>&nbsp;<\/p>\n<h4 class=\"estilo-pregunta-FAQs\"><img loading=\"lazy\" decoding=\"async\" class=\"alignnone wp-image-1962 \" src=\"https:\/\/badabus.com\/wp-content\/uploads\/flechas-300x193.png\" alt=\"Contacto Alquiler Minibus Barcelona\" width=\"31\" height=\"20\" srcset=\"https:\/\/badabus.com\/wp-content\/uploads\/flechas-300x193.png 300w, https:\/\/badabus.com\/wp-content\/uploads\/flechas.png 302w\" sizes=\"auto, (max-width: 31px) 100vw, 31px\" \/> <strong> Recolliu els infants des d&#8217;algun punt en concret?<\/strong><\/h4>\n<p class=\"estilo-respuesta-FAQs\">Segons els infants que faran servir les rutes escolars i on viuen, es defineixen conjuntament amb l&#8217;escola les parades m\u00e9s properes a cadascun d&#8217;ells.<\/p>\n<p>&nbsp;<\/p>\n<h4 class=\"estilo-pregunta-FAQs\"><img loading=\"lazy\" decoding=\"async\" class=\"alignnone wp-image-1962 \" src=\"https:\/\/badabus.com\/wp-content\/uploads\/flechas-300x193.png\" alt=\"Contacto Alquiler Minibus Barcelona\" width=\"31\" height=\"20\" srcset=\"https:\/\/badabus.com\/wp-content\/uploads\/flechas-300x193.png 300w, https:\/\/badabus.com\/wp-content\/uploads\/flechas.png 302w\" sizes=\"auto, (max-width: 31px) 100vw, 31px\" \/> <strong>Com es pot contractar el servei de rutes escolars?<\/strong><\/h4>\n<p class=\"estilo-respuesta-FAQs\">\u00c9s l&#8217;escola qui s&#8217;ha de posar en contacte amb nosaltres i, un cop definides les rutes, cada fam\u00edlia seguir\u00e0 l&#8217;operativa que decideixi l&#8217;escola per contractar la ruta escolar.<\/p>\n<p>&nbsp;<\/p>\n<h4 class=\"estilo-pregunta-FAQs\"><img loading=\"lazy\" decoding=\"async\" class=\"alignnone wp-image-1962 \" src=\"https:\/\/badabus.com\/wp-content\/uploads\/flechas-300x193.png\" alt=\"Contacto Alquiler Minibus Barcelona\" width=\"31\" height=\"20\" srcset=\"https:\/\/badabus.com\/wp-content\/uploads\/flechas-300x193.png 300w, https:\/\/badabus.com\/wp-content\/uploads\/flechas.png 302w\" sizes=\"auto, (max-width: 31px) 100vw, 31px\" \/> <strong>Els infants van acompanyats?<\/strong><\/h4>\n<p class=\"estilo-respuesta-FAQs\">A les rutes escolars sempre hi va un monitor o monitora acompanyant dins del vehicle.<\/p>\n<p>[\/vc_column_text][vc_empty_space height=\u00bb65px\u00bb][\/vc_column][\/vc_row]<\/p>\n<\/div>","protected":false},"excerpt":{"rendered":"<p>[vc_row equal_height=\u00bbyes\u00bb content_placement=\u00bbmiddle\u00bb row_fullwidth=\u00bb1&#8243; el_class=\u00bbfirst-section-new-landing\u00bb css=\u00bb.vc_custom_1627573173977{margin-bottom: 20px !important;background-image: url(https:\/\/badabus.com\/wp-content\/uploads\/Untitled-design-5.png?id=7282) !important;background-position: center !important;background-repeat: no-repeat !important;background-size: cover !important;}\u00bb video_overlay_color=\u00bbrgba(60,171,188,0.88)\u00bb][vc_column css_animation=\u00bbleft-to-right\u00bb width=\u00bb1\/2&#8243; css=\u00bb.vc_custom_1627492801417{margin-top: 15px !important;margin-bottom: 125px !important;border-radius: 10px !important;}\u00bb][vc_column_text css=\u00bb.vc_custom_1718957046002{padding-right: 30px !important;padding-left: 40px [&hellip;]<\/p>\n","protected":false},"author":7,"featured_media":14920,"parent":15352,"menu_order":0,"comment_status":"closed","ping_status":"closed","template":"","meta":{"footnotes":""},"class_list":["post-15171","page","type-page","status-publish","has-post-thumbnail","hentry","has_thumb"],"_links":{"self":[{"href":"https:\/\/badabus.com\/ca\/wp-json\/wp\/v2\/pages\/15171","targetHints":{"allow":["GET"]}}],"collection":[{"href":"https:\/\/badabus.com\/ca\/wp-json\/wp\/v2\/pages"}],"about":[{"href":"https:\/\/badabus.com\/ca\/wp-json\/wp\/v2\/types\/page"}],"author":[{"embeddable":true,"href":"https:\/\/badabus.com\/ca\/wp-json\/wp\/v2\/users\/7"}],"replies":[{"embeddable":true,"href":"https:\/\/badabus.com\/ca\/wp-json\/wp\/v2\/comments?post=15171"}],"version-history":[{"count":7,"href":"https:\/\/badabus.com\/ca\/wp-json\/wp\/v2\/pages\/15171\/revisions"}],"predecessor-version":[{"id":15764,"href":"https:\/\/badabus.com\/ca\/wp-json\/wp\/v2\/pages\/15171\/revisions\/15764"}],"up":[{"embeddable":true,"href":"https:\/\/badabus.com\/ca\/wp-json\/wp\/v2\/pages\/15352"}],"wp:featuredmedia":[{"embeddable":true,"href":"https:\/\/badabus.com\/ca\/wp-json\/wp\/v2\/media\/14920"}],"wp:attachment":[{"href":"https:\/\/badabus.com\/ca\/wp-json\/wp\/v2\/media?parent=15171"}],"curies":[{"name":"wp","href":"https:\/\/api.w.org\/{rel}","templated":true}]}}