{"id":15122,"date":"2026-08-21T08:33:53","date_gmt":"2026-08-21T06:33:53","guid":{"rendered":"https:\/\/badabus.com\/?page_id=15122"},"modified":"2026-08-31T12:13:03","modified_gmt":"2026-08-31T10:13:03","slug":"lloguer-autocar-badalona","status":"publish","type":"page","link":"https:\/\/badabus.com\/ca\/lloguer-autocar-badalona\/","title":{"rendered":"Inici Badalona CAT"},"content":{"rendered":"<div class=\"wpb-content-wrapper\"><p>[vc_row row_fullwidth=\u00bb1&#8243; row_zero_column_space=\u00bb1&#8243; css=\u00bb.vc_custom_1461073450203{margin-top: 0px !important;margin-right: 0px !important;margin-bottom: 0px !important;margin-left: 0px !important;padding-top: 0px !important;padding-right: 0px !important;padding-bottom: 0px !important;padding-left: 0px !important;}\u00bb][vc_column offset=\u00bbvc_hidden-sm vc_hidden-xs\u00bb][rev_slider_vc alias=\u00bbbadalona-1&#8243; el_class=\u00bbno-bottom-margin\u00bb][\/vc_column][\/vc_row][vc_row gap=\u00bb5&#8243; row_fullwidth=\u00bb1&#8243; css=\u00bb.vc_custom_1684321545730{margin-top: 0px !important;margin-bottom: 0px !important;padding-top: 40px !important;padding-right: 40px !important;padding-left: 40px !important;background-color: #ffffff !important;}\u00bb][vc_column offset=\u00bbvc_hidden-sm vc_hidden-xs\u00bb][vc_column_text css=\u00bb\u00bb]<\/p>\n<h1 class=\"h1-home-cat\">Lloguer d&#8217;autocars a Badalona<\/h1>\n<h2 class=\"h1-servicios\">Les nostres opcions d&#8217;autocars per a Badalona<\/h2>\n<p>[\/vc_column_text][vc_raw_html css=\u00bb\u00bb]JTVCYmFkYWJ1c19zZXJ2ZWlzJTVE[\/vc_raw_html][\/vc_column][vc_column offset=\u00bbvc_hidden-sm vc_hidden-xs\u00bb css=\u00bb.vc_custom_1744208769323{margin-top: 50px !important;background-color: #F6F6F6 !important;}\u00bb][vc_custom_heading text=\u00bbNecessites un autocar a Badalona per al teu trajecte?\u00bb font_container=\u00bbtag:h2|font_size:40|text_align:center|color:%23000000|line_height:30px\u00bb google_fonts=\u00bbfont_family:Raleway%3A100%2C200%2C300%2Cregular%2C500%2C600%2C700%2C800%2C900|font_style:300%20light%20regular%3A300%3Anormal\u00bb css=\u00bb.vc_custom_1744208169394{margin-top: 0px !important;margin-bottom: 0px !important;padding-top: 20px !important;padding-bottom: 0px !important;}\u00bb][vc_column_text css=\u00bb.vc_custom_1744208241235{margin-top: 10px !important;margin-bottom: 10px !important;}\u00bb]<\/p>\n<p style=\"text-align: center;\">Explica&#8217;ns on vols anar i t&#8217;enviarem el pressupost en un m\u00e0xim de 24 h laborables.<\/p>\n<p>[\/vc_column_text][vc_btn title=\u00bbSol\u00b7licitar pressupost per a lloguer d&#8217;autocar\u00bb style=\u00bboutline-custom\u00bb outline_custom_color=\u00bb#000000&#8243; outline_custom_hover_background=\u00bb#000000&#8243; outline_custom_hover_text=\u00bb#ffffff\u00bb shape=\u00bbround\u00bb size=\u00bblg\u00bb align=\u00bbcenter\u00bb i_type=\u00bblinecons\u00bb i_icon_linecons=\u00bbvc_li vc_li-clip\u00bb css=\u00bb.vc_custom_1786955846725{margin-top: 20px !important;margin-bottom: 55px !important;}\u00bb add_icon=\u00bbtrue\u00bb link=\u00bburl:https%3A%2F%2Fbadabus.com%2Fca%2Fpressupost-lloguer-dautobusos%2F|title:Pressupost%20lloguer%20d&#8217;autobusos\u00bb][\/vc_column][\/vc_row][vc_row row_fullwidth=\u00bb1&#8243; css=\u00bb.vc_custom_1613379287195{padding-right: 0px !important;padding-left: 0px !important;background-color: #0a0a0a !important;}\u00bb][vc_column css=\u00bb.vc_custom_1710964759406{padding-top: 0px !important;padding-right: 0px !important;padding-bottom: 0px !important;padding-left: 0px !important;background: #0a0a0a url(https:\/\/badabus.com\/wp-content\/uploads\/Alex-Bascuas-Photo-9610-opacity.jpg?id=9993) !important;background-position: center !important;background-repeat: no-repeat !important;background-size: cover !important;}\u00bb offset=\u00bbvc_hidden-lg vc_hidden-md\u00bb el_class=\u00bbimagen-background-home-mobile\u00bb][vc_column_text css=\u00bb.vc_custom_1744202989618{margin-top: 45px !important;margin-right: 5% !important;margin-bottom: 45px !important;margin-left: 5% !important;padding-right: 0px !important;padding-left: 0px !important;background-position: center !important;background-repeat: no-repeat !important;background-size: cover !important;}\u00bb]<\/p>\n<h1 class=\"h1-home-mob\">Lloguer d&#8217;autocars a Badalona<\/h1>\n<p>[\/vc_column_text][vc_btn title=\u00bbDEMANA PRESSUPOST\u00bb style=\u00bbcustom\u00bb custom_background=\u00bb#e22893&#8243; custom_text=\u00bb#ffffff\u00bb shape=\u00bbround\u00bb css=\u00bb.vc_custom_1786955859198{margin-left: 30px !important;}\u00bb link=\u00bburl:https%3A%2F%2Fbadabus.com%2Fca%2Fpressupost-lloguer-dautobusos%2F|title:Pressupost%20lloguer%20d&#8217;autobusos\u00bb][\/vc_column][\/vc_row][vc_row css=\u00bb.vc_custom_1744208838364{margin-top: 130px !important;margin-bottom: 15px !important;}\u00bb][vc_column width=\u00bb1\/2&#8243;][vc_column_text css=\u00bb\u00bb]<\/p>\n<h2>Des de quins barris de Badalona sortim en autocar?<\/h2>\n<p>A Badalona oferim <strong>autocars amb recollida i sortida des de diferents barris<\/strong> per facilitar al m\u00e0xim l&#8217;acc\u00e9s al servei.<\/p>\n<p>Operem sovint en zones com Gorg, Llefi\u00e0, La Salut, Artigues i Sant Roc, adaptant el punt de sortida a la ubicaci\u00f3 del grup o de l&#8217;esdeveniment.<\/p>\n<p>Tant si es tracta d&#8217;un trasllat a l&#8217;aeroport, com d&#8217;una excursi\u00f3 escolar o un esdeveniment privat, ens movem per tot el municipi per a m\u00e9s comoditat.<\/p>\n<p>Tambi\u00e9n <strong>fem sortides en autocar<\/strong> des de barris com Bufal\u00e0, Pomar, Montigal\u00e0 o Casagemes, atenent tant centres educatius com empreses o particulars.<\/p>\n<p>La nostra flexibilitat ens permet ajustar els punts de recollida en funci\u00f3 de les necessitats del trajecte, oferint solucions eficients independentment del barri d&#8217;origen. Si necessites un transport m\u00e9s lleuger, tamb\u00e9 disposem de <a href=\"https:\/\/badabus.com\/ca\/lloguer-minibus-badalona\/\">minib\u00fas a Badalona<\/a>.[\/vc_column_text][\/vc_column][vc_column width=\u00bb1\/2&#8243;][vc_single_image image=\u00bb15124&#8243; img_size=\u00bb450&#215;450&#8243; css=\u00bb\u00bb][\/vc_column][\/vc_row][vc_row css=\u00bb.vc_custom_1744208847931{margin-top: 70px !important;margin-bottom: 30px !important;}\u00bb][vc_column width=\u00bb1\/2&#8243;][vc_column_text css=\u00bb.vc_custom_1787294111841{margin-bottom: 20px !important;}\u00bb]<\/p>\n<h2>De quantes places s\u00f3n els autocars?<\/h2>\n<p>A Badalona comptem amb una <strong>flota variada d&#8217;autocars<\/strong> que s&#8217;adapta a les necessitats de cada grup, tant en mida com en tipus de trajecte.<\/p>\n<p>Disposem de microbusos de 16 a 25 places, perfectes per a trasllats petits, sortides d&#8217;empresa, grups familiars o esdeveniments amb pocs assistents. S\u00f3n vehicles c\u00f2modes, \u00e0gils i amb totes les comoditats necess\u00e0ries per a trajectes curts o mitjans.<\/p>\n<p>Per a grups m\u00e9s nombrosos, <strong>oferim <a href=\"https:\/\/badabus.com\/ca\/lloguer-autocar-barcelona\/\">lloguer d&#8217;autocars<\/a> de 35, 50 i fins a 55 places<\/strong>, ideals per a excursions escolars, sortides tur\u00edstiques, celebracions o transport de treballadors.<\/p>\n<p>Tots els nostres vehicles estan equipats amb aire condicionat, seients reclinables, cinturons de seguretat i ampli espai per a l&#8217;equipatge, cosa que garanteix confort i seguretat durant tot el trajecte.<\/p>\n<h3>Vols con\u00e8ixer la nostra flota d&#8217;autocars per a Badalona?<\/h3>\n<p>[\/vc_column_text][vc_btn title=\u00bbVEURE FLOTA D&#8217;AUTOCARS\u00bb style=\u00bboutline-custom\u00bb outline_custom_color=\u00bb#000000&#8243; outline_custom_hover_background=\u00bb#000000&#8243; outline_custom_hover_text=\u00bb#ffffff\u00bb shape=\u00bbround\u00bb align=\u00bbleft\u00bb i_type=\u00bblinecons\u00bb i_icon_linecons=\u00bbvc_li vc_li-clip\u00bb css=\u00bb.vc_custom_1786955932008{margin-bottom: 35px !important;}\u00bb add_icon=\u00bbtrue\u00bb link=\u00bburl:https%3A%2F%2Fbadabus.com%2Fca%2Fflota%2F\u00bb][\/vc_column][vc_column width=\u00bb1\/2&#8243;][vc_single_image image=\u00bb15241&#8243; img_size=\u00bb450&#215;420&#8243; css=\u00bb\u00bb][\/vc_column][\/vc_row][vc_row css=\u00bb.vc_custom_1744209919418{padding-top: 35px !important;background-color: #25A6B9 !important;}\u00bb][vc_column width=\u00bb2\/3&#8243;][vc_column_text css=\u00bb\u00bb]<strong style=\"font-size: 26px; color: white;\">Necessites un autocar a Badalona per al teu trajecte?<\/strong>[\/vc_column_text][\/vc_column][vc_column width=\u00bb1\/3&#8243;][vc_btn title=\u00bbPressupost en 24 h\u00bb style=\u00bboutline-custom\u00bb outline_custom_color=\u00bb#FFFFFF\u00bb outline_custom_hover_background=\u00bb#000000&#8243; outline_custom_hover_text=\u00bb#ffffff\u00bb shape=\u00bbround\u00bb align=\u00bbleft\u00bb i_type=\u00bblinecons\u00bb i_icon_linecons=\u00bbvc_li vc_li-clip\u00bb css=\u00bb.vc_custom_1786955943025{margin-bottom: 35px !important;}\u00bb add_icon=\u00bbtrue\u00bb link=\u00bburl:https%3A%2F%2Fbadabus.com%2Fca%2Fpressupost-lloguer-dautobusos%2F|title:Pressupost%20lloguer%20d&#8217;autobusos\u00bb][\/vc_column][\/vc_row][vc_row gap=\u00bb20&#8243; equal_height=\u00bbyes\u00bb css=\u00bb.vc_custom_1719475441479{margin-top: 40px !important;padding-top: 40px !important;padding-bottom: 120px !important;background-image: url(https:\/\/badabus.com\/wp-content\/uploads\/dotted.png?id=2221) !important;}\u00bb][vc_column][vc_column_text css=\u00bb\u00bb]<\/p>\n<p style=\"text-align: center; font-size: 40px; font-family: gotham-rounded; line-height: 1em;\"><strong>Per qu\u00e8 triar-nos per al teu trajecte des de Badalona?<\/strong><\/p>\n<p>[\/vc_column_text][vc_row_inner equal_height=\u00bbyes\u00bb css=\u00bb.vc_custom_1744209697713{margin-bottom: 0px !important;padding-top: 20px !important;padding-bottom: 0px !important;}\u00bb][vc_column_inner width=\u00bb1\/3&#8243; css=\u00bb.vc_custom_1719475287975{background-color: #25a6b9 !important;border-radius: 5px !important;}\u00bb][vc_column_text css=\u00bb\u00bb]<\/p>\n<p class=\"numero-porque\">\/\/ 01<\/p>\n<p class=\"titulo-porque\">Seguretat<\/p>\n<p class=\"p-porque\">En el lloguer d&#8217;autocars per a Badalona som molt rigorosos en les revisions i el manteniment de la nostra flota per tenir cura dels nostres clients en els seus trajectes.<\/p>\n<p>[\/vc_column_text][vc_btn title=\u00bbVEURE FLOTA\u00bb style=\u00bboutline-custom\u00bb outline_custom_color=\u00bb#ffffff\u00bb outline_custom_hover_background=\u00bb#ffffff\u00bb outline_custom_hover_text=\u00bb#25a6b9&#8243; shape=\u00bbround\u00bb size=\u00bbsm\u00bb css=\u00bb.vc_custom_1786955956097{margin-left: 35px !important;}\u00bb link=\u00bburl:https%3A%2F%2Fbadabus.com%2Fca%2Fflota%2F|title:Veure%20flota%20d&#8217;autocars\u00bb][vc_empty_space][\/vc_column_inner][vc_column_inner width=\u00bb1\/3&#8243; css=\u00bb.vc_custom_1719475336589{background-color: #9b6da6 !important;border-radius: 5px !important;}\u00bb][vc_column_text css=\u00bb\u00bb]<\/p>\n<p class=\"numero-porque\">\/\/ 02<\/p>\n<p class=\"titulo-porque\">Confort<\/p>\n<p class=\"p-porque\">Dissenyem cada autocar pensant en la teva comoditat i seguretat durant tot el trajecte, des de la recollida fins a l&#8217;arribada a Badalona.<\/p>\n<p>[\/vc_column_text][vc_btn title=\u00bbVEURE FLOTA\u00bb style=\u00bboutline-custom\u00bb outline_custom_color=\u00bb#ffffff\u00bb outline_custom_hover_background=\u00bb#ffffff\u00bb outline_custom_hover_text=\u00bb#9b6da6&#8243; shape=\u00bbround\u00bb size=\u00bbsm\u00bb css=\u00bb.vc_custom_1786955967752{margin-left: 35px !important;}\u00bb link=\u00bburl:https%3A%2F%2Fbadabus.com%2Fca%2Fflota%2F|title:Veure%20flota%20d&#8217;autocars\u00bb][vc_empty_space][\/vc_column_inner][vc_column_inner width=\u00bb1\/3&#8243; css=\u00bb.vc_custom_1719475343640{background-color: #e22893 !important;border-radius: 5px !important;}\u00bb][vc_column_text css=\u00bb\u00bb]<\/p>\n<p class=\"numero-porque\">\/\/ 03<\/p>\n<p class=\"titulo-porque\">Conductors<\/p>\n<p class=\"p-porque\">Comptem amb conductors experts en rutes i seguretat vi\u00e0ria, que coneixen Badalona, per oferir-te un servei segur i de qualitat.<\/p>\n<p>[\/vc_column_text][vc_btn title=\u00bbVEURE FLOTA\u00bb style=\u00bboutline-custom\u00bb outline_custom_color=\u00bb#ffffff\u00bb outline_custom_hover_background=\u00bb#ffffff\u00bb outline_custom_hover_text=\u00bb#e22893&#8243; shape=\u00bbround\u00bb size=\u00bbsm\u00bb css=\u00bb.vc_custom_1786955978822{margin-left: 35px !important;}\u00bb link=\u00bburl:https%3A%2F%2Fbadabus.com%2Fca%2Fflota%2F|title:Veure%20flota%20d&#8217;autocars\u00bb][vc_empty_space][\/vc_column_inner][\/vc_row_inner][\/vc_column][\/vc_row][vc_row gap=\u00bb35&#8243; row_fullwidth=\u00bb1&#8243; css=\u00bb.vc_custom_1595256381018{margin-bottom: 0px !important;padding-top: 0px !important;padding-bottom: 15px !important;background-color: #ffffff !important;}\u00bb][vc_column width=\u00bb2\/3&#8243; offset=\u00bbvc_hidden-lg vc_hidden-md\u00bb css=\u00bb.vc_custom_1595256410887{margin-top: -100px !important;}\u00bb][vc_column_text css=\u00bb.vc_custom_1595254868036{margin-bottom: -10px !important;}\u00bb]<\/p>\n<p style=\"font-size: 25px; font-family: 'gotham-rounded'; text-align: left; color: #25a8ba; line-height: 1em;\"><strong>La teva companyia de confian\u00e7a<\/strong><\/p>\n<p>[\/vc_column_text][vc_column_text]<\/p>\n<p style=\"font-size: 20px; font-family: 'gotham-rounded'; text-align: left;\"><strong>Badabus \u00e9s una empresa familiar dedicada al transport de viatgers per carretera.<\/strong><\/p>\n<p>Empresa especialista en el lloguer d&#8217;autocars i minibusos. Ens avala l&#8217;experi\u00e8ncia de m\u00e9s de 25 anys en el sector de les persones que la dirigim.[\/vc_column_text][vc_btn title=\u00bbVols saber-ne m\u00e9s?\u00bb style=\u00bbgradient-custom\u00bb gradient_custom_color_1=\u00bb#25a6b9&#8243; gradient_custom_color_2=\u00bb#e22893&#8243; shape=\u00bbround\u00bb size=\u00bblg\u00bb align=\u00bbleft\u00bb css=\u00bb.vc_custom_1786955992450{padding-right: 3% !important;padding-left: 3% !important;}\u00bb link=\u00bburl:https%3A%2F%2Fbadabus.com%2Fca%2Fflota%2F|title:Flota\u00bb][\/vc_column][vc_column width=\u00bb1\/3&#8243; offset=\u00bbvc_hidden-lg vc_hidden-md\u00bb][vc_column_text css=\u00bb\u00bb]<b style=\"text-align: left; font-size: 20px;\"><img loading=\"lazy\" decoding=\"async\" class=\"alignnone wp-image-1964\" src=\"https:\/\/badabus.com\/wp-content\/uploads\/flechas-badabus.jpg\" alt=\"\" width=\"45\" height=\"27\" \/> CONTACTE<\/b>[\/vc_column_text][vc_column_text css=\u00bb\u00bb]<\/p>\n<h3 style=\"text-align: left; font-size: 20px;\">Autocares Badabus<\/h3>\n<p>Adre\u00e7a: <a href=\"https:\/\/www.google.com\/maps\/place\/Autocares+Badabus\/@41.3518513,2.1340148,17z\/data=!3m1!4b1!4m6!3m5!1s0x12a498a57225f481:0x27ebbd8420ff8f5e!8m2!3d41.3518513!4d2.1340148!16s%2Fg%2F11fz9zb2tf?entry=ttu\" target=\"_blank\" rel=\"noopener noreferrer\">C\/Plom, 28 \u2013 08038 (Barcelona)<\/a><br \/>\nCorreu electr\u00f2nic: <a href=\"mailto:info@badabus.com\">info@badabus.com<\/a><br \/>\n<img loading=\"lazy\" decoding=\"async\" class=\"size-full wp-image-2239 alignleft\" src=\"https:\/\/badabus.com\/wp-content\/uploads\/telefon-de-lloguer-autocars-badabus.jpg\" alt=\"telefono de alquiler autocares badabus\" width=\"341\" height=\"124\" \/>[\/vc_column_text][\/vc_column][\/vc_row][vc_row gap=\u00bb35&#8243; css=\u00bb.vc_custom_1744210760780{margin-bottom: 25px !important;}\u00bb][vc_column width=\u00bb2\/3&#8243; css=\u00bb.vc_custom_1748242426147{margin-right: 30px !important;}\u00bb][vc_column_text css=\u00bb\u00bb]<\/p>\n<h2 style=\"font-size: 20px;\">Trajectes freq\u00fcents des de Badalona amb els nostres autocars<\/h2>\n<p style=\"font-weight: 400; text-align: justify;\">Molts dels nostres <strong>serveis des de Badalona se centren en excursions<\/strong> d&#8217;un dia a destinacions emblem\u00e0tiques com Montserrat, Sitges o la Costa Brava, ideals per a grups escolars, associacions o fam\u00edlies. Tamb\u00e9 fem rutes a parcs tem\u00e0tics com PortAventura o excursions culturals a Tarragona o Girona, adaptant sempre el recorregut i els horaris a les necessitats del grup.<\/p>\n<p style=\"font-weight: 400; text-align: justify;\">A m\u00e9s, gestionem <a href=\"https:\/\/badabus.com\/ca\/transfer-aeroport-barcelona\/\">transfers a l&#8217;aeroport del Prat<\/a> des de Badalona per a grups d&#8217;empreses, equips esportius o grups tur\u00edstics, aix\u00ed com viatges de final de curs i sortides escolars. <strong>Els nostres serveis d&#8217;autocar s&#8217;adapten tant a trajectes curts com a despla\u00e7aments de diversos dies<\/strong>, sempre amb la comoditat i la seguretat com a prioritat.<\/p>\n<h3 style=\"font-weight: 400;\">Serveis m\u00e9s demandats de lloguer d&#8217;autocars a Badalona<\/h3>\n<p style=\"font-weight: 400; text-align: justify;\">El lloguer d&#8217;autocars a Badalona \u00e9s una opci\u00f3 molt sol\u00b7licitada per empreses que necessiten despla\u00e7ar di\u00e0riament els seus treballadors fins als centres de treball, especialment en pol\u00edgons industrials o zones amb acc\u00e9s dif\u00edcil en transport p\u00fablic. Tamb\u00e9 col\u00b7laborem amb escoles i instituts de Badalona per organitzar excursions culturals, sortides escolars i viatges de final de curs, oferint sempre un servei segur, puntual i adaptat a cada grup.<\/p>\n<p style=\"font-weight: 400; text-align: justify;\">A m\u00e9s, s\u00f3n molts els clients particulars que confien en nosaltres per al transport de convidats en casaments, celebracions familiars o esdeveniments privats en masies i finques de la prov\u00edncia de Barcelona. Tamb\u00e9 prestem servei a clubs esportius locals per a despla\u00e7aments a competicions, aix\u00ed com a grups tur\u00edstics que volen con\u00e8ixer els principals punts d&#8217;inter\u00e8s de la prov\u00edncia sense preocupar-se del transport.<\/p>\n<h3 style=\"font-weight: 400;\">Per qu\u00e8 \u00e9s millor llogar un autocar a Badalona amb nosaltres?<\/h3>\n<p style=\"font-weight: 400; text-align: justify;\"><strong>Llogar un autocar amb nosaltres a Badalona significa comptar amb un equip que coneix perfectament la ciutat i les seves necessitats<\/strong>. Gr\u00e0cies a la nostra proximitat, podem oferir una recollida r\u00e0pida i eficient des de qualsevol barri, evitant esperes innecess\u00e0ries i adaptant-nos a la ubicaci\u00f3 exacta del grup. A m\u00e9s, com que hi operem de manera habitual, optimitzem rutes i accessos per garantir la m\u00e0xima puntualitat en cada servei.<\/p>\n<p style=\"font-weight: 400; text-align: justify;\">Tamb\u00e9 treballem habitualment amb escoles, empreses i entitats locals, cosa que ens ha perm\u00e8s consolidar una relaci\u00f3 de confian\u00e7a amb nombrosos clients de la zona. Coneixem els punts clau de sortida, els esdeveniments habituals i les particularitats de cada tipus de trajecte a Badalona. Aquesta experi\u00e8ncia local, sumada a una flota moderna i a conductors professionals, ens permet oferir un servei c\u00f2mode, segur i adaptat a cada ocasi\u00f3.<\/p>\n<p>[\/vc_column_text][vc_empty_space height=\u00bb30px\u00bb][vc_column_text css=\u00bb\u00bb]<strong style=\"margin-left: 6px;\">POBLACIONS ON OFERIM SERVEI DE LLOGUER D&#8217;AUTOCARS<br \/>\n<\/strong><div class=\"menu-horizontal\"><ul><div class=\"menu-horizontal\"><li id=\"menu-item-15934\" class=\"menu-item menu-item-type-post_type menu-item-object-page menu-item-15934\"><a href=\"https:\/\/badabus.com\/ca\/lloguer-autocar-badalona\/\">Lloguer autocar a Badalona<\/a><\/li> | <li id=\"menu-item-15940\" class=\"menu-item menu-item-type-post_type menu-item-object-page menu-item-15940\"><a href=\"https:\/\/badabus.com\/ca\/lloguer-autocar-hospitalet-de-llobregat\/\">Lloguer autocar a Hospitalet de Llobregat<\/a><\/li> | <li id=\"menu-item-15936\" class=\"menu-item menu-item-type-post_type menu-item-object-page menu-item-15936\"><a href=\"https:\/\/badabus.com\/ca\/lloguer-autocar-cornella-de-llobregat\/\">Lloguer autocar a Cornell\u00e0 de Llobregat<\/a><\/li> | <li id=\"menu-item-15938\" class=\"menu-item menu-item-type-post_type menu-item-object-page menu-item-15938\"><a href=\"https:\/\/badabus.com\/ca\/lloguer-autocar-esplugues-de-llobregat\/\">Lloguer autocar a Esplugues de Llobregat<\/a><\/li> | <li id=\"menu-item-15945\" class=\"menu-item menu-item-type-post_type menu-item-object-page menu-item-15945\"><a href=\"https:\/\/badabus.com\/ca\/lloguer-autocar-santa-coloma-de-gramenet\/\">Lloguer autocar a Santa Coloma de Gramenet<\/a><\/li> | <li id=\"menu-item-15937\" class=\"menu-item menu-item-type-post_type menu-item-object-page menu-item-15937\"><a href=\"https:\/\/badabus.com\/ca\/lloguer-autocar-el-prat-de-llobregat\/\">Lloguer autocar a El Prat de Llobregat<\/a><\/li> | <li id=\"menu-item-15946\" class=\"menu-item menu-item-type-post_type menu-item-object-page menu-item-15946\"><a href=\"https:\/\/badabus.com\/ca\/lloguer-autocar-viladecans\/\">Lloguer autocar a Viladecans<\/a><\/li> | <li id=\"menu-item-15935\" class=\"menu-item menu-item-type-post_type menu-item-object-page menu-item-15935\"><a href=\"https:\/\/badabus.com\/ca\/lloguer-autocar-castelldefels\/\">Lloguer autocar a Castelldefels<\/a><\/li> | <li id=\"menu-item-15939\" class=\"menu-item menu-item-type-post_type menu-item-object-page menu-item-15939\"><a href=\"https:\/\/badabus.com\/ca\/lloguer-autocar-gava\/\">Lloguer autocar a Gav\u00e0<\/a><\/li> | <li id=\"menu-item-15944\" class=\"menu-item menu-item-type-post_type menu-item-object-page menu-item-15944\"><a href=\"https:\/\/badabus.com\/ca\/lloguer-autocar-sant-joan-despi\/\">Lloguer autocar a Sant Joan Desp\u00ed<\/a><\/li> | <li id=\"menu-item-15942\" class=\"menu-item menu-item-type-post_type menu-item-object-page menu-item-15942\"><a href=\"https:\/\/badabus.com\/ca\/lloguer-autocar-sant-boi-de-llobregat\/\">Lloguer autocar a Sant Boi de Llobregat<\/a><\/li> | <li id=\"menu-item-15943\" class=\"menu-item menu-item-type-post_type menu-item-object-page menu-item-15943\"><a href=\"https:\/\/badabus.com\/ca\/lloguer-autocar-sant-feliu-de-llobregat\/\">Lloguer autocar a Sant Feliu de Llobregat<\/a><\/li> | <li id=\"menu-item-15941\" class=\"menu-item menu-item-type-post_type menu-item-object-page menu-item-15941\"><a href=\"https:\/\/badabus.com\/ca\/lloguer-autocar-sant-adria-de-besos\/\">Lloguer autocar a Sant Adri\u00e0 de Bes\u00f2s<\/a><\/li>\n<\/div><\/ul><\/div>[\/vc_column_text][vc_tta_accordion section_title_tag=\u00bbh2&#8243; style=\u00bbflat\u00bb color=\u00bbwhite\u00bb active_section=\u00bb1&#8243; el_class=\u00bbtitulo-faq\u00bb][vc_tta_section title=\u00bbQuin \u00e9s el cost de contractar un servei d&#8217;autocar a Badalona?\u00bb tab_id=\u00bb1764060921896-3755fe99-e3df\u00bb][vc_column_text css=\u00bb\u00bb]<\/p>\n<p data-start=\"563\" data-end=\"1050\">El preu de contractar un autocar a Badalona dep\u00e8n d&#8217;aspectes com la data del servei, el nombre de passatgers, el tipus de recorregut, la durada del viatge i el model de vehicle triat. No hi ha un import fix, ja que cada despla\u00e7ament presenta necessitats diferents. Per obtenir una tarifa ajustada, l&#8217;ideal \u00e9s facilitar origen, destinaci\u00f3, horari i mida del grup, de manera que puguem elaborar un pressupost personalitzat i totalment transparent.<\/p>\n<p>[\/vc_column_text][\/vc_tta_section][vc_tta_section title=\u00bbCom puc sol\u00b7licitar un pressupost de transport en autocar des de Badalona?\u00bb tab_id=\u00bb1764060921916-afbf88f0-0430&#8243;][vc_column_text css=\u00bb\u00bb]<\/p>\n<p data-start=\"1160\" data-end=\"1587\">Sol\u00b7licitar un pressupost \u00e9s molt senzill. Nom\u00e9s has d&#8217;omplir el formulari amb les dades principals del servei: punt de recollida a Badalona, destinaci\u00f3, data, nombre de passatgers i tipus de vehicle que necessites. Amb aquesta informaci\u00f3 elaborem una proposta detallada, que se sol enviar en poques hores. Si necessites orientaci\u00f3 sobre quin vehicle escollir, tamb\u00e9 oferim assessorament personalitzat.<\/p>\n<p>[\/vc_column_text][\/vc_tta_section][vc_tta_section title=\u00bbQuins serveis inclou el lloguer d&#8217;un autocar amb conductor a Badalona?\u00bb tab_id=\u00bb1764145932404-0b835676-dd11&#8243;][vc_column_text css=\u00bb\u00bb]<\/p>\n<p data-start=\"1695\" data-end=\"2209\">El lloguer d&#8217;un autocar amb conductor a Badalona inclou el vehicle equipat per al transport de passatgers i un conductor professional que garanteix un trajecte segur. Tots els autocars disposen de climatitzaci\u00f3, seients c\u00f2modes i sistemes de seguretat. Segons el servei contractat, el pressupost pot incloure combustible, peatges i el temps d&#8217;\u00fas del vehicle. Si calen esperes, parades addicionals o altres serveis, aquests detalls s&#8217;especifiquen clarament des del principi.<\/p>\n<p>[\/vc_column_text][\/vc_tta_section][vc_tta_section title=\u00bbQuins tipus d&#8217;autocars i minibusos es poden contractar a Badalona?\u00bb tab_id=\u00bb1764145958029-86dd7b4a-9c14&#8243;][vc_column_text css=\u00bb\u00bb]<\/p>\n<p data-start=\"2310\" data-end=\"2728\">Disposem d&#8217;una flota \u00e0mplia a Badalona, amb vehicles que van des de minibusos per a grups redu\u00efts fins a autocars d&#8217;unes 60 places. Aix\u00f2 ens permet adaptar-nos a despla\u00e7aments escolars, excursions, esdeveniments d&#8217;empresa o viatges de gran capacitat. La varietat de models disponibles facilita triar el vehicle que millor s&#8217;ajusti a la mida del grup i a les caracter\u00edstiques del trajecte.<\/p>\n<p>[\/vc_column_text][\/vc_tta_section][vc_tta_section title=\u00bbOferiu autocars adaptats per a persones amb mobilitat redu\u00efda a Badalona?\u00bb tab_id=\u00bb1764145984340-c1d8fe47-b2f9&#8243;][vc_column_text css=\u00bb\u00bb]<\/p>\n<p data-start=\"2839\" data-end=\"3223\">S\u00ed, comptem amb vehicles adaptats per a passatgers amb mobilitat redu\u00efda a Badalona. Aquests autocars inclouen plataforma elevadora, espai per a cadires de rodes i sistemes d&#8217;ancoratge homologats, i garanteixen un viatge segur i c\u00f2mode. En sol\u00b7licitar el pressupost, nom\u00e9s cal que indiquis que necessites un vehicle adaptat perqu\u00e8 puguem assignar l&#8217;opci\u00f3 adequada.<\/p>\n<p>[\/vc_column_text][\/vc_tta_section][vc_tta_section title=\u00bbAmb quanta antelaci\u00f3 \u00e9s recomanable reservar un autocar a Badalona?\u00bb tab_id=\u00bb1764146013556-46f2f4d8-48e9&#8243;][vc_column_text css=\u00bb\u00bb]<\/p>\n<p data-start=\"3327\" data-end=\"3754\">L&#8217;antelaci\u00f3 recomanable dep\u00e8n del tipus de servei i de l&#8217;\u00e8poca de l&#8217;any. Per a esdeveniments d&#8217;alta demanda com excursions escolars, celebracions o caps de setmana, \u00e9s aconsellable reservar amb diverses setmanes de marge. Tot i aix\u00f2, tamb\u00e9 gestionem serveis urgents quan hi ha disponibilitat. Reservar com abans millor sempre augmenta les possibilitats d&#8217;obtenir el vehicle ideal en la data desitjada.<\/p>\n<p>[\/vc_column_text][\/vc_tta_section][vc_tta_section title=\u00bbQuins tipus de despla\u00e7aments es poden fer des de Badalona?\u00bb tab_id=\u00bb1764146033077-748c9789-ecde\u00bb][vc_column_text css=\u00bb\u00bb]<\/p>\n<p data-start=\"3851\" data-end=\"4230\">Oferim una \u00e0mplia varietat de serveis de transport des de Badalona: trasllats corporatius, rutes escolars, excursions tur\u00edstiques, despla\u00e7aments esportius, casaments, celebracions familiars, trasllats a l&#8217;aeroport i serveis privats totalment personalitzats. La nostra flota i el nostre equip permeten cobrir tant necessitats puntuals com rutes recurrents.<\/p>\n<p>[\/vc_column_text][\/vc_tta_section][vc_tta_section title=\u00bbFeu trajectes des de Badalona cap a altres ciutats o regions?\u00bb tab_id=\u00bb1764146050236-570fb46f-56cc\u00bb][vc_column_text css=\u00bb\u00bb]<\/p>\n<p data-start=\"4330\" data-end=\"4715\">S\u00ed, fem despla\u00e7aments des de Badalona a qualsevol punt de Catalunya i fins i tot a altres comunitats aut\u00f2nomes. Tamb\u00e9 oferim rutes tur\u00edstiques, viatges de mitjana i llarga dist\u00e0ncia, transfers a l&#8217;aeroport i sortides per a esdeveniments. Nom\u00e9s cal que indiquis origen, destinaci\u00f3 i data perqu\u00e8 puguem planificar un servei totalment adaptat a l&#8217;itinerari del grup.<\/p>\n<p>[\/vc_column_text][\/vc_tta_section][\/vc_tta_accordion][vc_separator color=\u00bbwhite\u00bb border_width=\u00bb5&#8243; css=\u00bb\u00bb][\/vc_column][vc_column width=\u00bb1\/3&#8243; css=\u00bb.vc_custom_1744211247589{margin-right: 30px !important;margin-left: 30px !important;}\u00bb][vc_column_text css=\u00bb.vc_custom_1787736011909{margin-bottom: -10px !important;}\u00bb]<\/p>\n<p style=\"font-size: 30px; font-family: 'gotham-rounded'; text-align: left; color: #25a8ba; line-height: 1em;\"><strong>La teva companyia de confian\u00e7a a Badalona<\/strong><\/p>\n<p>[\/vc_column_text][vc_column_text css=\u00bb\u00bb]<\/p>\n<p style=\"font-size: 18px; font-family: 'gotham-rounded'; text-align: left;\"><strong>Badabus \u00e9s una empresa familiar dedicada al transport de viatgers per carretera.<\/strong><\/p>\n<p>Empresa especialista en el lloguer d&#8217;autocars a Badalona. Ens avala l&#8217;experi\u00e8ncia de m\u00e9s de 25 anys en el sector de les persones que la dirigim.[\/vc_column_text][vc_column_text css=\u00bb\u00bb]<b style=\"text-align: left; font-size: 20px;\"><img loading=\"lazy\" decoding=\"async\" class=\"alignnone wp-image-1964\" src=\"https:\/\/badabus.com\/wp-content\/uploads\/flechas-badabus.jpg\" alt=\"\" width=\"45\" height=\"27\" \/> CONTACTE<\/b>[\/vc_column_text][vc_column_text css=\u00bb\u00bb]<\/p>\n<h3 style=\"text-align: left; font-size: 20px;\">Autocares Badabus<\/h3>\n<p>Adre\u00e7a: <a href=\"https:\/\/www.google.com\/maps\/place\/Autocares+Badabus\/@41.3518513,2.1340148,17z\/data=!3m1!4b1!4m6!3m5!1s0x12a498a57225f481:0x27ebbd8420ff8f5e!8m2!3d41.3518513!4d2.1340148!16s%2Fg%2F11fz9zb2tf?entry=ttu\" target=\"_blank\" rel=\"noopener noreferrer\">Carrer de la Metal\u00b7l\u00fargia, 51, 08908 Barcelona<\/a><br \/>\nCorreu electr\u00f2nic: <a href=\"mailto:info@badabus.com\">info@badabus.com<\/a><br \/>\n<img loading=\"lazy\" decoding=\"async\" class=\"size-full wp-image-2239 alignleft\" src=\"https:\/\/badabus.com\/wp-content\/uploads\/telefon-de-lloguer-autocars-badabus.jpg\" alt=\"telefono de alquiler autocares badabus\" width=\"341\" height=\"124\" \/>[\/vc_column_text][\/vc_column][\/vc_row][vc_row row_fullwidth=\u00bb1&#8243; row_zero_column_space=\u00bb1&#8243; css=\u00bb.vc_custom_1525855960545{margin-top: 0px !important;margin-right: 0px !important;margin-bottom: 0px !important;margin-left: 0px !important;padding-top: 0px !important;padding-right: 0px !important;padding-bottom: 0px !important;padding-left: 0px !important;background-color: #303033 !important;}\u00bb][vc_column width=\u00bb1\/2&#8243; css=\u00bb.vc_custom_1525855742551{margin-top: -30px !important;}\u00bb][vc_single_image image=\u00bb15747&#8243; img_size=\u00bbfull\u00bb css=\u00bb\u00bb][\/vc_column][vc_column width=\u00bb1\/4&#8243; offset=\u00bbvc_hidden-xs\u00bb][vc_single_image image=\u00bb15755&#8243; img_size=\u00bbfull\u00bb css=\u00bb.vc_custom_1787294165660{padding-top: 10px !important;}\u00bb][\/vc_column][vc_column width=\u00bb1\/4&#8243; offset=\u00bbvc_hidden-xs\u00bb][vc_btn title=\u00bbDEMANAR PRESSUPOST\u00bb style=\u00bbgradient-custom\u00bb gradient_custom_color_1=\u00bb#25a6b9&#8243; gradient_custom_color_2=\u00bb#e22893&#8243; shape=\u00bbround\u00bb size=\u00bblg\u00bb align=\u00bbleft\u00bb css=\u00bb.vc_custom_1786956041419{padding-top: 20px !important;}\u00bb link=\u00bburl:https%3A%2F%2Fbadabus.com%2Fca%2Fpressupost-lloguer-dautobusos%2F\u00bb][\/vc_column][\/vc_row][vc_row][vc_column][vc_raw_html css=\u00bb\u00bb]PHNjcmlwdCB0eXBlPSJhcHBsaWNhdGlvbi9sZCtqc29uIj4KewogICJAY29udGV4dCI6ICJodHRwczovL3NjaGVtYS5vcmciLAogICJAdHlwZSI6ICJGQVFQYWdlIiwKICAibWFpbkVudGl0eSI6IFt7CiAgICAiQHR5cGUiOiAiUXVlc3Rpb24iLAogICAgIm5hbWUiOiAiUXVpbiDDqXMgZWwgY29zdCBkZSBjb250cmFjdGFyIHVuIHNlcnZlaSBkJ2F1dG9jYXIgYSBCYWRhbG9uYT8iLAogICAgImFjY2VwdGVkQW5zd2VyIjogewogICAgICAiQHR5cGUiOiAiQW5zd2VyIiwKICAgICAgInRleHQiOiAiRWwgcHJldSBkZSBjb250cmFjdGFyIHVuIGF1dG9jYXIgYSBCYWRhbG9uYSBkZXDDqG4gZCdhc3BlY3RlcyBjb20gbGEgZGF0YSBkZWwgc2VydmVpLCBlbCBub21icmUgZGUgcGFzc2F0Z2VycywgZWwgdGlwdXMgZGUgcmVjb3JyZWd1dCwgbGEgZHVyYWRhIGRlbCB2aWF0Z2UgaSBlbCBtb2RlbCBkZSB2ZWhpY2xlIHRyaWF0LiBObyBoaSBoYSB1biBpbXBvcnQgZml4LCBqYSBxdWUgY2FkYSBkZXNwbGHDp2FtZW50IHByZXNlbnRhIG5lY2Vzc2l0YXRzIGRpZmVyZW50cy4gUGVyIG9idGVuaXIgdW5hIHRhcmlmYSBhanVzdGFkYSwgbCdpZGVhbCDDqXMgZmFjaWxpdGFyIG9yaWdlbiwgZGVzdGluYWNpw7MsIGhvcmFyaSBpIG1pZGEgZGVsIGdydXAsIGRlIG1hbmVyYSBxdWUgcHVndWVtIGVsYWJvcmFyIHVuIHByZXNzdXBvc3QgcGVyc29uYWxpdHphdCBpIHRvdGFsbWVudCB0cmFuc3BhcmVudC4iCiAgICB9CiAgfSx7CiAgICAiQHR5cGUiOiAiUXVlc3Rpb24iLAogICAgIm5hbWUiOiAiQ29tIHB1YyBzb2zCt2xpY2l0YXIgdW4gcHJlc3N1cG9zdCBkZSB0cmFuc3BvcnQgZW4gYXV0b2NhciBkZXMgZGUgQmFkYWxvbmE\/IiwKICAgICJhY2NlcHRlZEFuc3dlciI6IHsKICAgICAgIkB0eXBlIjogIkFuc3dlciIsCiAgICAgICJ0ZXh0IjogIlNvbMK3bGljaXRhciB1biBwcmVzc3Vwb3N0IMOpcyBtb2x0IHNlbnppbGwuIE5vbcOpcyBoYXMgZCdvbXBsaXIgZWwgZm9ybXVsYXJpIGFtYiBsZXMgZGFkZXMgcHJpbmNpcGFscyBkZWwgc2VydmVpOiBwdW50IGRlIHJlY29sbGlkYSBhIEJhZGFsb25hLCBkZXN0aW5hY2nDsywgZGF0YSwgbm9tYnJlIGRlIHBhc3NhdGdlcnMgaSB0aXB1cyBkZSB2ZWhpY2xlIHF1ZSBuZWNlc3NpdGVzLiBBbWIgYXF1ZXN0YSBpbmZvcm1hY2nDsyBlbGFib3JlbSB1bmEgcHJvcG9zdGEgZGV0YWxsYWRhLCBxdWUgc2Ugc29sIGVudmlhciBlbiBwb3F1ZXMgaG9yZXMuIFNpIG5lY2Vzc2l0ZXMgb3JpZW50YWNpw7Mgc29icmUgcXVpbiB2ZWhpY2xlIGVzY29sbGlyLCB0YW1iw6kgb2ZlcmltIGFzc2Vzc29yYW1lbnQgcGVyc29uYWxpdHphdC4iCiAgICB9CiAgfSx7CiAgICAiQHR5cGUiOiAiUXVlc3Rpb24iLAogICAgIm5hbWUiOiAiUXVpbnMgc2VydmVpcyBpbmNsb3UgZWwgbGxvZ3VlciBkJ3VuIGF1dG9jYXIgYW1iIGNvbmR1Y3RvciBhIEJhZGFsb25hPyIsCiAgICAiYWNjZXB0ZWRBbnN3ZXIiOiB7CiAgICAgICJAdHlwZSI6ICJBbnN3ZXIiLAogICAgICAidGV4dCI6ICJFbCBsbG9ndWVyIGQndW4gYXV0b2NhciBhbWIgY29uZHVjdG9yIGEgQmFkYWxvbmEgaW5jbG91IGVsIHZlaGljbGUgZXF1aXBhdCBwZXIgYWwgdHJhbnNwb3J0IGRlIHBhc3NhdGdlcnMgaSB1biBjb25kdWN0b3IgcHJvZmVzc2lvbmFsIHF1ZSBnYXJhbnRlaXggdW4gdHJhamVjdGUgc2VndXIuIFRvdHMgZWxzIGF1dG9jYXJzIGRpc3Bvc2VuIGRlIGNsaW1hdGl0emFjacOzLCBzZWllbnRzIGPDsm1vZGVzIGkgc2lzdGVtZXMgZGUgc2VndXJldGF0LiBTZWdvbnMgZWwgc2VydmVpIGNvbnRyYWN0YXQsIGVsIHByZXNzdXBvc3QgcG90IGluY2xvdXJlIGNvbWJ1c3RpYmxlLCBwZWF0Z2VzIGkgZWwgdGVtcHMgZCfDunMgZGVsIHZlaGljbGUuIFNpIGNhbGVuIGVzcGVyZXMsIHBhcmFkZXMgYWRkaWNpb25hbHMgbyBhbHRyZXMgc2VydmVpcywgYXF1ZXN0cyBkZXRhbGxzIHMnZXNwZWNpZmlxdWVuIGNsYXJhbWVudCBkZXMgZGVsIHByaW5jaXBpLiIKICAgIH0KICB9LHsKICAgICJAdHlwZSI6ICJRdWVzdGlvbiIsCiAgICAibmFtZSI6ICJRdWlucyB0aXB1cyBkJ2F1dG9jYXJzIGkgbWluaWJ1c29zIGVzIHBvZGVuIGNvbnRyYWN0YXIgYSBCYWRhbG9uYT8iLAogICAgImFjY2VwdGVkQW5zd2VyIjogewogICAgICAiQHR5cGUiOiAiQW5zd2VyIiwKICAgICAgInRleHQiOiAiRGlzcG9zZW0gZCd1bmEgZmxvdGEgw6BtcGxpYSBhIEJhZGFsb25hLCBhbWIgdmVoaWNsZXMgcXVlIHZhbiBkZXMgZGUgbWluaWJ1c29zIHBlciBhIGdydXBzIHJlZHXDr3RzIGZpbnMgYSBhdXRvY2FycyBkJ3VuZXMgNjAgcGxhY2VzLiBBaXjDsiBlbnMgcGVybWV0IGFkYXB0YXItbm9zIGEgZGVzcGxhw6dhbWVudHMgZXNjb2xhcnMsIGV4Y3Vyc2lvbnMsIGVzZGV2ZW5pbWVudHMgZCdlbXByZXNhIG8gdmlhdGdlcyBkZSBncmFuIGNhcGFjaXRhdC4gTGEgdmFyaWV0YXQgZGUgbW9kZWxzIGRpc3BvbmlibGVzIGZhY2lsaXRhIHRyaWFyIGVsIHZlaGljbGUgcXVlIG1pbGxvciBzJ2FqdXN0aSBhIGxhIG1pZGEgZGVsIGdydXAgaSBhIGxlcyBjYXJhY3RlcsOtc3RpcXVlcyBkZWwgdHJhamVjdGUuIgogICAgfQogIH0sewogICAgIkB0eXBlIjogIlF1ZXN0aW9uIiwKICAgICJuYW1lIjogIk9mZXJpdSBhdXRvY2FycyBhZGFwdGF0cyBwZXIgYSBwZXJzb25lcyBhbWIgbW9iaWxpdGF0IHJlZHXDr2RhIGEgQmFkYWxvbmE\/IiwKICAgICJhY2NlcHRlZEFuc3dlciI6IHsKICAgICAgIkB0eXBlIjogIkFuc3dlciIsCiAgICAgICJ0ZXh0IjogIlPDrSwgY29tcHRlbSBhbWIgdmVoaWNsZXMgYWRhcHRhdHMgcGVyIGEgcGFzc2F0Z2VycyBhbWIgbW9iaWxpdGF0IHJlZHXDr2RhIGEgQmFkYWxvbmEuIEFxdWVzdHMgYXV0b2NhcnMgaW5jbG91ZW4gcGxhdGFmb3JtYSBlbGV2YWRvcmEsIGVzcGFpIHBlciBhIGNhZGlyZXMgZGUgcm9kZXMgaSBzaXN0ZW1lcyBkJ2FuY29yYXRnZSBob21vbG9nYXRzLCBpIGdhcmFudGVpeGVuIHVuIHZpYXRnZSBzZWd1ciBpIGPDsm1vZGUuIEVuIHNvbMK3bGljaXRhciBlbCBwcmVzc3Vwb3N0LCBub23DqXMgY2FsIHF1ZSBpbmRpcXVpcyBxdWUgbmVjZXNzaXRlcyB1biB2ZWhpY2xlIGFkYXB0YXQgcGVycXXDqCBwdWd1ZW0gYXNzaWduYXIgbCdvcGNpw7MgYWRlcXVhZGEuIgogICAgfQogIH0sewogICAgIkB0eXBlIjogIlF1ZXN0aW9uIiwKICAgICJuYW1lIjogIkFtYiBxdWFudGEgYW50ZWxhY2nDsyDDqXMgcmVjb21hbmFibGUgcmVzZXJ2YXIgdW4gYXV0b2NhciBhIEJhZGFsb25hPyIsCiAgICAiYWNjZXB0ZWRBbnN3ZXIiOiB7CiAgICAgICJAdHlwZSI6ICJBbnN3ZXIiLAogICAgICAidGV4dCI6ICJMJ2FudGVsYWNpw7MgcmVjb21hbmFibGUgZGVww6huIGRlbCB0aXB1cyBkZSBzZXJ2ZWkgaSBkZSBsJ8OocG9jYSBkZSBsJ2FueS4gUGVyIGEgZXNkZXZlbmltZW50cyBkJ2FsdGEgZGVtYW5kYSBjb20gZXhjdXJzaW9ucyBlc2NvbGFycywgY2VsZWJyYWNpb25zIG8gY2FwcyBkZSBzZXRtYW5hLCDDqXMgYWNvbnNlbGxhYmxlIHJlc2VydmFyIGFtYiBkaXZlcnNlcyBzZXRtYW5lcyBkZSBtYXJnZS4gVG90IGkgYWl4w7IsIHRhbWLDqSBnZXN0aW9uZW0gc2VydmVpcyB1cmdlbnRzIHF1YW4gaGkgaGEgZGlzcG9uaWJpbGl0YXQuIFJlc2VydmFyIGNvbSBhYmFucyBtaWxsb3Igc2VtcHJlIGF1Z21lbnRhIGxlcyBwb3NzaWJpbGl0YXRzIGQnb2J0ZW5pciBlbCB2ZWhpY2xlIGlkZWFsIGVuIGxhIGRhdGEgZGVzaXRqYWRhLiIKICAgIH0KICB9LHsKICAgICJAdHlwZSI6ICJRdWVzdGlvbiIsCiAgICAibmFtZSI6ICJRdWlucyB0aXB1cyBkZSBkZXNwbGHDp2FtZW50cyBlcyBwb2RlbiBmZXIgZGVzIGRlIEJhZGFsb25hPyIsCiAgICAiYWNjZXB0ZWRBbnN3ZXIiOiB7CiAgICAgICJAdHlwZSI6ICJBbnN3ZXIiLAogICAgICAidGV4dCI6ICJPZmVyaW0gdW5hIMOgbXBsaWEgdmFyaWV0YXQgZGUgc2VydmVpcyBkZSB0cmFuc3BvcnQgZGVzIGRlIEJhZGFsb25hOiB0cmFzbGxhdHMgY29ycG9yYXRpdXMsIHJ1dGVzIGVzY29sYXJzLCBleGN1cnNpb25zIHR1csOtc3RpcXVlcywgZGVzcGxhw6dhbWVudHMgZXNwb3J0aXVzLCBjYXNhbWVudHMsIGNlbGVicmFjaW9ucyBmYW1pbGlhcnMsIHRyYXNsbGF0cyBhIGwnYWVyb3BvcnQgaSBzZXJ2ZWlzIHByaXZhdHMgdG90YWxtZW50IHBlcnNvbmFsaXR6YXRzLiBMYSBub3N0cmEgZmxvdGEgaSBlbCBub3N0cmUgZXF1aXAgcGVybWV0ZW4gY29icmlyIHRhbnQgbmVjZXNzaXRhdHMgcHVudHVhbHMgY29tIHJ1dGVzIHJlY3VycmVudHMuIgogICAgfQogIH0sewogICAgIkB0eXBlIjogIlF1ZXN0aW9uIiwKICAgICJuYW1lIjogIkZldSB0cmFqZWN0ZXMgZGVzIGRlIEJhZGFsb25hIGNhcCBhIGFsdHJlcyBjaXV0YXRzIG8gcmVnaW9ucz8iLAogICAgImFjY2VwdGVkQW5zd2VyIjogewogICAgICAiQHR5cGUiOiAiQW5zd2VyIiwKICAgICAgInRleHQiOiAiU8OtLCBmZW0gZGVzcGxhw6dhbWVudHMgZGVzIGRlIEJhZGFsb25hIGEgcXVhbHNldm9sIHB1bnQgZGUgQ2F0YWx1bnlhIGkgZmlucyBpIHRvdCBhIGFsdHJlcyBjb211bml0YXRzIGF1dMOybm9tZXMuIFRhbWLDqSBvZmVyaW0gcnV0ZXMgdHVyw61zdGlxdWVzLCB2aWF0Z2VzIGRlIG1pdGphbmEgaSBsbGFyZ2EgZGlzdMOgbmNpYSwgdHJhbnNmZXJzIGEgbCdhZXJvcG9ydCBpIHNvcnRpZGVzIHBlciBhIGVzZGV2ZW5pbWVudHMuIE5vbcOpcyBjYWwgcXVlIGluZGlxdWlzIG9yaWdlbiwgZGVzdGluYWNpw7MgaSBkYXRhIHBlcnF1w6ggcHVndWVtIHBsYW5pZmljYXIgdW4gc2VydmVpIHRvdGFsbWVudCBhZGFwdGF0IGEgbCdpdGluZXJhcmkgZGVsIGdydXAuIgogICAgfQogIH1dCn0KPC9zY3JpcHQ+[\/vc_raw_html][\/vc_column][\/vc_row]<\/p>\n<\/div>","protected":false},"excerpt":{"rendered":"<p>[vc_row row_fullwidth=\u00bb1&#8243; row_zero_column_space=\u00bb1&#8243; css=\u00bb.vc_custom_1461073450203{margin-top: 0px !important;margin-right: 0px !important;margin-bottom: 0px !important;margin-left: 0px !important;padding-top: 0px !important;padding-right: 0px !important;padding-bottom: 0px !important;padding-left: 0px !important;}\u00bb][vc_column offset=\u00bbvc_hidden-sm vc_hidden-xs\u00bb][rev_slider_vc alias=\u00bbbadalona-1&#8243; el_class=\u00bbno-bottom-margin\u00bb][\/vc_column][\/vc_row][vc_row gap=\u00bb5&#8243; row_fullwidth=\u00bb1&#8243; css=\u00bb.vc_custom_1684321545730{margin-top: 0px !important;margin-bottom: 0px [&hellip;]<\/p>\n","protected":false},"author":10,"featured_media":0,"parent":0,"menu_order":0,"comment_status":"closed","ping_status":"closed","template":"","meta":{"footnotes":""},"class_list":["post-15122","page","type-page","status-publish","hentry"],"_links":{"self":[{"href":"https:\/\/badabus.com\/ca\/wp-json\/wp\/v2\/pages\/15122","targetHints":{"allow":["GET"]}}],"collection":[{"href":"https:\/\/badabus.com\/ca\/wp-json\/wp\/v2\/pages"}],"about":[{"href":"https:\/\/badabus.com\/ca\/wp-json\/wp\/v2\/types\/page"}],"author":[{"embeddable":true,"href":"https:\/\/badabus.com\/ca\/wp-json\/wp\/v2\/users\/10"}],"replies":[{"embeddable":true,"href":"https:\/\/badabus.com\/ca\/wp-json\/wp\/v2\/comments?post=15122"}],"version-history":[{"count":9,"href":"https:\/\/badabus.com\/ca\/wp-json\/wp\/v2\/pages\/15122\/revisions"}],"predecessor-version":[{"id":16023,"href":"https:\/\/badabus.com\/ca\/wp-json\/wp\/v2\/pages\/15122\/revisions\/16023"}],"wp:attachment":[{"href":"https:\/\/badabus.com\/ca\/wp-json\/wp\/v2\/media?parent=15122"}],"curies":[{"name":"wp","href":"https:\/\/api.w.org\/{rel}","templated":true}]}}