{"id":15109,"date":"2026-08-21T09:39:35","date_gmt":"2026-08-21T07:39:35","guid":{"rendered":"https:\/\/badabus.com\/?page_id=15109"},"modified":"2026-08-31T12:13:05","modified_gmt":"2026-08-31T10:13:05","slug":"lloguer-autocar-viladecans","status":"publish","type":"page","link":"https:\/\/badabus.com\/ca\/lloguer-autocar-viladecans\/","title":{"rendered":"Inici Viladecans CAT"},"content":{"rendered":"<div class=\"wpb-content-wrapper\"><p>[vc_row row_fullwidth=\u00bb1&#8243; row_zero_column_space=\u00bb1&#8243; css=\u00bb.vc_custom_1461073450203{margin-top: 0px !important;margin-right: 0px !important;margin-bottom: 0px !important;margin-left: 0px !important;padding-top: 0px !important;padding-right: 0px !important;padding-bottom: 0px !important;padding-left: 0px !important;}\u00bb][vc_column offset=\u00bbvc_hidden-sm vc_hidden-xs\u00bb][rev_slider_vc alias=\u00bbviladecans-1&#8243; el_class=\u00bbno-bottom-margin\u00bb][\/vc_column][\/vc_row][vc_row gap=\u00bb5&#8243; row_fullwidth=\u00bb1&#8243; css=\u00bb.vc_custom_1684321545730{margin-top: 0px !important;margin-bottom: 0px !important;padding-top: 40px !important;padding-right: 40px !important;padding-left: 40px !important;background-color: #ffffff !important;}\u00bb][vc_column offset=\u00bbvc_hidden-sm vc_hidden-xs\u00bb][vc_column_text css=\u00bb\u00bb]<\/p>\n<h1 class=\"h1-home-cat\">Lloguer d&#8217;autocars a Viladecans<\/h1>\n<h2 class=\"h1-servicios\">Les nostres opcions d&#8217;autocars per a Viladecans<\/h2>\n<p>[\/vc_column_text][vc_raw_html css=\u00bb\u00bb]JTVCYmFkYWJ1c19zZXJ2ZWlzJTVE[\/vc_raw_html][\/vc_column][vc_column offset=\u00bbvc_hidden-sm vc_hidden-xs\u00bb css=\u00bb.vc_custom_1744208769323{margin-top: 50px !important;background-color: #F6F6F6 !important;}\u00bb][vc_custom_heading text=\u00bbNecessites un autocar a Viladecans per al teu trajecte?\u00bb font_container=\u00bbtag:h2|font_size:40|text_align:center|color:%23000000|line_height:30px\u00bb google_fonts=\u00bbfont_family:Raleway%3A100%2C200%2C300%2Cregular%2C500%2C600%2C700%2C800%2C900|font_style:300%20light%20regular%3A300%3Anormal\u00bb css=\u00bb.vc_custom_1745401433343{margin-top: 0px !important;margin-bottom: 0px !important;padding-top: 20px !important;padding-bottom: 0px !important;}\u00bb][vc_column_text css=\u00bb.vc_custom_1745401453101{margin-top: 10px !important;margin-bottom: 10px !important;}\u00bb]<\/p>\n<p style=\"text-align: center;\">Sol\u00b7licita el teu trajecte i t&#8217;enviem el pressupost en un termini m\u00e0xim de 24 h laborables.<\/p>\n<p>[\/vc_column_text][vc_btn title=\u00bbSol\u00b7licitar pressupost per a lloguer d&#8217;autocar\u00bb style=\u00bboutline-custom\u00bb outline_custom_color=\u00bb#000000&#8243; outline_custom_hover_background=\u00bb#000000&#8243; outline_custom_hover_text=\u00bb#ffffff\u00bb shape=\u00bbround\u00bb size=\u00bblg\u00bb align=\u00bbcenter\u00bb i_type=\u00bblinecons\u00bb i_icon_linecons=\u00bbvc_li vc_li-clip\u00bb css=\u00bb.vc_custom_1786962810552{margin-top: 20px !important;margin-bottom: 55px !important;}\u00bb add_icon=\u00bbtrue\u00bb link=\u00bburl:https%3A%2F%2Fbadabus.com%2Fca%2Fpressupost-lloguer-dautobusos%2F|title:Pressupost%20lloguer%20d&#8217;autobusos\u00bb][\/vc_column][\/vc_row][vc_row row_fullwidth=\u00bb1&#8243; css=\u00bb.vc_custom_1613379287195{padding-right: 0px !important;padding-left: 0px !important;background-color: #0a0a0a !important;}\u00bb][vc_column css=\u00bb.vc_custom_1710964759406{padding-top: 0px !important;padding-right: 0px !important;padding-bottom: 0px !important;padding-left: 0px !important;background: #0a0a0a url(https:\/\/badabus.com\/wp-content\/uploads\/Alex-Bascuas-Photo-9610-opacity.jpg?id=9993) !important;background-position: center !important;background-repeat: no-repeat !important;background-size: cover !important;}\u00bb offset=\u00bbvc_hidden-lg vc_hidden-md\u00bb el_class=\u00bbimagen-background-home-mobile\u00bb][vc_column_text css=\u00bb.vc_custom_1745401621870{margin-top: 45px !important;margin-right: 5% !important;margin-bottom: 45px !important;margin-left: 5% !important;padding-right: 0px !important;padding-left: 0px !important;background-position: center !important;background-repeat: no-repeat !important;background-size: cover !important;}\u00bb]<\/p>\n<h1 class=\"h1-home-mob\">Lloguer d&#8217;autocars a Viladecans<\/h1>\n<p>[\/vc_column_text][vc_btn title=\u00bbDEMANA PRESSUPOST\u00bb style=\u00bbcustom\u00bb custom_background=\u00bb#e22893&#8243; custom_text=\u00bb#ffffff\u00bb shape=\u00bbround\u00bb css=\u00bb.vc_custom_1786962817669{margin-left: 30px !important;}\u00bb link=\u00bburl:https%3A%2F%2Fbadabus.com%2Fca%2Fpressupost-lloguer-dautobusos%2F|title:Pressupost%20lloguer%20d&#8217;autobusos\u00bb][\/vc_column][\/vc_row][vc_row css=\u00bb.vc_custom_1744208838364{margin-top: 130px !important;margin-bottom: 15px !important;}\u00bb][vc_column width=\u00bb1\/2&#8243;][vc_column_text css=\u00bb\u00bb]<\/p>\n<h2>Des de quins barris de Viladecans sortim en autocar?<\/h2>\n<p>A Viladecans fem recollides en autocar en zones com Can Palmer, Torre Roja, Barri Antic, Sales o Gabrielistes, ajustant-nos a les ubicacions m\u00e9s habituals d&#8217;empreses, escoles o esdeveniments.<\/p>\n<p>Tamb\u00e9 operem en zones residencials com Can Batllori o Els Rourets, garantint que el punt de sortida sigui el m\u00e9s a prop possible del grup. El nostre objectiu \u00e9s oferir un servei c\u00f2mode i accessible des de qualsevol barri. Si necessites un transport m\u00e9s lleuger, tamb\u00e9 disposem de <a href=\"https:\/\/badabus.com\/ca\/lloguer-minibus-viladecans\/\">minib\u00fas a Viladecans<\/a>.[\/vc_column_text][\/vc_column][vc_column width=\u00bb1\/2&#8243;][vc_single_image image=\u00bb12897&#8243; img_size=\u00bb450&#215;450&#8243; css=\u00bb\u00bb][\/vc_column][\/vc_row][vc_row css=\u00bb.vc_custom_1744208847931{margin-top: 70px !important;margin-bottom: 30px !important;}\u00bb][vc_column width=\u00bb1\/2&#8243;][vc_column_text css=\u00bb.vc_custom_1787574244930{margin-bottom: 20px !important;}\u00bb]<\/p>\n<h2>De quantes places s\u00f3n els autocars?<\/h2>\n<p>A Viladecans comptem amb microbusos d&#8217;entre 16 i 25 places, ideals per a grups redu\u00efts que busquen un trasllat c\u00f2mode i eficient, ja sigui per a empreses, esdeveniments o sortides privades.<\/p>\n<p>Tamb\u00e9 oferim el <a href=\"https:\/\/badabus.com\/ca\/lloguer-autocar-barcelona\/\">lloguer d&#8217;autocars<\/a> de m\u00e9s capacitat, amb 35, 50 i fins a 55 places, perfectes per a escoles, associacions, equips esportius o ag\u00e8ncies de viatges que operen des de la ciutat.<\/p>\n<h3>Vols con\u00e8ixer la nostra flota d&#8217;autocars per a Viladecans?<\/h3>\n<p>[\/vc_column_text][vc_btn title=\u00bbVEURE FLOTA D&#8217;AUTOCARS\u00bb style=\u00bboutline-custom\u00bb outline_custom_color=\u00bb#000000&#8243; outline_custom_hover_background=\u00bb#000000&#8243; outline_custom_hover_text=\u00bb#ffffff\u00bb shape=\u00bbround\u00bb align=\u00bbleft\u00bb i_type=\u00bblinecons\u00bb i_icon_linecons=\u00bbvc_li vc_li-clip\u00bb css=\u00bb.vc_custom_1786962603729{margin-bottom: 35px !important;}\u00bb add_icon=\u00bbtrue\u00bb link=\u00bburl:https%3A%2F%2Fbadabus.com%2Fca%2Fflota%2F\u00bb][\/vc_column][vc_column width=\u00bb1\/2&#8243;][vc_single_image image=\u00bb15241&#8243; img_size=\u00bb450&#215;420&#8243; css=\u00bb\u00bb][\/vc_column][\/vc_row][vc_row css=\u00bb.vc_custom_1744209919418{padding-top: 35px !important;background-color: #25A6B9 !important;}\u00bb][vc_column width=\u00bb2\/3&#8243;][vc_column_text css=\u00bb\u00bb]<strong style=\"font-size: 26px; color: white;\">Necessites un autocar a Viladecans per al teu trajecte?<\/strong>[\/vc_column_text][\/vc_column][vc_column width=\u00bb1\/3&#8243;][vc_btn title=\u00bbPressupost en 24 h\u00bb style=\u00bboutline-custom\u00bb outline_custom_color=\u00bb#FFFFFF\u00bb outline_custom_hover_background=\u00bb#000000&#8243; outline_custom_hover_text=\u00bb#ffffff\u00bb shape=\u00bbround\u00bb align=\u00bbleft\u00bb i_type=\u00bblinecons\u00bb i_icon_linecons=\u00bbvc_li vc_li-clip\u00bb css=\u00bb.vc_custom_1786962619943{margin-bottom: 35px !important;}\u00bb add_icon=\u00bbtrue\u00bb link=\u00bburl:https%3A%2F%2Fbadabus.com%2Fca%2Fpressupost-lloguer-dautobusos%2F|title:Pressupost%20lloguer%20d&#8217;autobusos\u00bb][\/vc_column][\/vc_row][vc_row gap=\u00bb20&#8243; equal_height=\u00bbyes\u00bb css=\u00bb.vc_custom_1719475441479{margin-top: 40px !important;padding-top: 40px !important;padding-bottom: 120px !important;background-image: url(https:\/\/badabus.com\/wp-content\/uploads\/dotted.png?id=2221) !important;}\u00bb][vc_column][vc_column_text css=\u00bb\u00bb]<\/p>\n<p style=\"text-align: center; font-size: 40px; font-family: gotham-rounded; line-height: 1em;\"><strong>Per qu\u00e8 triar-nos per al teu trajecte des de Viladecans?<\/strong><\/p>\n<p>[\/vc_column_text][vc_row_inner equal_height=\u00bbyes\u00bb css=\u00bb.vc_custom_1744209697713{margin-bottom: 0px !important;padding-top: 20px !important;padding-bottom: 0px !important;}\u00bb][vc_column_inner width=\u00bb1\/3&#8243; css=\u00bb.vc_custom_1719475287975{background-color: #25a6b9 !important;border-radius: 5px !important;}\u00bb][vc_column_text css=\u00bb\u00bb]<\/p>\n<p class=\"numero-porque\">\/\/ 01<\/p>\n<p class=\"titulo-porque\">Seguretat<\/p>\n<p class=\"p-porque\">Revisem els nostres vehicles de manera rigorosa per oferir-te sempre un servei fiable i segur en els teus trajectes.<\/p>\n<p>[\/vc_column_text][vc_btn title=\u00bbVEURE FLOTA\u00bb style=\u00bboutline-custom\u00bb outline_custom_color=\u00bb#ffffff\u00bb outline_custom_hover_background=\u00bb#ffffff\u00bb outline_custom_hover_text=\u00bb#25a6b9&#8243; shape=\u00bbround\u00bb size=\u00bbsm\u00bb css=\u00bb.vc_custom_1786962632049{margin-left: 35px !important;}\u00bb link=\u00bburl:https%3A%2F%2Fbadabus.com%2Fca%2Fflota%2F|title:Veure%20flota%20d&#8217;autocars\u00bb][vc_empty_space][\/vc_column_inner][vc_column_inner width=\u00bb1\/3&#8243; css=\u00bb.vc_custom_1719475336589{background-color: #9b6da6 !important;border-radius: 5px !important;}\u00bb][vc_column_text css=\u00bb\u00bb]<\/p>\n<p class=\"numero-porque\">\/\/ 02<\/p>\n<p class=\"titulo-porque\">Confort<\/p>\n<p class=\"p-porque\">El confort i la seguretat s\u00f3n dos dels principals pilars en el disseny de tots els nostres autocars.<\/p>\n<p>[\/vc_column_text][vc_btn title=\u00bbVEURE FLOTA\u00bb style=\u00bboutline-custom\u00bb outline_custom_color=\u00bb#ffffff\u00bb outline_custom_hover_background=\u00bb#ffffff\u00bb outline_custom_hover_text=\u00bb#9b6da6&#8243; shape=\u00bbround\u00bb size=\u00bbsm\u00bb css=\u00bb.vc_custom_1786962641425{margin-left: 35px !important;}\u00bb link=\u00bburl:https%3A%2F%2Fbadabus.com%2Fca%2Fflota%2F|title:Veure%20flota%20d&#8217;autocars\u00bb][vc_empty_space][\/vc_column_inner][vc_column_inner width=\u00bb1\/3&#8243; css=\u00bb.vc_custom_1719475343640{background-color: #e22893 !important;border-radius: 5px !important;}\u00bb][vc_column_text css=\u00bb\u00bb]<\/p>\n<p class=\"numero-porque\">\/\/ 03<\/p>\n<p class=\"titulo-porque\">Conductors<\/p>\n<p class=\"p-porque\">Viatges acompanyat per conductors que combinen professionalitat i coneixement de la ruta per tenir cura de tu en tot moment.<\/p>\n<p>[\/vc_column_text][vc_btn title=\u00bbVEURE FLOTA\u00bb style=\u00bboutline-custom\u00bb outline_custom_color=\u00bb#ffffff\u00bb outline_custom_hover_background=\u00bb#ffffff\u00bb outline_custom_hover_text=\u00bb#e22893&#8243; shape=\u00bbround\u00bb size=\u00bbsm\u00bb css=\u00bb.vc_custom_1786962649601{margin-left: 35px !important;}\u00bb link=\u00bburl:https%3A%2F%2Fbadabus.com%2Fca%2Fflota%2F|title:Veure%20flota%20d&#8217;autocars\u00bb][vc_empty_space][\/vc_column_inner][\/vc_row_inner][\/vc_column][\/vc_row][vc_row gap=\u00bb35&#8243; row_fullwidth=\u00bb1&#8243; css=\u00bb.vc_custom_1595256381018{margin-bottom: 0px !important;padding-top: 0px !important;padding-bottom: 15px !important;background-color: #ffffff !important;}\u00bb][vc_column width=\u00bb2\/3&#8243; offset=\u00bbvc_hidden-lg vc_hidden-md\u00bb css=\u00bb.vc_custom_1595256410887{margin-top: -100px !important;}\u00bb][vc_column_text css=\u00bb.vc_custom_1595254868036{margin-bottom: -10px !important;}\u00bb]<\/p>\n<p style=\"font-size: 25px; font-family: 'gotham-rounded'; text-align: left; color: #25a8ba; line-height: 1em;\"><strong>La teva companyia de confian\u00e7a<\/strong><\/p>\n<p>[\/vc_column_text][vc_column_text]<\/p>\n<p style=\"font-size: 20px; font-family: 'gotham-rounded'; text-align: left;\"><strong>Badabus \u00e9s una empresa familiar dedicada al transport de viatgers per carretera.<\/strong><\/p>\n<p>Empresa especialista en el lloguer d&#8217;autocars i minibusos. Ens avala l&#8217;experi\u00e8ncia de m\u00e9s de 25 anys en el sector de les persones que la dirigim.[\/vc_column_text][vc_btn title=\u00bbVols saber-ne m\u00e9s?\u00bb style=\u00bbgradient-custom\u00bb gradient_custom_color_1=\u00bb#25a6b9&#8243; gradient_custom_color_2=\u00bb#e22893&#8243; shape=\u00bbround\u00bb size=\u00bblg\u00bb align=\u00bbleft\u00bb css=\u00bb.vc_custom_1786962660641{padding-right: 3% !important;padding-left: 3% !important;}\u00bb link=\u00bburl:https%3A%2F%2Fbadabus.com%2Fca%2Fflota%2F|title:Flota\u00bb][\/vc_column][vc_column width=\u00bb1\/3&#8243; offset=\u00bbvc_hidden-lg vc_hidden-md\u00bb][vc_column_text css=\u00bb\u00bb]<b style=\"text-align: left; font-size: 20px;\"><img loading=\"lazy\" decoding=\"async\" class=\"alignnone wp-image-1964\" src=\"https:\/\/badabus.com\/wp-content\/uploads\/flechas-badabus.jpg\" alt=\"\" width=\"45\" height=\"27\" \/> CONTACTE<\/b>[\/vc_column_text][vc_column_text css=\u00bb\u00bb]<\/p>\n<h3 style=\"text-align: left; font-size: 20px;\">Autocares Badabus<\/h3>\n<p>Adre\u00e7a: <a href=\"https:\/\/www.google.com\/maps\/place\/Autocares+Badabus\/@41.3518513,2.1340148,17z\/data=!3m1!4b1!4m6!3m5!1s0x12a498a57225f481:0x27ebbd8420ff8f5e!8m2!3d41.3518513!4d2.1340148!16s%2Fg%2F11fz9zb2tf?entry=ttu\" target=\"_blank\" rel=\"noopener noreferrer\">C\/Plom, 28 \u2013 08038 (Barcelona)<\/a><br \/>\nCorreu electr\u00f2nic: <a href=\"mailto:info@badabus.com\">info@badabus.com<\/a><br \/>\n<img loading=\"lazy\" decoding=\"async\" class=\"size-full wp-image-2239 alignleft\" src=\"https:\/\/badabus.com\/wp-content\/uploads\/telefon-de-lloguer-autocars-badabus.jpg\" alt=\"telefono de alquiler autocares badabus\" width=\"341\" height=\"124\" \/>[\/vc_column_text][\/vc_column][\/vc_row][vc_row gap=\u00bb35&#8243; css=\u00bb.vc_custom_1744210760780{margin-bottom: 25px !important;}\u00bb][vc_column width=\u00bb2\/3&#8243; css=\u00bb.vc_custom_1748242554136{margin-right: 30px !important;}\u00bb][vc_column_text css=\u00bb\u00bb]<\/p>\n<h2 style=\"font-size: 20px;\">Trajectes freq\u00fcents des de Viladecans amb els nostres autocars<\/h2>\n<p style=\"font-weight: 400; text-align: justify;\">Entre els trajectes en autocar des de Viladecans hi ha les excursions escolars a Montserrat, les visites a museus de Barcelona i els trasllats a esdeveniments esportius o activitats a l&#8217;aire lliure. Cada servei s&#8217;adapta a les caracter\u00edstiques del grup.<\/p>\n<p style=\"font-weight: 400; text-align: justify;\">Tamb\u00e9 oferim trasllats des de Viladecans a l&#8217;aeroport, molt sol\u00b7licitats per empreses i grups tur\u00edstics. Per als viatges de final de curs garantim autocars equipats, conductors professionals i rutes planificades al detall.<\/p>\n<h3 style=\"font-weight: 400;\">Serveis m\u00e9s demandats de lloguer d&#8217;autocars a Viladecans<\/h3>\n<p style=\"font-weight: 400; text-align: justify;\">A Viladecans, un dels serveis m\u00e9s sol\u00b7licitats \u00e9s el transport de treballadors a centres log\u00edstics i zones industrials. Tamb\u00e9 fem molts trajectes escolars, des d&#8217;excursions d&#8217;un dia fins a viatges de diversos dies pel territori.<\/p>\n<p style=\"font-weight: 400; text-align: justify;\">Casaments, esdeveniments familiars, trobades esportives i sortides tur\u00edstiques completen la llista de serveis m\u00e9s demandats a Viladecans. Adaptem els nostres autocars a les necessitats de cada grup i oferim sempre puntualitat i confort en tots els trajectes.<\/p>\n<h3 style=\"font-weight: 400;\">Per qu\u00e8 \u00e9s millor llogar un autocar a Viladecans amb nosaltres?<\/h3>\n<p style=\"font-weight: 400; text-align: justify;\">Llogar un autocar amb nosaltres a Viladecans \u00e9s comptar amb una empresa que opera regularment a la ciutat. Aix\u00f2 ens permet oferir una recollida r\u00e0pida des de qualsevol barri i un coneixement detallat de les rutes locals, cosa que garanteix efici\u00e8ncia en cada trajecte.<\/p>\n<p style=\"font-weight: 400; text-align: justify;\">A m\u00e9s, mantenim una col\u00b7laboraci\u00f3 activa amb escoles, empreses de l&#8217;entorn log\u00edstic i organitzadors d&#8217;esdeveniments de la zona, cosa que ens converteix en una opci\u00f3 de confian\u00e7a per a qualsevol tipus de trasllat. Proximitat, experi\u00e8ncia i flexibilitat formen part del nostre dia a dia a Viladecans.<\/p>\n<p>[\/vc_column_text][vc_empty_space height=\u00bb30px\u00bb][vc_column_text css=\u00bb\u00bb]<strong style=\"margin-left: 6px;\">POBLACIONS ON OFERIM SERVEI DE LLOGUER D&#8217;AUTOCARS<br \/>\n<\/strong><div class=\"menu-horizontal\"><ul><div class=\"menu-horizontal\"><li id=\"menu-item-15934\" class=\"menu-item menu-item-type-post_type menu-item-object-page menu-item-15934\"><a href=\"https:\/\/badabus.com\/ca\/lloguer-autocar-badalona\/\">Lloguer autocar a Badalona<\/a><\/li> | <li id=\"menu-item-15940\" class=\"menu-item menu-item-type-post_type menu-item-object-page menu-item-15940\"><a href=\"https:\/\/badabus.com\/ca\/lloguer-autocar-hospitalet-de-llobregat\/\">Lloguer autocar a Hospitalet de Llobregat<\/a><\/li> | <li id=\"menu-item-15936\" class=\"menu-item menu-item-type-post_type menu-item-object-page menu-item-15936\"><a href=\"https:\/\/badabus.com\/ca\/lloguer-autocar-cornella-de-llobregat\/\">Lloguer autocar a Cornell\u00e0 de Llobregat<\/a><\/li> | <li id=\"menu-item-15938\" class=\"menu-item menu-item-type-post_type menu-item-object-page menu-item-15938\"><a href=\"https:\/\/badabus.com\/ca\/lloguer-autocar-esplugues-de-llobregat\/\">Lloguer autocar a Esplugues de Llobregat<\/a><\/li> | <li id=\"menu-item-15945\" class=\"menu-item menu-item-type-post_type menu-item-object-page menu-item-15945\"><a href=\"https:\/\/badabus.com\/ca\/lloguer-autocar-santa-coloma-de-gramenet\/\">Lloguer autocar a Santa Coloma de Gramenet<\/a><\/li> | <li id=\"menu-item-15937\" class=\"menu-item menu-item-type-post_type menu-item-object-page menu-item-15937\"><a href=\"https:\/\/badabus.com\/ca\/lloguer-autocar-el-prat-de-llobregat\/\">Lloguer autocar a El Prat de Llobregat<\/a><\/li> | <li id=\"menu-item-15946\" class=\"menu-item menu-item-type-post_type menu-item-object-page menu-item-15946\"><a href=\"https:\/\/badabus.com\/ca\/lloguer-autocar-viladecans\/\">Lloguer autocar a Viladecans<\/a><\/li> | <li id=\"menu-item-15935\" class=\"menu-item menu-item-type-post_type menu-item-object-page menu-item-15935\"><a href=\"https:\/\/badabus.com\/ca\/lloguer-autocar-castelldefels\/\">Lloguer autocar a Castelldefels<\/a><\/li> | <li id=\"menu-item-15939\" class=\"menu-item menu-item-type-post_type menu-item-object-page menu-item-15939\"><a href=\"https:\/\/badabus.com\/ca\/lloguer-autocar-gava\/\">Lloguer autocar a Gav\u00e0<\/a><\/li> | <li id=\"menu-item-15944\" class=\"menu-item menu-item-type-post_type menu-item-object-page menu-item-15944\"><a href=\"https:\/\/badabus.com\/ca\/lloguer-autocar-sant-joan-despi\/\">Lloguer autocar a Sant Joan Desp\u00ed<\/a><\/li> | <li id=\"menu-item-15942\" class=\"menu-item menu-item-type-post_type menu-item-object-page menu-item-15942\"><a href=\"https:\/\/badabus.com\/ca\/lloguer-autocar-sant-boi-de-llobregat\/\">Lloguer autocar a Sant Boi de Llobregat<\/a><\/li> | <li id=\"menu-item-15943\" class=\"menu-item menu-item-type-post_type menu-item-object-page menu-item-15943\"><a href=\"https:\/\/badabus.com\/ca\/lloguer-autocar-sant-feliu-de-llobregat\/\">Lloguer autocar a Sant Feliu de Llobregat<\/a><\/li> | <li id=\"menu-item-15941\" class=\"menu-item menu-item-type-post_type menu-item-object-page menu-item-15941\"><a href=\"https:\/\/badabus.com\/ca\/lloguer-autocar-sant-adria-de-besos\/\">Lloguer autocar a Sant Adri\u00e0 de Bes\u00f2s<\/a><\/li>\n<\/div><\/ul><\/div>[\/vc_column_text][vc_tta_accordion section_title_tag=\u00bbh2&#8243; color=\u00bbwhite\u00bb active_section=\u00bb1&#8243;][vc_tta_section title=\u00bbQuin preu t\u00e9 llogar un autocar o autob\u00fas a Viladecans?\u00bb tab_id=\u00bb1764231165882-42bc3302-2319&#8243;][vc_column_text css=\u00bb\u00bb]<\/p>\n<p data-start=\"518\" data-end=\"1031\">El preu de llogar un autocar a Viladecans dep\u00e8n del recorregut, la data del servei, la durada del trajecte, la capacitat del vehicle i el nombre de passatgers. Com que cada despla\u00e7ament t\u00e9 caracter\u00edstiques diferents, no hi ha una tarifa fixa. Per obtenir un pressupost exacte, nom\u00e9s cal indicar el punt de recollida a Viladecans, la destinaci\u00f3, l&#8217;horari i la mida del grup. Amb aquesta informaci\u00f3 elaborem una proposta personalitzada, totalment clara i sense costos addicionals.<\/p>\n<p>[\/vc_column_text][\/vc_tta_section][vc_tta_section title=\u00bbCom puc sol\u00b7licitar un pressupost de transport en autocar des de Viladecans?\u00bb tab_id=\u00bb1764231165909-4d5926fe-3085&#8243;][vc_column_text css=\u00bb\u00bb]<\/p>\n<p data-start=\"1143\" data-end=\"1543\">Sol\u00b7licitar un pressupost \u00e9s molt senzill. Nom\u00e9s has d&#8217;omplir el formulari amb les dades essencials del viatge: data del servei, origen a Viladecans, destinaci\u00f3, nombre de passatgers i el tipus de vehicle desitjat. Amb aquesta informaci\u00f3 elaborem una proposta detallada en poques hores. Si necessites ajuda per triar el vehicle m\u00e9s adequat, oferim assessorament sense comprom\u00eds.<\/p>\n<p>[\/vc_column_text][\/vc_tta_section][vc_tta_section title=\u00bbQu\u00e8 inclou el servei de lloguer d&#8217;autocar a Viladecans?\u00bb tab_id=\u00bb1764231210900-ca50629a-2bf8&#8243;][vc_column_text css=\u00bb\u00bb]<\/p>\n<p data-start=\"1638\" data-end=\"2127\">El servei inclou un autocar completament equipat i un conductor professional que s&#8217;encarrega del trajecte amb total seguretat i puntualitat. Els vehicles disposen de climatitzaci\u00f3, seients confortables, cinturons de seguretat i equipament orientat al confort del passatger. Segons el tipus de servei, el pressupost pot incloure combustible, peatges i les hores contractades. Qualsevol servei extra es detalla abans de confirmar la reserva per evitar sorpreses.<\/p>\n<p>[\/vc_column_text][\/vc_tta_section][vc_tta_section title=\u00bbQuins tipus de vehicles hi ha disponibles a Viladecans?\u00bb tab_id=\u00bb1764231228635-4d9bf1f9-9fa2&#8243;][vc_column_text css=\u00bb\u00bb]<\/p>\n<p data-start=\"2216\" data-end=\"2645\">A Viladecans comptem amb una flota variada que inclou minibusos per a grups petits i autocars de gran capacitat, que arriben aproximadament a les 60 places. Aquesta diversitat permet cobrir tota mena de serveis: excursions escolars, trasllats empresarials, viatges tur\u00edstics, celebracions familiars o esdeveniments corporatius. Cada grup pot seleccionar el vehicle que millor s&#8217;ajusti a les seves necessitats.<\/p>\n<p>[\/vc_column_text][\/vc_tta_section][vc_tta_section title=\u00bbDisposeu d&#8217;autocars adaptats per a persones amb mobilitat redu\u00efda a Viladecans?\u00bb tab_id=\u00bb1764231244310-8c2bee42-9ca3&#8243;][vc_column_text css=\u00bb\u00bb]<\/p>\n<p data-start=\"2763\" data-end=\"3106\">S\u00ed, posem a disposici\u00f3 autocars i minibusos adaptats per a persones amb mobilitat redu\u00efda a Viladecans. Aquests vehicles inclouen plataforma elevadora, espai per a cadires de rodes i sistemes de subjecci\u00f3 homologats. Per assignar el model adequat, nom\u00e9s cal indicar aquesta necessitat en sol\u00b7licitar el pressupost.<\/p>\n<p>[\/vc_column_text][\/vc_tta_section][vc_tta_section title=\u00bbAmb quanta antelaci\u00f3 hauria de reservar un autocar a Viladecans?\u00bb tab_id=\u00bb1764231260202-59e14fec-e39b\u00bb][vc_column_text css=\u00bb\u00bb]<\/p>\n<p data-start=\"3204\" data-end=\"3624\">L&#8217;antelaci\u00f3 ideal dep\u00e8n de la temporada i del tipus de despla\u00e7ament. Durant els per\u00edodes d&#8217;alta demanda \u2014com ara excursions escolars, caps de setmana, esdeveniments esportius o celebracions\u2014 \u00e9s recomanable reservar amb diverses setmanes de marge. Tot i aix\u00ed, tamb\u00e9 gestionem reserves d&#8217;\u00faltima hora si hi ha disponibilitat. Com abans es confirmi la reserva, m\u00e9s f\u00e0cil ser\u00e0 assegurar el vehicle adequat.<\/p>\n<p>[\/vc_column_text][\/vc_tta_section][vc_tta_section title=\u00bbQuins serveis de transport oferiu des de Viladecans?\u00bb tab_id=\u00bb1764231282872-1bda4e28-c27d\u00bb][vc_column_text css=\u00bb\u00bb]<\/p>\n<p data-start=\"3712\" data-end=\"4081\">Des de Viladecans oferim una \u00e0mplia varietat de serveis: rutes escolars, excursions tur\u00edstiques, trasllats corporatius, despla\u00e7aments esportius, casaments, celebracions, transfers a l&#8217;aeroport i serveis privats completament adaptats a cada grup. La nostra flota permet cobrir tant trajectes curts com despla\u00e7aments de llarga dist\u00e0ncia.<\/p>\n<p>[\/vc_column_text][\/vc_tta_section][vc_tta_section title=\u00bbFeu trajectes des de Viladecans cap a altres ciutats o regions?\u00bb tab_id=\u00bb1764231300248-307009d4-fbcb\u00bb][vc_column_text css=\u00bb\u00bb]<\/p>\n<p data-start=\"4184\" data-end=\"4606\">S\u00ed, fem despla\u00e7aments des de Viladecans cap a qualsevol punt de Catalunya i tamb\u00e9 cap a comunitats aut\u00f2nomes properes. Oferim excursions de mitjana i llarga dist\u00e0ncia, sortides culturals, rutes tur\u00edstiques, transfers a l&#8217;aeroport i serveis personalitzats segons l&#8217;itinerari del grup. Nom\u00e9s cal indicar origen, destinaci\u00f3 i data per organitzar un trajecte adaptat a les seves necessitats.<\/p>\n<p>[\/vc_column_text][\/vc_tta_section][\/vc_tta_accordion][vc_separator color=\u00bbwhite\u00bb border_width=\u00bb5&#8243; css=\u00bb\u00bb][\/vc_column][vc_column width=\u00bb1\/3&#8243; css=\u00bb.vc_custom_1744211247589{margin-right: 30px !important;margin-left: 30px !important;}\u00bb][vc_column_text css=\u00bb.vc_custom_1745402582043{margin-bottom: -10px !important;}\u00bb]<\/p>\n<p style=\"font-size: 30px; font-family: 'gotham-rounded'; text-align: left; color: #25a8ba; line-height: 1em;\"><strong>La teva companyia de confian\u00e7a a Viladecans<\/strong><\/p>\n<p>[\/vc_column_text][vc_column_text css=\u00bb\u00bb]<\/p>\n<p style=\"font-size: 18px; font-family: 'gotham-rounded'; text-align: left;\"><strong>Badabus \u00e9s una empresa familiar dedicada al transport de viatgers per carretera.<\/strong><\/p>\n<p>Empresa especialista en el lloguer d&#8217;autocars a Viladecans. Ens avala l&#8217;experi\u00e8ncia de m\u00e9s de 25 anys en el sector de les persones que la dirigim.[\/vc_column_text][vc_column_text css=\u00bb\u00bb]<b style=\"text-align: left; font-size: 20px;\"><img loading=\"lazy\" decoding=\"async\" class=\"alignnone wp-image-1964\" src=\"https:\/\/badabus.com\/wp-content\/uploads\/flechas-badabus.jpg\" alt=\"\" width=\"45\" height=\"27\" \/> CONTACTE<\/b>[\/vc_column_text][vc_column_text css=\u00bb\u00bb]<\/p>\n<h3 style=\"text-align: left; font-size: 20px;\">Autocares Badabus<\/h3>\n<p>Adre\u00e7a: <a href=\"https:\/\/www.google.com\/maps\/place\/Autocares+Badabus\/@41.3518513,2.1340148,17z\/data=!3m1!4b1!4m6!3m5!1s0x12a498a57225f481:0x27ebbd8420ff8f5e!8m2!3d41.3518513!4d2.1340148!16s%2Fg%2F11fz9zb2tf?entry=ttu\" target=\"_blank\" rel=\"noopener noreferrer\">Carrer de la Metal\u00b7l\u00fargia, 51, 08908 Barcelona<\/a><br \/>\nCorreu electr\u00f2nic: <a href=\"mailto:info@badabus.com\">info@badabus.com<\/a><br \/>\n<img loading=\"lazy\" decoding=\"async\" class=\"size-full wp-image-2239 alignleft\" src=\"https:\/\/badabus.com\/wp-content\/uploads\/telefon-de-lloguer-autocars-badabus.jpg\" alt=\"telefono de alquiler autocares badabus\" width=\"341\" height=\"124\" \/>[\/vc_column_text][\/vc_column][\/vc_row][vc_row row_fullwidth=\u00bb1&#8243; row_zero_column_space=\u00bb1&#8243; css=\u00bb.vc_custom_1525855960545{margin-top: 0px !important;margin-right: 0px !important;margin-bottom: 0px !important;margin-left: 0px !important;padding-top: 0px !important;padding-right: 0px !important;padding-bottom: 0px !important;padding-left: 0px !important;background-color: #303033 !important;}\u00bb][vc_column width=\u00bb1\/2&#8243; css=\u00bb.vc_custom_1525855742551{margin-top: -30px !important;}\u00bb][vc_single_image image=\u00bb15747&#8243; img_size=\u00bbfull\u00bb css=\u00bb\u00bb][\/vc_column][vc_column width=\u00bb1\/4&#8243; offset=\u00bbvc_hidden-xs\u00bb][vc_single_image image=\u00bb15755&#8243; img_size=\u00bbfull\u00bb css=\u00bb.vc_custom_1787298072918{padding-top: 10px !important;}\u00bb][\/vc_column][vc_column width=\u00bb1\/4&#8243; offset=\u00bbvc_hidden-xs\u00bb][vc_btn title=\u00bbDEMANAR PRESSUPOST\u00bb style=\u00bbgradient-custom\u00bb gradient_custom_color_1=\u00bb#25a6b9&#8243; gradient_custom_color_2=\u00bb#e22893&#8243; shape=\u00bbround\u00bb size=\u00bblg\u00bb align=\u00bbleft\u00bb css=\u00bb.vc_custom_1786962683481{padding-top: 20px !important;}\u00bb link=\u00bburl:https%3A%2F%2Fbadabus.com%2Fca%2Fpressupost-lloguer-dautobusos%2F\u00bb][\/vc_column][\/vc_row][vc_row][vc_column][vc_raw_html css=\u00bb\u00bb]PHNjcmlwdCB0eXBlPSJhcHBsaWNhdGlvbi9sZCtqc29uIj4KewogICJAY29udGV4dCI6ICJodHRwczovL3NjaGVtYS5vcmciLAogICJAdHlwZSI6ICJGQVFQYWdlIiwKICAibWFpbkVudGl0eSI6IFt7CiAgICAiQHR5cGUiOiAiUXVlc3Rpb24iLAogICAgIm5hbWUiOiAiUXVpbiBwcmV1IHTDqSBsbG9nYXIgdW4gYXV0b2NhciBvIGF1dG9iw7pzIGEgVmlsYWRlY2Fucz8iLAogICAgImFjY2VwdGVkQW5zd2VyIjogewogICAgICAiQHR5cGUiOiAiQW5zd2VyIiwKICAgICAgInRleHQiOiAiRWwgcHJldSBkZSBsbG9nYXIgdW4gYXV0b2NhciBhIFZpbGFkZWNhbnMgZGVww6huIGRlbCByZWNvcnJlZ3V0LCBsYSBkYXRhIGRlbCBzZXJ2ZWksIGxhIGR1cmFkYSBkZWwgdHJhamVjdGUsIGxhIGNhcGFjaXRhdCBkZWwgdmVoaWNsZSBpIGVsIG5vbWJyZSBkZSBwYXNzYXRnZXJzLiBDb20gcXVlIGNhZGEgZGVzcGxhw6dhbWVudCB0w6kgY2FyYWN0ZXLDrXN0aXF1ZXMgZGlmZXJlbnRzLCBubyBoaSBoYSB1bmEgdGFyaWZhIGZpeGEuIFBlciBvYnRlbmlyIHVuIHByZXNzdXBvc3QgZXhhY3RlLCBub23DqXMgY2FsIGluZGljYXIgZWwgcHVudCBkZSByZWNvbGxpZGEgYSBWaWxhZGVjYW5zLCBsYSBkZXN0aW5hY2nDsywgbCdob3JhcmkgaSBsYSBtaWRhIGRlbCBncnVwLiBBbWIgYXF1ZXN0YSBpbmZvcm1hY2nDsyBlbGFib3JlbSB1bmEgcHJvcG9zdGEgcGVyc29uYWxpdHphZGEsIHRvdGFsbWVudCBjbGFyYSBpIHNlbnNlIGNvc3RvcyBhZGRpY2lvbmFscy4iCiAgICB9CiAgfSx7CiAgICAiQHR5cGUiOiAiUXVlc3Rpb24iLAogICAgIm5hbWUiOiAiQ29tIHB1YyBzb2zCt2xpY2l0YXIgdW4gcHJlc3N1cG9zdCBkZSB0cmFuc3BvcnQgZW4gYXV0b2NhciBkZXMgZGUgVmlsYWRlY2Fucz8iLAogICAgImFjY2VwdGVkQW5zd2VyIjogewogICAgICAiQHR5cGUiOiAiQW5zd2VyIiwKICAgICAgInRleHQiOiAiU29swrdsaWNpdGFyIHVuIHByZXNzdXBvc3Qgw6lzIG1vbHQgc2VuemlsbC4gTm9tw6lzIGhhcyBkJ29tcGxpciBlbCBmb3JtdWxhcmkgYW1iIGxlcyBkYWRlcyBlc3NlbmNpYWxzIGRlbCB2aWF0Z2U6IGRhdGEgZGVsIHNlcnZlaSwgb3JpZ2VuIGEgVmlsYWRlY2FucywgZGVzdGluYWNpw7MsIG5vbWJyZSBkZSBwYXNzYXRnZXJzIGkgZWwgdGlwdXMgZGUgdmVoaWNsZSBkZXNpdGphdC4gQW1iIGFxdWVzdGEgaW5mb3JtYWNpw7MgZWxhYm9yZW0gdW5hIHByb3Bvc3RhIGRldGFsbGFkYSBlbiBwb3F1ZXMgaG9yZXMuIFNpIG5lY2Vzc2l0ZXMgYWp1ZGEgcGVyIHRyaWFyIGVsIHZlaGljbGUgbcOpcyBhZGVxdWF0LCBvZmVyaW0gYXNzZXNzb3JhbWVudCBzZW5zZSBjb21wcm9tw61zLiIKICAgIH0KICB9LHsKICAgICJAdHlwZSI6ICJRdWVzdGlvbiIsCiAgICAibmFtZSI6ICJRdcOoIGluY2xvdSBlbCBzZXJ2ZWkgZGUgbGxvZ3VlciBkJ2F1dG9jYXIgYSBWaWxhZGVjYW5zPyIsCiAgICAiYWNjZXB0ZWRBbnN3ZXIiOiB7CiAgICAgICJAdHlwZSI6ICJBbnN3ZXIiLAogICAgICAidGV4dCI6ICJFbCBzZXJ2ZWkgaW5jbG91IHVuIGF1dG9jYXIgY29tcGxldGFtZW50IGVxdWlwYXQgaSB1biBjb25kdWN0b3IgcHJvZmVzc2lvbmFsIHF1ZSBzJ2VuY2FycmVnYSBkZWwgdHJhamVjdGUgYW1iIHRvdGFsIHNlZ3VyZXRhdCBpIHB1bnR1YWxpdGF0LiBFbHMgdmVoaWNsZXMgZGlzcG9zZW4gZGUgY2xpbWF0aXR6YWNpw7MsIHNlaWVudHMgY29uZm9ydGFibGVzLCBjaW50dXJvbnMgZGUgc2VndXJldGF0IGkgZXF1aXBhbWVudCBvcmllbnRhdCBhbCBjb25mb3J0IGRlbCBwYXNzYXRnZXIuIFNlZ29ucyBlbCB0aXB1cyBkZSBzZXJ2ZWksIGVsIHByZXNzdXBvc3QgcG90IGluY2xvdXJlIGNvbWJ1c3RpYmxlLCBwZWF0Z2VzIGkgbGVzIGhvcmVzIGNvbnRyYWN0YWRlcy4gUXVhbHNldm9sIHNlcnZlaSBleHRyYSBlcyBkZXRhbGxhIGFiYW5zIGRlIGNvbmZpcm1hciBsYSByZXNlcnZhIHBlciBldml0YXIgc29ycHJlc2VzLiIKICAgIH0KICB9LHsKICAgICJAdHlwZSI6ICJRdWVzdGlvbiIsCiAgICAibmFtZSI6ICJRdWlucyB0aXB1cyBkZSB2ZWhpY2xlcyBoaSBoYSBkaXNwb25pYmxlcyBhIFZpbGFkZWNhbnM\/IiwKICAgICJhY2NlcHRlZEFuc3dlciI6IHsKICAgICAgIkB0eXBlIjogIkFuc3dlciIsCiAgICAgICJ0ZXh0IjogIkEgVmlsYWRlY2FucyBjb21wdGVtIGFtYiB1bmEgZmxvdGEgdmFyaWFkYSBxdWUgaW5jbG91IG1pbmlidXNvcyBwZXIgYSBncnVwcyBwZXRpdHMgaSBhdXRvY2FycyBkZSBncmFuIGNhcGFjaXRhdCwgcXVlIGFycmliZW4gYXByb3hpbWFkYW1lbnQgYSBsZXMgNjAgcGxhY2VzLiBBcXVlc3RhIGRpdmVyc2l0YXQgcGVybWV0IGNvYnJpciB0b3RhIG1lbmEgZGUgc2VydmVpczogZXhjdXJzaW9ucyBlc2NvbGFycywgdHJhc2xsYXRzIGVtcHJlc2FyaWFscywgdmlhdGdlcyB0dXLDrXN0aWNzLCBjZWxlYnJhY2lvbnMgZmFtaWxpYXJzIG8gZXNkZXZlbmltZW50cyBjb3Jwb3JhdGl1cy4gQ2FkYSBncnVwIHBvdCBzZWxlY2Npb25hciBlbCB2ZWhpY2xlIHF1ZSBtaWxsb3IgcydhanVzdGkgYSBsZXMgc2V2ZXMgbmVjZXNzaXRhdHMuIgogICAgfQogIH0sewogICAgIkB0eXBlIjogIlF1ZXN0aW9uIiwKICAgICJuYW1lIjogIkRpc3Bvc2V1IGQnYXV0b2NhcnMgYWRhcHRhdHMgcGVyIGEgcGVyc29uZXMgYW1iIG1vYmlsaXRhdCByZWR1w69kYSBhIFZpbGFkZWNhbnM\/IiwKICAgICJhY2NlcHRlZEFuc3dlciI6IHsKICAgICAgIkB0eXBlIjogIkFuc3dlciIsCiAgICAgICJ0ZXh0IjogIlPDrSwgcG9zZW0gYSBkaXNwb3NpY2nDsyBhdXRvY2FycyBpIG1pbmlidXNvcyBhZGFwdGF0cyBwZXIgYSBwZXJzb25lcyBhbWIgbW9iaWxpdGF0IHJlZHXDr2RhIGEgVmlsYWRlY2Fucy4gQXF1ZXN0cyB2ZWhpY2xlcyBpbmNsb3VlbiBwbGF0YWZvcm1hIGVsZXZhZG9yYSwgZXNwYWkgcGVyIGEgY2FkaXJlcyBkZSByb2RlcyBpIHNpc3RlbWVzIGRlIHN1YmplY2Npw7MgaG9tb2xvZ2F0cy4gUGVyIGFzc2lnbmFyIGVsIG1vZGVsIGFkZXF1YXQsIG5vbcOpcyBjYWwgaW5kaWNhciBhcXVlc3RhIG5lY2Vzc2l0YXQgZW4gc29swrdsaWNpdGFyIGVsIHByZXNzdXBvc3QuIgogICAgfQogIH0sewogICAgIkB0eXBlIjogIlF1ZXN0aW9uIiwKICAgICJuYW1lIjogIkFtYiBxdWFudGEgYW50ZWxhY2nDsyBoYXVyaWEgZGUgcmVzZXJ2YXIgdW4gYXV0b2NhciBhIFZpbGFkZWNhbnM\/IiwKICAgICJhY2NlcHRlZEFuc3dlciI6IHsKICAgICAgIkB0eXBlIjogIkFuc3dlciIsCiAgICAgICJ0ZXh0IjogIkwnYW50ZWxhY2nDsyBpZGVhbCBkZXDDqG4gZGUgbGEgdGVtcG9yYWRhIGkgZGVsIHRpcHVzIGRlIGRlc3BsYcOnYW1lbnQuIER1cmFudCBlbHMgcGVyw61vZGVzIGQnYWx0YSBkZW1hbmRhIOKAlGNvbSBhcmEgZXhjdXJzaW9ucyBlc2NvbGFycywgY2FwcyBkZSBzZXRtYW5hLCBlc2RldmVuaW1lbnRzIGVzcG9ydGl1cyBvIGNlbGVicmFjaW9uc+KAlCDDqXMgcmVjb21hbmFibGUgcmVzZXJ2YXIgYW1iIGRpdmVyc2VzIHNldG1hbmVzIGRlIG1hcmdlLiBUb3QgaSBhaXjDrSwgdGFtYsOpIGdlc3Rpb25lbSByZXNlcnZlcyBkJ8O6bHRpbWEgaG9yYSBzaSBoaSBoYSBkaXNwb25pYmlsaXRhdC4gQ29tIGFiYW5zIGVzIGNvbmZpcm1pIGxhIHJlc2VydmEsIG3DqXMgZsOgY2lsIHNlcsOgIGFzc2VndXJhciBlbCB2ZWhpY2xlIGFkZXF1YXQuIgogICAgfQogIH0sewogICAgIkB0eXBlIjogIlF1ZXN0aW9uIiwKICAgICJuYW1lIjogIlF1aW5zIHNlcnZlaXMgZGUgdHJhbnNwb3J0IG9mZXJpdSBkZXMgZGUgVmlsYWRlY2Fucz8iLAogICAgImFjY2VwdGVkQW5zd2VyIjogewogICAgICAiQHR5cGUiOiAiQW5zd2VyIiwKICAgICAgInRleHQiOiAiRGVzIGRlIFZpbGFkZWNhbnMgb2ZlcmltIHVuYSDDoG1wbGlhIHZhcmlldGF0IGRlIHNlcnZlaXM6IHJ1dGVzIGVzY29sYXJzLCBleGN1cnNpb25zIHR1csOtc3RpcXVlcywgdHJhc2xsYXRzIGNvcnBvcmF0aXVzLCBkZXNwbGHDp2FtZW50cyBlc3BvcnRpdXMsIGNhc2FtZW50cywgY2VsZWJyYWNpb25zLCB0cmFuc2ZlcnMgYSBsJ2Flcm9wb3J0IGkgc2VydmVpcyBwcml2YXRzIGNvbXBsZXRhbWVudCBhZGFwdGF0cyBhIGNhZGEgZ3J1cC4gTGEgbm9zdHJhIGZsb3RhIHBlcm1ldCBjb2JyaXIgdGFudCB0cmFqZWN0ZXMgY3VydHMgY29tIGRlc3BsYcOnYW1lbnRzIGRlIGxsYXJnYSBkaXN0w6BuY2lhLiIKICAgIH0KICB9LHsKICAgICJAdHlwZSI6ICJRdWVzdGlvbiIsCiAgICAibmFtZSI6ICJGZXUgdHJhamVjdGVzIGRlcyBkZSBWaWxhZGVjYW5zIGNhcCBhIGFsdHJlcyBjaXV0YXRzIG8gcmVnaW9ucz8iLAogICAgImFjY2VwdGVkQW5zd2VyIjogewogICAgICAiQHR5cGUiOiAiQW5zd2VyIiwKICAgICAgInRleHQiOiAiU8OtLCBmZW0gZGVzcGxhw6dhbWVudHMgZGVzIGRlIFZpbGFkZWNhbnMgY2FwIGEgcXVhbHNldm9sIHB1bnQgZGUgQ2F0YWx1bnlhIGkgdGFtYsOpIGNhcCBhIGNvbXVuaXRhdHMgYXV0w7Jub21lcyBwcm9wZXJlcy4gT2ZlcmltIGV4Y3Vyc2lvbnMgZGUgbWl0amFuYSBpIGxsYXJnYSBkaXN0w6BuY2lhLCBzb3J0aWRlcyBjdWx0dXJhbHMsIHJ1dGVzIHR1csOtc3RpcXVlcywgdHJhbnNmZXJzIGEgbCdhZXJvcG9ydCBpIHNlcnZlaXMgcGVyc29uYWxpdHphdHMgc2Vnb25zIGwnaXRpbmVyYXJpIGRlbCBncnVwLiBOb23DqXMgY2FsIGluZGljYXIgb3JpZ2VuLCBkZXN0aW5hY2nDsyBpIGRhdGEgcGVyIG9yZ2FuaXR6YXIgdW4gdHJhamVjdGUgYWRhcHRhdCBhIGxlcyBzZXZlcyBuZWNlc3NpdGF0cy4iCiAgICB9CiAgfV0KfQo8L3NjcmlwdD4=[\/vc_raw_html][\/vc_column][\/vc_row]<\/p>\n<\/div>","protected":false},"excerpt":{"rendered":"<p>[vc_row row_fullwidth=\u00bb1&#8243; row_zero_column_space=\u00bb1&#8243; css=\u00bb.vc_custom_1461073450203{margin-top: 0px !important;margin-right: 0px !important;margin-bottom: 0px !important;margin-left: 0px !important;padding-top: 0px !important;padding-right: 0px !important;padding-bottom: 0px !important;padding-left: 0px !important;}\u00bb][vc_column offset=\u00bbvc_hidden-sm vc_hidden-xs\u00bb][rev_slider_vc alias=\u00bbviladecans-1&#8243; el_class=\u00bbno-bottom-margin\u00bb][\/vc_column][\/vc_row][vc_row gap=\u00bb5&#8243; row_fullwidth=\u00bb1&#8243; css=\u00bb.vc_custom_1684321545730{margin-top: 0px !important;margin-bottom: 0px [&hellip;]<\/p>\n","protected":false},"author":10,"featured_media":0,"parent":0,"menu_order":0,"comment_status":"closed","ping_status":"closed","template":"","meta":{"footnotes":""},"class_list":["post-15109","page","type-page","status-publish","hentry"],"_links":{"self":[{"href":"https:\/\/badabus.com\/ca\/wp-json\/wp\/v2\/pages\/15109","targetHints":{"allow":["GET"]}}],"collection":[{"href":"https:\/\/badabus.com\/ca\/wp-json\/wp\/v2\/pages"}],"about":[{"href":"https:\/\/badabus.com\/ca\/wp-json\/wp\/v2\/types\/page"}],"author":[{"embeddable":true,"href":"https:\/\/badabus.com\/ca\/wp-json\/wp\/v2\/users\/10"}],"replies":[{"embeddable":true,"href":"https:\/\/badabus.com\/ca\/wp-json\/wp\/v2\/comments?post=15109"}],"version-history":[{"count":9,"href":"https:\/\/badabus.com\/ca\/wp-json\/wp\/v2\/pages\/15109\/revisions"}],"predecessor-version":[{"id":15970,"href":"https:\/\/badabus.com\/ca\/wp-json\/wp\/v2\/pages\/15109\/revisions\/15970"}],"wp:attachment":[{"href":"https:\/\/badabus.com\/ca\/wp-json\/wp\/v2\/media?parent=15109"}],"curies":[{"name":"wp","href":"https:\/\/api.w.org\/{rel}","templated":true}]}}