{"id":15105,"date":"2026-08-21T09:35:00","date_gmt":"2026-08-21T07:35:00","guid":{"rendered":"https:\/\/badabus.com\/?page_id=15105"},"modified":"2026-08-31T12:13:05","modified_gmt":"2026-08-31T10:13:05","slug":"lloguer-autocar-santa-coloma-de-gramenet","status":"publish","type":"page","link":"https:\/\/badabus.com\/ca\/lloguer-autocar-santa-coloma-de-gramenet\/","title":{"rendered":"Inici Santa Coloma de Gramenet CAT"},"content":{"rendered":"<div class=\"wpb-content-wrapper\"><p>[vc_row row_fullwidth=\u00bb1&#8243; row_zero_column_space=\u00bb1&#8243; css=\u00bb.vc_custom_1461073450203{margin-top: 0px !important;margin-right: 0px !important;margin-bottom: 0px !important;margin-left: 0px !important;padding-top: 0px !important;padding-right: 0px !important;padding-bottom: 0px !important;padding-left: 0px !important;}\u00bb][vc_column offset=\u00bbvc_hidden-sm vc_hidden-xs\u00bb][rev_slider_vc alias=\u00bbsanta-coloma-de-g-1&#8243; el_class=\u00bbno-bottom-margin\u00bb][\/vc_column][\/vc_row][vc_row gap=\u00bb5&#8243; row_fullwidth=\u00bb1&#8243; css=\u00bb.vc_custom_1684321545730{margin-top: 0px !important;margin-bottom: 0px !important;padding-top: 40px !important;padding-right: 40px !important;padding-left: 40px !important;background-color: #ffffff !important;}\u00bb][vc_column offset=\u00bbvc_hidden-sm vc_hidden-xs\u00bb][vc_column_text css=\u00bb\u00bb]<\/p>\n<h1 class=\"h1-home-cat\">Lloguer d&#8217;autocars a Santa Coloma de Gramenet<\/h1>\n<h2 class=\"h1-servicios\">Les nostres opcions d&#8217;autocars per a Santa Coloma de Gramenet<\/h2>\n<p>[\/vc_column_text][vc_raw_html css=\u00bb\u00bb]JTVCYmFkYWJ1c19zZXJ2ZWlzJTVE[\/vc_raw_html][\/vc_column][vc_column offset=\u00bbvc_hidden-sm vc_hidden-xs\u00bb css=\u00bb.vc_custom_1744208769323{margin-top: 50px !important;background-color: #F6F6F6 !important;}\u00bb][vc_custom_heading text=\u00bbNecessites un autocar a Santa Coloma per al teu trajecte?\u00bb font_container=\u00bbtag:h2|font_size:40|text_align:center|color:%23000000|line_height:30px\u00bb google_fonts=\u00bbfont_family:Raleway%3A100%2C200%2C300%2Cregular%2C500%2C600%2C700%2C800%2C900|font_style:300%20light%20regular%3A300%3Anormal\u00bb css=\u00bb.vc_custom_1744818405339{margin-top: 0px !important;margin-bottom: 0px !important;padding-top: 20px !important;padding-bottom: 0px !important;}\u00bb][vc_column_text css=\u00bb.vc_custom_1744818433347{margin-top: 10px !important;margin-bottom: 10px !important;}\u00bb]<\/p>\n<p style=\"text-align: center;\">Envia&#8217;ns la teva ruta i tindr\u00e0s un pressupost a punt en menys de 24 hores laborables.<\/p>\n<p>[\/vc_column_text][vc_btn title=\u00bbSol\u00b7licitar pressupost per a lloguer d&#8217;autocar\u00bb style=\u00bboutline-custom\u00bb outline_custom_color=\u00bb#000000&#8243; outline_custom_hover_background=\u00bb#000000&#8243; outline_custom_hover_text=\u00bb#ffffff\u00bb shape=\u00bbround\u00bb size=\u00bblg\u00bb align=\u00bbcenter\u00bb i_type=\u00bblinecons\u00bb i_icon_linecons=\u00bbvc_li vc_li-clip\u00bb css=\u00bb.vc_custom_1786962078016{margin-top: 20px !important;margin-bottom: 55px !important;}\u00bb add_icon=\u00bbtrue\u00bb link=\u00bburl:https%3A%2F%2Fbadabus.com%2Fca%2Fpressupost-lloguer-dautobusos%2F|title:Pressupost%20lloguer%20d&#8217;autobusos\u00bb][\/vc_column][\/vc_row][vc_row row_fullwidth=\u00bb1&#8243; css=\u00bb.vc_custom_1613379287195{padding-right: 0px !important;padding-left: 0px !important;background-color: #0a0a0a !important;}\u00bb][vc_column css=\u00bb.vc_custom_1710964759406{padding-top: 0px !important;padding-right: 0px !important;padding-bottom: 0px !important;padding-left: 0px !important;background: #0a0a0a url(https:\/\/badabus.com\/wp-content\/uploads\/Alex-Bascuas-Photo-9610-opacity.jpg?id=9993) !important;background-position: center !important;background-repeat: no-repeat !important;background-size: cover !important;}\u00bb offset=\u00bbvc_hidden-lg vc_hidden-md\u00bb el_class=\u00bbimagen-background-home-mobile\u00bb][vc_column_text css=\u00bb.vc_custom_1744818641891{margin-top: 45px !important;margin-right: 5% !important;margin-bottom: 45px !important;margin-left: 5% !important;padding-right: 0px !important;padding-left: 0px !important;background-position: center !important;background-repeat: no-repeat !important;background-size: cover !important;}\u00bb]<\/p>\n<h1 class=\"h1-home-mob\">Lloguer d&#8217;autocars a Santa Coloma de Gramenet<\/h1>\n<p>[\/vc_column_text][vc_btn title=\u00bbDEMANA PRESSUPOST\u00bb style=\u00bbcustom\u00bb custom_background=\u00bb#e22893&#8243; custom_text=\u00bb#ffffff\u00bb shape=\u00bbround\u00bb css=\u00bb.vc_custom_1786962096328{margin-left: 30px !important;}\u00bb link=\u00bburl:https%3A%2F%2Fbadabus.com%2Fca%2Fpressupost-lloguer-dautobusos%2F|title:Pressupost%20lloguer%20d&#8217;autobusos\u00bb][\/vc_column][\/vc_row][vc_row css=\u00bb.vc_custom_1744208838364{margin-top: 130px !important;margin-bottom: 15px !important;}\u00bb][vc_column width=\u00bb1\/2&#8243;][vc_column_text css=\u00bb\u00bb]<\/p>\n<h2>Des de quins barris de Santa Coloma de Gramenet sortim?<\/h2>\n<p>Oferim sortides en autocar des de barris com Fondo, Singuerl\u00edn, Can Franquesa, Raval i Safaretjos, cobrint aix\u00ed tota Santa Coloma i permetent que el grup no s&#8217;hagi de despla\u00e7ar lluny per iniciar el viatge.<\/p>\n<p>Tamb\u00e9 donem servei de lloguer d&#8217;autocar en zones com Santa Rosa o Les Oliveres, adaptant sempre el punt de recollida a la ubicaci\u00f3 i les necessitats del client.<\/p>\n<p>Ens assegurem de facilitar l&#8217;inici del trajecte des de qualsevol rac\u00f3 de la ciutat. Si necessites un transport m\u00e9s lleuger, tamb\u00e9 disposem de <a href=\"https:\/\/badabus.com\/ca\/lloguer-minibus-santa-coloma-de-gramenet\/\">minib\u00fas a Santa Coloma de Gramenet<\/a>.[\/vc_column_text][\/vc_column][vc_column width=\u00bb1\/2&#8243;][vc_single_image image=\u00bb12899&#8243; img_size=\u00bb450&#215;450&#8243; css=\u00bb\u00bb][\/vc_column][\/vc_row][vc_row css=\u00bb.vc_custom_1744208847931{margin-top: 70px !important;margin-bottom: 30px !important;}\u00bb][vc_column width=\u00bb1\/2&#8243;][vc_column_text css=\u00bb.vc_custom_1787574203771{margin-bottom: 20px !important;}\u00bb]<\/p>\n<h2>De quantes places s\u00f3n els autocars?<\/h2>\n<p>Disposem d&#8217;una flota variada a Santa Coloma de Gramenet per cobrir tota mena de serveis. Des de microbusos \u00e0gils de fins a 25 places, perfectes per a grups petits o celebracions privades, fins al <a href=\"https:\/\/badabus.com\/ca\/lloguer-autocar-barcelona\/\">lloguer d&#8217;autocars<\/a> de gran capacitat amb 50 i 55 places.<\/p>\n<p>Aquesta varietat ens permet oferir solucions personalitzades, tant per a excursions escolars com per a esdeveniments esportius, sortides culturals o trasllats d&#8217;empresa.<\/p>\n<h3>Vols con\u00e8ixer la nostra flota d&#8217;autocars per a Santa Coloma de Gramenet?<\/h3>\n<p>[\/vc_column_text][vc_btn title=\u00bbVEURE FLOTA D&#8217;AUTOCARS\u00bb style=\u00bboutline-custom\u00bb outline_custom_color=\u00bb#000000&#8243; outline_custom_hover_background=\u00bb#000000&#8243; outline_custom_hover_text=\u00bb#ffffff\u00bb shape=\u00bbround\u00bb align=\u00bbleft\u00bb i_type=\u00bblinecons\u00bb i_icon_linecons=\u00bbvc_li vc_li-clip\u00bb css=\u00bb.vc_custom_1786962161043{margin-bottom: 35px !important;}\u00bb add_icon=\u00bbtrue\u00bb link=\u00bburl:https%3A%2F%2Fbadabus.com%2Fca%2Fflota%2F\u00bb][\/vc_column][vc_column width=\u00bb1\/2&#8243;][vc_single_image image=\u00bb15241&#8243; img_size=\u00bb450&#215;420&#8243; css=\u00bb\u00bb][\/vc_column][\/vc_row][vc_row css=\u00bb.vc_custom_1744209919418{padding-top: 35px !important;background-color: #25A6B9 !important;}\u00bb][vc_column width=\u00bb2\/3&#8243;][vc_column_text css=\u00bb\u00bb]<strong style=\"font-size: 26px; color: white;\">Necessites un autocar a Santa Coloma de Gramenet per al teu trajecte?<\/strong>[\/vc_column_text][\/vc_column][vc_column width=\u00bb1\/3&#8243;][vc_btn title=\u00bbPressupost en 24 h\u00bb style=\u00bboutline-custom\u00bb outline_custom_color=\u00bb#FFFFFF\u00bb outline_custom_hover_background=\u00bb#000000&#8243; outline_custom_hover_text=\u00bb#ffffff\u00bb shape=\u00bbround\u00bb align=\u00bbleft\u00bb i_type=\u00bblinecons\u00bb i_icon_linecons=\u00bbvc_li vc_li-clip\u00bb css=\u00bb.vc_custom_1786962175323{margin-bottom: 35px !important;}\u00bb add_icon=\u00bbtrue\u00bb link=\u00bburl:https%3A%2F%2Fbadabus.com%2Fca%2Fpressupost-lloguer-dautobusos%2F|title:Pressupost%20lloguer%20d&#8217;autobusos\u00bb][\/vc_column][\/vc_row][vc_row gap=\u00bb20&#8243; equal_height=\u00bbyes\u00bb css=\u00bb.vc_custom_1719475441479{margin-top: 40px !important;padding-top: 40px !important;padding-bottom: 120px !important;background-image: url(https:\/\/badabus.com\/wp-content\/uploads\/dotted.png?id=2221) !important;}\u00bb][vc_column][vc_column_text css=\u00bb\u00bb]<\/p>\n<p style=\"text-align: center; font-size: 40px; font-family: gotham-rounded; line-height: 1em;\"><strong>Per qu\u00e8 triar-nos per al teu trajecte des de Santa Coloma de Gramenet?<\/strong><\/p>\n<p>[\/vc_column_text][vc_row_inner equal_height=\u00bbyes\u00bb css=\u00bb.vc_custom_1744209697713{margin-bottom: 0px !important;padding-top: 20px !important;padding-bottom: 0px !important;}\u00bb][vc_column_inner width=\u00bb1\/3&#8243; css=\u00bb.vc_custom_1719475287975{background-color: #25a6b9 !important;border-radius: 5px !important;}\u00bb][vc_column_text css=\u00bb\u00bb]<\/p>\n<p class=\"numero-porque\">\/\/ 01<\/p>\n<p class=\"titulo-porque\">Seguretat<\/p>\n<p class=\"p-porque\">Ens prenem molt seriosament el manteniment dels nostres autocars per tenir cura de tu a cada quil\u00f2metre.<\/p>\n<p>[\/vc_column_text][vc_btn title=\u00bbVEURE FLOTA\u00bb style=\u00bboutline-custom\u00bb outline_custom_color=\u00bb#ffffff\u00bb outline_custom_hover_background=\u00bb#ffffff\u00bb outline_custom_hover_text=\u00bb#25a6b9&#8243; shape=\u00bbround\u00bb size=\u00bbsm\u00bb css=\u00bb.vc_custom_1786962190092{margin-left: 35px !important;}\u00bb link=\u00bburl:https%3A%2F%2Fbadabus.com%2Fca%2Fflota%2F|title:Veure%20flota%20d&#8217;autocars\u00bb][vc_empty_space][\/vc_column_inner][vc_column_inner width=\u00bb1\/3&#8243; css=\u00bb.vc_custom_1719475336589{background-color: #9b6da6 !important;border-radius: 5px !important;}\u00bb][vc_column_text css=\u00bb\u00bb]<\/p>\n<p class=\"numero-porque\">\/\/ 02<\/p>\n<p class=\"titulo-porque\">Confort<\/p>\n<p class=\"p-porque\">Els nostres autocars per a Santa Coloma s&#8217;han dissenyat perqu\u00e8 gaudeixis del viatge amb total confian\u00e7a i confort.<\/p>\n<p>[\/vc_column_text][vc_btn title=\u00bbVEURE FLOTA\u00bb style=\u00bboutline-custom\u00bb outline_custom_color=\u00bb#ffffff\u00bb outline_custom_hover_background=\u00bb#ffffff\u00bb outline_custom_hover_text=\u00bb#9b6da6&#8243; shape=\u00bbround\u00bb size=\u00bbsm\u00bb css=\u00bb.vc_custom_1786962197284{margin-left: 35px !important;}\u00bb link=\u00bburl:https%3A%2F%2Fbadabus.com%2Fca%2Fflota%2F|title:Veure%20flota%20d&#8217;autocars\u00bb][vc_empty_space][\/vc_column_inner][vc_column_inner width=\u00bb1\/3&#8243; css=\u00bb.vc_custom_1719475343640{background-color: #e22893 !important;border-radius: 5px !important;}\u00bb][vc_column_text css=\u00bb\u00bb]<\/p>\n<p class=\"numero-porque\">\/\/ 03<\/p>\n<p class=\"titulo-porque\">Conductors<\/p>\n<p class=\"p-porque\">Posem el teu viatge en mans de professionals que coneixen perfectament el trajecte i vetllen per la teva seguretat.<\/p>\n<p>[\/vc_column_text][vc_btn title=\u00bbVEURE FLOTA\u00bb style=\u00bboutline-custom\u00bb outline_custom_color=\u00bb#ffffff\u00bb outline_custom_hover_background=\u00bb#ffffff\u00bb outline_custom_hover_text=\u00bb#e22893&#8243; shape=\u00bbround\u00bb size=\u00bbsm\u00bb css=\u00bb.vc_custom_1786962207547{margin-left: 35px !important;}\u00bb link=\u00bburl:https%3A%2F%2Fbadabus.com%2Fca%2Fflota%2F|title:Veure%20flota%20d&#8217;autocars\u00bb][vc_empty_space][\/vc_column_inner][\/vc_row_inner][\/vc_column][\/vc_row][vc_row gap=\u00bb35&#8243; row_fullwidth=\u00bb1&#8243; css=\u00bb.vc_custom_1595256381018{margin-bottom: 0px !important;padding-top: 0px !important;padding-bottom: 15px !important;background-color: #ffffff !important;}\u00bb][vc_column width=\u00bb2\/3&#8243; offset=\u00bbvc_hidden-lg vc_hidden-md\u00bb css=\u00bb.vc_custom_1595256410887{margin-top: -100px !important;}\u00bb][vc_column_text css=\u00bb.vc_custom_1595254868036{margin-bottom: -10px !important;}\u00bb]<\/p>\n<p style=\"font-size: 25px; font-family: 'gotham-rounded'; text-align: left; color: #25a8ba; line-height: 1em;\"><strong>La teva companyia de confian\u00e7a<\/strong><\/p>\n<p>[\/vc_column_text][vc_column_text]<\/p>\n<p style=\"font-size: 20px; font-family: 'gotham-rounded'; text-align: left;\"><strong>Badabus \u00e9s una empresa familiar dedicada al transport de viatgers per carretera.<\/strong><\/p>\n<p>Empresa especialista en el lloguer d&#8217;autocars i minibusos. Ens avala l&#8217;experi\u00e8ncia de m\u00e9s de 25 anys en el sector de les persones que la dirigim.[\/vc_column_text][vc_btn title=\u00bbVols saber-ne m\u00e9s?\u00bb style=\u00bbgradient-custom\u00bb gradient_custom_color_1=\u00bb#25a6b9&#8243; gradient_custom_color_2=\u00bb#e22893&#8243; shape=\u00bbround\u00bb size=\u00bblg\u00bb align=\u00bbleft\u00bb css=\u00bb.vc_custom_1786962217413{padding-right: 3% !important;padding-left: 3% !important;}\u00bb link=\u00bburl:https%3A%2F%2Fbadabus.com%2Fca%2Fflota%2F|title:Flota\u00bb][\/vc_column][vc_column width=\u00bb1\/3&#8243; offset=\u00bbvc_hidden-lg vc_hidden-md\u00bb][vc_column_text css=\u00bb\u00bb]<b style=\"text-align: left; font-size: 20px;\"><img loading=\"lazy\" decoding=\"async\" class=\"alignnone wp-image-1964\" src=\"https:\/\/badabus.com\/wp-content\/uploads\/flechas-badabus.jpg\" alt=\"\" width=\"45\" height=\"27\" \/> CONTACTE<\/b>[\/vc_column_text][vc_column_text css=\u00bb\u00bb]<\/p>\n<h3 style=\"text-align: left; font-size: 20px;\">Autocares Badabus<\/h3>\n<p>Adre\u00e7a: <a href=\"https:\/\/www.google.com\/maps\/place\/Autocares+Badabus\/@41.3518513,2.1340148,17z\/data=!3m1!4b1!4m6!3m5!1s0x12a498a57225f481:0x27ebbd8420ff8f5e!8m2!3d41.3518513!4d2.1340148!16s%2Fg%2F11fz9zb2tf?entry=ttu\" target=\"_blank\" rel=\"noopener noreferrer\">C\/Plom, 28 \u2013 08038 (Barcelona)<\/a><br \/>\nCorreu electr\u00f2nic: <a href=\"mailto:info@badabus.com\">info@badabus.com<\/a><br \/>\n<img loading=\"lazy\" decoding=\"async\" class=\"size-full wp-image-2239 alignleft\" src=\"https:\/\/badabus.com\/wp-content\/uploads\/telefon-de-lloguer-autocars-badabus.jpg\" alt=\"telefono de alquiler autocares badabus\" width=\"341\" height=\"124\" \/>[\/vc_column_text][\/vc_column][\/vc_row][vc_row gap=\u00bb35&#8243; css=\u00bb.vc_custom_1744210760780{margin-bottom: 25px !important;}\u00bb][vc_column width=\u00bb2\/3&#8243; css=\u00bb.vc_custom_1748242520685{margin-right: 30px !important;}\u00bb][vc_column_text css=\u00bb\u00bb]<\/p>\n<h2 style=\"font-size: 20px;\">Trajectes freq\u00fcents des de Santa Coloma de Gramenet amb els nostres autocars<\/h2>\n<p style=\"font-weight: 400; text-align: justify;\">Des de Santa Coloma de Gramenet organitzem sortides en autocar a destinacions molt demandades com Montserrat, la Costa Daurada o el centre de Barcelona. Les nostres rutes s\u00f3n ideals per a excursions escolars, activitats de lleure i escapades en grup.<\/p>\n<p style=\"font-weight: 400; text-align: justify;\">A m\u00e9s, tenim experi\u00e8ncia en trasllats des de Santa Coloma de Gramenet a l&#8217;aeroport del Prat i en serveis a mida per a viatges de final de curs, estades esportives o esdeveniments empresarials, sempre garantint puntualitat i comoditat.<\/p>\n<h3 style=\"font-weight: 400;\">Serveis m\u00e9s demandats de lloguer d&#8217;autocars a Santa Coloma de Gramenet<\/h3>\n<p style=\"font-weight: 400; text-align: justify;\">A Santa Coloma de Gramenet treballem habitualment amb empreses que necessiten transport col\u00b7lectiu per a la seva plantilla o per assistir a esdeveniments i fires professionals. Les escoles i els centres educatius tamb\u00e9 ens contracten sovint per a excursions escolars, viatges de conviv\u00e8ncia i sortides culturals.<\/p>\n<p style=\"font-weight: 400; text-align: justify;\">A m\u00e9s, oferim servei de transport en casaments, celebracions familiars i esdeveniments dels voltants. Tamb\u00e9 col\u00b7laborem amb equips esportius locals i amb grups de turistes que volen descobrir Catalunya sortint des de Santa Coloma de manera c\u00f2moda i segura.<\/p>\n<h3 style=\"font-weight: 400;\">Per qu\u00e8 \u00e9s millor llogar un autocar a Santa Coloma de Gramenet amb nosaltres?<\/h3>\n<p style=\"font-weight: 400; text-align: justify;\">Coneixem a fons Santa Coloma de Gramenet, els seus barris i els seus accessos principals, cosa que ens permet fer recollides puntuals i trajectes optimitzats des de qualsevol punt de la ciutat. El nostre equip s&#8217;adapta a les necessitats de cada client amb agilitat i comprom\u00eds.<\/p>\n<p style=\"font-weight: 400; text-align: justify;\">Al llarg dels anys hem treballat amb escoles, clubs esportius i associacions locals, desenvolupant un servei de confian\u00e7a amb la comunitat. Aquesta experi\u00e8ncia local marca la difer\u00e8ncia i ens permet oferir un servei personalitzat, segur i eficient.<\/p>\n<p>[\/vc_column_text][vc_empty_space height=\u00bb30px\u00bb][vc_column_text css=\u00bb\u00bb]<strong style=\"margin-left: 6px;\">POBLACIONS ON OFERIM SERVEI DE LLOGUER D&#8217;AUTOCARS<br \/>\n<\/strong><div class=\"menu-horizontal\"><ul><div class=\"menu-horizontal\"><li id=\"menu-item-15934\" class=\"menu-item menu-item-type-post_type menu-item-object-page menu-item-15934\"><a href=\"https:\/\/badabus.com\/ca\/lloguer-autocar-badalona\/\">Lloguer autocar a Badalona<\/a><\/li> | <li id=\"menu-item-15940\" class=\"menu-item menu-item-type-post_type menu-item-object-page menu-item-15940\"><a href=\"https:\/\/badabus.com\/ca\/lloguer-autocar-hospitalet-de-llobregat\/\">Lloguer autocar a Hospitalet de Llobregat<\/a><\/li> | <li id=\"menu-item-15936\" class=\"menu-item menu-item-type-post_type menu-item-object-page menu-item-15936\"><a href=\"https:\/\/badabus.com\/ca\/lloguer-autocar-cornella-de-llobregat\/\">Lloguer autocar a Cornell\u00e0 de Llobregat<\/a><\/li> | <li id=\"menu-item-15938\" class=\"menu-item menu-item-type-post_type menu-item-object-page menu-item-15938\"><a href=\"https:\/\/badabus.com\/ca\/lloguer-autocar-esplugues-de-llobregat\/\">Lloguer autocar a Esplugues de Llobregat<\/a><\/li> | <li id=\"menu-item-15945\" class=\"menu-item menu-item-type-post_type menu-item-object-page menu-item-15945\"><a href=\"https:\/\/badabus.com\/ca\/lloguer-autocar-santa-coloma-de-gramenet\/\">Lloguer autocar a Santa Coloma de Gramenet<\/a><\/li> | <li id=\"menu-item-15937\" class=\"menu-item menu-item-type-post_type menu-item-object-page menu-item-15937\"><a href=\"https:\/\/badabus.com\/ca\/lloguer-autocar-el-prat-de-llobregat\/\">Lloguer autocar a El Prat de Llobregat<\/a><\/li> | <li id=\"menu-item-15946\" class=\"menu-item menu-item-type-post_type menu-item-object-page menu-item-15946\"><a href=\"https:\/\/badabus.com\/ca\/lloguer-autocar-viladecans\/\">Lloguer autocar a Viladecans<\/a><\/li> | <li id=\"menu-item-15935\" class=\"menu-item menu-item-type-post_type menu-item-object-page menu-item-15935\"><a href=\"https:\/\/badabus.com\/ca\/lloguer-autocar-castelldefels\/\">Lloguer autocar a Castelldefels<\/a><\/li> | <li id=\"menu-item-15939\" class=\"menu-item menu-item-type-post_type menu-item-object-page menu-item-15939\"><a href=\"https:\/\/badabus.com\/ca\/lloguer-autocar-gava\/\">Lloguer autocar a Gav\u00e0<\/a><\/li> | <li id=\"menu-item-15944\" class=\"menu-item menu-item-type-post_type menu-item-object-page menu-item-15944\"><a href=\"https:\/\/badabus.com\/ca\/lloguer-autocar-sant-joan-despi\/\">Lloguer autocar a Sant Joan Desp\u00ed<\/a><\/li> | <li id=\"menu-item-15942\" class=\"menu-item menu-item-type-post_type menu-item-object-page menu-item-15942\"><a href=\"https:\/\/badabus.com\/ca\/lloguer-autocar-sant-boi-de-llobregat\/\">Lloguer autocar a Sant Boi de Llobregat<\/a><\/li> | <li id=\"menu-item-15943\" class=\"menu-item menu-item-type-post_type menu-item-object-page menu-item-15943\"><a href=\"https:\/\/badabus.com\/ca\/lloguer-autocar-sant-feliu-de-llobregat\/\">Lloguer autocar a Sant Feliu de Llobregat<\/a><\/li> | <li id=\"menu-item-15941\" class=\"menu-item menu-item-type-post_type menu-item-object-page menu-item-15941\"><a href=\"https:\/\/badabus.com\/ca\/lloguer-autocar-sant-adria-de-besos\/\">Lloguer autocar a Sant Adri\u00e0 de Bes\u00f2s<\/a><\/li>\n<\/div><\/ul><\/div>[\/vc_column_text][vc_tta_accordion section_title_tag=\u00bbh2&#8243; color=\u00bbwhite\u00bb active_section=\u00bb1&#8243;][vc_tta_section title=\u00bbQuant costa llogar un autocar o autob\u00fas a Santa Coloma de Gramenet?\u00bb tab_id=\u00bb1764149417830-8f87daa8-b6d8&#8243;][vc_column_text css=\u00bb\u00bb]<\/p>\n<p data-start=\"462\" data-end=\"997\">El preu de llogar un autocar a Santa Coloma de Gramenet varia segons factors com la data del servei, el recorregut, el nombre de passatgers, la durada del trajecte i el tipus de vehicle sol\u00b7licitat. Cada viatge t\u00e9 caracter\u00edstiques particulars, per la qual cosa no hi ha una tarifa fixa. Per obtenir un pressupost prec\u00eds, nom\u00e9s cal indicar el punt de recollida a Santa Coloma, la destinaci\u00f3, l&#8217;horari i la mida del grup. Amb aquesta informaci\u00f3 elaborem una proposta personalitzada i totalment transparent.<\/p>\n<p>[\/vc_column_text][\/vc_tta_section][vc_tta_section title=\u00bbCom puc sol\u00b7licitar un pressupost per a un servei d&#8217;autocar des de Santa Coloma de Gramenet?\u00bb tab_id=\u00bb1764149417857-42683911-5ae1&#8243;][vc_column_text css=\u00bb\u00bb]<\/p>\n<p data-start=\"1126\" data-end=\"1559\">Sol\u00b7licitar un pressupost \u00e9s molt senzill. Nom\u00e9s has d&#8217;omplir el formulari amb les dades principals del despla\u00e7ament: data, punt d&#8217;origen a Santa Coloma de Gramenet, destinaci\u00f3, nombre de passatgers i tipus de vehicle. Amb aquesta informaci\u00f3 preparem un pressupost detallat en poques hores. Si tens dubtes sobre quin vehicle s&#8217;adapta millor al teu trajecte, tamb\u00e9 oferim assessorament personalitzat.<\/p>\n<p>[\/vc_column_text][\/vc_tta_section][vc_tta_section title=\u00bbQu\u00e8 inclou el servei de lloguer d&#8217;autocar a Santa Coloma de Gramenet?\u00bb tab_id=\u00bb1764149464491-13d5df93-dd65&#8243;][vc_column_text css=\u00bb\u00bb]<\/p>\n<p data-start=\"1668\" data-end=\"2228\">El servei de lloguer inclou un autocar equipat per al transport de passatgers i un conductor professional encarregat de fer el trajecte amb seguretat. Els nostres vehicles disposen de climatitzaci\u00f3, seients ergon\u00f2mics, cinturons de seguretat i equipament orientat a garantir una experi\u00e8ncia c\u00f2moda. El pressupost pot incloure combustible, peatges i el temps contractat d&#8217;\u00fas del vehicle. Si calen parades addicionals, esperes o altres serveis especials, s&#8217;indiquen pr\u00e8viament per evitar costos inesperats.<\/p>\n<p>[\/vc_column_text][\/vc_tta_section][vc_tta_section title=\u00bbQuins tipus de vehicles es poden contractar a Santa Coloma de Gramenet?\u00bb tab_id=\u00bb1764149481779-ec252286-f850&#8243;][vc_column_text css=\u00bb\u00bb]<\/p>\n<p data-start=\"2333\" data-end=\"2785\">A Santa Coloma de Gramenet comptem amb una flota variada que inclou minibusos per a grups redu\u00efts i autocars de m\u00e9s capacitat, que arriben aproximadament a 60 places. Aquesta varietat permet atendre tota mena de serveis: excursions escolars, despla\u00e7aments d&#8217;empresa, trasllats tur\u00edstics, celebracions familiars i esdeveniments de qualsevol tipus. Aix\u00ed, cada grup pot escollir el vehicle que millor s&#8217;adapti a les seves necessitats.<\/p>\n<p>[\/vc_column_text][\/vc_tta_section][vc_tta_section title=\u00bbDisposeu d&#8217;autocars adaptats per a persones amb mobilitat redu\u00efda a Santa Coloma?\u00bb tab_id=\u00bb1764149503338-1f605563-2d2f\u00bb][vc_column_text css=\u00bb\u00bb]<\/p>\n<p data-start=\"2905\" data-end=\"3318\">S\u00ed, disposem de vehicles adaptats per a persones amb mobilitat redu\u00efda a Santa Coloma de Gramenet. Aquests autocars inclouen plataforma elevadora, espai reservat per a cadires de rodes i sistemes d&#8217;ancoratge homologats. En sol\u00b7licitar el pressupost, nom\u00e9s cal esmentar que es necessita un vehicle adaptat perqu\u00e8 puguem assignar el model adequat i planificar correctament el trajecte.<\/p>\n<p>[\/vc_column_text][\/vc_tta_section][vc_tta_section title=\u00bbAmb quanta antelaci\u00f3 es recomana reservar un autocar a Santa Coloma de Gramenet?\u00bb tab_id=\u00bb1764149519640-c58709ad-2b4e\u00bb][vc_column_text css=\u00bb\u00bb]<\/p>\n<p data-start=\"3436\" data-end=\"3878\">L&#8217;antelaci\u00f3 recomanable dep\u00e8n de la temporada i del tipus de servei. En per\u00edodes de m\u00e9s demanda\u2014com ara excursions escolars, caps de setmana o esdeveniments corporatius\u2014\u00e9s aconsellable reservar amb diverses setmanes de marge. Tot i aix\u00ed, tamb\u00e9 atenem sol\u00b7licituds d&#8217;\u00faltima hora sempre que hi hagi disponibilitat. Reservar amb antelaci\u00f3 augmenta les possibilitats d&#8217;obtenir el vehicle m\u00e9s adequat per a la data desitjada.<\/p>\n<p>[\/vc_column_text][\/vc_tta_section][vc_tta_section title=\u00bbQuins serveis de transport s&#8217;ofereixen des de Santa Coloma de Gramenet?\u00bb tab_id=\u00bb1764149535497-a60cad70-bfaa\u00bb][vc_column_text css=\u00bb\u00bb]<\/p>\n<p data-start=\"3982\" data-end=\"4336\">Des de Santa Coloma de Gramenet oferim una \u00e0mplia varietat de serveis: trasllats corporatius, rutes escolars, excursions tur\u00edstiques, despla\u00e7aments esportius, casaments, celebracions familiars, transfers a l&#8217;aeroport i serveis privats a mida. La nostra flota s&#8217;adapta tant a serveis puntuals com a recorreguts regulars.<\/p>\n<p>[\/vc_column_text][\/vc_tta_section][vc_tta_section title=\u00bbFeu trajectes des de Santa Coloma de Gramenet cap a altres ciutats o regions?\u00bb tab_id=\u00bb1764149552501-e6d39949-d67e\u00bb][vc_column_text css=\u00bb\u00bb]<\/p>\n<p data-start=\"4453\" data-end=\"4870\">S\u00ed, fem despla\u00e7aments des de Santa Coloma de Gramenet cap a qualsevol punt de Catalunya i tamb\u00e9 cap a altres comunitats aut\u00f2nomes. Oferim viatges de mitjana i llarga dist\u00e0ncia, excursions programades, sortides culturals, transfers a l&#8217;aeroport i rutes tur\u00edstiques personalitzades. Nom\u00e9s cal indicar origen, destinaci\u00f3 i data per preparar un servei adaptat a l&#8217;itinerari del grup.<\/p>\n<p>[\/vc_column_text][\/vc_tta_section][\/vc_tta_accordion][vc_separator color=\u00bbwhite\u00bb border_width=\u00bb5&#8243; css=\u00bb\u00bb][\/vc_column][vc_column width=\u00bb1\/3&#8243; css=\u00bb.vc_custom_1744211247589{margin-right: 30px !important;margin-left: 30px !important;}\u00bb][vc_column_text css=\u00bb.vc_custom_1744819007893{margin-bottom: -10px !important;}\u00bb]<\/p>\n<p style=\"font-size: 30px; font-family: 'gotham-rounded'; text-align: left; color: #25a8ba; line-height: 1em;\"><strong>La teva companyia de confian\u00e7a a Santa Coloma<\/strong><\/p>\n<p>[\/vc_column_text][vc_column_text css=\u00bb\u00bb]<\/p>\n<p style=\"font-size: 18px; font-family: 'gotham-rounded'; text-align: left;\"><strong>Badabus \u00e9s una empresa familiar dedicada al transport de viatgers per carretera.<\/strong><\/p>\n<p>Empresa especialista en el lloguer d&#8217;autocars a Santa Coloma. Ens avala l&#8217;experi\u00e8ncia de m\u00e9s de 25 anys en el sector de les persones que la dirigim.[\/vc_column_text][vc_column_text css=\u00bb\u00bb]<b style=\"text-align: left; font-size: 20px;\"><img loading=\"lazy\" decoding=\"async\" class=\"alignnone wp-image-1964\" src=\"https:\/\/badabus.com\/wp-content\/uploads\/flechas-badabus.jpg\" alt=\"\" width=\"45\" height=\"27\" \/> CONTACTE<\/b>[\/vc_column_text][vc_column_text css=\u00bb\u00bb]<\/p>\n<h3 style=\"text-align: left; font-size: 20px;\">Autocares Badabus<\/h3>\n<p>Adre\u00e7a: <a href=\"https:\/\/www.google.com\/maps\/place\/Autocares+Badabus\/@41.3518513,2.1340148,17z\/data=!3m1!4b1!4m6!3m5!1s0x12a498a57225f481:0x27ebbd8420ff8f5e!8m2!3d41.3518513!4d2.1340148!16s%2Fg%2F11fz9zb2tf?entry=ttu\" target=\"_blank\" rel=\"noopener noreferrer\">Carrer de la Metal\u00b7l\u00fargia, 51, 08908 Barcelona<\/a><br \/>\nCorreu electr\u00f2nic: <a href=\"mailto:info@badabus.com\">info@badabus.com<\/a><br \/>\n<img loading=\"lazy\" decoding=\"async\" class=\"size-full wp-image-2239 alignleft\" src=\"https:\/\/badabus.com\/wp-content\/uploads\/telefon-de-lloguer-autocars-badabus.jpg\" alt=\"telefono de alquiler autocares badabus\" width=\"341\" height=\"124\" \/>[\/vc_column_text][\/vc_column][\/vc_row][vc_row row_fullwidth=\u00bb1&#8243; row_zero_column_space=\u00bb1&#8243; css=\u00bb.vc_custom_1525855960545{margin-top: 0px !important;margin-right: 0px !important;margin-bottom: 0px !important;margin-left: 0px !important;padding-top: 0px !important;padding-right: 0px !important;padding-bottom: 0px !important;padding-left: 0px !important;background-color: #303033 !important;}\u00bb][vc_column width=\u00bb1\/2&#8243; css=\u00bb.vc_custom_1525855742551{margin-top: -30px !important;}\u00bb][vc_single_image image=\u00bb15747&#8243; img_size=\u00bbfull\u00bb css=\u00bb\u00bb][\/vc_column][vc_column width=\u00bb1\/4&#8243; offset=\u00bbvc_hidden-xs\u00bb][vc_single_image image=\u00bb15755&#8243; img_size=\u00bbfull\u00bb css=\u00bb.vc_custom_1787297791497{padding-top: 10px !important;}\u00bb][\/vc_column][vc_column width=\u00bb1\/4&#8243; offset=\u00bbvc_hidden-xs\u00bb][vc_btn title=\u00bbDEMANAR PRESSUPOST\u00bb style=\u00bbgradient-custom\u00bb gradient_custom_color_1=\u00bb#25a6b9&#8243; gradient_custom_color_2=\u00bb#e22893&#8243; shape=\u00bbround\u00bb size=\u00bblg\u00bb align=\u00bbleft\u00bb css=\u00bb.vc_custom_1786962241357{padding-top: 20px !important;}\u00bb link=\u00bburl:https%3A%2F%2Fbadabus.com%2Fca%2Fpressupost-lloguer-dautobusos%2F\u00bb][\/vc_column][\/vc_row][vc_row][vc_column][vc_raw_html css=\u00bb\u00bb]PHNjcmlwdCB0eXBlPSJhcHBsaWNhdGlvbi9sZCtqc29uIj4KewogICJAY29udGV4dCI6ICJodHRwczovL3NjaGVtYS5vcmciLAogICJAdHlwZSI6ICJGQVFQYWdlIiwKICAibWFpbkVudGl0eSI6IFt7CiAgICAiQHR5cGUiOiAiUXVlc3Rpb24iLAogICAgIm5hbWUiOiAiUXVhbnQgY29zdGEgbGxvZ2FyIHVuIGF1dG9jYXIgbyBhdXRvYsO6cyBhIFNhbnRhIENvbG9tYSBkZSBHcmFtZW5ldD8iLAogICAgImFjY2VwdGVkQW5zd2VyIjogewogICAgICAiQHR5cGUiOiAiQW5zd2VyIiwKICAgICAgInRleHQiOiAiRWwgcHJldSBkZSBsbG9nYXIgdW4gYXV0b2NhciBhIFNhbnRhIENvbG9tYSBkZSBHcmFtZW5ldCB2YXJpYSBzZWdvbnMgZmFjdG9ycyBjb20gbGEgZGF0YSBkZWwgc2VydmVpLCBlbCByZWNvcnJlZ3V0LCBlbCBub21icmUgZGUgcGFzc2F0Z2VycywgbGEgZHVyYWRhIGRlbCB0cmFqZWN0ZSBpIGVsIHRpcHVzIGRlIHZlaGljbGUgc29swrdsaWNpdGF0LiBDYWRhIHZpYXRnZSB0w6kgY2FyYWN0ZXLDrXN0aXF1ZXMgcGFydGljdWxhcnMsIHBlciBsYSBxdWFsIGNvc2Egbm8gaGkgaGEgdW5hIHRhcmlmYSBmaXhhLiBQZXIgb2J0ZW5pciB1biBwcmVzc3Vwb3N0IHByZWPDrXMsIG5vbcOpcyBjYWwgaW5kaWNhciBlbCBwdW50IGRlIHJlY29sbGlkYSBhIFNhbnRhIENvbG9tYSwgbGEgZGVzdGluYWNpw7MsIGwnaG9yYXJpIGkgbGEgbWlkYSBkZWwgZ3J1cC4gQW1iIGFxdWVzdGEgaW5mb3JtYWNpw7MgZWxhYm9yZW0gdW5hIHByb3Bvc3RhIHBlcnNvbmFsaXR6YWRhIGkgdG90YWxtZW50IHRyYW5zcGFyZW50LiIKICAgIH0KICB9LHsKICAgICJAdHlwZSI6ICJRdWVzdGlvbiIsCiAgICAibmFtZSI6ICJDb20gcHVjIHNvbMK3bGljaXRhciB1biBwcmVzc3Vwb3N0IHBlciBhIHVuIHNlcnZlaSBkJ2F1dG9jYXIgZGVzIGRlIFNhbnRhIENvbG9tYSBkZSBHcmFtZW5ldD8iLAogICAgImFjY2VwdGVkQW5zd2VyIjogewogICAgICAiQHR5cGUiOiAiQW5zd2VyIiwKICAgICAgInRleHQiOiAiU29swrdsaWNpdGFyIHVuIHByZXNzdXBvc3Qgw6lzIG1vbHQgc2VuemlsbC4gTm9tw6lzIGhhcyBkJ29tcGxpciBlbCBmb3JtdWxhcmkgYW1iIGxlcyBkYWRlcyBwcmluY2lwYWxzIGRlbCBkZXNwbGHDp2FtZW50OiBkYXRhLCBwdW50IGQnb3JpZ2VuIGEgU2FudGEgQ29sb21hIGRlIEdyYW1lbmV0LCBkZXN0aW5hY2nDsywgbm9tYnJlIGRlIHBhc3NhdGdlcnMgaSB0aXB1cyBkZSB2ZWhpY2xlLiBBbWIgYXF1ZXN0YSBpbmZvcm1hY2nDsyBwcmVwYXJlbSB1biBwcmVzc3Vwb3N0IGRldGFsbGF0IGVuIHBvcXVlcyBob3Jlcy4gU2kgdGVucyBkdWJ0ZXMgc29icmUgcXVpbiB2ZWhpY2xlIHMnYWRhcHRhIG1pbGxvciBhbCB0ZXUgdHJhamVjdGUsIHRhbWLDqSBvZmVyaW0gYXNzZXNzb3JhbWVudCBwZXJzb25hbGl0emF0LiIKICAgIH0KICB9LHsKICAgICJAdHlwZSI6ICJRdWVzdGlvbiIsCiAgICAibmFtZSI6ICJRdcOoIGluY2xvdSBlbCBzZXJ2ZWkgZGUgbGxvZ3VlciBkJ2F1dG9jYXIgYSBTYW50YSBDb2xvbWEgZGUgR3JhbWVuZXQ\/IiwKICAgICJhY2NlcHRlZEFuc3dlciI6IHsKICAgICAgIkB0eXBlIjogIkFuc3dlciIsCiAgICAgICJ0ZXh0IjogIkVsIHNlcnZlaSBkZSBsbG9ndWVyIGluY2xvdSB1biBhdXRvY2FyIGVxdWlwYXQgcGVyIGFsIHRyYW5zcG9ydCBkZSBwYXNzYXRnZXJzIGkgdW4gY29uZHVjdG9yIHByb2Zlc3Npb25hbCBlbmNhcnJlZ2F0IGRlIGZlciBlbCB0cmFqZWN0ZSBhbWIgc2VndXJldGF0LiBFbHMgbm9zdHJlcyB2ZWhpY2xlcyBkaXNwb3NlbiBkZSBjbGltYXRpdHphY2nDsywgc2VpZW50cyBlcmdvbsOybWljcywgY2ludHVyb25zIGRlIHNlZ3VyZXRhdCBpIGVxdWlwYW1lbnQgb3JpZW50YXQgYSBnYXJhbnRpciB1bmEgZXhwZXJpw6huY2lhIGPDsm1vZGEuIEVsIHByZXNzdXBvc3QgcG90IGluY2xvdXJlIGNvbWJ1c3RpYmxlLCBwZWF0Z2VzIGkgZWwgdGVtcHMgY29udHJhY3RhdCBkJ8O6cyBkZWwgdmVoaWNsZS4gU2kgY2FsZW4gcGFyYWRlcyBhZGRpY2lvbmFscywgZXNwZXJlcyBvIGFsdHJlcyBzZXJ2ZWlzIGVzcGVjaWFscywgcydpbmRpcXVlbiBwcsOodmlhbWVudCBwZXIgZXZpdGFyIGNvc3RvcyBpbmVzcGVyYXRzLiIKICAgIH0KICB9LHsKICAgICJAdHlwZSI6ICJRdWVzdGlvbiIsCiAgICAibmFtZSI6ICJRdWlucyB0aXB1cyBkZSB2ZWhpY2xlcyBlcyBwb2RlbiBjb250cmFjdGFyIGEgU2FudGEgQ29sb21hIGRlIEdyYW1lbmV0PyIsCiAgICAiYWNjZXB0ZWRBbnN3ZXIiOiB7CiAgICAgICJAdHlwZSI6ICJBbnN3ZXIiLAogICAgICAidGV4dCI6ICJBIFNhbnRhIENvbG9tYSBkZSBHcmFtZW5ldCBjb21wdGVtIGFtYiB1bmEgZmxvdGEgdmFyaWFkYSBxdWUgaW5jbG91IG1pbmlidXNvcyBwZXIgYSBncnVwcyByZWR1w690cyBpIGF1dG9jYXJzIGRlIG3DqXMgY2FwYWNpdGF0LCBxdWUgYXJyaWJlbiBhcHJveGltYWRhbWVudCBhIDYwIHBsYWNlcy4gQXF1ZXN0YSB2YXJpZXRhdCBwZXJtZXQgYXRlbmRyZSB0b3RhIG1lbmEgZGUgc2VydmVpczogZXhjdXJzaW9ucyBlc2NvbGFycywgZGVzcGxhw6dhbWVudHMgZCdlbXByZXNhLCB0cmFzbGxhdHMgdHVyw61zdGljcywgY2VsZWJyYWNpb25zIGZhbWlsaWFycyBpIGVzZGV2ZW5pbWVudHMgZGUgcXVhbHNldm9sIHRpcHVzLiBBaXjDrSwgY2FkYSBncnVwIHBvdCBlc2NvbGxpciBlbCB2ZWhpY2xlIHF1ZSBtaWxsb3IgcydhZGFwdGkgYSBsZXMgc2V2ZXMgbmVjZXNzaXRhdHMuIgogICAgfQogIH0sewogICAgIkB0eXBlIjogIlF1ZXN0aW9uIiwKICAgICJuYW1lIjogIkRpc3Bvc2V1IGQnYXV0b2NhcnMgYWRhcHRhdHMgcGVyIGEgcGVyc29uZXMgYW1iIG1vYmlsaXRhdCByZWR1w69kYSBhIFNhbnRhIENvbG9tYT8iLAogICAgImFjY2VwdGVkQW5zd2VyIjogewogICAgICAiQHR5cGUiOiAiQW5zd2VyIiwKICAgICAgInRleHQiOiAiU8OtLCBkaXNwb3NlbSBkZSB2ZWhpY2xlcyBhZGFwdGF0cyBwZXIgYSBwZXJzb25lcyBhbWIgbW9iaWxpdGF0IHJlZHXDr2RhIGEgU2FudGEgQ29sb21hIGRlIEdyYW1lbmV0LiBBcXVlc3RzIGF1dG9jYXJzIGluY2xvdWVuIHBsYXRhZm9ybWEgZWxldmFkb3JhLCBlc3BhaSByZXNlcnZhdCBwZXIgYSBjYWRpcmVzIGRlIHJvZGVzIGkgc2lzdGVtZXMgZCdhbmNvcmF0Z2UgaG9tb2xvZ2F0cy4gRW4gc29swrdsaWNpdGFyIGVsIHByZXNzdXBvc3QsIG5vbcOpcyBjYWwgZXNtZW50YXIgcXVlIGVzIG5lY2Vzc2l0YSB1biB2ZWhpY2xlIGFkYXB0YXQgcGVycXXDqCBwdWd1ZW0gYXNzaWduYXIgZWwgbW9kZWwgYWRlcXVhdCBpIHBsYW5pZmljYXIgY29ycmVjdGFtZW50IGVsIHRyYWplY3RlLiIKICAgIH0KICB9LHsKICAgICJAdHlwZSI6ICJRdWVzdGlvbiIsCiAgICAibmFtZSI6ICJBbWIgcXVhbnRhIGFudGVsYWNpw7MgZXMgcmVjb21hbmEgcmVzZXJ2YXIgdW4gYXV0b2NhciBhIFNhbnRhIENvbG9tYSBkZSBHcmFtZW5ldD8iLAogICAgImFjY2VwdGVkQW5zd2VyIjogewogICAgICAiQHR5cGUiOiAiQW5zd2VyIiwKICAgICAgInRleHQiOiAiTCdhbnRlbGFjacOzIHJlY29tYW5hYmxlIGRlcMOobiBkZSBsYSB0ZW1wb3JhZGEgaSBkZWwgdGlwdXMgZGUgc2VydmVpLiBFbiBwZXLDrW9kZXMgZGUgbcOpcyBkZW1hbmRh4oCUY29tIGFyYSBleGN1cnNpb25zIGVzY29sYXJzLCBjYXBzIGRlIHNldG1hbmEgbyBlc2RldmVuaW1lbnRzIGNvcnBvcmF0aXVz4oCUw6lzIGFjb25zZWxsYWJsZSByZXNlcnZhciBhbWIgZGl2ZXJzZXMgc2V0bWFuZXMgZGUgbWFyZ2UuIFRvdCBpIGFpeMOtLCB0YW1iw6kgYXRlbmVtIHNvbMK3bGljaXR1ZHMgZCfDumx0aW1hIGhvcmEgc2VtcHJlIHF1ZSBoaSBoYWdpIGRpc3BvbmliaWxpdGF0LiBSZXNlcnZhciBhbWIgYW50ZWxhY2nDsyBhdWdtZW50YSBsZXMgcG9zc2liaWxpdGF0cyBkJ29idGVuaXIgZWwgdmVoaWNsZSBtw6lzIGFkZXF1YXQgcGVyIGEgbGEgZGF0YSBkZXNpdGphZGEuIgogICAgfQogIH0sewogICAgIkB0eXBlIjogIlF1ZXN0aW9uIiwKICAgICJuYW1lIjogIlF1aW5zIHNlcnZlaXMgZGUgdHJhbnNwb3J0IHMnb2ZlcmVpeGVuIGRlcyBkZSBTYW50YSBDb2xvbWEgZGUgR3JhbWVuZXQ\/IiwKICAgICJhY2NlcHRlZEFuc3dlciI6IHsKICAgICAgIkB0eXBlIjogIkFuc3dlciIsCiAgICAgICJ0ZXh0IjogIkRlcyBkZSBTYW50YSBDb2xvbWEgZGUgR3JhbWVuZXQgb2ZlcmltIHVuYSDDoG1wbGlhIHZhcmlldGF0IGRlIHNlcnZlaXM6IHRyYXNsbGF0cyBjb3Jwb3JhdGl1cywgcnV0ZXMgZXNjb2xhcnMsIGV4Y3Vyc2lvbnMgdHVyw61zdGlxdWVzLCBkZXNwbGHDp2FtZW50cyBlc3BvcnRpdXMsIGNhc2FtZW50cywgY2VsZWJyYWNpb25zIGZhbWlsaWFycywgdHJhbnNmZXJzIGEgbCdhZXJvcG9ydCBpIHNlcnZlaXMgcHJpdmF0cyBhIG1pZGEuIExhIG5vc3RyYSBmbG90YSBzJ2FkYXB0YSB0YW50IGEgc2VydmVpcyBwdW50dWFscyBjb20gYSByZWNvcnJlZ3V0cyByZWd1bGFycy4iCiAgICB9CiAgfSx7CiAgICAiQHR5cGUiOiAiUXVlc3Rpb24iLAogICAgIm5hbWUiOiAiRmV1IHRyYWplY3RlcyBkZXMgZGUgU2FudGEgQ29sb21hIGRlIEdyYW1lbmV0IGNhcCBhIGFsdHJlcyBjaXV0YXRzIG8gcmVnaW9ucz8iLAogICAgImFjY2VwdGVkQW5zd2VyIjogewogICAgICAiQHR5cGUiOiAiQW5zd2VyIiwKICAgICAgInRleHQiOiAiU8OtLCBmZW0gZGVzcGxhw6dhbWVudHMgZGVzIGRlIFNhbnRhIENvbG9tYSBkZSBHcmFtZW5ldCBjYXAgYSBxdWFsc2V2b2wgcHVudCBkZSBDYXRhbHVueWEgaSB0YW1iw6kgY2FwIGEgYWx0cmVzIGNvbXVuaXRhdHMgYXV0w7Jub21lcy4gT2ZlcmltIHZpYXRnZXMgZGUgbWl0amFuYSBpIGxsYXJnYSBkaXN0w6BuY2lhLCBleGN1cnNpb25zIHByb2dyYW1hZGVzLCBzb3J0aWRlcyBjdWx0dXJhbHMsIHRyYW5zZmVycyBhIGwnYWVyb3BvcnQgaSBydXRlcyB0dXLDrXN0aXF1ZXMgcGVyc29uYWxpdHphZGVzLiBOb23DqXMgY2FsIGluZGljYXIgb3JpZ2VuLCBkZXN0aW5hY2nDsyBpIGRhdGEgcGVyIHByZXBhcmFyIHVuIHNlcnZlaSBhZGFwdGF0IGEgbCdpdGluZXJhcmkgZGVsIGdydXAuIgogICAgfQogIH1dCn0KPC9zY3JpcHQ+[\/vc_raw_html][\/vc_column][\/vc_row]<\/p>\n<\/div>","protected":false},"excerpt":{"rendered":"<p>[vc_row row_fullwidth=\u00bb1&#8243; row_zero_column_space=\u00bb1&#8243; css=\u00bb.vc_custom_1461073450203{margin-top: 0px !important;margin-right: 0px !important;margin-bottom: 0px !important;margin-left: 0px !important;padding-top: 0px !important;padding-right: 0px !important;padding-bottom: 0px !important;padding-left: 0px !important;}\u00bb][vc_column offset=\u00bbvc_hidden-sm vc_hidden-xs\u00bb][rev_slider_vc alias=\u00bbsanta-coloma-de-g-1&#8243; el_class=\u00bbno-bottom-margin\u00bb][\/vc_column][\/vc_row][vc_row gap=\u00bb5&#8243; row_fullwidth=\u00bb1&#8243; css=\u00bb.vc_custom_1684321545730{margin-top: 0px !important;margin-bottom: 0px [&hellip;]<\/p>\n","protected":false},"author":10,"featured_media":0,"parent":0,"menu_order":0,"comment_status":"closed","ping_status":"closed","template":"","meta":{"footnotes":""},"class_list":["post-15105","page","type-page","status-publish","hentry"],"_links":{"self":[{"href":"https:\/\/badabus.com\/ca\/wp-json\/wp\/v2\/pages\/15105","targetHints":{"allow":["GET"]}}],"collection":[{"href":"https:\/\/badabus.com\/ca\/wp-json\/wp\/v2\/pages"}],"about":[{"href":"https:\/\/badabus.com\/ca\/wp-json\/wp\/v2\/types\/page"}],"author":[{"embeddable":true,"href":"https:\/\/badabus.com\/ca\/wp-json\/wp\/v2\/users\/10"}],"replies":[{"embeddable":true,"href":"https:\/\/badabus.com\/ca\/wp-json\/wp\/v2\/comments?post=15105"}],"version-history":[{"count":9,"href":"https:\/\/badabus.com\/ca\/wp-json\/wp\/v2\/pages\/15105\/revisions"}],"predecessor-version":[{"id":16028,"href":"https:\/\/badabus.com\/ca\/wp-json\/wp\/v2\/pages\/15105\/revisions\/16028"}],"wp:attachment":[{"href":"https:\/\/badabus.com\/ca\/wp-json\/wp\/v2\/media?parent=15105"}],"curies":[{"name":"wp","href":"https:\/\/api.w.org\/{rel}","templated":true}]}}