{"id":15101,"date":"2026-08-21T08:44:49","date_gmt":"2026-08-21T06:44:49","guid":{"rendered":"https:\/\/badabus.com\/?page_id=15101"},"modified":"2026-08-31T12:13:04","modified_gmt":"2026-08-31T10:13:04","slug":"lloguer-autocar-el-prat-de-llobregat","status":"publish","type":"page","link":"https:\/\/badabus.com\/ca\/lloguer-autocar-el-prat-de-llobregat\/","title":{"rendered":"Inici El Prat de Llobregat CAT"},"content":{"rendered":"<div class=\"wpb-content-wrapper\"><p>[vc_row row_fullwidth=\u00bb1&#8243; row_zero_column_space=\u00bb1&#8243; css=\u00bb.vc_custom_1461073450203{margin-top: 0px !important;margin-right: 0px !important;margin-bottom: 0px !important;margin-left: 0px !important;padding-top: 0px !important;padding-right: 0px !important;padding-bottom: 0px !important;padding-left: 0px !important;}\u00bb][vc_column offset=\u00bbvc_hidden-sm vc_hidden-xs\u00bb][rev_slider_vc alias=\u00bbel-prat-1&#8243; el_class=\u00bbno-bottom-margin\u00bb][\/vc_column][\/vc_row][vc_row gap=\u00bb5&#8243; row_fullwidth=\u00bb1&#8243; css=\u00bb.vc_custom_1684321545730{margin-top: 0px !important;margin-bottom: 0px !important;padding-top: 40px !important;padding-right: 40px !important;padding-left: 40px !important;background-color: #ffffff !important;}\u00bb][vc_column offset=\u00bbvc_hidden-sm vc_hidden-xs\u00bb][vc_column_text css=\u00bb\u00bb]<\/p>\n<h1 class=\"h1-home-cat\">Lloguer d&#8217;autocars al Prat de Llobregat<\/h1>\n<h2 class=\"h1-servicios\">Les nostres opcions d&#8217;autocars per al Prat de Llobregat<\/h2>\n<p>[\/vc_column_text][vc_raw_html css=\u00bb\u00bb]JTVCYmFkYWJ1c19zZXJ2ZWlzJTVE[\/vc_raw_html][\/vc_column][vc_column offset=\u00bbvc_hidden-sm vc_hidden-xs\u00bb css=\u00bb.vc_custom_1744208769323{margin-top: 50px !important;background-color: #F6F6F6 !important;}\u00bb][vc_custom_heading text=\u00bbNecessites un autocar al Prat de Llobregat per al teu trajecte?\u00bb font_container=\u00bbtag:h2|font_size:40|text_align:center|color:%23000000|line_height:30px\u00bb google_fonts=\u00bbfont_family:Raleway%3A100%2C200%2C300%2Cregular%2C500%2C600%2C700%2C800%2C900|font_style:300%20light%20regular%3A300%3Anormal\u00bb css=\u00bb.vc_custom_1744815587204{margin-top: 0px !important;margin-bottom: 0px !important;padding-top: 20px !important;padding-bottom: 0px !important;}\u00bb][vc_column_text css=\u00bb.vc_custom_1744815614696{margin-top: 10px !important;margin-bottom: 10px !important;}\u00bb]<\/p>\n<p style=\"text-align: center;\">Digues-nos on necessites anar i et respondrem amb un pressupost en 24 hores.<\/p>\n<p>[\/vc_column_text][vc_btn title=\u00bbSol\u00b7licitar pressupost per a lloguer d&#8217;autocar\u00bb style=\u00bboutline-custom\u00bb outline_custom_color=\u00bb#000000&#8243; outline_custom_hover_background=\u00bb#000000&#8243; outline_custom_hover_text=\u00bb#ffffff\u00bb shape=\u00bbround\u00bb size=\u00bblg\u00bb align=\u00bbcenter\u00bb i_type=\u00bblinecons\u00bb i_icon_linecons=\u00bbvc_li vc_li-clip\u00bb css=\u00bb.vc_custom_1786957046242{margin-top: 20px !important;margin-bottom: 55px !important;}\u00bb add_icon=\u00bbtrue\u00bb link=\u00bburl:https%3A%2F%2Fbadabus.com%2Fca%2Fpressupost-lloguer-dautobusos%2F|title:Pressupost%20lloguer%20d&#8217;autobusos\u00bb][\/vc_column][\/vc_row][vc_row row_fullwidth=\u00bb1&#8243; css=\u00bb.vc_custom_1613379287195{padding-right: 0px !important;padding-left: 0px !important;background-color: #0a0a0a !important;}\u00bb][vc_column css=\u00bb.vc_custom_1710964759406{padding-top: 0px !important;padding-right: 0px !important;padding-bottom: 0px !important;padding-left: 0px !important;background: #0a0a0a url(https:\/\/badabus.com\/wp-content\/uploads\/Alex-Bascuas-Photo-9610-opacity.jpg?id=9993) !important;background-position: center !important;background-repeat: no-repeat !important;background-size: cover !important;}\u00bb offset=\u00bbvc_hidden-lg vc_hidden-md\u00bb el_class=\u00bbimagen-background-home-mobile\u00bb][vc_column_text css=\u00bb.vc_custom_1744815757947{margin-top: 45px !important;margin-right: 5% !important;margin-bottom: 45px !important;margin-left: 5% !important;padding-right: 0px !important;padding-left: 0px !important;background-position: center !important;background-repeat: no-repeat !important;background-size: cover !important;}\u00bb]<\/p>\n<h1 class=\"h1-home-mob\">Lloguer d&#8217;autocars al Prat de Llobregat<\/h1>\n<p>[\/vc_column_text][vc_btn title=\u00bbDEMANA PRESSUPOST\u00bb style=\u00bbcustom\u00bb custom_background=\u00bb#e22893&#8243; custom_text=\u00bb#ffffff\u00bb shape=\u00bbround\u00bb css=\u00bb.vc_custom_1786957058163{margin-left: 30px !important;}\u00bb link=\u00bburl:https%3A%2F%2Fbadabus.com%2Fca%2Fpressupost-lloguer-dautobusos%2F|title:Pressupost%20lloguer%20d&#8217;autobusos\u00bb][\/vc_column][\/vc_row][vc_row css=\u00bb.vc_custom_1744208838364{margin-top: 130px !important;margin-bottom: 15px !important;}\u00bb][vc_column width=\u00bb1\/2&#8243;][vc_column_text css=\u00bb\u00bb]<\/p>\n<h2>Des de quins barris del Prat de Llobregat sortim?<\/h2>\n<p>Al Prat fem recollides en autocar en zones com el Nucli Antic, Sant Cosme, l&#8217;Eixample o la Barceloneta, adequant-nos al punt de sortida m\u00e9s pr\u00e0ctic per a cada grup.<\/p>\n<p>Tamb\u00e9 operem en \u00e0rees properes a l&#8217;aeroport i en zones industrials, cosa que resulta ideal per a empreses o col\u00b7lectius amb seu a l&#8217;entorn aeroportuari. El nostre servei \u00e9s sempre flexible i ajustat a la localitzaci\u00f3 del grup. Si necessites un transport m\u00e9s lleuger, tamb\u00e9 disposem de <a href=\"https:\/\/badabus.com\/ca\/lloguer-minibus-el-prat-minibus\/\">minib\u00fas al Prat<\/a>.[\/vc_column_text][\/vc_column][vc_column width=\u00bb1\/2&#8243;][vc_single_image image=\u00bb12901&#8243; img_size=\u00bb450&#215;450&#8243; css=\u00bb\u00bb][\/vc_column][\/vc_row][vc_row css=\u00bb.vc_custom_1744208847931{margin-top: 70px !important;margin-bottom: 30px !important;}\u00bb][vc_column width=\u00bb1\/2&#8243;][vc_column_text css=\u00bb.vc_custom_1787573770331{margin-bottom: 20px !important;}\u00bb]<\/p>\n<h2>De quantes places s\u00f3n els autocars?<\/h2>\n<p>Al Prat oferim una \u00e0mplia gamma de vehicles, des de microbusos de 16 a 25 places, ideals per a trasllats des de l&#8217;aeroport, fins al <a href=\"https:\/\/badabus.com\/ca\/lloguer-autocar-barcelona\/\">lloguer d&#8217;autocars<\/a> de 50 i 55 places, pensats per a viatges grupals o serveis tur\u00edstics.<\/p>\n<p>Els nostres vehicles estan perfectament equipats per garantir seguretat, confort i efici\u00e8ncia, tant en rutes curtes per la ciutat com en despla\u00e7aments m\u00e9s llargs fora de l&#8217;\u00e0rea metropolitana.<\/p>\n<h3>Vols con\u00e8ixer la nostra flota d&#8217;autocars per al Prat?<\/h3>\n<p>[\/vc_column_text][vc_btn title=\u00bbVEURE FLOTA D&#8217;AUTOCARS\u00bb style=\u00bboutline-custom\u00bb outline_custom_color=\u00bb#000000&#8243; outline_custom_hover_background=\u00bb#000000&#8243; outline_custom_hover_text=\u00bb#ffffff\u00bb shape=\u00bbround\u00bb align=\u00bbleft\u00bb i_type=\u00bblinecons\u00bb i_icon_linecons=\u00bbvc_li vc_li-clip\u00bb css=\u00bb.vc_custom_1786957136661{margin-bottom: 35px !important;}\u00bb add_icon=\u00bbtrue\u00bb link=\u00bburl:https%3A%2F%2Fbadabus.com%2Fca%2Fflota%2F\u00bb][\/vc_column][vc_column width=\u00bb1\/2&#8243;][vc_single_image image=\u00bb15241&#8243; img_size=\u00bb450&#215;420&#8243; css=\u00bb\u00bb][\/vc_column][\/vc_row][vc_row css=\u00bb.vc_custom_1744209919418{padding-top: 35px !important;background-color: #25A6B9 !important;}\u00bb][vc_column width=\u00bb2\/3&#8243;][vc_column_text css=\u00bb\u00bb]<strong style=\"font-size: 26px; color: white;\">Vols con\u00e8ixer la nostra flota d&#8217;autocars per al Prat de Llobregat?<\/strong>[\/vc_column_text][\/vc_column][vc_column width=\u00bb1\/3&#8243;][vc_btn title=\u00bbPressupost en 24 h\u00bb style=\u00bboutline-custom\u00bb outline_custom_color=\u00bb#FFFFFF\u00bb outline_custom_hover_background=\u00bb#000000&#8243; outline_custom_hover_text=\u00bb#ffffff\u00bb shape=\u00bbround\u00bb align=\u00bbleft\u00bb i_type=\u00bblinecons\u00bb i_icon_linecons=\u00bbvc_li vc_li-clip\u00bb css=\u00bb.vc_custom_1786957160702{margin-bottom: 35px !important;}\u00bb add_icon=\u00bbtrue\u00bb link=\u00bburl:https%3A%2F%2Fbadabus.com%2Fca%2Fpressupost-lloguer-dautobusos%2F|title:Pressupost%20lloguer%20d&#8217;autobusos\u00bb][\/vc_column][\/vc_row][vc_row gap=\u00bb20&#8243; equal_height=\u00bbyes\u00bb css=\u00bb.vc_custom_1719475441479{margin-top: 40px !important;padding-top: 40px !important;padding-bottom: 120px !important;background-image: url(https:\/\/badabus.com\/wp-content\/uploads\/dotted.png?id=2221) !important;}\u00bb][vc_column][vc_column_text css=\u00bb\u00bb]<\/p>\n<p style=\"text-align: center; font-size: 40px; font-family: gotham-rounded; line-height: 1em;\"><strong>Per qu\u00e8 triar-nos per al teu trajecte des del Prat de Llobregat?<\/strong><\/p>\n<p>[\/vc_column_text][vc_row_inner equal_height=\u00bbyes\u00bb css=\u00bb.vc_custom_1744209697713{margin-bottom: 0px !important;padding-top: 20px !important;padding-bottom: 0px !important;}\u00bb][vc_column_inner width=\u00bb1\/3&#8243; css=\u00bb.vc_custom_1719475287975{background-color: #25a6b9 !important;border-radius: 5px !important;}\u00bb][vc_column_text css=\u00bb\u00bb]<\/p>\n<p class=\"numero-porque\">\/\/ 01<\/p>\n<p class=\"titulo-porque\">Seguretat<\/p>\n<p class=\"p-porque\">Per als nostres autocars al Prat fem controls i manteniment exhaustius perqu\u00e8 cada trajecte sigui segur, c\u00f2mode i sense imprevistos.<\/p>\n<p>[\/vc_column_text][vc_btn title=\u00bbVEURE FLOTA\u00bb style=\u00bboutline-custom\u00bb outline_custom_color=\u00bb#ffffff\u00bb outline_custom_hover_background=\u00bb#ffffff\u00bb outline_custom_hover_text=\u00bb#25a6b9&#8243; shape=\u00bbround\u00bb size=\u00bbsm\u00bb css=\u00bb.vc_custom_1786957182423{margin-left: 35px !important;}\u00bb link=\u00bburl:https%3A%2F%2Fbadabus.com%2Fca%2Fflota%2F|title:Veure%20flota%20d&#8217;autocars\u00bb][vc_empty_space][\/vc_column_inner][vc_column_inner width=\u00bb1\/3&#8243; css=\u00bb.vc_custom_1719475336589{background-color: #9b6da6 !important;border-radius: 5px !important;}\u00bb][vc_column_text css=\u00bb\u00bb]<\/p>\n<p class=\"numero-porque\">\/\/ 02<\/p>\n<p class=\"titulo-porque\">Confort<\/p>\n<p class=\"p-porque\">La comoditat i la seguretat dels nostres passatgers s\u00f3n primordials i el centre del disseny dels nostres autocars. Cada trajecte \u00e9s 100 % segur.<\/p>\n<p>[\/vc_column_text][vc_btn title=\u00bbVEURE FLOTA\u00bb style=\u00bboutline-custom\u00bb outline_custom_color=\u00bb#ffffff\u00bb outline_custom_hover_background=\u00bb#ffffff\u00bb outline_custom_hover_text=\u00bb#9b6da6&#8243; shape=\u00bbround\u00bb size=\u00bbsm\u00bb css=\u00bb.vc_custom_1786957191790{margin-left: 35px !important;}\u00bb link=\u00bburl:https%3A%2F%2Fbadabus.com%2Fca%2Fflota%2F|title:Veure%20flota%20d&#8217;autocars\u00bb][vc_empty_space][\/vc_column_inner][vc_column_inner width=\u00bb1\/3&#8243; css=\u00bb.vc_custom_1719475343640{background-color: #e22893 !important;border-radius: 5px !important;}\u00bb][vc_column_text css=\u00bb\u00bb]<\/p>\n<p class=\"numero-porque\">\/\/ 03<\/p>\n<p class=\"titulo-porque\">Conductors<\/p>\n<p class=\"p-porque\">Cada viatge est\u00e0 en mans dels nostres conductors qualificats, experts en rutes des del Prat i amb formaci\u00f3 en seguretat vi\u00e0ria.<\/p>\n<p>[\/vc_column_text][vc_btn title=\u00bbVEURE FLOTA\u00bb style=\u00bboutline-custom\u00bb outline_custom_color=\u00bb#ffffff\u00bb outline_custom_hover_background=\u00bb#ffffff\u00bb outline_custom_hover_text=\u00bb#e22893&#8243; shape=\u00bbround\u00bb size=\u00bbsm\u00bb css=\u00bb.vc_custom_1786957200567{margin-left: 35px !important;}\u00bb link=\u00bburl:https%3A%2F%2Fbadabus.com%2Fca%2Fflota%2F|title:Veure%20flota%20d&#8217;autocars\u00bb][vc_empty_space][\/vc_column_inner][\/vc_row_inner][\/vc_column][\/vc_row][vc_row gap=\u00bb35&#8243; row_fullwidth=\u00bb1&#8243; css=\u00bb.vc_custom_1595256381018{margin-bottom: 0px !important;padding-top: 0px !important;padding-bottom: 15px !important;background-color: #ffffff !important;}\u00bb][vc_column width=\u00bb2\/3&#8243; offset=\u00bbvc_hidden-lg vc_hidden-md\u00bb css=\u00bb.vc_custom_1595256410887{margin-top: -100px !important;}\u00bb][vc_column_text css=\u00bb.vc_custom_1595254868036{margin-bottom: -10px !important;}\u00bb]<\/p>\n<p style=\"font-size: 25px; font-family: 'gotham-rounded'; text-align: left; color: #25a8ba; line-height: 1em;\"><strong>La teva companyia de confian\u00e7a<\/strong><\/p>\n<p>[\/vc_column_text][vc_column_text]<\/p>\n<p style=\"font-size: 20px; font-family: 'gotham-rounded'; text-align: left;\"><strong>Badabus \u00e9s una empresa familiar dedicada al transport de viatgers per carretera.<\/strong><\/p>\n<p>Empresa especialista en el lloguer d&#8217;autocars i minibusos. Ens avala l&#8217;experi\u00e8ncia de m\u00e9s de 25 anys en el sector de les persones que la dirigim.[\/vc_column_text][vc_btn title=\u00bbVols saber-ne m\u00e9s?\u00bb style=\u00bbgradient-custom\u00bb gradient_custom_color_1=\u00bb#25a6b9&#8243; gradient_custom_color_2=\u00bb#e22893&#8243; shape=\u00bbround\u00bb size=\u00bblg\u00bb align=\u00bbleft\u00bb css=\u00bb.vc_custom_1786957210535{padding-right: 3% !important;padding-left: 3% !important;}\u00bb link=\u00bburl:https%3A%2F%2Fbadabus.com%2Fca%2Fflota%2F|title:Flota\u00bb][\/vc_column][vc_column width=\u00bb1\/3&#8243; offset=\u00bbvc_hidden-lg vc_hidden-md\u00bb][vc_column_text css=\u00bb\u00bb]<b style=\"text-align: left; font-size: 20px;\"><img loading=\"lazy\" decoding=\"async\" class=\"alignnone wp-image-1964\" src=\"https:\/\/badabus.com\/wp-content\/uploads\/flechas-badabus.jpg\" alt=\"\" width=\"45\" height=\"27\" \/> CONTACTE<\/b>[\/vc_column_text][vc_column_text css=\u00bb\u00bb]<\/p>\n<h3 style=\"text-align: left; font-size: 20px;\">Autocares Badabus<\/h3>\n<p>Adre\u00e7a: <a href=\"https:\/\/www.google.com\/maps\/place\/Autocares+Badabus\/@41.3518513,2.1340148,17z\/data=!3m1!4b1!4m6!3m5!1s0x12a498a57225f481:0x27ebbd8420ff8f5e!8m2!3d41.3518513!4d2.1340148!16s%2Fg%2F11fz9zb2tf?entry=ttu\" target=\"_blank\" rel=\"noopener noreferrer\">C\/Plom, 28 \u2013 08038 (Barcelona)<\/a><br \/>\nCorreu electr\u00f2nic: <a href=\"mailto:info@badabus.com\">info@badabus.com<\/a><br \/>\n<img loading=\"lazy\" decoding=\"async\" class=\"size-full wp-image-2239 alignleft\" src=\"https:\/\/badabus.com\/wp-content\/uploads\/telefon-de-lloguer-autocars-badabus.jpg\" alt=\"telefono de alquiler autocares badabus\" width=\"341\" height=\"124\" \/>[\/vc_column_text][\/vc_column][\/vc_row][vc_row gap=\u00bb35&#8243; css=\u00bb.vc_custom_1744210760780{margin-bottom: 25px !important;}\u00bb][vc_column width=\u00bb2\/3&#8243; css=\u00bb.vc_custom_1748242539635{margin-right: 30px !important;}\u00bb][vc_column_text css=\u00bb\u00bb]<\/p>\n<h2 style=\"font-size: 20px;\">Trajectes freq\u00fcents des del Prat de Llobregat amb els nostres autocars<\/h2>\n<p style=\"font-weight: 400; text-align: justify;\">Les rutes en autocar des del Prat de Llobregat m\u00e9s sol\u00b7licitades inclouen excursions a Montserrat, visites a cellers del Pened\u00e8s o dies d&#8217;aventura en parcs com PortAventura. Els nostres autocars s&#8217;adapten a cada tipus de sortida, ja sigui d&#8217;un dia o de cap de setmana.<\/p>\n<p style=\"font-weight: 400; text-align: justify;\">Tamb\u00e9 prestem serveis de transfer a l&#8217;aeroport, molt \u00fatil per a grups de turistes o treballadors en viatges d&#8217;empresa. En \u00e8poca escolar, som un aliat de confian\u00e7a en viatges de final de curs o sortides formatives.<\/p>\n<h3 style=\"font-weight: 400;\">Serveis m\u00e9s demandats de lloguer d&#8217;autocars al Prat de Llobregat<\/h3>\n<p style=\"font-weight: 400; text-align: justify;\">Al Prat de Llobregat, el nostre servei d&#8217;autocars \u00e9s molt demandat per empreses amb personal que ha de despla\u00e7ar-se des de o cap a l&#8217;aeroport, aix\u00ed com per les que organitzen esdeveniments corporatius a la zona. Tamb\u00e9 col\u00b7laborem amb centres educatius en excursions, sortides did\u00e0ctiques i viatges escolars.<\/p>\n<p style=\"font-weight: 400; text-align: justify;\">A m\u00e9s, moltes parelles que celebren el casament en masies del Baix Llobregat o rodalies ens trien per al transport dels convidats. Els clubs esportius locals tamb\u00e9 fan servir els nostres autocars per a competicions i entrenaments, igual que els grups tur\u00edstics que volen moure&#8217;s c\u00f2modament per la prov\u00edncia de Barcelona.<\/p>\n<h3 style=\"font-weight: 400;\">Per qu\u00e8 \u00e9s millor llogar un autocar al Prat de Llobregat amb nosaltres?<\/h3>\n<p style=\"font-weight: 400; text-align: justify;\">Al Prat de Llobregat oferim un servei \u00e0gil i adaptat a l&#8217;entorn, amb recollides r\u00e0pides des de zones residencials, industrials o properes a l&#8217;aeroport. El nostre coneixement de la ciutat ens permet planificar cada trajecte amb efici\u00e8ncia, evitant embussos i reduint els temps d&#8217;espera.<\/p>\n<p style=\"font-weight: 400; text-align: justify;\">Treballem sovint amb empreses log\u00edstiques, centres escolars i col\u00b7lectius locals, per la qual cosa entenem b\u00e9 les particularitats de cada tipus de despla\u00e7ament. Llogar un autocar amb nosaltres al Prat significa triar proximitat, experi\u00e8ncia i tracte directe.<\/p>\n<p>[\/vc_column_text][vc_empty_space height=\u00bb30px\u00bb][vc_column_text css=\u00bb\u00bb]<strong style=\"margin-left: 6px;\">POBLACIONS ON OFERIM SERVEI DE LLOGUER D&#8217;AUTOCARS<br \/>\n<\/strong><div class=\"menu-horizontal\"><ul><div class=\"menu-horizontal\"><li id=\"menu-item-15934\" class=\"menu-item menu-item-type-post_type menu-item-object-page menu-item-15934\"><a href=\"https:\/\/badabus.com\/ca\/lloguer-autocar-badalona\/\">Lloguer autocar a Badalona<\/a><\/li> | <li id=\"menu-item-15940\" class=\"menu-item menu-item-type-post_type menu-item-object-page menu-item-15940\"><a href=\"https:\/\/badabus.com\/ca\/lloguer-autocar-hospitalet-de-llobregat\/\">Lloguer autocar a Hospitalet de Llobregat<\/a><\/li> | <li id=\"menu-item-15936\" class=\"menu-item menu-item-type-post_type menu-item-object-page menu-item-15936\"><a href=\"https:\/\/badabus.com\/ca\/lloguer-autocar-cornella-de-llobregat\/\">Lloguer autocar a Cornell\u00e0 de Llobregat<\/a><\/li> | <li id=\"menu-item-15938\" class=\"menu-item menu-item-type-post_type menu-item-object-page menu-item-15938\"><a href=\"https:\/\/badabus.com\/ca\/lloguer-autocar-esplugues-de-llobregat\/\">Lloguer autocar a Esplugues de Llobregat<\/a><\/li> | <li id=\"menu-item-15945\" class=\"menu-item menu-item-type-post_type menu-item-object-page menu-item-15945\"><a href=\"https:\/\/badabus.com\/ca\/lloguer-autocar-santa-coloma-de-gramenet\/\">Lloguer autocar a Santa Coloma de Gramenet<\/a><\/li> | <li id=\"menu-item-15937\" class=\"menu-item menu-item-type-post_type menu-item-object-page menu-item-15937\"><a href=\"https:\/\/badabus.com\/ca\/lloguer-autocar-el-prat-de-llobregat\/\">Lloguer autocar a El Prat de Llobregat<\/a><\/li> | <li id=\"menu-item-15946\" class=\"menu-item menu-item-type-post_type menu-item-object-page menu-item-15946\"><a href=\"https:\/\/badabus.com\/ca\/lloguer-autocar-viladecans\/\">Lloguer autocar a Viladecans<\/a><\/li> | <li id=\"menu-item-15935\" class=\"menu-item menu-item-type-post_type menu-item-object-page menu-item-15935\"><a href=\"https:\/\/badabus.com\/ca\/lloguer-autocar-castelldefels\/\">Lloguer autocar a Castelldefels<\/a><\/li> | <li id=\"menu-item-15939\" class=\"menu-item menu-item-type-post_type menu-item-object-page menu-item-15939\"><a href=\"https:\/\/badabus.com\/ca\/lloguer-autocar-gava\/\">Lloguer autocar a Gav\u00e0<\/a><\/li> | <li id=\"menu-item-15944\" class=\"menu-item menu-item-type-post_type menu-item-object-page menu-item-15944\"><a href=\"https:\/\/badabus.com\/ca\/lloguer-autocar-sant-joan-despi\/\">Lloguer autocar a Sant Joan Desp\u00ed<\/a><\/li> | <li id=\"menu-item-15942\" class=\"menu-item menu-item-type-post_type menu-item-object-page menu-item-15942\"><a href=\"https:\/\/badabus.com\/ca\/lloguer-autocar-sant-boi-de-llobregat\/\">Lloguer autocar a Sant Boi de Llobregat<\/a><\/li> | <li id=\"menu-item-15943\" class=\"menu-item menu-item-type-post_type menu-item-object-page menu-item-15943\"><a href=\"https:\/\/badabus.com\/ca\/lloguer-autocar-sant-feliu-de-llobregat\/\">Lloguer autocar a Sant Feliu de Llobregat<\/a><\/li> | <li id=\"menu-item-15941\" class=\"menu-item menu-item-type-post_type menu-item-object-page menu-item-15941\"><a href=\"https:\/\/badabus.com\/ca\/lloguer-autocar-sant-adria-de-besos\/\">Lloguer autocar a Sant Adri\u00e0 de Bes\u00f2s<\/a><\/li>\n<\/div><\/ul><\/div>[\/vc_column_text][vc_tta_accordion section_title_tag=\u00bbh2&#8243; color=\u00bbwhite\u00bb active_section=\u00bb1&#8243;][vc_tta_section title=\u00bbQuin \u00e9s el cost de llogar un autocar o autob\u00fas al Prat de Llobregat?\u00bb tab_id=\u00bb1764151041737-5102860a-55af\u00bb][vc_column_text css=\u00bb\u00bb]<\/p>\n<p data-start=\"436\" data-end=\"996\">El preu de llogar un autocar al Prat de Llobregat dep\u00e8n del tipus de trajecte, la data del servei, la durada del despla\u00e7ament, el nombre de passatgers i el model de vehicle sol\u00b7licitat. No hi ha una tarifa fixa, ja que cada viatge requereix una planificaci\u00f3 concreta. Per obtenir un pressupost exacte, nom\u00e9s cal indicar el punt de recollida al Prat, la destinaci\u00f3, l&#8217;horari i la mida del grup. Amb aquestes dades elaborem una proposta personalitzada, transparent i adaptada a les necessitats reals del trajecte.<\/p>\n<p>[\/vc_column_text][\/vc_tta_section][vc_tta_section title=\u00bbCom puc sol\u00b7licitar un pressupost per a un servei d&#8217;autocar des del Prat de Llobregat?\u00bb tab_id=\u00bb1764151041764-ba2aa829-6951&#8243;][vc_column_text css=\u00bb\u00bb]<\/p>\n<p data-start=\"1121\" data-end=\"1570\">Sol\u00b7licitar un pressupost \u00e9s molt senzill: nom\u00e9s has d&#8217;omplir el formulari amb la informaci\u00f3 essencial del servei, com ara la data, el punt de recollida al Prat, la destinaci\u00f3, el nombre de passatgers i el tipus de vehicle que necessites. Amb aquesta informaci\u00f3 preparem una proposta detallada en poques hores. Si tens dubtes sobre quin vehicle s&#8217;ajusta millor al teu viatge, oferim assessorament personalitzat sense comprom\u00eds.<\/p>\n<p>[\/vc_column_text][\/vc_tta_section][vc_tta_section title=\u00bbQu\u00e8 inclou el servei de lloguer d&#8217;autocar al Prat de Llobregat?\u00bb tab_id=\u00bb1764151084418-046231ab-ac24&#8243;][vc_column_text css=\u00bb\u00bb]<\/p>\n<p data-start=\"1675\" data-end=\"2193\">El servei inclou un autocar completament equipat i un conductor professional encarregat de fer el despla\u00e7ament amb seguretat i puntualitat. Els vehicles disposen de climatitzaci\u00f3, seients confortables, cinturons de seguretat i equipament pensat per maximitzar la comoditat del viatge. El pressupost pot incloure combustible, peatges i el temps contractat. Si calen serveis addicionals, com ara esperes o horaris especials, es detallen pr\u00e8viament per evitar sorpreses.<\/p>\n<p>[\/vc_column_text][\/vc_tta_section][vc_tta_section title=\u00bbQuins tipus de vehicles teniu disponibles al Prat de Llobregat?\u00bb tab_id=\u00bb1764151100734-fb17daf2-ef0c\u00bb][vc_column_text css=\u00bb\u00bb]<\/p>\n<p data-start=\"2293\" data-end=\"2710\">Al Prat de Llobregat disposem d&#8217;una flota variada que inclou minibusos per a grups redu\u00efts i autocars de m\u00e9s capacitat que arriben aproximadament a les 60 places. Aquesta varietat permet atendre des d&#8217;excursions escolars fins a despla\u00e7aments corporatius, viatges tur\u00edstics, esdeveniments o trasllats familiars. Cada grup pot seleccionar el vehicle que millor s&#8217;adapti a les seves necessitats.<\/p>\n<p>[\/vc_column_text][\/vc_tta_section][vc_tta_section title=\u00bbDisposeu d&#8217;autocars adaptats per a persones amb mobilitat redu\u00efda al Prat?\u00bb tab_id=\u00bb1764151117334-5a6dde80-9bcc\u00bb][vc_column_text css=\u00bb\u00bb]<\/p>\n<p data-start=\"2825\" data-end=\"3242\">S\u00ed, comptem amb autocars adaptats per a passatgers amb mobilitat redu\u00efda al Prat de Llobregat. Aquests vehicles disposen de plataforma elevadora, espai especial per a cadires de rodes i sistemes de fixaci\u00f3 homologats. En sol\u00b7licitar el pressupost, nom\u00e9s cal indicar que es necessita un vehicle adaptat perqu\u00e8 puguem assignar el model adequat i organitzar el servei correctament.<\/p>\n<p>[\/vc_column_text][\/vc_tta_section][vc_tta_section title=\u00bbAmb quanta antelaci\u00f3 hauria de reservar un autocar al Prat de Llobregat?\u00bb tab_id=\u00bb1764151135060-9db3649b-acfd\u00bb][vc_column_text css=\u00bb\u00bb]<\/p>\n<p data-start=\"3350\" data-end=\"3771\">L&#8217;antelaci\u00f3 recomanada dep\u00e8n del tipus de viatge i de la temporada. En \u00e8poques de m\u00e9s demanda\u2014com ara caps de setmana, excursions escolars, esdeveniments d&#8217;empresa o per\u00edodes vacacionals\u2014\u00e9s aconsellable reservar amb diverses setmanes d&#8217;antelaci\u00f3. Tot i aix\u00ed, tamb\u00e9 gestionem serveis urgents sempre que hi hagi disponibilitat. Reservar amb temps garanteix trobar el vehicle ideal en la data desitjada.<\/p>\n<p>[\/vc_column_text][\/vc_tta_section][vc_tta_section title=\u00bbQuins serveis de transport oferiu des del Prat de Llobregat?\u00bb tab_id=\u00bb1764151153113-5d3aca56-5aa0&#8243;][vc_column_text css=\u00bb\u00bb]<\/p>\n<p data-start=\"3869\" data-end=\"4262\">Des del Prat de Llobregat oferim una \u00e0mplia varietat de serveis: rutes escolars, trasllats corporatius, excursions, despla\u00e7aments esportius, casaments, celebracions familiars, transfers a l&#8217;aeroport i serveis privats totalment personalitzats. La nostra flota s&#8217;adapta a necessitats puntuals o a recorreguts regulars, sempre amb la m\u00e0xima comoditat i efici\u00e8ncia.<\/p>\n<p>[\/vc_column_text][\/vc_tta_section][vc_tta_section title=\u00bbFeu trajectes des del Prat de Llobregat cap a altres ciutats o regions?\u00bb tab_id=\u00bb1764151170113-fc47c8ce-cd9b\u00bb][vc_column_text css=\u00bb\u00bb]<\/p>\n<p data-start=\"4375\" data-end=\"4791\">S\u00ed, fem despla\u00e7aments des del Prat de Llobregat cap a qualsevol punt de Catalunya i tamb\u00e9 viatges a altres comunitats aut\u00f2nomes. Oferim rutes tur\u00edstiques, excursions culturals, serveis de llarga dist\u00e0ncia, trasllats a l&#8217;aeroport i recorreguts personalitzats. Nom\u00e9s cal indicar origen, destinaci\u00f3 i data per preparar un servei completament adaptat a l&#8217;itinerari del grup.<\/p>\n<p>[\/vc_column_text][\/vc_tta_section][\/vc_tta_accordion][vc_separator color=\u00bbwhite\u00bb border_width=\u00bb5&#8243; css=\u00bb\u00bb][\/vc_column][vc_column width=\u00bb1\/3&#8243; css=\u00bb.vc_custom_1744211247589{margin-right: 30px !important;margin-left: 30px !important;}\u00bb][vc_column_text css=\u00bb.vc_custom_1744816247239{margin-bottom: -10px !important;}\u00bb]<\/p>\n<p style=\"font-size: 30px; font-family: 'gotham-rounded'; text-align: left; color: #25a8ba; line-height: 1em;\"><strong>La teva companyia de confian\u00e7a al Prat<\/strong><\/p>\n<p>[\/vc_column_text][vc_column_text css=\u00bb\u00bb]<\/p>\n<p style=\"font-size: 18px; font-family: 'gotham-rounded'; text-align: left;\"><strong>Badabus \u00e9s una empresa familiar dedicada al transport de viatgers per carretera.<\/strong><\/p>\n<p>Empresa especialista en el lloguer d&#8217;autocars al Prat. Ens avala l&#8217;experi\u00e8ncia de m\u00e9s de 25 anys en el sector de les persones que la dirigim.[\/vc_column_text][vc_column_text css=\u00bb\u00bb]<b style=\"text-align: left; font-size: 20px;\"><img loading=\"lazy\" decoding=\"async\" class=\"alignnone wp-image-1964\" src=\"https:\/\/badabus.com\/wp-content\/uploads\/flechas-badabus.jpg\" alt=\"\" width=\"45\" height=\"27\" \/> CONTACTE<\/b>[\/vc_column_text][vc_column_text css=\u00bb\u00bb]<\/p>\n<h3 style=\"text-align: left; font-size: 20px;\">Autocares Badabus<\/h3>\n<p>Adre\u00e7a: <a href=\"https:\/\/www.google.com\/maps\/place\/Autocares+Badabus\/@41.3518513,2.1340148,17z\/data=!3m1!4b1!4m6!3m5!1s0x12a498a57225f481:0x27ebbd8420ff8f5e!8m2!3d41.3518513!4d2.1340148!16s%2Fg%2F11fz9zb2tf?entry=ttu\" target=\"_blank\" rel=\"noopener noreferrer\">Carrer de la Metal\u00b7l\u00fargia, 51, 08908 Barcelona<\/a><br \/>\nCorreu electr\u00f2nic: <a href=\"mailto:info@badabus.com\">info@badabus.com<\/a><br \/>\n<img loading=\"lazy\" decoding=\"async\" class=\"size-full wp-image-2239 alignleft\" src=\"https:\/\/badabus.com\/wp-content\/uploads\/telefon-de-lloguer-autocars-badabus.jpg\" alt=\"telefono de alquiler autocares badabus\" width=\"341\" height=\"124\" \/>[\/vc_column_text][\/vc_column][\/vc_row][vc_row row_fullwidth=\u00bb1&#8243; row_zero_column_space=\u00bb1&#8243; css=\u00bb.vc_custom_1525855960545{margin-top: 0px !important;margin-right: 0px !important;margin-bottom: 0px !important;margin-left: 0px !important;padding-top: 0px !important;padding-right: 0px !important;padding-bottom: 0px !important;padding-left: 0px !important;background-color: #303033 !important;}\u00bb][vc_column width=\u00bb1\/2&#8243; css=\u00bb.vc_custom_1525855742551{margin-top: -30px !important;}\u00bb][vc_single_image image=\u00bb15747&#8243; img_size=\u00bbfull\u00bb css=\u00bb\u00bb][\/vc_column][vc_column width=\u00bb1\/4&#8243; offset=\u00bbvc_hidden-xs\u00bb][vc_single_image image=\u00bb15755&#8243; img_size=\u00bbfull\u00bb css=\u00bb.vc_custom_1787294781371{padding-top: 10px !important;}\u00bb][\/vc_column][vc_column width=\u00bb1\/4&#8243; offset=\u00bbvc_hidden-xs\u00bb][vc_btn title=\u00bbDEMANAR PRESSUPOST\u00bb style=\u00bbgradient-custom\u00bb gradient_custom_color_1=\u00bb#25a6b9&#8243; gradient_custom_color_2=\u00bb#e22893&#8243; shape=\u00bbround\u00bb size=\u00bblg\u00bb align=\u00bbleft\u00bb css=\u00bb.vc_custom_1786957223720{padding-top: 20px !important;}\u00bb link=\u00bburl:https%3A%2F%2Fbadabus.com%2Fca%2Fpressupost-lloguer-dautobusos%2F\u00bb][\/vc_column][\/vc_row][vc_row][vc_column][vc_raw_html css=\u00bb\u00bb]PHNjcmlwdCB0eXBlPSJhcHBsaWNhdGlvbi9sZCtqc29uIj4KewogICJAY29udGV4dCI6ICJodHRwczovL3NjaGVtYS5vcmciLAogICJAdHlwZSI6ICJGQVFQYWdlIiwKICAibWFpbkVudGl0eSI6IFt7CiAgICAiQHR5cGUiOiAiUXVlc3Rpb24iLAogICAgIm5hbWUiOiAiUXVpbiDDqXMgZWwgY29zdCBkZSBsbG9nYXIgdW4gYXV0b2NhciBvIGF1dG9iw7pzIGFsIFByYXQgZGUgTGxvYnJlZ2F0PyIsCiAgICAiYWNjZXB0ZWRBbnN3ZXIiOiB7CiAgICAgICJAdHlwZSI6ICJBbnN3ZXIiLAogICAgICAidGV4dCI6ICJFbCBwcmV1IGRlIGxsb2dhciB1biBhdXRvY2FyIGFsIFByYXQgZGUgTGxvYnJlZ2F0IGRlcMOobiBkZWwgdGlwdXMgZGUgdHJhamVjdGUsIGxhIGRhdGEgZGVsIHNlcnZlaSwgbGEgZHVyYWRhIGRlbCBkZXNwbGHDp2FtZW50LCBlbCBub21icmUgZGUgcGFzc2F0Z2VycyBpIGVsIG1vZGVsIGRlIHZlaGljbGUgc29swrdsaWNpdGF0LiBObyBoaSBoYSB1bmEgdGFyaWZhIGZpeGEsIGphIHF1ZSBjYWRhIHZpYXRnZSByZXF1ZXJlaXggdW5hIHBsYW5pZmljYWNpw7MgY29uY3JldGEuIFBlciBvYnRlbmlyIHVuIHByZXNzdXBvc3QgZXhhY3RlLCBub23DqXMgY2FsIGluZGljYXIgZWwgcHVudCBkZSByZWNvbGxpZGEgYWwgUHJhdCwgbGEgZGVzdGluYWNpw7MsIGwnaG9yYXJpIGkgbGEgbWlkYSBkZWwgZ3J1cC4gQW1iIGFxdWVzdGVzIGRhZGVzIGVsYWJvcmVtIHVuYSBwcm9wb3N0YSBwZXJzb25hbGl0emFkYSwgdHJhbnNwYXJlbnQgaSBhZGFwdGFkYSBhIGxlcyBuZWNlc3NpdGF0cyByZWFscyBkZWwgdHJhamVjdGUuIgogICAgfQogIH0sewogICAgIkB0eXBlIjogIlF1ZXN0aW9uIiwKICAgICJuYW1lIjogIkNvbSBwdWMgc29swrdsaWNpdGFyIHVuIHByZXNzdXBvc3QgcGVyIGEgdW4gc2VydmVpIGQnYXV0b2NhciBkZXMgZGVsIFByYXQgZGUgTGxvYnJlZ2F0PyIsCiAgICAiYWNjZXB0ZWRBbnN3ZXIiOiB7CiAgICAgICJAdHlwZSI6ICJBbnN3ZXIiLAogICAgICAidGV4dCI6ICJTb2zCt2xpY2l0YXIgdW4gcHJlc3N1cG9zdCDDqXMgbW9sdCBzZW56aWxsOiBub23DqXMgaGFzIGQnb21wbGlyIGVsIGZvcm11bGFyaSBhbWIgbGEgaW5mb3JtYWNpw7MgZXNzZW5jaWFsIGRlbCBzZXJ2ZWksIGNvbSBhcmEgbGEgZGF0YSwgZWwgcHVudCBkZSByZWNvbGxpZGEgYWwgUHJhdCwgbGEgZGVzdGluYWNpw7MsIGVsIG5vbWJyZSBkZSBwYXNzYXRnZXJzIGkgZWwgdGlwdXMgZGUgdmVoaWNsZSBxdWUgbmVjZXNzaXRlcy4gQW1iIGFxdWVzdGEgaW5mb3JtYWNpw7MgcHJlcGFyZW0gdW5hIHByb3Bvc3RhIGRldGFsbGFkYSBlbiBwb3F1ZXMgaG9yZXMuIFNpIHRlbnMgZHVidGVzIHNvYnJlIHF1aW4gdmVoaWNsZSBzJ2FqdXN0YSBtaWxsb3IgYWwgdGV1IHZpYXRnZSwgb2ZlcmltIGFzc2Vzc29yYW1lbnQgcGVyc29uYWxpdHphdCBzZW5zZSBjb21wcm9tw61zLiIKICAgIH0KICB9LHsKICAgICJAdHlwZSI6ICJRdWVzdGlvbiIsCiAgICAibmFtZSI6ICJRdcOoIGluY2xvdSBlbCBzZXJ2ZWkgZGUgbGxvZ3VlciBkJ2F1dG9jYXIgYWwgUHJhdCBkZSBMbG9icmVnYXQ\/IiwKICAgICJhY2NlcHRlZEFuc3dlciI6IHsKICAgICAgIkB0eXBlIjogIkFuc3dlciIsCiAgICAgICJ0ZXh0IjogIkVsIHNlcnZlaSBpbmNsb3UgdW4gYXV0b2NhciBjb21wbGV0YW1lbnQgZXF1aXBhdCBpIHVuIGNvbmR1Y3RvciBwcm9mZXNzaW9uYWwgZW5jYXJyZWdhdCBkZSBmZXIgZWwgZGVzcGxhw6dhbWVudCBhbWIgc2VndXJldGF0IGkgcHVudHVhbGl0YXQuIEVscyB2ZWhpY2xlcyBkaXNwb3NlbiBkZSBjbGltYXRpdHphY2nDsywgc2VpZW50cyBjb25mb3J0YWJsZXMsIGNpbnR1cm9ucyBkZSBzZWd1cmV0YXQgaSBlcXVpcGFtZW50IHBlbnNhdCBwZXIgbWF4aW1pdHphciBsYSBjb21vZGl0YXQgZGVsIHZpYXRnZS4gRWwgcHJlc3N1cG9zdCBwb3QgaW5jbG91cmUgY29tYnVzdGlibGUsIHBlYXRnZXMgaSBlbCB0ZW1wcyBjb250cmFjdGF0LiBTaSBjYWxlbiBzZXJ2ZWlzIGFkZGljaW9uYWxzLCBjb20gYXJhIGVzcGVyZXMgbyBob3JhcmlzIGVzcGVjaWFscywgZXMgZGV0YWxsZW4gcHLDqHZpYW1lbnQgcGVyIGV2aXRhciBzb3JwcmVzZXMuIgogICAgfQogIH0sewogICAgIkB0eXBlIjogIlF1ZXN0aW9uIiwKICAgICJuYW1lIjogIlF1aW5zIHRpcHVzIGRlIHZlaGljbGVzIHRlbml1IGRpc3BvbmlibGVzIGFsIFByYXQgZGUgTGxvYnJlZ2F0PyIsCiAgICAiYWNjZXB0ZWRBbnN3ZXIiOiB7CiAgICAgICJAdHlwZSI6ICJBbnN3ZXIiLAogICAgICAidGV4dCI6ICJBbCBQcmF0IGRlIExsb2JyZWdhdCBkaXNwb3NlbSBkJ3VuYSBmbG90YSB2YXJpYWRhIHF1ZSBpbmNsb3UgbWluaWJ1c29zIHBlciBhIGdydXBzIHJlZHXDr3RzIGkgYXV0b2NhcnMgZGUgbcOpcyBjYXBhY2l0YXQgcXVlIGFycmliZW4gYXByb3hpbWFkYW1lbnQgYSBsZXMgNjAgcGxhY2VzLiBBcXVlc3RhIHZhcmlldGF0IHBlcm1ldCBhdGVuZHJlIGRlcyBkJ2V4Y3Vyc2lvbnMgZXNjb2xhcnMgZmlucyBhIGRlc3BsYcOnYW1lbnRzIGNvcnBvcmF0aXVzLCB2aWF0Z2VzIHR1csOtc3RpY3MsIGVzZGV2ZW5pbWVudHMgbyB0cmFzbGxhdHMgZmFtaWxpYXJzLiBDYWRhIGdydXAgcG90IHNlbGVjY2lvbmFyIGVsIHZlaGljbGUgcXVlIG1pbGxvciBzJ2FkYXB0aSBhIGxlcyBzZXZlcyBuZWNlc3NpdGF0cy4iCiAgICB9CiAgfSx7CiAgICAiQHR5cGUiOiAiUXVlc3Rpb24iLAogICAgIm5hbWUiOiAiRGlzcG9zZXUgZCdhdXRvY2FycyBhZGFwdGF0cyBwZXIgYSBwZXJzb25lcyBhbWIgbW9iaWxpdGF0IHJlZHXDr2RhIGFsIFByYXQ\/IiwKICAgICJhY2NlcHRlZEFuc3dlciI6IHsKICAgICAgIkB0eXBlIjogIkFuc3dlciIsCiAgICAgICJ0ZXh0IjogIlPDrSwgY29tcHRlbSBhbWIgYXV0b2NhcnMgYWRhcHRhdHMgcGVyIGEgcGFzc2F0Z2VycyBhbWIgbW9iaWxpdGF0IHJlZHXDr2RhIGFsIFByYXQgZGUgTGxvYnJlZ2F0LiBBcXVlc3RzIHZlaGljbGVzIGRpc3Bvc2VuIGRlIHBsYXRhZm9ybWEgZWxldmFkb3JhLCBlc3BhaSBlc3BlY2lhbCBwZXIgYSBjYWRpcmVzIGRlIHJvZGVzIGkgc2lzdGVtZXMgZGUgZml4YWNpw7MgaG9tb2xvZ2F0cy4gRW4gc29swrdsaWNpdGFyIGVsIHByZXNzdXBvc3QsIG5vbcOpcyBjYWwgaW5kaWNhciBxdWUgZXMgbmVjZXNzaXRhIHVuIHZlaGljbGUgYWRhcHRhdCBwZXJxdcOoIHB1Z3VlbSBhc3NpZ25hciBlbCBtb2RlbCBhZGVxdWF0IGkgb3JnYW5pdHphciBlbCBzZXJ2ZWkgY29ycmVjdGFtZW50LiIKICAgIH0KICB9LHsKICAgICJAdHlwZSI6ICJRdWVzdGlvbiIsCiAgICAibmFtZSI6ICJBbWIgcXVhbnRhIGFudGVsYWNpw7MgaGF1cmlhIGRlIHJlc2VydmFyIHVuIGF1dG9jYXIgYWwgUHJhdCBkZSBMbG9icmVnYXQ\/IiwKICAgICJhY2NlcHRlZEFuc3dlciI6IHsKICAgICAgIkB0eXBlIjogIkFuc3dlciIsCiAgICAgICJ0ZXh0IjogIkwnYW50ZWxhY2nDsyByZWNvbWFuYWRhIGRlcMOobiBkZWwgdGlwdXMgZGUgdmlhdGdlIGkgZGUgbGEgdGVtcG9yYWRhLiBFbiDDqHBvcXVlcyBkZSBtw6lzIGRlbWFuZGHigJRjb20gYXJhIGNhcHMgZGUgc2V0bWFuYSwgZXhjdXJzaW9ucyBlc2NvbGFycywgZXNkZXZlbmltZW50cyBkJ2VtcHJlc2EgbyBwZXLDrW9kZXMgdmFjYWNpb25hbHPigJTDqXMgYWNvbnNlbGxhYmxlIHJlc2VydmFyIGFtYiBkaXZlcnNlcyBzZXRtYW5lcyBkJ2FudGVsYWNpw7MuIFRvdCBpIGFpeMOtLCB0YW1iw6kgZ2VzdGlvbmVtIHNlcnZlaXMgdXJnZW50cyBzZW1wcmUgcXVlIGhpIGhhZ2kgZGlzcG9uaWJpbGl0YXQuIFJlc2VydmFyIGFtYiB0ZW1wcyBnYXJhbnRlaXggdHJvYmFyIGVsIHZlaGljbGUgaWRlYWwgZW4gbGEgZGF0YSBkZXNpdGphZGEuIgogICAgfQogIH0sewogICAgIkB0eXBlIjogIlF1ZXN0aW9uIiwKICAgICJuYW1lIjogIlF1aW5zIHNlcnZlaXMgZGUgdHJhbnNwb3J0IG9mZXJpdSBkZXMgZGVsIFByYXQgZGUgTGxvYnJlZ2F0PyIsCiAgICAiYWNjZXB0ZWRBbnN3ZXIiOiB7CiAgICAgICJAdHlwZSI6ICJBbnN3ZXIiLAogICAgICAidGV4dCI6ICJEZXMgZGVsIFByYXQgZGUgTGxvYnJlZ2F0IG9mZXJpbSB1bmEgw6BtcGxpYSB2YXJpZXRhdCBkZSBzZXJ2ZWlzOiBydXRlcyBlc2NvbGFycywgdHJhc2xsYXRzIGNvcnBvcmF0aXVzLCBleGN1cnNpb25zLCBkZXNwbGHDp2FtZW50cyBlc3BvcnRpdXMsIGNhc2FtZW50cywgY2VsZWJyYWNpb25zIGZhbWlsaWFycywgdHJhbnNmZXJzIGEgbCdhZXJvcG9ydCBpIHNlcnZlaXMgcHJpdmF0cyB0b3RhbG1lbnQgcGVyc29uYWxpdHphdHMuIExhIG5vc3RyYSBmbG90YSBzJ2FkYXB0YSBhIG5lY2Vzc2l0YXRzIHB1bnR1YWxzIG8gYSByZWNvcnJlZ3V0cyByZWd1bGFycywgc2VtcHJlIGFtYiBsYSBtw6B4aW1hIGNvbW9kaXRhdCBpIGVmaWNpw6huY2lhLiIKICAgIH0KICB9LHsKICAgICJAdHlwZSI6ICJRdWVzdGlvbiIsCiAgICAibmFtZSI6ICJGZXUgdHJhamVjdGVzIGRlcyBkZWwgUHJhdCBkZSBMbG9icmVnYXQgY2FwIGEgYWx0cmVzIGNpdXRhdHMgbyByZWdpb25zPyIsCiAgICAiYWNjZXB0ZWRBbnN3ZXIiOiB7CiAgICAgICJAdHlwZSI6ICJBbnN3ZXIiLAogICAgICAidGV4dCI6ICJTw60sIGZlbSBkZXNwbGHDp2FtZW50cyBkZXMgZGVsIFByYXQgZGUgTGxvYnJlZ2F0IGNhcCBhIHF1YWxzZXZvbCBwdW50IGRlIENhdGFsdW55YSBpIHRhbWLDqSB2aWF0Z2VzIGEgYWx0cmVzIGNvbXVuaXRhdHMgYXV0w7Jub21lcy4gT2ZlcmltIHJ1dGVzIHR1csOtc3RpcXVlcywgZXhjdXJzaW9ucyBjdWx0dXJhbHMsIHNlcnZlaXMgZGUgbGxhcmdhIGRpc3TDoG5jaWEsIHRyYXNsbGF0cyBhIGwnYWVyb3BvcnQgaSByZWNvcnJlZ3V0cyBwZXJzb25hbGl0emF0cy4gTm9tw6lzIGNhbCBpbmRpY2FyIG9yaWdlbiwgZGVzdGluYWNpw7MgaSBkYXRhIHBlciBwcmVwYXJhciB1biBzZXJ2ZWkgY29tcGxldGFtZW50IGFkYXB0YXQgYSBsJ2l0aW5lcmFyaSBkZWwgZ3J1cC4iCiAgICB9CiAgfV0KfQo8L3NjcmlwdD4=[\/vc_raw_html][\/vc_column][\/vc_row]<\/p>\n<\/div>","protected":false},"excerpt":{"rendered":"<p>[vc_row row_fullwidth=\u00bb1&#8243; row_zero_column_space=\u00bb1&#8243; css=\u00bb.vc_custom_1461073450203{margin-top: 0px !important;margin-right: 0px !important;margin-bottom: 0px !important;margin-left: 0px !important;padding-top: 0px !important;padding-right: 0px !important;padding-bottom: 0px !important;padding-left: 0px !important;}\u00bb][vc_column offset=\u00bbvc_hidden-sm vc_hidden-xs\u00bb][rev_slider_vc alias=\u00bbel-prat-1&#8243; el_class=\u00bbno-bottom-margin\u00bb][\/vc_column][\/vc_row][vc_row gap=\u00bb5&#8243; row_fullwidth=\u00bb1&#8243; css=\u00bb.vc_custom_1684321545730{margin-top: 0px !important;margin-bottom: 0px [&hellip;]<\/p>\n","protected":false},"author":10,"featured_media":0,"parent":0,"menu_order":0,"comment_status":"closed","ping_status":"closed","template":"","meta":{"footnotes":""},"class_list":["post-15101","page","type-page","status-publish","hentry"],"_links":{"self":[{"href":"https:\/\/badabus.com\/ca\/wp-json\/wp\/v2\/pages\/15101","targetHints":{"allow":["GET"]}}],"collection":[{"href":"https:\/\/badabus.com\/ca\/wp-json\/wp\/v2\/pages"}],"about":[{"href":"https:\/\/badabus.com\/ca\/wp-json\/wp\/v2\/types\/page"}],"author":[{"embeddable":true,"href":"https:\/\/badabus.com\/ca\/wp-json\/wp\/v2\/users\/10"}],"replies":[{"embeddable":true,"href":"https:\/\/badabus.com\/ca\/wp-json\/wp\/v2\/comments?post=15101"}],"version-history":[{"count":9,"href":"https:\/\/badabus.com\/ca\/wp-json\/wp\/v2\/pages\/15101\/revisions"}],"predecessor-version":[{"id":15962,"href":"https:\/\/badabus.com\/ca\/wp-json\/wp\/v2\/pages\/15101\/revisions\/15962"}],"wp:attachment":[{"href":"https:\/\/badabus.com\/ca\/wp-json\/wp\/v2\/media?parent=15101"}],"curies":[{"name":"wp","href":"https:\/\/api.w.org\/{rel}","templated":true}]}}