{"id":15092,"date":"2026-08-21T08:39:32","date_gmt":"2026-08-21T06:39:32","guid":{"rendered":"https:\/\/badabus.com\/?page_id=15092"},"modified":"2026-08-31T12:13:03","modified_gmt":"2026-08-31T10:13:03","slug":"lloguer-autocar-castelldefels","status":"publish","type":"page","link":"https:\/\/badabus.com\/ca\/lloguer-autocar-castelldefels\/","title":{"rendered":"Inici Castelldefels CAT"},"content":{"rendered":"<div class=\"wpb-content-wrapper\"><p>[vc_row row_fullwidth=\u00bb1&#8243; row_zero_column_space=\u00bb1&#8243; css=\u00bb.vc_custom_1461073450203{margin-top: 0px !important;margin-right: 0px !important;margin-bottom: 0px !important;margin-left: 0px !important;padding-top: 0px !important;padding-right: 0px !important;padding-bottom: 0px !important;padding-left: 0px !important;}\u00bb][vc_column offset=\u00bbvc_hidden-sm vc_hidden-xs\u00bb][rev_slider_vc alias=\u00bbcastelldefels-1&#8243; el_class=\u00bbno-bottom-margin\u00bb][\/vc_column][\/vc_row][vc_row gap=\u00bb5&#8243; row_fullwidth=\u00bb1&#8243; css=\u00bb.vc_custom_1684321545730{margin-top: 0px !important;margin-bottom: 0px !important;padding-top: 40px !important;padding-right: 40px !important;padding-left: 40px !important;background-color: #ffffff !important;}\u00bb][vc_column offset=\u00bbvc_hidden-sm vc_hidden-xs\u00bb][vc_column_text css=\u00bb\u00bb]<\/p>\n<h1 class=\"h1-home-cat\">Lloguer d&#8217;autocars a Castelldefels<\/h1>\n<h2 class=\"h1-servicios\">Les nostres opcions d&#8217;autocars per a Castelldefels<\/h2>\n<p>[\/vc_column_text][vc_raw_html css=\u00bb\u00bb]JTVCYmFkYWJ1c19zZXJ2ZWlzJTVE[\/vc_raw_html][\/vc_column][vc_column offset=\u00bbvc_hidden-sm vc_hidden-xs\u00bb css=\u00bb.vc_custom_1744208769323{margin-top: 50px !important;background-color: #F6F6F6 !important;}\u00bb][vc_custom_heading text=\u00bbNecessites un autocar a Castelldefels per al teu trajecte?\u00bb font_container=\u00bbtag:h2|font_size:40|text_align:center|color:%23000000|line_height:30px\u00bb google_fonts=\u00bbfont_family:Raleway%3A100%2C200%2C300%2Cregular%2C500%2C600%2C700%2C800%2C900|font_style:300%20light%20regular%3A300%3Anormal\u00bb css=\u00bb.vc_custom_1745398621995{margin-top: 0px !important;margin-bottom: 0px !important;padding-top: 20px !important;padding-bottom: 0px !important;}\u00bb][vc_column_text css=\u00bb.vc_custom_1745398651921{margin-top: 10px !important;margin-bottom: 10px !important;}\u00bb]<\/p>\n<p style=\"text-align: center;\">En 24 h laborables t&#8217;enviem el pressupost. Nom\u00e9s cal que ens diguis on necessites arribar.<\/p>\n<p>[\/vc_column_text][vc_btn title=\u00bbSol\u00b7licitar pressupost per a lloguer d&#8217;autocar\u00bb style=\u00bboutline-custom\u00bb outline_custom_color=\u00bb#000000&#8243; outline_custom_hover_background=\u00bb#000000&#8243; outline_custom_hover_text=\u00bb#ffffff\u00bb shape=\u00bbround\u00bb size=\u00bblg\u00bb align=\u00bbcenter\u00bb i_type=\u00bblinecons\u00bb i_icon_linecons=\u00bbvc_li vc_li-clip\u00bb css=\u00bb.vc_custom_1786956437360{margin-top: 20px !important;margin-bottom: 55px !important;}\u00bb add_icon=\u00bbtrue\u00bb link=\u00bburl:https%3A%2F%2Fbadabus.com%2Fca%2Fpressupost-lloguer-dautobusos%2F|title:Pressupost%20lloguer%20d&#8217;autobusos\u00bb][\/vc_column][\/vc_row][vc_row row_fullwidth=\u00bb1&#8243; css=\u00bb.vc_custom_1613379287195{padding-right: 0px !important;padding-left: 0px !important;background-color: #0a0a0a !important;}\u00bb][vc_column css=\u00bb.vc_custom_1710964759406{padding-top: 0px !important;padding-right: 0px !important;padding-bottom: 0px !important;padding-left: 0px !important;background: #0a0a0a url(https:\/\/badabus.com\/wp-content\/uploads\/Alex-Bascuas-Photo-9610-opacity.jpg?id=9993) !important;background-position: center !important;background-repeat: no-repeat !important;background-size: cover !important;}\u00bb offset=\u00bbvc_hidden-lg vc_hidden-md\u00bb el_class=\u00bbimagen-background-home-mobile\u00bb][vc_column_text css=\u00bb.vc_custom_1745400566241{margin-top: 45px !important;margin-right: 5% !important;margin-bottom: 45px !important;margin-left: 5% !important;padding-right: 0px !important;padding-left: 0px !important;background-position: center !important;background-repeat: no-repeat !important;background-size: cover !important;}\u00bb]<\/p>\n<h1 class=\"h1-home-mob\">Lloguer d&#8217;autocars a Castelldefels<\/h1>\n<p>[\/vc_column_text][vc_btn title=\u00bbDEMANA PRESSUPOST\u00bb style=\u00bbcustom\u00bb custom_background=\u00bb#e22893&#8243; custom_text=\u00bb#ffffff\u00bb shape=\u00bbround\u00bb css=\u00bb.vc_custom_1786956450551{margin-left: 30px !important;}\u00bb link=\u00bburl:https%3A%2F%2Fbadabus.com%2Fca%2Fpressupost-lloguer-dautobusos%2F|title:Pressupost%20lloguer%20d&#8217;autobusos\u00bb][\/vc_column][\/vc_row][vc_row css=\u00bb.vc_custom_1744208838364{margin-top: 130px !important;margin-bottom: 15px !important;}\u00bb][vc_column width=\u00bb1\/2&#8243;][vc_column_text css=\u00bb\u00bb]<\/p>\n<h2>Des de quins barris de Castelldefels sortim?<\/h2>\n<p>Fem sortides en autocar des de barris de Castelldefels com el Centre, Can Roca, Els Canyars, Granvia Mar, Bellamar i Baixador, ajustant el punt d&#8217;inici segons la ubicaci\u00f3 del grup.<\/p>\n<p>Tamb\u00e9 oferim recollides en zones com Montmar o Lluminetes, ideals per a esdeveniments privats, excursions escolars o trasllats a l&#8217;aeroport des d&#8217;urbanitzacions residencials. Si necessites un transport m\u00e9s lleuger, tamb\u00e9 disposem de <a href=\"https:\/\/badabus.com\/ca\/lloguer-minibus-castelldefels\/\">minib\u00fas a Castelldefels<\/a>.[\/vc_column_text][\/vc_column][vc_column width=\u00bb1\/2&#8243;][vc_single_image image=\u00bb12889&#8243; img_size=\u00bb450&#215;450&#8243; css=\u00bb\u00bb][\/vc_column][\/vc_row][vc_row css=\u00bb.vc_custom_1744208847931{margin-top: 70px !important;margin-bottom: 30px !important;}\u00bb][vc_column width=\u00bb1\/2&#8243;][vc_column_text css=\u00bb.vc_custom_1786956478560{margin-bottom: 20px !important;}\u00bb]<\/p>\n<h2>De quantes places s\u00f3n els autocars?<\/h2>\n<p>Des de Castelldefels oferim microbusos c\u00f2modes i funcionals de fins a 25 places, ideals per a grups redu\u00efts que volen moure&#8217;s amb agilitat per la ciutat o la prov\u00edncia.<\/p>\n<p>Per a sortides m\u00e9s grans, la nostra flota compta amb <a href=\"https:\/\/badabus.com\/ca\/lloguer-autocars-a-barcelona\/\">lloguer d&#8217;autocars<\/a> de fins a 55 places, preparats per a excursions escolars, viatges d&#8217;empresa o trasllats a esdeveniments. Tots disposen de prestacions de confort i seguretat.<\/p>\n<h3>Vols con\u00e8ixer la nostra flota d&#8217;autocars per a Castelldefels?<\/h3>\n<p>[\/vc_column_text][vc_btn title=\u00bbVEURE FLOTA D&#8217;AUTOCARS\u00bb style=\u00bboutline-custom\u00bb outline_custom_color=\u00bb#000000&#8243; outline_custom_hover_background=\u00bb#000000&#8243; outline_custom_hover_text=\u00bb#ffffff\u00bb shape=\u00bbround\u00bb align=\u00bbleft\u00bb i_type=\u00bblinecons\u00bb i_icon_linecons=\u00bbvc_li vc_li-clip\u00bb css=\u00bb.vc_custom_1786956493774{margin-bottom: 35px !important;}\u00bb add_icon=\u00bbtrue\u00bb link=\u00bburl:https%3A%2F%2Fbadabus.com%2Fca%2Fflota%2F\u00bb][\/vc_column][vc_column width=\u00bb1\/2&#8243;][vc_single_image image=\u00bb15241&#8243; img_size=\u00bb450&#215;420&#8243; css=\u00bb\u00bb][\/vc_column][\/vc_row][vc_row css=\u00bb.vc_custom_1744209919418{padding-top: 35px !important;background-color: #25A6B9 !important;}\u00bb][vc_column width=\u00bb2\/3&#8243;][vc_column_text css=\u00bb\u00bb]<strong style=\"font-size: 26px; color: white;\">Necessites un autocar a Castelldefels per al teu trajecte?<\/strong>[\/vc_column_text][\/vc_column][vc_column width=\u00bb1\/3&#8243;][vc_btn title=\u00bbPressupost en 24 h\u00bb style=\u00bboutline-custom\u00bb outline_custom_color=\u00bb#FFFFFF\u00bb outline_custom_hover_background=\u00bb#000000&#8243; outline_custom_hover_text=\u00bb#ffffff\u00bb shape=\u00bbround\u00bb align=\u00bbleft\u00bb i_type=\u00bblinecons\u00bb i_icon_linecons=\u00bbvc_li vc_li-clip\u00bb css=\u00bb.vc_custom_1786956589437{margin-bottom: 35px !important;}\u00bb add_icon=\u00bbtrue\u00bb link=\u00bburl:https%3A%2F%2Fbadabus.com%2Fca%2Fpressupost-lloguer-dautobusos|title:Pressupost%20lloguer%20d&#8217;autobusos\u00bb][\/vc_column][\/vc_row][vc_row gap=\u00bb20&#8243; equal_height=\u00bbyes\u00bb css=\u00bb.vc_custom_1719475441479{margin-top: 40px !important;padding-top: 40px !important;padding-bottom: 120px !important;background-image: url(https:\/\/badabus.com\/wp-content\/uploads\/dotted.png?id=2221) !important;}\u00bb][vc_column][vc_column_text css=\u00bb\u00bb]<\/p>\n<p style=\"text-align: center; font-size: 40px; font-family: gotham-rounded; line-height: 1em;\"><strong>Per qu\u00e8 triar-nos per al teu trajecte des de Castelldefels?<\/strong><\/p>\n<p>[\/vc_column_text][vc_row_inner equal_height=\u00bbyes\u00bb css=\u00bb.vc_custom_1744209697713{margin-bottom: 0px !important;padding-top: 20px !important;padding-bottom: 0px !important;}\u00bb][vc_column_inner width=\u00bb1\/3&#8243; css=\u00bb.vc_custom_1719475287975{background-color: #25a6b9 !important;border-radius: 5px !important;}\u00bb][vc_column_text css=\u00bb\u00bb]<\/p>\n<p class=\"numero-porque\">\/\/ 01<\/p>\n<p class=\"titulo-porque\">Seguretat<\/p>\n<p class=\"p-porque\">La nostra flota d&#8217;autocars per a Castelldefels se sotmet a revisions constants perqu\u00e8 la teva seguretat \u00e9s la nostra prioritat en cada viatge.<\/p>\n<p>[\/vc_column_text][vc_btn title=\u00bbVEURE FLOTA\u00bb style=\u00bboutline-custom\u00bb outline_custom_color=\u00bb#ffffff\u00bb outline_custom_hover_background=\u00bb#ffffff\u00bb outline_custom_hover_text=\u00bb#25a6b9&#8243; shape=\u00bbround\u00bb size=\u00bbsm\u00bb css=\u00bb.vc_custom_1786956599596{margin-left: 35px !important;}\u00bb link=\u00bburl:https%3A%2F%2Fbadabus.com%2Fca%2Fflota%2F|title:Veure%20flota%20d&#8217;autocars\u00bb][vc_empty_space][\/vc_column_inner][vc_column_inner width=\u00bb1\/3&#8243; css=\u00bb.vc_custom_1719475336589{background-color: #9b6da6 !important;border-radius: 5px !important;}\u00bb][vc_column_text css=\u00bb\u00bb]<\/p>\n<p class=\"numero-porque\">\/\/ 02<\/p>\n<p class=\"titulo-porque\">Confort<\/p>\n<p class=\"p-porque\">Tots els nostres autocars per a Castelldefels estan preparats per oferir-te un viatge c\u00f2mode, amb total seguretat i sense ensurts.<\/p>\n<p>[\/vc_column_text][vc_btn title=\u00bbVEURE FLOTA\u00bb style=\u00bboutline-custom\u00bb outline_custom_color=\u00bb#ffffff\u00bb outline_custom_hover_background=\u00bb#ffffff\u00bb outline_custom_hover_text=\u00bb#9b6da6&#8243; shape=\u00bbround\u00bb size=\u00bbsm\u00bb css=\u00bb.vc_custom_1786956609301{margin-left: 35px !important;}\u00bb link=\u00bburl:https%3A%2F%2Fbadabus.com%2Fca%2Fflota%2F|title:Veure%20flota%20d&#8217;autocars\u00bb][vc_empty_space][\/vc_column_inner][vc_column_inner width=\u00bb1\/3&#8243; css=\u00bb.vc_custom_1719475343640{background-color: #e22893 !important;border-radius: 5px !important;}\u00bb][vc_column_text css=\u00bb\u00bb]<\/p>\n<p class=\"numero-porque\">\/\/ 03<\/p>\n<p class=\"titulo-porque\">Conductors<\/p>\n<p class=\"p-porque\">Cada viatge amb els nostres autocars est\u00e0 en mans de conductors qualificats, experts en rutes i amb formaci\u00f3 en seguretat vi\u00e0ria.<\/p>\n<p>[\/vc_column_text][vc_btn title=\u00bbVEURE FLOTA\u00bb style=\u00bboutline-custom\u00bb outline_custom_color=\u00bb#ffffff\u00bb outline_custom_hover_background=\u00bb#ffffff\u00bb outline_custom_hover_text=\u00bb#e22893&#8243; shape=\u00bbround\u00bb size=\u00bbsm\u00bb css=\u00bb.vc_custom_1786956619916{margin-left: 35px !important;}\u00bb link=\u00bburl:https%3A%2F%2Fbadabus.com%2Fca%2Fflota%2F|title:Veure%20flota%20d&#8217;autocars\u00bb][vc_empty_space][\/vc_column_inner][\/vc_row_inner][\/vc_column][\/vc_row][vc_row gap=\u00bb35&#8243; row_fullwidth=\u00bb1&#8243; css=\u00bb.vc_custom_1595256381018{margin-bottom: 0px !important;padding-top: 0px !important;padding-bottom: 15px !important;background-color: #ffffff !important;}\u00bb][vc_column width=\u00bb2\/3&#8243; offset=\u00bbvc_hidden-lg vc_hidden-md\u00bb css=\u00bb.vc_custom_1595256410887{margin-top: -100px !important;}\u00bb][vc_column_text css=\u00bb.vc_custom_1595254868036{margin-bottom: -10px !important;}\u00bb]<\/p>\n<p style=\"font-size: 25px; font-family: 'gotham-rounded'; text-align: left; color: #25a8ba; line-height: 1em;\"><strong>La teva companyia de confian\u00e7a<\/strong><\/p>\n<p>[\/vc_column_text][vc_column_text]<\/p>\n<p style=\"font-size: 20px; font-family: 'gotham-rounded'; text-align: left;\"><strong>Badabus \u00e9s una empresa familiar dedicada al transport de viatgers per carretera.<\/strong><\/p>\n<p>Empresa especialista en el lloguer d&#8217;autocars i minibusos. Ens avala l&#8217;experi\u00e8ncia de m\u00e9s de 25 anys en el sector de les persones que la dirigim.[\/vc_column_text][vc_btn title=\u00bbVols saber-ne m\u00e9s?\u00bb style=\u00bbgradient-custom\u00bb gradient_custom_color_1=\u00bb#25a6b9&#8243; gradient_custom_color_2=\u00bb#e22893&#8243; shape=\u00bbround\u00bb size=\u00bblg\u00bb align=\u00bbleft\u00bb css=\u00bb.vc_custom_1786956645485{padding-right: 3% !important;padding-left: 3% !important;}\u00bb link=\u00bburl:https%3A%2F%2Fbadabus.com%2Fca%2Fflota%2F|title:Flota\u00bb][\/vc_column][vc_column width=\u00bb1\/3&#8243; offset=\u00bbvc_hidden-lg vc_hidden-md\u00bb][vc_column_text css=\u00bb\u00bb]<b style=\"text-align: left; font-size: 20px;\"><img loading=\"lazy\" decoding=\"async\" class=\"alignnone wp-image-1964\" src=\"https:\/\/badabus.com\/wp-content\/uploads\/flechas-badabus.jpg\" alt=\"\" width=\"45\" height=\"27\" \/> CONTACTE<\/b>[\/vc_column_text][vc_column_text css=\u00bb\u00bb]<\/p>\n<h3 style=\"text-align: left; font-size: 20px;\">Autocares Badabus<\/h3>\n<p>Adre\u00e7a: <a href=\"https:\/\/www.google.com\/maps\/place\/Autocares+Badabus\/@41.3518513,2.1340148,17z\/data=!3m1!4b1!4m6!3m5!1s0x12a498a57225f481:0x27ebbd8420ff8f5e!8m2!3d41.3518513!4d2.1340148!16s%2Fg%2F11fz9zb2tf?entry=ttu\" target=\"_blank\" rel=\"noopener noreferrer\">C\/Plom, 28 \u2013 08038 (Barcelona)<\/a><br \/>\nCorreu electr\u00f2nic: <a href=\"mailto:info@badabus.com\">info@badabus.com<\/a><br \/>\n<img loading=\"lazy\" decoding=\"async\" class=\"size-full wp-image-2239 alignleft\" src=\"https:\/\/badabus.com\/wp-content\/uploads\/telefon-de-lloguer-autocars-badabus.jpg\" alt=\"telefono de alquiler autocares badabus\" width=\"341\" height=\"124\" \/>[\/vc_column_text][\/vc_column][\/vc_row][vc_row gap=\u00bb35&#8243; css=\u00bb.vc_custom_1744210760780{margin-bottom: 25px !important;}\u00bb][vc_column width=\u00bb2\/3&#8243; css=\u00bb.vc_custom_1748242570103{margin-right: 30px !important;}\u00bb][vc_column_text css=\u00bb\u00bb]<\/p>\n<h2 style=\"font-size: 20px;\">Trajectes freq\u00fcents des de Castelldefels amb els nostres autocars<\/h2>\n<p style=\"font-weight: 400; text-align: justify;\">Castelldefels \u00e9s un dels nostres punts de sortida habituals per a excursions en autocar en grup cap a Montserrat, rutes culturals per Barcelona o visites a entorns naturals com el Montseny. Cada viatge es personalitza segons el tipus de grup i les seves necessitats.<\/p>\n<p style=\"font-weight: 400; text-align: justify;\">Tamb\u00e9 fem trasllats des de Castelldefels a l&#8217;aeroport del Prat i acompanyem escoles en els seus viatges de final de curs, oferint un servei puntual, segur i adaptat a cada etapa del recorregut.<\/p>\n<h3 style=\"font-weight: 400;\">Serveis m\u00e9s demandats de lloguer d&#8217;autocars a Castelldefels<\/h3>\n<p style=\"font-weight: 400; text-align: justify;\">A Castelldefels oferim autocars a empreses que organitzen jornades, convencions o trasllats de treballadors. Les escoles i els centres educatius de la ciutat tamb\u00e9 ens trien habitualment per a les seves excursions escolars i viatges de conviv\u00e8ncia.<\/p>\n<p style=\"font-weight: 400; text-align: justify;\">Celebracions com casaments o festes privades tamb\u00e9 es troben entre els serveis m\u00e9s contractats. A m\u00e9s, atenem clubs esportius i turistes que surten des de Castelldefels cap a altres punts de la prov\u00edncia de Barcelona o m\u00e9s enll\u00e0.<\/p>\n<h3 style=\"font-weight: 400;\">Per qu\u00e8 \u00e9s millor llogar un autocar a Castelldefels amb nosaltres?<\/h3>\n<p style=\"font-weight: 400; text-align: justify;\">Llogar un autocar amb nosaltres a Castelldefels \u00e9s comptar amb una empresa amb experi\u00e8ncia a la zona i una log\u00edstica pensada per oferir recollides eficients des de qualsevol punt del municipi, ja sigui al centre, a Montmar o a la zona de platja.<\/p>\n<p style=\"font-weight: 400; text-align: justify;\">Col\u00b7laborem sovint amb escoles, acad\u00e8mies esportives i empreses locals, per la qual cosa coneixem b\u00e9 les seves necessitats i expectatives. Aquesta proximitat ens permet oferir un servei \u00e0gil, c\u00f2mode i adaptat a cada ocasi\u00f3.<\/p>\n<p>[\/vc_column_text][vc_empty_space height=\u00bb65px\u00bb][vc_column_text css=\u00bb\u00bb]<strong style=\"margin-left: 6px;\">POBLACIONS ON OFERIM SERVEI DE LLOGUER D&#8217;AUTOCARS<br \/>\n<\/strong><div class=\"menu-horizontal\"><ul><div class=\"menu-horizontal\"><li id=\"menu-item-15934\" class=\"menu-item menu-item-type-post_type menu-item-object-page menu-item-15934\"><a href=\"https:\/\/badabus.com\/ca\/lloguer-autocar-badalona\/\">Lloguer autocar a Badalona<\/a><\/li> | <li id=\"menu-item-15940\" class=\"menu-item menu-item-type-post_type menu-item-object-page menu-item-15940\"><a href=\"https:\/\/badabus.com\/ca\/lloguer-autocar-hospitalet-de-llobregat\/\">Lloguer autocar a Hospitalet de Llobregat<\/a><\/li> | <li id=\"menu-item-15936\" class=\"menu-item menu-item-type-post_type menu-item-object-page menu-item-15936\"><a href=\"https:\/\/badabus.com\/ca\/lloguer-autocar-cornella-de-llobregat\/\">Lloguer autocar a Cornell\u00e0 de Llobregat<\/a><\/li> | <li id=\"menu-item-15938\" class=\"menu-item menu-item-type-post_type menu-item-object-page menu-item-15938\"><a href=\"https:\/\/badabus.com\/ca\/lloguer-autocar-esplugues-de-llobregat\/\">Lloguer autocar a Esplugues de Llobregat<\/a><\/li> | <li id=\"menu-item-15945\" class=\"menu-item menu-item-type-post_type menu-item-object-page menu-item-15945\"><a href=\"https:\/\/badabus.com\/ca\/lloguer-autocar-santa-coloma-de-gramenet\/\">Lloguer autocar a Santa Coloma de Gramenet<\/a><\/li> | <li id=\"menu-item-15937\" class=\"menu-item menu-item-type-post_type menu-item-object-page menu-item-15937\"><a href=\"https:\/\/badabus.com\/ca\/lloguer-autocar-el-prat-de-llobregat\/\">Lloguer autocar a El Prat de Llobregat<\/a><\/li> | <li id=\"menu-item-15946\" class=\"menu-item menu-item-type-post_type menu-item-object-page menu-item-15946\"><a href=\"https:\/\/badabus.com\/ca\/lloguer-autocar-viladecans\/\">Lloguer autocar a Viladecans<\/a><\/li> | <li id=\"menu-item-15935\" class=\"menu-item menu-item-type-post_type menu-item-object-page menu-item-15935\"><a href=\"https:\/\/badabus.com\/ca\/lloguer-autocar-castelldefels\/\">Lloguer autocar a Castelldefels<\/a><\/li> | <li id=\"menu-item-15939\" class=\"menu-item menu-item-type-post_type menu-item-object-page menu-item-15939\"><a href=\"https:\/\/badabus.com\/ca\/lloguer-autocar-gava\/\">Lloguer autocar a Gav\u00e0<\/a><\/li> | <li id=\"menu-item-15944\" class=\"menu-item menu-item-type-post_type menu-item-object-page menu-item-15944\"><a href=\"https:\/\/badabus.com\/ca\/lloguer-autocar-sant-joan-despi\/\">Lloguer autocar a Sant Joan Desp\u00ed<\/a><\/li> | <li id=\"menu-item-15942\" class=\"menu-item menu-item-type-post_type menu-item-object-page menu-item-15942\"><a href=\"https:\/\/badabus.com\/ca\/lloguer-autocar-sant-boi-de-llobregat\/\">Lloguer autocar a Sant Boi de Llobregat<\/a><\/li> | <li id=\"menu-item-15943\" class=\"menu-item menu-item-type-post_type menu-item-object-page menu-item-15943\"><a href=\"https:\/\/badabus.com\/ca\/lloguer-autocar-sant-feliu-de-llobregat\/\">Lloguer autocar a Sant Feliu de Llobregat<\/a><\/li> | <li id=\"menu-item-15941\" class=\"menu-item menu-item-type-post_type menu-item-object-page menu-item-15941\"><a href=\"https:\/\/badabus.com\/ca\/lloguer-autocar-sant-adria-de-besos\/\">Lloguer autocar a Sant Adri\u00e0 de Bes\u00f2s<\/a><\/li>\n<\/div><\/ul><\/div>[\/vc_column_text][vc_tta_accordion section_title_tag=\u00bbh2&#8243; color=\u00bbwhite\u00bb active_section=\u00bb1&#8243;][vc_tta_section title=\u00bbQuant costa llogar un autocar o autob\u00fas a Castelldefels?\u00bb tab_id=\u00bb1764146620132-78831139-7c4e\u00bb][vc_column_text css=\u00bb\u00bb]<\/p>\n<p data-start=\"502\" data-end=\"1056\">El preu de llogar un autocar o autob\u00fas a Castelldefels dep\u00e8n del tipus de recorregut, la data del servei, la durada, el nombre de passatgers i el model de vehicle sol\u00b7licitat. Cada despla\u00e7ament requereix una planificaci\u00f3 diferent, per la qual cosa no hi ha una tarifa fixa. Per obtenir un pressupost exacte, nom\u00e9s cal indicar el punt de recollida a Castelldefels, la destinaci\u00f3, l&#8217;horari i la mida del grup. Amb aquesta informaci\u00f3 elaborem una proposta personalitzada, clara i ajustada a les necessitats reals del trajecte.<\/p>\n<p>[\/vc_column_text][\/vc_tta_section][vc_tta_section title=\u00bbCom puc sol\u00b7licitar un pressupost de lloguer d&#8217;autocar amb sortida des de Castelldefels?\u00bb tab_id=\u00bb1764146620152-a4cd26a9-8e1b\u00bb][vc_column_text css=\u00bb\u00bb]<\/p>\n<p data-start=\"1180\" data-end=\"1607\">Sol\u00b7licitar un pressupost \u00e9s molt senzill: nom\u00e9s has d&#8217;omplir el formulari amb la informaci\u00f3 principal del servei, com ara la data, el punt d&#8217;origen a Castelldefels, la destinaci\u00f3, el nombre de passatgers i el tipus de vehicle necessari. Amb aquestes dades preparem una proposta detallada en poques hores. Si necessites ajuda per triar el vehicle m\u00e9s adequat, tamb\u00e9 oferim assessorament personalitzat.<\/p>\n<p>[\/vc_column_text][\/vc_tta_section][vc_tta_section title=\u00bbQu\u00e8 inclou el servei de lloguer d&#8217;autocar a Castelldefels?\u00bb tab_id=\u00bb1764146669661-f32aa6cc-84c3&#8243;][vc_column_text css=\u00bb\u00bb]<\/p>\n<p data-start=\"1705\" data-end=\"2213\">El servei inclou un autocar equipat per al transport de passatgers i un conductor professional que garanteix un trajecte segur i c\u00f2mode. Els vehicles disposen de climatitzaci\u00f3, seients ergon\u00f2mics i sistemes de seguretat. Segons les caracter\u00edstiques del servei, el pressupost pot incloure combustible, peatges i les hores previstes d&#8217;\u00fas. Si calen extres com ara parades addicionals, esperes o serveis especials, es detallen pr\u00e8viament per evitar costos imprevistos.<\/p>\n<p>[\/vc_column_text][\/vc_tta_section][vc_tta_section title=\u00bbQuins tipus de vehicles hi ha disponibles per contractar a Castelldefels?\u00bb tab_id=\u00bb1764146688514-bc6b8b84-6ec7&#8243;][vc_column_text css=\u00bb\u00bb]<\/p>\n<p data-start=\"2320\" data-end=\"2758\">Posem a disposici\u00f3 una \u00e0mplia varietat de vehicles, des de minibusos per a grups redu\u00efts fins a autocars de gran capacitat que arriben aproximadament a les 60 places. Aquesta diversitat permet atendre despla\u00e7aments tur\u00edstics, viatges escolars, esdeveniments d&#8217;empresa o celebracions a Castelldefels i rodalies. Aix\u00ed, cada grup pot triar el vehicle que millor s&#8217;ajusta al nombre de passatgers i al tipus de viatge.<\/p>\n<p>[\/vc_column_text][\/vc_tta_section][vc_tta_section title=\u00bbDisposeu d&#8217;autocars adaptats per a persones amb mobilitat redu\u00efda a Castelldefels?\u00bb tab_id=\u00bb1764146709328-793063a5-8e36&#8243;][vc_column_text css=\u00bb\u00bb]<\/p>\n<p data-start=\"2879\" data-end=\"3268\">S\u00ed, comptem amb autocars adaptats per a passatgers amb mobilitat redu\u00efda a Castelldefels. Aquests vehicles disposen de plataforma elevadora, espai per a cadires de rodes i sistemes de subjecci\u00f3 homologats, cosa que garanteix un viatge c\u00f2mode i segur. En sol\u00b7licitar el pressupost, nom\u00e9s cal que ens indiquis que necessites un vehicle adaptat i assignarem el model adequat.<\/p>\n<p>[\/vc_column_text][\/vc_tta_section][vc_tta_section title=\u00bbAmb quanta antelaci\u00f3 \u00e9s recomanable reservar un autocar a Castelldefels?\u00bb tab_id=\u00bb1764146726609-a6f5a257-7150&#8243;][vc_column_text css=\u00bb\u00bb]<\/p>\n<p data-start=\"3377\" data-end=\"3797\">L&#8217;antelaci\u00f3 recomanada dep\u00e8n del moment de l&#8217;any i del tipus de despla\u00e7ament. Per a per\u00edodes d&#8217;alta demanda\u2014com ara caps de setmana, excursions escolars o esdeveniments corporatius\u2014\u00e9s aconsellable reservar amb diverses setmanes d&#8217;antelaci\u00f3. Tot i aix\u00ed, tamb\u00e9 gestionem reserves d&#8217;\u00faltima hora sempre que hi hagi disponibilitat. Reservar com abans millor facilita obtenir el vehicle ideal en la data desitjada.<\/p>\n<p>[\/vc_column_text][\/vc_tta_section][vc_tta_section title=\u00bbQuins serveis de transport es poden contractar des de Castelldefels?\u00bb tab_id=\u00bb1764146744043-4c982ebe-28a3&#8243;][vc_column_text css=\u00bb\u00bb]<\/p>\n<p data-start=\"3899\" data-end=\"4283\">Des de Castelldefels oferim una \u00e0mplia varietat de serveis: trasllats a l&#8217;aeroport, rutes escolars, transport per a empreses, excursions tur\u00edstiques, despla\u00e7aments esportius, casaments, celebracions familiars i serveis privats totalment personalitzats. La versatilitat de la nostra flota permet cobrir tant necessitats puntuals com recorreguts regulars.<\/p>\n<p>[\/vc_column_text][\/vc_tta_section][vc_tta_section title=\u00bbFeu trajectes des de Castelldefels cap a altres ciutats o comunitats?\u00bb tab_id=\u00bb1764146764870-b53d76c1-b608&#8243;][vc_column_text css=\u00bb\u00bb]<\/p>\n<p data-start=\"4392\" data-end=\"4806\">S\u00ed, fem trajectes des de Castelldefels a qualsevol punt de Catalunya, aix\u00ed com viatges de mitjana i llarga dist\u00e0ncia a altres comunitats aut\u00f2nomes. Tamb\u00e9 organitzem excursions, rutes tur\u00edstiques planificades, serveis per a esdeveniments i transfers a l&#8217;aeroport. Nom\u00e9s cal indicar l&#8217;origen, la destinaci\u00f3 i la data per preparar un servei completament adaptat a l&#8217;itinerari del grup.<\/p>\n<p>[\/vc_column_text][\/vc_tta_section][\/vc_tta_accordion][vc_separator color=\u00bbwhite\u00bb border_width=\u00bb5&#8243; css=\u00bb\u00bb][\/vc_column][vc_column width=\u00bb1\/3&#8243; css=\u00bb.vc_custom_1744211247589{margin-right: 30px !important;margin-left: 30px !important;}\u00bb][vc_column_text css=\u00bb.vc_custom_1745400786158{margin-bottom: -10px !important;}\u00bb]<\/p>\n<p style=\"font-size: 30px; font-family: 'gotham-rounded'; text-align: left; color: #25a8ba; line-height: 1em;\"><strong>La teva companyia de confian\u00e7a a Castelldefels<\/strong><\/p>\n<p>[\/vc_column_text][vc_column_text css=\u00bb\u00bb]<\/p>\n<p style=\"font-size: 18px; font-family: 'gotham-rounded'; text-align: left;\"><strong>Badabus \u00e9s una empresa familiar dedicada al transport de viatgers per carretera.<\/strong><\/p>\n<p>Empresa especialista en el lloguer d&#8217;autocars a Castelldefels. Ens avala l&#8217;experi\u00e8ncia de m\u00e9s de 25 anys en el sector de les persones que la dirigim.[\/vc_column_text][vc_column_text css=\u00bb\u00bb]<b style=\"text-align: left; font-size: 20px;\"><img loading=\"lazy\" decoding=\"async\" class=\"alignnone wp-image-1964\" src=\"https:\/\/badabus.com\/wp-content\/uploads\/flechas-badabus.jpg\" alt=\"\" width=\"45\" height=\"27\" \/> CONTACTE<\/b>[\/vc_column_text][vc_column_text css=\u00bb\u00bb]<\/p>\n<h3 style=\"text-align: left; font-size: 20px;\">Autocares Badabus<\/h3>\n<p>Adre\u00e7a: <a href=\"https:\/\/www.google.com\/maps\/place\/Autocares+Badabus\/@41.3518513,2.1340148,17z\/data=!3m1!4b1!4m6!3m5!1s0x12a498a57225f481:0x27ebbd8420ff8f5e!8m2!3d41.3518513!4d2.1340148!16s%2Fg%2F11fz9zb2tf?entry=ttu\" target=\"_blank\" rel=\"noopener noreferrer\">Carrer de la Metal\u00b7l\u00fargia, 51, 08908 Barcelona<\/a><br \/>\nCorreu electr\u00f2nic: <a href=\"mailto:info@badabus.com\">info@badabus.com<\/a><br \/>\n<img loading=\"lazy\" decoding=\"async\" class=\"size-full wp-image-2239 alignleft\" src=\"https:\/\/badabus.com\/wp-content\/uploads\/telefon-de-lloguer-autocars-badabus.jpg\" alt=\"telefono de alquiler autocares badabus\" width=\"341\" height=\"124\" \/>[\/vc_column_text][\/vc_column][\/vc_row][vc_row row_fullwidth=\u00bb1&#8243; row_zero_column_space=\u00bb1&#8243; css=\u00bb.vc_custom_1525855960545{margin-top: 0px !important;margin-right: 0px !important;margin-bottom: 0px !important;margin-left: 0px !important;padding-top: 0px !important;padding-right: 0px !important;padding-bottom: 0px !important;padding-left: 0px !important;background-color: #303033 !important;}\u00bb][vc_column width=\u00bb1\/2&#8243; css=\u00bb.vc_custom_1525855742551{margin-top: -30px !important;}\u00bb][vc_single_image image=\u00bb15747&#8243; img_size=\u00bbfull\u00bb css=\u00bb\u00bb][\/vc_column][vc_column width=\u00bb1\/4&#8243; offset=\u00bbvc_hidden-xs\u00bb][vc_single_image image=\u00bb15755&#8243; img_size=\u00bbfull\u00bb css=\u00bb.vc_custom_1787294514527{padding-top: 10px !important;}\u00bb][\/vc_column][vc_column width=\u00bb1\/4&#8243; offset=\u00bbvc_hidden-xs\u00bb][vc_btn title=\u00bbDEMANAR PRESSUPOST\u00bb style=\u00bbgradient-custom\u00bb gradient_custom_color_1=\u00bb#25a6b9&#8243; gradient_custom_color_2=\u00bb#e22893&#8243; shape=\u00bbround\u00bb size=\u00bblg\u00bb align=\u00bbleft\u00bb css=\u00bb.vc_custom_1786956661783{padding-top: 20px !important;}\u00bb link=\u00bburl:https%3A%2F%2Fbadabus.com%2Fca%2Fpressupost-lloguer-dautobusos%2F\u00bb][\/vc_column][\/vc_row][vc_row][vc_column][vc_raw_html css=\u00bb\u00bb]PHNjcmlwdCB0eXBlPSJhcHBsaWNhdGlvbi9sZCtqc29uIj4KewogICJAY29udGV4dCI6ICJodHRwczovL3NjaGVtYS5vcmciLAogICJAdHlwZSI6ICJGQVFQYWdlIiwKICAibWFpbkVudGl0eSI6IFt7CiAgICAiQHR5cGUiOiAiUXVlc3Rpb24iLAogICAgIm5hbWUiOiAiUXVhbnQgY29zdGEgbGxvZ2FyIHVuIGF1dG9jYXIgbyBhdXRvYsO6cyBhIENhc3RlbGxkZWZlbHM\/IiwKICAgICJhY2NlcHRlZEFuc3dlciI6IHsKICAgICAgIkB0eXBlIjogIkFuc3dlciIsCiAgICAgICJ0ZXh0IjogIkVsIHByZXUgZGUgbGxvZ2FyIHVuIGF1dG9jYXIgbyBhdXRvYsO6cyBhIENhc3RlbGxkZWZlbHMgZGVww6huIGRlbCB0aXB1cyBkZSByZWNvcnJlZ3V0LCBsYSBkYXRhIGRlbCBzZXJ2ZWksIGxhIGR1cmFkYSwgZWwgbm9tYnJlIGRlIHBhc3NhdGdlcnMgaSBlbCBtb2RlbCBkZSB2ZWhpY2xlIHNvbMK3bGljaXRhdC4gQ2FkYSBkZXNwbGHDp2FtZW50IHJlcXVlcmVpeCB1bmEgcGxhbmlmaWNhY2nDsyBkaWZlcmVudCwgcGVyIGxhIHF1YWwgY29zYSBubyBoaSBoYSB1bmEgdGFyaWZhIGZpeGEuIFBlciBvYnRlbmlyIHVuIHByZXNzdXBvc3QgZXhhY3RlLCBub23DqXMgY2FsIGluZGljYXIgZWwgcHVudCBkZSByZWNvbGxpZGEgYSBDYXN0ZWxsZGVmZWxzLCBsYSBkZXN0aW5hY2nDsywgbCdob3JhcmkgaSBsYSBtaWRhIGRlbCBncnVwLiBBbWIgYXF1ZXN0YSBpbmZvcm1hY2nDsyBlbGFib3JlbSB1bmEgcHJvcG9zdGEgcGVyc29uYWxpdHphZGEsIGNsYXJhIGkgYWp1c3RhZGEgYSBsZXMgbmVjZXNzaXRhdHMgcmVhbHMgZGVsIHRyYWplY3RlLiIKICAgIH0KICB9LHsKICAgICJAdHlwZSI6ICJRdWVzdGlvbiIsCiAgICAibmFtZSI6ICJDb20gcHVjIHNvbMK3bGljaXRhciB1biBwcmVzc3Vwb3N0IGRlIGxsb2d1ZXIgZCdhdXRvY2FyIGFtYiBzb3J0aWRhIGRlcyBkZSBDYXN0ZWxsZGVmZWxzPyIsCiAgICAiYWNjZXB0ZWRBbnN3ZXIiOiB7CiAgICAgICJAdHlwZSI6ICJBbnN3ZXIiLAogICAgICAidGV4dCI6ICJTb2zCt2xpY2l0YXIgdW4gcHJlc3N1cG9zdCDDqXMgbW9sdCBzZW56aWxsOiBub23DqXMgaGFzIGQnb21wbGlyIGVsIGZvcm11bGFyaSBhbWIgbGEgaW5mb3JtYWNpw7MgcHJpbmNpcGFsIGRlbCBzZXJ2ZWksIGNvbSBhcmEgbGEgZGF0YSwgZWwgcHVudCBkJ29yaWdlbiBhIENhc3RlbGxkZWZlbHMsIGxhIGRlc3RpbmFjacOzLCBlbCBub21icmUgZGUgcGFzc2F0Z2VycyBpIGVsIHRpcHVzIGRlIHZlaGljbGUgbmVjZXNzYXJpLiBBbWIgYXF1ZXN0ZXMgZGFkZXMgcHJlcGFyZW0gdW5hIHByb3Bvc3RhIGRldGFsbGFkYSBlbiBwb3F1ZXMgaG9yZXMuIFNpIG5lY2Vzc2l0ZXMgYWp1ZGEgcGVyIHRyaWFyIGVsIHZlaGljbGUgbcOpcyBhZGVxdWF0LCB0YW1iw6kgb2ZlcmltIGFzc2Vzc29yYW1lbnQgcGVyc29uYWxpdHphdC4iCiAgICB9CiAgfSx7CiAgICAiQHR5cGUiOiAiUXVlc3Rpb24iLAogICAgIm5hbWUiOiAiUXXDqCBpbmNsb3UgZWwgc2VydmVpIGRlIGxsb2d1ZXIgZCdhdXRvY2FyIGEgQ2FzdGVsbGRlZmVscz8iLAogICAgImFjY2VwdGVkQW5zd2VyIjogewogICAgICAiQHR5cGUiOiAiQW5zd2VyIiwKICAgICAgInRleHQiOiAiRWwgc2VydmVpIGluY2xvdSB1biBhdXRvY2FyIGVxdWlwYXQgcGVyIGFsIHRyYW5zcG9ydCBkZSBwYXNzYXRnZXJzIGkgdW4gY29uZHVjdG9yIHByb2Zlc3Npb25hbCBxdWUgZ2FyYW50ZWl4IHVuIHRyYWplY3RlIHNlZ3VyIGkgY8OybW9kZS4gRWxzIHZlaGljbGVzIGRpc3Bvc2VuIGRlIGNsaW1hdGl0emFjacOzLCBzZWllbnRzIGVyZ29uw7JtaWNzIGkgc2lzdGVtZXMgZGUgc2VndXJldGF0LiBTZWdvbnMgbGVzIGNhcmFjdGVyw61zdGlxdWVzIGRlbCBzZXJ2ZWksIGVsIHByZXNzdXBvc3QgcG90IGluY2xvdXJlIGNvbWJ1c3RpYmxlLCBwZWF0Z2VzIGkgbGVzIGhvcmVzIHByZXZpc3RlcyBkJ8O6cy4gU2kgY2FsZW4gZXh0cmVzIGNvbSBhcmEgcGFyYWRlcyBhZGRpY2lvbmFscywgZXNwZXJlcyBvIHNlcnZlaXMgZXNwZWNpYWxzLCBlcyBkZXRhbGxlbiBwcsOodmlhbWVudCBwZXIgZXZpdGFyIGNvc3RvcyBpbXByZXZpc3Rvcy4iCiAgICB9CiAgfSx7CiAgICAiQHR5cGUiOiAiUXVlc3Rpb24iLAogICAgIm5hbWUiOiAiUXVpbnMgdGlwdXMgZGUgdmVoaWNsZXMgaGkgaGEgZGlzcG9uaWJsZXMgcGVyIGNvbnRyYWN0YXIgYSBDYXN0ZWxsZGVmZWxzPyIsCiAgICAiYWNjZXB0ZWRBbnN3ZXIiOiB7CiAgICAgICJAdHlwZSI6ICJBbnN3ZXIiLAogICAgICAidGV4dCI6ICJQb3NlbSBhIGRpc3Bvc2ljacOzIHVuYSDDoG1wbGlhIHZhcmlldGF0IGRlIHZlaGljbGVzLCBkZXMgZGUgbWluaWJ1c29zIHBlciBhIGdydXBzIHJlZHXDr3RzIGZpbnMgYSBhdXRvY2FycyBkZSBncmFuIGNhcGFjaXRhdCBxdWUgYXJyaWJlbiBhcHJveGltYWRhbWVudCBhIGxlcyA2MCBwbGFjZXMuIEFxdWVzdGEgZGl2ZXJzaXRhdCBwZXJtZXQgYXRlbmRyZSBkZXNwbGHDp2FtZW50cyB0dXLDrXN0aWNzLCB2aWF0Z2VzIGVzY29sYXJzLCBlc2RldmVuaW1lbnRzIGQnZW1wcmVzYSBvIGNlbGVicmFjaW9ucyBhIENhc3RlbGxkZWZlbHMgaSByb2RhbGllcy4gQWl4w60sIGNhZGEgZ3J1cCBwb3QgdHJpYXIgZWwgdmVoaWNsZSBxdWUgbWlsbG9yIHMnYWp1c3RhIGFsIG5vbWJyZSBkZSBwYXNzYXRnZXJzIGkgYWwgdGlwdXMgZGUgdmlhdGdlLiIKICAgIH0KICB9LHsKICAgICJAdHlwZSI6ICJRdWVzdGlvbiIsCiAgICAibmFtZSI6ICJEaXNwb3NldSBkJ2F1dG9jYXJzIGFkYXB0YXRzIHBlciBhIHBlcnNvbmVzIGFtYiBtb2JpbGl0YXQgcmVkdcOvZGEgYSBDYXN0ZWxsZGVmZWxzPyIsCiAgICAiYWNjZXB0ZWRBbnN3ZXIiOiB7CiAgICAgICJAdHlwZSI6ICJBbnN3ZXIiLAogICAgICAidGV4dCI6ICJTw60sIGNvbXB0ZW0gYW1iIGF1dG9jYXJzIGFkYXB0YXRzIHBlciBhIHBhc3NhdGdlcnMgYW1iIG1vYmlsaXRhdCByZWR1w69kYSBhIENhc3RlbGxkZWZlbHMuIEFxdWVzdHMgdmVoaWNsZXMgZGlzcG9zZW4gZGUgcGxhdGFmb3JtYSBlbGV2YWRvcmEsIGVzcGFpIHBlciBhIGNhZGlyZXMgZGUgcm9kZXMgaSBzaXN0ZW1lcyBkZSBzdWJqZWNjacOzIGhvbW9sb2dhdHMsIGNvc2EgcXVlIGdhcmFudGVpeCB1biB2aWF0Z2UgY8OybW9kZSBpIHNlZ3VyLiBFbiBzb2zCt2xpY2l0YXIgZWwgcHJlc3N1cG9zdCwgbm9tw6lzIGNhbCBxdWUgZW5zIGluZGlxdWlzIHF1ZSBuZWNlc3NpdGVzIHVuIHZlaGljbGUgYWRhcHRhdCBpIGFzc2lnbmFyZW0gZWwgbW9kZWwgYWRlcXVhdC4iCiAgICB9CiAgfSx7CiAgICAiQHR5cGUiOiAiUXVlc3Rpb24iLAogICAgIm5hbWUiOiAiQW1iIHF1YW50YSBhbnRlbGFjacOzIMOpcyByZWNvbWFuYWJsZSByZXNlcnZhciB1biBhdXRvY2FyIGEgQ2FzdGVsbGRlZmVscz8iLAogICAgImFjY2VwdGVkQW5zd2VyIjogewogICAgICAiQHR5cGUiOiAiQW5zd2VyIiwKICAgICAgInRleHQiOiAiTCdhbnRlbGFjacOzIHJlY29tYW5hZGEgZGVww6huIGRlbCBtb21lbnQgZGUgbCdhbnkgaSBkZWwgdGlwdXMgZGUgZGVzcGxhw6dhbWVudC4gUGVyIGEgcGVyw61vZGVzIGQnYWx0YSBkZW1hbmRh4oCUY29tIGFyYSBjYXBzIGRlIHNldG1hbmEsIGV4Y3Vyc2lvbnMgZXNjb2xhcnMgbyBlc2RldmVuaW1lbnRzIGNvcnBvcmF0aXVz4oCUw6lzIGFjb25zZWxsYWJsZSByZXNlcnZhciBhbWIgZGl2ZXJzZXMgc2V0bWFuZXMgZCdhbnRlbGFjacOzLiBUb3QgaSBhaXjDrSwgdGFtYsOpIGdlc3Rpb25lbSByZXNlcnZlcyBkJ8O6bHRpbWEgaG9yYSBzZW1wcmUgcXVlIGhpIGhhZ2kgZGlzcG9uaWJpbGl0YXQuIFJlc2VydmFyIGNvbSBhYmFucyBtaWxsb3IgZmFjaWxpdGEgb2J0ZW5pciBlbCB2ZWhpY2xlIGlkZWFsIGVuIGxhIGRhdGEgZGVzaXRqYWRhLiIKICAgIH0KICB9LHsKICAgICJAdHlwZSI6ICJRdWVzdGlvbiIsCiAgICAibmFtZSI6ICJRdWlucyBzZXJ2ZWlzIGRlIHRyYW5zcG9ydCBlcyBwb2RlbiBjb250cmFjdGFyIGRlcyBkZSBDYXN0ZWxsZGVmZWxzPyIsCiAgICAiYWNjZXB0ZWRBbnN3ZXIiOiB7CiAgICAgICJAdHlwZSI6ICJBbnN3ZXIiLAogICAgICAidGV4dCI6ICJEZXMgZGUgQ2FzdGVsbGRlZmVscyBvZmVyaW0gdW5hIMOgbXBsaWEgdmFyaWV0YXQgZGUgc2VydmVpczogdHJhc2xsYXRzIGEgbCdhZXJvcG9ydCwgcnV0ZXMgZXNjb2xhcnMsIHRyYW5zcG9ydCBwZXIgYSBlbXByZXNlcywgZXhjdXJzaW9ucyB0dXLDrXN0aXF1ZXMsIGRlc3BsYcOnYW1lbnRzIGVzcG9ydGl1cywgY2FzYW1lbnRzLCBjZWxlYnJhY2lvbnMgZmFtaWxpYXJzIGkgc2VydmVpcyBwcml2YXRzIHRvdGFsbWVudCBwZXJzb25hbGl0emF0cy4gTGEgdmVyc2F0aWxpdGF0IGRlIGxhIG5vc3RyYSBmbG90YSBwZXJtZXQgY29icmlyIHRhbnQgbmVjZXNzaXRhdHMgcHVudHVhbHMgY29tIHJlY29ycmVndXRzIHJlZ3VsYXJzLiIKICAgIH0KICB9LHsKICAgICJAdHlwZSI6ICJRdWVzdGlvbiIsCiAgICAibmFtZSI6ICJGZXUgdHJhamVjdGVzIGRlcyBkZSBDYXN0ZWxsZGVmZWxzIGNhcCBhIGFsdHJlcyBjaXV0YXRzIG8gY29tdW5pdGF0cz8iLAogICAgImFjY2VwdGVkQW5zd2VyIjogewogICAgICAiQHR5cGUiOiAiQW5zd2VyIiwKICAgICAgInRleHQiOiAiU8OtLCBmZW0gdHJhamVjdGVzIGRlcyBkZSBDYXN0ZWxsZGVmZWxzIGEgcXVhbHNldm9sIHB1bnQgZGUgQ2F0YWx1bnlhLCBhaXjDrSBjb20gdmlhdGdlcyBkZSBtaXRqYW5hIGkgbGxhcmdhIGRpc3TDoG5jaWEgYSBhbHRyZXMgY29tdW5pdGF0cyBhdXTDsm5vbWVzLiBUYW1iw6kgb3JnYW5pdHplbSBleGN1cnNpb25zLCBydXRlcyB0dXLDrXN0aXF1ZXMgcGxhbmlmaWNhZGVzLCBzZXJ2ZWlzIHBlciBhIGVzZGV2ZW5pbWVudHMgaSB0cmFuc2ZlcnMgYSBsJ2Flcm9wb3J0LiBOb23DqXMgY2FsIGluZGljYXIgbCdvcmlnZW4sIGxhIGRlc3RpbmFjacOzIGkgbGEgZGF0YSBwZXIgcHJlcGFyYXIgdW4gc2VydmVpIGNvbXBsZXRhbWVudCBhZGFwdGF0IGEgbCdpdGluZXJhcmkgZGVsIGdydXAuIgogICAgfQogIH1dCn0KPC9zY3JpcHQ+[\/vc_raw_html][\/vc_column][\/vc_row]<\/p>\n<\/div>","protected":false},"excerpt":{"rendered":"<p>[vc_row row_fullwidth=\u00bb1&#8243; row_zero_column_space=\u00bb1&#8243; css=\u00bb.vc_custom_1461073450203{margin-top: 0px !important;margin-right: 0px !important;margin-bottom: 0px !important;margin-left: 0px !important;padding-top: 0px !important;padding-right: 0px !important;padding-bottom: 0px !important;padding-left: 0px !important;}\u00bb][vc_column offset=\u00bbvc_hidden-sm vc_hidden-xs\u00bb][rev_slider_vc alias=\u00bbcastelldefels-1&#8243; el_class=\u00bbno-bottom-margin\u00bb][\/vc_column][\/vc_row][vc_row gap=\u00bb5&#8243; row_fullwidth=\u00bb1&#8243; css=\u00bb.vc_custom_1684321545730{margin-top: 0px !important;margin-bottom: 0px [&hellip;]<\/p>\n","protected":false},"author":10,"featured_media":0,"parent":0,"menu_order":0,"comment_status":"closed","ping_status":"closed","template":"","meta":{"footnotes":""},"class_list":["post-15092","page","type-page","status-publish","hentry"],"_links":{"self":[{"href":"https:\/\/badabus.com\/ca\/wp-json\/wp\/v2\/pages\/15092","targetHints":{"allow":["GET"]}}],"collection":[{"href":"https:\/\/badabus.com\/ca\/wp-json\/wp\/v2\/pages"}],"about":[{"href":"https:\/\/badabus.com\/ca\/wp-json\/wp\/v2\/types\/page"}],"author":[{"embeddable":true,"href":"https:\/\/badabus.com\/ca\/wp-json\/wp\/v2\/users\/10"}],"replies":[{"embeddable":true,"href":"https:\/\/badabus.com\/ca\/wp-json\/wp\/v2\/comments?post=15092"}],"version-history":[{"count":8,"href":"https:\/\/badabus.com\/ca\/wp-json\/wp\/v2\/pages\/15092\/revisions"}],"predecessor-version":[{"id":15958,"href":"https:\/\/badabus.com\/ca\/wp-json\/wp\/v2\/pages\/15092\/revisions\/15958"}],"wp:attachment":[{"href":"https:\/\/badabus.com\/ca\/wp-json\/wp\/v2\/media?parent=15092"}],"curies":[{"name":"wp","href":"https:\/\/api.w.org\/{rel}","templated":true}]}}