{"id":15088,"date":"2026-08-21T08:46:49","date_gmt":"2026-08-21T06:46:49","guid":{"rendered":"https:\/\/badabus.com\/?page_id=15088"},"modified":"2026-08-31T12:13:04","modified_gmt":"2026-08-31T10:13:04","slug":"lloguer-minibus-el-prat-llobregat","status":"publish","type":"page","link":"https:\/\/badabus.com\/ca\/lloguer-minibus-el-prat-llobregat\/","title":{"rendered":"Inici El Prat Minib\u00fas CAT"},"content":{"rendered":"<div class=\"wpb-content-wrapper\"><p>[vc_row row_fullwidth=\u00bb1&#8243; row_zero_column_space=\u00bb1&#8243; css=\u00bb.vc_custom_1461073450203{margin-top: 0px !important;margin-right: 0px !important;margin-bottom: 0px !important;margin-left: 0px !important;padding-top: 0px !important;padding-right: 0px !important;padding-bottom: 0px !important;padding-left: 0px !important;}\u00bb][vc_column offset=\u00bbvc_hidden-sm vc_hidden-xs\u00bb][rev_slider_vc alias=\u00bbel-prat-minibus-1&#8243; el_class=\u00bbno-bottom-margin\u00bb][\/vc_column][\/vc_row][vc_row gap=\u00bb5&#8243; row_fullwidth=\u00bb1&#8243; css=\u00bb.vc_custom_1684321545730{margin-top: 0px !important;margin-bottom: 0px !important;padding-top: 40px !important;padding-right: 40px !important;padding-left: 40px !important;background-color: #ffffff !important;}\u00bb][vc_column offset=\u00bbvc_hidden-sm vc_hidden-xs\u00bb][vc_column_text css=\u00bb\u00bb]<\/p>\n<h1 class=\"h1-home-cat\">Lloguer de minib\u00fas al Prat de Llobregat<\/h1>\n<h2 class=\"h1-servicios\">Les nostres opcions de minib\u00fas per al Prat de Llobregat<\/h2>\n<p>[\/vc_column_text][vc_raw_html css=\u00bb\u00bb]JTVCYmFkYWJ1c19zZXJ2ZWlzJTVE[\/vc_raw_html][\/vc_column][vc_column offset=\u00bbvc_hidden-sm vc_hidden-xs\u00bb css=\u00bb.vc_custom_1744208769323{margin-top: 50px !important;background-color: #F6F6F6 !important;}\u00bb][vc_custom_heading text=\u00bbNecessites un minib\u00fas al Prat de Llobregat per al teu trajecte?\u00bb font_container=\u00bbtag:h2|font_size:40|text_align:center|color:%23000000|line_height:30px\u00bb google_fonts=\u00bbfont_family:Raleway%3A100%2C200%2C300%2Cregular%2C500%2C600%2C700%2C800%2C900|font_style:300%20light%20regular%3A300%3Anormal\u00bb css=\u00bb.vc_custom_1746433210496{margin-top: 0px !important;margin-bottom: 0px !important;padding-top: 20px !important;padding-bottom: 0px !important;}\u00bb][vc_column_text css=\u00bb.vc_custom_1746433220845{margin-top: 10px !important;margin-bottom: 10px !important;}\u00bb]<\/p>\n<p style=\"text-align: center;\">Digues-nos on necessites anar i et respondrem amb un pressupost en 24 hores h\u00e0bils.<\/p>\n<p>[\/vc_column_text][vc_btn title=\u00bbSol\u00b7licitar pressupost per a lloguer de minib\u00fas\u00bb style=\u00bboutline-custom\u00bb outline_custom_color=\u00bb#000000&#8243; outline_custom_hover_background=\u00bb#000000&#8243; outline_custom_hover_text=\u00bb#ffffff\u00bb shape=\u00bbround\u00bb size=\u00bblg\u00bb align=\u00bbcenter\u00bb i_type=\u00bblinecons\u00bb i_icon_linecons=\u00bbvc_li vc_li-clip\u00bb css=\u00bb.vc_custom_1786957295899{margin-top: 20px !important;margin-bottom: 55px !important;}\u00bb add_icon=\u00bbtrue\u00bb link=\u00bburl:https%3A%2F%2Fbadabus.com%2Fca%2Fpressupost-lloguer-de-minibusos%2F|title:Pressupost%20lloguer%20d&#8217;autobusos\u00bb][\/vc_column][\/vc_row][vc_row row_fullwidth=\u00bb1&#8243; css=\u00bb.vc_custom_1613379287195{padding-right: 0px !important;padding-left: 0px !important;background-color: #0a0a0a !important;}\u00bb][vc_column css=\u00bb.vc_custom_1710964759406{padding-top: 0px !important;padding-right: 0px !important;padding-bottom: 0px !important;padding-left: 0px !important;background: #0a0a0a url(https:\/\/badabus.com\/wp-content\/uploads\/Alex-Bascuas-Photo-9610-opacity.jpg?id=9993) !important;background-position: center !important;background-repeat: no-repeat !important;background-size: cover !important;}\u00bb offset=\u00bbvc_hidden-lg vc_hidden-md\u00bb el_class=\u00bbimagen-background-home-mobile\u00bb][vc_column_text css=\u00bb.vc_custom_1746433329880{margin-top: 45px !important;margin-right: 5% !important;margin-bottom: 45px !important;margin-left: 5% !important;padding-right: 0px !important;padding-left: 0px !important;background-position: center !important;background-repeat: no-repeat !important;background-size: cover !important;}\u00bb]<\/p>\n<h1 class=\"h1-home-mob\">Lloguer de minibusos al Prat de Llobregat<\/h1>\n<p>[\/vc_column_text][vc_btn title=\u00bbDEMANA PRESSUPOST\u00bb style=\u00bbcustom\u00bb custom_background=\u00bb#e22893&#8243; custom_text=\u00bb#ffffff\u00bb shape=\u00bbround\u00bb css=\u00bb.vc_custom_1786957310939{margin-left: 30px !important;}\u00bb link=\u00bburl:https%3A%2F%2Fbadabus.com%2Fca%2Fpressupost-lloguer-de-minibusos%2F|title:Pressupost%20lloguer%20d&#8217;autobusos\u00bb][\/vc_column][\/vc_row][vc_row css=\u00bb.vc_custom_1744208838364{margin-top: 130px !important;margin-bottom: 15px !important;}\u00bb][vc_column width=\u00bb1\/2&#8243;][vc_column_text css=\u00bb\u00bb]<\/p>\n<h2>Des de quins barris del Prat de Llobregat sortim?<\/h2>\n<p>Al Prat fem recollides en minib\u00fas en zones com el Nucli Antic, Sant Cosme, l&#8217;Eixample o la Barceloneta, adequant-nos al punt de sortida m\u00e9s pr\u00e0ctic per a cada grup.<\/p>\n<p>Tamb\u00e9 operem en \u00e0rees properes a l&#8217;aeroport i en zones industrials, cosa que resulta ideal per a empreses o col\u00b7lectius amb seu a l&#8217;entorn aeroportuari. El nostre servei \u00e9s sempre flexible i ajustat a la localitzaci\u00f3 del grup.[\/vc_column_text][\/vc_column][vc_column width=\u00bb1\/2&#8243;][vc_single_image image=\u00bb12901&#8243; img_size=\u00bb450&#215;450&#8243; css=\u00bb\u00bb][\/vc_column][\/vc_row][vc_row css=\u00bb.vc_custom_1744208847931{margin-top: 70px !important;margin-bottom: 30px !important;}\u00bb][vc_column width=\u00bb1\/2&#8243;][vc_column_text css=\u00bb.vc_custom_1786957524857{margin-bottom: 20px !important;}\u00bb]<\/p>\n<h2>De quantes places s\u00f3n els minibusos?<\/h2>\n<p>Al Prat de Llobregat comptem amb una flota de <a href=\"https:\/\/badabus.com\/ca\/lloguer-de-minibus-barcelona\/\">minibusos<\/a> de 16 a 25 places, ideals per a grups redu\u00efts que busquen una soluci\u00f3 de transport c\u00f2moda i vers\u00e0til. Aquests vehicles s\u00f3n perfectes per a trasllats d&#8217;empresa, sortides familiars, excursions escolars amb pocs alumnes o esdeveniments amb un nombre limitat d&#8217;assistents.<\/p>\n<p>La seva mida compacta permet moure&#8217;s amb agilitat per zones urbanes o de dif\u00edcil acc\u00e9s, sense renunciar al confort: disposen d&#8217;aire condicionat, seients reclinables, cinturons de seguretat i espai suficient per a l&#8217;equipatge. Una opci\u00f3 pr\u00e0ctica, segura i eficient per a trajectes curts i mitjans. Per a grups m\u00e9s grans tamb\u00e9 disposem d&#8217;<a href=\"https:\/\/badabus.com\/ca\/lloguer-autocar-el-prat-de-llobregat\/\">autocars al Prat<\/a>.<\/p>\n<h3>Vols con\u00e8ixer la nostra flota de microbusos per al Prat de Llobregat?<\/h3>\n<p>[\/vc_column_text][vc_btn title=\u00bbVEURE FLOTA DE MINIBUSOS\u00bb style=\u00bboutline-custom\u00bb outline_custom_color=\u00bb#000000&#8243; outline_custom_hover_background=\u00bb#000000&#8243; outline_custom_hover_text=\u00bb#ffffff\u00bb shape=\u00bbround\u00bb align=\u00bbleft\u00bb i_type=\u00bblinecons\u00bb i_icon_linecons=\u00bbvc_li vc_li-clip\u00bb css=\u00bb.vc_custom_1786957365200{margin-bottom: 35px !important;}\u00bb add_icon=\u00bbtrue\u00bb link=\u00bburl:https%3A%2F%2Fbadabus.com%2Fca%2Fflota%2F\u00bb][\/vc_column][vc_column width=\u00bb1\/2&#8243;][vc_single_image image=\u00bb12673&#8243; img_size=\u00bb450&#215;420&#8243; css=\u00bb\u00bb][\/vc_column][\/vc_row][vc_row css=\u00bb.vc_custom_1744209919418{padding-top: 35px !important;background-color: #25A6B9 !important;}\u00bb][vc_column width=\u00bb2\/3&#8243;][vc_column_text css=\u00bb\u00bb]<strong style=\"font-size: 26px; color: white;\">Necessites un minib\u00fas al Prat de Llobregat per al teu trajecte?<\/strong>[\/vc_column_text][\/vc_column][vc_column width=\u00bb1\/3&#8243;][vc_btn title=\u00bbPressupost en 24 h\u00bb style=\u00bboutline-custom\u00bb outline_custom_color=\u00bb#FFFFFF\u00bb outline_custom_hover_background=\u00bb#000000&#8243; outline_custom_hover_text=\u00bb#ffffff\u00bb shape=\u00bbround\u00bb align=\u00bbleft\u00bb i_type=\u00bblinecons\u00bb i_icon_linecons=\u00bbvc_li vc_li-clip\u00bb css=\u00bb.vc_custom_1786957382164{margin-bottom: 35px !important;}\u00bb add_icon=\u00bbtrue\u00bb link=\u00bburl:https%3A%2F%2Fbadabus.com%2Fca%2Fpressupost-lloguer-de-minibusos%2F|title:Pressupost%20lloguer%20d&#8217;autobusos\u00bb][\/vc_column][\/vc_row][vc_row gap=\u00bb20&#8243; equal_height=\u00bbyes\u00bb css=\u00bb.vc_custom_1719475441479{margin-top: 40px !important;padding-top: 40px !important;padding-bottom: 120px !important;background-image: url(https:\/\/badabus.com\/wp-content\/uploads\/dotted.png?id=2221) !important;}\u00bb][vc_column][vc_column_text css=\u00bb\u00bb]<\/p>\n<p style=\"text-align: center; font-size: 40px; font-family: gotham-rounded; line-height: 1em;\"><strong>Per qu\u00e8 triar-nos per al teu trajecte des del Prat de Llobregat?<\/strong><\/p>\n<p>[\/vc_column_text][vc_row_inner equal_height=\u00bbyes\u00bb css=\u00bb.vc_custom_1744209697713{margin-bottom: 0px !important;padding-top: 20px !important;padding-bottom: 0px !important;}\u00bb][vc_column_inner width=\u00bb1\/3&#8243; css=\u00bb.vc_custom_1719475287975{background-color: #25a6b9 !important;border-radius: 5px !important;}\u00bb][vc_column_text css=\u00bb\u00bb]<\/p>\n<p class=\"numero-porque\">\/\/ 01<\/p>\n<p class=\"titulo-porque\">Seguretat<\/p>\n<p class=\"p-porque\">Per als nostres minibusos al Prat de Llobregat fem controls i manteniment exhaustius perqu\u00e8 cada trajecte sigui segur, c\u00f2mode i sense imprevistos.<\/p>\n<p>[\/vc_column_text][vc_btn title=\u00bbVEURE FLOTA\u00bb style=\u00bboutline-custom\u00bb outline_custom_color=\u00bb#ffffff\u00bb outline_custom_hover_background=\u00bb#ffffff\u00bb outline_custom_hover_text=\u00bb#25a6b9&#8243; shape=\u00bbround\u00bb size=\u00bbsm\u00bb css=\u00bb.vc_custom_1786957393149{margin-left: 35px !important;}\u00bb link=\u00bburl:https%3A%2F%2Fbadabus.com%2Fca%2Fflota%2F|title:Veure%20flota%20d&#8217;autocars\u00bb][vc_empty_space][\/vc_column_inner][vc_column_inner width=\u00bb1\/3&#8243; css=\u00bb.vc_custom_1719475336589{background-color: #9b6da6 !important;border-radius: 5px !important;}\u00bb][vc_column_text css=\u00bb\u00bb]<\/p>\n<p class=\"numero-porque\">\/\/ 02<\/p>\n<p class=\"titulo-porque\">Confort<\/p>\n<p class=\"p-porque\">La comoditat i la seguretat dels nostres passatgers s\u00f3n el centre del disseny dels nostres microbusos.<\/p>\n<p>[\/vc_column_text][vc_btn title=\u00bbVEURE FLOTA\u00bb style=\u00bboutline-custom\u00bb outline_custom_color=\u00bb#ffffff\u00bb outline_custom_hover_background=\u00bb#ffffff\u00bb outline_custom_hover_text=\u00bb#9b6da6&#8243; shape=\u00bbround\u00bb size=\u00bbsm\u00bb css=\u00bb.vc_custom_1786957402398{margin-left: 35px !important;}\u00bb link=\u00bburl:https%3A%2F%2Fbadabus.com%2Fca%2Fflota%2F|title:Veure%20flota%20d&#8217;autocars\u00bb][vc_empty_space][\/vc_column_inner][vc_column_inner width=\u00bb1\/3&#8243; css=\u00bb.vc_custom_1719475343640{background-color: #e22893 !important;border-radius: 5px !important;}\u00bb][vc_column_text css=\u00bb\u00bb]<\/p>\n<p class=\"numero-porque\">\/\/ 03<\/p>\n<p class=\"titulo-porque\">Conductors<\/p>\n<p class=\"p-porque\">Cada viatge est\u00e0 en mans de conductors qualificats, experts en rutes i amb formaci\u00f3 en seguretat vi\u00e0ria.<\/p>\n<p>[\/vc_column_text][vc_btn title=\u00bbVEURE FLOTA\u00bb style=\u00bboutline-custom\u00bb outline_custom_color=\u00bb#ffffff\u00bb outline_custom_hover_background=\u00bb#ffffff\u00bb outline_custom_hover_text=\u00bb#e22893&#8243; shape=\u00bbround\u00bb size=\u00bbsm\u00bb css=\u00bb.vc_custom_1786957412526{margin-left: 35px !important;}\u00bb link=\u00bburl:https%3A%2F%2Fbadabus.com%2Fca%2Fflota%2F|title:Veure%20flota%20d&#8217;autocars\u00bb][vc_empty_space][\/vc_column_inner][\/vc_row_inner][\/vc_column][\/vc_row][vc_row gap=\u00bb35&#8243; row_fullwidth=\u00bb1&#8243; css=\u00bb.vc_custom_1595256381018{margin-bottom: 0px !important;padding-top: 0px !important;padding-bottom: 15px !important;background-color: #ffffff !important;}\u00bb][vc_column width=\u00bb2\/3&#8243; offset=\u00bbvc_hidden-lg vc_hidden-md\u00bb css=\u00bb.vc_custom_1595256410887{margin-top: -100px !important;}\u00bb][vc_column_text css=\u00bb.vc_custom_1595254868036{margin-bottom: -10px !important;}\u00bb]<\/p>\n<p style=\"font-size: 25px; font-family: 'gotham-rounded'; text-align: left; color: #25a8ba; line-height: 1em;\"><strong>La teva companyia de confian\u00e7a<\/strong><\/p>\n<p>[\/vc_column_text][vc_column_text]<\/p>\n<p style=\"font-size: 20px; font-family: 'gotham-rounded'; text-align: left;\"><strong>Badabus \u00e9s una empresa familiar dedicada al transport de viatgers per carretera.<\/strong><\/p>\n<p>Empresa especialista en el lloguer d&#8217;autocars i minibusos. Ens avala l&#8217;experi\u00e8ncia de m\u00e9s de 25 anys en el sector de les persones que la dirigim.[\/vc_column_text][vc_btn title=\u00bbVols saber-ne m\u00e9s?\u00bb style=\u00bbgradient-custom\u00bb gradient_custom_color_1=\u00bb#25a6b9&#8243; gradient_custom_color_2=\u00bb#e22893&#8243; shape=\u00bbround\u00bb size=\u00bblg\u00bb align=\u00bbleft\u00bb css=\u00bb.vc_custom_1786957424382{padding-right: 3% !important;padding-left: 3% !important;}\u00bb link=\u00bburl:https%3A%2F%2Fbadabus.com%2Fca%2Fflota%2F|title:Flota\u00bb][\/vc_column][vc_column width=\u00bb1\/3&#8243; offset=\u00bbvc_hidden-lg vc_hidden-md\u00bb][vc_column_text css=\u00bb\u00bb]<b style=\"text-align: left; font-size: 20px;\"><img loading=\"lazy\" decoding=\"async\" class=\"alignnone wp-image-1964\" src=\"https:\/\/badabus.com\/wp-content\/uploads\/flechas-badabus.jpg\" alt=\"\" width=\"45\" height=\"27\" \/> CONTACTE<\/b>[\/vc_column_text][vc_column_text css=\u00bb\u00bb]<\/p>\n<h3 style=\"text-align: left; font-size: 20px;\">Autocares Badabus<\/h3>\n<p>Adre\u00e7a: <a href=\"https:\/\/www.google.com\/maps\/place\/Autocares+Badabus\/@41.3518513,2.1340148,17z\/data=!3m1!4b1!4m6!3m5!1s0x12a498a57225f481:0x27ebbd8420ff8f5e!8m2!3d41.3518513!4d2.1340148!16s%2Fg%2F11fz9zb2tf?entry=ttu\" target=\"_blank\" rel=\"noopener noreferrer\">C\/Plom, 28 \u2013 08038 (Barcelona)<\/a><br \/>\nCorreu electr\u00f2nic: <a href=\"mailto:info@badabus.com\">info@badabus.com<\/a><br \/>\n<img loading=\"lazy\" decoding=\"async\" class=\"size-full wp-image-2239 alignleft\" src=\"https:\/\/badabus.com\/wp-content\/uploads\/telefon-de-lloguer-autocars-badabus.jpg\" alt=\"telefono de alquiler autocares badabus\" width=\"341\" height=\"124\" \/>[\/vc_column_text][\/vc_column][\/vc_row][vc_row gap=\u00bb35&#8243; css=\u00bb.vc_custom_1744210760780{margin-bottom: 25px !important;}\u00bb][vc_column width=\u00bb2\/3&#8243; css=\u00bb.vc_custom_1748247702232{margin-right: 30px !important;}\u00bb][vc_column_text css=\u00bb\u00bb]<\/p>\n<h2 style=\"font-size: 20px;\">Trajectes freq\u00fcents des del Prat de Llobregat amb els nostres minibusos<\/h2>\n<p style=\"font-weight: 400; text-align: justify;\">Els nostres minibusos surten del Prat de Llobregat cap a destinacions populars com Montserrat, PortAventura o les platges del Maresme, perfectes per passar-hi el dia. Aquestes excursions s\u00f3n ideals per a grups organitzats, escoles o centres de lleure.<\/p>\n<p style=\"font-weight: 400; text-align: justify;\">A m\u00e9s, molts clients confien en nosaltres per a <a href=\"https:\/\/badabus.com\/ca\/transfer-aeroport-barcelona\/\">trasllats a l&#8217;aeroport de Barcelona<\/a> o rutes escolars de diversos dies. Tamb\u00e9 organitzem viatges de final de curs i sortides culturals amb itineraris personalitzats i la m\u00e0xima comoditat per als passatgers.<\/p>\n<h3 style=\"font-weight: 400;\">Serveis m\u00e9s demandats de lloguer de minib\u00fas al Prat de Llobregat<\/h3>\n<p style=\"font-weight: 400; text-align: justify;\">A m\u00e9s, cada cop m\u00e9s persones del Prat de Llobregat ens trien per organitzar el transport en casaments, celebracions familiars o esdeveniments socials. Tamb\u00e9 prestem servei a clubs esportius que es desplacen a tornejos, aix\u00ed com a grups tur\u00edstics que visiten Barcelona i busquen una opci\u00f3 c\u00f2moda i segura per als seus despla\u00e7aments.<\/p>\n<h3 style=\"font-weight: 400;\">Per qu\u00e8 \u00e9s millor llogar un minib\u00fas al Prat de Llobregat amb nosaltres?<\/h3>\n<p style=\"font-weight: 400; text-align: justify;\">Al Prat de Llobregat tenim experi\u00e8ncia i pres\u00e8ncia constant, cosa que ens permet oferir recollides r\u00e0pides des de qualsevol barri, adaptant-nos al punt que millor convingui al grup. El nostre coneixement de la ciutat ens permet planificar cada trajecte amb efici\u00e8ncia, evitant embussos i reduint els temps d&#8217;espera.<\/p>\n<p style=\"font-weight: 400; text-align: justify;\">Al llarg dels anys hem treballat amb escoles, associacions i empreses del Prat, oferint un servei proper, personalitzat i professional. Per aix\u00f2 som una opci\u00f3 ideal per a qui busca comoditat, tracte directe i coneixement local.<\/p>\n<p>[\/vc_column_text][vc_empty_space height=\u00bb30px\u00bb][vc_column_text css=\u00bb\u00bb]<strong style=\"margin-left: 6px;\">POBLACIONS ON OFERIM SERVEI DE LLOGUER D&#8217;AUTOCARS<br \/>\n<\/strong><div class=\"menu-horizontal\"><ul><div class=\"menu-horizontal\"><li id=\"menu-item-15926\" class=\"menu-item menu-item-type-post_type menu-item-object-page menu-item-15926\"><a href=\"https:\/\/badabus.com\/ca\/lloguer-minibus-badalona\/\">Lloguer Minib\u00fas a Badalona<\/a><\/li> | <li id=\"menu-item-15933\" class=\"menu-item menu-item-type-post_type menu-item-object-page menu-item-15933\"><a href=\"https:\/\/badabus.com\/ca\/lloguer-minibus-viladecans\/\">Lloguer Minib\u00fas a Viladecans<\/a><\/li> | <li id=\"menu-item-15932\" class=\"menu-item menu-item-type-post_type menu-item-object-page menu-item-15932\"><a href=\"https:\/\/badabus.com\/ca\/lloguer-minibus-santa-coloma-de-gramenet\/\">Lloguer Minib\u00fas a Santa Coloma de Gramanet<\/a><\/li> | <li id=\"menu-item-15931\" class=\"menu-item menu-item-type-post_type menu-item-object-page menu-item-15931\"><a href=\"https:\/\/badabus.com\/ca\/lloguer-minibus-sant-joan-despi\/\">Lloguer Minib\u00fas a Sant Joan Desp\u00ed<\/a><\/li> | <li id=\"menu-item-15925\" class=\"menu-item menu-item-type-post_type menu-item-object-page menu-item-15925\"><a href=\"https:\/\/badabus.com\/ca\/lloguer-minibus-sant-feliu\/\">Lloguer Minib\u00fas a Sant Feliu de Llobregat<\/a><\/li> | <li id=\"menu-item-15930\" class=\"menu-item menu-item-type-post_type menu-item-object-page menu-item-15930\"><a href=\"https:\/\/badabus.com\/ca\/lloguer-minibus-sant-boi-llobregat\/\">Lloguer Minib\u00fas a Sant Boi de Llobregat<\/a><\/li> | <li id=\"menu-item-15924\" class=\"menu-item menu-item-type-post_type menu-item-object-page menu-item-15924\"><a href=\"https:\/\/badabus.com\/ca\/lloguer-minibus-sant-adria\/\">Lloguer Minib\u00fas a Sant Adri\u00e0 del Bes\u00f3s<\/a><\/li> | <li id=\"menu-item-15929\" class=\"menu-item menu-item-type-post_type menu-item-object-page menu-item-15929\"><a href=\"https:\/\/badabus.com\/ca\/lloguer-minibus-hospitalet-de-llobregat\/\">Lloguer Minib\u00fas a Hospitalet de Llobregat<\/a><\/li> | <li id=\"menu-item-15928\" class=\"menu-item menu-item-type-post_type menu-item-object-page menu-item-15928\"><a href=\"https:\/\/badabus.com\/ca\/lloguer-minibus-gava\/\">Lloguer Minib\u00fas a Gav\u00e0<\/a><\/li> | <li id=\"menu-item-15923\" class=\"menu-item menu-item-type-post_type menu-item-object-page menu-item-15923\"><a href=\"https:\/\/badabus.com\/ca\/lloguer-minibus-esplugues\/\">Lloguer Minib\u00fas a Esplugues de Llobregat<\/a><\/li> | <li id=\"menu-item-15927\" class=\"menu-item menu-item-type-post_type menu-item-object-page menu-item-15927\"><a href=\"https:\/\/badabus.com\/ca\/lloguer-minibus-el-prat-llobregat\/\">Lloguer Minib\u00fas a El Prat de Llobregat<\/a><\/li> | <li id=\"menu-item-15922\" class=\"menu-item menu-item-type-post_type menu-item-object-page menu-item-15922\"><a href=\"https:\/\/badabus.com\/ca\/lloguer-minibus-cornella\/\">Lloguer Minib\u00fas a Cornell\u00e0 de Llobregat<\/a><\/li> | <li id=\"menu-item-15921\" class=\"menu-item menu-item-type-post_type menu-item-object-page menu-item-15921\"><a href=\"https:\/\/badabus.com\/ca\/lloguer-minibus-castelldefels\/\">Lloguer Minib\u00fas a Castelldefels<\/a><\/li>\n<\/div><\/ul><\/div>[\/vc_column_text][vc_tta_accordion section_title_tag=\u00bbh2&#8243; color=\u00bbwhite\u00bb active_section=\u00bb1&#8243;][vc_tta_section title=\u00bbQuant costa llogar un minib\u00fas al Prat de Llobregat?\u00bb tab_id=\u00bb1764151314287-b0c64c15-c7d5&#8243;][vc_column_text css=\u00bb\u00bb]<\/p>\n<p data-start=\"537\" data-end=\"1047\">El preu de llogar un minib\u00fas al Prat de Llobregat dep\u00e8n del recorregut, la data del servei, la durada del trajecte, la capacitat del vehicle i el nombre de passatgers. Cada despla\u00e7ament t\u00e9 caracter\u00edstiques diferents, per la qual cosa no hi ha una tarifa fixa. Per con\u00e8ixer el cost exacte, nom\u00e9s cal indicar el punt de recollida al Prat, la destinaci\u00f3, l&#8217;horari i la mida del grup. Amb aquesta informaci\u00f3 elaborem un pressupost personalitzat, clar i sense costos imprevistos.<\/p>\n<p>[\/vc_column_text][\/vc_tta_section][vc_tta_section title=\u00bbQuins avantatges t\u00e9 contractar un minib\u00fas al Prat de Llobregat per a grups petits o mitjans?\u00bb tab_id=\u00bb1764151314313-1ce73603-4707&#8243;][vc_column_text css=\u00bb\u00bb]<\/p>\n<p data-start=\"1177\" data-end=\"1672\">Llogar un minib\u00fas al Prat de Llobregat \u00e9s una excel\u00b7lent opci\u00f3 per a grups que volen despla\u00e7ar-se junts de manera c\u00f2moda i coordinada. Els minibusos permeten moure&#8217;s f\u00e0cilment pel municipi, arribar a l&#8217;aeroport en pocs minuts o connectar amb Barcelona i municipis propers sense complicacions. Disposen de climatitzaci\u00f3, seients espaiosos i un interior dissenyat per oferir comoditat en excursions, activitats escolars, esdeveniments d&#8217;empresa o sortides familiars.<\/p>\n<p>[\/vc_column_text][\/vc_tta_section][vc_tta_section title=\u00bbEs poden contractar minibusos per a excursions i rutes des del Prat de Llobregat?\u00bb tab_id=\u00bb1764151491772-5f6bccc3-0bd0&#8243;][vc_column_text css=\u00bb\u00bb]<\/p>\n<p data-start=\"1788\" data-end=\"2211\">S\u00ed, pots contractar un minib\u00fas per fer excursions i rutes personalitzades amb sortida des del Prat de Llobregat. Aquesta opci\u00f3 \u00e9s ideal per a grups que vulguin visitar Barcelona, Montserrat, la Costa Brava, el Pened\u00e8s o qualsevol destinaci\u00f3 de Catalunya. Dissenyem l&#8217;itinerari segons les necessitats del grup i oferim flexibilitat, comoditat i una planificaci\u00f3 completa de tot el recorregut.<\/p>\n<p>[\/vc_column_text][\/vc_tta_section][vc_tta_section title=\u00bbQuina \u00e9s la durada habitual d&#8217;un servei de minib\u00fas al Prat de Llobregat?\u00bb tab_id=\u00bb1764151511032-95538203-97b6&#8243;][vc_column_text css=\u00bb\u00bb]<\/p>\n<p data-start=\"2324\" data-end=\"2685\">La durada del servei varia segons el tipus de trajecte. Fem despla\u00e7aments curts dins del municipi, serveis per hores, rutes amb diverses parades i excursions de mig dia o de jornada completa. Cada servei s&#8217;adapta a l&#8217;horari i a les necessitats espec\u00edfiques del grup per assegurar un viatge c\u00f2mode, eficient i ben organitzat.<\/p>\n<p>[\/vc_column_text][\/vc_tta_section][vc_tta_section title=\u00bbQuina capacitat tenen els minibusos disponibles al Prat de Llobregat?\u00bb tab_id=\u00bb1764151528559-fca88ba9-d6f2&#8243;][vc_column_text css=\u00bb\u00bb]<\/p>\n<p data-start=\"2790\" data-end=\"3227\">Disposem de minibusos amb capacitats diverses, generalment entre 8 i 25 places, ideals per a grups petits i mitjans. Aquesta varietat permet seleccionar el vehicle adequat segons el tipus de despla\u00e7ament: excursions, trasllats urbans, esdeveniments, activitats escolars o serveis corporatius. En sol\u00b7licitar el pressupost, nom\u00e9s cal indicar quantes persones viatjaran per assignar el model m\u00e9s adequat.<\/p>\n<p>[\/vc_column_text][\/vc_tta_section][vc_tta_section title=\u00bbPuc contractar un minib\u00fas des del Prat de Llobregat fins a l&#8217;aeroport de Barcelona?\u00bb tab_id=\u00bb1764154170686-8e5577e8-65be\u00bb][vc_column_text css=\u00bb\u00bb]<\/p>\n<p data-start=\"3348\" data-end=\"3744\">S\u00ed, fem trasllats en minib\u00fas des del Prat de Llobregat a l&#8217;aeroport de Barcelona-el Prat. \u00c9s una opci\u00f3 molt pr\u00e0ctica per a grups que necessiten un transport puntual, c\u00f2mode i directe fins a la terminal. El conductor s&#8217;encarrega de la recollida al lloc acordat, de l&#8217;equipatge i del trajecte. Tamb\u00e9 gestionem recollides de grups que aterrin en horaris diferents.<\/p>\n<p>[\/vc_column_text][\/vc_tta_section][vc_tta_section title=\u00bbQuina difer\u00e8ncia hi ha entre llogar un minib\u00fas o un autocar al Prat de Llobregat?\u00bb tab_id=\u00bb1764154191176-30ee46e8-83dc\u00bb][vc_column_text css=\u00bb\u00bb]<\/p>\n<p data-start=\"3860\" data-end=\"4300\">La difer\u00e8ncia principal \u00e9s la capacitat i el tipus de despla\u00e7ament. El minib\u00fas \u00e9s perfecte per a grups petits o mitjans que necessiten mobilitat \u00e0gil en trajectes locals o interurbans. L&#8217;autocar, en canvi, \u00e9s l&#8217;opci\u00f3 ideal per a grups grans o viatges de m\u00e9s durada. Tots dos vehicles ofereixen comoditat, climatitzaci\u00f3 i seguretat, per\u00f2 es tria l&#8217;un o l&#8217;altre segons la mida del grup i el recorregut previst.<\/p>\n<p>[\/vc_column_text][\/vc_tta_section][vc_tta_section title=\u00bbCal fer un pagament previ per reservar un minib\u00fas al Prat de Llobregat?\u00bb tab_id=\u00bb1764154212252-9c206069-6e84&#8243;][vc_column_text css=\u00bb\u00bb]<\/p>\n<p data-start=\"4417\" data-end=\"4821\">Segons la data i el tipus de servei, pot ser necessari fer un dip\u00f2sit per confirmar la reserva del minib\u00fas. Aquest pagament garanteix la disponibilitat del vehicle i del conductor en l&#8217;horari sol\u00b7licitat. Tots els imports, terminis i condicions es detallen clarament al pressupost, amb total transpar\u00e8ncia per planificar el despla\u00e7ament amb tranquil\u00b7litat.<\/p>\n<p>[\/vc_column_text][\/vc_tta_section][\/vc_tta_accordion][vc_separator color=\u00bbwhite\u00bb border_width=\u00bb5&#8243; css=\u00bb\u00bb][\/vc_column][vc_column width=\u00bb1\/3&#8243; css=\u00bb.vc_custom_1744211247589{margin-right: 30px !important;margin-left: 30px !important;}\u00bb][vc_column_text css=\u00bb.vc_custom_1744210584346{margin-bottom: -10px !important;}\u00bb]<\/p>\n<p style=\"font-size: 30px; font-family: 'gotham-rounded'; text-align: left; color: #25a8ba; line-height: 1em;\"><strong>La teva companyia de confian\u00e7a al Prat de Llobregat<\/strong><\/p>\n<p>[\/vc_column_text][vc_column_text css=\u00bb\u00bb]<\/p>\n<p style=\"font-size: 18px; font-family: 'gotham-rounded'; text-align: left;\"><strong>Badabus \u00e9s una empresa familiar dedicada al transport de viatgers per carretera.<\/strong><\/p>\n<p>Empresa especialista en el lloguer de minibusos al Prat de Llobregat. Ens avala l&#8217;experi\u00e8ncia de m\u00e9s de 25 anys en el sector de les persones que la dirigim.[\/vc_column_text][vc_column_text css=\u00bb\u00bb]<b style=\"text-align: left; font-size: 20px;\"><img loading=\"lazy\" decoding=\"async\" class=\"alignnone wp-image-1964\" src=\"https:\/\/badabus.com\/wp-content\/uploads\/flechas-badabus.jpg\" alt=\"\" width=\"45\" height=\"27\" \/> CONTACTE<\/b>[\/vc_column_text][vc_column_text css=\u00bb\u00bb]<\/p>\n<h3 style=\"text-align: left; font-size: 20px;\">Autocares Badabus<\/h3>\n<p>Adre\u00e7a: <a href=\"https:\/\/www.google.com\/maps\/place\/Autocares+Badabus\/@41.3518513,2.1340148,17z\/data=!3m1!4b1!4m6!3m5!1s0x12a498a57225f481:0x27ebbd8420ff8f5e!8m2!3d41.3518513!4d2.1340148!16s%2Fg%2F11fz9zb2tf?entry=ttu\" target=\"_blank\" rel=\"noopener noreferrer\">Carrer de la Metal\u00b7l\u00fargia, 51, 08908 Barcelona<\/a><br \/>\nCorreu electr\u00f2nic: <a href=\"mailto:info@badabus.com\">info@badabus.com<\/a><br \/>\n<img loading=\"lazy\" decoding=\"async\" class=\"size-full wp-image-2239 alignleft\" src=\"https:\/\/badabus.com\/wp-content\/uploads\/telefon-de-lloguer-autocars-badabus.jpg\" alt=\"telefono de alquiler autocares badabus\" width=\"341\" height=\"124\" \/>[\/vc_column_text][\/vc_column][\/vc_row][vc_row row_fullwidth=\u00bb1&#8243; row_zero_column_space=\u00bb1&#8243; css=\u00bb.vc_custom_1525855960545{margin-top: 0px !important;margin-right: 0px !important;margin-bottom: 0px !important;margin-left: 0px !important;padding-top: 0px !important;padding-right: 0px !important;padding-bottom: 0px !important;padding-left: 0px !important;background-color: #303033 !important;}\u00bb][vc_column width=\u00bb1\/2&#8243; css=\u00bb.vc_custom_1525855742551{margin-top: -30px !important;}\u00bb][vc_single_image image=\u00bb15747&#8243; img_size=\u00bbfull\u00bb css=\u00bb\u00bb][\/vc_column][vc_column width=\u00bb1\/4&#8243; offset=\u00bbvc_hidden-xs\u00bb][vc_single_image image=\u00bb15755&#8243; img_size=\u00bbfull\u00bb css=\u00bb.vc_custom_1787294947429{padding-top: 10px !important;}\u00bb][\/vc_column][vc_column width=\u00bb1\/4&#8243; offset=\u00bbvc_hidden-xs\u00bb][vc_btn title=\u00bbDEMANAR PRESSUPOST\u00bb style=\u00bbgradient-custom\u00bb gradient_custom_color_1=\u00bb#25a6b9&#8243; gradient_custom_color_2=\u00bb#e22893&#8243; shape=\u00bbround\u00bb size=\u00bblg\u00bb align=\u00bbleft\u00bb css=\u00bb.vc_custom_1786957546627{padding-top: 20px !important;}\u00bb link=\u00bburl:https%3A%2F%2Fbadabus.com%2Fca%2Fpressupost-lloguer-de-minibusos%2F\u00bb][\/vc_column][\/vc_row][vc_row][vc_column][vc_raw_html css=\u00bb\u00bb]PHNjcmlwdCB0eXBlPSJhcHBsaWNhdGlvbi9sZCtqc29uIj4KewogICJAY29udGV4dCI6ICJodHRwczovL3NjaGVtYS5vcmciLAogICJAdHlwZSI6ICJGQVFQYWdlIiwKICAibWFpbkVudGl0eSI6IFt7CiAgICAiQHR5cGUiOiAiUXVlc3Rpb24iLAogICAgIm5hbWUiOiAiUXVhbnQgY29zdGEgbGxvZ2FyIHVuIG1pbmliw7pzIGFsIFByYXQgZGUgTGxvYnJlZ2F0PyIsCiAgICAiYWNjZXB0ZWRBbnN3ZXIiOiB7CiAgICAgICJAdHlwZSI6ICJBbnN3ZXIiLAogICAgICAidGV4dCI6ICJFbCBwcmV1IGRlIGxsb2dhciB1biBtaW5pYsO6cyBhbCBQcmF0IGRlIExsb2JyZWdhdCBkZXDDqG4gZGVsIHJlY29ycmVndXQsIGxhIGRhdGEgZGVsIHNlcnZlaSwgbGEgZHVyYWRhIGRlbCB0cmFqZWN0ZSwgbGEgY2FwYWNpdGF0IGRlbCB2ZWhpY2xlIGkgZWwgbm9tYnJlIGRlIHBhc3NhdGdlcnMuIENhZGEgZGVzcGxhw6dhbWVudCB0w6kgY2FyYWN0ZXLDrXN0aXF1ZXMgZGlmZXJlbnRzLCBwZXIgbGEgcXVhbCBjb3NhIG5vIGhpIGhhIHVuYSB0YXJpZmEgZml4YS4gUGVyIGNvbsOoaXhlciBlbCBjb3N0IGV4YWN0ZSwgbm9tw6lzIGNhbCBpbmRpY2FyIGVsIHB1bnQgZGUgcmVjb2xsaWRhIGFsIFByYXQsIGxhIGRlc3RpbmFjacOzLCBsJ2hvcmFyaSBpIGxhIG1pZGEgZGVsIGdydXAuIEFtYiBhcXVlc3RhIGluZm9ybWFjacOzIGVsYWJvcmVtIHVuIHByZXNzdXBvc3QgcGVyc29uYWxpdHphdCwgY2xhciBpIHNlbnNlIGNvc3RvcyBpbXByZXZpc3Rvcy4iCiAgICB9CiAgfSx7CiAgICAiQHR5cGUiOiAiUXVlc3Rpb24iLAogICAgIm5hbWUiOiAiUXVpbnMgYXZhbnRhdGdlcyB0w6kgY29udHJhY3RhciB1biBtaW5pYsO6cyBhbCBQcmF0IGRlIExsb2JyZWdhdCBwZXIgYSBncnVwcyBwZXRpdHMgbyBtaXRqYW5zPyIsCiAgICAiYWNjZXB0ZWRBbnN3ZXIiOiB7CiAgICAgICJAdHlwZSI6ICJBbnN3ZXIiLAogICAgICAidGV4dCI6ICJMbG9nYXIgdW4gbWluaWLDunMgYWwgUHJhdCBkZSBMbG9icmVnYXQgw6lzIHVuYSBleGNlbMK3bGVudCBvcGNpw7MgcGVyIGEgZ3J1cHMgcXVlIHZvbGVuIGRlc3BsYcOnYXItc2UganVudHMgZGUgbWFuZXJhIGPDsm1vZGEgaSBjb29yZGluYWRhLiBFbHMgbWluaWJ1c29zIHBlcm1ldGVuIG1vdXJlJ3MgZsOgY2lsbWVudCBwZWwgbXVuaWNpcGksIGFycmliYXIgYSBsJ2Flcm9wb3J0IGVuIHBvY3MgbWludXRzIG8gY29ubmVjdGFyIGFtYiBCYXJjZWxvbmEgaSBtdW5pY2lwaXMgcHJvcGVycyBzZW5zZSBjb21wbGljYWNpb25zLiBEaXNwb3NlbiBkZSBjbGltYXRpdHphY2nDsywgc2VpZW50cyBlc3BhaW9zb3MgaSB1biBpbnRlcmlvciBkaXNzZW55YXQgcGVyIG9mZXJpciBjb21vZGl0YXQgZW4gZXhjdXJzaW9ucywgYWN0aXZpdGF0cyBlc2NvbGFycywgZXNkZXZlbmltZW50cyBkJ2VtcHJlc2EgbyBzb3J0aWRlcyBmYW1pbGlhcnMuIgogICAgfQogIH0sewogICAgIkB0eXBlIjogIlF1ZXN0aW9uIiwKICAgICJuYW1lIjogIkVzIHBvZGVuIGNvbnRyYWN0YXIgbWluaWJ1c29zIHBlciBhIGV4Y3Vyc2lvbnMgaSBydXRlcyBkZXMgZGVsIFByYXQgZGUgTGxvYnJlZ2F0PyIsCiAgICAiYWNjZXB0ZWRBbnN3ZXIiOiB7CiAgICAgICJAdHlwZSI6ICJBbnN3ZXIiLAogICAgICAidGV4dCI6ICJTw60sIHBvdHMgY29udHJhY3RhciB1biBtaW5pYsO6cyBwZXIgZmVyIGV4Y3Vyc2lvbnMgaSBydXRlcyBwZXJzb25hbGl0emFkZXMgYW1iIHNvcnRpZGEgZGVzIGRlbCBQcmF0IGRlIExsb2JyZWdhdC4gQXF1ZXN0YSBvcGNpw7Mgw6lzIGlkZWFsIHBlciBhIGdydXBzIHF1ZSB2dWxndWluIHZpc2l0YXIgQmFyY2Vsb25hLCBNb250c2VycmF0LCBsYSBDb3N0YSBCcmF2YSwgZWwgUGVuZWTDqHMgbyBxdWFsc2V2b2wgZGVzdGluYWNpw7MgZGUgQ2F0YWx1bnlhLiBEaXNzZW55ZW0gbCdpdGluZXJhcmkgc2Vnb25zIGxlcyBuZWNlc3NpdGF0cyBkZWwgZ3J1cCBpIG9mZXJpbSBmbGV4aWJpbGl0YXQsIGNvbW9kaXRhdCBpIHVuYSBwbGFuaWZpY2FjacOzIGNvbXBsZXRhIGRlIHRvdCBlbCByZWNvcnJlZ3V0LiIKICAgIH0KICB9LHsKICAgICJAdHlwZSI6ICJRdWVzdGlvbiIsCiAgICAibmFtZSI6ICJRdWluYSDDqXMgbGEgZHVyYWRhIGhhYml0dWFsIGQndW4gc2VydmVpIGRlIG1pbmliw7pzIGFsIFByYXQgZGUgTGxvYnJlZ2F0PyIsCiAgICAiYWNjZXB0ZWRBbnN3ZXIiOiB7CiAgICAgICJAdHlwZSI6ICJBbnN3ZXIiLAogICAgICAidGV4dCI6ICJMYSBkdXJhZGEgZGVsIHNlcnZlaSB2YXJpYSBzZWdvbnMgZWwgdGlwdXMgZGUgdHJhamVjdGUuIEZlbSBkZXNwbGHDp2FtZW50cyBjdXJ0cyBkaW5zIGRlbCBtdW5pY2lwaSwgc2VydmVpcyBwZXIgaG9yZXMsIHJ1dGVzIGFtYiBkaXZlcnNlcyBwYXJhZGVzIGkgZXhjdXJzaW9ucyBkZSBtaWcgZGlhIG8gZGUgam9ybmFkYSBjb21wbGV0YS4gQ2FkYSBzZXJ2ZWkgcydhZGFwdGEgYSBsJ2hvcmFyaSBpIGEgbGVzIG5lY2Vzc2l0YXRzIGVzcGVjw61maXF1ZXMgZGVsIGdydXAgcGVyIGFzc2VndXJhciB1biB2aWF0Z2UgY8OybW9kZSwgZWZpY2llbnQgaSBiZW4gb3JnYW5pdHphdC4iCiAgICB9CiAgfSx7CiAgICAiQHR5cGUiOiAiUXVlc3Rpb24iLAogICAgIm5hbWUiOiAiUXVpbmEgY2FwYWNpdGF0IHRlbmVuIGVscyBtaW5pYnVzb3MgZGlzcG9uaWJsZXMgYWwgUHJhdCBkZSBMbG9icmVnYXQ\/IiwKICAgICJhY2NlcHRlZEFuc3dlciI6IHsKICAgICAgIkB0eXBlIjogIkFuc3dlciIsCiAgICAgICJ0ZXh0IjogIkRpc3Bvc2VtIGRlIG1pbmlidXNvcyBhbWIgY2FwYWNpdGF0cyBkaXZlcnNlcywgZ2VuZXJhbG1lbnQgZW50cmUgOCBpIDI1IHBsYWNlcywgaWRlYWxzIHBlciBhIGdydXBzIHBldGl0cyBpIG1pdGphbnMuIEFxdWVzdGEgdmFyaWV0YXQgcGVybWV0IHNlbGVjY2lvbmFyIGVsIHZlaGljbGUgYWRlcXVhdCBzZWdvbnMgZWwgdGlwdXMgZGUgZGVzcGxhw6dhbWVudDogZXhjdXJzaW9ucywgdHJhc2xsYXRzIHVyYmFucywgZXNkZXZlbmltZW50cywgYWN0aXZpdGF0cyBlc2NvbGFycyBvIHNlcnZlaXMgY29ycG9yYXRpdXMuIEVuIHNvbMK3bGljaXRhciBlbCBwcmVzc3Vwb3N0LCBub23DqXMgY2FsIGluZGljYXIgcXVhbnRlcyBwZXJzb25lcyB2aWF0amFyYW4gcGVyIGFzc2lnbmFyIGVsIG1vZGVsIG3DqXMgYWRlcXVhdC4iCiAgICB9CiAgfSx7CiAgICAiQHR5cGUiOiAiUXVlc3Rpb24iLAogICAgIm5hbWUiOiAiUHVjIGNvbnRyYWN0YXIgdW4gbWluaWLDunMgZGVzIGRlbCBQcmF0IGRlIExsb2JyZWdhdCBmaW5zIGEgbCdhZXJvcG9ydCBkZSBCYXJjZWxvbmE\/IiwKICAgICJhY2NlcHRlZEFuc3dlciI6IHsKICAgICAgIkB0eXBlIjogIkFuc3dlciIsCiAgICAgICJ0ZXh0IjogIlPDrSwgZmVtIHRyYXNsbGF0cyBlbiBtaW5pYsO6cyBkZXMgZGVsIFByYXQgZGUgTGxvYnJlZ2F0IGEgbCdhZXJvcG9ydCBkZSBCYXJjZWxvbmEtZWwgUHJhdC4gw4lzIHVuYSBvcGNpw7MgbW9sdCBwcsOgY3RpY2EgcGVyIGEgZ3J1cHMgcXVlIG5lY2Vzc2l0ZW4gdW4gdHJhbnNwb3J0IHB1bnR1YWwsIGPDsm1vZGUgaSBkaXJlY3RlIGZpbnMgYSBsYSB0ZXJtaW5hbC4gRWwgY29uZHVjdG9yIHMnZW5jYXJyZWdhIGRlIGxhIHJlY29sbGlkYSBhbCBsbG9jIGFjb3JkYXQsIGRlIGwnZXF1aXBhdGdlIGkgZGVsIHRyYWplY3RlLiBUYW1iw6kgZ2VzdGlvbmVtIHJlY29sbGlkZXMgZGUgZ3J1cHMgcXVlIGF0ZXJyaW4gZW4gaG9yYXJpcyBkaWZlcmVudHMuIgogICAgfQogIH0sewogICAgIkB0eXBlIjogIlF1ZXN0aW9uIiwKICAgICJuYW1lIjogIlF1aW5hIGRpZmVyw6huY2lhIGhpIGhhIGVudHJlIGxsb2dhciB1biBtaW5pYsO6cyBvIHVuIGF1dG9jYXIgYWwgUHJhdCBkZSBMbG9icmVnYXQ\/IiwKICAgICJhY2NlcHRlZEFuc3dlciI6IHsKICAgICAgIkB0eXBlIjogIkFuc3dlciIsCiAgICAgICJ0ZXh0IjogIkxhIGRpZmVyw6huY2lhIHByaW5jaXBhbCDDqXMgbGEgY2FwYWNpdGF0IGkgZWwgdGlwdXMgZGUgZGVzcGxhw6dhbWVudC4gRWwgbWluaWLDunMgw6lzIHBlcmZlY3RlIHBlciBhIGdydXBzIHBldGl0cyBvIG1pdGphbnMgcXVlIG5lY2Vzc2l0ZW4gbW9iaWxpdGF0IMOgZ2lsIGVuIHRyYWplY3RlcyBsb2NhbHMgbyBpbnRlcnVyYmFucy4gTCdhdXRvY2FyLCBlbiBjYW52aSwgw6lzIGwnb3BjacOzIGlkZWFsIHBlciBhIGdydXBzIGdyYW5zIG8gdmlhdGdlcyBkZSBtw6lzIGR1cmFkYS4gVG90cyBkb3MgdmVoaWNsZXMgb2ZlcmVpeGVuIGNvbW9kaXRhdCwgY2xpbWF0aXR6YWNpw7MgaSBzZWd1cmV0YXQsIHBlcsOyIGVzIHRyaWEgbCd1biBvIGwnYWx0cmUgc2Vnb25zIGxhIG1pZGEgZGVsIGdydXAgaSBlbCByZWNvcnJlZ3V0IHByZXZpc3QuIgogICAgfQogIH0sewogICAgIkB0eXBlIjogIlF1ZXN0aW9uIiwKICAgICJuYW1lIjogIkNhbCBmZXIgdW4gcGFnYW1lbnQgcHJldmkgcGVyIHJlc2VydmFyIHVuIG1pbmliw7pzIGFsIFByYXQgZGUgTGxvYnJlZ2F0PyIsCiAgICAiYWNjZXB0ZWRBbnN3ZXIiOiB7CiAgICAgICJAdHlwZSI6ICJBbnN3ZXIiLAogICAgICAidGV4dCI6ICJTZWdvbnMgbGEgZGF0YSBpIGVsIHRpcHVzIGRlIHNlcnZlaSwgcG90IHNlciBuZWNlc3NhcmkgZmVyIHVuIGRpcMOyc2l0IHBlciBjb25maXJtYXIgbGEgcmVzZXJ2YSBkZWwgbWluaWLDunMuIEFxdWVzdCBwYWdhbWVudCBnYXJhbnRlaXggbGEgZGlzcG9uaWJpbGl0YXQgZGVsIHZlaGljbGUgaSBkZWwgY29uZHVjdG9yIGVuIGwnaG9yYXJpIHNvbMK3bGljaXRhdC4gVG90cyBlbHMgaW1wb3J0cywgdGVybWluaXMgaSBjb25kaWNpb25zIGVzIGRldGFsbGVuIGNsYXJhbWVudCBhbCBwcmVzc3Vwb3N0LCBhbWIgdG90YWwgdHJhbnNwYXLDqG5jaWEgcGVyIHBsYW5pZmljYXIgZWwgZGVzcGxhw6dhbWVudCBhbWIgdHJhbnF1aWzCt2xpdGF0LiIKICAgIH0KICB9XQp9Cjwvc2NyaXB0Pg==[\/vc_raw_html][\/vc_column][\/vc_row]<\/p>\n<\/div>","protected":false},"excerpt":{"rendered":"<p>[vc_row row_fullwidth=\u00bb1&#8243; row_zero_column_space=\u00bb1&#8243; css=\u00bb.vc_custom_1461073450203{margin-top: 0px !important;margin-right: 0px !important;margin-bottom: 0px !important;margin-left: 0px !important;padding-top: 0px !important;padding-right: 0px !important;padding-bottom: 0px !important;padding-left: 0px !important;}\u00bb][vc_column offset=\u00bbvc_hidden-sm vc_hidden-xs\u00bb][rev_slider_vc alias=\u00bbel-prat-minibus-1&#8243; el_class=\u00bbno-bottom-margin\u00bb][\/vc_column][\/vc_row][vc_row gap=\u00bb5&#8243; row_fullwidth=\u00bb1&#8243; css=\u00bb.vc_custom_1684321545730{margin-top: 0px !important;margin-bottom: 0px [&hellip;]<\/p>\n","protected":false},"author":10,"featured_media":0,"parent":0,"menu_order":0,"comment_status":"closed","ping_status":"closed","template":"","meta":{"footnotes":""},"class_list":["post-15088","page","type-page","status-publish","hentry"],"_links":{"self":[{"href":"https:\/\/badabus.com\/ca\/wp-json\/wp\/v2\/pages\/15088","targetHints":{"allow":["GET"]}}],"collection":[{"href":"https:\/\/badabus.com\/ca\/wp-json\/wp\/v2\/pages"}],"about":[{"href":"https:\/\/badabus.com\/ca\/wp-json\/wp\/v2\/types\/page"}],"author":[{"embeddable":true,"href":"https:\/\/badabus.com\/ca\/wp-json\/wp\/v2\/users\/10"}],"replies":[{"embeddable":true,"href":"https:\/\/badabus.com\/ca\/wp-json\/wp\/v2\/comments?post=15088"}],"version-history":[{"count":7,"href":"https:\/\/badabus.com\/ca\/wp-json\/wp\/v2\/pages\/15088\/revisions"}],"predecessor-version":[{"id":15872,"href":"https:\/\/badabus.com\/ca\/wp-json\/wp\/v2\/pages\/15088\/revisions\/15872"}],"wp:attachment":[{"href":"https:\/\/badabus.com\/ca\/wp-json\/wp\/v2\/media?parent=15088"}],"curies":[{"name":"wp","href":"https:\/\/api.w.org\/{rel}","templated":true}]}}