{"id":15084,"date":"2026-08-21T09:26:31","date_gmt":"2026-08-21T07:26:31","guid":{"rendered":"https:\/\/badabus.com\/?page_id=15084"},"modified":"2026-08-31T12:13:04","modified_gmt":"2026-08-31T10:13:04","slug":"lloguer-minibus-sant-boi-llobregat","status":"publish","type":"page","link":"https:\/\/badabus.com\/ca\/lloguer-minibus-sant-boi-llobregat\/","title":{"rendered":"Inici Sant Boi Minib\u00fas CAT"},"content":{"rendered":"<div class=\"wpb-content-wrapper\"><p>[vc_row row_fullwidth=\u00bb1&#8243; row_zero_column_space=\u00bb1&#8243; css=\u00bb.vc_custom_1461073450203{margin-top: 0px !important;margin-right: 0px !important;margin-bottom: 0px !important;margin-left: 0px !important;padding-top: 0px !important;padding-right: 0px !important;padding-bottom: 0px !important;padding-left: 0px !important;}\u00bb][vc_column offset=\u00bbvc_hidden-sm vc_hidden-xs\u00bb][rev_slider_vc alias=\u00bbsant-boi-minibus-1&#8243; el_class=\u00bbno-bottom-margin\u00bb][\/vc_column][\/vc_row][vc_row gap=\u00bb5&#8243; row_fullwidth=\u00bb1&#8243; css=\u00bb.vc_custom_1684321545730{margin-top: 0px !important;margin-bottom: 0px !important;padding-top: 40px !important;padding-right: 40px !important;padding-left: 40px !important;background-color: #ffffff !important;}\u00bb][vc_column offset=\u00bbvc_hidden-sm vc_hidden-xs\u00bb][vc_column_text css=\u00bb\u00bb]<\/p>\n<h1 class=\"h1-home-cat\">Lloguer de minib\u00fas a Sant Boi de Llobregat<\/h1>\n<h2 class=\"h1-servicios\">Les nostres opcions de minib\u00fas per a Sant Boi de Llobregat<\/h2>\n<p>[\/vc_column_text][vc_raw_html css=\u00bb\u00bb]JTVCYmFkYWJ1c19zZXJ2ZWlzJTVE[\/vc_raw_html][\/vc_column][vc_column offset=\u00bbvc_hidden-sm vc_hidden-xs\u00bb css=\u00bb.vc_custom_1744208769323{margin-top: 50px !important;background-color: #F6F6F6 !important;}\u00bb][vc_custom_heading text=\u00bbNecessites un minib\u00fas a Sant Boi de Llobregat per al teu trajecte?\u00bb font_container=\u00bbtag:h2|font_size:40|text_align:center|color:%23000000|line_height:30px\u00bb google_fonts=\u00bbfont_family:Raleway%3A100%2C200%2C300%2Cregular%2C500%2C600%2C700%2C800%2C900|font_style:300%20light%20regular%3A300%3Anormal\u00bb css=\u00bb.vc_custom_1746435701978{margin-top: 0px !important;margin-bottom: 0px !important;padding-top: 20px !important;padding-bottom: 0px !important;}\u00bb][vc_column_text css=\u00bb.vc_custom_1746435742362{margin-top: 10px !important;margin-bottom: 10px !important;}\u00bb]<\/p>\n<p style=\"text-align: center;\">Et preparem un pressupost personalitzat en 24 h laborables. Nom\u00e9s cal que ens diguis on necessites anar.<\/p>\n<p>[\/vc_column_text][vc_btn title=\u00bbSol\u00b7licitar pressupost per a lloguer de minib\u00fas\u00bb style=\u00bboutline-custom\u00bb outline_custom_color=\u00bb#000000&#8243; outline_custom_hover_background=\u00bb#000000&#8243; outline_custom_hover_text=\u00bb#ffffff\u00bb shape=\u00bbround\u00bb size=\u00bblg\u00bb align=\u00bbcenter\u00bb i_type=\u00bblinecons\u00bb i_icon_linecons=\u00bbvc_li vc_li-clip\u00bb css=\u00bb.vc_custom_1786959922253{margin-top: 20px !important;margin-bottom: 55px !important;}\u00bb add_icon=\u00bbtrue\u00bb link=\u00bburl:https%3A%2F%2Fbadabus.com%2Fca%2Fpressupost-lloguer-de-minibusos%2F|title:Pressupost%20lloguer%20d&#8217;autobusos\u00bb][\/vc_column][\/vc_row][vc_row row_fullwidth=\u00bb1&#8243; css=\u00bb.vc_custom_1613379287195{padding-right: 0px !important;padding-left: 0px !important;background-color: #0a0a0a !important;}\u00bb][vc_column css=\u00bb.vc_custom_1710964759406{padding-top: 0px !important;padding-right: 0px !important;padding-bottom: 0px !important;padding-left: 0px !important;background: #0a0a0a url(https:\/\/badabus.com\/wp-content\/uploads\/Alex-Bascuas-Photo-9610-opacity.jpg?id=9993) !important;background-position: center !important;background-repeat: no-repeat !important;background-size: cover !important;}\u00bb offset=\u00bbvc_hidden-lg vc_hidden-md\u00bb el_class=\u00bbimagen-background-home-mobile\u00bb][vc_column_text css=\u00bb.vc_custom_1746435711461{margin-top: 45px !important;margin-right: 5% !important;margin-bottom: 45px !important;margin-left: 5% !important;padding-right: 0px !important;padding-left: 0px !important;background-position: center !important;background-repeat: no-repeat !important;background-size: cover !important;}\u00bb]<\/p>\n<h1 class=\"h1-home-mob\">Lloguer de minibusos a Sant Boi de Llobregat<\/h1>\n<p>[\/vc_column_text][vc_btn title=\u00bbDEMANA PRESSUPOST\u00bb style=\u00bbcustom\u00bb custom_background=\u00bb#e22893&#8243; custom_text=\u00bb#ffffff\u00bb shape=\u00bbround\u00bb css=\u00bb.vc_custom_1786959933469{margin-left: 30px !important;}\u00bb link=\u00bburl:https%3A%2F%2Fbadabus.com%2Fca%2Fpressupost-lloguer-de-minibusos%2F|title:Pressupost%20lloguer%20d&#8217;autobusos\u00bb][\/vc_column][\/vc_row][vc_row css=\u00bb.vc_custom_1744208838364{margin-top: 130px !important;margin-bottom: 15px !important;}\u00bb][vc_column width=\u00bb1\/2&#8243;][vc_column_text css=\u00bb\u00bb]<\/p>\n<h2>Des de quins barris de Sant Boi de Llobregat sortim?<\/h2>\n<p>A Sant Boi prestem servei de sortida en <a href=\"https:\/\/badabus.com\/ca\/lloguer-de-minibus-barcelona\/\">minib\u00fas<\/a> des de barris com Vinyets-Mol\u00ed Vell, Casablanca, Marianao, Centre, Ciutat Cooperativa i Camps Blancs.<\/p>\n<p>Tamb\u00e9 oferim recollides en zones m\u00e9s perif\u00e8riques com Can Paulet o Can Carreres, per assegurar que cada grup inici\u00ef el viatge sense complicacions, des de la zona que li resulti m\u00e9s accessible.[\/vc_column_text][\/vc_column][vc_column width=\u00bb1\/2&#8243;][vc_single_image image=\u00bb12895&#8243; img_size=\u00bb450&#215;450&#8243; css=\u00bb\u00bb][\/vc_column][\/vc_row][vc_row css=\u00bb.vc_custom_1744208847931{margin-top: 70px !important;margin-bottom: 30px !important;}\u00bb][vc_column width=\u00bb1\/2&#8243;][vc_column_text css=\u00bb.vc_custom_1786960000454{margin-bottom: 20px !important;}\u00bb]<\/p>\n<h2>De quantes places s\u00f3n els minibusos?<\/h2>\n<p>Disposem d&#8217;una flota variada a Sant Boi de Llobregat per cobrir tota mena de serveis. Des de microbusos \u00e0gils de fins a 25 places, perfectes per a grups petits o celebracions privades, fins a <a href=\"https:\/\/badabus.com\/ca\/lloguer-autocar-sant-boi-de-llobregat\/\">autocars per a Sant Boi<\/a> de gran capacitat amb 50 i 55 places.<\/p>\n<p>Aquesta varietat ens permet oferir solucions personalitzades, tant per a excursions escolars com per a esdeveniments esportius, sortides culturals o trasllats d&#8217;empresa.<\/p>\n<h3>Vols con\u00e8ixer la nostra flota de microbusos per a Sant Boi de Llobregat?<\/h3>\n<p>[\/vc_column_text][vc_btn title=\u00bbVEURE FLOTA DE MINIBUSOS\u00bb style=\u00bboutline-custom\u00bb outline_custom_color=\u00bb#000000&#8243; outline_custom_hover_background=\u00bb#000000&#8243; outline_custom_hover_text=\u00bb#ffffff\u00bb shape=\u00bbround\u00bb align=\u00bbleft\u00bb i_type=\u00bblinecons\u00bb i_icon_linecons=\u00bbvc_li vc_li-clip\u00bb css=\u00bb.vc_custom_1786960027928{margin-bottom: 35px !important;}\u00bb add_icon=\u00bbtrue\u00bb link=\u00bburl:https%3A%2F%2Fbadabus.com%2Fca%2Fflota%2F\u00bb][\/vc_column][vc_column width=\u00bb1\/2&#8243;][vc_single_image image=\u00bb12673&#8243; img_size=\u00bb450&#215;420&#8243; css=\u00bb\u00bb][\/vc_column][\/vc_row][vc_row css=\u00bb.vc_custom_1744209919418{padding-top: 35px !important;background-color: #25A6B9 !important;}\u00bb][vc_column width=\u00bb2\/3&#8243;][vc_column_text css=\u00bb\u00bb]<strong style=\"font-size: 26px; color: white;\">Necessites un minib\u00fas a Sant Boi de Llobregat per al teu trajecte?<\/strong>[\/vc_column_text][\/vc_column][vc_column width=\u00bb1\/3&#8243;][vc_btn title=\u00bbPressupost en 24 h\u00bb style=\u00bboutline-custom\u00bb outline_custom_color=\u00bb#FFFFFF\u00bb outline_custom_hover_background=\u00bb#000000&#8243; outline_custom_hover_text=\u00bb#ffffff\u00bb shape=\u00bbround\u00bb align=\u00bbleft\u00bb i_type=\u00bblinecons\u00bb i_icon_linecons=\u00bbvc_li vc_li-clip\u00bb css=\u00bb.vc_custom_1786960016112{margin-bottom: 35px !important;}\u00bb add_icon=\u00bbtrue\u00bb link=\u00bburl:https%3A%2F%2Fbadabus.com%2Fca%2Fpressupost-lloguer-de-minibusos%2F|title:Pressupost%20lloguer%20d&#8217;autobusos\u00bb][\/vc_column][\/vc_row][vc_row gap=\u00bb20&#8243; equal_height=\u00bbyes\u00bb css=\u00bb.vc_custom_1719475441479{margin-top: 40px !important;padding-top: 40px !important;padding-bottom: 120px !important;background-image: url(https:\/\/badabus.com\/wp-content\/uploads\/dotted.png?id=2221) !important;}\u00bb][vc_column][vc_column_text css=\u00bb\u00bb]<\/p>\n<p style=\"text-align: center; font-size: 40px; font-family: gotham-rounded; line-height: 1em;\"><strong>Per qu\u00e8 triar-nos per al teu trajecte des de Sant Boi de Llobregat?<\/strong><\/p>\n<p>[\/vc_column_text][vc_row_inner equal_height=\u00bbyes\u00bb css=\u00bb.vc_custom_1744209697713{margin-bottom: 0px !important;padding-top: 20px !important;padding-bottom: 0px !important;}\u00bb][vc_column_inner width=\u00bb1\/3&#8243; css=\u00bb.vc_custom_1719475287975{background-color: #25a6b9 !important;border-radius: 5px !important;}\u00bb][vc_column_text css=\u00bb\u00bb]<\/p>\n<p class=\"numero-porque\">\/\/ 01<\/p>\n<p class=\"titulo-porque\">Seguretat<\/p>\n<p class=\"p-porque\">En el lloguer de minibusos per a Sant Boi, mantenim els nostres vehicles sempre a punt perqu\u00e8 tu nom\u00e9s t&#8217;hagis de preocupar de gaudir del viatge.<\/p>\n<p>[\/vc_column_text][vc_btn title=\u00bbVEURE FLOTA\u00bb style=\u00bboutline-custom\u00bb outline_custom_color=\u00bb#ffffff\u00bb outline_custom_hover_background=\u00bb#ffffff\u00bb outline_custom_hover_text=\u00bb#25a6b9&#8243; shape=\u00bbround\u00bb size=\u00bbsm\u00bb css=\u00bb.vc_custom_1786960037872{margin-left: 35px !important;}\u00bb link=\u00bburl:https%3A%2F%2Fbadabus.com%2Fca%2Fflota%2F|title:Veure%20flota%20d&#8217;autocars\u00bb][vc_empty_space][\/vc_column_inner][vc_column_inner width=\u00bb1\/3&#8243; css=\u00bb.vc_custom_1719475336589{background-color: #9b6da6 !important;border-radius: 5px !important;}\u00bb][vc_column_text css=\u00bb\u00bb]<\/p>\n<p class=\"numero-porque\">\/\/ 02<\/p>\n<p class=\"titulo-porque\">Confort<\/p>\n<p class=\"p-porque\">Hem equipat la nostra flota de minibusos per garantir-te viatges c\u00f2modes, segurs i agradables.<\/p>\n<p>[\/vc_column_text][vc_btn title=\u00bbVEURE FLOTA\u00bb style=\u00bboutline-custom\u00bb outline_custom_color=\u00bb#ffffff\u00bb outline_custom_hover_background=\u00bb#ffffff\u00bb outline_custom_hover_text=\u00bb#9b6da6&#8243; shape=\u00bbround\u00bb size=\u00bbsm\u00bb css=\u00bb.vc_custom_1786960046138{margin-left: 35px !important;}\u00bb link=\u00bburl:https%3A%2F%2Fbadabus.com%2Fca%2Fflota%2F|title:Veure%20flota%20d&#8217;autocars\u00bb][vc_empty_space][\/vc_column_inner][vc_column_inner width=\u00bb1\/3&#8243; css=\u00bb.vc_custom_1719475343640{background-color: #e22893 !important;border-radius: 5px !important;}\u00bb][vc_column_text css=\u00bb\u00bb]<\/p>\n<p class=\"numero-porque\">\/\/ 03<\/p>\n<p class=\"titulo-porque\">Conductors<\/p>\n<p class=\"p-porque\">Comptem amb conductors experts en rutes i seguretat vi\u00e0ria per oferir-te un servei segur i de qualitat.<\/p>\n<p>[\/vc_column_text][vc_btn title=\u00bbVEURE FLOTA\u00bb style=\u00bboutline-custom\u00bb outline_custom_color=\u00bb#ffffff\u00bb outline_custom_hover_background=\u00bb#ffffff\u00bb outline_custom_hover_text=\u00bb#e22893&#8243; shape=\u00bbround\u00bb size=\u00bbsm\u00bb css=\u00bb.vc_custom_1786960053647{margin-left: 35px !important;}\u00bb link=\u00bburl:https%3A%2F%2Fbadabus.com%2Fca%2Fflota%2F|title:Veure%20flota%20d&#8217;autocars\u00bb][vc_empty_space][\/vc_column_inner][\/vc_row_inner][\/vc_column][\/vc_row][vc_row gap=\u00bb35&#8243; row_fullwidth=\u00bb1&#8243; css=\u00bb.vc_custom_1595256381018{margin-bottom: 0px !important;padding-top: 0px !important;padding-bottom: 15px !important;background-color: #ffffff !important;}\u00bb][vc_column width=\u00bb2\/3&#8243; offset=\u00bbvc_hidden-lg vc_hidden-md\u00bb css=\u00bb.vc_custom_1595256410887{margin-top: -100px !important;}\u00bb][vc_column_text css=\u00bb.vc_custom_1595254868036{margin-bottom: -10px !important;}\u00bb]<\/p>\n<p style=\"font-size: 25px; font-family: 'gotham-rounded'; text-align: left; color: #25a8ba; line-height: 1em;\"><strong>La teva companyia de confian\u00e7a<\/strong><\/p>\n<p>[\/vc_column_text][vc_column_text]<\/p>\n<p style=\"font-size: 20px; font-family: 'gotham-rounded'; text-align: left;\"><strong>Badabus \u00e9s una empresa familiar dedicada al transport de viatgers per carretera.<\/strong><\/p>\n<p>Empresa especialista en el lloguer d&#8217;autocars i minibusos. Ens avala l&#8217;experi\u00e8ncia de m\u00e9s de 25 anys en el sector de les persones que la dirigim.[\/vc_column_text][vc_btn title=\u00bbVols saber-ne m\u00e9s?\u00bb style=\u00bbgradient-custom\u00bb gradient_custom_color_1=\u00bb#25a6b9&#8243; gradient_custom_color_2=\u00bb#e22893&#8243; shape=\u00bbround\u00bb size=\u00bblg\u00bb align=\u00bbleft\u00bb css=\u00bb.vc_custom_1786960062217{padding-right: 3% !important;padding-left: 3% !important;}\u00bb link=\u00bburl:https%3A%2F%2Fbadabus.com%2Fca%2Fflota%2F|title:Flota\u00bb][\/vc_column][vc_column width=\u00bb1\/3&#8243; offset=\u00bbvc_hidden-lg vc_hidden-md\u00bb][vc_column_text css=\u00bb\u00bb]<b style=\"text-align: left; font-size: 20px;\"><img loading=\"lazy\" decoding=\"async\" class=\"alignnone wp-image-1964\" src=\"https:\/\/badabus.com\/wp-content\/uploads\/flechas-badabus.jpg\" alt=\"\" width=\"45\" height=\"27\" \/> CONTACTE<\/b>[\/vc_column_text][vc_column_text css=\u00bb\u00bb]<\/p>\n<h3 style=\"text-align: left; font-size: 20px;\">Autocares Badabus<\/h3>\n<p>Adre\u00e7a: <a href=\"https:\/\/www.google.com\/maps\/place\/Autocares+Badabus\/@41.3518513,2.1340148,17z\/data=!3m1!4b1!4m6!3m5!1s0x12a498a57225f481:0x27ebbd8420ff8f5e!8m2!3d41.3518513!4d2.1340148!16s%2Fg%2F11fz9zb2tf?entry=ttu\" target=\"_blank\" rel=\"noopener noreferrer\">C\/Plom, 28 \u2013 08038 (Barcelona)<\/a><br \/>\nCorreu electr\u00f2nic: <a href=\"mailto:info@badabus.com\">info@badabus.com<\/a><br \/>\n<img loading=\"lazy\" decoding=\"async\" class=\"size-full wp-image-2239 alignleft\" src=\"https:\/\/badabus.com\/wp-content\/uploads\/telefon-de-lloguer-autocars-badabus.jpg\" alt=\"telefono de alquiler autocares badabus\" width=\"341\" height=\"124\" \/>[\/vc_column_text][\/vc_column][\/vc_row][vc_row gap=\u00bb35&#8243; css=\u00bb.vc_custom_1744210760780{margin-bottom: 25px !important;}\u00bb][vc_column width=\u00bb2\/3&#8243; css=\u00bb.vc_custom_1748247630137{margin-right: 30px !important;}\u00bb][vc_column_text css=\u00bb\u00bb]<\/p>\n<h2 style=\"font-size: 20px;\">Trajectes freq\u00fcents des de Sant Boi de Llobregat amb els nostres minibusos<\/h2>\n<p style=\"font-weight: 400; text-align: justify;\">Des de Sant Boi de Llobregat, els nostres minibusos fan viatges cap a llocs tur\u00edstics com Montserrat, Tarragona o la muntanya del Tibidabo. Aquests trajectes s\u00f3n ideals per a activitats escolars, sortides culturals i excursions familiars.<\/p>\n<p style=\"font-weight: 400; text-align: justify;\">A m\u00e9s, fem serveis de <a href=\"https:\/\/badabus.com\/ca\/transfer-aeroport-barcelona\/\">transfer des de Sant Boi de Llobregat a l&#8217;aeroport<\/a>, congressos o esdeveniments, i ens encarreguem d&#8217;organitzar viatges escolars de final de curs amb rutes segures, flexibles i totalment personalitzades.<\/p>\n<h3 style=\"font-weight: 400;\">Serveis m\u00e9s demandats de lloguer de minibusos a Shttps:\/\/badabus.com\/transfer-aeropuerto-barcelona\/ant Boi de Llobregat<\/h3>\n<p style=\"font-weight: 400; text-align: justify;\">A Sant Boi de Llobregat, un dels serveis m\u00e9s sol\u00b7licitats \u00e9s el transport de treballadors a centres log\u00edstics i zones industrials. Tamb\u00e9 fem molts trajectes escolars, des d&#8217;excursions d&#8217;un dia fins a viatges de diversos dies pel territori.<\/p>\n<p style=\"font-weight: 400; text-align: justify;\">Casaments, esdeveniments familiars, trobades esportives i sortides tur\u00edstiques completen la llista de serveis m\u00e9s demandats a Sant Boi. Adaptem els nostres autocars a les necessitats de cada grup i oferim sempre puntualitat i confort en tots els trajectes.<\/p>\n<h3 style=\"font-weight: 400;\">Per qu\u00e8 \u00e9s millor llogar un minib\u00fas a Sant Boi de Llobregat amb nosaltres?<\/h3>\n<p style=\"font-weight: 400; text-align: justify;\">A Sant Boi de Llobregat oferim un servei \u00e0gil i adaptat a l&#8217;entorn, amb recollides r\u00e0pides des de zones residencials, industrials o properes a l&#8217;aeroport. El nostre coneixement de la ciutat ens permet planificar rutes fluides, evitant esperes innecess\u00e0ries i optimitzant els despla\u00e7aments des del primer moment.<\/p>\n<p style=\"font-weight: 400; text-align: justify;\">Treballem sovint amb empreses log\u00edstiques, centres escolars i col\u00b7lectius locals, per la qual cosa entenem b\u00e9 les particularitats de cada tipus de despla\u00e7ament. Llogar un autocar amb nosaltres a Sant Boi significa triar proximitat, experi\u00e8ncia i tracte directe.<\/p>\n<p>[\/vc_column_text][vc_empty_space height=\u00bb30px\u00bb][vc_column_text css=\u00bb\u00bb]<strong style=\"margin-left: 6px;\">POBLACIONS ON OFERIM SERVEI DE LLOGUER D&#8217;AUTOCARS<br \/>\n<\/strong><div class=\"menu-horizontal\"><ul><div class=\"menu-horizontal\"><li id=\"menu-item-15926\" class=\"menu-item menu-item-type-post_type menu-item-object-page menu-item-15926\"><a href=\"https:\/\/badabus.com\/ca\/lloguer-minibus-badalona\/\">Lloguer Minib\u00fas a Badalona<\/a><\/li> | <li id=\"menu-item-15933\" class=\"menu-item menu-item-type-post_type menu-item-object-page menu-item-15933\"><a href=\"https:\/\/badabus.com\/ca\/lloguer-minibus-viladecans\/\">Lloguer Minib\u00fas a Viladecans<\/a><\/li> | <li id=\"menu-item-15932\" class=\"menu-item menu-item-type-post_type menu-item-object-page menu-item-15932\"><a href=\"https:\/\/badabus.com\/ca\/lloguer-minibus-santa-coloma-de-gramenet\/\">Lloguer Minib\u00fas a Santa Coloma de Gramanet<\/a><\/li> | <li id=\"menu-item-15931\" class=\"menu-item menu-item-type-post_type menu-item-object-page menu-item-15931\"><a href=\"https:\/\/badabus.com\/ca\/lloguer-minibus-sant-joan-despi\/\">Lloguer Minib\u00fas a Sant Joan Desp\u00ed<\/a><\/li> | <li id=\"menu-item-15925\" class=\"menu-item menu-item-type-post_type menu-item-object-page menu-item-15925\"><a href=\"https:\/\/badabus.com\/ca\/lloguer-minibus-sant-feliu\/\">Lloguer Minib\u00fas a Sant Feliu de Llobregat<\/a><\/li> | <li id=\"menu-item-15930\" class=\"menu-item menu-item-type-post_type menu-item-object-page menu-item-15930\"><a href=\"https:\/\/badabus.com\/ca\/lloguer-minibus-sant-boi-llobregat\/\">Lloguer Minib\u00fas a Sant Boi de Llobregat<\/a><\/li> | <li id=\"menu-item-15924\" class=\"menu-item menu-item-type-post_type menu-item-object-page menu-item-15924\"><a href=\"https:\/\/badabus.com\/ca\/lloguer-minibus-sant-adria\/\">Lloguer Minib\u00fas a Sant Adri\u00e0 del Bes\u00f3s<\/a><\/li> | <li id=\"menu-item-15929\" class=\"menu-item menu-item-type-post_type menu-item-object-page menu-item-15929\"><a href=\"https:\/\/badabus.com\/ca\/lloguer-minibus-hospitalet-de-llobregat\/\">Lloguer Minib\u00fas a Hospitalet de Llobregat<\/a><\/li> | <li id=\"menu-item-15928\" class=\"menu-item menu-item-type-post_type menu-item-object-page menu-item-15928\"><a href=\"https:\/\/badabus.com\/ca\/lloguer-minibus-gava\/\">Lloguer Minib\u00fas a Gav\u00e0<\/a><\/li> | <li id=\"menu-item-15923\" class=\"menu-item menu-item-type-post_type menu-item-object-page menu-item-15923\"><a href=\"https:\/\/badabus.com\/ca\/lloguer-minibus-esplugues\/\">Lloguer Minib\u00fas a Esplugues de Llobregat<\/a><\/li> | <li id=\"menu-item-15927\" class=\"menu-item menu-item-type-post_type menu-item-object-page menu-item-15927\"><a href=\"https:\/\/badabus.com\/ca\/lloguer-minibus-el-prat-llobregat\/\">Lloguer Minib\u00fas a El Prat de Llobregat<\/a><\/li> | <li id=\"menu-item-15922\" class=\"menu-item menu-item-type-post_type menu-item-object-page menu-item-15922\"><a href=\"https:\/\/badabus.com\/ca\/lloguer-minibus-cornella\/\">Lloguer Minib\u00fas a Cornell\u00e0 de Llobregat<\/a><\/li> | <li id=\"menu-item-15921\" class=\"menu-item menu-item-type-post_type menu-item-object-page menu-item-15921\"><a href=\"https:\/\/badabus.com\/ca\/lloguer-minibus-castelldefels\/\">Lloguer Minib\u00fas a Castelldefels<\/a><\/li>\n<\/div><\/ul><\/div>[\/vc_column_text][vc_tta_accordion section_title_tag=\u00bbh2&#8243; color=\u00bbwhite\u00bb active_section=\u00bb1&#8243;][vc_tta_section title=\u00bbQuant costa llogar un minib\u00fas a Sant Boi de Llobregat?\u00bb tab_id=\u00bb1764157739578-84e53c17-ca18&#8243;][vc_column_text css=\u00bb\u00bb]<\/p>\n<p data-start=\"582\" data-end=\"1118\">El preu del lloguer d&#8217;un minib\u00fas a Sant Boi de Llobregat pot variar segons el recorregut, la data del servei, la capacitat del vehicle, la durada del trajecte i el nombre de passatgers. Cada despla\u00e7ament t\u00e9 caracter\u00edstiques espec\u00edfiques, per la qual cosa no hi ha una tarifa est\u00e0ndard. Per obtenir un pressupost exacte, nom\u00e9s cal indicar el punt de recollida a Sant Boi, la destinaci\u00f3, l&#8217;horari i la mida del grup. Amb aquestes dades preparem una proposta personalitzada, clara i sense costos ocults.<\/p>\n<p>[\/vc_column_text][\/vc_tta_section][vc_tta_section title=\u00bbQuins avantatges ofereix llogar un minib\u00fas a Sant Boi per a grups petits i mitjans?\u00bb tab_id=\u00bb1764157739601-20b51ad0-b818&#8243;][vc_column_text css=\u00bb\u00bb]<\/p>\n<p data-start=\"1236\" data-end=\"1752\">El lloguer d&#8217;un minib\u00fas a Sant Boi de Llobregat \u00e9s ideal per a grups que volen despla\u00e7ar-se de manera c\u00f2moda, r\u00e0pida i coordinada. Aquests vehicles ofereixen una gran maniobrabilitat, cosa que facilita trajectes urbans, despla\u00e7aments cap a Barcelona, trasllats a l&#8217;aeroport o viatges a municipis propers. A m\u00e9s, disposen de climatitzaci\u00f3, seients confortables i un interior ampli, i s\u00f3n perfectes per a excursions, sortides escolars, celebracions, esdeveniments corporatius o activitats familiars.<\/p>\n<p>[\/vc_column_text][\/vc_tta_section][vc_tta_section title=\u00bb\u00c9s possible contractar un minib\u00fas per fer excursions sortint des de Sant Boi?\u00bb tab_id=\u00bb1764157795937-4bae26e4-22b3&#8243;][vc_column_text css=\u00bb\u00bb]<\/p>\n<p data-start=\"1868\" data-end=\"2269\">S\u00ed, pots contractar un minib\u00fas per organitzar excursions i rutes personalitzades des de Sant Boi de Llobregat. \u00c9s una opci\u00f3 molt pr\u00e0ctica per visitar Montserrat, Barcelona, el Pened\u00e8s, la Costa Brava, PortAventura o qualsevol destinaci\u00f3 de Catalunya. Adaptem l&#8217;itinerari a les necessitats del grup i garantim comoditat, flexibilitat i un servei completament planificat.<\/p>\n<p>[\/vc_column_text][\/vc_tta_section][vc_tta_section title=\u00bbQuina durada solen tenir els serveis de minib\u00fas a Sant Boi de Llobregat?\u00bb tab_id=\u00bb1764157822816-1c7d7a10-ebc7&#8243;][vc_column_text css=\u00bb\u00bb]<\/p>\n<p data-start=\"2379\" data-end=\"2741\">La durada del servei dep\u00e8n del tipus de despla\u00e7ament sol\u00b7licitat. Oferim trasllats curts dins de Sant Boi, serveis per hores, rutes amb diverses parades, excursions de mig dia i sortides de jornada completa. Cada servei s&#8217;ajusta a l&#8217;horari del grup per garantir un viatge c\u00f2mode, eficient i ben organitzat des de l&#8217;inici.<\/p>\n<p>[\/vc_column_text][\/vc_tta_section][vc_tta_section title=\u00bbQuina capacitat tenen els minibusos disponibles a Sant Boi de Llobregat?\u00bb tab_id=\u00bb1764157843158-86e06955-9d7a\u00bb][vc_column_text css=\u00bb\u00bb]<\/p>\n<p data-start=\"2847\" data-end=\"3263\">Disposem de minibusos amb capacitats diferents, normalment entre 8 i 25 places. Aix\u00f2 permet triar el vehicle m\u00e9s adequat segons la mida del grup i el tipus d&#8217;activitat: excursions, trasllats urbans, celebracions familiars, viatges corporatius o despla\u00e7aments escolars. En sol\u00b7licitar el pressupost, nom\u00e9s cal indicar quantes persones viatjaran per assignar el minib\u00fas ideal.<\/p>\n<p>[\/vc_column_text][\/vc_tta_section][vc_tta_section title=\u00bbPuc reservar un minib\u00fas des de Sant Boi cap a l&#8217;aeroport de Barcelona?\u00bb tab_id=\u00bb1764157861661-3bad9a2a-62c5&#8243;][vc_column_text css=\u00bb\u00bb]<\/p>\n<p data-start=\"3371\" data-end=\"3758\">S\u00ed, oferim trasllats en minib\u00fas des de Sant Boi de Llobregat fins a l&#8217;aeroport de Barcelona-el Prat. \u00c9s una opci\u00f3 molt c\u00f2moda per a grups que necessiten un transport directe i puntual fins a la terminal. El conductor s&#8217;encarrega de la recollida al punt acordat, de l&#8217;equipatge i del trajecte. Tamb\u00e9 gestionem recollides de grups que arriben en vols diferents.<\/p>\n<p>[\/vc_column_text][\/vc_tta_section][vc_tta_section title=\u00bbQuina difer\u00e8ncia hi ha entre contractar un minib\u00fas o un autocar a Sant Boi de Llobregat?\u00bb tab_id=\u00bb1764157882652-34ca5bfe-105f\u00bb][vc_column_text css=\u00bb\u00bb]<\/p>\n<p data-start=\"3876\" data-end=\"4300\">La difer\u00e8ncia principal rau en la capacitat i el tipus de despla\u00e7ament. El minib\u00fas \u00e9s ideal per a grups petits o mitjans que busquen mobilitat \u00e0gil en trajectes urbans o interurbans. L&#8217;autocar, en canvi, est\u00e0 pensat per a grups grans o viatges m\u00e9s llargs. Tots dos ofereixen seguretat, climatitzaci\u00f3 i comoditat, per\u00f2 es tria l&#8217;un o l&#8217;altre segons les caracter\u00edstiques del trajecte i la mida del grup.<\/p>\n<p>[\/vc_column_text][\/vc_tta_section][vc_tta_section title=\u00bbCal fer un pagament previ per reservar un minib\u00fas a Sant Boi de Llobregat?\u00bb tab_id=\u00bb1764157905804-8a21d4b0-cdca\u00bb][vc_column_text css=\u00bb\u00bb]<\/p>\n<p data-start=\"4416\" data-end=\"4778\">Segons la data i el tipus de servei, es pot requerir un dip\u00f2sit per confirmar la reserva del minib\u00fas. Aquest pagament garanteix la disponibilitat del vehicle i del conductor en l&#8217;horari sol\u00b7licitat. Al pressupost incloem totes les condicions, els terminis i els imports de manera clara, perqu\u00e8 puguis planificar el viatge sense sorpreses.<\/p>\n<p>[\/vc_column_text][\/vc_tta_section][\/vc_tta_accordion][vc_separator color=\u00bbwhite\u00bb border_width=\u00bb5&#8243; css=\u00bb\u00bb][\/vc_column][vc_column width=\u00bb1\/3&#8243; css=\u00bb.vc_custom_1744211247589{margin-right: 30px !important;margin-left: 30px !important;}\u00bb][vc_column_text css=\u00bb.vc_custom_1744210584346{margin-bottom: -10px !important;}\u00bb]<\/p>\n<p style=\"font-size: 30px; font-family: 'gotham-rounded'; text-align: left; color: #25a8ba; line-height: 1em;\"><strong>La teva companyia de confian\u00e7a a Sant Boi de Llobregat<\/strong><\/p>\n<p>[\/vc_column_text][vc_column_text css=\u00bb\u00bb]<\/p>\n<p style=\"font-size: 18px; font-family: 'gotham-rounded'; text-align: left;\"><strong>Badabus \u00e9s una empresa familiar dedicada al transport de viatgers per carretera.<\/strong><\/p>\n<p>Empresa especialista en el lloguer de minibusos a Sant Boi de Llobregat. Ens avala l&#8217;experi\u00e8ncia de m\u00e9s de 25 anys en el sector de les persones que la dirigim.[\/vc_column_text][vc_column_text css=\u00bb\u00bb]<b style=\"text-align: left; font-size: 20px;\"><img loading=\"lazy\" decoding=\"async\" class=\"alignnone wp-image-1964\" src=\"https:\/\/badabus.com\/wp-content\/uploads\/flechas-badabus.jpg\" alt=\"\" width=\"45\" height=\"27\" \/> CONTACTE<\/b>[\/vc_column_text][vc_column_text css=\u00bb\u00bb]<\/p>\n<h3 style=\"text-align: left; font-size: 20px;\">Autocares Badabus<\/h3>\n<p>Adre\u00e7a: <a href=\"https:\/\/www.google.com\/maps\/place\/Autocares+Badabus\/@41.3518513,2.1340148,17z\/data=!3m1!4b1!4m6!3m5!1s0x12a498a57225f481:0x27ebbd8420ff8f5e!8m2!3d41.3518513!4d2.1340148!16s%2Fg%2F11fz9zb2tf?entry=ttu\" target=\"_blank\" rel=\"noopener noreferrer\">Carrer de la Metal\u00b7l\u00fargia, 51, 08908 Barcelona<\/a><br \/>\nCorreu electr\u00f2nic: <a href=\"mailto:info@badabus.com\">info@badabus.com<\/a><br \/>\n<img loading=\"lazy\" decoding=\"async\" class=\"size-full wp-image-2239 alignleft\" src=\"https:\/\/badabus.com\/wp-content\/uploads\/telefon-de-lloguer-autocars-badabus.jpg\" alt=\"telefono de alquiler autocares badabus\" width=\"341\" height=\"124\" \/>[\/vc_column_text][\/vc_column][\/vc_row][vc_row row_fullwidth=\u00bb1&#8243; row_zero_column_space=\u00bb1&#8243; css=\u00bb.vc_custom_1525855960545{margin-top: 0px !important;margin-right: 0px !important;margin-bottom: 0px !important;margin-left: 0px !important;padding-top: 0px !important;padding-right: 0px !important;padding-bottom: 0px !important;padding-left: 0px !important;background-color: #303033 !important;}\u00bb][vc_column width=\u00bb1\/2&#8243; css=\u00bb.vc_custom_1525855742551{margin-top: -30px !important;}\u00bb][vc_single_image image=\u00bb15747&#8243; img_size=\u00bbfull\u00bb css=\u00bb\u00bb][\/vc_column][vc_column width=\u00bb1\/4&#8243; offset=\u00bbvc_hidden-xs\u00bb][vc_single_image image=\u00bb15755&#8243; img_size=\u00bbfull\u00bb css=\u00bb.vc_custom_1787297283782{padding-top: 10px !important;}\u00bb][\/vc_column][vc_column width=\u00bb1\/4&#8243; offset=\u00bbvc_hidden-xs\u00bb][vc_btn title=\u00bbDEMANAR PRESSUPOST\u00bb style=\u00bbgradient-custom\u00bb gradient_custom_color_1=\u00bb#25a6b9&#8243; gradient_custom_color_2=\u00bb#e22893&#8243; shape=\u00bbround\u00bb size=\u00bblg\u00bb align=\u00bbleft\u00bb css=\u00bb.vc_custom_1786960243447{padding-top: 20px !important;}\u00bb link=\u00bburl:https%3A%2F%2Fbadabus.com%2Fca%2Fpressupost-lloguer-de-minibusos%2F\u00bb][\/vc_column][\/vc_row][vc_row][vc_column][vc_raw_html css=\u00bb\u00bb]PHNjcmlwdCB0eXBlPSJhcHBsaWNhdGlvbi9sZCtqc29uIj4KewogICJAY29udGV4dCI6ICJodHRwczovL3NjaGVtYS5vcmciLAogICJAdHlwZSI6ICJGQVFQYWdlIiwKICAibWFpbkVudGl0eSI6IFt7CiAgICAiQHR5cGUiOiAiUXVlc3Rpb24iLAogICAgIm5hbWUiOiAiUXVhbnQgY29zdGEgbGxvZ2FyIHVuIG1pbmliw7pzIGEgU2FudCBCb2kgZGUgTGxvYnJlZ2F0PyIsCiAgICAiYWNjZXB0ZWRBbnN3ZXIiOiB7CiAgICAgICJAdHlwZSI6ICJBbnN3ZXIiLAogICAgICAidGV4dCI6ICJFbCBwcmV1IGRlbCBsbG9ndWVyIGQndW4gbWluaWLDunMgYSBTYW50IEJvaSBkZSBMbG9icmVnYXQgcG90IHZhcmlhciBzZWdvbnMgZWwgcmVjb3JyZWd1dCwgbGEgZGF0YSBkZWwgc2VydmVpLCBsYSBjYXBhY2l0YXQgZGVsIHZlaGljbGUsIGxhIGR1cmFkYSBkZWwgdHJhamVjdGUgaSBlbCBub21icmUgZGUgcGFzc2F0Z2Vycy4gQ2FkYSBkZXNwbGHDp2FtZW50IHTDqSBjYXJhY3RlcsOtc3RpcXVlcyBlc3BlY8OtZmlxdWVzLCBwZXIgbGEgcXVhbCBjb3NhIG5vIGhpIGhhIHVuYSB0YXJpZmEgZXN0w6BuZGFyZC4gUGVyIG9idGVuaXIgdW4gcHJlc3N1cG9zdCBleGFjdGUsIG5vbcOpcyBjYWwgaW5kaWNhciBlbCBwdW50IGRlIHJlY29sbGlkYSBhIFNhbnQgQm9pLCBsYSBkZXN0aW5hY2nDsywgbCdob3JhcmkgaSBsYSBtaWRhIGRlbCBncnVwLiBBbWIgYXF1ZXN0ZXMgZGFkZXMgcHJlcGFyZW0gdW5hIHByb3Bvc3RhIHBlcnNvbmFsaXR6YWRhLCBjbGFyYSBpIHNlbnNlIGNvc3RvcyBvY3VsdHMuIgogICAgfQogIH0sewogICAgIkB0eXBlIjogIlF1ZXN0aW9uIiwKICAgICJuYW1lIjogIlF1aW5zIGF2YW50YXRnZXMgb2ZlcmVpeCBsbG9nYXIgdW4gbWluaWLDunMgYSBTYW50IEJvaSBwZXIgYSBncnVwcyBwZXRpdHMgaSBtaXRqYW5zPyIsCiAgICAiYWNjZXB0ZWRBbnN3ZXIiOiB7CiAgICAgICJAdHlwZSI6ICJBbnN3ZXIiLAogICAgICAidGV4dCI6ICJFbCBsbG9ndWVyIGQndW4gbWluaWLDunMgYSBTYW50IEJvaSBkZSBMbG9icmVnYXQgw6lzIGlkZWFsIHBlciBhIGdydXBzIHF1ZSB2b2xlbiBkZXNwbGHDp2FyLXNlIGRlIG1hbmVyYSBjw7Jtb2RhLCByw6BwaWRhIGkgY29vcmRpbmFkYS4gQXF1ZXN0cyB2ZWhpY2xlcyBvZmVyZWl4ZW4gdW5hIGdyYW4gbWFuaW9icmFiaWxpdGF0LCBjb3NhIHF1ZSBmYWNpbGl0YSB0cmFqZWN0ZXMgdXJiYW5zLCBkZXNwbGHDp2FtZW50cyBjYXAgYSBCYXJjZWxvbmEsIHRyYXNsbGF0cyBhIGwnYWVyb3BvcnQgbyB2aWF0Z2VzIGEgbXVuaWNpcGlzIHByb3BlcnMuIEEgbcOpcywgZGlzcG9zZW4gZGUgY2xpbWF0aXR6YWNpw7MsIHNlaWVudHMgY29uZm9ydGFibGVzIGkgdW4gaW50ZXJpb3IgYW1wbGksIGkgc8OzbiBwZXJmZWN0ZXMgcGVyIGEgZXhjdXJzaW9ucywgc29ydGlkZXMgZXNjb2xhcnMsIGNlbGVicmFjaW9ucywgZXNkZXZlbmltZW50cyBjb3Jwb3JhdGl1cyBvIGFjdGl2aXRhdHMgZmFtaWxpYXJzLiIKICAgIH0KICB9LHsKICAgICJAdHlwZSI6ICJRdWVzdGlvbiIsCiAgICAibmFtZSI6ICLDiXMgcG9zc2libGUgY29udHJhY3RhciB1biBtaW5pYsO6cyBwZXIgZmVyIGV4Y3Vyc2lvbnMgc29ydGludCBkZXMgZGUgU2FudCBCb2k\/IiwKICAgICJhY2NlcHRlZEFuc3dlciI6IHsKICAgICAgIkB0eXBlIjogIkFuc3dlciIsCiAgICAgICJ0ZXh0IjogIlPDrSwgcG90cyBjb250cmFjdGFyIHVuIG1pbmliw7pzIHBlciBvcmdhbml0emFyIGV4Y3Vyc2lvbnMgaSBydXRlcyBwZXJzb25hbGl0emFkZXMgZGVzIGRlIFNhbnQgQm9pIGRlIExsb2JyZWdhdC4gw4lzIHVuYSBvcGNpw7MgbW9sdCBwcsOgY3RpY2EgcGVyIHZpc2l0YXIgTW9udHNlcnJhdCwgQmFyY2Vsb25hLCBlbCBQZW5lZMOocywgbGEgQ29zdGEgQnJhdmEsIFBvcnRBdmVudHVyYSBvIHF1YWxzZXZvbCBkZXN0aW5hY2nDsyBkZSBDYXRhbHVueWEuIEFkYXB0ZW0gbCdpdGluZXJhcmkgYSBsZXMgbmVjZXNzaXRhdHMgZGVsIGdydXAgaSBnYXJhbnRpbSBjb21vZGl0YXQsIGZsZXhpYmlsaXRhdCBpIHVuIHNlcnZlaSBjb21wbGV0YW1lbnQgcGxhbmlmaWNhdC4iCiAgICB9CiAgfSx7CiAgICAiQHR5cGUiOiAiUXVlc3Rpb24iLAogICAgIm5hbWUiOiAiUXVpbmEgZHVyYWRhIHNvbGVuIHRlbmlyIGVscyBzZXJ2ZWlzIGRlIG1pbmliw7pzIGEgU2FudCBCb2kgZGUgTGxvYnJlZ2F0PyIsCiAgICAiYWNjZXB0ZWRBbnN3ZXIiOiB7CiAgICAgICJAdHlwZSI6ICJBbnN3ZXIiLAogICAgICAidGV4dCI6ICJMYSBkdXJhZGEgZGVsIHNlcnZlaSBkZXDDqG4gZGVsIHRpcHVzIGRlIGRlc3BsYcOnYW1lbnQgc29swrdsaWNpdGF0LiBPZmVyaW0gdHJhc2xsYXRzIGN1cnRzIGRpbnMgZGUgU2FudCBCb2ksIHNlcnZlaXMgcGVyIGhvcmVzLCBydXRlcyBhbWIgZGl2ZXJzZXMgcGFyYWRlcywgZXhjdXJzaW9ucyBkZSBtaWcgZGlhIGkgc29ydGlkZXMgZGUgam9ybmFkYSBjb21wbGV0YS4gQ2FkYSBzZXJ2ZWkgcydhanVzdGEgYSBsJ2hvcmFyaSBkZWwgZ3J1cCBwZXIgZ2FyYW50aXIgdW4gdmlhdGdlIGPDsm1vZGUsIGVmaWNpZW50IGkgYmVuIG9yZ2FuaXR6YXQgZGVzIGRlIGwnaW5pY2kuIgogICAgfQogIH0sewogICAgIkB0eXBlIjogIlF1ZXN0aW9uIiwKICAgICJuYW1lIjogIlF1aW5hIGNhcGFjaXRhdCB0ZW5lbiBlbHMgbWluaWJ1c29zIGRpc3BvbmlibGVzIGEgU2FudCBCb2kgZGUgTGxvYnJlZ2F0PyIsCiAgICAiYWNjZXB0ZWRBbnN3ZXIiOiB7CiAgICAgICJAdHlwZSI6ICJBbnN3ZXIiLAogICAgICAidGV4dCI6ICJEaXNwb3NlbSBkZSBtaW5pYnVzb3MgYW1iIGNhcGFjaXRhdHMgZGlmZXJlbnRzLCBub3JtYWxtZW50IGVudHJlIDggaSAyNSBwbGFjZXMuIEFpeMOyIHBlcm1ldCB0cmlhciBlbCB2ZWhpY2xlIG3DqXMgYWRlcXVhdCBzZWdvbnMgbGEgbWlkYSBkZWwgZ3J1cCBpIGVsIHRpcHVzIGQnYWN0aXZpdGF0OiBleGN1cnNpb25zLCB0cmFzbGxhdHMgdXJiYW5zLCBjZWxlYnJhY2lvbnMgZmFtaWxpYXJzLCB2aWF0Z2VzIGNvcnBvcmF0aXVzIG8gZGVzcGxhw6dhbWVudHMgZXNjb2xhcnMuIEVuIHNvbMK3bGljaXRhciBlbCBwcmVzc3Vwb3N0LCBub23DqXMgY2FsIGluZGljYXIgcXVhbnRlcyBwZXJzb25lcyB2aWF0amFyYW4gcGVyIGFzc2lnbmFyIGVsIG1pbmliw7pzIGlkZWFsLiIKICAgIH0KICB9LHsKICAgICJAdHlwZSI6ICJRdWVzdGlvbiIsCiAgICAibmFtZSI6ICJQdWMgcmVzZXJ2YXIgdW4gbWluaWLDunMgZGVzIGRlIFNhbnQgQm9pIGNhcCBhIGwnYWVyb3BvcnQgZGUgQmFyY2Vsb25hPyIsCiAgICAiYWNjZXB0ZWRBbnN3ZXIiOiB7CiAgICAgICJAdHlwZSI6ICJBbnN3ZXIiLAogICAgICAidGV4dCI6ICJTw60sIG9mZXJpbSB0cmFzbGxhdHMgZW4gbWluaWLDunMgZGVzIGRlIFNhbnQgQm9pIGRlIExsb2JyZWdhdCBmaW5zIGEgbCdhZXJvcG9ydCBkZSBCYXJjZWxvbmEtZWwgUHJhdC4gw4lzIHVuYSBvcGNpw7MgbW9sdCBjw7Jtb2RhIHBlciBhIGdydXBzIHF1ZSBuZWNlc3NpdGVuIHVuIHRyYW5zcG9ydCBkaXJlY3RlIGkgcHVudHVhbCBmaW5zIGEgbGEgdGVybWluYWwuIEVsIGNvbmR1Y3RvciBzJ2VuY2FycmVnYSBkZSBsYSByZWNvbGxpZGEgYWwgcHVudCBhY29yZGF0LCBkZSBsJ2VxdWlwYXRnZSBpIGRlbCB0cmFqZWN0ZS4gVGFtYsOpIGdlc3Rpb25lbSByZWNvbGxpZGVzIGRlIGdydXBzIHF1ZSBhcnJpYmVuIGVuIHZvbHMgZGlmZXJlbnRzLiIKICAgIH0KICB9LHsKICAgICJAdHlwZSI6ICJRdWVzdGlvbiIsCiAgICAibmFtZSI6ICJRdWluYSBkaWZlcsOobmNpYSBoaSBoYSBlbnRyZSBjb250cmFjdGFyIHVuIG1pbmliw7pzIG8gdW4gYXV0b2NhciBhIFNhbnQgQm9pIGRlIExsb2JyZWdhdD8iLAogICAgImFjY2VwdGVkQW5zd2VyIjogewogICAgICAiQHR5cGUiOiAiQW5zd2VyIiwKICAgICAgInRleHQiOiAiTGEgZGlmZXLDqG5jaWEgcHJpbmNpcGFsIHJhdSBlbiBsYSBjYXBhY2l0YXQgaSBlbCB0aXB1cyBkZSBkZXNwbGHDp2FtZW50LiBFbCBtaW5pYsO6cyDDqXMgaWRlYWwgcGVyIGEgZ3J1cHMgcGV0aXRzIG8gbWl0amFucyBxdWUgYnVzcXVlbiBtb2JpbGl0YXQgw6BnaWwgZW4gdHJhamVjdGVzIHVyYmFucyBvIGludGVydXJiYW5zLiBMJ2F1dG9jYXIsIGVuIGNhbnZpLCBlc3TDoCBwZW5zYXQgcGVyIGEgZ3J1cHMgZ3JhbnMgbyB2aWF0Z2VzIG3DqXMgbGxhcmdzLiBUb3RzIGRvcyBvZmVyZWl4ZW4gc2VndXJldGF0LCBjbGltYXRpdHphY2nDsyBpIGNvbW9kaXRhdCwgcGVyw7IgZXMgdHJpYSBsJ3VuIG8gbCdhbHRyZSBzZWdvbnMgbGVzIGNhcmFjdGVyw61zdGlxdWVzIGRlbCB0cmFqZWN0ZSBpIGxhIG1pZGEgZGVsIGdydXAuIgogICAgfQogIH0sewogICAgIkB0eXBlIjogIlF1ZXN0aW9uIiwKICAgICJuYW1lIjogIkNhbCBmZXIgdW4gcGFnYW1lbnQgcHJldmkgcGVyIHJlc2VydmFyIHVuIG1pbmliw7pzIGEgU2FudCBCb2kgZGUgTGxvYnJlZ2F0PyIsCiAgICAiYWNjZXB0ZWRBbnN3ZXIiOiB7CiAgICAgICJAdHlwZSI6ICJBbnN3ZXIiLAogICAgICAidGV4dCI6ICJTZWdvbnMgbGEgZGF0YSBpIGVsIHRpcHVzIGRlIHNlcnZlaSwgZXMgcG90IHJlcXVlcmlyIHVuIGRpcMOyc2l0IHBlciBjb25maXJtYXIgbGEgcmVzZXJ2YSBkZWwgbWluaWLDunMuIEFxdWVzdCBwYWdhbWVudCBnYXJhbnRlaXggbGEgZGlzcG9uaWJpbGl0YXQgZGVsIHZlaGljbGUgaSBkZWwgY29uZHVjdG9yIGVuIGwnaG9yYXJpIHNvbMK3bGljaXRhdC4gQWwgcHJlc3N1cG9zdCBpbmNsb2VtIHRvdGVzIGxlcyBjb25kaWNpb25zLCBlbHMgdGVybWluaXMgaSBlbHMgaW1wb3J0cyBkZSBtYW5lcmEgY2xhcmEsIHBlcnF1w6ggcHVndWlzIHBsYW5pZmljYXIgZWwgdmlhdGdlIHNlbnNlIHNvcnByZXNlcy4iCiAgICB9CiAgfV0KfQo8L3NjcmlwdD4=[\/vc_raw_html][\/vc_column][\/vc_row]<\/p>\n<\/div>","protected":false},"excerpt":{"rendered":"<p>[vc_row row_fullwidth=\u00bb1&#8243; row_zero_column_space=\u00bb1&#8243; css=\u00bb.vc_custom_1461073450203{margin-top: 0px !important;margin-right: 0px !important;margin-bottom: 0px !important;margin-left: 0px !important;padding-top: 0px !important;padding-right: 0px !important;padding-bottom: 0px !important;padding-left: 0px !important;}\u00bb][vc_column offset=\u00bbvc_hidden-sm vc_hidden-xs\u00bb][rev_slider_vc alias=\u00bbsant-boi-minibus-1&#8243; el_class=\u00bbno-bottom-margin\u00bb][\/vc_column][\/vc_row][vc_row gap=\u00bb5&#8243; row_fullwidth=\u00bb1&#8243; css=\u00bb.vc_custom_1684321545730{margin-top: 0px !important;margin-bottom: 0px [&hellip;]<\/p>\n","protected":false},"author":10,"featured_media":0,"parent":0,"menu_order":0,"comment_status":"closed","ping_status":"closed","template":"","meta":{"footnotes":""},"class_list":["post-15084","page","type-page","status-publish","hentry"],"_links":{"self":[{"href":"https:\/\/badabus.com\/ca\/wp-json\/wp\/v2\/pages\/15084","targetHints":{"allow":["GET"]}}],"collection":[{"href":"https:\/\/badabus.com\/ca\/wp-json\/wp\/v2\/pages"}],"about":[{"href":"https:\/\/badabus.com\/ca\/wp-json\/wp\/v2\/types\/page"}],"author":[{"embeddable":true,"href":"https:\/\/badabus.com\/ca\/wp-json\/wp\/v2\/users\/10"}],"replies":[{"embeddable":true,"href":"https:\/\/badabus.com\/ca\/wp-json\/wp\/v2\/comments?post=15084"}],"version-history":[{"count":7,"href":"https:\/\/badabus.com\/ca\/wp-json\/wp\/v2\/pages\/15084\/revisions"}],"predecessor-version":[{"id":15888,"href":"https:\/\/badabus.com\/ca\/wp-json\/wp\/v2\/pages\/15084\/revisions\/15888"}],"wp:attachment":[{"href":"https:\/\/badabus.com\/ca\/wp-json\/wp\/v2\/media?parent=15084"}],"curies":[{"name":"wp","href":"https:\/\/api.w.org\/{rel}","templated":true}]}}