{"id":15077,"date":"2026-08-21T08:36:55","date_gmt":"2026-08-21T06:36:55","guid":{"rendered":"https:\/\/badabus.com\/?page_id=15077"},"modified":"2026-08-31T12:13:03","modified_gmt":"2026-08-31T10:13:03","slug":"lloguer-minibus-badalona","status":"publish","type":"page","link":"https:\/\/badabus.com\/ca\/lloguer-minibus-badalona\/","title":{"rendered":"Inici Badalona Minib\u00fas CAT"},"content":{"rendered":"<div class=\"wpb-content-wrapper\"><p>[vc_row row_fullwidth=\u00bb1&#8243; row_zero_column_space=\u00bb1&#8243; css=\u00bb.vc_custom_1461073450203{margin-top: 0px !important;margin-right: 0px !important;margin-bottom: 0px !important;margin-left: 0px !important;padding-top: 0px !important;padding-right: 0px !important;padding-bottom: 0px !important;padding-left: 0px !important;}\u00bb][vc_column offset=\u00bbvc_hidden-sm vc_hidden-xs\u00bb][rev_slider_vc alias=\u00bbbadalona-minibus-1&#8243; el_class=\u00bbno-bottom-margin\u00bb][\/vc_column][\/vc_row][vc_row gap=\u00bb5&#8243; row_fullwidth=\u00bb1&#8243; css=\u00bb.vc_custom_1684321545730{margin-top: 0px !important;margin-bottom: 0px !important;padding-top: 40px !important;padding-right: 40px !important;padding-left: 40px !important;background-color: #ffffff !important;}\u00bb][vc_column offset=\u00bbvc_hidden-sm vc_hidden-xs\u00bb][vc_column_text css=\u00bb\u00bb]<\/p>\n<h1 class=\"h1-home-cat\">Lloguer de minib\u00fas a Badalona<\/h1>\n<h2 class=\"h1-servicios\">Les nostres opcions de minib\u00fas per a Badalona<\/h2>\n<p>[\/vc_column_text][vc_raw_html css=\u00bb\u00bb]JTVCYmFkYWJ1c19zZXJ2ZWlzJTVE[\/vc_raw_html][\/vc_column][vc_column offset=\u00bbvc_hidden-sm vc_hidden-xs\u00bb css=\u00bb.vc_custom_1744208769323{margin-top: 50px !important;background-color: #F6F6F6 !important;}\u00bb][vc_custom_heading text=\u00bbNecessites un minib\u00fas a Badalona per al teu trajecte?\u00bb font_container=\u00bbtag:h2|font_size:40|text_align:center|color:%23000000|line_height:30px\u00bb google_fonts=\u00bbfont_family:Raleway%3A100%2C200%2C300%2Cregular%2C500%2C600%2C700%2C800%2C900|font_style:300%20light%20regular%3A300%3Anormal\u00bb css=\u00bb.vc_custom_1746174157390{margin-top: 0px !important;margin-bottom: 0px !important;padding-top: 20px !important;padding-bottom: 0px !important;}\u00bb][vc_column_text css=\u00bb.vc_custom_1744208241235{margin-top: 10px !important;margin-bottom: 10px !important;}\u00bb]<\/p>\n<p style=\"text-align: center;\">Explica&#8217;ns on vols anar i t&#8217;enviarem el pressupost en un m\u00e0xim de 24 h laborables.<\/p>\n<p>[\/vc_column_text][vc_btn title=\u00bbSol\u00b7licitar pressupost per a lloguer de minib\u00fas\u00bb style=\u00bboutline-custom\u00bb outline_custom_color=\u00bb#000000&#8243; outline_custom_hover_background=\u00bb#000000&#8243; outline_custom_hover_text=\u00bb#ffffff\u00bb shape=\u00bbround\u00bb size=\u00bblg\u00bb align=\u00bbcenter\u00bb i_type=\u00bblinecons\u00bb i_icon_linecons=\u00bbvc_li vc_li-clip\u00bb css=\u00bb.vc_custom_1786956125453{margin-top: 20px !important;margin-bottom: 55px !important;}\u00bb add_icon=\u00bbtrue\u00bb link=\u00bburl:https%3A%2F%2Fbadabus.com%2Fca%2Fpressupost-lloguer-de-minibusos%2F|title:Pressupost%20lloguer%20d&#8217;autobusos\u00bb][\/vc_column][\/vc_row][vc_row row_fullwidth=\u00bb1&#8243; css=\u00bb.vc_custom_1613379287195{padding-right: 0px !important;padding-left: 0px !important;background-color: #0a0a0a !important;}\u00bb][vc_column css=\u00bb.vc_custom_1710964759406{padding-top: 0px !important;padding-right: 0px !important;padding-bottom: 0px !important;padding-left: 0px !important;background: #0a0a0a url(https:\/\/badabus.com\/wp-content\/uploads\/Alex-Bascuas-Photo-9610-opacity.jpg?id=9993) !important;background-position: center !important;background-repeat: no-repeat !important;background-size: cover !important;}\u00bb offset=\u00bbvc_hidden-lg vc_hidden-md\u00bb el_class=\u00bbimagen-background-home-mobile\u00bb][vc_column_text css=\u00bb.vc_custom_1746174517337{margin-top: 45px !important;margin-right: 5% !important;margin-bottom: 45px !important;margin-left: 5% !important;padding-right: 0px !important;padding-left: 0px !important;background-position: center !important;background-repeat: no-repeat !important;background-size: cover !important;}\u00bb]<\/p>\n<h1 class=\"h1-home-mob\">Lloguer de minibusos a Badalona<\/h1>\n<p>[\/vc_column_text][vc_btn title=\u00bbDEMANA PRESSUPOST\u00bb style=\u00bbcustom\u00bb custom_background=\u00bb#e22893&#8243; custom_text=\u00bb#ffffff\u00bb shape=\u00bbround\u00bb css=\u00bb.vc_custom_1786956137198{margin-left: 30px !important;}\u00bb link=\u00bburl:https%3A%2F%2Fbadabus.com%2Fca%2Fpressupost-lloguer-de-minibusos%2F|title:Pressupost%20lloguer%20d&#8217;autobusos\u00bb][\/vc_column][\/vc_row][vc_row css=\u00bb.vc_custom_1744208838364{margin-top: 130px !important;margin-bottom: 15px !important;}\u00bb][vc_column width=\u00bb1\/2&#8243;][vc_column_text css=\u00bb\u00bb]<\/p>\n<h2>Des de quins barris de Badalona sortim en autocar?<\/h2>\n<p>A Badalona oferim minibusos amb recollida i sortida des de diferents barris per facilitar al m\u00e0xim l&#8217;acc\u00e9s al servei. Ens desplacem habitualment per zones com Gorg, Llefi\u00e0, La Salut, Artigues o Sant Roc, ajustant el punt de trobada segons la ubicaci\u00f3 del grup o de l&#8217;esdeveniment. Tant si es tracta d&#8217;un trasllat a l&#8217;aeroport, com d&#8217;una excursi\u00f3 escolar o una celebraci\u00f3 privada, ens movem per tot el municipi per oferir la m\u00e0xima comoditat.<\/p>\n<p>Tamb\u00e9 fem sortides en minib\u00fas des de barris com Bufal\u00e0, Pomar, Montigal\u00e0 o Casagemes, i treballem tant amb centres educatius com amb empreses o particulars. Gr\u00e0cies a la versatilitat del minib\u00fas, podem adaptar f\u00e0cilment els punts de recollida i dissenyar rutes eficients independentment del barri d&#8217;origen.[\/vc_column_text][\/vc_column][vc_column width=\u00bb1\/2&#8243;][vc_single_image image=\u00bb15124&#8243; img_size=\u00bb450&#215;450&#8243; css=\u00bb\u00bb][\/vc_column][\/vc_row][vc_row css=\u00bb.vc_custom_1744208847931{margin-top: 70px !important;margin-bottom: 30px !important;}\u00bb][vc_column width=\u00bb1\/2&#8243;][vc_column_text css=\u00bb.vc_custom_1786956180112{margin-bottom: 20px !important;}\u00bb]<\/p>\n<h2>De quantes places s\u00f3n els minibusos?<\/h2>\n<p>Des de Badalona oferim microbusos c\u00f2modes i funcionals de fins a 25 places, ideals per a grups redu\u00efts que volen moure&#8217;s amb agilitat per la ciutat o la prov\u00edncia.<\/p>\n<p>Per a sortides m\u00e9s grans, la nostra flota compta amb <a href=\"https:\/\/badabus.com\/ca\/lloguer-autocar-badalona\/\">autocars a Badalona<\/a> de fins a 55 places, preparats per a excursions escolars, viatges d&#8217;empresa o trasllats a esdeveniments. Tots disposen de prestacions de confort i seguretat.<\/p>\n<h3>Vols con\u00e8ixer la nostra flota de minibusos per a Badalona?<\/h3>\n<p>[\/vc_column_text][vc_btn title=\u00bbVEURE FLOTA DE MINIBUSOS\u00bb style=\u00bboutline-custom\u00bb outline_custom_color=\u00bb#000000&#8243; outline_custom_hover_background=\u00bb#000000&#8243; outline_custom_hover_text=\u00bb#ffffff\u00bb shape=\u00bbround\u00bb align=\u00bbleft\u00bb i_type=\u00bblinecons\u00bb i_icon_linecons=\u00bbvc_li vc_li-clip\u00bb css=\u00bb.vc_custom_1786956192703{margin-bottom: 35px !important;}\u00bb add_icon=\u00bbtrue\u00bb link=\u00bburl:https%3A%2F%2Fbadabus.com%2Fca%2Fflota%2F\u00bb][\/vc_column][vc_column width=\u00bb1\/2&#8243;][vc_single_image image=\u00bb12673&#8243; img_size=\u00bb450&#215;420&#8243; css=\u00bb\u00bb][\/vc_column][\/vc_row][vc_row css=\u00bb.vc_custom_1744209919418{padding-top: 35px !important;background-color: #25A6B9 !important;}\u00bb][vc_column width=\u00bb2\/3&#8243;][vc_column_text css=\u00bb\u00bb]<strong style=\"font-size: 26px; color: white;\">Necessites un minib\u00fas a Badalona per al teu trajecte?<\/strong>[\/vc_column_text][\/vc_column][vc_column width=\u00bb1\/3&#8243;][vc_btn title=\u00bbPressupost en 24 h\u00bb style=\u00bboutline-custom\u00bb outline_custom_color=\u00bb#FFFFFF\u00bb outline_custom_hover_background=\u00bb#000000&#8243; outline_custom_hover_text=\u00bb#ffffff\u00bb shape=\u00bbround\u00bb align=\u00bbleft\u00bb i_type=\u00bblinecons\u00bb i_icon_linecons=\u00bbvc_li vc_li-clip\u00bb css=\u00bb.vc_custom_1786956224552{margin-bottom: 35px !important;}\u00bb add_icon=\u00bbtrue\u00bb link=\u00bburl:https%3A%2F%2Fbadabus.com%2Fca%2Fpressupost-lloguer-de-minibusos%2F|title:Pressupost%20lloguer%20d&#8217;autobusos\u00bb][\/vc_column][\/vc_row][vc_row gap=\u00bb20&#8243; equal_height=\u00bbyes\u00bb css=\u00bb.vc_custom_1719475441479{margin-top: 40px !important;padding-top: 40px !important;padding-bottom: 120px !important;background-image: url(https:\/\/badabus.com\/wp-content\/uploads\/dotted.png?id=2221) !important;}\u00bb][vc_column][vc_column_text css=\u00bb\u00bb]<\/p>\n<p style=\"text-align: center; font-size: 40px; font-family: gotham-rounded; line-height: 1em;\"><strong>Per qu\u00e8 triar-nos per al teu trajecte des de Badalona?<\/strong><\/p>\n<p>[\/vc_column_text][vc_row_inner equal_height=\u00bbyes\u00bb css=\u00bb.vc_custom_1744209697713{margin-bottom: 0px !important;padding-top: 20px !important;padding-bottom: 0px !important;}\u00bb][vc_column_inner width=\u00bb1\/3&#8243; css=\u00bb.vc_custom_1719475287975{background-color: #25a6b9 !important;border-radius: 5px !important;}\u00bb][vc_column_text css=\u00bb\u00bb]<\/p>\n<p class=\"numero-porque\">\/\/ 01<\/p>\n<p class=\"titulo-porque\">Seguretat<\/p>\n<p class=\"p-porque\">En el lloguer de minibusos a Badalona, la seguretat \u00e9s una prioritat. Fem controls exhaustius i un manteniment constant de cada vehicle per garantir trajectes c\u00f2modes i totalment segurs per als nostres passatgers.<\/p>\n<p>[\/vc_column_text][vc_btn title=\u00bbVEURE FLOTA\u00bb style=\u00bboutline-custom\u00bb outline_custom_color=\u00bb#ffffff\u00bb outline_custom_hover_background=\u00bb#ffffff\u00bb outline_custom_hover_text=\u00bb#25a6b9&#8243; shape=\u00bbround\u00bb size=\u00bbsm\u00bb css=\u00bb.vc_custom_1786956237128{margin-left: 35px !important;}\u00bb link=\u00bburl:https%3A%2F%2Fbadabus.com%2Fca%2Fflota%2F|title:Veure%20flota%20d&#8217;autocars\u00bb][vc_empty_space][\/vc_column_inner][vc_column_inner width=\u00bb1\/3&#8243; css=\u00bb.vc_custom_1719475336589{background-color: #9b6da6 !important;border-radius: 5px !important;}\u00bb][vc_column_text css=\u00bb\u00bb]<\/p>\n<p class=\"numero-porque\">\/\/ 02<\/p>\n<p class=\"titulo-porque\">Confort<\/p>\n<p class=\"p-porque\">Dissenyem cada minib\u00fas pensant en la teva comoditat i seguretat durant tot el trajecte.<\/p>\n<p>[\/vc_column_text][vc_btn title=\u00bbVEURE FLOTA\u00bb style=\u00bboutline-custom\u00bb outline_custom_color=\u00bb#ffffff\u00bb outline_custom_hover_background=\u00bb#ffffff\u00bb outline_custom_hover_text=\u00bb#9b6da6&#8243; shape=\u00bbround\u00bb size=\u00bbsm\u00bb css=\u00bb.vc_custom_1786956249185{margin-left: 35px !important;}\u00bb link=\u00bburl:https%3A%2F%2Fbadabus.com%2Fca%2Fflota%2F|title:Veure%20flota%20d&#8217;autocars\u00bb][vc_empty_space][\/vc_column_inner][vc_column_inner width=\u00bb1\/3&#8243; css=\u00bb.vc_custom_1719475343640{background-color: #e22893 !important;border-radius: 5px !important;}\u00bb][vc_column_text css=\u00bb\u00bb]<\/p>\n<p class=\"numero-porque\">\/\/ 03<\/p>\n<p class=\"titulo-porque\">Conductors<\/p>\n<p class=\"p-porque\">Els nostres conductors estan altament qualificats i coneixen a la perfecci\u00f3 tant les rutes com les normes de seguretat vi\u00e0ria, cosa que ens permet oferir-te un servei fiable i de m\u00e0xima qualitat.<\/p>\n<p>[\/vc_column_text][vc_btn title=\u00bbVEURE FLOTA\u00bb style=\u00bboutline-custom\u00bb outline_custom_color=\u00bb#ffffff\u00bb outline_custom_hover_background=\u00bb#ffffff\u00bb outline_custom_hover_text=\u00bb#e22893&#8243; shape=\u00bbround\u00bb size=\u00bbsm\u00bb css=\u00bb.vc_custom_1786956258259{margin-left: 35px !important;}\u00bb link=\u00bburl:https%3A%2F%2Fbadabus.com%2Fca%2Fflota%2F|title:Veure%20flota%20d&#8217;autocars\u00bb][vc_empty_space][\/vc_column_inner][\/vc_row_inner][\/vc_column][\/vc_row][vc_row gap=\u00bb35&#8243; row_fullwidth=\u00bb1&#8243; css=\u00bb.vc_custom_1595256381018{margin-bottom: 0px !important;padding-top: 0px !important;padding-bottom: 15px !important;background-color: #ffffff !important;}\u00bb][vc_column width=\u00bb2\/3&#8243; offset=\u00bbvc_hidden-lg vc_hidden-md\u00bb css=\u00bb.vc_custom_1595256410887{margin-top: -100px !important;}\u00bb][vc_column_text css=\u00bb.vc_custom_1595254868036{margin-bottom: -10px !important;}\u00bb]<\/p>\n<p style=\"font-size: 25px; font-family: 'gotham-rounded'; text-align: left; color: #25a8ba; line-height: 1em;\"><strong>La teva companyia de confian\u00e7a<\/strong><\/p>\n<p>[\/vc_column_text][vc_column_text]<\/p>\n<p style=\"font-size: 20px; font-family: 'gotham-rounded'; text-align: left;\"><strong>Badabus \u00e9s una empresa familiar dedicada al transport de viatgers per carretera.<\/strong><\/p>\n<p>Empresa especialista en el lloguer d&#8217;autocars i minibusos. Ens avala l&#8217;experi\u00e8ncia de m\u00e9s de 25 anys en el sector de les persones que la dirigim.[\/vc_column_text][vc_btn title=\u00bbVols saber-ne m\u00e9s?\u00bb style=\u00bbgradient-custom\u00bb gradient_custom_color_1=\u00bb#25a6b9&#8243; gradient_custom_color_2=\u00bb#e22893&#8243; shape=\u00bbround\u00bb size=\u00bblg\u00bb align=\u00bbleft\u00bb css=\u00bb.vc_custom_1786956270610{padding-right: 3% !important;padding-left: 3% !important;}\u00bb link=\u00bburl:https%3A%2F%2Fbadabus.com%2Fca%2Fflota%2F|title:Flota\u00bb][\/vc_column][vc_column width=\u00bb1\/3&#8243; offset=\u00bbvc_hidden-lg vc_hidden-md\u00bb][vc_column_text css=\u00bb\u00bb]<b style=\"text-align: left; font-size: 20px;\"><img loading=\"lazy\" decoding=\"async\" class=\"alignnone wp-image-1964\" src=\"https:\/\/badabus.com\/wp-content\/uploads\/flechas-badabus.jpg\" alt=\"\" width=\"45\" height=\"27\" \/> CONTACTE<\/b>[\/vc_column_text][vc_column_text css=\u00bb\u00bb]<\/p>\n<h3 style=\"text-align: left; font-size: 20px;\">Autocares Badabus<\/h3>\n<p>Adre\u00e7a: <a href=\"https:\/\/www.google.com\/maps\/place\/Autocares+Badabus\/@41.3518513,2.1340148,17z\/data=!3m1!4b1!4m6!3m5!1s0x12a498a57225f481:0x27ebbd8420ff8f5e!8m2!3d41.3518513!4d2.1340148!16s%2Fg%2F11fz9zb2tf?entry=ttu\" target=\"_blank\" rel=\"noopener noreferrer\">C\/Plom, 28 \u2013 08038 (Barcelona)<\/a><br \/>\nCorreu electr\u00f2nic: <a href=\"mailto:info@badabus.com\">info@badabus.com<\/a><br \/>\n<img loading=\"lazy\" decoding=\"async\" class=\"size-full wp-image-2239 alignleft\" src=\"https:\/\/badabus.com\/wp-content\/uploads\/telefon-de-lloguer-autocars-badabus.jpg\" alt=\"telefono de alquiler autocares badabus\" width=\"341\" height=\"124\" \/>[\/vc_column_text][\/vc_column][\/vc_row][vc_row gap=\u00bb35&#8243; css=\u00bb.vc_custom_1744210760780{margin-bottom: 25px !important;}\u00bb][vc_column width=\u00bb2\/3&#8243; css=\u00bb.vc_custom_1748247557467{margin-right: 30px !important;}\u00bb][vc_column_text css=\u00bb\u00bb]<\/p>\n<h2 style=\"font-size: 20px;\">Trajectes freq\u00fcents des de Badalona amb els nostres minibusos<\/h2>\n<p style=\"font-weight: 400; text-align: justify;\">Els nostres trajectes en <a href=\"https:\/\/badabus.com\/ca\/lloguer-de-minibus-barcelona\/\">minib\u00fas<\/a> des de Badalona inclouen excursions d&#8217;un dia a Montserrat, visites culturals a Barcelona i escapades de grup a parcs tem\u00e0tics. Aquests serveis s\u00f3n ideals per a escoles, AFA\/AMPA o associacions.<\/p>\n<p style=\"font-weight: 400; text-align: justify;\">Tamb\u00e9 oferim <a href=\"https:\/\/badabus.com\/ca\/transfer-aeroport-barcelona\/\">transfer a l&#8217;aeroport<\/a> i viatges de final de curs des de Badalona, adaptant el recorregut, els horaris i els vehicles segons les necessitats del grup. El nostre objectiu: que el trajecte sigui tan c\u00f2mode com la destinaci\u00f3.<\/p>\n<h3 style=\"font-weight: 400;\">Serveis m\u00e9s demandats de lloguer de minib\u00fas a Badalona<\/h3>\n<p style=\"font-weight: 400; text-align: justify;\">Des de Badalona fem trajectes regulars per a empreses que volen despla\u00e7ar el seu equip de manera segura i c\u00f2moda. Les escoles de la zona tamb\u00e9 s\u00f3n clients habituals per a excursions escolars o viatges organitzats.<\/p>\n<p style=\"font-weight: 400; text-align: justify;\">Tamb\u00e9 treballem amb clients particulars en celebracions com casaments o esdeveniments familiars, aix\u00ed com amb clubs esportius i grups tur\u00edstics que surten des de Badalona cap a destinacions culturals o naturals de l&#8217;entorn.<\/p>\n<h3 style=\"font-weight: 400;\">Per qu\u00e8 \u00e9s millor llogar un minib\u00fas a Badalona amb nosaltres?<\/h3>\n<p style=\"font-weight: 400; text-align: justify;\">Prestem servei de minib\u00fas a Badalona amb la rapidesa i la proximitat que nom\u00e9s pot oferir una empresa que treballa di\u00e0riament a la zona. Gr\u00e0cies a la nostra proximitat, podem oferir recollides r\u00e0pides i eficients des de qualsevol barri, adaptant-nos a la ubicaci\u00f3 exacta del grup i evitant esperes innecess\u00e0ries. A m\u00e9s, com que hi operem de manera habitual, optimitzem rutes i accessos per garantir sempre la m\u00e0xima puntualitat.<\/p>\n<p style=\"font-weight: 400; text-align: justify;\">Tenim experi\u00e8ncia treballant amb centres educatius, empreses de l&#8217;entorn log\u00edstic i organitzadors d&#8217;esdeveniments a Badalona. Aix\u00f2 ens permet oferir un servei a mida, basat en la confian\u00e7a, el coneixement de l&#8217;entorn i la puntualitat.<\/p>\n<p>[\/vc_column_text][vc_empty_space height=\u00bb65px\u00bb][vc_column_text css=\u00bb\u00bb]<strong style=\"margin-left: 6px;\">POBLACIONS ON OFERIM SERVEI DE LLOGUER D&#8217;AUTOCARS<br \/>\n<\/strong><div class=\"menu-horizontal\"><ul><div class=\"menu-horizontal\"><li id=\"menu-item-15926\" class=\"menu-item menu-item-type-post_type menu-item-object-page menu-item-15926\"><a href=\"https:\/\/badabus.com\/ca\/lloguer-minibus-badalona\/\">Lloguer Minib\u00fas a Badalona<\/a><\/li> | <li id=\"menu-item-15933\" class=\"menu-item menu-item-type-post_type menu-item-object-page menu-item-15933\"><a href=\"https:\/\/badabus.com\/ca\/lloguer-minibus-viladecans\/\">Lloguer Minib\u00fas a Viladecans<\/a><\/li> | <li id=\"menu-item-15932\" class=\"menu-item menu-item-type-post_type menu-item-object-page menu-item-15932\"><a href=\"https:\/\/badabus.com\/ca\/lloguer-minibus-santa-coloma-de-gramenet\/\">Lloguer Minib\u00fas a Santa Coloma de Gramanet<\/a><\/li> | <li id=\"menu-item-15931\" class=\"menu-item menu-item-type-post_type menu-item-object-page menu-item-15931\"><a href=\"https:\/\/badabus.com\/ca\/lloguer-minibus-sant-joan-despi\/\">Lloguer Minib\u00fas a Sant Joan Desp\u00ed<\/a><\/li> | <li id=\"menu-item-15925\" class=\"menu-item menu-item-type-post_type menu-item-object-page menu-item-15925\"><a href=\"https:\/\/badabus.com\/ca\/lloguer-minibus-sant-feliu\/\">Lloguer Minib\u00fas a Sant Feliu de Llobregat<\/a><\/li> | <li id=\"menu-item-15930\" class=\"menu-item menu-item-type-post_type menu-item-object-page menu-item-15930\"><a href=\"https:\/\/badabus.com\/ca\/lloguer-minibus-sant-boi-llobregat\/\">Lloguer Minib\u00fas a Sant Boi de Llobregat<\/a><\/li> | <li id=\"menu-item-15924\" class=\"menu-item menu-item-type-post_type menu-item-object-page menu-item-15924\"><a href=\"https:\/\/badabus.com\/ca\/lloguer-minibus-sant-adria\/\">Lloguer Minib\u00fas a Sant Adri\u00e0 del Bes\u00f3s<\/a><\/li> | <li id=\"menu-item-15929\" class=\"menu-item menu-item-type-post_type menu-item-object-page menu-item-15929\"><a href=\"https:\/\/badabus.com\/ca\/lloguer-minibus-hospitalet-de-llobregat\/\">Lloguer Minib\u00fas a Hospitalet de Llobregat<\/a><\/li> | <li id=\"menu-item-15928\" class=\"menu-item menu-item-type-post_type menu-item-object-page menu-item-15928\"><a href=\"https:\/\/badabus.com\/ca\/lloguer-minibus-gava\/\">Lloguer Minib\u00fas a Gav\u00e0<\/a><\/li> | <li id=\"menu-item-15923\" class=\"menu-item menu-item-type-post_type menu-item-object-page menu-item-15923\"><a href=\"https:\/\/badabus.com\/ca\/lloguer-minibus-esplugues\/\">Lloguer Minib\u00fas a Esplugues de Llobregat<\/a><\/li> | <li id=\"menu-item-15927\" class=\"menu-item menu-item-type-post_type menu-item-object-page menu-item-15927\"><a href=\"https:\/\/badabus.com\/ca\/lloguer-minibus-el-prat-llobregat\/\">Lloguer Minib\u00fas a El Prat de Llobregat<\/a><\/li> | <li id=\"menu-item-15922\" class=\"menu-item menu-item-type-post_type menu-item-object-page menu-item-15922\"><a href=\"https:\/\/badabus.com\/ca\/lloguer-minibus-cornella\/\">Lloguer Minib\u00fas a Cornell\u00e0 de Llobregat<\/a><\/li> | <li id=\"menu-item-15921\" class=\"menu-item menu-item-type-post_type menu-item-object-page menu-item-15921\"><a href=\"https:\/\/badabus.com\/ca\/lloguer-minibus-castelldefels\/\">Lloguer Minib\u00fas a Castelldefels<\/a><\/li>\n<\/div><\/ul><\/div>[\/vc_column_text][vc_tta_accordion section_title_tag=\u00bbh2&#8243; color=\u00bbwhite\u00bb active_section=\u00bb1&#8243;][vc_tta_section title=\u00bbQuin preu t\u00e9 llogar un minib\u00fas a Badalona?\u00bb tab_id=\u00bb1764146254676-291f74a9-dbf3&#8243;][vc_column_text css=\u00bb\u00bb]<\/p>\n<p data-start=\"512\" data-end=\"1015\">El cost de llogar un minib\u00fas a Badalona pot variar segons el recorregut, la durada del servei, la mida del grup i el tipus de vehicle sol\u00b7licitat. Cada trasllat t\u00e9 particularitats pr\u00f2pies, per la qual cosa no hi ha una tarifa fixa. Per con\u00e8ixer el preu exacte, l&#8217;ideal \u00e9s indicar el punt d&#8217;origen a Badalona, la destinaci\u00f3, la data i el nombre de passatgers. Amb aquesta informaci\u00f3 preparem un pressupost personalitzat, clar i ajustat a les necessitats reals del viatge.<\/p>\n<p>[\/vc_column_text][\/vc_tta_section][vc_tta_section title=\u00bbQuins avantatges t\u00e9 llogar un minib\u00fas a Badalona per a grups petits o mitjans?\u00bb tab_id=\u00bb1764146254696-39716eb4-0460&#8243;][vc_column_text css=\u00bb\u00bb]<\/p>\n<p data-start=\"1132\" data-end=\"1656\">Llogar un minib\u00fas a Badalona \u00e9s una soluci\u00f3 c\u00f2moda i pr\u00e0ctica per a grups que volen despla\u00e7ar-se junts sense rec\u00f3rrer a vehicles m\u00e9s grans. La seva mida compacta facilita els trajectes urbans, l&#8217;acc\u00e9s a diferents zones de Badalona i els despla\u00e7aments cap a Barcelona o altres localitats properes. Els minibusos ofereixen climatitzaci\u00f3, seients amplis i un interior confortable, cosa que els converteix en una opci\u00f3 flexible per a transfers, excursions, activitats familiars o serveis d&#8217;empresa.<\/p>\n<p>[\/vc_column_text][\/vc_tta_section][vc_tta_section title=\u00bbEs pot contractar un minib\u00fas per fer rutes o visites des de Badalona?\u00bb tab_id=\u00bb1764146335601-b0b5f4c3-8ae0&#8243;][vc_column_text css=\u00bb\u00bb]<\/p>\n<p data-start=\"1765\" data-end=\"2213\">S\u00ed, es pot contractar un minib\u00fas per fer tours i rutes personalitzades amb sortida des de Badalona. \u00c9s una opci\u00f3 ideal per a grups que volen visitar punts d&#8217;inter\u00e8s de la ciutat, rec\u00f3rrer Barcelona o despla\u00e7ar-se a llocs com Montserrat, la Costa Brava, Sitges o qualsevol destinaci\u00f3 de Catalunya. L&#8217;itinerari es dissenya segons les necessitats del grup i ofereix total flexibilitat i comoditat durant tot el recorregut.<\/p>\n<p>[\/vc_column_text][\/vc_tta_section][vc_tta_section title=\u00bbQuina \u00e9s la durada habitual d&#8217;un servei de minib\u00fas a Badalona?\u00bb tab_id=\u00bb1764146354085-fcba7a73-046f\u00bb][vc_column_text css=\u00bb\u00bb]<\/p>\n<p data-start=\"2314\" data-end=\"2732\">La durada del servei dep\u00e8n del tipus de despla\u00e7ament. Es poden sol\u00b7licitar trasllats breus dins de Badalona, serveis per hores o rutes de mig dia o de jornada completa. Per a esdeveniments, congressos o activitats amb diverses parades, tamb\u00e9 es pot contractar el minib\u00fas amb esperes programades. Cada servei s&#8217;adapta als horaris del grup per garantir un viatge c\u00f2mode i ben organitzat.<\/p>\n<p>[\/vc_column_text][\/vc_tta_section][vc_tta_section title=\u00bbQuina capacitat tenen els minibusos disponibles a Badalona?\u00bb tab_id=\u00bb1764146376622-2a6234ed-f064&#8243;][vc_column_text css=\u00bb\u00bb]<\/p>\n<p data-start=\"2825\" data-end=\"3299\">Els minibusos disponibles a Badalona tenen capacitats diverses per adaptar-se a grups petits i mitjans, amb opcions que van aproximadament de les 8 a les 25 places. Aquesta varietat permet escollir el vehicle m\u00e9s adequat per a cada ocasi\u00f3: trasllats locals, excursions, activitats de lleure o serveis professionals. Indicar el nombre de passatgers en sol\u00b7licitar el pressupost ajuda a seleccionar l&#8217;opci\u00f3 \u00f2ptima per al trajecte.<\/p>\n<p>[\/vc_column_text][\/vc_tta_section][vc_tta_section title=\u00bbEs pot reservar un minib\u00fas des de Badalona cap a l&#8217;aeroport?\u00bb tab_id=\u00bb1764146393363-514b4496-0c3b\u00bb][vc_column_text css=\u00bb\u00bb]<\/p>\n<p data-start=\"3397\" data-end=\"3804\">S\u00ed, oferim trasllats en minib\u00fas des de Badalona fins a l&#8217;aeroport de Barcelona-el Prat. \u00c9s un servei ideal per a grups que busquen un transport directe, puntual i c\u00f2mode. El conductor s&#8217;encarrega de la recollida al punt acordat, d&#8217;ajudar amb l&#8217;equipatge i de fer el despla\u00e7ament amb total seguretat. Tamb\u00e9 gestionem recollides per a grups que arriben a hores diferents.<\/p>\n<p>[\/vc_column_text][\/vc_tta_section][vc_tta_section title=\u00bbQuina difer\u00e8ncia hi ha entre contractar un minib\u00fas o un autocar a Badalona?\u00bb tab_id=\u00bb1764146412976-1225791a-e570&#8243;][vc_column_text css=\u00bb\u00bb]<\/p>\n<p data-start=\"3909\" data-end=\"4443\">La difer\u00e8ncia principal rau en la capacitat i el tipus de trajecte. El minib\u00fas \u00e9s perfecte per a grups redu\u00efts que necessiten agilitat i comoditat en els despla\u00e7aments locals o interurbans. La seva mida facilita la mobilitat per Badalona i l&#8217;acc\u00e9s a zones on un autocar podria tenir limitacions. L&#8217;autocar, en canvi, \u00e9s m\u00e9s adequat per a grups grans o viatges de llarga durada. Tots dos vehicles tenen comoditats i mesures de seguretat, per\u00f2 es trien segons la mida del grup i l&#8217;\u00fas previst.<\/p>\n<p>[\/vc_column_text][\/vc_tta_section][vc_tta_section title=\u00bbCal fer un pagament previ per reservar un minib\u00fas a Badalona?\u00bb tab_id=\u00bb1764146434267-ee18aafc-7a04&#8243;][vc_column_text css=\u00bb\u00bb]<\/p>\n<p data-start=\"4543\" data-end=\"4991\">Segons el tipus de servei i la data sol\u00b7licitada, pot ser necessari fer un dip\u00f2sit per confirmar la reserva del minib\u00fas. Aquest pagament garanteix la disponibilitat del vehicle i del conductor en l&#8217;horari acordat. Al pressupost es detallen clarament les condicions, els imports i els terminis per formalitzar la contractaci\u00f3, i s&#8217;hi proporciona tota la informaci\u00f3 necess\u00e0ria per planificar el viatge amb tranquil\u00b7litat.<\/p>\n<p>[\/vc_column_text][\/vc_tta_section][\/vc_tta_accordion][vc_separator color=\u00bbwhite\u00bb border_width=\u00bb5&#8243; css=\u00bb\u00bb][\/vc_column][vc_column width=\u00bb1\/3&#8243; css=\u00bb.vc_custom_1744211247589{margin-right: 30px !important;margin-left: 30px !important;}\u00bb][vc_column_text css=\u00bb.vc_custom_1744210584346{margin-bottom: -10px !important;}\u00bb]<\/p>\n<p style=\"font-size: 30px; font-family: 'gotham-rounded'; text-align: left; color: #25a8ba; line-height: 1em;\"><strong>La teva companyia de confian\u00e7a a Badalona<\/strong><\/p>\n<p>[\/vc_column_text][vc_column_text css=\u00bb\u00bb]<\/p>\n<p style=\"font-size: 18px; font-family: 'gotham-rounded'; text-align: left;\"><strong>Badabus \u00e9s una empresa familiar dedicada al transport de viatgers per carretera.<\/strong><\/p>\n<p>Empresa especialista en el lloguer de minibusos a Badalona. Ens avala l&#8217;experi\u00e8ncia de m\u00e9s de 25 anys en el sector de les persones que la dirigim.[\/vc_column_text][vc_column_text css=\u00bb\u00bb]<b style=\"text-align: left; font-size: 20px;\"><img loading=\"lazy\" decoding=\"async\" class=\"alignnone wp-image-1964\" src=\"https:\/\/badabus.com\/wp-content\/uploads\/flechas-badabus.jpg\" alt=\"\" width=\"45\" height=\"27\" \/> CONTACTE<\/b>[\/vc_column_text][vc_column_text css=\u00bb\u00bb]<\/p>\n<h3 style=\"text-align: left; font-size: 20px;\">Autocares Badabus<\/h3>\n<p>Adre\u00e7a: <a href=\"https:\/\/www.google.com\/maps\/place\/Autocares+Badabus\/@41.3518513,2.1340148,17z\/data=!3m1!4b1!4m6!3m5!1s0x12a498a57225f481:0x27ebbd8420ff8f5e!8m2!3d41.3518513!4d2.1340148!16s%2Fg%2F11fz9zb2tf?entry=ttu\" target=\"_blank\" rel=\"noopener noreferrer\">Carrer de la Metal\u00b7l\u00fargia, 51, 08908 Barcelona<\/a><br \/>\nCorreu electr\u00f2nic: <a href=\"mailto:info@badabus.com\">info@badabus.com<\/a><br \/>\n<img loading=\"lazy\" decoding=\"async\" class=\"size-full wp-image-2239 alignleft\" src=\"https:\/\/badabus.com\/wp-content\/uploads\/telefon-de-lloguer-autocars-badabus.jpg\" alt=\"telefono de alquiler autocares badabus\" width=\"341\" height=\"124\" \/>[\/vc_column_text][\/vc_column][\/vc_row][vc_row row_fullwidth=\u00bb1&#8243; row_zero_column_space=\u00bb1&#8243; css=\u00bb.vc_custom_1525855960545{margin-top: 0px !important;margin-right: 0px !important;margin-bottom: 0px !important;margin-left: 0px !important;padding-top: 0px !important;padding-right: 0px !important;padding-bottom: 0px !important;padding-left: 0px !important;background-color: #303033 !important;}\u00bb][vc_column width=\u00bb1\/2&#8243; css=\u00bb.vc_custom_1525855742551{margin-top: -30px !important;}\u00bb][vc_single_image image=\u00bb15747&#8243; img_size=\u00bbfull\u00bb css=\u00bb\u00bb][\/vc_column][vc_column width=\u00bb1\/4&#8243; offset=\u00bbvc_hidden-xs\u00bb][vc_single_image image=\u00bb15755&#8243; img_size=\u00bbfull\u00bb css=\u00bb.vc_custom_1787294326803{padding-top: 10px !important;}\u00bb][\/vc_column][vc_column width=\u00bb1\/4&#8243; offset=\u00bbvc_hidden-xs\u00bb][vc_btn title=\u00bbDEMANAR PRESSUPOST\u00bb style=\u00bbgradient-custom\u00bb gradient_custom_color_1=\u00bb#25a6b9&#8243; gradient_custom_color_2=\u00bb#e22893&#8243; shape=\u00bbround\u00bb size=\u00bblg\u00bb align=\u00bbleft\u00bb css=\u00bb.vc_custom_1786956376607{padding-top: 20px !important;}\u00bb link=\u00bburl:https%3A%2F%2Fbadabus.com%2Fca%2Fpressupost-lloguer-de-minibusos%2F\u00bb][\/vc_column][\/vc_row][vc_row][vc_column][vc_raw_html css=\u00bb\u00bb]PHNjcmlwdCB0eXBlPSJhcHBsaWNhdGlvbi9sZCtqc29uIj4KewogICJAY29udGV4dCI6ICJodHRwczovL3NjaGVtYS5vcmciLAogICJAdHlwZSI6ICJGQVFQYWdlIiwKICAibWFpbkVudGl0eSI6IFt7CiAgICAiQHR5cGUiOiAiUXVlc3Rpb24iLAogICAgIm5hbWUiOiAiUXVpbiBwcmV1IHTDqSBsbG9nYXIgdW4gbWluaWLDunMgYSBCYWRhbG9uYT8iLAogICAgImFjY2VwdGVkQW5zd2VyIjogewogICAgICAiQHR5cGUiOiAiQW5zd2VyIiwKICAgICAgInRleHQiOiAiRWwgY29zdCBkZSBsbG9nYXIgdW4gbWluaWLDunMgYSBCYWRhbG9uYSBwb3QgdmFyaWFyIHNlZ29ucyBlbCByZWNvcnJlZ3V0LCBsYSBkdXJhZGEgZGVsIHNlcnZlaSwgbGEgbWlkYSBkZWwgZ3J1cCBpIGVsIHRpcHVzIGRlIHZlaGljbGUgc29swrdsaWNpdGF0LiBDYWRhIHRyYXNsbGF0IHTDqSBwYXJ0aWN1bGFyaXRhdHMgcHLDsnBpZXMsIHBlciBsYSBxdWFsIGNvc2Egbm8gaGkgaGEgdW5hIHRhcmlmYSBmaXhhLiBQZXIgY29uw6hpeGVyIGVsIHByZXUgZXhhY3RlLCBsJ2lkZWFsIMOpcyBpbmRpY2FyIGVsIHB1bnQgZCdvcmlnZW4gYSBCYWRhbG9uYSwgbGEgZGVzdGluYWNpw7MsIGxhIGRhdGEgaSBlbCBub21icmUgZGUgcGFzc2F0Z2Vycy4gQW1iIGFxdWVzdGEgaW5mb3JtYWNpw7MgcHJlcGFyZW0gdW4gcHJlc3N1cG9zdCBwZXJzb25hbGl0emF0LCBjbGFyIGkgYWp1c3RhdCBhIGxlcyBuZWNlc3NpdGF0cyByZWFscyBkZWwgdmlhdGdlLiIKICAgIH0KICB9LHsKICAgICJAdHlwZSI6ICJRdWVzdGlvbiIsCiAgICAibmFtZSI6ICJRdWlucyBhdmFudGF0Z2VzIHTDqSBsbG9nYXIgdW4gbWluaWLDunMgYSBCYWRhbG9uYSBwZXIgYSBncnVwcyBwZXRpdHMgbyBtaXRqYW5zPyIsCiAgICAiYWNjZXB0ZWRBbnN3ZXIiOiB7CiAgICAgICJAdHlwZSI6ICJBbnN3ZXIiLAogICAgICAidGV4dCI6ICJMbG9nYXIgdW4gbWluaWLDunMgYSBCYWRhbG9uYSDDqXMgdW5hIHNvbHVjacOzIGPDsm1vZGEgaSBwcsOgY3RpY2EgcGVyIGEgZ3J1cHMgcXVlIHZvbGVuIGRlc3BsYcOnYXItc2UganVudHMgc2Vuc2UgcmVjw7NycmVyIGEgdmVoaWNsZXMgbcOpcyBncmFucy4gTGEgc2V2YSBtaWRhIGNvbXBhY3RhIGZhY2lsaXRhIGVscyB0cmFqZWN0ZXMgdXJiYW5zLCBsJ2FjY8OpcyBhIGRpZmVyZW50cyB6b25lcyBkZSBCYWRhbG9uYSBpIGVscyBkZXNwbGHDp2FtZW50cyBjYXAgYSBCYXJjZWxvbmEgbyBhbHRyZXMgbG9jYWxpdGF0cyBwcm9wZXJlcy4gRWxzIG1pbmlidXNvcyBvZmVyZWl4ZW4gY2xpbWF0aXR6YWNpw7MsIHNlaWVudHMgYW1wbGlzIGkgdW4gaW50ZXJpb3IgY29uZm9ydGFibGUsIGNvc2EgcXVlIGVscyBjb252ZXJ0ZWl4IGVuIHVuYSBvcGNpw7MgZmxleGlibGUgcGVyIGEgdHJhbnNmZXJzLCBleGN1cnNpb25zLCBhY3Rpdml0YXRzIGZhbWlsaWFycyBvIHNlcnZlaXMgZCdlbXByZXNhLiIKICAgIH0KICB9LHsKICAgICJAdHlwZSI6ICJRdWVzdGlvbiIsCiAgICAibmFtZSI6ICJFcyBwb3QgY29udHJhY3RhciB1biBtaW5pYsO6cyBwZXIgZmVyIHJ1dGVzIG8gdmlzaXRlcyBkZXMgZGUgQmFkYWxvbmE\/IiwKICAgICJhY2NlcHRlZEFuc3dlciI6IHsKICAgICAgIkB0eXBlIjogIkFuc3dlciIsCiAgICAgICJ0ZXh0IjogIlPDrSwgZXMgcG90IGNvbnRyYWN0YXIgdW4gbWluaWLDunMgcGVyIGZlciB0b3VycyBpIHJ1dGVzIHBlcnNvbmFsaXR6YWRlcyBhbWIgc29ydGlkYSBkZXMgZGUgQmFkYWxvbmEuIMOJcyB1bmEgb3BjacOzIGlkZWFsIHBlciBhIGdydXBzIHF1ZSB2b2xlbiB2aXNpdGFyIHB1bnRzIGQnaW50ZXLDqHMgZGUgbGEgY2l1dGF0LCByZWPDs3JyZXIgQmFyY2Vsb25hIG8gZGVzcGxhw6dhci1zZSBhIGxsb2NzIGNvbSBNb250c2VycmF0LCBsYSBDb3N0YSBCcmF2YSwgU2l0Z2VzIG8gcXVhbHNldm9sIGRlc3RpbmFjacOzIGRlIENhdGFsdW55YS4gTCdpdGluZXJhcmkgZXMgZGlzc2VueWEgc2Vnb25zIGxlcyBuZWNlc3NpdGF0cyBkZWwgZ3J1cCBpIG9mZXJlaXggdG90YWwgZmxleGliaWxpdGF0IGkgY29tb2RpdGF0IGR1cmFudCB0b3QgZWwgcmVjb3JyZWd1dC4iCiAgICB9CiAgfSx7CiAgICAiQHR5cGUiOiAiUXVlc3Rpb24iLAogICAgIm5hbWUiOiAiUXVpbmEgw6lzIGxhIGR1cmFkYSBoYWJpdHVhbCBkJ3VuIHNlcnZlaSBkZSBtaW5pYsO6cyBhIEJhZGFsb25hPyIsCiAgICAiYWNjZXB0ZWRBbnN3ZXIiOiB7CiAgICAgICJAdHlwZSI6ICJBbnN3ZXIiLAogICAgICAidGV4dCI6ICJMYSBkdXJhZGEgZGVsIHNlcnZlaSBkZXDDqG4gZGVsIHRpcHVzIGRlIGRlc3BsYcOnYW1lbnQuIEVzIHBvZGVuIHNvbMK3bGljaXRhciB0cmFzbGxhdHMgYnJldXMgZGlucyBkZSBCYWRhbG9uYSwgc2VydmVpcyBwZXIgaG9yZXMgbyBydXRlcyBkZSBtaWcgZGlhIG8gZGUgam9ybmFkYSBjb21wbGV0YS4gUGVyIGEgZXNkZXZlbmltZW50cywgY29uZ3Jlc3NvcyBvIGFjdGl2aXRhdHMgYW1iIGRpdmVyc2VzIHBhcmFkZXMsIHRhbWLDqSBlcyBwb3QgY29udHJhY3RhciBlbCBtaW5pYsO6cyBhbWIgZXNwZXJlcyBwcm9ncmFtYWRlcy4gQ2FkYSBzZXJ2ZWkgcydhZGFwdGEgYWxzIGhvcmFyaXMgZGVsIGdydXAgcGVyIGdhcmFudGlyIHVuIHZpYXRnZSBjw7Jtb2RlIGkgYmVuIG9yZ2FuaXR6YXQuIgogICAgfQogIH0sewogICAgIkB0eXBlIjogIlF1ZXN0aW9uIiwKICAgICJuYW1lIjogIlF1aW5hIGNhcGFjaXRhdCB0ZW5lbiBlbHMgbWluaWJ1c29zIGRpc3BvbmlibGVzIGEgQmFkYWxvbmE\/IiwKICAgICJhY2NlcHRlZEFuc3dlciI6IHsKICAgICAgIkB0eXBlIjogIkFuc3dlciIsCiAgICAgICJ0ZXh0IjogIkVscyBtaW5pYnVzb3MgZGlzcG9uaWJsZXMgYSBCYWRhbG9uYSB0ZW5lbiBjYXBhY2l0YXRzIGRpdmVyc2VzIHBlciBhZGFwdGFyLXNlIGEgZ3J1cHMgcGV0aXRzIGkgbWl0amFucywgYW1iIG9wY2lvbnMgcXVlIHZhbiBhcHJveGltYWRhbWVudCBkZSBsZXMgOCBhIGxlcyAyNSBwbGFjZXMuIEFxdWVzdGEgdmFyaWV0YXQgcGVybWV0IGVzY29sbGlyIGVsIHZlaGljbGUgbcOpcyBhZGVxdWF0IHBlciBhIGNhZGEgb2Nhc2nDszogdHJhc2xsYXRzIGxvY2FscywgZXhjdXJzaW9ucywgYWN0aXZpdGF0cyBkZSBsbGV1cmUgbyBzZXJ2ZWlzIHByb2Zlc3Npb25hbHMuIEluZGljYXIgZWwgbm9tYnJlIGRlIHBhc3NhdGdlcnMgZW4gc29swrdsaWNpdGFyIGVsIHByZXNzdXBvc3QgYWp1ZGEgYSBzZWxlY2Npb25hciBsJ29wY2nDsyDDsnB0aW1hIHBlciBhbCB0cmFqZWN0ZS4iCiAgICB9CiAgfSx7CiAgICAiQHR5cGUiOiAiUXVlc3Rpb24iLAogICAgIm5hbWUiOiAiRXMgcG90IHJlc2VydmFyIHVuIG1pbmliw7pzIGRlcyBkZSBCYWRhbG9uYSBjYXAgYSBsJ2Flcm9wb3J0PyIsCiAgICAiYWNjZXB0ZWRBbnN3ZXIiOiB7CiAgICAgICJAdHlwZSI6ICJBbnN3ZXIiLAogICAgICAidGV4dCI6ICJTw60sIG9mZXJpbSB0cmFzbGxhdHMgZW4gbWluaWLDunMgZGVzIGRlIEJhZGFsb25hIGZpbnMgYSBsJ2Flcm9wb3J0IGRlIEJhcmNlbG9uYS1lbCBQcmF0LiDDiXMgdW4gc2VydmVpIGlkZWFsIHBlciBhIGdydXBzIHF1ZSBidXNxdWVuIHVuIHRyYW5zcG9ydCBkaXJlY3RlLCBwdW50dWFsIGkgY8OybW9kZS4gRWwgY29uZHVjdG9yIHMnZW5jYXJyZWdhIGRlIGxhIHJlY29sbGlkYSBhbCBwdW50IGFjb3JkYXQsIGQnYWp1ZGFyIGFtYiBsJ2VxdWlwYXRnZSBpIGRlIGZlciBlbCBkZXNwbGHDp2FtZW50IGFtYiB0b3RhbCBzZWd1cmV0YXQuIFRhbWLDqSBnZXN0aW9uZW0gcmVjb2xsaWRlcyBwZXIgYSBncnVwcyBxdWUgYXJyaWJlbiBhIGhvcmVzIGRpZmVyZW50cy4iCiAgICB9CiAgfSx7CiAgICAiQHR5cGUiOiAiUXVlc3Rpb24iLAogICAgIm5hbWUiOiAiUXVpbmEgZGlmZXLDqG5jaWEgaGkgaGEgZW50cmUgY29udHJhY3RhciB1biBtaW5pYsO6cyBvIHVuIGF1dG9jYXIgYSBCYWRhbG9uYT8iLAogICAgImFjY2VwdGVkQW5zd2VyIjogewogICAgICAiQHR5cGUiOiAiQW5zd2VyIiwKICAgICAgInRleHQiOiAiTGEgZGlmZXLDqG5jaWEgcHJpbmNpcGFsIHJhdSBlbiBsYSBjYXBhY2l0YXQgaSBlbCB0aXB1cyBkZSB0cmFqZWN0ZS4gRWwgbWluaWLDunMgw6lzIHBlcmZlY3RlIHBlciBhIGdydXBzIHJlZHXDr3RzIHF1ZSBuZWNlc3NpdGVuIGFnaWxpdGF0IGkgY29tb2RpdGF0IGVuIGVscyBkZXNwbGHDp2FtZW50cyBsb2NhbHMgbyBpbnRlcnVyYmFucy4gTGEgc2V2YSBtaWRhIGZhY2lsaXRhIGxhIG1vYmlsaXRhdCBwZXIgQmFkYWxvbmEgaSBsJ2FjY8OpcyBhIHpvbmVzIG9uIHVuIGF1dG9jYXIgcG9kcmlhIHRlbmlyIGxpbWl0YWNpb25zLiBMJ2F1dG9jYXIsIGVuIGNhbnZpLCDDqXMgbcOpcyBhZGVxdWF0IHBlciBhIGdydXBzIGdyYW5zIG8gdmlhdGdlcyBkZSBsbGFyZ2EgZHVyYWRhLiBUb3RzIGRvcyB2ZWhpY2xlcyB0ZW5lbiBjb21vZGl0YXRzIGkgbWVzdXJlcyBkZSBzZWd1cmV0YXQsIHBlcsOyIGVzIHRyaWVuIHNlZ29ucyBsYSBtaWRhIGRlbCBncnVwIGkgbCfDunMgcHJldmlzdC4iCiAgICB9CiAgfSx7CiAgICAiQHR5cGUiOiAiUXVlc3Rpb24iLAogICAgIm5hbWUiOiAiQ2FsIGZlciB1biBwYWdhbWVudCBwcmV2aSBwZXIgcmVzZXJ2YXIgdW4gbWluaWLDunMgYSBCYWRhbG9uYT8iLAogICAgImFjY2VwdGVkQW5zd2VyIjogewogICAgICAiQHR5cGUiOiAiQW5zd2VyIiwKICAgICAgInRleHQiOiAiU2Vnb25zIGVsIHRpcHVzIGRlIHNlcnZlaSBpIGxhIGRhdGEgc29swrdsaWNpdGFkYSwgcG90IHNlciBuZWNlc3NhcmkgZmVyIHVuIGRpcMOyc2l0IHBlciBjb25maXJtYXIgbGEgcmVzZXJ2YSBkZWwgbWluaWLDunMuIEFxdWVzdCBwYWdhbWVudCBnYXJhbnRlaXggbGEgZGlzcG9uaWJpbGl0YXQgZGVsIHZlaGljbGUgaSBkZWwgY29uZHVjdG9yIGVuIGwnaG9yYXJpIGFjb3JkYXQuIEFsIHByZXNzdXBvc3QgZXMgZGV0YWxsZW4gY2xhcmFtZW50IGxlcyBjb25kaWNpb25zLCBlbHMgaW1wb3J0cyBpIGVscyB0ZXJtaW5pcyBwZXIgZm9ybWFsaXR6YXIgbGEgY29udHJhY3RhY2nDsywgaSBzJ2hpIHByb3BvcmNpb25hIHRvdGEgbGEgaW5mb3JtYWNpw7MgbmVjZXNzw6ByaWEgcGVyIHBsYW5pZmljYXIgZWwgdmlhdGdlIGFtYiB0cmFucXVpbMK3bGl0YXQuIgogICAgfQogIH1dCn0KPC9zY3JpcHQ+[\/vc_raw_html][\/vc_column][\/vc_row]<\/p>\n<\/div>","protected":false},"excerpt":{"rendered":"<p>[vc_row row_fullwidth=\u00bb1&#8243; row_zero_column_space=\u00bb1&#8243; css=\u00bb.vc_custom_1461073450203{margin-top: 0px !important;margin-right: 0px !important;margin-bottom: 0px !important;margin-left: 0px !important;padding-top: 0px !important;padding-right: 0px !important;padding-bottom: 0px !important;padding-left: 0px !important;}\u00bb][vc_column offset=\u00bbvc_hidden-sm vc_hidden-xs\u00bb][rev_slider_vc alias=\u00bbbadalona-minibus-1&#8243; el_class=\u00bbno-bottom-margin\u00bb][\/vc_column][\/vc_row][vc_row gap=\u00bb5&#8243; row_fullwidth=\u00bb1&#8243; css=\u00bb.vc_custom_1684321545730{margin-top: 0px !important;margin-bottom: 0px [&hellip;]<\/p>\n","protected":false},"author":10,"featured_media":0,"parent":0,"menu_order":0,"comment_status":"closed","ping_status":"closed","template":"","meta":{"footnotes":""},"class_list":["post-15077","page","type-page","status-publish","hentry"],"_links":{"self":[{"href":"https:\/\/badabus.com\/ca\/wp-json\/wp\/v2\/pages\/15077","targetHints":{"allow":["GET"]}}],"collection":[{"href":"https:\/\/badabus.com\/ca\/wp-json\/wp\/v2\/pages"}],"about":[{"href":"https:\/\/badabus.com\/ca\/wp-json\/wp\/v2\/types\/page"}],"author":[{"embeddable":true,"href":"https:\/\/badabus.com\/ca\/wp-json\/wp\/v2\/users\/10"}],"replies":[{"embeddable":true,"href":"https:\/\/badabus.com\/ca\/wp-json\/wp\/v2\/comments?post=15077"}],"version-history":[{"count":16,"href":"https:\/\/badabus.com\/ca\/wp-json\/wp\/v2\/pages\/15077\/revisions"}],"predecessor-version":[{"id":15864,"href":"https:\/\/badabus.com\/ca\/wp-json\/wp\/v2\/pages\/15077\/revisions\/15864"}],"wp:attachment":[{"href":"https:\/\/badabus.com\/ca\/wp-json\/wp\/v2\/media?parent=15077"}],"curies":[{"name":"wp","href":"https:\/\/api.w.org\/{rel}","templated":true}]}}