{"id":15040,"date":"2026-08-21T09:43:38","date_gmt":"2026-08-21T07:43:38","guid":{"rendered":"https:\/\/badabus.com\/?page_id=15040"},"modified":"2026-08-31T12:13:05","modified_gmt":"2026-08-31T10:13:05","slug":"fira-mwc-barcelona","status":"publish","type":"page","link":"https:\/\/badabus.com\/ca\/fira-mwc-barcelona\/","title":{"rendered":"Landing Fira MWC Barcelona CAT"},"content":{"rendered":"<div class=\"wpb-content-wrapper\"><p>[vc_row row_fullwidth=\u00bb1&#8243; row_zero_column_space=\u00bb1&#8243; css=\u00bb.vc_custom_1771569095907{margin-top: 0px !important;margin-right: 0px !important;margin-bottom: 0px !important;margin-left: 0px !important;padding-top: 0px !important;padding-right: 0px !important;padding-bottom: 0px !important;padding-left: 0px !important;background-image: url(https:\/\/badabus.com\/wp-content\/uploads\/feria-barcelona-1920.webp?id=13834) !important;}\u00bb el_id=\u00bbfila-fondo-1&#8243;][vc_column offset=\u00bbvc_hidden-sm vc_hidden-xs\u00bb][vc_empty_space height=\u00bb85px\u00bb][vc_column_text css=\u00bb\u00bb]<\/p>\n<h1 class=\"h1-ferias\">Minib\u00fas per al MWC Barcelona<\/h1>\n<p class=\"subtitular-ferias\">Trasllats privats, aeroport, hotels i transfers per al teu equip durant el Mobile World Congress a Barcelona<\/p>\n<p>[\/vc_column_text][vc_btn title=\u00bbSol\u00b7licitar pressupost sense comprom\u00eds\u00bb style=\u00bbgradient-custom\u00bb gradient_custom_color_1=\u00bb#25a6b9&#8243; gradient_custom_color_2=\u00bb#e22893&#8243; shape=\u00bbround\u00bb size=\u00bblg\u00bb align=\u00bbcenter\u00bb css=\u00bb.vc_custom_1771569879054{padding-right: 3% !important;padding-left: 3% !important;}\u00bb link=\u00bburl:https%3A%2F%2Fbadabus.com%2Fpresupuesto-alquiler-minibuses%2F|title:Pressupost%20lloguer%20minib%C3%BAs%20VIP|\u00bb][vc_empty_space height=\u00bb85px\u00bb][\/vc_column][\/vc_row][vc_row][vc_column][vc_empty_space height=\u00bb80px\u00bb][\/vc_column][\/vc_row][vc_row][vc_column width=\u00bb1\/2&#8243; css=\u00bb.vc_custom_1771842321319{margin-left: 30px !important;}\u00bb][vc_single_image image=\u00bb15042&#8243; img_size=\u00bblarge\u00bb alignment=\u00bbcenter\u00bb css=\u00bb.vc_custom_1771585136961{border-radius: 5px !important;}\u00bb][\/vc_column][vc_column width=\u00bb1\/2&#8243;][vc_column_text css=\u00bb\u00bb]<\/p>\n<h2 class=\"h2-ferias\">Minib\u00fas VIP per al Mobile World Congress Barcelona<\/h2>\n<p>[\/vc_column_text][vc_column_text css=\u00bb\u00bb]<\/p>\n<p class=\"p-tics\"><img loading=\"lazy\" decoding=\"async\" class=\"icono-tic\" src=\"https:\/\/badabus.com\/wp-content\/uploads\/icono-tic.png\" alt=\"icono tic\" width=\"15\" height=\"15\" \/> Transfers puntuals aeroport <img loading=\"lazy\" decoding=\"async\" class=\"alignnone size-full wp-image-13803\" src=\"https:\/\/badabus.com\/wp-content\/uploads\/flecha-rutas.png\" alt=\"flecha rutas ferias\" width=\"27\" height=\"8\" \/> fira <img loading=\"lazy\" decoding=\"async\" class=\"alignnone size-full wp-image-13803\" src=\"https:\/\/badabus.com\/wp-content\/uploads\/flecha-rutas.png\" alt=\"flecha rutas ferias\" width=\"27\" height=\"8\" \/> hotel<\/p>\n<p class=\"p-tics\"><img loading=\"lazy\" decoding=\"async\" class=\"icono-tic\" src=\"https:\/\/badabus.com\/wp-content\/uploads\/icono-tic.png\" alt=\"icono tic\" width=\"15\" height=\"15\" \/> Minibusos moderns i conductors professionals<\/p>\n<p class=\"p-tics\"><img loading=\"lazy\" decoding=\"async\" class=\"icono-tic\" src=\"https:\/\/badabus.com\/wp-content\/uploads\/icono-tic.png\" alt=\"icono tic\" width=\"15\" height=\"15\" \/> Servei flexible adaptat a agendes de congressos<\/p>\n<p class=\"p-tics\"><img loading=\"lazy\" decoding=\"async\" class=\"icono-tic\" src=\"https:\/\/badabus.com\/wp-content\/uploads\/icono-tic.png\" alt=\"icono tic\" width=\"15\" height=\"15\" \/> Disponible en exclusiva les hores que necessitis<\/p>\n<p>[\/vc_column_text][vc_btn title=\u00bbSol\u00b7licitar pressupost sense comprom\u00eds\u00bb style=\u00bbgradient-custom\u00bb gradient_custom_color_1=\u00bb#25a6b9&#8243; gradient_custom_color_2=\u00bb#e22893&#8243; shape=\u00bbround\u00bb size=\u00bblg\u00bb align=\u00bbleft\u00bb css=\u00bb.vc_custom_1786963213731{padding-right: 3% !important;padding-left: 3% !important;}\u00bb link=\u00bburl:https%3A%2F%2Fbadabus.com%2Fca%2Fpressupost-lloguer-de-minibusos%2F|title:Pressupost%20lloguer%20minib%C3%BAs%20VIP\u00bb][\/vc_column][\/vc_row][vc_row][vc_column][vc_empty_space height=\u00bb80px\u00bb][\/vc_column][\/vc_row][vc_row el_id=\u00bbfila-gris\u00bb css=\u00bb.vc_custom_1771569848809{padding-top: 80px !important;padding-bottom: 80px !important;}\u00bb][vc_column][vc_column_text css=\u00bb\u00bb]<\/p>\n<h2 class=\"h2-quien-necesita color-negro\">Qui necessita transport per al Mobile World Congress?<\/h2>\n<p class=\"p-tics centrado\">Transport corporatiu per a professionals que visiten Barcelona amb motiu del Mobile World Congress<\/p>\n<p>[\/vc_column_text][vc_empty_space height=\u00bb20px\u00bb][vc_row_inner][vc_column_inner width=\u00bb1\/4&#8243;][vc_single_image image=\u00bb13805&#8243; alignment=\u00bbcenter\u00bb css=\u00bb.vc_custom_1771569533318{margin-bottom: 0px !important;}\u00bb][vc_column_text css=\u00bb.vc_custom_1771589825077{margin-bottom: 0px !important;}\u00bb]<\/p>\n<p class=\"titulo-icono color-negro\">Comercials i directius<\/p>\n<p class=\"p-icono color-gris-osc\">Transporta tot el teu equip<\/p>\n<p>[\/vc_column_text][\/vc_column_inner][vc_column_inner width=\u00bb1\/4&#8243;][vc_single_image image=\u00bb15046&#8243; alignment=\u00bbcenter\u00bb css=\u00bb.vc_custom_1771573005490{margin-bottom: 0px !important;}\u00bb][vc_column_text css=\u00bb.vc_custom_1771589852246{margin-bottom: 0px !important;}\u00bb]<\/p>\n<p class=\"titulo-icono color-negro\">Organitzadors de fires i congressos<\/p>\n<p class=\"p-icono color-gris-osc\">Trasllats grupals organitzats<\/p>\n<p>[\/vc_column_text][\/vc_column_inner][vc_column_inner width=\u00bb1\/4&#8243;][vc_single_image image=\u00bb15048&#8243; alignment=\u00bbcenter\u00bb css=\u00bb.vc_custom_1771573017674{margin-bottom: 0px !important;}\u00bb][vc_column_text css=\u00bb.vc_custom_1771589868845{margin-bottom: 0px !important;}\u00bb]<\/p>\n<p class=\"titulo-icono color-negro\">Empreses expositores<\/p>\n<p class=\"p-icono color-gris-osc\">Log\u00edstica per a estands i equips<\/p>\n<p>[\/vc_column_text][\/vc_column_inner][vc_column_inner width=\u00bb1\/4&#8243;][vc_single_image image=\u00bb15047&#8243; alignment=\u00bbcenter\u00bb css=\u00bb.vc_custom_1771573029689{margin-bottom: 0px !important;}\u00bb][vc_column_text css=\u00bb.vc_custom_1771589887678{margin-bottom: 0px !important;}\u00bb]<\/p>\n<p class=\"titulo-icono color-negro\">Ag\u00e8ncies d&#8217;esdeveniments<\/p>\n<p class=\"p-icono color-gris-osc\">Servei individual personalitzat<\/p>\n<p>[\/vc_column_text][\/vc_column_inner][\/vc_row_inner][\/vc_column][\/vc_row][vc_row css=\u00bb.vc_custom_1771571985762{padding-top: 120px !important;padding-bottom: 80px !important;}\u00bb][vc_column][vc_column_text css=\u00bb\u00bb]<\/p>\n<h3 class=\"h3-transporte\">Servei de transport disponible<\/h3>\n<p class=\"p-tics centrado\">per a la fira Mobile World Congress de Barcelona<\/p>\n<p>[\/vc_column_text][vc_empty_space height=\u00bb30px\u00bb][vc_row_inner][vc_column_inner width=\u00bb1\/3&#8243; el_id=\u00bbfondo-traslados-directos\u00bb css=\u00bb.vc_custom_1771574011180{padding-top: 35px !important;padding-right: 20px !important;padding-bottom: 35px !important;padding-left: 20px !important;}\u00bb][vc_single_image image=\u00bb15043&#8243; css=\u00bb.vc_custom_1771572737759{margin-bottom: 0px !important;}\u00bb][vc_column_text css=\u00bb.vc_custom_1771852744833{margin-bottom: 0px !important;}\u00bb]<\/p>\n<h4 class=\"h4-traslados\">Fira MWC Barcelona<\/h4>\n<p class=\"titulo-traslados color-blanco\">Trasllats directes<br \/>\n(anada i tornada)<\/p>\n<p class=\"p-traslados\">Des de l&#8217;aeroport, l&#8217;hotel o qualsevol punt de Barcelona fins al recinte firal i tornada:<\/p>\n<p class=\"p-traslados\">\u00b7 Aeroport <img loading=\"lazy\" decoding=\"async\" class=\"alignnone size-full wp-image-14019\" src=\"https:\/\/badabus.com\/wp-content\/uploads\/flecha-rutas-blanca.png\" alt=\"flecha rutas blanca\" width=\"27\" height=\"8\" \/> Fira<br \/>\n\u00b7 Hotel <img loading=\"lazy\" decoding=\"async\" class=\"alignnone size-full wp-image-14019\" src=\"https:\/\/badabus.com\/wp-content\/uploads\/flecha-rutas-blanca.png\" alt=\"flecha rutas blanca\" width=\"27\" height=\"8\" \/> Fira<br \/>\n\u00b7 Punt espec\u00edfic <img loading=\"lazy\" decoding=\"async\" class=\"alignnone size-full wp-image-14019\" src=\"https:\/\/badabus.com\/wp-content\/uploads\/flecha-rutas-blanca.png\" alt=\"flecha rutas blanca\" width=\"27\" height=\"8\" \/> Fira<\/p>\n<p>[\/vc_column_text][vc_empty_space height=\u00bb42px\u00bb][\/vc_column_inner][vc_column_inner width=\u00bb1\/3&#8243; el_id=\u00bbfondo-traslados-combinados\u00bb css=\u00bb.vc_custom_1771574023281{padding-top: 35px !important;padding-right: 20px !important;padding-bottom: 35px !important;padding-left: 20px !important;}\u00bb][vc_single_image image=\u00bb15045&#8243; css=\u00bb.vc_custom_1771573263466{margin-bottom: 0px !important;}\u00bb][vc_column_text css=\u00bb.vc_custom_1772025704559{margin-bottom: 0px !important;}\u00bb]<\/p>\n<h4 class=\"h4-traslados\">Fira MWC Barcelona<\/h4>\n<p class=\"titulo-traslados color-blanco\">Trasllats combinats<br \/>\nhotel &#8211; fira &#8211; aeroport<\/p>\n<p class=\"p-traslados\">Servei integral per a diversos dies de l&#8217;esdeveniment:<\/p>\n<p class=\"p-traslados\">\u00b7 Aeroport <img loading=\"lazy\" decoding=\"async\" class=\"alignnone size-full wp-image-14019\" src=\"https:\/\/badabus.com\/wp-content\/uploads\/flecha-rutas-blanca.png\" alt=\"flecha rutas blanca\" width=\"27\" height=\"8\" \/> Hotel<br \/>\n\u00b7 Hotel <img loading=\"lazy\" decoding=\"async\" class=\"alignnone size-full wp-image-14019\" src=\"https:\/\/badabus.com\/wp-content\/uploads\/flecha-rutas-blanca.png\" alt=\"flecha rutas blanca\" width=\"27\" height=\"8\" \/> Fira<br \/>\n\u00b7 Fira <img loading=\"lazy\" decoding=\"async\" class=\"alignnone size-full wp-image-14019\" src=\"https:\/\/badabus.com\/wp-content\/uploads\/flecha-rutas-blanca.png\" alt=\"flecha rutas blanca\" width=\"27\" height=\"8\" \/> Hotel<br \/>\n\u00b7 Hotel <img loading=\"lazy\" decoding=\"async\" class=\"alignnone size-full wp-image-14019\" src=\"https:\/\/badabus.com\/wp-content\/uploads\/flecha-rutas-blanca.png\" alt=\"flecha rutas blanca\" width=\"27\" height=\"8\" \/> Aeroport<\/p>\n<p>[\/vc_column_text][vc_empty_space height=\u00bb42px\u00bb][\/vc_column_inner][vc_column_inner width=\u00bb1\/3&#8243; el_id=\u00bbfondo-traslados-corporativos\u00bb css=\u00bb.vc_custom_1771574041731{padding-top: 35px !important;padding-right: 20px !important;padding-bottom: 35px !important;padding-left: 20px !important;}\u00bb][vc_single_image image=\u00bb15044&#8243; css=\u00bb.vc_custom_1771573280198{margin-bottom: 0px !important;}\u00bb][vc_column_text css=\u00bb.vc_custom_1771852734464{margin-bottom: 0px !important;}\u00bb]<\/p>\n<h4 class=\"h4-traslados\">Fira MWC Barcelona<\/h4>\n<p class=\"titulo-traslados color-blanco\">Transport corporatiu<br \/>\namb ruta addicional<\/p>\n<p class=\"p-traslados\">Per a directius que necessiten privacitat, comoditat i atenci\u00f3 personalitzada:<\/p>\n<p class=\"p-traslados\">\u00b7 Aeroport <img loading=\"lazy\" decoding=\"async\" class=\"alignnone size-full wp-image-14019\" src=\"https:\/\/badabus.com\/wp-content\/uploads\/flecha-rutas-blanca.png\" alt=\"flecha rutas blanca\" width=\"27\" height=\"8\" \/> Fira +<br \/>\nRuta per Barcelona i\/o Catalunya<\/p>\n<p class=\"p-traslados-peq\">Andorra \u00b7 La Roca Village \u00b7 Montserrat \u00b7 Sitges \u00b7 Figueres \u00b7 Costa Brava \u00b7 Altres destinacions sota petici\u00f3<\/p>\n<p>[\/vc_column_text][\/vc_column_inner][\/vc_row_inner][\/vc_column][\/vc_row][vc_row][vc_column][vc_single_image image=\u00bb15070&#8243; img_size=\u00bbfull\u00bb alignment=\u00bbcenter\u00bb css=\u00bb\u00bb][\/vc_column][\/vc_row][vc_row css=\u00bb.vc_custom_1771569848809{padding-top: 80px !important;padding-bottom: 80px !important;}\u00bb][vc_column][vc_column_text css=\u00bb\u00bb]<\/p>\n<h2 class=\"p-que-necesitas\">Qu\u00e8 has de saber sobre la<br \/>\n<span class=\"h2-que-necesitas\">fira Mobile World Congress de Barcelona<\/span><\/h2>\n<p>[\/vc_column_text][vc_empty_space height=\u00bb20px\u00bb][vc_row_inner][vc_column_inner el_class=\u00bbcolumna-tarjeta\u00bb width=\u00bb1\/3&#8243;][vc_column_text css=\u00bb.vc_custom_1771583601394{margin-bottom: 0px !important;}\u00bb]<\/p>\n<div class=\"tarjeta-info tarjeta-ubicacion\">\n<div class=\"tarjeta-ubicacion__texto\">\n<p class=\"p-banner-que-necesitas\">Ubicaci\u00f3<\/p>\n<p class=\"h3-banner-que-necesitas color-magenta\">Fira Barcelona Gran Via<br \/>\nCatalunya<\/p>\n<\/div>\n<\/div>\n<p>[\/vc_column_text][\/vc_column_inner][vc_column_inner el_class=\u00bbcolumna-tarjeta\u00bb width=\u00bb1\/3&#8243;][vc_column_text css=\u00bb.vc_custom_1771584018199{margin-bottom: 0px !important;}\u00bb]<\/p>\n<div class=\"tarjeta-info tarjeta-sector\">\n<div class=\"tarjeta-ubicacion__texto\">\n<p class=\"p-banner-que-necesitas\">Sector<\/p>\n<p class=\"h3-banner-que-necesitas color-azul-osc\">Tecnol\u00f2gic i<br \/>\ntelecomunicacions<\/p>\n<\/div>\n<\/div>\n<p>[\/vc_column_text][\/vc_column_inner][vc_column_inner el_class=\u00bbcolumna-tarjeta\u00bb width=\u00bb1\/3&#8243;][vc_column_text css=\u00bb.vc_custom_1771584027098{margin-bottom: 0px !important;}\u00bb]<\/p>\n<div class=\"tarjeta-info tarjeta-transporte-recomendado\">\n<div class=\"tarjeta-ubicacion__texto\">\n<p class=\"p-banner-que-necesitas\">Transport recomanat<\/p>\n<p class=\"h3-banner-que-necesitas color-azul-cla\">Minib\u00fas VIP<br \/>\nBadabus<\/p>\n<\/div>\n<\/div>\n<p>[\/vc_column_text][\/vc_column_inner][\/vc_row_inner][vc_row_inner css=\u00bb.vc_custom_1771588754055{margin-top: 10px !important;}\u00bb][vc_column_inner width=\u00bb1\/2&#8243; css=\u00bb.vc_custom_1771588768920{border-radius: 5px !important;}\u00bb][vc_single_image image=\u00bb15051&#8243; img_size=\u00bblarge\u00bb alignment=\u00bbcenter\u00bb css=\u00bb.vc_custom_1771588764979{border-radius: 5px !important;}\u00bb el_class=\u00bbradio-fotos\u00bb][\/vc_column_inner][vc_column_inner width=\u00bb1\/2&#8243;][vc_column_text css=\u00bb\u00bb]<\/p>\n<p class=\"p-detalle-feria\">El <strong><a href=\"https:\/\/www.mwcbarcelona.com\/\" target=\"_blank\" rel=\"noopener nofollow\">Mobile World Congress<\/a> \u00e9s una de les trobades internacionals m\u00e9s rellevants del sector tecnol\u00f2gic i de les telecomunicacions<\/strong>. Cada any reuneix a Barcelona milers de professionals, directius i empreses expositores de tot el m\u00f3n, i es converteix en un punt clau per a la innovaci\u00f3, el networking i els acords empresarials.<\/p>\n<p class=\"p-detalle-feria\">Durant els dies del congr\u00e9s, la ciutat viu una alta concentraci\u00f3 de visitants professionals, amb agendes molt ajustades i m\u00faltiples despla\u00e7aments diaris entre aeroport, hotels, recintes firals i reunions externes.<\/p>\n<p class=\"p-detalle-feria\">Aquesta intensa activitat fa que la planificaci\u00f3 del transport sigui un aspecte fonamental per garantir puntualitat, comoditat i una experi\u00e8ncia fluida durant tot l&#8217;esdeveniment. En aquest context, comptar amb un <strong>servei de transport professional en <a href=\"https:\/\/badabus.com\/ca\/lloguer-de-minibus-barcelona\">minib\u00fas<\/a> permet a empreses i equips optimitzar temps<\/strong>, evitar imprevistos i delegar la log\u00edstica de mobilitat en un prove\u00efdor especialitzat.<\/p>\n<p class=\"p-detalle-feria\">Una soluci\u00f3 pensada per a qui assisteix al <a href=\"https:\/\/es.wikipedia.org\/wiki\/Mobile_World_Congress\" target=\"_blank\" rel=\"noopener nofollow\">Mobile World Congress<\/a> amb un objectiu clar: centrar-se en l&#8217;esdeveniment i en les seves oportunitats de negoci, sense preocupar-se pels despla\u00e7aments en una ciutat en ple ritme de congr\u00e9s.<\/p>\n<p>[\/vc_column_text][\/vc_column_inner][\/vc_row_inner][vc_row_inner css=\u00bb.vc_custom_1771934735386{margin-bottom: 0px !important;}\u00bb el_class=\u00bbfila-centrada\u00bb][vc_column_inner el_class=\u00bbcolumna-details\u00bb width=\u00bb1\/2&#8243; css=\u00bb.vc_custom_1771934379675{margin-bottom: 10px !important;}\u00bb][vc_column_text css=\u00bb.vc_custom_1771934414160{margin-bottom: 0px !important;}\u00bb]<\/p>\n<details>\n<summary class=\"titulo-details\">Perfil del visitant del MWC<\/summary>\n<p class=\"p-details\">El Mobile World Congress (MWC) atrau una audi\u00e8ncia professional altament especialitzada dins de l&#8217;ecosistema tecnol\u00f2gic i digital. Hi predominen assistents amb un inter\u00e8s principal per la connectivitat, la innovaci\u00f3 m\u00f2bil i les tecnologies emergents. Entre els perfils m\u00e9s habituals hi ha:<\/p>\n<ul class=\"p-details\">\n<li>Executius i directius d&#8217;empreses de telecomunicacions i tecnologia.<\/li>\n<li>Responsables d&#8217;innovaci\u00f3 i digitalitzaci\u00f3 de grans corporacions.<\/li>\n<li>Inversors i venture capital centrats en startups tecnol\u00f2giques.<\/li>\n<li>Enginyers, desenvolupadors i especialistes en programari.<\/li>\n<li>Delegats governamentals i representants institucionals.<\/li>\n<li>Mitjans de comunicaci\u00f3 i analistes del sector digital.<\/li>\n<\/ul>\n<p class=\"p-details\">Aquest perfil variat reflecteix que el MWC no \u00e9s nom\u00e9s una fira d&#8217;exposici\u00f3, sin\u00f3 un punt de trobada strategic business hub per a la ind\u00fastria tecnol\u00f2gica global.<\/p>\n<\/details>\n<p>[\/vc_column_text][\/vc_column_inner][vc_column_inner el_class=\u00bbcolumna-details\u00bb width=\u00bb1\/2&#8243; css=\u00bb.vc_custom_1771934375809{margin-bottom: 10px !important;}\u00bb][vc_column_text css=\u00bb.vc_custom_1771934418026{margin-bottom: 0px !important;}\u00bb]<\/p>\n<details>\n<summary class=\"titulo-details\">Tipus d&#8217;empreses expositores del MWC<\/summary>\n<p class=\"p-details\">Les empreses que participen com a expositores al MWC representen un ampli espectre del sector tecnol\u00f2gic. Entre les principals categories destaquen:<\/p>\n<ul class=\"p-details\">\n<li>Operadors de telecomunicacions i xarxes 5G.<\/li>\n<li>Fabricants de dispositius m\u00f2bils i maquinari intel\u00b7ligent.<\/li>\n<li>Prove\u00efdors de solucions de programari empresarial i plataformes cloud.<\/li>\n<li>Startups tecnol\u00f2giques especialitzades en IA, IoT i mobilitat.<\/li>\n<li>Empreses de seguretat digital i ciberseguretat.<\/li>\n<li>Prove\u00efdors d&#8217;infraestructura de xarxa i data centers.<\/li>\n<\/ul>\n<p class=\"p-details\">Aquest mix d&#8217;expositors converteix el MWC en l&#8217;esdeveniment m\u00e9s influent del sector de la connectivitat i la tecnologia a escala global, amb milers de marques exposant-hi cada any.<\/p>\n<\/details>\n<p>[\/vc_column_text][\/vc_column_inner][\/vc_row_inner][vc_row_inner css=\u00bb.vc_custom_1771934741150{margin-bottom: 0px !important;}\u00bb el_class=\u00bbfila-centrada\u00bb][vc_column_inner el_class=\u00bbcolumna-details\u00bb width=\u00bb1\/2&#8243; css=\u00bb.vc_custom_1771934386142{margin-bottom: 10px !important;}\u00bb][vc_column_text css=\u00bb.vc_custom_1771934422210{margin-bottom: 0px !important;}\u00bb]<\/p>\n<details>\n<summary class=\"titulo-details\">Necessitats log\u00edstiques espec\u00edfiques de l&#8217;esdeveniment MWC<\/summary>\n<p class=\"p-details\">El MWC \u00e9s un congr\u00e9s de gran magnitud que planteja necessitats log\u00edstiques complexes per a visitants i expositors, com ara:<\/p>\n<ul class=\"p-details\">\n<li>Trasllats organitzats des d&#8217;aeroports i estacions de tren fins als hotels i el recinte firal.<\/li>\n<li>Coordinaci\u00f3 de vehicles per a delegacions internacionals i equips comercials.<\/li>\n<li>Mobilitat eficient entre diferents espais de la fira i zones de networking.<\/li>\n<li>Solucions de transport per a grups nombrosos en hores punta.<\/li>\n<li>Gesti\u00f3 d&#8217;equipament tecnol\u00f2gic i materials d&#8217;exposici\u00f3 voluminosos.<\/li>\n<\/ul>\n<p class=\"p-details\">Ateses les dimensions de l&#8217;esdeveniment i la concentraci\u00f3 de professionals en poques jornades, comptar amb un transport ben planificat \u00e9s cr\u00edtic per complir agendes i reunions durant el MWC.<\/p>\n<\/details>\n<p>[\/vc_column_text][\/vc_column_inner][vc_column_inner el_class=\u00bbcolumna-details\u00bb width=\u00bb1\/2&#8243; css=\u00bb.vc_custom_1771934399111{margin-bottom: 10px !important;}\u00bb][vc_column_text css=\u00bb.vc_custom_1771934429312{margin-bottom: 0px !important;}\u00bb]<\/p>\n<details>\n<summary class=\"titulo-details\">Principals pa\u00efsos o regions representats al MWC<\/summary>\n<p class=\"p-details\">El Mobile World Congress atrau professionals de tot el m\u00f3n, amb una representaci\u00f3 molt diversa. En edicions recents hi han participat assistents de m\u00e9s de 200 pa\u00efsos i territoris, i destaquen:<\/p>\n<ul class=\"p-details\">\n<li>Europa (Espanya, Regne Unit, Alemanya, Fran\u00e7a)<\/li>\n<li>Am\u00e8rica del Nord (EUA, Canad\u00e0)<\/li>\n<li>\u00c0sia (Xina, Corea del Sud, Jap\u00f3, \u00cdndia)<\/li>\n<li>Orient Mitj\u00e0 (Emirats \u00c0rabs Units)<\/li>\n<li>Am\u00e8rica Llatina (Brasil, M\u00e8xic, Argentina)<\/li>\n<\/ul>\n<p class=\"p-details\">Aquesta diversitat geogr\u00e0fica fa del MWC un esdeveniment veritablement global, amb una forta pres\u00e8ncia tant de mercats madurs com de regions emergents en tecnologia.<\/p>\n<p><strong>Nombre d&#8217;assistents del MWC<\/strong><br \/>\n2023: ~88.500 assistents, recuperant impuls despr\u00e9s de la pand\u00e8mia.<br \/>\n2024: +101.000 assistents procedents de m\u00e9s de 205 pa\u00efsos i territoris.<br \/>\n2025: ~109.000 assistents, igualant xifres prepand\u00e8mia i marcant r\u00e8cord.<br \/>\nAquestes xifres confirmen que el MWC continua sent un dels congressos de tecnologia m\u00e9s importants i amb m\u00e9s participaci\u00f3 internacional.<\/p>\n<\/details>\n<p>[\/vc_column_text][\/vc_column_inner][\/vc_row_inner][\/vc_column][\/vc_row][vc_row el_id=\u00bbfila-morada\u00bb css=\u00bb.vc_custom_1771596688152{padding-top: 60px !important;padding-bottom: 60px !important;}\u00bb][vc_column][vc_column_text css=\u00bb\u00bb]<\/p>\n<h2 class=\"h2-quien-necesita color-blanco\">Per qu\u00e8 triar Badabus per al teu congr\u00e9s o fira a Barcelona?<\/h2>\n<p>[\/vc_column_text][vc_empty_space height=\u00bb30px\u00bb][vc_row_inner][vc_column_inner width=\u00bb1\/5&#8243;][vc_single_image image=\u00bb15053&#8243; alignment=\u00bbcenter\u00bb css=\u00bb.vc_custom_1771592050302{margin-bottom: 0px !important;}\u00bb][vc_column_text css=\u00bb.vc_custom_1771596543019{margin-top: 0px !important;margin-bottom: 0px !important;}\u00bb]<\/p>\n<p class=\"titulo-icono color-blanco\">Puntualitat garantida<\/p>\n<p class=\"p-icono color-blanco\">Arribem sempre a temps<\/p>\n<p>[\/vc_column_text][\/vc_column_inner][vc_column_inner width=\u00bb1\/5&#8243;][vc_single_image image=\u00bb15056&#8243; alignment=\u00bbcenter\u00bb css=\u00bb.vc_custom_1771592056165{margin-bottom: 0px !important;}\u00bb][vc_column_text css=\u00bb.vc_custom_1771591701073{margin-bottom: 0px !important;}\u00bb]<\/p>\n<p class=\"titulo-icono color-blanco\">Conductors professionals<\/p>\n<p class=\"p-icono color-blanco\">amb experi\u00e8ncia en esdeveniments<\/p>\n<p>[\/vc_column_text][\/vc_column_inner][vc_column_inner width=\u00bb1\/5&#8243;][vc_single_image image=\u00bb15054&#8243; alignment=\u00bbcenter\u00bb css=\u00bb.vc_custom_1771592068345{margin-bottom: 0px !important;}\u00bb][vc_column_text css=\u00bb.vc_custom_1771589955328{margin-bottom: 0px !important;}\u00bb]<\/p>\n<p class=\"titulo-icono color-blanco\">Minibusos c\u00f2modes<\/p>\n<p class=\"p-icono color-blanco\">Climatitzats i espaiosos<\/p>\n<p>[\/vc_column_text][\/vc_column_inner][vc_column_inner width=\u00bb1\/5&#8243;][vc_single_image image=\u00bb15052&#8243; alignment=\u00bbcenter\u00bb css=\u00bb.vc_custom_1771592074535{margin-bottom: 0px !important;}\u00bb][vc_column_text css=\u00bb.vc_custom_1771589980245{margin-bottom: 0px !important;}\u00bb]<\/p>\n<p class=\"titulo-icono color-blanco\">Imatge professional<\/p>\n<p class=\"p-icono color-blanco\">Per a empreses i equips<\/p>\n<p>[\/vc_column_text][\/vc_column_inner][vc_column_inner width=\u00bb1\/5&#8243;][vc_single_image image=\u00bb15055&#8243; alignment=\u00bbcenter\u00bb css=\u00bb.vc_custom_1771592093860{margin-bottom: 0px !important;}\u00bb][vc_column_text css=\u00bb\u00bb]<\/p>\n<p class=\"titulo-icono color-blanco\">Facilitador de log\u00edstica<\/p>\n<p class=\"p-icono color-blanco\">Un \u00fanic prove\u00efdor per a tot<\/p>\n<p>[\/vc_column_text][\/vc_column_inner][\/vc_row_inner][\/vc_column][\/vc_row][vc_row css=\u00bb.vc_custom_1771596688152{padding-top: 60px !important;padding-bottom: 60px !important;}\u00bb][vc_column][vc_empty_space height=\u00bb30px\u00bb][\/vc_column][\/vc_row][vc_row row_fullwidth=\u00bb1&#8243; row_vertical_center=\u00bb1&#8243;][vc_column width=\u00bb1\/4&#8243; el_class=\u00bbcolumna1-como-funciona\u00bb][vc_column_text css=\u00bb\u00bb]<\/p>\n<h3 class=\"h3-como-funciona\">Com funciona el servei<\/h3>\n<p>[\/vc_column_text][vc_column_text css=\u00bb.vc_custom_1771847463191{margin-bottom: 10px !important;}\u00bb]<\/p>\n<div class=\"bloque-info\">\n<div class=\"icono\"><img decoding=\"async\" src=\"https:\/\/badabus.com\/wp-content\/uploads\/circulos-01.svg\" alt=\"Paso 1\" \/><\/div>\n<div class=\"texto-como-funciona\">Indiques l&#8217;esdeveniment, les dates i el nombre de persones<\/div>\n<\/div>\n<p>[\/vc_column_text][vc_column_text css=\u00bb.vc_custom_1771847668598{margin-bottom: 10px !important;}\u00bb]<\/p>\n<div class=\"bloque-info\">\n<div class=\"icono\"><img decoding=\"async\" src=\"https:\/\/badabus.com\/wp-content\/uploads\/circulos-02.svg\" alt=\"Paso 2\" \/><\/div>\n<div class=\"texto-como-funciona\">Assignaci\u00f3 de vehicle i conductor especialitzat<\/div>\n<\/div>\n<p>[\/vc_column_text][vc_column_text css=\u00bb.vc_custom_1771847446841{margin-bottom: 10px !important;}\u00bb]<\/p>\n<div class=\"bloque-info\">\n<div class=\"icono\"><img decoding=\"async\" src=\"https:\/\/badabus.com\/wp-content\/uploads\/circulos-03.svg\" alt=\"Paso 3\" \/><\/div>\n<div class=\"texto-como-funciona\">Dissenyem la ruta i els horaris \u00f2ptims<\/div>\n<\/div>\n<p>[\/vc_column_text][vc_column_text css=\u00bb.vc_custom_1771847679498{margin-bottom: 10px !important;}\u00bb]<\/p>\n<div class=\"bloque-info\">\n<div class=\"icono\"><img decoding=\"async\" src=\"https:\/\/badabus.com\/wp-content\/uploads\/circulos-04.svg\" alt=\"Paso 4\" \/><\/div>\n<div class=\"texto-como-funciona\">Transport puntual durant el congr\u00e9s o esdeveniment<\/div>\n<\/div>\n<p>[\/vc_column_text][vc_column_text css=\u00bb.vc_custom_1771847689148{margin-bottom: 10px !important;}\u00bb]<\/p>\n<div class=\"bloque-info\">\n<div class=\"icono\"><img decoding=\"async\" src=\"https:\/\/badabus.com\/wp-content\/uploads\/circulos-05.svg\" alt=\"Paso 5\" \/><\/div>\n<div class=\"texto-como-funciona\">Confirmaci\u00f3 del servei i planificaci\u00f3<\/div>\n<\/div>\n<p>[\/vc_column_text][vc_btn title=\u00bbSol\u00b7licitar pressupost sense comprom\u00eds\u00bb style=\u00bbgradient-custom\u00bb gradient_custom_color_1=\u00bb#25a6b9&#8243; gradient_custom_color_2=\u00bb#e22893&#8243; shape=\u00bbround\u00bb align=\u00bbleft\u00bb css=\u00bb.vc_custom_1786963294685{padding-right: 3% !important;padding-left: 3% !important;}\u00bb link=\u00bburl:https%3A%2F%2Fbadabus.com%2Fca%2Fpressupost-lloguer-de-minibusos|title:Pressupost%20lloguer%20minib%C3%BAs%20VIP\u00bb][\/vc_column][vc_column width=\u00bb3\/4&#8243; el_class=\u00bbcolumna2-como-funciona\u00bb][vc_single_image image=\u00bb15057&#8243; img_size=\u00bbfull\u00bb css=\u00bb.vc_custom_1771842447378{border-radius: 10px !important;}\u00bb][\/vc_column][\/vc_row][vc_row][vc_column][vc_empty_space height=\u00bb50px\u00bb][vc_row_inner][vc_column_inner][vc_column_text css=\u00bb\u00bb]<\/p>\n<h2 class=\"p-que-necesitas\">Vehicles i capacitat<br \/>\n<span class=\"h2-que-necesitas\">Transport premium per al MWC Barcelona<\/span><\/h2>\n<p>[\/vc_column_text][\/vc_column_inner][\/vc_row_inner][vc_row_inner][vc_column_inner width=\u00bb1\/2&#8243;][vc_images_carousel images=\u00bb15058,15059,15060,15061&#8243; img_size=\u00bblarge\u00bb onclick=\u00bblink_no\u00bb autoplay=\u00bbyes\u00bb hide_pagination_control=\u00bbyes\u00bb wrap=\u00bbyes\u00bb css=\u00bb.vc_custom_1771855271562{border-radius: 5px !important;}\u00bb][vc_column_text css=\u00bb.vc_custom_1772005458899{padding-right: 20px !important;padding-left: 20px !important;}\u00bb]<\/p>\n<h3 class=\"titulo-capacidad color-azul-cla\">Minibusos VIP per a grups professionals<\/h3>\n<ul class=\"lista-personalizada\">\n<li class=\"p-tics\">Capacitat adaptable segons necessitats<\/li>\n<li class=\"p-tics\">Vehicles revisats i confortables<\/li>\n<li class=\"p-tics\">Espai per a equipatge, material promocional o expositors<\/li>\n<\/ul>\n<p>[\/vc_column_text][\/vc_column_inner][vc_column_inner width=\u00bb1\/2&#8243;][vc_images_carousel images=\u00bb15067,15065,15062,15063&#8243; img_size=\u00bblarge\u00bb onclick=\u00bblink_no\u00bb autoplay=\u00bbyes\u00bb hide_pagination_control=\u00bbyes\u00bb wrap=\u00bbyes\u00bb css=\u00bb.vc_custom_1771855364299{border-radius: 5px !important;}\u00bb][vc_column_text css=\u00bb.vc_custom_1772005464880{padding-right: 20px !important;padding-left: 20px !important;}\u00bb]<\/p>\n<h3 class=\"titulo-capacidad color-morado\">Autocars per a transports amb m\u00e9s capacitat<\/h3>\n<ul>\n<li class=\"p-tics\">Puntualitat i flexibilitat segons l&#8217;agenda del congr\u00e9s<\/li>\n<li class=\"p-tics\">Servei personalitzat per a esdeveniments corporatius<\/li>\n<li class=\"p-tics\">Conductors professionals i alta seguretat<\/li>\n<\/ul>\n<p>[\/vc_column_text][\/vc_column_inner][\/vc_row_inner][vc_row_inner][vc_column_inner][vc_btn title=\u00bbSol\u00b7licitar pressupost sense comprom\u00eds\u00bb style=\u00bbgradient-custom\u00bb gradient_custom_color_1=\u00bb#25a6b9&#8243; gradient_custom_color_2=\u00bb#e22893&#8243; shape=\u00bbround\u00bb align=\u00bbcenter\u00bb css=\u00bb.vc_custom_1786963311294{padding-right: 3% !important;padding-left: 3% !important;}\u00bb link=\u00bburl:https%3A%2F%2Fbadabus.com%2Fca%2Fpressupost-lloguer-de-minibusos%2F|title:Pressupost%20lloguer%20minib%C3%BAs%20VIP\u00bb][\/vc_column_inner][\/vc_row_inner][\/vc_column][\/vc_row][vc_row full_width=\u00bbstretch_row\u00bb row_fullwidth=\u00bb1&#8243;][vc_column][vc_row_inner][vc_column_inner][vc_empty_space height=\u00bb50px\u00bb][\/vc_column_inner][\/vc_row_inner][vc_row_inner el_class=\u00bbfranja-turquesa\u00bb css=\u00bb.vc_custom_1771857500073{padding-top: 120px !important;padding-bottom: 65px !important;}\u00bb][vc_column_inner width=\u00bb1\/2&#8243;][vc_column_text css=\u00bb.vc_custom_1771857515037{padding-right: 20px !important;padding-left: 20px !important;}\u00bb]<\/p>\n<h2 class=\"titulo-traslados color-blanco\">Organitza el transport del teu equip per al congr\u00e9s sense preocupacions<\/h2>\n<p>&nbsp;<\/p>\n<ul>\n<li class=\"p-tics-organiza\">Experi\u00e8ncia en transport per a esdeveniments a Barcelona i l&#8217;\u00e0rea metropolitana<\/li>\n<li class=\"p-tics-organiza\">Optimitzaci\u00f3 de rutes en dies de gran aflu\u00e8ncia<\/li>\n<li class=\"p-tics-organiza\">Coneixement dels accessos a recintes firals, hotels i aeroports<\/li>\n<\/ul>\n<p>[\/vc_column_text][\/vc_column_inner][vc_column_inner width=\u00bb1\/2&#8243;][vc_single_image image=\u00bb15069&#8243; img_size=\u00bblarge\u00bb alignment=\u00bbcenter\u00bb css=\u00bb\u00bb][\/vc_column_inner][\/vc_row_inner][\/vc_column][\/vc_row][vc_row css=\u00bb.vc_custom_1594969838619{margin-bottom: 25px !important;}\u00bb][vc_column][vc_empty_space height=\u00bb60px\u00bb][vc_column_text css=\u00bb\u00bb]<\/p>\n<h2 class=\"h2-titular\">Preguntes freq\u00fcents<span class=\"h2-subtitular\"><br \/>\nsobre el transport a Barcelona del Mobile World Congress<\/span><\/h2>\n<p>[\/vc_column_text][vc_tta_accordion title_tag=\u00bbh3&#8243; section_title_tag=\u00bbh3&#8243; color=\u00bbwhite\u00bb active_section=\u00bb1&#8243;][vc_tta_section title=\u00bbEs pot contractar per a diversos dies?\u00bb tab_id=\u00bb1764068316557-79ee0471-877b\u00bb el_class=\u00bbpregunta-faqs\u00bb][vc_column_text css=\u00bb\u00bb]S\u00ed. Oferim contractaci\u00f3 flexible per dies solts o per tot el per\u00edode de l&#8217;esdeveniment, adaptant-nos a la durada i el ritme de la teva agenda.<\/p>\n<p>Ens encarreguem de la planificaci\u00f3 del servei perqu\u00e8 el transport encaixi perfectament amb els teus horaris, facilitant l&#8217;organitzaci\u00f3 i evitant imprevistos. Aquesta modalitat \u00e9s ideal per a esdeveniments, congressos o despla\u00e7aments recurrents durant diversos dies.[\/vc_column_text][\/vc_tta_section][vc_tta_section title=\u00bbPodem modificar horaris durant l&#8217;esdeveniment Mobile World Congress?\u00bb tab_id=\u00bb1764068316574-314030d4-e84a\u00bb el_class=\u00bbpregunta-faqs\u00bb][vc_column_text css=\u00bb\u00bb]S\u00ed. Entenem que durant un esdeveniment com el Mobile World Congress els horaris poden canviar. Per aix\u00f2 els nostres serveis compten amb flexibilitat hor\u00e0ria, i permeten ajustos en temps real segons necessitats operatives, canvis en reunions o actualitzacions d&#8217;\u00faltima hora en l&#8217;agenda.<\/p>\n<p>El nostre equip coordina els canvis per garantir puntualitat i continu\u00eftat del servei.[\/vc_column_text][\/vc_tta_section][vc_tta_section title=\u00bbTreballeu amb grups grans i petits?\u00bb tab_id=\u00bb1764068839576-8bfd4fa0-5049&#8243; el_class=\u00bbpregunta-faqs\u00bb][vc_column_text css=\u00bb\u00bb]S\u00ed, treballem amb grups de totes les mides. Disposem d&#8217;una flota flexible que inclou minibusos per a grups redu\u00efts i autocars per a delegacions m\u00e9s nombroses, cosa que ens permet adaptar-nos a cada necessitat concreta.<\/p>\n<p>Tant si es tracta d&#8217;un trasllat per a poques persones com d&#8217;un servei per a grups grans, oferim vehicles c\u00f2modes, segurs i amb conductor professional, i garantim sempre un transport eficient i adaptat al nombre de passatgers.[\/vc_column_text][\/vc_tta_section][vc_tta_section title=\u00bbEl servei \u00e9s exclusiu per a la nostra empresa?\u00bb tab_id=\u00bb1764068880149-745c9551-1279&#8243; el_class=\u00bbpregunta-faqs\u00bb][vc_column_text css=\u00bb\u00bb]S\u00ed. El servei pot ser totalment exclusiu per a la teva empresa o grup, i assegura privacitat, comoditat i un tracte personalitzat.<\/p>\n<p>Aix\u00f2 permet definir rutes, parades i horaris adaptats a les teves necessitats, i ofereix una experi\u00e8ncia de transport m\u00e9s eficient i alineada amb la imatge i l&#8217;organitzaci\u00f3 de la teva empresa.[\/vc_column_text][\/vc_tta_section][\/vc_tta_accordion][vc_empty_space height=\u00bb60px\u00bb][\/vc_column][\/vc_row][vc_row row_fullwidth=\u00bb1&#8243; row_zero_column_space=\u00bb1&#8243; css=\u00bb.vc_custom_1525855960545{margin-top: 0px !important;margin-right: 0px !important;margin-bottom: 0px !important;margin-left: 0px !important;padding-top: 0px !important;padding-right: 0px !important;padding-bottom: 0px !important;padding-left: 0px !important;background-color: #303033 !important;}\u00bb][vc_column width=\u00bb1\/2&#8243; css=\u00bb.vc_custom_1525855742551{margin-top: -30px !important;}\u00bb][vc_single_image image=\u00bb15747&#8243; img_size=\u00bbfull\u00bb css=\u00bb\u00bb][\/vc_column][vc_column width=\u00bb1\/4&#8243; offset=\u00bbvc_hidden-xs\u00bb][vc_single_image image=\u00bb15755&#8243; img_size=\u00bbfull\u00bb css=\u00bb.vc_custom_1787298321575{padding-top: 10px !important;}\u00bb][\/vc_column][vc_column width=\u00bb1\/4&#8243; offset=\u00bbvc_hidden-xs\u00bb][vc_btn title=\u00bbDEMANAR PRESSUPOST\u00bb style=\u00bbgradient-custom\u00bb gradient_custom_color_1=\u00bb#25a6b9&#8243; gradient_custom_color_2=\u00bb#e22893&#8243; shape=\u00bbround\u00bb size=\u00bblg\u00bb align=\u00bbleft\u00bb css=\u00bb.vc_custom_1786963326279{padding-top: 20px !important;}\u00bb link=\u00bburl:https%3A%2F%2Fbadabus.com%2Fca%2Fpressupost-lloguer-de-minibusos%2F\u00bb][\/vc_column][\/vc_row][vc_row][vc_column][vc_raw_html css=\u00bb\u00bb]PHNjcmlwdCB0eXBlPSJhcHBsaWNhdGlvbi9sZCtqc29uIj4KewogICJAY29udGV4dCI6ICJodHRwczovL3NjaGVtYS5vcmciLAogICJAdHlwZSI6ICJGQVFQYWdlIiwKICAibWFpbkVudGl0eSI6IFt7CiAgICAiQHR5cGUiOiAiUXVlc3Rpb24iLAogICAgIm5hbWUiOiAiRXMgcG90IGNvbnRyYWN0YXIgcGVyIGEgZGl2ZXJzb3MgZGllcz8iLAogICAgImFjY2VwdGVkQW5zd2VyIjogewogICAgICAiQHR5cGUiOiAiQW5zd2VyIiwKICAgICAgInRleHQiOiAiU8OtLiBPZmVyaW0gY29udHJhY3RhY2nDsyBmbGV4aWJsZSBwZXIgZGllcyBzb2x0cyBvIHBlciB0b3QgZWwgcGVyw61vZGUgZGUgbCdlc2RldmVuaW1lbnQsIGFkYXB0YW50LW5vcyBhIGxhIGR1cmFkYSBpIGVsIHJpdG1lIGRlIGxhIHRldmEgYWdlbmRhLiBFbnMgZW5jYXJyZWd1ZW0gZGUgbGEgcGxhbmlmaWNhY2nDsyBkZWwgc2VydmVpIHBlcnF1w6ggZWwgdHJhbnNwb3J0IGVuY2FpeGkgcGVyZmVjdGFtZW50IGFtYiBlbHMgdGV1cyBob3JhcmlzLCBmYWNpbGl0YW50IGwnb3JnYW5pdHphY2nDsyBpIGV2aXRhbnQgaW1wcmV2aXN0b3MuIEFxdWVzdGEgbW9kYWxpdGF0IMOpcyBpZGVhbCBwZXIgYSBlc2RldmVuaW1lbnRzLCBjb25ncmVzc29zIG8gZGVzcGxhw6dhbWVudHMgcmVjdXJyZW50cyBkdXJhbnQgZGl2ZXJzb3MgZGllcy4iCiAgICB9CiAgfSx7CiAgICAiQHR5cGUiOiAiUXVlc3Rpb24iLAogICAgIm5hbWUiOiAiUG9kZW0gbW9kaWZpY2FyIGhvcmFyaXMgZHVyYW50IGwnZXNkZXZlbmltZW50IE1vYmlsZSBXb3JsZCBDb25ncmVzcz8iLAogICAgImFjY2VwdGVkQW5zd2VyIjogewogICAgICAiQHR5cGUiOiAiQW5zd2VyIiwKICAgICAgInRleHQiOiAiU8OtLiBFbnRlbmVtIHF1ZSBkdXJhbnQgdW4gZXNkZXZlbmltZW50IGNvbSBlbCBNb2JpbGUgV29ybGQgQ29uZ3Jlc3MgZWxzIGhvcmFyaXMgcG9kZW4gY2Fudmlhci4gUGVyIGFpeMOyIGVscyBub3N0cmVzIHNlcnZlaXMgY29tcHRlbiBhbWIgZmxleGliaWxpdGF0IGhvcsOgcmlhLCBpIHBlcm1ldGVuIGFqdXN0b3MgZW4gdGVtcHMgcmVhbCBzZWdvbnMgbmVjZXNzaXRhdHMgb3BlcmF0aXZlcywgY2FudmlzIGVuIHJldW5pb25zIG8gYWN0dWFsaXR6YWNpb25zIGQnw7psdGltYSBob3JhIGVuIGwnYWdlbmRhLiBFbCBub3N0cmUgZXF1aXAgY29vcmRpbmEgZWxzIGNhbnZpcyBwZXIgZ2FyYW50aXIgcHVudHVhbGl0YXQgaSBjb250aW51w690YXQgZGVsIHNlcnZlaS4iCiAgICB9CiAgfSx7CiAgICAiQHR5cGUiOiAiUXVlc3Rpb24iLAogICAgIm5hbWUiOiAiVHJlYmFsbGV1IGFtYiBncnVwcyBncmFucyBpIHBldGl0cz8iLAogICAgImFjY2VwdGVkQW5zd2VyIjogewogICAgICAiQHR5cGUiOiAiQW5zd2VyIiwKICAgICAgInRleHQiOiAiU8OtLCB0cmViYWxsZW0gYW1iIGdydXBzIGRlIHRvdGVzIGxlcyBtaWRlcy4gRGlzcG9zZW0gZCd1bmEgZmxvdGEgZmxleGlibGUgcXVlIGluY2xvdSBtaW5pYnVzb3MgcGVyIGEgZ3J1cHMgcmVkdcOvdHMgaSBhdXRvY2FycyBwZXIgYSBkZWxlZ2FjaW9ucyBtw6lzIG5vbWJyb3NlcywgY29zYSBxdWUgZW5zIHBlcm1ldCBhZGFwdGFyLW5vcyBhIGNhZGEgbmVjZXNzaXRhdCBjb25jcmV0YS4gVGFudCBzaSBlcyB0cmFjdGEgZCd1biB0cmFzbGxhdCBwZXIgYSBwb3F1ZXMgcGVyc29uZXMgY29tIGQndW4gc2VydmVpIHBlciBhIGdydXBzIGdyYW5zLCBvZmVyaW0gdmVoaWNsZXMgY8OybW9kZXMsIHNlZ3VycyBpIGFtYiBjb25kdWN0b3IgcHJvZmVzc2lvbmFsLCBpIGdhcmFudGltIHNlbXByZSB1biB0cmFuc3BvcnQgZWZpY2llbnQgaSBhZGFwdGF0IGFsIG5vbWJyZSBkZSBwYXNzYXRnZXJzLiIKICAgIH0KICB9LHsKICAgICJAdHlwZSI6ICJRdWVzdGlvbiIsCiAgICAibmFtZSI6ICJFbCBzZXJ2ZWkgw6lzIGV4Y2x1c2l1IHBlciBhIGxhIG5vc3RyYSBlbXByZXNhPyIsCiAgICAiYWNjZXB0ZWRBbnN3ZXIiOiB7CiAgICAgICJAdHlwZSI6ICJBbnN3ZXIiLAogICAgICAidGV4dCI6ICJTw60uIEVsIHNlcnZlaSBwb3Qgc2VyIHRvdGFsbWVudCBleGNsdXNpdSBwZXIgYSBsYSB0ZXZhIGVtcHJlc2EgbyBncnVwLCBpIGFzc2VndXJhIHByaXZhY2l0YXQsIGNvbW9kaXRhdCBpIHVuIHRyYWN0ZSBwZXJzb25hbGl0emF0LiBBaXjDsiBwZXJtZXQgZGVmaW5pciBydXRlcywgcGFyYWRlcyBpIGhvcmFyaXMgYWRhcHRhdHMgYSBsZXMgdGV2ZXMgbmVjZXNzaXRhdHMsIGkgb2ZlcmVpeCB1bmEgZXhwZXJpw6huY2lhIGRlIHRyYW5zcG9ydCBtw6lzIGVmaWNpZW50IGkgYWxpbmVhZGEgYW1iIGxhIGltYXRnZSBpIGwnb3JnYW5pdHphY2nDsyBkZSBsYSB0ZXZhIGVtcHJlc2EuIgogICAgfQogIH1dCn0KPC9zY3JpcHQ+[\/vc_raw_html][\/vc_column][\/vc_row]<\/p>\n<\/div>","protected":false},"excerpt":{"rendered":"<p>[vc_row row_fullwidth=\u00bb1&#8243; row_zero_column_space=\u00bb1&#8243; css=\u00bb.vc_custom_1771569095907{margin-top: 0px !important;margin-right: 0px !important;margin-bottom: 0px !important;margin-left: 0px !important;padding-top: 0px !important;padding-right: 0px !important;padding-bottom: 0px !important;padding-left: 0px !important;background-image: url(https:\/\/badabus.com\/wp-content\/uploads\/feria-barcelona-1920.webp?id=13834) !important;}\u00bb el_id=\u00bbfila-fondo-1&#8243;][vc_column offset=\u00bbvc_hidden-sm vc_hidden-xs\u00bb][vc_empty_space height=\u00bb85px\u00bb][vc_column_text css=\u00bb\u00bb] Minib\u00fas per al [&hellip;]<\/p>\n","protected":false},"author":10,"featured_media":0,"parent":0,"menu_order":0,"comment_status":"closed","ping_status":"closed","template":"","meta":{"footnotes":""},"class_list":["post-15040","page","type-page","status-publish","hentry"],"_links":{"self":[{"href":"https:\/\/badabus.com\/ca\/wp-json\/wp\/v2\/pages\/15040","targetHints":{"allow":["GET"]}}],"collection":[{"href":"https:\/\/badabus.com\/ca\/wp-json\/wp\/v2\/pages"}],"about":[{"href":"https:\/\/badabus.com\/ca\/wp-json\/wp\/v2\/types\/page"}],"author":[{"embeddable":true,"href":"https:\/\/badabus.com\/ca\/wp-json\/wp\/v2\/users\/10"}],"replies":[{"embeddable":true,"href":"https:\/\/badabus.com\/ca\/wp-json\/wp\/v2\/comments?post=15040"}],"version-history":[{"count":7,"href":"https:\/\/badabus.com\/ca\/wp-json\/wp\/v2\/pages\/15040\/revisions"}],"predecessor-version":[{"id":15904,"href":"https:\/\/badabus.com\/ca\/wp-json\/wp\/v2\/pages\/15040\/revisions\/15904"}],"wp:attachment":[{"href":"https:\/\/badabus.com\/ca\/wp-json\/wp\/v2\/media?parent=15040"}],"curies":[{"name":"wp","href":"https:\/\/api.w.org\/{rel}","templated":true}]}}