{"id":15031,"date":"2026-08-21T09:32:48","date_gmt":"2026-08-21T07:32:48","guid":{"rendered":"https:\/\/badabus.com\/?page_id=15031"},"modified":"2026-08-31T12:13:05","modified_gmt":"2026-08-31T10:13:05","slug":"lloguer-minibus-sant-joan-despi","status":"publish","type":"page","link":"https:\/\/badabus.com\/ca\/lloguer-minibus-sant-joan-despi\/","title":{"rendered":"Inici Sant Joan Desp\u00ed Minib\u00fas CAT"},"content":{"rendered":"<div class=\"wpb-content-wrapper\"><p>[vc_row row_fullwidth=\u00bb1&#8243; row_zero_column_space=\u00bb1&#8243; css=\u00bb.vc_custom_1461073450203{margin-top: 0px !important;margin-right: 0px !important;margin-bottom: 0px !important;margin-left: 0px !important;padding-top: 0px !important;padding-right: 0px !important;padding-bottom: 0px !important;padding-left: 0px !important;}\u00bb][vc_column offset=\u00bbvc_hidden-sm vc_hidden-xs\u00bb][rev_slider_vc alias=\u00bbsant-joan-despi-minibus-1&#8243; el_class=\u00bbno-bottom-margin\u00bb][\/vc_column][\/vc_row][vc_row gap=\u00bb5&#8243; row_fullwidth=\u00bb1&#8243; css=\u00bb.vc_custom_1684321545730{margin-top: 0px !important;margin-bottom: 0px !important;padding-top: 40px !important;padding-right: 40px !important;padding-left: 40px !important;background-color: #ffffff !important;}\u00bb][vc_column offset=\u00bbvc_hidden-sm vc_hidden-xs\u00bb][vc_column_text css=\u00bb\u00bb]<\/p>\n<h1 class=\"h1-home-cat\">Lloguer de minib\u00fas a Sant Joan Desp\u00ed<\/h1>\n<h2 class=\"h1-servicios\">Les nostres opcions de minib\u00fas per a Sant Joan Desp\u00ed<\/h2>\n<p>[\/vc_column_text][vc_raw_html css=\u00bb\u00bb]JTVCYmFkYWJ1c19zZXJ2ZWlzJTVE[\/vc_raw_html][\/vc_column][vc_column offset=\u00bbvc_hidden-sm vc_hidden-xs\u00bb css=\u00bb.vc_custom_1744208769323{margin-top: 50px !important;background-color: #F6F6F6 !important;}\u00bb][vc_custom_heading text=\u00bbNecessites un minib\u00fas a Sant Joan Desp\u00ed per al teu trajecte?\u00bb font_container=\u00bbtag:h2|font_size:40|text_align:center|color:%23000000|line_height:30px\u00bb google_fonts=\u00bbfont_family:Raleway%3A100%2C200%2C300%2Cregular%2C500%2C600%2C700%2C800%2C900|font_style:300%20light%20regular%3A300%3Anormal\u00bb css=\u00bb.vc_custom_1746436170727{margin-top: 0px !important;margin-bottom: 0px !important;padding-top: 20px !important;padding-bottom: 0px !important;}\u00bb][vc_column_text css=\u00bb.vc_custom_1746436202303{margin-top: 10px !important;margin-bottom: 10px !important;}\u00bb]<\/p>\n<p style=\"text-align: center;\">Explica&#8217;ns el trajecte i et responem amb el pressupost en un dia laborable com a m\u00e0xim.<\/p>\n<p>[\/vc_column_text][vc_btn title=\u00bbSol\u00b7licitar pressupost per a lloguer de minib\u00fas\u00bb style=\u00bboutline-custom\u00bb outline_custom_color=\u00bb#000000&#8243; outline_custom_hover_background=\u00bb#000000&#8243; outline_custom_hover_text=\u00bb#ffffff\u00bb shape=\u00bbround\u00bb size=\u00bblg\u00bb align=\u00bbcenter\u00bb i_type=\u00bblinecons\u00bb i_icon_linecons=\u00bbvc_li vc_li-clip\u00bb css=\u00bb.vc_custom_1786961527446{margin-top: 20px !important;margin-bottom: 55px !important;}\u00bb add_icon=\u00bbtrue\u00bb link=\u00bburl:https%3A%2F%2Fbadabus.com%2Fca%2Fpressupost-lloguer-de-minibusos%2F|title:Pressupost%20lloguer%20d&#8217;autobusos\u00bb][\/vc_column][\/vc_row][vc_row row_fullwidth=\u00bb1&#8243; css=\u00bb.vc_custom_1613379287195{padding-right: 0px !important;padding-left: 0px !important;background-color: #0a0a0a !important;}\u00bb][vc_column css=\u00bb.vc_custom_1710964759406{padding-top: 0px !important;padding-right: 0px !important;padding-bottom: 0px !important;padding-left: 0px !important;background: #0a0a0a url(https:\/\/badabus.com\/wp-content\/uploads\/Alex-Bascuas-Photo-9610-opacity.jpg?id=9993) !important;background-position: center !important;background-repeat: no-repeat !important;background-size: cover !important;}\u00bb offset=\u00bbvc_hidden-lg vc_hidden-md\u00bb el_class=\u00bbimagen-background-home-mobile\u00bb][vc_column_text css=\u00bb.vc_custom_1746436177782{margin-top: 45px !important;margin-right: 5% !important;margin-bottom: 45px !important;margin-left: 5% !important;padding-right: 0px !important;padding-left: 0px !important;background-position: center !important;background-repeat: no-repeat !important;background-size: cover !important;}\u00bb]<\/p>\n<h1 class=\"h1-home-mob\">Lloguer de minibusos a Sant Joan Desp\u00ed<\/h1>\n<p>[\/vc_column_text][vc_btn title=\u00bbDEMANA PRESSUPOST\u00bb style=\u00bbcustom\u00bb custom_background=\u00bb#e22893&#8243; custom_text=\u00bb#ffffff\u00bb shape=\u00bbround\u00bb css=\u00bb.vc_custom_1786961542302{margin-left: 30px !important;}\u00bb link=\u00bburl:https%3A%2F%2Fbadabus.com%2Fca%2Fpressupost-lloguer-de-minibusos%2F|title:Pressupost%20lloguer%20d&#8217;autobusos\u00bb][\/vc_column][\/vc_row][vc_row css=\u00bb.vc_custom_1744208838364{margin-top: 130px !important;margin-bottom: 15px !important;}\u00bb][vc_column width=\u00bb1\/2&#8243;][vc_column_text css=\u00bb\u00bb]<\/p>\n<h2>Des de quins barris de Sant Joan Desp\u00ed sortim?<\/h2>\n<p>Els nostres serveis de <a href=\"https:\/\/badabus.com\/ca\/lloguer-de-minibus-barcelona\/\">minib\u00fas<\/a> a Sant Joan Desp\u00ed inclouen sortides des de Les Planes, El Centre, Torreblanca, TV3 i Residencial Sant Joan, zones on es concentren moltes empreses i centres educatius.<\/p>\n<p>Tamb\u00e9 ens adaptem a punts de recollida en urbanitzacions o zones menys c\u00e8ntriques, per facilitar que qualsevol grup pugui iniciar el seu trajecte sense despla\u00e7aments innecessaris.[\/vc_column_text][\/vc_column][vc_column width=\u00bb1\/2&#8243;][vc_single_image image=\u00bb12893&#8243; img_size=\u00bb450&#215;450&#8243; css=\u00bb\u00bb][\/vc_column][\/vc_row][vc_row css=\u00bb.vc_custom_1744208847931{margin-top: 70px !important;margin-bottom: 30px !important;}\u00bb][vc_column width=\u00bb1\/2&#8243;][vc_column_text css=\u00bb.vc_custom_1786961797702{margin-bottom: 20px !important;}\u00bb]<\/p>\n<h2>De quantes places s\u00f3n els minibusos?<\/h2>\n<p>A Sant Joan Desp\u00ed comptem amb microbusos d&#8217;entre 16 i 25 places, ideals per a grups redu\u00efts que busquen un trasllat c\u00f2mode i eficient, ja sigui per a empreses, esdeveniments o sortides privades.<\/p>\n<p>Tamb\u00e9 oferim <a href=\"https:\/\/badabus.com\/ca\/lloguer-autocar-sant-joan-despi\/\">autocars per a Sant Joan Desp\u00ed<\/a> de m\u00e9s capacitat, amb 35, 50 i fins a 55 places, perfectes per a escoles, associacions, equips esportius o ag\u00e8ncies de viatges que operen des de la ciutat.<\/p>\n<h3>Vols con\u00e8ixer la nostra flota de microbusos per a Sant Joan Desp\u00ed?<\/h3>\n<p>[\/vc_column_text][vc_btn title=\u00bbVEURE FLOTA DE MINIBUSOS\u00bb style=\u00bboutline-custom\u00bb outline_custom_color=\u00bb#000000&#8243; outline_custom_hover_background=\u00bb#000000&#8243; outline_custom_hover_text=\u00bb#ffffff\u00bb shape=\u00bbround\u00bb align=\u00bbleft\u00bb i_type=\u00bblinecons\u00bb i_icon_linecons=\u00bbvc_li vc_li-clip\u00bb css=\u00bb.vc_custom_1746174426426{margin-bottom: 35px !important;}\u00bb add_icon=\u00bbtrue\u00bb link=\u00bburl:https%3A%2F%2Fbadabus.com%2Fflota%2F|\u00bb][\/vc_column][vc_column width=\u00bb1\/2&#8243;][vc_single_image image=\u00bb12673&#8243; img_size=\u00bb450&#215;420&#8243; css=\u00bb\u00bb][\/vc_column][\/vc_row][vc_row css=\u00bb.vc_custom_1744209919418{padding-top: 35px !important;background-color: #25A6B9 !important;}\u00bb][vc_column width=\u00bb2\/3&#8243;][vc_column_text css=\u00bb\u00bb]<strong style=\"font-size: 26px; color: white;\">Necessites un minib\u00fas a Sant Joan Desp\u00ed per al teu trajecte?<\/strong>[\/vc_column_text][\/vc_column][vc_column width=\u00bb1\/3&#8243;][vc_btn title=\u00bbPressupost en 24 h\u00bb style=\u00bboutline-custom\u00bb outline_custom_color=\u00bb#FFFFFF\u00bb outline_custom_hover_background=\u00bb#000000&#8243; outline_custom_hover_text=\u00bb#ffffff\u00bb shape=\u00bbround\u00bb align=\u00bbleft\u00bb i_type=\u00bblinecons\u00bb i_icon_linecons=\u00bbvc_li vc_li-clip\u00bb css=\u00bb.vc_custom_1786961821137{margin-bottom: 35px !important;}\u00bb add_icon=\u00bbtrue\u00bb link=\u00bburl:https%3A%2F%2Fbadabus.com%2Fca%2Fpressupost-lloguer-de-minibusos%2F|title:Pressupost%20lloguer%20d&#8217;autobusos\u00bb][\/vc_column][\/vc_row][vc_row gap=\u00bb20&#8243; equal_height=\u00bbyes\u00bb css=\u00bb.vc_custom_1719475441479{margin-top: 40px !important;padding-top: 40px !important;padding-bottom: 120px !important;background-image: url(https:\/\/badabus.com\/wp-content\/uploads\/dotted.png?id=2221) !important;}\u00bb][vc_column][vc_column_text css=\u00bb\u00bb]<\/p>\n<p style=\"text-align: center; font-size: 40px; font-family: gotham-rounded; line-height: 1em;\"><strong>Per qu\u00e8 triar-nos per al teu trajecte des de Sant Joan Desp\u00ed?<\/strong><\/p>\n<p>[\/vc_column_text][vc_row_inner equal_height=\u00bbyes\u00bb css=\u00bb.vc_custom_1744209697713{margin-bottom: 0px !important;padding-top: 20px !important;padding-bottom: 0px !important;}\u00bb][vc_column_inner width=\u00bb1\/3&#8243; css=\u00bb.vc_custom_1719475287975{background-color: #25a6b9 !important;border-radius: 5px !important;}\u00bb][vc_column_text css=\u00bb\u00bb]<\/p>\n<p class=\"numero-porque\">\/\/ 01<\/p>\n<p class=\"titulo-porque\">Seguretat<\/p>\n<p class=\"p-porque\">En el lloguer d&#8217;autocars per a Sant Joan Desp\u00ed som molt rigorosos en les revisions i el manteniment de la nostra flota per tenir cura dels nostres clients en els seus trajectes.<\/p>\n<p>[\/vc_column_text][vc_btn title=\u00bbVEURE FLOTA\u00bb style=\u00bboutline-custom\u00bb outline_custom_color=\u00bb#ffffff\u00bb outline_custom_hover_background=\u00bb#ffffff\u00bb outline_custom_hover_text=\u00bb#25a6b9&#8243; shape=\u00bbround\u00bb size=\u00bbsm\u00bb css=\u00bb.vc_custom_1786961929922{margin-left: 35px !important;}\u00bb link=\u00bburl:https%3A%2F%2Fbadabus.com%2Fca%2Fflota%2F|title:Veure%20flota%20d&#8217;autocars\u00bb][vc_empty_space][\/vc_column_inner][vc_column_inner width=\u00bb1\/3&#8243; css=\u00bb.vc_custom_1719475336589{background-color: #9b6da6 !important;border-radius: 5px !important;}\u00bb][vc_column_text css=\u00bb\u00bb]<\/p>\n<p class=\"numero-porque\">\/\/ 02<\/p>\n<p class=\"titulo-porque\">Confort<\/p>\n<p class=\"p-porque\">Dissenyem la nostra flota de minibusos amb un sol objectiu: que viatgis segur, c\u00f2mode i sense preocupacions.<\/p>\n<p>[\/vc_column_text][vc_btn title=\u00bbVEURE FLOTA\u00bb style=\u00bboutline-custom\u00bb outline_custom_color=\u00bb#ffffff\u00bb outline_custom_hover_background=\u00bb#ffffff\u00bb outline_custom_hover_text=\u00bb#9b6da6&#8243; shape=\u00bbround\u00bb size=\u00bbsm\u00bb css=\u00bb.vc_custom_1786961938083{margin-left: 35px !important;}\u00bb link=\u00bburl:https%3A%2F%2Fbadabus.com%2Fca%2Fflota%2F|title:Veure%20flota%20d&#8217;autocars\u00bb][vc_empty_space][\/vc_column_inner][vc_column_inner width=\u00bb1\/3&#8243; css=\u00bb.vc_custom_1719475343640{background-color: #e22893 !important;border-radius: 5px !important;}\u00bb][vc_column_text css=\u00bb\u00bb]<\/p>\n<p class=\"numero-porque\">\/\/ 03<\/p>\n<p class=\"titulo-porque\">Conductors<\/p>\n<p class=\"p-porque\">Els nostres conductors professionals dominen tant la conducci\u00f3 segura com les rutes m\u00e9s eficients.<\/p>\n<p>[\/vc_column_text][vc_btn title=\u00bbVEURE FLOTA\u00bb style=\u00bboutline-custom\u00bb outline_custom_color=\u00bb#ffffff\u00bb outline_custom_hover_background=\u00bb#ffffff\u00bb outline_custom_hover_text=\u00bb#e22893&#8243; shape=\u00bbround\u00bb size=\u00bbsm\u00bb css=\u00bb.vc_custom_1786961964323{margin-left: 35px !important;}\u00bb link=\u00bburl:https%3A%2F%2Fbadabus.com%2Fca%2Fflota%2F|title:Veure%20flota%20d&#8217;autocars\u00bb][vc_empty_space][\/vc_column_inner][\/vc_row_inner][\/vc_column][\/vc_row][vc_row gap=\u00bb35&#8243; row_fullwidth=\u00bb1&#8243; css=\u00bb.vc_custom_1595256381018{margin-bottom: 0px !important;padding-top: 0px !important;padding-bottom: 15px !important;background-color: #ffffff !important;}\u00bb][vc_column width=\u00bb2\/3&#8243; offset=\u00bbvc_hidden-lg vc_hidden-md\u00bb css=\u00bb.vc_custom_1595256410887{margin-top: -100px !important;}\u00bb][vc_column_text css=\u00bb.vc_custom_1595254868036{margin-bottom: -10px !important;}\u00bb]<\/p>\n<p style=\"font-size: 25px; font-family: 'gotham-rounded'; text-align: left; color: #25a8ba; line-height: 1em;\"><strong>La teva companyia de confian\u00e7a<\/strong><\/p>\n<p>[\/vc_column_text][vc_column_text]<\/p>\n<p style=\"font-size: 20px; font-family: 'gotham-rounded'; text-align: left;\"><strong>Badabus \u00e9s una empresa familiar dedicada al transport de viatgers per carretera.<\/strong><\/p>\n<p>Empresa especialista en el lloguer d&#8217;autocars i minibusos. Ens avala l&#8217;experi\u00e8ncia de m\u00e9s de 25 anys en el sector de les persones que la dirigim.[\/vc_column_text][vc_btn title=\u00bbVols saber-ne m\u00e9s?\u00bb style=\u00bbgradient-custom\u00bb gradient_custom_color_1=\u00bb#25a6b9&#8243; gradient_custom_color_2=\u00bb#e22893&#8243; shape=\u00bbround\u00bb size=\u00bblg\u00bb align=\u00bbleft\u00bb css=\u00bb.vc_custom_1786961985237{padding-right: 3% !important;padding-left: 3% !important;}\u00bb link=\u00bburl:https%3A%2F%2Fbadabus.com%2Fca%2Fflota%2F|title:Flota\u00bb][\/vc_column][vc_column width=\u00bb1\/3&#8243; offset=\u00bbvc_hidden-lg vc_hidden-md\u00bb][vc_column_text css=\u00bb\u00bb]<b style=\"text-align: left; font-size: 20px;\"><img loading=\"lazy\" decoding=\"async\" class=\"alignnone wp-image-1964\" src=\"https:\/\/badabus.com\/wp-content\/uploads\/flechas-badabus.jpg\" alt=\"\" width=\"45\" height=\"27\" \/> CONTACTE<\/b>[\/vc_column_text][vc_column_text css=\u00bb\u00bb]<\/p>\n<h3 style=\"text-align: left; font-size: 20px;\">Autocares Badabus<\/h3>\n<p>Adre\u00e7a: <a href=\"https:\/\/www.google.com\/maps\/place\/Autocares+Badabus\/@41.3518513,2.1340148,17z\/data=!3m1!4b1!4m6!3m5!1s0x12a498a57225f481:0x27ebbd8420ff8f5e!8m2!3d41.3518513!4d2.1340148!16s%2Fg%2F11fz9zb2tf?entry=ttu\" target=\"_blank\" rel=\"noopener noreferrer\">C\/Plom, 28 \u2013 08038 (Barcelona)<\/a><br \/>\nCorreu electr\u00f2nic: <a href=\"mailto:info@badabus.com\">info@badabus.com<\/a><br \/>\n<img loading=\"lazy\" decoding=\"async\" class=\"size-full wp-image-2239 alignleft\" src=\"https:\/\/badabus.com\/wp-content\/uploads\/telefon-de-lloguer-autocars-badabus.jpg\" alt=\"telefono de alquiler autocares badabus\" width=\"341\" height=\"124\" \/>[\/vc_column_text][\/vc_column][\/vc_row][vc_row gap=\u00bb35&#8243; css=\u00bb.vc_custom_1744210760780{margin-bottom: 25px !important;}\u00bb][vc_column width=\u00bb2\/3&#8243; css=\u00bb.vc_custom_1748247603303{margin-right: 30px !important;}\u00bb][vc_column_text css=\u00bb\u00bb]<\/p>\n<h2 style=\"font-size: 20px;\">Trajectes freq\u00fcents des de Sant Joan Desp\u00ed amb els nostres minibusos<\/h2>\n<p style=\"font-weight: 400; text-align: justify;\">Molts grups surten en autocar des de Sant Joan Desp\u00ed cap a destinacions com Montserrat, PortAventura o pobles amb encant de l&#8217;interior de Catalunya. El nostre servei s&#8217;adapta a sortides d&#8217;un sol dia o a rutes amb diverses parades, sempre amb la m\u00e0xima comoditat.<\/p>\n<p style=\"font-weight: 400; text-align: justify;\">Tamb\u00e9 treballem sovint en <a href=\"https:\/\/badabus.com\/ca\/transfer-aeroport-barcelona\/\">trasllats a l&#8217;aeroport<\/a> i viatges escolars, com ara sortides de final de curs o conviv\u00e8ncies. Amb els nostres autocars, cada trajecte es converteix en part de l&#8217;experi\u00e8ncia del viatge.<\/p>\n<h3 style=\"font-weight: 400;\">Serveis m\u00e9s demandats de lloguer de minibusos a Sant Joan Desp\u00ed<\/h3>\n<p style=\"font-weight: 400; text-align: justify;\">Des de Sant Joan Desp\u00ed fem habitualment trasllats de treballadors per a empreses que necessiten cobrir rutes di\u00e0ries. Tamb\u00e9 som el transport escollit per escoles que busquen una opci\u00f3 segura i fiable per a les seves excursions o activitats fora de l&#8217;aula.<\/p>\n<p style=\"font-weight: 400; text-align: justify;\">Entre els serveis m\u00e9s sol\u00b7licitats a Sant Joan Desp\u00ed hi ha tamb\u00e9 els trasllats per a casaments, celebracions familiars i esdeveniments privats. Els clubs esportius i els grups tur\u00edstics de la zona tamb\u00e9 compten amb nosaltres per als seus despla\u00e7aments.<\/p>\n<h3 style=\"font-weight: 400;\">Per qu\u00e8 \u00e9s millor llogar un minib\u00fas a Sant Joan Desp\u00ed amb nosaltres?<\/h3>\n<p style=\"font-weight: 400; text-align: justify;\">Coneixem a fons Sant Joan Desp\u00ed, els seus barris i els seus accessos principals, cosa que ens permet fer recollides puntuals i trajectes optimitzats des de qualsevol punt de la ciutat. Coneixem b\u00e9 els seus carrers i accessos, cosa que facilita cada trajecte.<\/p>\n<p style=\"font-weight: 400; text-align: justify;\">Al llarg dels anys hem treballat amb escoles, clubs esportius i associacions locals, desenvolupant un servei de confian\u00e7a amb la comunitat. Aquesta experi\u00e8ncia local marca la difer\u00e8ncia i ens permet oferir un servei personalitzat, segur i eficient.<\/p>\n<p>[\/vc_column_text][vc_empty_space height=\u00bb30px\u00bb][vc_column_text css=\u00bb\u00bb]<strong style=\"margin-left: 6px;\">POBLACIONS ON OFERIM SERVEI DE LLOGUER D&#8217;AUTOCARS<br \/>\n<\/strong><div class=\"menu-horizontal\"><ul><div class=\"menu-horizontal\"><li id=\"menu-item-15926\" class=\"menu-item menu-item-type-post_type menu-item-object-page menu-item-15926\"><a href=\"https:\/\/badabus.com\/ca\/lloguer-minibus-badalona\/\">Lloguer Minib\u00fas a Badalona<\/a><\/li> | <li id=\"menu-item-15933\" class=\"menu-item menu-item-type-post_type menu-item-object-page menu-item-15933\"><a href=\"https:\/\/badabus.com\/ca\/lloguer-minibus-viladecans\/\">Lloguer Minib\u00fas a Viladecans<\/a><\/li> | <li id=\"menu-item-15932\" class=\"menu-item menu-item-type-post_type menu-item-object-page menu-item-15932\"><a href=\"https:\/\/badabus.com\/ca\/lloguer-minibus-santa-coloma-de-gramenet\/\">Lloguer Minib\u00fas a Santa Coloma de Gramanet<\/a><\/li> | <li id=\"menu-item-15931\" class=\"menu-item menu-item-type-post_type menu-item-object-page menu-item-15931\"><a href=\"https:\/\/badabus.com\/ca\/lloguer-minibus-sant-joan-despi\/\">Lloguer Minib\u00fas a Sant Joan Desp\u00ed<\/a><\/li> | <li id=\"menu-item-15925\" class=\"menu-item menu-item-type-post_type menu-item-object-page menu-item-15925\"><a href=\"https:\/\/badabus.com\/ca\/lloguer-minibus-sant-feliu\/\">Lloguer Minib\u00fas a Sant Feliu de Llobregat<\/a><\/li> | <li id=\"menu-item-15930\" class=\"menu-item menu-item-type-post_type menu-item-object-page menu-item-15930\"><a href=\"https:\/\/badabus.com\/ca\/lloguer-minibus-sant-boi-llobregat\/\">Lloguer Minib\u00fas a Sant Boi de Llobregat<\/a><\/li> | <li id=\"menu-item-15924\" class=\"menu-item menu-item-type-post_type menu-item-object-page menu-item-15924\"><a href=\"https:\/\/badabus.com\/ca\/lloguer-minibus-sant-adria\/\">Lloguer Minib\u00fas a Sant Adri\u00e0 del Bes\u00f3s<\/a><\/li> | <li id=\"menu-item-15929\" class=\"menu-item menu-item-type-post_type menu-item-object-page menu-item-15929\"><a href=\"https:\/\/badabus.com\/ca\/lloguer-minibus-hospitalet-de-llobregat\/\">Lloguer Minib\u00fas a Hospitalet de Llobregat<\/a><\/li> | <li id=\"menu-item-15928\" class=\"menu-item menu-item-type-post_type menu-item-object-page menu-item-15928\"><a href=\"https:\/\/badabus.com\/ca\/lloguer-minibus-gava\/\">Lloguer Minib\u00fas a Gav\u00e0<\/a><\/li> | <li id=\"menu-item-15923\" class=\"menu-item menu-item-type-post_type menu-item-object-page menu-item-15923\"><a href=\"https:\/\/badabus.com\/ca\/lloguer-minibus-esplugues\/\">Lloguer Minib\u00fas a Esplugues de Llobregat<\/a><\/li> | <li id=\"menu-item-15927\" class=\"menu-item menu-item-type-post_type menu-item-object-page menu-item-15927\"><a href=\"https:\/\/badabus.com\/ca\/lloguer-minibus-el-prat-llobregat\/\">Lloguer Minib\u00fas a El Prat de Llobregat<\/a><\/li> | <li id=\"menu-item-15922\" class=\"menu-item menu-item-type-post_type menu-item-object-page menu-item-15922\"><a href=\"https:\/\/badabus.com\/ca\/lloguer-minibus-cornella\/\">Lloguer Minib\u00fas a Cornell\u00e0 de Llobregat<\/a><\/li> | <li id=\"menu-item-15921\" class=\"menu-item menu-item-type-post_type menu-item-object-page menu-item-15921\"><a href=\"https:\/\/badabus.com\/ca\/lloguer-minibus-castelldefels\/\">Lloguer Minib\u00fas a Castelldefels<\/a><\/li>\n<\/div><\/ul><\/div>[\/vc_column_text][vc_tta_accordion section_title_tag=\u00bbh2&#8243; color=\u00bbwhite\u00bb active_section=\u00bb1&#8243;][vc_tta_section title=\u00bbQuin preu t\u00e9 llogar un minib\u00fas a Sant Joan Desp\u00ed?\u00bb tab_id=\u00bb1764230854526-8fa2ab67-bca8&#8243;][vc_column_text css=\u00bb\u00bb]<\/p>\n<p data-start=\"498\" data-end=\"997\">El preu de llogar un minib\u00fas a Sant Joan Desp\u00ed varia en funci\u00f3 del recorregut, la data del servei, la durada del trajecte, el tipus de vehicle i el nombre de passatgers. Com que cada viatge t\u00e9 necessitats espec\u00edfiques, no hi ha una tarifa fixa. Per con\u00e8ixer el cost exacte, nom\u00e9s cal indicar el punt de recollida a Sant Joan Desp\u00ed, la destinaci\u00f3, l&#8217;horari i la mida del grup. Amb aquesta informaci\u00f3 elaborem un pressupost personalitzat, clar i sense costos addicionals.<\/p>\n<p>[\/vc_column_text][\/vc_tta_section][vc_tta_section title=\u00bbQuins avantatges ofereix el lloguer d&#8217;un minib\u00fas a Sant Joan Desp\u00ed per a grups petits i mitjans?\u00bb tab_id=\u00bb1764230854544-e0faa6ea-cfce\u00bb][vc_column_text css=\u00bb\u00bb]<\/p>\n<p data-start=\"1128\" data-end=\"1618\">Llogar un minib\u00fas a Sant Joan Desp\u00ed \u00e9s ideal per a grups que volen despla\u00e7ar-se junts de manera c\u00f2moda i \u00e0gil. Aquest tipus de vehicle facilita els trajectes dins del municipi i permet connectar r\u00e0pidament amb Barcelona, el Baix Llobregat o l&#8217;aeroport. Els minibusos disposen de climatitzaci\u00f3, seients espaiosos i un interior confortable, i s\u00f3n l&#8217;opci\u00f3 perfecta per a excursions, celebracions, sortides escolars, esdeveniments empresarials i trasllats familiars.<\/p>\n<p>[\/vc_column_text][\/vc_tta_section][vc_tta_section title=\u00bbEs poden contractar minibusos per a excursions des de Sant Joan Desp\u00ed?\u00bb tab_id=\u00bb1764230908628-e4dd57af-4e1e\u00bb][vc_column_text css=\u00bb\u00bb]<\/p>\n<p data-start=\"1721\" data-end=\"2120\">S\u00ed, es pot contractar un minib\u00fas per fer excursions i rutes personalitzades des de Sant Joan Desp\u00ed. \u00c9s una opci\u00f3 molt convenient per a grups que volen visitar Barcelona, Montserrat, la Costa Brava, el Pened\u00e8s o qualsevol destinaci\u00f3 de Catalunya. Adaptem l&#8217;itinerari a les prefer\u00e8ncies del grup i garantim un viatge c\u00f2mode, organitzat i flexible en tot moment.<\/p>\n<p>[\/vc_column_text][\/vc_tta_section][vc_tta_section title=\u00bbQuina durada solen tenir els serveis de minib\u00fas a Sant Joan Desp\u00ed?\u00bb tab_id=\u00bb1764230927115-93283071-7e6d\u00bb][vc_column_text css=\u00bb\u00bb]<\/p>\n<p data-start=\"2224\" data-end=\"2603\">La durada del servei dep\u00e8n del tipus de despla\u00e7ament sol\u00b7licitat. Podem gestionar des de trasllats curts dins de Sant Joan Desp\u00ed fins a serveis per hores, rutes amb m\u00faltiples parades, excursions de mig dia o sortides de jornada completa. Cada servei es planifica segons les necessitats del grup per assegurar un trajecte c\u00f2mode i ben organitzat.<\/p>\n<p>[\/vc_column_text][\/vc_tta_section][vc_tta_section title=\u00bbQuina capacitat tenen els minibusos disponibles a Sant Joan Desp\u00ed?\u00bb tab_id=\u00bb1764230945854-08cdbc19-b509&#8243;][vc_column_text css=\u00bb\u00bb]<\/p>\n<p data-start=\"2703\" data-end=\"3130\">Els minibusos disponibles a Sant Joan Desp\u00ed tenen capacitats que se solen situar entre 8 i 25 places. Aquesta varietat permet triar el vehicle m\u00e9s adequat segons el tipus d&#8217;activitat: excursions, trasllats urbans, celebracions, serveis corporatius o despla\u00e7aments escolars. En sol\u00b7licitar un pressupost, nom\u00e9s caldr\u00e0 que indiquis el nombre de passatgers perqu\u00e8 puguem assignar el model ideal.<\/p>\n<p>[\/vc_column_text][\/vc_tta_section][vc_tta_section title=\u00bbPuc reservar un minib\u00fas des de Sant Joan Desp\u00ed cap a l&#8217;aeroport de Barcelona?\u00bb tab_id=\u00bb1764230963505-21e06d48-8b97&#8243;][vc_column_text css=\u00bb\u00bb]<\/p>\n<p data-start=\"3245\" data-end=\"3614\">S\u00ed, oferim trasllats en minib\u00fas des de Sant Joan Desp\u00ed fins a l&#8217;aeroport de Barcelona-el Prat. Aquest servei \u00e9s ideal per a grups que busquen un transport puntual, c\u00f2mode i directe fins a la terminal. El conductor s&#8217;encarrega de la recollida, de l&#8217;equipatge i del trajecte. Tamb\u00e9 gestionem recollides per a grups que aterren en horaris diferents.<\/p>\n<p>[\/vc_column_text][\/vc_tta_section][vc_tta_section title=\u00bbQuina difer\u00e8ncia hi ha entre llogar un minib\u00fas i un autocar a Sant Joan Desp\u00ed?\u00bb tab_id=\u00bb1764230978997-d30ecba9-eeaf\u00bb][vc_column_text css=\u00bb\u00bb]<\/p>\n<p data-start=\"3725\" data-end=\"4170\">La difer\u00e8ncia principal \u00e9s la capacitat i el tipus de despla\u00e7ament. El minib\u00fas \u00e9s perfecte per a grups petits o mitjans que busquen agilitat en trajectes urbans o despla\u00e7aments curts. L&#8217;autocar, en canvi, es recomana per a grups grans o per a rutes llargues. Tots dos ofereixen comoditat, seguretat i climatitzaci\u00f3, per\u00f2 cadascun s&#8217;adapta a necessitats diferents segons la mida del grup i el recorregut previst.<\/p>\n<p>[\/vc_column_text][\/vc_tta_section][vc_tta_section title=\u00bbCal pagar un dip\u00f2sit per reservar un minib\u00fas a Sant Joan Desp\u00ed?\u00bb tab_id=\u00bb1764230995042-65b90973-0219&#8243;][vc_column_text css=\u00bb\u00bb]<\/p>\n<p data-start=\"4279\" data-end=\"4679\">Segons el tipus de servei i la data del viatge, pot ser necessari fer un dip\u00f2sit per confirmar la reserva del minib\u00fas. Aquest pagament garanteix la disponibilitat del vehicle i del conductor en l&#8217;horari sol\u00b7licitat. Al pressupost es detallen clarament els imports, els terminis i les condicions, amb total transpar\u00e8ncia durant l&#8217;organitzaci\u00f3 del despla\u00e7ament.<\/p>\n<p>[\/vc_column_text][\/vc_tta_section][\/vc_tta_accordion][vc_separator color=\u00bbwhite\u00bb border_width=\u00bb5&#8243; css=\u00bb\u00bb][\/vc_column][vc_column width=\u00bb1\/3&#8243; css=\u00bb.vc_custom_1744211247589{margin-right: 30px !important;margin-left: 30px !important;}\u00bb][vc_column_text css=\u00bb.vc_custom_1744210584346{margin-bottom: -10px !important;}\u00bb]<\/p>\n<p style=\"font-size: 30px; font-family: 'gotham-rounded'; text-align: left; color: #25a8ba; line-height: 1em;\"><strong>La teva companyia de confian\u00e7a a Sant Joan Desp\u00ed<\/strong><\/p>\n<p>[\/vc_column_text][vc_column_text css=\u00bb\u00bb]<\/p>\n<p style=\"font-size: 18px; font-family: 'gotham-rounded'; text-align: left;\"><strong>Badabus \u00e9s una empresa familiar dedicada al transport de viatgers per carretera.<\/strong><\/p>\n<p>Empresa especialista en el lloguer de minibusos a Sant Joan Desp\u00ed. Ens avala l&#8217;experi\u00e8ncia de m\u00e9s de 25 anys en el sector de les persones que la dirigim.[\/vc_column_text][vc_column_text css=\u00bb\u00bb]<b style=\"text-align: left; font-size: 20px;\"><img loading=\"lazy\" decoding=\"async\" class=\"alignnone wp-image-1964\" src=\"https:\/\/badabus.com\/wp-content\/uploads\/flechas-badabus.jpg\" alt=\"\" width=\"45\" height=\"27\" \/> CONTACTE<\/b>[\/vc_column_text][vc_column_text css=\u00bb\u00bb]<\/p>\n<h3 style=\"text-align: left; font-size: 20px;\">Autocares Badabus<\/h3>\n<p>Adre\u00e7a: <a href=\"https:\/\/www.google.com\/maps\/place\/Autocares+Badabus\/@41.3518513,2.1340148,17z\/data=!3m1!4b1!4m6!3m5!1s0x12a498a57225f481:0x27ebbd8420ff8f5e!8m2!3d41.3518513!4d2.1340148!16s%2Fg%2F11fz9zb2tf?entry=ttu\" target=\"_blank\" rel=\"noopener noreferrer\">Carrer de la Metal\u00b7l\u00fargia, 51, 08908 Barcelona<\/a><br \/>\nCorreu electr\u00f2nic: <a href=\"mailto:info@badabus.com\">info@badabus.com<\/a><br \/>\n<img loading=\"lazy\" decoding=\"async\" class=\"size-full wp-image-2239 alignleft\" src=\"https:\/\/badabus.com\/wp-content\/uploads\/telefon-de-lloguer-autocars-badabus.jpg\" alt=\"telefono de alquiler autocares badabus\" width=\"341\" height=\"124\" \/>[\/vc_column_text][\/vc_column][\/vc_row][vc_row row_fullwidth=\u00bb1&#8243; row_zero_column_space=\u00bb1&#8243; css=\u00bb.vc_custom_1525855960545{margin-top: 0px !important;margin-right: 0px !important;margin-bottom: 0px !important;margin-left: 0px !important;padding-top: 0px !important;padding-right: 0px !important;padding-bottom: 0px !important;padding-left: 0px !important;background-color: #303033 !important;}\u00bb][vc_column width=\u00bb1\/2&#8243; css=\u00bb.vc_custom_1525855742551{margin-top: -30px !important;}\u00bb][vc_single_image image=\u00bb15747&#8243; img_size=\u00bbfull\u00bb css=\u00bb\u00bb][\/vc_column][vc_column width=\u00bb1\/4&#8243; offset=\u00bbvc_hidden-xs\u00bb][vc_single_image image=\u00bb15755&#8243; img_size=\u00bbfull\u00bb css=\u00bb.vc_custom_1787297675155{padding-top: 10px !important;}\u00bb][\/vc_column][vc_column width=\u00bb1\/4&#8243; offset=\u00bbvc_hidden-xs\u00bb][vc_btn title=\u00bbDEMANAR PRESSUPOST\u00bb style=\u00bbgradient-custom\u00bb gradient_custom_color_1=\u00bb#25a6b9&#8243; gradient_custom_color_2=\u00bb#e22893&#8243; shape=\u00bbround\u00bb size=\u00bblg\u00bb align=\u00bbleft\u00bb css=\u00bb.vc_custom_1786962039061{padding-top: 20px !important;}\u00bb link=\u00bburl:https%3A%2F%2Fbadabus.com%2Fca%2Fpressupost-lloguer-de-minibusos%2F\u00bb][\/vc_column][\/vc_row][vc_row][vc_column][vc_raw_html css=\u00bb\u00bb]PHNjcmlwdCB0eXBlPSJhcHBsaWNhdGlvbi9sZCtqc29uIj4KewogICJAY29udGV4dCI6ICJodHRwczovL3NjaGVtYS5vcmciLAogICJAdHlwZSI6ICJGQVFQYWdlIiwKICAibWFpbkVudGl0eSI6IFt7CiAgICAiQHR5cGUiOiAiUXVlc3Rpb24iLAogICAgIm5hbWUiOiAiUXVpbiBwcmV1IHTDqSBsbG9nYXIgdW4gbWluaWLDunMgYSBTYW50IEpvYW4gRGVzcMOtPyIsCiAgICAiYWNjZXB0ZWRBbnN3ZXIiOiB7CiAgICAgICJAdHlwZSI6ICJBbnN3ZXIiLAogICAgICAidGV4dCI6ICJFbCBwcmV1IGRlIGxsb2dhciB1biBtaW5pYsO6cyBhIFNhbnQgSm9hbiBEZXNww60gdmFyaWEgZW4gZnVuY2nDsyBkZWwgcmVjb3JyZWd1dCwgbGEgZGF0YSBkZWwgc2VydmVpLCBsYSBkdXJhZGEgZGVsIHRyYWplY3RlLCBlbCB0aXB1cyBkZSB2ZWhpY2xlIGkgZWwgbm9tYnJlIGRlIHBhc3NhdGdlcnMuIENvbSBxdWUgY2FkYSB2aWF0Z2UgdMOpIG5lY2Vzc2l0YXRzIGVzcGVjw61maXF1ZXMsIG5vIGhpIGhhIHVuYSB0YXJpZmEgZml4YS4gUGVyIGNvbsOoaXhlciBlbCBjb3N0IGV4YWN0ZSwgbm9tw6lzIGNhbCBpbmRpY2FyIGVsIHB1bnQgZGUgcmVjb2xsaWRhIGEgU2FudCBKb2FuIERlc3DDrSwgbGEgZGVzdGluYWNpw7MsIGwnaG9yYXJpIGkgbGEgbWlkYSBkZWwgZ3J1cC4gQW1iIGFxdWVzdGEgaW5mb3JtYWNpw7MgZWxhYm9yZW0gdW4gcHJlc3N1cG9zdCBwZXJzb25hbGl0emF0LCBjbGFyIGkgc2Vuc2UgY29zdG9zIGFkZGljaW9uYWxzLiIKICAgIH0KICB9LHsKICAgICJAdHlwZSI6ICJRdWVzdGlvbiIsCiAgICAibmFtZSI6ICJRdWlucyBhdmFudGF0Z2VzIG9mZXJlaXggZWwgbGxvZ3VlciBkJ3VuIG1pbmliw7pzIGEgU2FudCBKb2FuIERlc3DDrSBwZXIgYSBncnVwcyBwZXRpdHMgaSBtaXRqYW5zPyIsCiAgICAiYWNjZXB0ZWRBbnN3ZXIiOiB7CiAgICAgICJAdHlwZSI6ICJBbnN3ZXIiLAogICAgICAidGV4dCI6ICJMbG9nYXIgdW4gbWluaWLDunMgYSBTYW50IEpvYW4gRGVzcMOtIMOpcyBpZGVhbCBwZXIgYSBncnVwcyBxdWUgdm9sZW4gZGVzcGxhw6dhci1zZSBqdW50cyBkZSBtYW5lcmEgY8OybW9kYSBpIMOgZ2lsLiBBcXVlc3QgdGlwdXMgZGUgdmVoaWNsZSBmYWNpbGl0YSBlbHMgdHJhamVjdGVzIGRpbnMgZGVsIG11bmljaXBpIGkgcGVybWV0IGNvbm5lY3RhciByw6BwaWRhbWVudCBhbWIgQmFyY2Vsb25hLCBlbCBCYWl4IExsb2JyZWdhdCBvIGwnYWVyb3BvcnQuIEVscyBtaW5pYnVzb3MgZGlzcG9zZW4gZGUgY2xpbWF0aXR6YWNpw7MsIHNlaWVudHMgZXNwYWlvc29zIGkgdW4gaW50ZXJpb3IgY29uZm9ydGFibGUsIGkgc8OzbiBsJ29wY2nDsyBwZXJmZWN0YSBwZXIgYSBleGN1cnNpb25zLCBjZWxlYnJhY2lvbnMsIHNvcnRpZGVzIGVzY29sYXJzLCBlc2RldmVuaW1lbnRzIGVtcHJlc2FyaWFscyBpIHRyYXNsbGF0cyBmYW1pbGlhcnMuIgogICAgfQogIH0sewogICAgIkB0eXBlIjogIlF1ZXN0aW9uIiwKICAgICJuYW1lIjogIkVzIHBvZGVuIGNvbnRyYWN0YXIgbWluaWJ1c29zIHBlciBhIGV4Y3Vyc2lvbnMgZGVzIGRlIFNhbnQgSm9hbiBEZXNww60\/IiwKICAgICJhY2NlcHRlZEFuc3dlciI6IHsKICAgICAgIkB0eXBlIjogIkFuc3dlciIsCiAgICAgICJ0ZXh0IjogIlPDrSwgZXMgcG90IGNvbnRyYWN0YXIgdW4gbWluaWLDunMgcGVyIGZlciBleGN1cnNpb25zIGkgcnV0ZXMgcGVyc29uYWxpdHphZGVzIGRlcyBkZSBTYW50IEpvYW4gRGVzcMOtLiDDiXMgdW5hIG9wY2nDsyBtb2x0IGNvbnZlbmllbnQgcGVyIGEgZ3J1cHMgcXVlIHZvbGVuIHZpc2l0YXIgQmFyY2Vsb25hLCBNb250c2VycmF0LCBsYSBDb3N0YSBCcmF2YSwgZWwgUGVuZWTDqHMgbyBxdWFsc2V2b2wgZGVzdGluYWNpw7MgZGUgQ2F0YWx1bnlhLiBBZGFwdGVtIGwnaXRpbmVyYXJpIGEgbGVzIHByZWZlcsOobmNpZXMgZGVsIGdydXAgaSBnYXJhbnRpbSB1biB2aWF0Z2UgY8OybW9kZSwgb3JnYW5pdHphdCBpIGZsZXhpYmxlIGVuIHRvdCBtb21lbnQuIgogICAgfQogIH0sewogICAgIkB0eXBlIjogIlF1ZXN0aW9uIiwKICAgICJuYW1lIjogIlF1aW5hIGR1cmFkYSBzb2xlbiB0ZW5pciBlbHMgc2VydmVpcyBkZSBtaW5pYsO6cyBhIFNhbnQgSm9hbiBEZXNww60\/IiwKICAgICJhY2NlcHRlZEFuc3dlciI6IHsKICAgICAgIkB0eXBlIjogIkFuc3dlciIsCiAgICAgICJ0ZXh0IjogIkxhIGR1cmFkYSBkZWwgc2VydmVpIGRlcMOobiBkZWwgdGlwdXMgZGUgZGVzcGxhw6dhbWVudCBzb2zCt2xpY2l0YXQuIFBvZGVtIGdlc3Rpb25hciBkZXMgZGUgdHJhc2xsYXRzIGN1cnRzIGRpbnMgZGUgU2FudCBKb2FuIERlc3DDrSBmaW5zIGEgc2VydmVpcyBwZXIgaG9yZXMsIHJ1dGVzIGFtYiBtw7psdGlwbGVzIHBhcmFkZXMsIGV4Y3Vyc2lvbnMgZGUgbWlnIGRpYSBvIHNvcnRpZGVzIGRlIGpvcm5hZGEgY29tcGxldGEuIENhZGEgc2VydmVpIGVzIHBsYW5pZmljYSBzZWdvbnMgbGVzIG5lY2Vzc2l0YXRzIGRlbCBncnVwIHBlciBhc3NlZ3VyYXIgdW4gdHJhamVjdGUgY8OybW9kZSBpIGJlbiBvcmdhbml0emF0LiIKICAgIH0KICB9LHsKICAgICJAdHlwZSI6ICJRdWVzdGlvbiIsCiAgICAibmFtZSI6ICJRdWluYSBjYXBhY2l0YXQgdGVuZW4gZWxzIG1pbmlidXNvcyBkaXNwb25pYmxlcyBhIFNhbnQgSm9hbiBEZXNww60\/IiwKICAgICJhY2NlcHRlZEFuc3dlciI6IHsKICAgICAgIkB0eXBlIjogIkFuc3dlciIsCiAgICAgICJ0ZXh0IjogIkVscyBtaW5pYnVzb3MgZGlzcG9uaWJsZXMgYSBTYW50IEpvYW4gRGVzcMOtIHRlbmVuIGNhcGFjaXRhdHMgcXVlIHNlIHNvbGVuIHNpdHVhciBlbnRyZSA4IGkgMjUgcGxhY2VzLiBBcXVlc3RhIHZhcmlldGF0IHBlcm1ldCB0cmlhciBlbCB2ZWhpY2xlIG3DqXMgYWRlcXVhdCBzZWdvbnMgZWwgdGlwdXMgZCdhY3Rpdml0YXQ6IGV4Y3Vyc2lvbnMsIHRyYXNsbGF0cyB1cmJhbnMsIGNlbGVicmFjaW9ucywgc2VydmVpcyBjb3Jwb3JhdGl1cyBvIGRlc3BsYcOnYW1lbnRzIGVzY29sYXJzLiBFbiBzb2zCt2xpY2l0YXIgdW4gcHJlc3N1cG9zdCwgbm9tw6lzIGNhbGRyw6AgcXVlIGluZGlxdWlzIGVsIG5vbWJyZSBkZSBwYXNzYXRnZXJzIHBlcnF1w6ggcHVndWVtIGFzc2lnbmFyIGVsIG1vZGVsIGlkZWFsLiIKICAgIH0KICB9LHsKICAgICJAdHlwZSI6ICJRdWVzdGlvbiIsCiAgICAibmFtZSI6ICJQdWMgcmVzZXJ2YXIgdW4gbWluaWLDunMgZGVzIGRlIFNhbnQgSm9hbiBEZXNww60gY2FwIGEgbCdhZXJvcG9ydCBkZSBCYXJjZWxvbmE\/IiwKICAgICJhY2NlcHRlZEFuc3dlciI6IHsKICAgICAgIkB0eXBlIjogIkFuc3dlciIsCiAgICAgICJ0ZXh0IjogIlPDrSwgb2ZlcmltIHRyYXNsbGF0cyBlbiBtaW5pYsO6cyBkZXMgZGUgU2FudCBKb2FuIERlc3DDrSBmaW5zIGEgbCdhZXJvcG9ydCBkZSBCYXJjZWxvbmEtZWwgUHJhdC4gQXF1ZXN0IHNlcnZlaSDDqXMgaWRlYWwgcGVyIGEgZ3J1cHMgcXVlIGJ1c3F1ZW4gdW4gdHJhbnNwb3J0IHB1bnR1YWwsIGPDsm1vZGUgaSBkaXJlY3RlIGZpbnMgYSBsYSB0ZXJtaW5hbC4gRWwgY29uZHVjdG9yIHMnZW5jYXJyZWdhIGRlIGxhIHJlY29sbGlkYSwgZGUgbCdlcXVpcGF0Z2UgaSBkZWwgdHJhamVjdGUuIFRhbWLDqSBnZXN0aW9uZW0gcmVjb2xsaWRlcyBwZXIgYSBncnVwcyBxdWUgYXRlcnJlbiBlbiBob3JhcmlzIGRpZmVyZW50cy4iCiAgICB9CiAgfSx7CiAgICAiQHR5cGUiOiAiUXVlc3Rpb24iLAogICAgIm5hbWUiOiAiUXVpbmEgZGlmZXLDqG5jaWEgaGkgaGEgZW50cmUgbGxvZ2FyIHVuIG1pbmliw7pzIGkgdW4gYXV0b2NhciBhIFNhbnQgSm9hbiBEZXNww60\/IiwKICAgICJhY2NlcHRlZEFuc3dlciI6IHsKICAgICAgIkB0eXBlIjogIkFuc3dlciIsCiAgICAgICJ0ZXh0IjogIkxhIGRpZmVyw6huY2lhIHByaW5jaXBhbCDDqXMgbGEgY2FwYWNpdGF0IGkgZWwgdGlwdXMgZGUgZGVzcGxhw6dhbWVudC4gRWwgbWluaWLDunMgw6lzIHBlcmZlY3RlIHBlciBhIGdydXBzIHBldGl0cyBvIG1pdGphbnMgcXVlIGJ1c3F1ZW4gYWdpbGl0YXQgZW4gdHJhamVjdGVzIHVyYmFucyBvIGRlc3BsYcOnYW1lbnRzIGN1cnRzLiBMJ2F1dG9jYXIsIGVuIGNhbnZpLCBlcyByZWNvbWFuYSBwZXIgYSBncnVwcyBncmFucyBvIHBlciBhIHJ1dGVzIGxsYXJndWVzLiBUb3RzIGRvcyBvZmVyZWl4ZW4gY29tb2RpdGF0LCBzZWd1cmV0YXQgaSBjbGltYXRpdHphY2nDsywgcGVyw7IgY2FkYXNjdW4gcydhZGFwdGEgYSBuZWNlc3NpdGF0cyBkaWZlcmVudHMgc2Vnb25zIGxhIG1pZGEgZGVsIGdydXAgaSBlbCByZWNvcnJlZ3V0IHByZXZpc3QuIgogICAgfQogIH0sewogICAgIkB0eXBlIjogIlF1ZXN0aW9uIiwKICAgICJuYW1lIjogIkNhbCBwYWdhciB1biBkaXDDsnNpdCBwZXIgcmVzZXJ2YXIgdW4gbWluaWLDunMgYSBTYW50IEpvYW4gRGVzcMOtPyIsCiAgICAiYWNjZXB0ZWRBbnN3ZXIiOiB7CiAgICAgICJAdHlwZSI6ICJBbnN3ZXIiLAogICAgICAidGV4dCI6ICJTZWdvbnMgZWwgdGlwdXMgZGUgc2VydmVpIGkgbGEgZGF0YSBkZWwgdmlhdGdlLCBwb3Qgc2VyIG5lY2Vzc2FyaSBmZXIgdW4gZGlww7JzaXQgcGVyIGNvbmZpcm1hciBsYSByZXNlcnZhIGRlbCBtaW5pYsO6cy4gQXF1ZXN0IHBhZ2FtZW50IGdhcmFudGVpeCBsYSBkaXNwb25pYmlsaXRhdCBkZWwgdmVoaWNsZSBpIGRlbCBjb25kdWN0b3IgZW4gbCdob3Jhcmkgc29swrdsaWNpdGF0LiBBbCBwcmVzc3Vwb3N0IGVzIGRldGFsbGVuIGNsYXJhbWVudCBlbHMgaW1wb3J0cywgZWxzIHRlcm1pbmlzIGkgbGVzIGNvbmRpY2lvbnMsIGFtYiB0b3RhbCB0cmFuc3BhcsOobmNpYSBkdXJhbnQgbCdvcmdhbml0emFjacOzIGRlbCBkZXNwbGHDp2FtZW50LiIKICAgIH0KICB9XQp9Cjwvc2NyaXB0Pg==[\/vc_raw_html][\/vc_column][\/vc_row]<\/p>\n<\/div>","protected":false},"excerpt":{"rendered":"<p>[vc_row row_fullwidth=\u00bb1&#8243; row_zero_column_space=\u00bb1&#8243; css=\u00bb.vc_custom_1461073450203{margin-top: 0px !important;margin-right: 0px !important;margin-bottom: 0px !important;margin-left: 0px !important;padding-top: 0px !important;padding-right: 0px !important;padding-bottom: 0px !important;padding-left: 0px !important;}\u00bb][vc_column offset=\u00bbvc_hidden-sm vc_hidden-xs\u00bb][rev_slider_vc alias=\u00bbsant-joan-despi-minibus-1&#8243; el_class=\u00bbno-bottom-margin\u00bb][\/vc_column][\/vc_row][vc_row gap=\u00bb5&#8243; row_fullwidth=\u00bb1&#8243; css=\u00bb.vc_custom_1684321545730{margin-top: 0px !important;margin-bottom: 0px [&hellip;]<\/p>\n","protected":false},"author":10,"featured_media":0,"parent":0,"menu_order":0,"comment_status":"closed","ping_status":"closed","template":"","meta":{"footnotes":""},"class_list":["post-15031","page","type-page","status-publish","hentry"],"_links":{"self":[{"href":"https:\/\/badabus.com\/ca\/wp-json\/wp\/v2\/pages\/15031","targetHints":{"allow":["GET"]}}],"collection":[{"href":"https:\/\/badabus.com\/ca\/wp-json\/wp\/v2\/pages"}],"about":[{"href":"https:\/\/badabus.com\/ca\/wp-json\/wp\/v2\/types\/page"}],"author":[{"embeddable":true,"href":"https:\/\/badabus.com\/ca\/wp-json\/wp\/v2\/users\/10"}],"replies":[{"embeddable":true,"href":"https:\/\/badabus.com\/ca\/wp-json\/wp\/v2\/comments?post=15031"}],"version-history":[{"count":7,"href":"https:\/\/badabus.com\/ca\/wp-json\/wp\/v2\/pages\/15031\/revisions"}],"predecessor-version":[{"id":15894,"href":"https:\/\/badabus.com\/ca\/wp-json\/wp\/v2\/pages\/15031\/revisions\/15894"}],"wp:attachment":[{"href":"https:\/\/badabus.com\/ca\/wp-json\/wp\/v2\/media?parent=15031"}],"curies":[{"name":"wp","href":"https:\/\/api.w.org\/{rel}","templated":true}]}}