{"id":15027,"date":"2026-08-21T09:37:11","date_gmt":"2026-08-21T07:37:11","guid":{"rendered":"https:\/\/badabus.com\/?page_id=15027"},"modified":"2026-08-31T12:13:05","modified_gmt":"2026-08-31T10:13:05","slug":"lloguer-minibus-santa-coloma-de-gramenet","status":"publish","type":"page","link":"https:\/\/badabus.com\/ca\/lloguer-minibus-santa-coloma-de-gramenet\/","title":{"rendered":"Inici Santa Coloma Minib\u00fas CAT"},"content":{"rendered":"<div class=\"wpb-content-wrapper\"><p>[vc_row row_fullwidth=\u00bb1&#8243; row_zero_column_space=\u00bb1&#8243; css=\u00bb.vc_custom_1461073450203{margin-top: 0px !important;margin-right: 0px !important;margin-bottom: 0px !important;margin-left: 0px !important;padding-top: 0px !important;padding-right: 0px !important;padding-bottom: 0px !important;padding-left: 0px !important;}\u00bb][vc_column offset=\u00bbvc_hidden-sm vc_hidden-xs\u00bb][rev_slider_vc alias=\u00bbsanta-coloma-minibus-1&#8243; el_class=\u00bbno-bottom-margin\u00bb][\/vc_column][\/vc_row][vc_row gap=\u00bb5&#8243; row_fullwidth=\u00bb1&#8243; css=\u00bb.vc_custom_1684321545730{margin-top: 0px !important;margin-bottom: 0px !important;padding-top: 40px !important;padding-right: 40px !important;padding-left: 40px !important;background-color: #ffffff !important;}\u00bb][vc_column offset=\u00bbvc_hidden-sm vc_hidden-xs\u00bb][vc_column_text css=\u00bb\u00bb]<\/p>\n<h1 class=\"h1-home-cat\">Lloguer de minib\u00fas a Santa Coloma de Gramenet<\/h1>\n<h2 class=\"h1-servicios\">Les nostres opcions de minib\u00fas per a Santa Coloma de Gramenet<\/h2>\n<p>[\/vc_column_text][vc_raw_html css=\u00bb\u00bb]JTVCYmFkYWJ1c19zZXJ2ZWlzJTVE[\/vc_raw_html][\/vc_column][vc_column offset=\u00bbvc_hidden-sm vc_hidden-xs\u00bb css=\u00bb.vc_custom_1744208769323{margin-top: 50px !important;background-color: #F6F6F6 !important;}\u00bb][vc_custom_heading text=\u00bbNecessites un minib\u00fas a Santa Coloma de Gramenet per al teu trajecte?\u00bb font_container=\u00bbtag:h2|font_size:40|text_align:center|color:%23000000|line_height:30px\u00bb google_fonts=\u00bbfont_family:Raleway%3A100%2C200%2C300%2Cregular%2C500%2C600%2C700%2C800%2C900|font_style:300%20light%20regular%3A300%3Anormal\u00bb css=\u00bb.vc_custom_1746433816444{margin-top: 0px !important;margin-bottom: 0px !important;padding-top: 20px !important;padding-bottom: 0px !important;}\u00bb][vc_column_text css=\u00bb.vc_custom_1746433831522{margin-top: 10px !important;margin-bottom: 10px !important;}\u00bb]<\/p>\n<p style=\"text-align: center;\">Envia&#8217;ns la teva ruta i tindr\u00e0s un pressupost a punt en menys de 24 hores laborables.<\/p>\n<p>[\/vc_column_text][vc_btn title=\u00bbSol\u00b7licitar pressupost per a lloguer de minib\u00fas\u00bb style=\u00bboutline-custom\u00bb outline_custom_color=\u00bb#000000&#8243; outline_custom_hover_background=\u00bb#000000&#8243; outline_custom_hover_text=\u00bb#ffffff\u00bb shape=\u00bbround\u00bb size=\u00bblg\u00bb align=\u00bbcenter\u00bb i_type=\u00bblinecons\u00bb i_icon_linecons=\u00bbvc_li vc_li-clip\u00bb css=\u00bb.vc_custom_1787732261201{margin-top: 20px !important;margin-bottom: 55px !important;}\u00bb add_icon=\u00bbtrue\u00bb link=\u00bburl:https%3A%2F%2Fbadabus.com%2Fca%2Fpressupost-lloguer-de-minibusos%2F|title:Pressupost%20lloguer%20d&#8217;autobusos\u00bb][\/vc_column][\/vc_row][vc_row row_fullwidth=\u00bb1&#8243; css=\u00bb.vc_custom_1613379287195{padding-right: 0px !important;padding-left: 0px !important;background-color: #0a0a0a !important;}\u00bb][vc_column css=\u00bb.vc_custom_1710964759406{padding-top: 0px !important;padding-right: 0px !important;padding-bottom: 0px !important;padding-left: 0px !important;background: #0a0a0a url(https:\/\/badabus.com\/wp-content\/uploads\/Alex-Bascuas-Photo-9610-opacity.jpg?id=9993) !important;background-position: center !important;background-repeat: no-repeat !important;background-size: cover !important;}\u00bb offset=\u00bbvc_hidden-lg vc_hidden-md\u00bb el_class=\u00bbimagen-background-home-mobile\u00bb][vc_column_text css=\u00bb.vc_custom_1746433983206{margin-top: 45px !important;margin-right: 5% !important;margin-bottom: 45px !important;margin-left: 5% !important;padding-right: 0px !important;padding-left: 0px !important;background-position: center !important;background-repeat: no-repeat !important;background-size: cover !important;}\u00bb]<\/p>\n<h1 class=\"h1-home-mob\">Lloguer de minibusos a Santa Coloma de Gramenet<\/h1>\n<p>[\/vc_column_text][vc_btn title=\u00bbDEMANA PRESSUPOST\u00bb style=\u00bbcustom\u00bb custom_background=\u00bb#e22893&#8243; custom_text=\u00bb#ffffff\u00bb shape=\u00bbround\u00bb css=\u00bb.vc_custom_1786962291382{margin-left: 30px !important;}\u00bb link=\u00bburl:https%3A%2F%2Fbadabus.com%2Fca%2Fpressupost-lloguer-de-minibusos%2F|title:Pressupost%20lloguer%20d&#8217;autobusos\u00bb][\/vc_column][\/vc_row][vc_row css=\u00bb.vc_custom_1744208838364{margin-top: 130px !important;margin-bottom: 15px !important;}\u00bb][vc_column width=\u00bb1\/2&#8243;][vc_column_text css=\u00bb\u00bb]<\/p>\n<h2>Des de quins barris de Santa Coloma de Gramenet sortim?<\/h2>\n<p>Oferim sortides en <a href=\"https:\/\/badabus.com\/ca\/lloguer-de-minibus-barcelona\/\">minib\u00fas<\/a> des de barris com Fondo, Singuerl\u00edn, Can Franquesa, Raval i Safaretjos, cobrint aix\u00ed tota Santa Coloma i permetent que el grup no s&#8217;hagi de despla\u00e7ar lluny per iniciar el viatge.<\/p>\n<p>Tamb\u00e9 donem servei de lloguer de minib\u00fas en zones com Santa Rosa o Les Oliveres, adaptant sempre el punt de recollida a la ubicaci\u00f3 i les necessitats del client. Ens assegurem de facilitar l&#8217;inici del trajecte des de qualsevol rac\u00f3 de la ciutat.[\/vc_column_text][\/vc_column][vc_column width=\u00bb1\/2&#8243;][vc_single_image image=\u00bb12899&#8243; img_size=\u00bb450&#215;450&#8243; css=\u00bb\u00bb][\/vc_column][\/vc_row][vc_row css=\u00bb.vc_custom_1744208847931{margin-top: 70px !important;margin-bottom: 30px !important;}\u00bb][vc_column width=\u00bb1\/2&#8243;][vc_column_text css=\u00bb.vc_custom_1786962351535{margin-bottom: 20px !important;}\u00bb]<\/p>\n<h2>De quantes places s\u00f3n els minibusos?<\/h2>\n<p>A Santa Coloma de Gramenet comptem amb una flota vers\u00e0til que cobreix des de grups petits fins a grans esdeveniments. Disposem de microbusos de 16 a 25 places, ideals per a trasllats d&#8217;empresa, activitats escolars o trobades familiars en format redu\u00eft.<\/p>\n<p>Tamb\u00e9 oferim <a href=\"https:\/\/badabus.com\/ca\/lloguer-autocar-santa-coloma-de-gramenet\/\">autocars per a Santa Coloma<\/a> de 35, 50 i 55 places, perfectes per a sortides escolars, turisme en grup o transport d&#8217;assistents a esdeveniments corporatius. Tots els nostres vehicles estan equipats per garantir un viatge c\u00f2mode, segur i sense contratemps.<\/p>\n<h3>Vols con\u00e8ixer la nostra flota de microbusos per a Santa Coloma de Gramenet?<\/h3>\n<p>[\/vc_column_text][vc_btn title=\u00bbVEURE FLOTA DE MINIBUSOS\u00bb style=\u00bboutline-custom\u00bb outline_custom_color=\u00bb#000000&#8243; outline_custom_hover_background=\u00bb#000000&#8243; outline_custom_hover_text=\u00bb#ffffff\u00bb shape=\u00bbround\u00bb align=\u00bbleft\u00bb i_type=\u00bblinecons\u00bb i_icon_linecons=\u00bbvc_li vc_li-clip\u00bb css=\u00bb.vc_custom_1786962362304{margin-bottom: 35px !important;}\u00bb add_icon=\u00bbtrue\u00bb link=\u00bburl:https%3A%2F%2Fbadabus.com%2Fca%2Fflota%2F\u00bb][\/vc_column][vc_column width=\u00bb1\/2&#8243;][vc_single_image image=\u00bb12673&#8243; img_size=\u00bb450&#215;420&#8243; css=\u00bb\u00bb][\/vc_column][\/vc_row][vc_row css=\u00bb.vc_custom_1744209919418{padding-top: 35px !important;background-color: #25A6B9 !important;}\u00bb][vc_column width=\u00bb2\/3&#8243;][vc_column_text css=\u00bb\u00bb]<strong style=\"font-size: 26px; color: white;\">Necessites un minib\u00fas a Santa Coloma de Gramenet per al teu trajecte?<\/strong>[\/vc_column_text][\/vc_column][vc_column width=\u00bb1\/3&#8243;][vc_btn title=\u00bbPressupost en 24 h\u00bb style=\u00bboutline-custom\u00bb outline_custom_color=\u00bb#FFFFFF\u00bb outline_custom_hover_background=\u00bb#000000&#8243; outline_custom_hover_text=\u00bb#ffffff\u00bb shape=\u00bbround\u00bb align=\u00bbleft\u00bb i_type=\u00bblinecons\u00bb i_icon_linecons=\u00bbvc_li vc_li-clip\u00bb css=\u00bb.vc_custom_1786962379297{margin-bottom: 35px !important;}\u00bb add_icon=\u00bbtrue\u00bb link=\u00bburl:https%3A%2F%2Fbadabus.com%2Fca%2Fpressupost-lloguer-de-minibusos%2F|title:Pressupost%20lloguer%20d&#8217;autobusos\u00bb][\/vc_column][\/vc_row][vc_row gap=\u00bb20&#8243; equal_height=\u00bbyes\u00bb css=\u00bb.vc_custom_1719475441479{margin-top: 40px !important;padding-top: 40px !important;padding-bottom: 120px !important;background-image: url(https:\/\/badabus.com\/wp-content\/uploads\/dotted.png?id=2221) !important;}\u00bb][vc_column][vc_column_text css=\u00bb\u00bb]<\/p>\n<p style=\"text-align: center; font-size: 40px; font-family: gotham-rounded; line-height: 1em;\"><strong>Per qu\u00e8 triar-nos per al teu trajecte des de Santa Coloma de Gramenet?<\/strong><\/p>\n<p>[\/vc_column_text][vc_row_inner equal_height=\u00bbyes\u00bb css=\u00bb.vc_custom_1744209697713{margin-bottom: 0px !important;padding-top: 20px !important;padding-bottom: 0px !important;}\u00bb][vc_column_inner width=\u00bb1\/3&#8243; css=\u00bb.vc_custom_1719475287975{background-color: #25a6b9 !important;border-radius: 5px !important;}\u00bb][vc_column_text css=\u00bb\u00bb]<\/p>\n<p class=\"numero-porque\">\/\/ 01<\/p>\n<p class=\"titulo-porque\">Seguretat<\/p>\n<p class=\"p-porque\">Ens prenem molt seriosament el manteniment dels nostres autocars per a Santa Coloma de Gramenet per tenir cura de tu a cada quil\u00f2metre.<\/p>\n<p>[\/vc_column_text][vc_btn title=\u00bbVEURE FLOTA\u00bb style=\u00bboutline-custom\u00bb outline_custom_color=\u00bb#ffffff\u00bb outline_custom_hover_background=\u00bb#ffffff\u00bb outline_custom_hover_text=\u00bb#25a6b9&#8243; shape=\u00bbround\u00bb size=\u00bbsm\u00bb css=\u00bb.vc_custom_1786962393896{margin-left: 35px !important;}\u00bb link=\u00bburl:https%3A%2F%2Fbadabus.com%2Fca%2Fflota%2F|title:Veure%20flota%20d&#8217;autocars\u00bb][vc_empty_space][\/vc_column_inner][vc_column_inner width=\u00bb1\/3&#8243; css=\u00bb.vc_custom_1719475336589{background-color: #9b6da6 !important;border-radius: 5px !important;}\u00bb][vc_column_text css=\u00bb\u00bb]<\/p>\n<p class=\"numero-porque\">\/\/ 02<\/p>\n<p class=\"titulo-porque\">Confort<\/p>\n<p class=\"p-porque\">Els nostres minibusos s&#8217;han dissenyat perqu\u00e8 gaudeixis del viatge amb total confian\u00e7a i confort.<\/p>\n<p>[\/vc_column_text][vc_btn title=\u00bbVEURE FLOTA\u00bb style=\u00bboutline-custom\u00bb outline_custom_color=\u00bb#ffffff\u00bb outline_custom_hover_background=\u00bb#ffffff\u00bb outline_custom_hover_text=\u00bb#9b6da6&#8243; shape=\u00bbround\u00bb size=\u00bbsm\u00bb css=\u00bb.vc_custom_1786962403617{margin-left: 35px !important;}\u00bb link=\u00bburl:https%3A%2F%2Fbadabus.com%2Fca%2Fflota%2F|title:Veure%20flota%20d&#8217;autocars\u00bb][vc_empty_space][\/vc_column_inner][vc_column_inner width=\u00bb1\/3&#8243; css=\u00bb.vc_custom_1719475343640{background-color: #e22893 !important;border-radius: 5px !important;}\u00bb][vc_column_text css=\u00bb\u00bb]<\/p>\n<p class=\"numero-porque\">\/\/ 03<\/p>\n<p class=\"titulo-porque\">Conductors<\/p>\n<p class=\"p-porque\">Posem el teu viatge en mans de professionals que coneixen el cam\u00ed i vetllen per la teva seguretat.<\/p>\n<p>[\/vc_column_text][vc_btn title=\u00bbVEURE FLOTA\u00bb style=\u00bboutline-custom\u00bb outline_custom_color=\u00bb#ffffff\u00bb outline_custom_hover_background=\u00bb#ffffff\u00bb outline_custom_hover_text=\u00bb#e22893&#8243; shape=\u00bbround\u00bb size=\u00bbsm\u00bb css=\u00bb.vc_custom_1786962414402{margin-left: 35px !important;}\u00bb link=\u00bburl:https%3A%2F%2Fbadabus.com%2Fca%2Fflota%2F|title:Veure%20flota%20d&#8217;autocars\u00bb][vc_empty_space][\/vc_column_inner][\/vc_row_inner][\/vc_column][\/vc_row][vc_row gap=\u00bb35&#8243; row_fullwidth=\u00bb1&#8243; css=\u00bb.vc_custom_1595256381018{margin-bottom: 0px !important;padding-top: 0px !important;padding-bottom: 15px !important;background-color: #ffffff !important;}\u00bb][vc_column width=\u00bb2\/3&#8243; offset=\u00bbvc_hidden-lg vc_hidden-md\u00bb css=\u00bb.vc_custom_1595256410887{margin-top: -100px !important;}\u00bb][vc_column_text css=\u00bb.vc_custom_1595254868036{margin-bottom: -10px !important;}\u00bb]<\/p>\n<p style=\"font-size: 25px; font-family: 'gotham-rounded'; text-align: left; color: #25a8ba; line-height: 1em;\"><strong>La teva companyia de confian\u00e7a<\/strong><\/p>\n<p>[\/vc_column_text][vc_column_text]<\/p>\n<p style=\"font-size: 20px; font-family: 'gotham-rounded'; text-align: left;\"><strong>Badabus \u00e9s una empresa familiar dedicada al transport de viatgers per carretera.<\/strong><\/p>\n<p>Empresa especialista en el lloguer d&#8217;autocars i minibusos. Ens avala l&#8217;experi\u00e8ncia de m\u00e9s de 25 anys en el sector de les persones que la dirigim.[\/vc_column_text][vc_btn title=\u00bbVols saber-ne m\u00e9s?\u00bb style=\u00bbgradient-custom\u00bb gradient_custom_color_1=\u00bb#25a6b9&#8243; gradient_custom_color_2=\u00bb#e22893&#8243; shape=\u00bbround\u00bb size=\u00bblg\u00bb align=\u00bbleft\u00bb css=\u00bb.vc_custom_1786962424651{padding-right: 3% !important;padding-left: 3% !important;}\u00bb link=\u00bburl:https%3A%2F%2Fbadabus.com%2Fca%2Fflota%2F|title:Flota\u00bb][\/vc_column][vc_column width=\u00bb1\/3&#8243; offset=\u00bbvc_hidden-lg vc_hidden-md\u00bb][vc_column_text css=\u00bb\u00bb]<b style=\"text-align: left; font-size: 20px;\"><img loading=\"lazy\" decoding=\"async\" class=\"alignnone wp-image-1964\" src=\"https:\/\/badabus.com\/wp-content\/uploads\/flechas-badabus.jpg\" alt=\"\" width=\"45\" height=\"27\" \/> CONTACTE<\/b>[\/vc_column_text][vc_column_text css=\u00bb\u00bb]<\/p>\n<h3 style=\"text-align: left; font-size: 20px;\">Autocares Badabus<\/h3>\n<p>Adre\u00e7a: <a href=\"https:\/\/www.google.com\/maps\/place\/Autocares+Badabus\/@41.3518513,2.1340148,17z\/data=!3m1!4b1!4m6!3m5!1s0x12a498a57225f481:0x27ebbd8420ff8f5e!8m2!3d41.3518513!4d2.1340148!16s%2Fg%2F11fz9zb2tf?entry=ttu\" target=\"_blank\" rel=\"noopener noreferrer\">C\/Plom, 28 \u2013 08038 (Barcelona)<\/a><br \/>\nCorreu electr\u00f2nic: <a href=\"mailto:info@badabus.com\">info@badabus.com<\/a><br \/>\n<img loading=\"lazy\" decoding=\"async\" class=\"size-full wp-image-2239 alignleft\" src=\"https:\/\/badabus.com\/wp-content\/uploads\/telefon-de-lloguer-autocars-badabus.jpg\" alt=\"telefono de alquiler autocares badabus\" width=\"341\" height=\"124\" \/>[\/vc_column_text][\/vc_column][\/vc_row][vc_row gap=\u00bb35&#8243; css=\u00bb.vc_custom_1744210760780{margin-bottom: 25px !important;}\u00bb][vc_column width=\u00bb2\/3&#8243; css=\u00bb.vc_custom_1748247589920{margin-right: 30px !important;}\u00bb][vc_column_text css=\u00bb\u00bb]<\/p>\n<h2 style=\"font-size: 20px;\">Trajectes freq\u00fcents des de Santa Coloma de Gramenet amb els nostres minibusos<\/h2>\n<p style=\"font-weight: 400; text-align: justify;\">Les rutes en minib\u00fas des de Santa Coloma de Gramenet m\u00e9s sol\u00b7licitades inclouen excursions a Montserrat, visites a cellers del Pened\u00e8s o dies d&#8217;aventura en parcs com PortAventura. Els nostres minibusos s&#8217;adapten a cada tipus de sortida, ja sigui d&#8217;un dia o de cap de setmana.<\/p>\n<p style=\"font-weight: 400; text-align: justify;\">Tamb\u00e9 prestem serveis de <a href=\"https:\/\/badabus.com\/ca\/transfer-aeroport-barcelona\/\">transfer a l&#8217;aeroport del Prat<\/a>, molt \u00fatil per a grups de turistes o treballadors en viatges d&#8217;empresa. En \u00e8poca escolar, som un aliat de confian\u00e7a en viatges de final de curs o sortides formatives.<\/p>\n<h3 style=\"font-weight: 400;\">Serveis m\u00e9s demandats de lloguer de minib\u00fas a Santa Coloma de Gramenet<\/h3>\n<p style=\"font-weight: 400; text-align: justify;\">A Santa Coloma de Gramenet \u00e9s habitual que les empreses contractin el nostre servei de minibusos per portar els seus treballadors a pol\u00edgons industrials o a fires del sector. Les escoles tamb\u00e9 s\u00f3n clients habituals i confien en nosaltres per a excursions escolars, viatges de final de curs i sortides culturals per la prov\u00edncia.<\/p>\n<p style=\"font-weight: 400; text-align: justify;\">Tamb\u00e9 fem molts serveis per a casaments, esdeveniments familiars i celebracions privades en finques i masies de la zona. Treballem amb clubs esportius locals per als seus despla\u00e7aments a competicions i donem suport a ag\u00e8ncies de turisme que organitzen visites per Catalunya amb sortida des de Santa Coloma de Gramenet.<\/p>\n<h3 style=\"font-weight: 400;\">Per qu\u00e8 \u00e9s millor llogar un minib\u00fas a Santa Coloma de Gramenet amb nosaltres?<\/h3>\n<p style=\"font-weight: 400; text-align: justify;\">Llogar un minib\u00fas amb nosaltres a Santa Coloma de Gramenet significa confiar en un equip que coneix a fons la ciutat i les necessitats de cada grup. Gr\u00e0cies a la nostra proximitat, podem oferir recollides r\u00e0pides i eficients des de qualsevol barri, adaptant-nos a la ubicaci\u00f3 exacta del grup i evitant esperes innecess\u00e0ries. A m\u00e9s, com que hi operem de manera habitual, optimitzem rutes i accessos per garantir sempre la m\u00e0xima puntualitat.<\/p>\n<p style=\"font-weight: 400; text-align: justify;\">Col\u00b7laborem sovint amb escoles, empreses i entitats locals, cosa que ens ha perm\u00e8s construir relacions de confian\u00e7a amb nombrosos clients de la zona. Coneixem els punts clau de sortida, els esdeveniments m\u00e9s habituals i les particularitats de cada despla\u00e7ament. La nostra experi\u00e8ncia local, combinada amb una flota moderna de minibusos i conductors professionals, ens permet oferir un servei c\u00f2mode, segur i perfectament adaptat a cada ocasi\u00f3.<\/p>\n<p>[\/vc_column_text][vc_empty_space height=\u00bb30px\u00bb][vc_column_text css=\u00bb\u00bb]<strong style=\"margin-left: 6px;\">POBLACIONS ON OFERIM SERVEI DE LLOGUER D&#8217;AUTOCARS<br \/>\n<\/strong><div class=\"menu-horizontal\"><ul><div class=\"menu-horizontal\"><li id=\"menu-item-15926\" class=\"menu-item menu-item-type-post_type menu-item-object-page menu-item-15926\"><a href=\"https:\/\/badabus.com\/ca\/lloguer-minibus-badalona\/\">Lloguer Minib\u00fas a Badalona<\/a><\/li> | <li id=\"menu-item-15933\" class=\"menu-item menu-item-type-post_type menu-item-object-page menu-item-15933\"><a href=\"https:\/\/badabus.com\/ca\/lloguer-minibus-viladecans\/\">Lloguer Minib\u00fas a Viladecans<\/a><\/li> | <li id=\"menu-item-15932\" class=\"menu-item menu-item-type-post_type menu-item-object-page menu-item-15932\"><a href=\"https:\/\/badabus.com\/ca\/lloguer-minibus-santa-coloma-de-gramenet\/\">Lloguer Minib\u00fas a Santa Coloma de Gramanet<\/a><\/li> | <li id=\"menu-item-15931\" class=\"menu-item menu-item-type-post_type menu-item-object-page menu-item-15931\"><a href=\"https:\/\/badabus.com\/ca\/lloguer-minibus-sant-joan-despi\/\">Lloguer Minib\u00fas a Sant Joan Desp\u00ed<\/a><\/li> | <li id=\"menu-item-15925\" class=\"menu-item menu-item-type-post_type menu-item-object-page menu-item-15925\"><a href=\"https:\/\/badabus.com\/ca\/lloguer-minibus-sant-feliu\/\">Lloguer Minib\u00fas a Sant Feliu de Llobregat<\/a><\/li> | <li id=\"menu-item-15930\" class=\"menu-item menu-item-type-post_type menu-item-object-page menu-item-15930\"><a href=\"https:\/\/badabus.com\/ca\/lloguer-minibus-sant-boi-llobregat\/\">Lloguer Minib\u00fas a Sant Boi de Llobregat<\/a><\/li> | <li id=\"menu-item-15924\" class=\"menu-item menu-item-type-post_type menu-item-object-page menu-item-15924\"><a href=\"https:\/\/badabus.com\/ca\/lloguer-minibus-sant-adria\/\">Lloguer Minib\u00fas a Sant Adri\u00e0 del Bes\u00f3s<\/a><\/li> | <li id=\"menu-item-15929\" class=\"menu-item menu-item-type-post_type menu-item-object-page menu-item-15929\"><a href=\"https:\/\/badabus.com\/ca\/lloguer-minibus-hospitalet-de-llobregat\/\">Lloguer Minib\u00fas a Hospitalet de Llobregat<\/a><\/li> | <li id=\"menu-item-15928\" class=\"menu-item menu-item-type-post_type menu-item-object-page menu-item-15928\"><a href=\"https:\/\/badabus.com\/ca\/lloguer-minibus-gava\/\">Lloguer Minib\u00fas a Gav\u00e0<\/a><\/li> | <li id=\"menu-item-15923\" class=\"menu-item menu-item-type-post_type menu-item-object-page menu-item-15923\"><a href=\"https:\/\/badabus.com\/ca\/lloguer-minibus-esplugues\/\">Lloguer Minib\u00fas a Esplugues de Llobregat<\/a><\/li> | <li id=\"menu-item-15927\" class=\"menu-item menu-item-type-post_type menu-item-object-page menu-item-15927\"><a href=\"https:\/\/badabus.com\/ca\/lloguer-minibus-el-prat-llobregat\/\">Lloguer Minib\u00fas a El Prat de Llobregat<\/a><\/li> | <li id=\"menu-item-15922\" class=\"menu-item menu-item-type-post_type menu-item-object-page menu-item-15922\"><a href=\"https:\/\/badabus.com\/ca\/lloguer-minibus-cornella\/\">Lloguer Minib\u00fas a Cornell\u00e0 de Llobregat<\/a><\/li> | <li id=\"menu-item-15921\" class=\"menu-item menu-item-type-post_type menu-item-object-page menu-item-15921\"><a href=\"https:\/\/badabus.com\/ca\/lloguer-minibus-castelldefels\/\">Lloguer Minib\u00fas a Castelldefels<\/a><\/li>\n<\/div><\/ul><\/div>[\/vc_column_text][vc_tta_accordion section_title_tag=\u00bbh2&#8243; color=\u00bbwhite\u00bb active_section=\u00bb1&#8243;][vc_tta_section title=\u00bbQuin \u00e9s el preu del lloguer d&#8217;un minib\u00fas a Santa Coloma de Gramenet?\u00bb tab_id=\u00bb1764150752827-f1a742af-0e52&#8243;][vc_column_text css=\u00bb\u00bb]<\/p>\n<p data-start=\"509\" data-end=\"1053\">El preu del lloguer d&#8217;un minib\u00fas a Santa Coloma de Gramenet dep\u00e8n de factors com el recorregut, la data del servei, la durada del trajecte, la capacitat del vehicle i el nombre de passatgers. No hi ha una tarifa fixa, ja que cada despla\u00e7ament requereix una planificaci\u00f3 personalitzada. Per obtenir un pressupost exacte, nom\u00e9s cal indicar el punt de recollida a Santa Coloma, la destinaci\u00f3, l&#8217;horari i la mida del grup. Amb aquesta informaci\u00f3 elaborem una proposta clara, ajustada i sense costos imprevistos.<\/p>\n<p>[\/vc_column_text][\/vc_tta_section][vc_tta_section title=\u00bbQuins avantatges ofereix llogar un minib\u00fas a Santa Coloma per a grups petits o mitjans?\u00bb tab_id=\u00bb1764150752853-43ea9028-0450&#8243;][vc_column_text css=\u00bb\u00bb]<\/p>\n<p data-start=\"1175\" data-end=\"1683\">Llogar un minib\u00fas a Santa Coloma de Gramenet \u00e9s una opci\u00f3 ideal per a grups que volen despla\u00e7ar-se junts de manera c\u00f2moda i eficient. Aquests vehicles permeten moure&#8217;s f\u00e0cilment pel municipi i fer trasllats \u00e0gils cap a Barcelona, l&#8217;aeroport o poblacions properes. Els minibusos disposen de climatitzaci\u00f3, seients amplis i un interior molt c\u00f2mode, cosa que els converteix en la millor opci\u00f3 per a excursions, sortides escolars, activitats familiars o serveis d&#8217;empresa.<\/p>\n<p>[\/vc_column_text][\/vc_tta_section][vc_tta_section title=\u00bbEs poden contractar minibusos per a excursions o rutes des de Santa Coloma de Gramenet?\u00bb tab_id=\u00bb1764150797328-39d40787-bbf0&#8243;][vc_column_text css=\u00bb\u00bb]<\/p>\n<p data-start=\"1803\" data-end=\"2210\">S\u00ed, es pot contractar un minib\u00fas per fer rutes i excursions personalitzades des de Santa Coloma de Gramenet. Aquest servei \u00e9s molt pr\u00e0ctic per a grups que volen visitar Barcelona, Montserrat, la Costa Brava, Sitges o qualsevol destinaci\u00f3 de Catalunya. L&#8217;itinerari s&#8217;adapta completament a les necessitats del grup i garanteix flexibilitat, comoditat i un viatge ben organitzat.<\/p>\n<p>[\/vc_column_text][\/vc_tta_section][vc_tta_section title=\u00bbQuant sol durar un servei de minib\u00fas a Santa Coloma de Gramenet?\u00bb tab_id=\u00bb1764150816408-92eb7857-68c2&#8243;][vc_column_text css=\u00bb\u00bb]<\/p>\n<p data-start=\"2314\" data-end=\"2690\">La durada del servei dep\u00e8n del tipus de despla\u00e7ament. Podem fer trajectes curts dins de Santa Coloma, serveis per hores, despla\u00e7aments amb parades m\u00faltiples o excursions de mig dia i de jornada completa. La planificaci\u00f3 s&#8217;ajusta a l&#8217;horari i les necessitats del grup, i assegura un viatge c\u00f2mode i eficient de principi a fi.<\/p>\n<p>[\/vc_column_text][\/vc_tta_section][vc_tta_section title=\u00bbQuina capacitat tenen els minibusos disponibles a Santa Coloma de Gramenet?\u00bb tab_id=\u00bb1764150834630-db5eedd4-f4ac\u00bb][vc_column_text css=\u00bb\u00bb]<\/p>\n<p data-start=\"2799\" data-end=\"3204\">La nostra flota a Santa Coloma de Gramenet inclou minibusos amb capacitats que van de les 8 a les 25 places. Aquesta varietat ens permet adaptar-nos a grups petits i mitjans, ja sigui per a excursions, trasllats urbans, viatges corporatius o celebracions familiars. Per assignar el vehicle adequat, nom\u00e9s cal indicar quantes persones viatjaran en sol\u00b7licitar el pressupost.<\/p>\n<p>[\/vc_column_text][\/vc_tta_section][vc_tta_section title=\u00bbPuc reservar un minib\u00fas des de Santa Coloma de Gramenet fins a l&#8217;aeroport?\u00bb tab_id=\u00bb1764150850377-902dd6ad-782f\u00bb][vc_column_text css=\u00bb\u00bb]<\/p>\n<p data-start=\"3315\" data-end=\"3738\">S\u00ed, oferim trasllats en minib\u00fas des de Santa Coloma de Gramenet fins a l&#8217;aeroport de Barcelona-el Prat. \u00c9s una alternativa c\u00f2moda per a grups que necessiten un transport puntual, segur i directe. El conductor s&#8217;encarrega de la recollida a la ubicaci\u00f3 indicada, de l&#8217;equipatge i del trajecte fins a la terminal. Tamb\u00e9 gestionem recollides a l&#8217;aeroport per a grups amb arribades en vols diferents.<\/p>\n<p>[\/vc_column_text][\/vc_tta_section][vc_tta_section title=\u00bbQuina difer\u00e8ncia hi ha entre llogar un minib\u00fas i un autocar a Santa Coloma de Gramenet?\u00bb tab_id=\u00bb1764150879406-6599cef6-ce56&#8243;][vc_column_text css=\u00bb\u00bb]<\/p>\n<p data-start=\"3858\" data-end=\"4304\">La difer\u00e8ncia principal \u00e9s la capacitat del vehicle i el tipus de trajecte. El minib\u00fas \u00e9s perfecte per a grups petits i mitjans que necessiten agilitat en despla\u00e7aments locals o interurbans. L&#8217;autocar, en canvi, \u00e9s m\u00e9s adequat per a grups grans o rutes de llarga dist\u00e0ncia. Tots dos ofereixen comoditat, seguretat i climatitzaci\u00f3, per\u00f2 l&#8217;elecci\u00f3 dep\u00e8n de la mida del grup i del recorregut que es vulgui fer.<\/p>\n<p>[\/vc_column_text][\/vc_tta_section][vc_tta_section title=\u00bbCal fer un dip\u00f2sit previ per reservar un minib\u00fas a Santa Coloma de Gramenet?\u00bb tab_id=\u00bb1764150896641-5e8951eb-ac05&#8243;][vc_column_text css=\u00bb\u00bb]<\/p>\n<p data-start=\"4427\" data-end=\"4858\">Segons la data i el tipus de servei sol\u00b7licitat, pot ser necessari fer un dip\u00f2sit per confirmar la reserva del minib\u00fas. Aquest pagament garanteix que tant el vehicle com el conductor estaran disponibles en l&#8217;horari sol\u00b7licitat. Al pressupost es detallen totes les condicions, els imports i els terminis de pagament, amb la m\u00e0xima transpar\u00e8ncia perqu\u00e8 puguis organitzar el viatge amb total tranquil\u00b7litat.<\/p>\n<p>[\/vc_column_text][\/vc_tta_section][\/vc_tta_accordion][vc_separator color=\u00bbwhite\u00bb border_width=\u00bb5&#8243; css=\u00bb\u00bb][\/vc_column][vc_column width=\u00bb1\/3&#8243; css=\u00bb.vc_custom_1744211247589{margin-right: 30px !important;margin-left: 30px !important;}\u00bb][vc_column_text css=\u00bb.vc_custom_1744210584346{margin-bottom: -10px !important;}\u00bb]<\/p>\n<p style=\"font-size: 30px; font-family: 'gotham-rounded'; text-align: left; color: #25a8ba; line-height: 1em;\"><strong>La teva companyia de confian\u00e7a a Santa Coloma de Gramenet<\/strong><\/p>\n<p>[\/vc_column_text][vc_column_text css=\u00bb\u00bb]<\/p>\n<p style=\"font-size: 18px; font-family: 'gotham-rounded'; text-align: left;\"><strong>Badabus \u00e9s una empresa familiar dedicada al transport de viatgers per carretera.<\/strong><\/p>\n<p>Empresa especialista en el lloguer de minibusos a Santa Coloma de Gramenet. Ens avala l&#8217;experi\u00e8ncia de m\u00e9s de 25 anys en el sector de les persones que la dirigim.[\/vc_column_text][vc_column_text css=\u00bb\u00bb]<b style=\"text-align: left; font-size: 20px;\"><img loading=\"lazy\" decoding=\"async\" class=\"alignnone wp-image-1964\" src=\"https:\/\/badabus.com\/wp-content\/uploads\/flechas-badabus.jpg\" alt=\"\" width=\"45\" height=\"27\" \/> CONTACTE<\/b>[\/vc_column_text][vc_column_text css=\u00bb\u00bb]<\/p>\n<h3 style=\"text-align: left; font-size: 20px;\">Autocares Badabus<\/h3>\n<p>Adre\u00e7a: <a href=\"https:\/\/www.google.com\/maps\/place\/Autocares+Badabus\/@41.3518513,2.1340148,17z\/data=!3m1!4b1!4m6!3m5!1s0x12a498a57225f481:0x27ebbd8420ff8f5e!8m2!3d41.3518513!4d2.1340148!16s%2Fg%2F11fz9zb2tf?entry=ttu\" target=\"_blank\" rel=\"noopener noreferrer\">Carrer de la Metal\u00b7l\u00fargia, 51, 08908 Barcelona<\/a><br \/>\nCorreu electr\u00f2nic: <a href=\"mailto:info@badabus.com\">info@badabus.com<\/a><br \/>\n<img loading=\"lazy\" decoding=\"async\" class=\"size-full wp-image-2239 alignleft\" src=\"https:\/\/badabus.com\/wp-content\/uploads\/telefon-de-lloguer-autocars-badabus.jpg\" alt=\"telefono de alquiler autocares badabus\" width=\"341\" height=\"124\" \/>[\/vc_column_text][\/vc_column][\/vc_row][vc_row row_fullwidth=\u00bb1&#8243; row_zero_column_space=\u00bb1&#8243; css=\u00bb.vc_custom_1525855960545{margin-top: 0px !important;margin-right: 0px !important;margin-bottom: 0px !important;margin-left: 0px !important;padding-top: 0px !important;padding-right: 0px !important;padding-bottom: 0px !important;padding-left: 0px !important;background-color: #303033 !important;}\u00bb][vc_column width=\u00bb1\/2&#8243; css=\u00bb.vc_custom_1525855742551{margin-top: -30px !important;}\u00bb][vc_single_image image=\u00bb15747&#8243; img_size=\u00bbfull\u00bb css=\u00bb\u00bb][\/vc_column][vc_column width=\u00bb1\/4&#8243; offset=\u00bbvc_hidden-xs\u00bb][vc_single_image image=\u00bb15755&#8243; img_size=\u00bbfull\u00bb css=\u00bb.vc_custom_1787297914341{padding-top: 10px !important;}\u00bb][\/vc_column][vc_column width=\u00bb1\/4&#8243; offset=\u00bbvc_hidden-xs\u00bb][vc_btn title=\u00bbDEMANAR PRESSUPOST\u00bb style=\u00bbgradient-custom\u00bb gradient_custom_color_1=\u00bb#25a6b9&#8243; gradient_custom_color_2=\u00bb#e22893&#8243; shape=\u00bbround\u00bb size=\u00bblg\u00bb align=\u00bbleft\u00bb css=\u00bb.vc_custom_1786962463156{padding-top: 20px !important;}\u00bb link=\u00bburl:https%3A%2F%2Fbadabus.com%2Fca%2Fpressupost-lloguer-de-minibusos\u00bb][\/vc_column][\/vc_row][vc_row][vc_column][vc_raw_html css=\u00bb\u00bb]PHNjcmlwdCB0eXBlPSJhcHBsaWNhdGlvbi9sZCtqc29uIj4KewogICJAY29udGV4dCI6ICJodHRwczovL3NjaGVtYS5vcmciLAogICJAdHlwZSI6ICJGQVFQYWdlIiwKICAibWFpbkVudGl0eSI6IFt7CiAgICAiQHR5cGUiOiAiUXVlc3Rpb24iLAogICAgIm5hbWUiOiAiUXVpbiDDqXMgZWwgcHJldSBkZWwgbGxvZ3VlciBkJ3VuIG1pbmliw7pzIGEgU2FudGEgQ29sb21hIGRlIEdyYW1lbmV0PyIsCiAgICAiYWNjZXB0ZWRBbnN3ZXIiOiB7CiAgICAgICJAdHlwZSI6ICJBbnN3ZXIiLAogICAgICAidGV4dCI6ICJFbCBwcmV1IGRlbCBsbG9ndWVyIGQndW4gbWluaWLDunMgYSBTYW50YSBDb2xvbWEgZGUgR3JhbWVuZXQgZGVww6huIGRlIGZhY3RvcnMgY29tIGVsIHJlY29ycmVndXQsIGxhIGRhdGEgZGVsIHNlcnZlaSwgbGEgZHVyYWRhIGRlbCB0cmFqZWN0ZSwgbGEgY2FwYWNpdGF0IGRlbCB2ZWhpY2xlIGkgZWwgbm9tYnJlIGRlIHBhc3NhdGdlcnMuIE5vIGhpIGhhIHVuYSB0YXJpZmEgZml4YSwgamEgcXVlIGNhZGEgZGVzcGxhw6dhbWVudCByZXF1ZXJlaXggdW5hIHBsYW5pZmljYWNpw7MgcGVyc29uYWxpdHphZGEuIFBlciBvYnRlbmlyIHVuIHByZXNzdXBvc3QgZXhhY3RlLCBub23DqXMgY2FsIGluZGljYXIgZWwgcHVudCBkZSByZWNvbGxpZGEgYSBTYW50YSBDb2xvbWEsIGxhIGRlc3RpbmFjacOzLCBsJ2hvcmFyaSBpIGxhIG1pZGEgZGVsIGdydXAuIEFtYiBhcXVlc3RhIGluZm9ybWFjacOzIGVsYWJvcmVtIHVuYSBwcm9wb3N0YSBjbGFyYSwgYWp1c3RhZGEgaSBzZW5zZSBjb3N0b3MgaW1wcmV2aXN0b3MuIgogICAgfQogIH0sewogICAgIkB0eXBlIjogIlF1ZXN0aW9uIiwKICAgICJuYW1lIjogIlF1aW5zIGF2YW50YXRnZXMgb2ZlcmVpeCBsbG9nYXIgdW4gbWluaWLDunMgYSBTYW50YSBDb2xvbWEgcGVyIGEgZ3J1cHMgcGV0aXRzIG8gbWl0amFucz8iLAogICAgImFjY2VwdGVkQW5zd2VyIjogewogICAgICAiQHR5cGUiOiAiQW5zd2VyIiwKICAgICAgInRleHQiOiAiTGxvZ2FyIHVuIG1pbmliw7pzIGEgU2FudGEgQ29sb21hIGRlIEdyYW1lbmV0IMOpcyB1bmEgb3BjacOzIGlkZWFsIHBlciBhIGdydXBzIHF1ZSB2b2xlbiBkZXNwbGHDp2FyLXNlIGp1bnRzIGRlIG1hbmVyYSBjw7Jtb2RhIGkgZWZpY2llbnQuIEFxdWVzdHMgdmVoaWNsZXMgcGVybWV0ZW4gbW91cmUncyBmw6BjaWxtZW50IHBlbCBtdW5pY2lwaSBpIGZlciB0cmFzbGxhdHMgw6BnaWxzIGNhcCBhIEJhcmNlbG9uYSwgbCdhZXJvcG9ydCBvIHBvYmxhY2lvbnMgcHJvcGVyZXMuIEVscyBtaW5pYnVzb3MgZGlzcG9zZW4gZGUgY2xpbWF0aXR6YWNpw7MsIHNlaWVudHMgYW1wbGlzIGkgdW4gaW50ZXJpb3IgbW9sdCBjw7Jtb2RlLCBjb3NhIHF1ZSBlbHMgY29udmVydGVpeCBlbiBsYSBtaWxsb3Igb3BjacOzIHBlciBhIGV4Y3Vyc2lvbnMsIHNvcnRpZGVzIGVzY29sYXJzLCBhY3Rpdml0YXRzIGZhbWlsaWFycyBvIHNlcnZlaXMgZCdlbXByZXNhLiIKICAgIH0KICB9LHsKICAgICJAdHlwZSI6ICJRdWVzdGlvbiIsCiAgICAibmFtZSI6ICJFcyBwb2RlbiBjb250cmFjdGFyIG1pbmlidXNvcyBwZXIgYSBleGN1cnNpb25zIG8gcnV0ZXMgZGVzIGRlIFNhbnRhIENvbG9tYSBkZSBHcmFtZW5ldD8iLAogICAgImFjY2VwdGVkQW5zd2VyIjogewogICAgICAiQHR5cGUiOiAiQW5zd2VyIiwKICAgICAgInRleHQiOiAiU8OtLCBlcyBwb3QgY29udHJhY3RhciB1biBtaW5pYsO6cyBwZXIgZmVyIHJ1dGVzIGkgZXhjdXJzaW9ucyBwZXJzb25hbGl0emFkZXMgZGVzIGRlIFNhbnRhIENvbG9tYSBkZSBHcmFtZW5ldC4gQXF1ZXN0IHNlcnZlaSDDqXMgbW9sdCBwcsOgY3RpYyBwZXIgYSBncnVwcyBxdWUgdm9sZW4gdmlzaXRhciBCYXJjZWxvbmEsIE1vbnRzZXJyYXQsIGxhIENvc3RhIEJyYXZhLCBTaXRnZXMgbyBxdWFsc2V2b2wgZGVzdGluYWNpw7MgZGUgQ2F0YWx1bnlhLiBMJ2l0aW5lcmFyaSBzJ2FkYXB0YSBjb21wbGV0YW1lbnQgYSBsZXMgbmVjZXNzaXRhdHMgZGVsIGdydXAgaSBnYXJhbnRlaXggZmxleGliaWxpdGF0LCBjb21vZGl0YXQgaSB1biB2aWF0Z2UgYmVuIG9yZ2FuaXR6YXQuIgogICAgfQogIH0sewogICAgIkB0eXBlIjogIlF1ZXN0aW9uIiwKICAgICJuYW1lIjogIlF1YW50IHNvbCBkdXJhciB1biBzZXJ2ZWkgZGUgbWluaWLDunMgYSBTYW50YSBDb2xvbWEgZGUgR3JhbWVuZXQ\/IiwKICAgICJhY2NlcHRlZEFuc3dlciI6IHsKICAgICAgIkB0eXBlIjogIkFuc3dlciIsCiAgICAgICJ0ZXh0IjogIkxhIGR1cmFkYSBkZWwgc2VydmVpIGRlcMOobiBkZWwgdGlwdXMgZGUgZGVzcGxhw6dhbWVudC4gUG9kZW0gZmVyIHRyYWplY3RlcyBjdXJ0cyBkaW5zIGRlIFNhbnRhIENvbG9tYSwgc2VydmVpcyBwZXIgaG9yZXMsIGRlc3BsYcOnYW1lbnRzIGFtYiBwYXJhZGVzIG3Dumx0aXBsZXMgbyBleGN1cnNpb25zIGRlIG1pZyBkaWEgaSBkZSBqb3JuYWRhIGNvbXBsZXRhLiBMYSBwbGFuaWZpY2FjacOzIHMnYWp1c3RhIGEgbCdob3JhcmkgaSBsZXMgbmVjZXNzaXRhdHMgZGVsIGdydXAsIGkgYXNzZWd1cmEgdW4gdmlhdGdlIGPDsm1vZGUgaSBlZmljaWVudCBkZSBwcmluY2lwaSBhIGZpLiIKICAgIH0KICB9LHsKICAgICJAdHlwZSI6ICJRdWVzdGlvbiIsCiAgICAibmFtZSI6ICJRdWluYSBjYXBhY2l0YXQgdGVuZW4gZWxzIG1pbmlidXNvcyBkaXNwb25pYmxlcyBhIFNhbnRhIENvbG9tYSBkZSBHcmFtZW5ldD8iLAogICAgImFjY2VwdGVkQW5zd2VyIjogewogICAgICAiQHR5cGUiOiAiQW5zd2VyIiwKICAgICAgInRleHQiOiAiTGEgbm9zdHJhIGZsb3RhIGEgU2FudGEgQ29sb21hIGRlIEdyYW1lbmV0IGluY2xvdSBtaW5pYnVzb3MgYW1iIGNhcGFjaXRhdHMgcXVlIHZhbiBkZSBsZXMgOCBhIGxlcyAyNSBwbGFjZXMuIEFxdWVzdGEgdmFyaWV0YXQgZW5zIHBlcm1ldCBhZGFwdGFyLW5vcyBhIGdydXBzIHBldGl0cyBpIG1pdGphbnMsIGphIHNpZ3VpIHBlciBhIGV4Y3Vyc2lvbnMsIHRyYXNsbGF0cyB1cmJhbnMsIHZpYXRnZXMgY29ycG9yYXRpdXMgbyBjZWxlYnJhY2lvbnMgZmFtaWxpYXJzLiBQZXIgYXNzaWduYXIgZWwgdmVoaWNsZSBhZGVxdWF0LCBub23DqXMgY2FsIGluZGljYXIgcXVhbnRlcyBwZXJzb25lcyB2aWF0amFyYW4gZW4gc29swrdsaWNpdGFyIGVsIHByZXNzdXBvc3QuIgogICAgfQogIH0sewogICAgIkB0eXBlIjogIlF1ZXN0aW9uIiwKICAgICJuYW1lIjogIlB1YyByZXNlcnZhciB1biBtaW5pYsO6cyBkZXMgZGUgU2FudGEgQ29sb21hIGRlIEdyYW1lbmV0IGZpbnMgYSBsJ2Flcm9wb3J0PyIsCiAgICAiYWNjZXB0ZWRBbnN3ZXIiOiB7CiAgICAgICJAdHlwZSI6ICJBbnN3ZXIiLAogICAgICAidGV4dCI6ICJTw60sIG9mZXJpbSB0cmFzbGxhdHMgZW4gbWluaWLDunMgZGVzIGRlIFNhbnRhIENvbG9tYSBkZSBHcmFtZW5ldCBmaW5zIGEgbCdhZXJvcG9ydCBkZSBCYXJjZWxvbmEtZWwgUHJhdC4gw4lzIHVuYSBhbHRlcm5hdGl2YSBjw7Jtb2RhIHBlciBhIGdydXBzIHF1ZSBuZWNlc3NpdGVuIHVuIHRyYW5zcG9ydCBwdW50dWFsLCBzZWd1ciBpIGRpcmVjdGUuIEVsIGNvbmR1Y3RvciBzJ2VuY2FycmVnYSBkZSBsYSByZWNvbGxpZGEgYSBsYSB1YmljYWNpw7MgaW5kaWNhZGEsIGRlIGwnZXF1aXBhdGdlIGkgZGVsIHRyYWplY3RlIGZpbnMgYSBsYSB0ZXJtaW5hbC4gVGFtYsOpIGdlc3Rpb25lbSByZWNvbGxpZGVzIGEgbCdhZXJvcG9ydCBwZXIgYSBncnVwcyBhbWIgYXJyaWJhZGVzIGVuIHZvbHMgZGlmZXJlbnRzLiIKICAgIH0KICB9LHsKICAgICJAdHlwZSI6ICJRdWVzdGlvbiIsCiAgICAibmFtZSI6ICJRdWluYSBkaWZlcsOobmNpYSBoaSBoYSBlbnRyZSBsbG9nYXIgdW4gbWluaWLDunMgaSB1biBhdXRvY2FyIGEgU2FudGEgQ29sb21hIGRlIEdyYW1lbmV0PyIsCiAgICAiYWNjZXB0ZWRBbnN3ZXIiOiB7CiAgICAgICJAdHlwZSI6ICJBbnN3ZXIiLAogICAgICAidGV4dCI6ICJMYSBkaWZlcsOobmNpYSBwcmluY2lwYWwgw6lzIGxhIGNhcGFjaXRhdCBkZWwgdmVoaWNsZSBpIGVsIHRpcHVzIGRlIHRyYWplY3RlLiBFbCBtaW5pYsO6cyDDqXMgcGVyZmVjdGUgcGVyIGEgZ3J1cHMgcGV0aXRzIGkgbWl0amFucyBxdWUgbmVjZXNzaXRlbiBhZ2lsaXRhdCBlbiBkZXNwbGHDp2FtZW50cyBsb2NhbHMgbyBpbnRlcnVyYmFucy4gTCdhdXRvY2FyLCBlbiBjYW52aSwgw6lzIG3DqXMgYWRlcXVhdCBwZXIgYSBncnVwcyBncmFucyBvIHJ1dGVzIGRlIGxsYXJnYSBkaXN0w6BuY2lhLiBUb3RzIGRvcyBvZmVyZWl4ZW4gY29tb2RpdGF0LCBzZWd1cmV0YXQgaSBjbGltYXRpdHphY2nDsywgcGVyw7IgbCdlbGVjY2nDsyBkZXDDqG4gZGUgbGEgbWlkYSBkZWwgZ3J1cCBpIGRlbCByZWNvcnJlZ3V0IHF1ZSBlcyB2dWxndWkgZmVyLiIKICAgIH0KICB9LHsKICAgICJAdHlwZSI6ICJRdWVzdGlvbiIsCiAgICAibmFtZSI6ICJDYWwgZmVyIHVuIGRpcMOyc2l0IHByZXZpIHBlciByZXNlcnZhciB1biBtaW5pYsO6cyBhIFNhbnRhIENvbG9tYSBkZSBHcmFtZW5ldD8iLAogICAgImFjY2VwdGVkQW5zd2VyIjogewogICAgICAiQHR5cGUiOiAiQW5zd2VyIiwKICAgICAgInRleHQiOiAiU2Vnb25zIGxhIGRhdGEgaSBlbCB0aXB1cyBkZSBzZXJ2ZWkgc29swrdsaWNpdGF0LCBwb3Qgc2VyIG5lY2Vzc2FyaSBmZXIgdW4gZGlww7JzaXQgcGVyIGNvbmZpcm1hciBsYSByZXNlcnZhIGRlbCBtaW5pYsO6cy4gQXF1ZXN0IHBhZ2FtZW50IGdhcmFudGVpeCBxdWUgdGFudCBlbCB2ZWhpY2xlIGNvbSBlbCBjb25kdWN0b3IgZXN0YXJhbiBkaXNwb25pYmxlcyBlbiBsJ2hvcmFyaSBzb2zCt2xpY2l0YXQuIEFsIHByZXNzdXBvc3QgZXMgZGV0YWxsZW4gdG90ZXMgbGVzIGNvbmRpY2lvbnMsIGVscyBpbXBvcnRzIGkgZWxzIHRlcm1pbmlzIGRlIHBhZ2FtZW50LCBhbWIgbGEgbcOgeGltYSB0cmFuc3BhcsOobmNpYSBwZXJxdcOoIHB1Z3VpcyBvcmdhbml0emFyIGVsIHZpYXRnZSBhbWIgdG90YWwgdHJhbnF1aWzCt2xpdGF0LiIKICAgIH0KICB9XQp9Cjwvc2NyaXB0Pg==[\/vc_raw_html][\/vc_column][\/vc_row]<\/p>\n<\/div>","protected":false},"excerpt":{"rendered":"<p>[vc_row row_fullwidth=\u00bb1&#8243; row_zero_column_space=\u00bb1&#8243; css=\u00bb.vc_custom_1461073450203{margin-top: 0px !important;margin-right: 0px !important;margin-bottom: 0px !important;margin-left: 0px !important;padding-top: 0px !important;padding-right: 0px !important;padding-bottom: 0px !important;padding-left: 0px !important;}\u00bb][vc_column offset=\u00bbvc_hidden-sm vc_hidden-xs\u00bb][rev_slider_vc alias=\u00bbsanta-coloma-minibus-1&#8243; el_class=\u00bbno-bottom-margin\u00bb][\/vc_column][\/vc_row][vc_row gap=\u00bb5&#8243; row_fullwidth=\u00bb1&#8243; css=\u00bb.vc_custom_1684321545730{margin-top: 0px !important;margin-bottom: 0px [&hellip;]<\/p>\n","protected":false},"author":10,"featured_media":0,"parent":0,"menu_order":0,"comment_status":"closed","ping_status":"closed","template":"","meta":{"footnotes":""},"class_list":["post-15027","page","type-page","status-publish","hentry"],"_links":{"self":[{"href":"https:\/\/badabus.com\/ca\/wp-json\/wp\/v2\/pages\/15027","targetHints":{"allow":["GET"]}}],"collection":[{"href":"https:\/\/badabus.com\/ca\/wp-json\/wp\/v2\/pages"}],"about":[{"href":"https:\/\/badabus.com\/ca\/wp-json\/wp\/v2\/types\/page"}],"author":[{"embeddable":true,"href":"https:\/\/badabus.com\/ca\/wp-json\/wp\/v2\/users\/10"}],"replies":[{"embeddable":true,"href":"https:\/\/badabus.com\/ca\/wp-json\/wp\/v2\/comments?post=15027"}],"version-history":[{"count":7,"href":"https:\/\/badabus.com\/ca\/wp-json\/wp\/v2\/pages\/15027\/revisions"}],"predecessor-version":[{"id":16016,"href":"https:\/\/badabus.com\/ca\/wp-json\/wp\/v2\/pages\/15027\/revisions\/16016"}],"wp:attachment":[{"href":"https:\/\/badabus.com\/ca\/wp-json\/wp\/v2\/media?parent=15027"}],"curies":[{"name":"wp","href":"https:\/\/api.w.org\/{rel}","templated":true}]}}