{"id":15024,"date":"2026-08-21T09:41:37","date_gmt":"2026-08-21T07:41:37","guid":{"rendered":"https:\/\/badabus.com\/?page_id=15024"},"modified":"2026-08-31T12:13:05","modified_gmt":"2026-08-31T10:13:05","slug":"lloguer-minibus-viladecans","status":"publish","type":"page","link":"https:\/\/badabus.com\/ca\/lloguer-minibus-viladecans\/","title":{"rendered":"Inici Viladecans Minib\u00fas CAT"},"content":{"rendered":"<div class=\"wpb-content-wrapper\"><p>[vc_row row_fullwidth=\u00bb1&#8243; row_zero_column_space=\u00bb1&#8243; css=\u00bb.vc_custom_1461073450203{margin-top: 0px !important;margin-right: 0px !important;margin-bottom: 0px !important;margin-left: 0px !important;padding-top: 0px !important;padding-right: 0px !important;padding-bottom: 0px !important;padding-left: 0px !important;}\u00bb][vc_column offset=\u00bbvc_hidden-sm vc_hidden-xs\u00bb][rev_slider_vc alias=\u00bbviladecans-minibus-1&#8243; el_class=\u00bbno-bottom-margin\u00bb][\/vc_column][\/vc_row][vc_row gap=\u00bb5&#8243; row_fullwidth=\u00bb1&#8243; css=\u00bb.vc_custom_1684321545730{margin-top: 0px !important;margin-bottom: 0px !important;padding-top: 40px !important;padding-right: 40px !important;padding-left: 40px !important;background-color: #ffffff !important;}\u00bb][vc_column offset=\u00bbvc_hidden-sm vc_hidden-xs\u00bb][vc_column_text css=\u00bb\u00bb]<\/p>\n<h1 class=\"h1-home-cat\">Lloguer de minib\u00fas a Viladecans<\/h1>\n<h2 class=\"h1-servicios\">Les nostres opcions de minib\u00fas per a Viladecans<\/h2>\n<p>[\/vc_column_text][vc_raw_html css=\u00bb\u00bb]JTVCYmFkYWJ1c19zZXJ2ZWlzJTVE[\/vc_raw_html][\/vc_column][vc_column offset=\u00bbvc_hidden-sm vc_hidden-xs\u00bb css=\u00bb.vc_custom_1744208769323{margin-top: 50px !important;background-color: #F6F6F6 !important;}\u00bb][vc_custom_heading text=\u00bbNecessites un minib\u00fas a Viladecans per al teu trajecte?\u00bb font_container=\u00bbtag:h2|font_size:40|text_align:center|color:%23000000|line_height:30px\u00bb google_fonts=\u00bbfont_family:Raleway%3A100%2C200%2C300%2Cregular%2C500%2C600%2C700%2C800%2C900|font_style:300%20light%20regular%3A300%3Anormal\u00bb css=\u00bb.vc_custom_1746434406305{margin-top: 0px !important;margin-bottom: 0px !important;padding-top: 20px !important;padding-bottom: 0px !important;}\u00bb][vc_column_text css=\u00bb.vc_custom_1746434422615{margin-top: 10px !important;margin-bottom: 10px !important;}\u00bb]<\/p>\n<p style=\"text-align: center;\">Sol\u00b7licita el teu trajecte i t&#8217;enviem el pressupost en un termini m\u00e0xim de 24 h laborables.<\/p>\n<p>[\/vc_column_text][vc_btn title=\u00bbSol\u00b7licitar pressupost per a lloguer de minib\u00fas\u00bb style=\u00bboutline-custom\u00bb outline_custom_color=\u00bb#000000&#8243; outline_custom_hover_background=\u00bb#000000&#8243; outline_custom_hover_text=\u00bb#ffffff\u00bb shape=\u00bbround\u00bb size=\u00bblg\u00bb align=\u00bbcenter\u00bb i_type=\u00bblinecons\u00bb i_icon_linecons=\u00bbvc_li vc_li-clip\u00bb css=\u00bb.vc_custom_1786962899577{margin-top: 20px !important;margin-bottom: 55px !important;}\u00bb add_icon=\u00bbtrue\u00bb link=\u00bburl:https%3A%2F%2Fbadabus.com%2Fca%2Fpressupost-lloguer-de-minibusos%2F|title:Pressupost%20lloguer%20d&#8217;autobusos\u00bb][\/vc_column][\/vc_row][vc_row row_fullwidth=\u00bb1&#8243; css=\u00bb.vc_custom_1613379287195{padding-right: 0px !important;padding-left: 0px !important;background-color: #0a0a0a !important;}\u00bb][vc_column css=\u00bb.vc_custom_1710964759406{padding-top: 0px !important;padding-right: 0px !important;padding-bottom: 0px !important;padding-left: 0px !important;background: #0a0a0a url(https:\/\/badabus.com\/wp-content\/uploads\/Alex-Bascuas-Photo-9610-opacity.jpg?id=9993) !important;background-position: center !important;background-repeat: no-repeat !important;background-size: cover !important;}\u00bb offset=\u00bbvc_hidden-lg vc_hidden-md\u00bb el_class=\u00bbimagen-background-home-mobile\u00bb][vc_column_text css=\u00bb.vc_custom_1746434628511{margin-top: 45px !important;margin-right: 5% !important;margin-bottom: 45px !important;margin-left: 5% !important;padding-right: 0px !important;padding-left: 0px !important;background-position: center !important;background-repeat: no-repeat !important;background-size: cover !important;}\u00bb]<\/p>\n<h1 class=\"h1-home-mob\">Lloguer de minibusos a Viladecans<\/h1>\n<p>[\/vc_column_text][vc_btn title=\u00bbDEMANA PRESSUPOST\u00bb style=\u00bbcustom\u00bb custom_background=\u00bb#e22893&#8243; custom_text=\u00bb#ffffff\u00bb shape=\u00bbround\u00bb css=\u00bb.vc_custom_1786962913570{margin-left: 30px !important;}\u00bb link=\u00bburl:https%3A%2F%2Fbadabus.com%2Fca%2Fpressupost-lloguer-de-minibusos|title:Pressupost%20lloguer%20d&#8217;autobusos\u00bb][\/vc_column][\/vc_row][vc_row css=\u00bb.vc_custom_1744208838364{margin-top: 130px !important;margin-bottom: 15px !important;}\u00bb][vc_column width=\u00bb1\/2&#8243;][vc_column_text css=\u00bb\u00bb]<\/p>\n<h2>Des de quins barris de Viladecans sortim?<\/h2>\n<p>A Viladecans fem recollides en <a href=\"https:\/\/badabus.com\/ca\/lloguer-de-minibus-barcelona\/\">minib\u00fas<\/a> en zones com Can Palmer, Torre Roja, Barri Antic, Sales o Gabrielistes, ajustant-nos a les ubicacions m\u00e9s habituals d&#8217;empreses, escoles o esdeveniments.<\/p>\n<p>Tamb\u00e9 operem en zones residencials com Can Batllori o Els Rourets, garantint que el punt de sortida sigui el m\u00e9s a prop possible del grup. El nostre objectiu \u00e9s oferir un servei c\u00f2mode i accessible des de qualsevol barri.[\/vc_column_text][\/vc_column][vc_column width=\u00bb1\/2&#8243;][vc_single_image image=\u00bb12897&#8243; img_size=\u00bb450&#215;450&#8243; css=\u00bb\u00bb][\/vc_column][\/vc_row][vc_row css=\u00bb.vc_custom_1744208847931{margin-top: 70px !important;margin-bottom: 30px !important;}\u00bb][vc_column width=\u00bb1\/2&#8243;][vc_column_text css=\u00bb.vc_custom_1786962996827{margin-bottom: 20px !important;}\u00bb]<\/p>\n<h2>De quantes places s\u00f3n els minibusos?<\/h2>\n<p>La nostra flota a Viladecans inclou microbusos d&#8217;entre 16 i 25 places, molt sol\u00b7licitats per a trasllats d&#8217;empresa, activitats culturals o celebracions amb grups redu\u00efts.<\/p>\n<p>Per a grups m\u00e9s grans, disposem de <a href=\"https:\/\/badabus.com\/alquiler-autocar-viladecans\/\">autocars per a Viladecans<\/a> mitjans i grans de fins a 55 places, amb totes les comoditats necess\u00e0ries per a trajectes llargs, excursions o serveis de transport escolar. Oferim solucions adaptades a cada tipus de necessitat.<\/p>\n<h3>Vols con\u00e8ixer la nostra flota de microbusos per a Viladecans?<\/h3>\n<p>[\/vc_column_text][vc_btn title=\u00bbVEURE FLOTA DE MINIBUSOS\u00bb style=\u00bboutline-custom\u00bb outline_custom_color=\u00bb#000000&#8243; outline_custom_hover_background=\u00bb#000000&#8243; outline_custom_hover_text=\u00bb#ffffff\u00bb shape=\u00bbround\u00bb align=\u00bbleft\u00bb i_type=\u00bblinecons\u00bb i_icon_linecons=\u00bbvc_li vc_li-clip\u00bb css=\u00bb.vc_custom_1786963006828{margin-bottom: 35px !important;}\u00bb add_icon=\u00bbtrue\u00bb link=\u00bburl:https%3A%2F%2Fbadabus.com%2Fca%2Fflota%2F\u00bb][\/vc_column][vc_column width=\u00bb1\/2&#8243;][vc_single_image image=\u00bb12673&#8243; img_size=\u00bb450&#215;420&#8243; css=\u00bb\u00bb][\/vc_column][\/vc_row][vc_row css=\u00bb.vc_custom_1744209919418{padding-top: 35px !important;background-color: #25A6B9 !important;}\u00bb][vc_column width=\u00bb2\/3&#8243;][vc_column_text css=\u00bb\u00bb]<strong style=\"font-size: 26px; color: white;\">Necessites un minib\u00fas a Viladecans per al teu trajecte?<\/strong>[\/vc_column_text][\/vc_column][vc_column width=\u00bb1\/3&#8243;][vc_btn title=\u00bbPressupost en 24 h\u00bb style=\u00bboutline-custom\u00bb outline_custom_color=\u00bb#FFFFFF\u00bb outline_custom_hover_background=\u00bb#000000&#8243; outline_custom_hover_text=\u00bb#ffffff\u00bb shape=\u00bbround\u00bb align=\u00bbleft\u00bb i_type=\u00bblinecons\u00bb i_icon_linecons=\u00bbvc_li vc_li-clip\u00bb css=\u00bb.vc_custom_1786963033101{margin-bottom: 35px !important;}\u00bb add_icon=\u00bbtrue\u00bb link=\u00bburl:https%3A%2F%2Fbadabus.com%2Fca%2Fpressupost-lloguer-de-minibusos%2F|title:Pressupost%20lloguer%20d&#8217;autobusos\u00bb][\/vc_column][\/vc_row][vc_row gap=\u00bb20&#8243; equal_height=\u00bbyes\u00bb css=\u00bb.vc_custom_1719475441479{margin-top: 40px !important;padding-top: 40px !important;padding-bottom: 120px !important;background-image: url(https:\/\/badabus.com\/wp-content\/uploads\/dotted.png?id=2221) !important;}\u00bb][vc_column][vc_column_text css=\u00bb\u00bb]<\/p>\n<p style=\"text-align: center; font-size: 40px; font-family: gotham-rounded; line-height: 1em;\"><strong>Per qu\u00e8 triar-nos per al teu trajecte des de Viladecans?<\/strong><\/p>\n<p>[\/vc_column_text][vc_row_inner equal_height=\u00bbyes\u00bb css=\u00bb.vc_custom_1744209697713{margin-bottom: 0px !important;padding-top: 20px !important;padding-bottom: 0px !important;}\u00bb][vc_column_inner width=\u00bb1\/3&#8243; css=\u00bb.vc_custom_1719475287975{background-color: #25a6b9 !important;border-radius: 5px !important;}\u00bb][vc_column_text css=\u00bb\u00bb]<\/p>\n<p class=\"numero-porque\">\/\/ 01<\/p>\n<p class=\"titulo-porque\">Seguretat<\/p>\n<p class=\"p-porque\">Revisem els nostres vehicles de manera rigorosa per oferir-te sempre un servei fiable i segur en els teus trajectes des de Viladecans.<\/p>\n<p>[\/vc_column_text][vc_btn title=\u00bbVEURE FLOTA\u00bb style=\u00bboutline-custom\u00bb outline_custom_color=\u00bb#ffffff\u00bb outline_custom_hover_background=\u00bb#ffffff\u00bb outline_custom_hover_text=\u00bb#25a6b9&#8243; shape=\u00bbround\u00bb size=\u00bbsm\u00bb css=\u00bb.vc_custom_1786963082710{margin-left: 35px !important;}\u00bb link=\u00bburl:https%3A%2F%2Fbadabus.com%2Fca%2Fflota%2F|title:Veure%20flota%20d&#8217;autocars\u00bb][vc_empty_space][\/vc_column_inner][vc_column_inner width=\u00bb1\/3&#8243; css=\u00bb.vc_custom_1719475336589{background-color: #9b6da6 !important;border-radius: 5px !important;}\u00bb][vc_column_text css=\u00bb\u00bb]<\/p>\n<p class=\"numero-porque\">\/\/ 02<\/p>\n<p class=\"titulo-porque\">Confort<\/p>\n<p class=\"p-porque\">El confort i la seguretat s\u00f3n dos pilars clau en el disseny de tots els nostres minibusos.<\/p>\n<p>[\/vc_column_text][vc_btn title=\u00bbVEURE FLOTA\u00bb style=\u00bboutline-custom\u00bb outline_custom_color=\u00bb#ffffff\u00bb outline_custom_hover_background=\u00bb#ffffff\u00bb outline_custom_hover_text=\u00bb#9b6da6&#8243; shape=\u00bbround\u00bb size=\u00bbsm\u00bb css=\u00bb.vc_custom_1786963096503{margin-left: 35px !important;}\u00bb link=\u00bburl:https%3A%2F%2Fbadabus.com%2Fca%2Fflota%2F|title:Veure%20flota%20d&#8217;autocars\u00bb][vc_empty_space][\/vc_column_inner][vc_column_inner width=\u00bb1\/3&#8243; css=\u00bb.vc_custom_1719475343640{background-color: #e22893 !important;border-radius: 5px !important;}\u00bb][vc_column_text css=\u00bb\u00bb]<\/p>\n<p class=\"numero-porque\">\/\/ 03<\/p>\n<p class=\"titulo-porque\">Conductors<\/p>\n<p class=\"p-porque\">Viatges acompanyat per conductors que combinen professionalitat i coneixement de la ruta per tenir cura de tu en tot moment.<\/p>\n<p>[\/vc_column_text][vc_btn title=\u00bbVEURE FLOTA\u00bb style=\u00bboutline-custom\u00bb outline_custom_color=\u00bb#ffffff\u00bb outline_custom_hover_background=\u00bb#ffffff\u00bb outline_custom_hover_text=\u00bb#e22893&#8243; shape=\u00bbround\u00bb size=\u00bbsm\u00bb css=\u00bb.vc_custom_1786963104231{margin-left: 35px !important;}\u00bb link=\u00bburl:https%3A%2F%2Fbadabus.com%2Fca%2Fflota%2F|title:Veure%20flota%20d&#8217;autocars\u00bb][vc_empty_space][\/vc_column_inner][\/vc_row_inner][\/vc_column][\/vc_row][vc_row gap=\u00bb35&#8243; row_fullwidth=\u00bb1&#8243; css=\u00bb.vc_custom_1595256381018{margin-bottom: 0px !important;padding-top: 0px !important;padding-bottom: 15px !important;background-color: #ffffff !important;}\u00bb][vc_column width=\u00bb2\/3&#8243; offset=\u00bbvc_hidden-lg vc_hidden-md\u00bb css=\u00bb.vc_custom_1595256410887{margin-top: -100px !important;}\u00bb][vc_column_text css=\u00bb.vc_custom_1595254868036{margin-bottom: -10px !important;}\u00bb]<\/p>\n<p style=\"font-size: 25px; font-family: 'gotham-rounded'; text-align: left; color: #25a8ba; line-height: 1em;\"><strong>La teva companyia de confian\u00e7a<\/strong><\/p>\n<p>[\/vc_column_text][vc_column_text]<\/p>\n<p style=\"font-size: 20px; font-family: 'gotham-rounded'; text-align: left;\"><strong>Badabus \u00e9s una empresa familiar dedicada al transport de viatgers per carretera.<\/strong><\/p>\n<p>Empresa especialista en el lloguer d&#8217;autocars i minibusos. Ens avala l&#8217;experi\u00e8ncia de m\u00e9s de 25 anys en el sector de les persones que la dirigim.[\/vc_column_text][vc_btn title=\u00bbVols saber-ne m\u00e9s?\u00bb style=\u00bbgradient-custom\u00bb gradient_custom_color_1=\u00bb#25a6b9&#8243; gradient_custom_color_2=\u00bb#e22893&#8243; shape=\u00bbround\u00bb size=\u00bblg\u00bb align=\u00bbleft\u00bb css=\u00bb.vc_custom_1786963139177{padding-right: 3% !important;padding-left: 3% !important;}\u00bb link=\u00bburl:https%3A%2F%2Fbadabus.com%2Fca%2Fflota%2F|title:Flota\u00bb][\/vc_column][vc_column width=\u00bb1\/3&#8243; offset=\u00bbvc_hidden-lg vc_hidden-md\u00bb][vc_column_text css=\u00bb\u00bb]<b style=\"text-align: left; font-size: 20px;\"><img loading=\"lazy\" decoding=\"async\" class=\"alignnone wp-image-1964\" src=\"https:\/\/badabus.com\/wp-content\/uploads\/flechas-badabus.jpg\" alt=\"\" width=\"45\" height=\"27\" \/> CONTACTE<\/b>[\/vc_column_text][vc_column_text css=\u00bb\u00bb]<\/p>\n<h3 style=\"text-align: left; font-size: 20px;\">Autocares Badabus<\/h3>\n<p>Adre\u00e7a: <a href=\"https:\/\/www.google.com\/maps\/place\/Autocares+Badabus\/@41.3518513,2.1340148,17z\/data=!3m1!4b1!4m6!3m5!1s0x12a498a57225f481:0x27ebbd8420ff8f5e!8m2!3d41.3518513!4d2.1340148!16s%2Fg%2F11fz9zb2tf?entry=ttu\" target=\"_blank\" rel=\"noopener noreferrer\">C\/Plom, 28 \u2013 08038 (Barcelona)<\/a><br \/>\nCorreu electr\u00f2nic: <a href=\"mailto:info@badabus.com\">info@badabus.com<\/a><br \/>\n<img loading=\"lazy\" decoding=\"async\" class=\"size-full wp-image-2239 alignleft\" src=\"https:\/\/badabus.com\/wp-content\/uploads\/telefon-de-lloguer-autocars-badabus.jpg\" alt=\"telefono de alquiler autocares badabus\" width=\"341\" height=\"124\" \/>[\/vc_column_text][\/vc_column][\/vc_row][vc_row gap=\u00bb35&#8243; css=\u00bb.vc_custom_1744210760780{margin-bottom: 25px !important;}\u00bb][vc_column width=\u00bb2\/3&#8243; css=\u00bb.vc_custom_1748247574596{margin-right: 30px !important;}\u00bb][vc_column_text css=\u00bb\u00bb]<\/p>\n<h2 style=\"font-size: 20px;\">Trajectes freq\u00fcents des de Viladecans amb els nostres minibusos<\/h2>\n<p style=\"font-weight: 400; text-align: justify;\">Des de Viladecans organitzem sortides en minib\u00fas a destinacions molt demandades com Montserrat, la Costa Daurada o el centre de Barcelona. Les nostres rutes s\u00f3n ideals per a excursions escolars, activitats de lleure i escapades en grup.<\/p>\n<p style=\"font-weight: 400; text-align: justify;\">A m\u00e9s, tenim experi\u00e8ncia en <a href=\"https:\/\/badabus.com\/ca\/transfer-aeroport-barcelona\/\">trasllats des de Viladecans a l&#8217;aeroport del Prat<\/a> i en serveis a mida per a viatges de final de curs, estades esportives o esdeveniments empresarials, sempre garantint puntualitat i comoditat.<\/p>\n<h3 style=\"font-weight: 400;\">Serveis m\u00e9s demandats de lloguer de minibusos a Viladecans<\/h3>\n<p style=\"font-weight: 400; text-align: justify;\">A Viladecans, el nostre servei de minibusos \u00e9s molt demandat per empreses amb personal que ha de despla\u00e7ar-se des de o cap a l&#8217;aeroport, aix\u00ed com per les que organitzen esdeveniments corporatius a la zona. Tamb\u00e9 col\u00b7laborem amb centres educatius en excursions, sortides did\u00e0ctiques i viatges escolars.<\/p>\n<p style=\"font-weight: 400; text-align: justify;\">A m\u00e9s, moltes parelles que celebren el casament en masies del Baix Llobregat o rodalies ens trien per al transport dels convidats. Els clubs esportius locals tamb\u00e9 fan servir els nostres autocars per a competicions i entrenaments, igual que els grups tur\u00edstics que volen moure&#8217;s c\u00f2modament per la prov\u00edncia de Barcelona.<\/p>\n<h3 style=\"font-weight: 400;\">Per qu\u00e8 \u00e9s millor llogar un minib\u00fas a Viladecans amb nosaltres?<\/h3>\n<p style=\"font-weight: 400; text-align: justify;\">Llogar un autocar amb nosaltres a Viladecans et garanteix una resposta r\u00e0pida i propera, amb recollides puntuals des de qualsevol barri de la ciutat. Aix\u00f2 ens permet oferir una recollida r\u00e0pida i un coneixement detallat de les rutes locals, cosa que garanteix efici\u00e8ncia en cada trajecte.<\/p>\n<p style=\"font-weight: 400; text-align: justify;\">A m\u00e9s, tenim una \u00e0mplia experi\u00e8ncia col\u00b7laborant amb centres escolars, empreses locals i associacions del municipi. Aquesta vinculaci\u00f3 directa amb la ciutat ens permet oferir un tracte personalitzat i solucions adaptades a les necessitats reals dels nostres clients a Viladecans.<\/p>\n<p>[\/vc_column_text][vc_empty_space height=\u00bb30px\u00bb][vc_column_text css=\u00bb\u00bb]<strong style=\"margin-left: 6px;\">POBLACIONS ON OFERIM SERVEI DE LLOGUER D&#8217;AUTOCARS<br \/>\n<\/strong><div class=\"menu-horizontal\"><ul><div class=\"menu-horizontal\"><li id=\"menu-item-15926\" class=\"menu-item menu-item-type-post_type menu-item-object-page menu-item-15926\"><a href=\"https:\/\/badabus.com\/ca\/lloguer-minibus-badalona\/\">Lloguer Minib\u00fas a Badalona<\/a><\/li> | <li id=\"menu-item-15933\" class=\"menu-item menu-item-type-post_type menu-item-object-page menu-item-15933\"><a href=\"https:\/\/badabus.com\/ca\/lloguer-minibus-viladecans\/\">Lloguer Minib\u00fas a Viladecans<\/a><\/li> | <li id=\"menu-item-15932\" class=\"menu-item menu-item-type-post_type menu-item-object-page menu-item-15932\"><a href=\"https:\/\/badabus.com\/ca\/lloguer-minibus-santa-coloma-de-gramenet\/\">Lloguer Minib\u00fas a Santa Coloma de Gramanet<\/a><\/li> | <li id=\"menu-item-15931\" class=\"menu-item menu-item-type-post_type menu-item-object-page menu-item-15931\"><a href=\"https:\/\/badabus.com\/ca\/lloguer-minibus-sant-joan-despi\/\">Lloguer Minib\u00fas a Sant Joan Desp\u00ed<\/a><\/li> | <li id=\"menu-item-15925\" class=\"menu-item menu-item-type-post_type menu-item-object-page menu-item-15925\"><a href=\"https:\/\/badabus.com\/ca\/lloguer-minibus-sant-feliu\/\">Lloguer Minib\u00fas a Sant Feliu de Llobregat<\/a><\/li> | <li id=\"menu-item-15930\" class=\"menu-item menu-item-type-post_type menu-item-object-page menu-item-15930\"><a href=\"https:\/\/badabus.com\/ca\/lloguer-minibus-sant-boi-llobregat\/\">Lloguer Minib\u00fas a Sant Boi de Llobregat<\/a><\/li> | <li id=\"menu-item-15924\" class=\"menu-item menu-item-type-post_type menu-item-object-page menu-item-15924\"><a href=\"https:\/\/badabus.com\/ca\/lloguer-minibus-sant-adria\/\">Lloguer Minib\u00fas a Sant Adri\u00e0 del Bes\u00f3s<\/a><\/li> | <li id=\"menu-item-15929\" class=\"menu-item menu-item-type-post_type menu-item-object-page menu-item-15929\"><a href=\"https:\/\/badabus.com\/ca\/lloguer-minibus-hospitalet-de-llobregat\/\">Lloguer Minib\u00fas a Hospitalet de Llobregat<\/a><\/li> | <li id=\"menu-item-15928\" class=\"menu-item menu-item-type-post_type menu-item-object-page menu-item-15928\"><a href=\"https:\/\/badabus.com\/ca\/lloguer-minibus-gava\/\">Lloguer Minib\u00fas a Gav\u00e0<\/a><\/li> | <li id=\"menu-item-15923\" class=\"menu-item menu-item-type-post_type menu-item-object-page menu-item-15923\"><a href=\"https:\/\/badabus.com\/ca\/lloguer-minibus-esplugues\/\">Lloguer Minib\u00fas a Esplugues de Llobregat<\/a><\/li> | <li id=\"menu-item-15927\" class=\"menu-item menu-item-type-post_type menu-item-object-page menu-item-15927\"><a href=\"https:\/\/badabus.com\/ca\/lloguer-minibus-el-prat-llobregat\/\">Lloguer Minib\u00fas a El Prat de Llobregat<\/a><\/li> | <li id=\"menu-item-15922\" class=\"menu-item menu-item-type-post_type menu-item-object-page menu-item-15922\"><a href=\"https:\/\/badabus.com\/ca\/lloguer-minibus-cornella\/\">Lloguer Minib\u00fas a Cornell\u00e0 de Llobregat<\/a><\/li> | <li id=\"menu-item-15921\" class=\"menu-item menu-item-type-post_type menu-item-object-page menu-item-15921\"><a href=\"https:\/\/badabus.com\/ca\/lloguer-minibus-castelldefels\/\">Lloguer Minib\u00fas a Castelldefels<\/a><\/li>\n<\/div><\/ul><\/div>[\/vc_column_text][vc_tta_accordion section_title_tag=\u00bbh2&#8243; color=\u00bbwhite\u00bb active_section=\u00bb1&#8243;][vc_tta_section title=\u00bbQuant costa llogar un minib\u00fas a Viladecans?\u00bb tab_id=\u00bb1764231380442-08b311e1-fc83&#8243;][vc_column_text css=\u00bb\u00bb]<\/p>\n<p data-start=\"487\" data-end=\"995\">El preu del lloguer d&#8217;un minib\u00fas a Viladecans dep\u00e8n del recorregut, la data del servei, la durada del trajecte, la capacitat del vehicle i el nombre de passatgers. Cada viatge requereix una planificaci\u00f3 diferent, per la qual cosa no hi ha una tarifa \u00fanica. Per rebre un pressupost exacte, nom\u00e9s cal indicar el punt de recollida a Viladecans, la destinaci\u00f3, l&#8217;horari i la mida del grup. Amb aquestes dades elaborem una proposta personalitzada, clara i sense costos ocults.<\/p>\n<p>[\/vc_column_text][\/vc_tta_section][vc_tta_section title=\u00bbQuins avantatges ofereix llogar un minib\u00fas a Viladecans per a grups petits o mitjans?\u00bb tab_id=\u00bb1764231380462-407cc342-9ea5&#8243;][vc_column_text css=\u00bb\u00bb]<\/p>\n<p data-start=\"1115\" data-end=\"1597\">Llogar un minib\u00fas a Viladecans \u00e9s ideal per a grups que volen viatjar junts amb comoditat, rapidesa i flexibilitat. Aquests vehicles permeten despla\u00e7ar-se f\u00e0cilment pel municipi i connectar amb Barcelona, l&#8217;aeroport o localitats properes sense complicacions. A m\u00e9s, els minibusos disposen de climatitzaci\u00f3, seients amplis i un interior confortable, i s\u00f3n perfectes per a excursions, sortides escolars, celebracions familiars o activitats d&#8217;empresa.<\/p>\n<p>[\/vc_column_text][\/vc_tta_section][vc_tta_section title=\u00bbPuc contractar un minib\u00fas per a excursions o rutes sortint des de Viladecans?\u00bb tab_id=\u00bb1764231424580-7a283116-2942&#8243;][vc_column_text css=\u00bb\u00bb]<\/p>\n<p data-start=\"1709\" data-end=\"2087\">S\u00ed, pots contractar un minib\u00fas per fer excursions i rutes personalitzades des de Viladecans. Aquesta opci\u00f3 \u00e9s ideal per visitar destinacions com Montserrat, Barcelona, la Costa Brava, el Pened\u00e8s o qualsevol punt de Catalunya. Adaptem l&#8217;itinerari al pla del grup i garantim comoditat, flexibilitat i una organitzaci\u00f3 eficient durant tot el trajecte.<\/p>\n<p>[\/vc_column_text][\/vc_tta_section][vc_tta_section title=\u00bbQuina durada solen tenir els serveis de minib\u00fas a Viladecans?\u00bb tab_id=\u00bb1764231442575-39ff7bc1-d836&#8243;][vc_column_text css=\u00bb\u00bb]<\/p>\n<p data-start=\"2186\" data-end=\"2528\">La durada del servei dep\u00e8n del tipus de despla\u00e7ament. Oferim trasllats curts dins de Viladecans, serveis per hores, recorreguts amb diverses parades i excursions de mig dia o de jornada completa. Cada servei es dissenya en funci\u00f3 de l&#8217;horari del grup i garanteix un viatge c\u00f2mode, pr\u00e0ctic i ben planificat.<\/p>\n<p>[\/vc_column_text][\/vc_tta_section][vc_tta_section title=\u00bbQuina capacitat tenen els minibusos disponibles a Viladecans?\u00bb tab_id=\u00bb1764231460724-34f7d7d0-8f72&#8243;][vc_column_text css=\u00bb\u00bb]<\/p>\n<p data-start=\"2623\" data-end=\"3029\">Els minibusos disponibles a Viladecans tenen capacitats que se solen situar entre 8 i 25 places. Aquesta varietat permet seleccionar el vehicle ideal segons el tipus d&#8217;activitat: excursions, trasllats urbans, viatges corporatius, celebracions o despla\u00e7aments escolars. En sol\u00b7licitar un pressupost, nom\u00e9s cal que indiquis el nombre de passatgers per assignar el model m\u00e9s adequat.<\/p>\n<p>[\/vc_column_text][\/vc_tta_section][vc_tta_section title=\u00bbPuc reservar un minib\u00fas des de Viladecans per anar a l&#8217;aeroport de Barcelona?\u00bb tab_id=\u00bb1764231476619-74522870-111e\u00bb][vc_column_text css=\u00bb\u00bb]<\/p>\n<p data-start=\"3141\" data-end=\"3509\">S\u00ed, oferim trasllats en minib\u00fas des de Viladecans fins a l&#8217;aeroport de Barcelona-el Prat. \u00c9s un servei molt c\u00f2mode per a grups que necessiten arribar a la terminal amb puntualitat i sense complicacions. El conductor s&#8217;encarrega de la recollida, de l&#8217;equipatge i del trajecte. Tamb\u00e9 fem recollides de grups que aterren en horaris diferents.<\/p>\n<p>[\/vc_column_text][\/vc_tta_section][vc_tta_section title=\u00bbQuina difer\u00e8ncia hi ha entre llogar un minib\u00fas o un autocar a Viladecans?\u00bb tab_id=\u00bb1764231496615-b70d329a-4761&#8243;][vc_column_text css=\u00bb\u00bb]<\/p>\n<p data-start=\"3615\" data-end=\"4048\">La difer\u00e8ncia principal \u00e9s la capacitat i el tipus de despla\u00e7ament. El minib\u00fas \u00e9s perfecte per a grups petits o mitjans que busquen mobilitat \u00e0gil en trajectes curts o urbans. L&#8217;autocar, en canvi, \u00e9s m\u00e9s adequat per a grups grans o viatges de llarga dist\u00e0ncia. Tots dos ofereixen comoditat, climatitzaci\u00f3 i seguretat, per\u00f2 cadascun s&#8217;adapta a necessitats diferents segons la mida del grup i el recorregut.<\/p>\n<p>[\/vc_column_text][\/vc_tta_section][vc_tta_section title=\u00bbCal fer un pagament previ per reservar un minib\u00fas a Viladecans?\u00bb tab_id=\u00bb1764231512130-bb370e68-8760&#8243;][vc_column_text css=\u00bb\u00bb]<\/p>\n<p data-start=\"4158\" data-end=\"4494\">Segons la data i el tipus de despla\u00e7ament, es pot demanar un dip\u00f2sit per confirmar la reserva del minib\u00fas. Aquest pagament garanteix la disponibilitat del vehicle i del conductor en l&#8217;horari acordat. Al pressupost es detallen totes les condicions, els imports i els terminis de manera totalment transparent.<\/p>\n<p>[\/vc_column_text][\/vc_tta_section][\/vc_tta_accordion][vc_separator color=\u00bbwhite\u00bb border_width=\u00bb5&#8243; css=\u00bb\u00bb][\/vc_column][vc_column width=\u00bb1\/3&#8243; css=\u00bb.vc_custom_1744211247589{margin-right: 30px !important;margin-left: 30px !important;}\u00bb][vc_column_text css=\u00bb.vc_custom_1744210584346{margin-bottom: -10px !important;}\u00bb]<\/p>\n<p style=\"font-size: 30px; font-family: 'gotham-rounded'; text-align: left; color: #25a8ba; line-height: 1em;\"><strong>La teva companyia de confian\u00e7a a Viladecans<\/strong><\/p>\n<p>[\/vc_column_text][vc_column_text css=\u00bb\u00bb]<\/p>\n<p style=\"font-size: 18px; font-family: 'gotham-rounded'; text-align: left;\"><strong>Badabus \u00e9s una empresa familiar dedicada al transport de viatgers per carretera.<\/strong><\/p>\n<p>Empresa especialista en el lloguer de minibusos a Viladecans. Ens avala l&#8217;experi\u00e8ncia de m\u00e9s de 25 anys en el sector de les persones que la dirigim.[\/vc_column_text][vc_column_text css=\u00bb\u00bb]<b style=\"text-align: left; font-size: 20px;\"><img loading=\"lazy\" decoding=\"async\" class=\"alignnone wp-image-1964\" src=\"https:\/\/badabus.com\/wp-content\/uploads\/flechas-badabus.jpg\" alt=\"\" width=\"45\" height=\"27\" \/> CONTACTE<\/b>[\/vc_column_text][vc_column_text css=\u00bb\u00bb]<\/p>\n<h3 style=\"text-align: left; font-size: 20px;\">Autocares Badabus<\/h3>\n<p>Adre\u00e7a: <a href=\"https:\/\/www.google.com\/maps\/place\/Autocares+Badabus\/@41.3518513,2.1340148,17z\/data=!3m1!4b1!4m6!3m5!1s0x12a498a57225f481:0x27ebbd8420ff8f5e!8m2!3d41.3518513!4d2.1340148!16s%2Fg%2F11fz9zb2tf?entry=ttu\" target=\"_blank\" rel=\"noopener noreferrer\">Carrer de la Metal\u00b7l\u00fargia, 51, 08908 Barcelona<\/a><br \/>\nCorreu electr\u00f2nic: <a href=\"mailto:info@badabus.com\">info@badabus.com<\/a><br \/>\n<img loading=\"lazy\" decoding=\"async\" class=\"size-full wp-image-2239 alignleft\" src=\"https:\/\/badabus.com\/wp-content\/uploads\/telefon-de-lloguer-autocars-badabus.jpg\" alt=\"telefono de alquiler autocares badabus\" width=\"341\" height=\"124\" \/>[\/vc_column_text][\/vc_column][\/vc_row][vc_row row_fullwidth=\u00bb1&#8243; row_zero_column_space=\u00bb1&#8243; css=\u00bb.vc_custom_1525855960545{margin-top: 0px !important;margin-right: 0px !important;margin-bottom: 0px !important;margin-left: 0px !important;padding-top: 0px !important;padding-right: 0px !important;padding-bottom: 0px !important;padding-left: 0px !important;background-color: #303033 !important;}\u00bb][vc_column width=\u00bb1\/2&#8243; css=\u00bb.vc_custom_1525855742551{margin-top: -30px !important;}\u00bb][vc_single_image image=\u00bb15747&#8243; img_size=\u00bbfull\u00bb css=\u00bb\u00bb][\/vc_column][vc_column width=\u00bb1\/4&#8243; offset=\u00bbvc_hidden-xs\u00bb][vc_single_image image=\u00bb15755&#8243; img_size=\u00bbfull\u00bb css=\u00bb.vc_custom_1787298191362{padding-top: 10px !important;}\u00bb][\/vc_column][vc_column width=\u00bb1\/4&#8243; offset=\u00bbvc_hidden-xs\u00bb][vc_btn title=\u00bbDEMANAR PRESSUPOST\u00bb style=\u00bbgradient-custom\u00bb gradient_custom_color_1=\u00bb#25a6b9&#8243; gradient_custom_color_2=\u00bb#e22893&#8243; shape=\u00bbround\u00bb size=\u00bblg\u00bb align=\u00bbleft\u00bb css=\u00bb.vc_custom_1786963047445{padding-top: 20px !important;}\u00bb link=\u00bburl:https%3A%2F%2Fbadabus.com%2Fca%2Fpressupost-lloguer-de-minibusos%2F\u00bb][\/vc_column][\/vc_row][vc_row][vc_column][vc_raw_html css=\u00bb\u00bb]PHNjcmlwdCB0eXBlPSJhcHBsaWNhdGlvbi9sZCtqc29uIj4KewogICJAY29udGV4dCI6ICJodHRwczovL3NjaGVtYS5vcmciLAogICJAdHlwZSI6ICJGQVFQYWdlIiwKICAibWFpbkVudGl0eSI6IFt7CiAgICAiQHR5cGUiOiAiUXVlc3Rpb24iLAogICAgIm5hbWUiOiAiUXVhbnQgY29zdGEgbGxvZ2FyIHVuIG1pbmliw7pzIGEgVmlsYWRlY2Fucz8iLAogICAgImFjY2VwdGVkQW5zd2VyIjogewogICAgICAiQHR5cGUiOiAiQW5zd2VyIiwKICAgICAgInRleHQiOiAiRWwgcHJldSBkZWwgbGxvZ3VlciBkJ3VuIG1pbmliw7pzIGEgVmlsYWRlY2FucyBkZXDDqG4gZGVsIHJlY29ycmVndXQsIGxhIGRhdGEgZGVsIHNlcnZlaSwgbGEgZHVyYWRhIGRlbCB0cmFqZWN0ZSwgbGEgY2FwYWNpdGF0IGRlbCB2ZWhpY2xlIGkgZWwgbm9tYnJlIGRlIHBhc3NhdGdlcnMuIENhZGEgdmlhdGdlIHJlcXVlcmVpeCB1bmEgcGxhbmlmaWNhY2nDsyBkaWZlcmVudCwgcGVyIGxhIHF1YWwgY29zYSBubyBoaSBoYSB1bmEgdGFyaWZhIMO6bmljYS4gUGVyIHJlYnJlIHVuIHByZXNzdXBvc3QgZXhhY3RlLCBub23DqXMgY2FsIGluZGljYXIgZWwgcHVudCBkZSByZWNvbGxpZGEgYSBWaWxhZGVjYW5zLCBsYSBkZXN0aW5hY2nDsywgbCdob3JhcmkgaSBsYSBtaWRhIGRlbCBncnVwLiBBbWIgYXF1ZXN0ZXMgZGFkZXMgZWxhYm9yZW0gdW5hIHByb3Bvc3RhIHBlcnNvbmFsaXR6YWRhLCBjbGFyYSBpIHNlbnNlIGNvc3RvcyBvY3VsdHMuIgogICAgfQogIH0sewogICAgIkB0eXBlIjogIlF1ZXN0aW9uIiwKICAgICJuYW1lIjogIlF1aW5zIGF2YW50YXRnZXMgb2ZlcmVpeCBsbG9nYXIgdW4gbWluaWLDunMgYSBWaWxhZGVjYW5zIHBlciBhIGdydXBzIHBldGl0cyBvIG1pdGphbnM\/IiwKICAgICJhY2NlcHRlZEFuc3dlciI6IHsKICAgICAgIkB0eXBlIjogIkFuc3dlciIsCiAgICAgICJ0ZXh0IjogIkxsb2dhciB1biBtaW5pYsO6cyBhIFZpbGFkZWNhbnMgw6lzIGlkZWFsIHBlciBhIGdydXBzIHF1ZSB2b2xlbiB2aWF0amFyIGp1bnRzIGFtYiBjb21vZGl0YXQsIHJhcGlkZXNhIGkgZmxleGliaWxpdGF0LiBBcXVlc3RzIHZlaGljbGVzIHBlcm1ldGVuIGRlc3BsYcOnYXItc2UgZsOgY2lsbWVudCBwZWwgbXVuaWNpcGkgaSBjb25uZWN0YXIgYW1iIEJhcmNlbG9uYSwgbCdhZXJvcG9ydCBvIGxvY2FsaXRhdHMgcHJvcGVyZXMgc2Vuc2UgY29tcGxpY2FjaW9ucy4gQSBtw6lzLCBlbHMgbWluaWJ1c29zIGRpc3Bvc2VuIGRlIGNsaW1hdGl0emFjacOzLCBzZWllbnRzIGFtcGxpcyBpIHVuIGludGVyaW9yIGNvbmZvcnRhYmxlLCBpIHPDs24gcGVyZmVjdGVzIHBlciBhIGV4Y3Vyc2lvbnMsIHNvcnRpZGVzIGVzY29sYXJzLCBjZWxlYnJhY2lvbnMgZmFtaWxpYXJzIG8gYWN0aXZpdGF0cyBkJ2VtcHJlc2EuIgogICAgfQogIH0sewogICAgIkB0eXBlIjogIlF1ZXN0aW9uIiwKICAgICJuYW1lIjogIlB1YyBjb250cmFjdGFyIHVuIG1pbmliw7pzIHBlciBhIGV4Y3Vyc2lvbnMgbyBydXRlcyBzb3J0aW50IGRlcyBkZSBWaWxhZGVjYW5zPyIsCiAgICAiYWNjZXB0ZWRBbnN3ZXIiOiB7CiAgICAgICJAdHlwZSI6ICJBbnN3ZXIiLAogICAgICAidGV4dCI6ICJTw60sIHBvdHMgY29udHJhY3RhciB1biBtaW5pYsO6cyBwZXIgZmVyIGV4Y3Vyc2lvbnMgaSBydXRlcyBwZXJzb25hbGl0emFkZXMgZGVzIGRlIFZpbGFkZWNhbnMuIEFxdWVzdGEgb3BjacOzIMOpcyBpZGVhbCBwZXIgdmlzaXRhciBkZXN0aW5hY2lvbnMgY29tIE1vbnRzZXJyYXQsIEJhcmNlbG9uYSwgbGEgQ29zdGEgQnJhdmEsIGVsIFBlbmVkw6hzIG8gcXVhbHNldm9sIHB1bnQgZGUgQ2F0YWx1bnlhLiBBZGFwdGVtIGwnaXRpbmVyYXJpIGFsIHBsYSBkZWwgZ3J1cCBpIGdhcmFudGltIGNvbW9kaXRhdCwgZmxleGliaWxpdGF0IGkgdW5hIG9yZ2FuaXR6YWNpw7MgZWZpY2llbnQgZHVyYW50IHRvdCBlbCB0cmFqZWN0ZS4iCiAgICB9CiAgfSx7CiAgICAiQHR5cGUiOiAiUXVlc3Rpb24iLAogICAgIm5hbWUiOiAiUXVpbmEgZHVyYWRhIHNvbGVuIHRlbmlyIGVscyBzZXJ2ZWlzIGRlIG1pbmliw7pzIGEgVmlsYWRlY2Fucz8iLAogICAgImFjY2VwdGVkQW5zd2VyIjogewogICAgICAiQHR5cGUiOiAiQW5zd2VyIiwKICAgICAgInRleHQiOiAiTGEgZHVyYWRhIGRlbCBzZXJ2ZWkgZGVww6huIGRlbCB0aXB1cyBkZSBkZXNwbGHDp2FtZW50LiBPZmVyaW0gdHJhc2xsYXRzIGN1cnRzIGRpbnMgZGUgVmlsYWRlY2Fucywgc2VydmVpcyBwZXIgaG9yZXMsIHJlY29ycmVndXRzIGFtYiBkaXZlcnNlcyBwYXJhZGVzIGkgZXhjdXJzaW9ucyBkZSBtaWcgZGlhIG8gZGUgam9ybmFkYSBjb21wbGV0YS4gQ2FkYSBzZXJ2ZWkgZXMgZGlzc2VueWEgZW4gZnVuY2nDsyBkZSBsJ2hvcmFyaSBkZWwgZ3J1cCBpIGdhcmFudGVpeCB1biB2aWF0Z2UgY8OybW9kZSwgcHLDoGN0aWMgaSBiZW4gcGxhbmlmaWNhdC4iCiAgICB9CiAgfSx7CiAgICAiQHR5cGUiOiAiUXVlc3Rpb24iLAogICAgIm5hbWUiOiAiUXVpbmEgY2FwYWNpdGF0IHRlbmVuIGVscyBtaW5pYnVzb3MgZGlzcG9uaWJsZXMgYSBWaWxhZGVjYW5zPyIsCiAgICAiYWNjZXB0ZWRBbnN3ZXIiOiB7CiAgICAgICJAdHlwZSI6ICJBbnN3ZXIiLAogICAgICAidGV4dCI6ICJFbHMgbWluaWJ1c29zIGRpc3BvbmlibGVzIGEgVmlsYWRlY2FucyB0ZW5lbiBjYXBhY2l0YXRzIHF1ZSBzZSBzb2xlbiBzaXR1YXIgZW50cmUgOCBpIDI1IHBsYWNlcy4gQXF1ZXN0YSB2YXJpZXRhdCBwZXJtZXQgc2VsZWNjaW9uYXIgZWwgdmVoaWNsZSBpZGVhbCBzZWdvbnMgZWwgdGlwdXMgZCdhY3Rpdml0YXQ6IGV4Y3Vyc2lvbnMsIHRyYXNsbGF0cyB1cmJhbnMsIHZpYXRnZXMgY29ycG9yYXRpdXMsIGNlbGVicmFjaW9ucyBvIGRlc3BsYcOnYW1lbnRzIGVzY29sYXJzLiBFbiBzb2zCt2xpY2l0YXIgdW4gcHJlc3N1cG9zdCwgbm9tw6lzIGNhbCBxdWUgaW5kaXF1aXMgZWwgbm9tYnJlIGRlIHBhc3NhdGdlcnMgcGVyIGFzc2lnbmFyIGVsIG1vZGVsIG3DqXMgYWRlcXVhdC4iCiAgICB9CiAgfSx7CiAgICAiQHR5cGUiOiAiUXVlc3Rpb24iLAogICAgIm5hbWUiOiAiUHVjIHJlc2VydmFyIHVuIG1pbmliw7pzIGRlcyBkZSBWaWxhZGVjYW5zIHBlciBhbmFyIGEgbCdhZXJvcG9ydCBkZSBCYXJjZWxvbmE\/IiwKICAgICJhY2NlcHRlZEFuc3dlciI6IHsKICAgICAgIkB0eXBlIjogIkFuc3dlciIsCiAgICAgICJ0ZXh0IjogIlPDrSwgb2ZlcmltIHRyYXNsbGF0cyBlbiBtaW5pYsO6cyBkZXMgZGUgVmlsYWRlY2FucyBmaW5zIGEgbCdhZXJvcG9ydCBkZSBCYXJjZWxvbmEtZWwgUHJhdC4gw4lzIHVuIHNlcnZlaSBtb2x0IGPDsm1vZGUgcGVyIGEgZ3J1cHMgcXVlIG5lY2Vzc2l0ZW4gYXJyaWJhciBhIGxhIHRlcm1pbmFsIGFtYiBwdW50dWFsaXRhdCBpIHNlbnNlIGNvbXBsaWNhY2lvbnMuIEVsIGNvbmR1Y3RvciBzJ2VuY2FycmVnYSBkZSBsYSByZWNvbGxpZGEsIGRlIGwnZXF1aXBhdGdlIGkgZGVsIHRyYWplY3RlLiBUYW1iw6kgZmVtIHJlY29sbGlkZXMgZGUgZ3J1cHMgcXVlIGF0ZXJyZW4gZW4gaG9yYXJpcyBkaWZlcmVudHMuIgogICAgfQogIH0sewogICAgIkB0eXBlIjogIlF1ZXN0aW9uIiwKICAgICJuYW1lIjogIlF1aW5hIGRpZmVyw6huY2lhIGhpIGhhIGVudHJlIGxsb2dhciB1biBtaW5pYsO6cyBvIHVuIGF1dG9jYXIgYSBWaWxhZGVjYW5zPyIsCiAgICAiYWNjZXB0ZWRBbnN3ZXIiOiB7CiAgICAgICJAdHlwZSI6ICJBbnN3ZXIiLAogICAgICAidGV4dCI6ICJMYSBkaWZlcsOobmNpYSBwcmluY2lwYWwgw6lzIGxhIGNhcGFjaXRhdCBpIGVsIHRpcHVzIGRlIGRlc3BsYcOnYW1lbnQuIEVsIG1pbmliw7pzIMOpcyBwZXJmZWN0ZSBwZXIgYSBncnVwcyBwZXRpdHMgbyBtaXRqYW5zIHF1ZSBidXNxdWVuIG1vYmlsaXRhdCDDoGdpbCBlbiB0cmFqZWN0ZXMgY3VydHMgbyB1cmJhbnMuIEwnYXV0b2NhciwgZW4gY2FudmksIMOpcyBtw6lzIGFkZXF1YXQgcGVyIGEgZ3J1cHMgZ3JhbnMgbyB2aWF0Z2VzIGRlIGxsYXJnYSBkaXN0w6BuY2lhLiBUb3RzIGRvcyBvZmVyZWl4ZW4gY29tb2RpdGF0LCBjbGltYXRpdHphY2nDsyBpIHNlZ3VyZXRhdCwgcGVyw7IgY2FkYXNjdW4gcydhZGFwdGEgYSBuZWNlc3NpdGF0cyBkaWZlcmVudHMgc2Vnb25zIGxhIG1pZGEgZGVsIGdydXAgaSBlbCByZWNvcnJlZ3V0LiIKICAgIH0KICB9LHsKICAgICJAdHlwZSI6ICJRdWVzdGlvbiIsCiAgICAibmFtZSI6ICJDYWwgZmVyIHVuIHBhZ2FtZW50IHByZXZpIHBlciByZXNlcnZhciB1biBtaW5pYsO6cyBhIFZpbGFkZWNhbnM\/IiwKICAgICJhY2NlcHRlZEFuc3dlciI6IHsKICAgICAgIkB0eXBlIjogIkFuc3dlciIsCiAgICAgICJ0ZXh0IjogIlNlZ29ucyBsYSBkYXRhIGkgZWwgdGlwdXMgZGUgZGVzcGxhw6dhbWVudCwgZXMgcG90IGRlbWFuYXIgdW4gZGlww7JzaXQgcGVyIGNvbmZpcm1hciBsYSByZXNlcnZhIGRlbCBtaW5pYsO6cy4gQXF1ZXN0IHBhZ2FtZW50IGdhcmFudGVpeCBsYSBkaXNwb25pYmlsaXRhdCBkZWwgdmVoaWNsZSBpIGRlbCBjb25kdWN0b3IgZW4gbCdob3JhcmkgYWNvcmRhdC4gQWwgcHJlc3N1cG9zdCBlcyBkZXRhbGxlbiB0b3RlcyBsZXMgY29uZGljaW9ucywgZWxzIGltcG9ydHMgaSBlbHMgdGVybWluaXMgZGUgbWFuZXJhIHRvdGFsbWVudCB0cmFuc3BhcmVudC4iCiAgICB9CiAgfV0KfQo8L3NjcmlwdD4=[\/vc_raw_html][\/vc_column][\/vc_row]<\/p>\n<\/div>","protected":false},"excerpt":{"rendered":"<p>[vc_row row_fullwidth=\u00bb1&#8243; row_zero_column_space=\u00bb1&#8243; css=\u00bb.vc_custom_1461073450203{margin-top: 0px !important;margin-right: 0px !important;margin-bottom: 0px !important;margin-left: 0px !important;padding-top: 0px !important;padding-right: 0px !important;padding-bottom: 0px !important;padding-left: 0px !important;}\u00bb][vc_column offset=\u00bbvc_hidden-sm vc_hidden-xs\u00bb][rev_slider_vc alias=\u00bbviladecans-minibus-1&#8243; el_class=\u00bbno-bottom-margin\u00bb][\/vc_column][\/vc_row][vc_row gap=\u00bb5&#8243; row_fullwidth=\u00bb1&#8243; css=\u00bb.vc_custom_1684321545730{margin-top: 0px !important;margin-bottom: 0px [&hellip;]<\/p>\n","protected":false},"author":10,"featured_media":0,"parent":0,"menu_order":0,"comment_status":"closed","ping_status":"closed","template":"","meta":{"footnotes":""},"class_list":["post-15024","page","type-page","status-publish","hentry"],"_links":{"self":[{"href":"https:\/\/badabus.com\/ca\/wp-json\/wp\/v2\/pages\/15024","targetHints":{"allow":["GET"]}}],"collection":[{"href":"https:\/\/badabus.com\/ca\/wp-json\/wp\/v2\/pages"}],"about":[{"href":"https:\/\/badabus.com\/ca\/wp-json\/wp\/v2\/types\/page"}],"author":[{"embeddable":true,"href":"https:\/\/badabus.com\/ca\/wp-json\/wp\/v2\/users\/10"}],"replies":[{"embeddable":true,"href":"https:\/\/badabus.com\/ca\/wp-json\/wp\/v2\/comments?post=15024"}],"version-history":[{"count":16,"href":"https:\/\/badabus.com\/ca\/wp-json\/wp\/v2\/pages\/15024\/revisions"}],"predecessor-version":[{"id":15902,"href":"https:\/\/badabus.com\/ca\/wp-json\/wp\/v2\/pages\/15024\/revisions\/15902"}],"wp:attachment":[{"href":"https:\/\/badabus.com\/ca\/wp-json\/wp\/v2\/media?parent=15024"}],"curies":[{"name":"wp","href":"https:\/\/api.w.org\/{rel}","templated":true}]}}