{"id":15012,"date":"2026-08-21T09:12:25","date_gmt":"2026-08-21T07:12:25","guid":{"rendered":"https:\/\/badabus.com\/?page_id=15012"},"modified":"2026-08-31T12:13:04","modified_gmt":"2026-08-31T10:13:04","slug":"lloguer-autocar-sant-adria-de-besos","status":"publish","type":"page","link":"https:\/\/badabus.com\/ca\/lloguer-autocar-sant-adria-de-besos\/","title":{"rendered":"Inici Sant Adri\u00e0 de Bes\u00f2s CAT"},"content":{"rendered":"<div class=\"wpb-content-wrapper\"><p>[vc_row row_fullwidth=\u00bb1&#8243; row_zero_column_space=\u00bb1&#8243; css=\u00bb.vc_custom_1461073450203{margin-top: 0px !important;margin-right: 0px !important;margin-bottom: 0px !important;margin-left: 0px !important;padding-top: 0px !important;padding-right: 0px !important;padding-bottom: 0px !important;padding-left: 0px !important;}\u00bb][vc_column offset=\u00bbvc_hidden-sm vc_hidden-xs\u00bb][rev_slider_vc alias=\u00bbsant-adria-besos-1&#8243; el_class=\u00bbno-bottom-margin\u00bb][\/vc_column][\/vc_row][vc_row gap=\u00bb5&#8243; row_fullwidth=\u00bb1&#8243; css=\u00bb.vc_custom_1684321545730{margin-top: 0px !important;margin-bottom: 0px !important;padding-top: 40px !important;padding-right: 40px !important;padding-left: 40px !important;background-color: #ffffff !important;}\u00bb][vc_column offset=\u00bbvc_hidden-sm vc_hidden-xs\u00bb][vc_column_text css=\u00bb\u00bb]<\/p>\n<h1 class=\"h1-home-cat\">Lloguer d&#8217;autocars a Sant Adri\u00e0 de Bes\u00f2s<\/h1>\n<h2 class=\"h1-servicios\">Les nostres opcions d&#8217;autocars per a Sant Adri\u00e0 de Bes\u00f2s<\/h2>\n<p>[\/vc_column_text][vc_raw_html css=\u00bb\u00bb]JTVCYmFkYWJ1c19zZXJ2ZWlzJTVE[\/vc_raw_html][\/vc_column][vc_column offset=\u00bbvc_hidden-sm vc_hidden-xs\u00bb css=\u00bb.vc_custom_1744208769323{margin-top: 50px !important;background-color: #F6F6F6 !important;}\u00bb][vc_custom_heading text=\u00bbNecessites un autocar a Sant Adri\u00e0 de Bes\u00f2s per al teu trajecte?\u00bb font_container=\u00bbtag:h2|font_size:40|text_align:center|color:%23000000|line_height:30px\u00bb google_fonts=\u00bbfont_family:Raleway%3A100%2C200%2C300%2Cregular%2C500%2C600%2C700%2C800%2C900|font_style:300%20light%20regular%3A300%3Anormal\u00bb css=\u00bb.vc_custom_1745410014514{margin-top: 0px !important;margin-bottom: 0px !important;padding-top: 20px !important;padding-bottom: 0px !important;}\u00bb][vc_column_text css=\u00bb.vc_custom_1745410037323{margin-top: 10px !important;margin-bottom: 10px !important;}\u00bb]<\/p>\n<p style=\"text-align: center;\">Est\u00e0s planificant una sortida? Et donem pressupost en menys d&#8217;un dia laborable.<\/p>\n<p>[\/vc_column_text][vc_btn title=\u00bbSol\u00b7licitar pressupost per a lloguer d&#8217;autocar\u00bb style=\u00bboutline-custom\u00bb outline_custom_color=\u00bb#000000&#8243; outline_custom_hover_background=\u00bb#000000&#8243; outline_custom_hover_text=\u00bb#ffffff\u00bb shape=\u00bbround\u00bb size=\u00bblg\u00bb align=\u00bbcenter\u00bb i_type=\u00bblinecons\u00bb i_icon_linecons=\u00bbvc_li vc_li-clip\u00bb css=\u00bb.vc_custom_1786959379476{margin-top: 20px !important;margin-bottom: 55px !important;}\u00bb add_icon=\u00bbtrue\u00bb link=\u00bburl:https%3A%2F%2Fbadabus.com%2Fca%2Fpressupost-lloguer-dautobusos%2F|title:Pressupost%20lloguer%20d&#8217;autobusos\u00bb][\/vc_column][\/vc_row][vc_row row_fullwidth=\u00bb1&#8243; css=\u00bb.vc_custom_1613379287195{padding-right: 0px !important;padding-left: 0px !important;background-color: #0a0a0a !important;}\u00bb][vc_column css=\u00bb.vc_custom_1710964759406{padding-top: 0px !important;padding-right: 0px !important;padding-bottom: 0px !important;padding-left: 0px !important;background: #0a0a0a url(https:\/\/badabus.com\/wp-content\/uploads\/Alex-Bascuas-Photo-9610-opacity.jpg?id=9993) !important;background-position: center !important;background-repeat: no-repeat !important;background-size: cover !important;}\u00bb offset=\u00bbvc_hidden-lg vc_hidden-md\u00bb el_class=\u00bbimagen-background-home-mobile\u00bb][vc_column_text css=\u00bb.vc_custom_1745410152840{margin-top: 45px !important;margin-right: 5% !important;margin-bottom: 45px !important;margin-left: 5% !important;padding-right: 0px !important;padding-left: 0px !important;background-position: center !important;background-repeat: no-repeat !important;background-size: cover !important;}\u00bb]<\/p>\n<h1 class=\"h1-home-mob\">Lloguer d&#8217;autocars a Sant Adri\u00e0 de Bes\u00f2s<\/h1>\n<p>[\/vc_column_text][vc_btn title=\u00bbDEMANA PRESSUPOST\u00bb style=\u00bbcustom\u00bb custom_background=\u00bb#e22893&#8243; custom_text=\u00bb#ffffff\u00bb shape=\u00bbround\u00bb css=\u00bb.vc_custom_1786959391027{margin-left: 30px !important;}\u00bb link=\u00bburl:https%3A%2F%2Fbadabus.com%2Fca%2Fpressupost-lloguer-dautobusos%2F|title:Pressupost%20lloguer%20d&#8217;autobusos\u00bb][\/vc_column][\/vc_row][vc_row css=\u00bb.vc_custom_1744208838364{margin-top: 130px !important;margin-bottom: 15px !important;}\u00bb][vc_column width=\u00bb1\/2&#8243;][vc_column_text css=\u00bb\u00bb]<\/p>\n<h2>Des de quins barris de Sant Adri\u00e0 de Bes\u00f2s sortim?<\/h2>\n<p>Oferim recollides en autocar des de zones com El Bes\u00f2s, La Verneda, Sant Joan Baptista i El Centre, per facilitar l&#8217;acc\u00e9s al nostre servei des de qualsevol punt de Sant Adri\u00e0.<\/p>\n<p>Tant si es tracta d&#8217;un trasllat escolar, una excursi\u00f3, un esdeveniment o un despla\u00e7ament d&#8217;empresa, adaptem el punt de recollida a les necessitats de cada client. Si necessites un transport m\u00e9s lleuger, tamb\u00e9 disposem de <a href=\"https:\/\/badabus.com\/ca\/lloguer-minibus-sant-adria\/\">minib\u00fas a Slloguer-minibus-sant-adriaant Adri\u00e0 de Bes\u00f2s<\/a>.[\/vc_column_text][\/vc_column][vc_column width=\u00bb1\/2&#8243;][vc_single_image image=\u00bb12887&#8243; img_size=\u00bb450&#215;450&#8243; css=\u00bb\u00bb][\/vc_column][\/vc_row][vc_row css=\u00bb.vc_custom_1744208847931{margin-top: 70px !important;margin-bottom: 30px !important;}\u00bb][vc_column width=\u00bb1\/2&#8243;][vc_column_text css=\u00bb.vc_custom_1787573967673{margin-bottom: 20px !important;}\u00bb]<\/p>\n<h2>De quantes places s\u00f3n els autocars?<\/h2>\n<p>La nostra flota a Sant Adri\u00e0 de Bes\u00f2s inclou microbusos \u00e0gils de 16 a 25 places, molt sol\u00b7licitats per a grups petits, trasllats a l&#8217;aeroport o esdeveniments privats.<\/p>\n<p>Tamb\u00e9 disposem de <a href=\"https:\/\/badabus.com\/ca\/lloguer-autocar-barcelona\/\">autocars de lloguer<\/a> de 50 i 55 places, preparats per oferir la m\u00e0xima comoditat en trajectes llargs, viatges escolars, sortides tur\u00edstiques o transport de grans col\u00b7lectius.<\/p>\n<h3>Vols con\u00e8ixer la nostra flota d&#8217;autocars per a Sant Adri\u00e0 de Bes\u00f2s?<\/h3>\n<p>[\/vc_column_text][vc_btn title=\u00bbVEURE FLOTA D&#8217;AUTOCARS\u00bb style=\u00bboutline-custom\u00bb outline_custom_color=\u00bb#000000&#8243; outline_custom_hover_background=\u00bb#000000&#8243; outline_custom_hover_text=\u00bb#ffffff\u00bb shape=\u00bbround\u00bb align=\u00bbleft\u00bb i_type=\u00bblinecons\u00bb i_icon_linecons=\u00bbvc_li vc_li-clip\u00bb css=\u00bb.vc_custom_1786959463661{margin-bottom: 35px !important;}\u00bb add_icon=\u00bbtrue\u00bb link=\u00bburl:https%3A%2F%2Fbadabus.com%2Fca%2Fflota%2F\u00bb][\/vc_column][vc_column width=\u00bb1\/2&#8243;][vc_single_image image=\u00bb15241&#8243; img_size=\u00bb450&#215;420&#8243; css=\u00bb\u00bb][\/vc_column][\/vc_row][vc_row css=\u00bb.vc_custom_1744209919418{padding-top: 35px !important;background-color: #25A6B9 !important;}\u00bb][vc_column width=\u00bb2\/3&#8243;][vc_column_text css=\u00bb\u00bb]<strong style=\"font-size: 26px; color: white;\">Necessites un autocar a Sant Adri\u00e0 de Bes\u00f2s per al teu trajecte?<\/strong>[\/vc_column_text][\/vc_column][vc_column width=\u00bb1\/3&#8243;][vc_btn title=\u00bbPressupost en 24 h\u00bb style=\u00bboutline-custom\u00bb outline_custom_color=\u00bb#FFFFFF\u00bb outline_custom_hover_background=\u00bb#000000&#8243; outline_custom_hover_text=\u00bb#ffffff\u00bb shape=\u00bbround\u00bb align=\u00bbleft\u00bb i_type=\u00bblinecons\u00bb i_icon_linecons=\u00bbvc_li vc_li-clip\u00bb css=\u00bb.vc_custom_1786959492471{margin-bottom: 35px !important;}\u00bb add_icon=\u00bbtrue\u00bb link=\u00bburl:https%3A%2F%2Fbadabus.com%2Fca%2Fpressupost-lloguer-dautobusos%2F|title:Pressupost%20lloguer%20d&#8217;autobusos\u00bb][\/vc_column][\/vc_row][vc_row gap=\u00bb20&#8243; equal_height=\u00bbyes\u00bb css=\u00bb.vc_custom_1719475441479{margin-top: 40px !important;padding-top: 40px !important;padding-bottom: 120px !important;background-image: url(https:\/\/badabus.com\/wp-content\/uploads\/dotted.png?id=2221) !important;}\u00bb][vc_column][vc_column_text css=\u00bb\u00bb]<\/p>\n<p style=\"text-align: center; font-size: 40px; font-family: gotham-rounded; line-height: 1em;\"><strong>Per qu\u00e8 triar-nos per al teu trajecte des de Sant Adri\u00e0 de Bes\u00f2s?<\/strong><\/p>\n<p>[\/vc_column_text][vc_row_inner equal_height=\u00bbyes\u00bb css=\u00bb.vc_custom_1744209697713{margin-bottom: 0px !important;padding-top: 20px !important;padding-bottom: 0px !important;}\u00bb][vc_column_inner width=\u00bb1\/3&#8243; css=\u00bb.vc_custom_1719475287975{background-color: #25a6b9 !important;border-radius: 5px !important;}\u00bb][vc_column_text css=\u00bb\u00bb]<\/p>\n<p class=\"numero-porque\">\/\/ 01<\/p>\n<p class=\"titulo-porque\">Seguretat<\/p>\n<p class=\"p-porque\">Per als nostres autocars a Sant Adri\u00e0 fem controls i manteniment exhaustius perqu\u00e8 cada trajecte sigui segur, c\u00f2mode i sense imprevistos.<\/p>\n<p>[\/vc_column_text][vc_btn title=\u00bbVEURE FLOTA\u00bb style=\u00bboutline-custom\u00bb outline_custom_color=\u00bb#ffffff\u00bb outline_custom_hover_background=\u00bb#ffffff\u00bb outline_custom_hover_text=\u00bb#25a6b9&#8243; shape=\u00bbround\u00bb size=\u00bbsm\u00bb css=\u00bb.vc_custom_1786959502214{margin-left: 35px !important;}\u00bb link=\u00bburl:https%3A%2F%2Fbadabus.com%2Fca%2Fflota%2F|title:Veure%20flota%20d&#8217;autocars\u00bb][vc_empty_space][\/vc_column_inner][vc_column_inner width=\u00bb1\/3&#8243; css=\u00bb.vc_custom_1719475336589{background-color: #9b6da6 !important;border-radius: 5px !important;}\u00bb][vc_column_text css=\u00bb\u00bb]<\/p>\n<p class=\"numero-porque\">\/\/ 02<\/p>\n<p class=\"titulo-porque\">Confort<\/p>\n<p class=\"p-porque\">Els nostres autocars estan dissenyats acuradament per donar la millor comoditat i seguretat als nostres clients en cada viatge.<\/p>\n<p>[\/vc_column_text][vc_btn title=\u00bbVEURE FLOTA\u00bb style=\u00bboutline-custom\u00bb outline_custom_color=\u00bb#ffffff\u00bb outline_custom_hover_background=\u00bb#ffffff\u00bb outline_custom_hover_text=\u00bb#9b6da6&#8243; shape=\u00bbround\u00bb size=\u00bbsm\u00bb css=\u00bb.vc_custom_1786959511262{margin-left: 35px !important;}\u00bb link=\u00bburl:https%3A%2F%2Fbadabus.com%2Fca%2Fflota%2F|title:Veure%20flota%20d&#8217;autocars\u00bb][vc_empty_space][\/vc_column_inner][vc_column_inner width=\u00bb1\/3&#8243; css=\u00bb.vc_custom_1719475343640{background-color: #e22893 !important;border-radius: 5px !important;}\u00bb][vc_column_text css=\u00bb\u00bb]<\/p>\n<p class=\"numero-porque\">\/\/ 03<\/p>\n<p class=\"titulo-porque\">Conductors<\/p>\n<p class=\"p-porque\">Posem el teu viatge en mans de professionals que coneixen el cam\u00ed i vetllen per la teva seguretat des de l&#8217;inici del trajecte.<\/p>\n<p>[\/vc_column_text][vc_btn title=\u00bbVEURE FLOTA\u00bb style=\u00bboutline-custom\u00bb outline_custom_color=\u00bb#ffffff\u00bb outline_custom_hover_background=\u00bb#ffffff\u00bb outline_custom_hover_text=\u00bb#e22893&#8243; shape=\u00bbround\u00bb size=\u00bbsm\u00bb css=\u00bb.vc_custom_1786959519849{margin-left: 35px !important;}\u00bb link=\u00bburl:https%3A%2F%2Fbadabus.com%2Fca%2Fflota%2F|title:Veure%20flota%20d&#8217;autocars\u00bb][vc_empty_space][\/vc_column_inner][\/vc_row_inner][\/vc_column][\/vc_row][vc_row gap=\u00bb35&#8243; row_fullwidth=\u00bb1&#8243; css=\u00bb.vc_custom_1595256381018{margin-bottom: 0px !important;padding-top: 0px !important;padding-bottom: 15px !important;background-color: #ffffff !important;}\u00bb][vc_column width=\u00bb2\/3&#8243; offset=\u00bbvc_hidden-lg vc_hidden-md\u00bb css=\u00bb.vc_custom_1595256410887{margin-top: -100px !important;}\u00bb][vc_column_text css=\u00bb.vc_custom_1595254868036{margin-bottom: -10px !important;}\u00bb]<\/p>\n<p style=\"font-size: 25px; font-family: 'gotham-rounded'; text-align: left; color: #25a8ba; line-height: 1em;\"><strong>La teva companyia de confian\u00e7a<\/strong><\/p>\n<p>[\/vc_column_text][vc_column_text]<\/p>\n<p style=\"font-size: 20px; font-family: 'gotham-rounded'; text-align: left;\"><strong>Badabus \u00e9s una empresa familiar dedicada al transport de viatgers per carretera.<\/strong><\/p>\n<p>Empresa especialista en el lloguer d&#8217;autocars i minibusos. Ens avala l&#8217;experi\u00e8ncia de m\u00e9s de 25 anys en el sector de les persones que la dirigim.[\/vc_column_text][vc_btn title=\u00bbVols saber-ne m\u00e9s?\u00bb style=\u00bbgradient-custom\u00bb gradient_custom_color_1=\u00bb#25a6b9&#8243; gradient_custom_color_2=\u00bb#e22893&#8243; shape=\u00bbround\u00bb size=\u00bblg\u00bb align=\u00bbleft\u00bb css=\u00bb.vc_custom_1786959535119{padding-right: 3% !important;padding-left: 3% !important;}\u00bb link=\u00bburl:https%3A%2F%2Fbadabus.com%2Fca%2Fflota%2F|title:Flota\u00bb][\/vc_column][vc_column width=\u00bb1\/3&#8243; offset=\u00bbvc_hidden-lg vc_hidden-md\u00bb][vc_column_text css=\u00bb\u00bb]<b style=\"text-align: left; font-size: 20px;\"><img loading=\"lazy\" decoding=\"async\" class=\"alignnone wp-image-1964\" src=\"https:\/\/badabus.com\/wp-content\/uploads\/flechas-badabus.jpg\" alt=\"\" width=\"45\" height=\"27\" \/> CONTACTE<\/b>[\/vc_column_text][vc_column_text css=\u00bb\u00bb]<\/p>\n<h3 style=\"text-align: left; font-size: 20px;\">Autocares Badabus<\/h3>\n<p>Adre\u00e7a: <a href=\"https:\/\/www.google.com\/maps\/place\/Autocares+Badabus\/@41.3518513,2.1340148,17z\/data=!3m1!4b1!4m6!3m5!1s0x12a498a57225f481:0x27ebbd8420ff8f5e!8m2!3d41.3518513!4d2.1340148!16s%2Fg%2F11fz9zb2tf?entry=ttu\" target=\"_blank\" rel=\"noopener noreferrer\">C\/Plom, 28 \u2013 08038 (Barcelona)<\/a><br \/>\nCorreu electr\u00f2nic: <a href=\"mailto:info@badabus.com\">info@badabus.com<\/a><br \/>\n<img loading=\"lazy\" decoding=\"async\" class=\"size-full wp-image-2239 alignleft\" src=\"https:\/\/badabus.com\/wp-content\/uploads\/telefon-de-lloguer-autocars-badabus.jpg\" alt=\"telefono de alquiler autocares badabus\" width=\"341\" height=\"124\" \/>[\/vc_column_text][\/vc_column][\/vc_row][vc_row gap=\u00bb35&#8243; css=\u00bb.vc_custom_1744210760780{margin-bottom: 25px !important;}\u00bb][vc_column width=\u00bb2\/3&#8243; css=\u00bb.vc_custom_1748242653998{margin-right: 30px !important;}\u00bb][vc_column_text css=\u00bb\u00bb]<\/p>\n<h2 style=\"font-size: 20px;\">Trajectes freq\u00fcents des de Sant Adri\u00e0 de Bes\u00f2s amb els nostres autocars<\/h2>\n<p style=\"font-weight: 400; text-align: justify;\">Des de Sant Adri\u00e0 de Bes\u00f2s oferim sortides en autocar a destinacions com Montserrat, les platges del Garraf o el nucli hist\u00f2ric de Tarragona. Els nostres vehicles s&#8217;adapten a cada tipus de grup, ja siguin escolars, empreses o fam\u00edlies.<\/p>\n<p style=\"font-weight: 400; text-align: justify;\">Els serveis m\u00e9s sol\u00b7licitats inclouen tamb\u00e9 <a href=\"https:\/\/badabus.com\/ca\/transfer-aeroport-barcelona\/\">transfers a l&#8217;aeroport de Barcelona<\/a> i viatges escolars de diversos dies. Ens ocupem de tota la log\u00edstica perqu\u00e8 el grup nom\u00e9s s&#8217;hagi de preocupar de gaudir del trajecte.<\/p>\n<h3 style=\"font-weight: 400;\">Serveis m\u00e9s demandats de lloguer d&#8217;autocars a Sant Adri\u00e0 de Bes\u00f2s<\/h3>\n<p style=\"font-weight: 400; text-align: justify;\">Des de Sant Adri\u00e0 de Bes\u00f2s fem trajectes regulars per a empreses que volen despla\u00e7ar el seu equip de manera segura i c\u00f2moda. Les escoles de la zona tamb\u00e9 s\u00f3n clients habituals per a excursions escolars o viatges organitzats.<\/p>\n<p style=\"font-weight: 400; text-align: justify;\">Tamb\u00e9 treballem amb clients particulars en celebracions com casaments o esdeveniments familiars, aix\u00ed com amb clubs esportius i grups tur\u00edstics que surten des de Sant Adri\u00e0 cap a destinacions culturals o naturals de l&#8217;entorn.<\/p>\n<h3 style=\"font-weight: 400;\">Per qu\u00e8 \u00e9s millor llogar un autocar a Sant Adri\u00e0 de Bes\u00f2s amb nosaltres?<\/h3>\n<p style=\"font-weight: 400; text-align: justify;\">La nostra experi\u00e8ncia a Sant Adri\u00e0 de Bes\u00f2s ens permet oferir recollides flexibles des de tots els barris, amb rutes eficients i planificaci\u00f3 personalitzada. Com que hi som presents de manera regular, podem garantir un servei \u00e0gil i sense imprevistos.<\/p>\n<p style=\"font-weight: 400; text-align: justify;\">Col\u00b7laborem amb entitats socials, centres escolars i col\u00b7lectius esportius del municipi, per la qual cosa entenem b\u00e9 les particularitats del client local. Triar-nos \u00e9s apostar per un servei de confian\u00e7a i amb un equip que coneix b\u00e9 Sant Adri\u00e0.<\/p>\n<p>[\/vc_column_text][vc_empty_space height=\u00bb30px\u00bb][vc_column_text css=\u00bb\u00bb]<strong style=\"margin-left: 6px;\">POBLACIONS ON OFERIM SERVEI DE LLOGUER D&#8217;AUTOCARS<br \/>\n<\/strong><div class=\"menu-horizontal\"><ul><div class=\"menu-horizontal\"><li id=\"menu-item-15934\" class=\"menu-item menu-item-type-post_type menu-item-object-page menu-item-15934\"><a href=\"https:\/\/badabus.com\/ca\/lloguer-autocar-badalona\/\">Lloguer autocar a Badalona<\/a><\/li> | <li id=\"menu-item-15940\" class=\"menu-item menu-item-type-post_type menu-item-object-page menu-item-15940\"><a href=\"https:\/\/badabus.com\/ca\/lloguer-autocar-hospitalet-de-llobregat\/\">Lloguer autocar a Hospitalet de Llobregat<\/a><\/li> | <li id=\"menu-item-15936\" class=\"menu-item menu-item-type-post_type menu-item-object-page menu-item-15936\"><a href=\"https:\/\/badabus.com\/ca\/lloguer-autocar-cornella-de-llobregat\/\">Lloguer autocar a Cornell\u00e0 de Llobregat<\/a><\/li> | <li id=\"menu-item-15938\" class=\"menu-item menu-item-type-post_type menu-item-object-page menu-item-15938\"><a href=\"https:\/\/badabus.com\/ca\/lloguer-autocar-esplugues-de-llobregat\/\">Lloguer autocar a Esplugues de Llobregat<\/a><\/li> | <li id=\"menu-item-15945\" class=\"menu-item menu-item-type-post_type menu-item-object-page menu-item-15945\"><a href=\"https:\/\/badabus.com\/ca\/lloguer-autocar-santa-coloma-de-gramenet\/\">Lloguer autocar a Santa Coloma de Gramenet<\/a><\/li> | <li id=\"menu-item-15937\" class=\"menu-item menu-item-type-post_type menu-item-object-page menu-item-15937\"><a href=\"https:\/\/badabus.com\/ca\/lloguer-autocar-el-prat-de-llobregat\/\">Lloguer autocar a El Prat de Llobregat<\/a><\/li> | <li id=\"menu-item-15946\" class=\"menu-item menu-item-type-post_type menu-item-object-page menu-item-15946\"><a href=\"https:\/\/badabus.com\/ca\/lloguer-autocar-viladecans\/\">Lloguer autocar a Viladecans<\/a><\/li> | <li id=\"menu-item-15935\" class=\"menu-item menu-item-type-post_type menu-item-object-page menu-item-15935\"><a href=\"https:\/\/badabus.com\/ca\/lloguer-autocar-castelldefels\/\">Lloguer autocar a Castelldefels<\/a><\/li> | <li id=\"menu-item-15939\" class=\"menu-item menu-item-type-post_type menu-item-object-page menu-item-15939\"><a href=\"https:\/\/badabus.com\/ca\/lloguer-autocar-gava\/\">Lloguer autocar a Gav\u00e0<\/a><\/li> | <li id=\"menu-item-15944\" class=\"menu-item menu-item-type-post_type menu-item-object-page menu-item-15944\"><a href=\"https:\/\/badabus.com\/ca\/lloguer-autocar-sant-joan-despi\/\">Lloguer autocar a Sant Joan Desp\u00ed<\/a><\/li> | <li id=\"menu-item-15942\" class=\"menu-item menu-item-type-post_type menu-item-object-page menu-item-15942\"><a href=\"https:\/\/badabus.com\/ca\/lloguer-autocar-sant-boi-de-llobregat\/\">Lloguer autocar a Sant Boi de Llobregat<\/a><\/li> | <li id=\"menu-item-15943\" class=\"menu-item menu-item-type-post_type menu-item-object-page menu-item-15943\"><a href=\"https:\/\/badabus.com\/ca\/lloguer-autocar-sant-feliu-de-llobregat\/\">Lloguer autocar a Sant Feliu de Llobregat<\/a><\/li> | <li id=\"menu-item-15941\" class=\"menu-item menu-item-type-post_type menu-item-object-page menu-item-15941\"><a href=\"https:\/\/badabus.com\/ca\/lloguer-autocar-sant-adria-de-besos\/\">Lloguer autocar a Sant Adri\u00e0 de Bes\u00f2s<\/a><\/li>\n<\/div><\/ul><\/div>[\/vc_column_text][vc_tta_accordion section_title_tag=\u00bbh2&#8243; color=\u00bbwhite\u00bb active_section=\u00bb1&#8243;][vc_tta_section title=\u00bbQuin preu t\u00e9 llogar un autocar o autob\u00fas a Sant Adri\u00e0 de Bes\u00f2s?\u00bb tab_id=\u00bb1764148097222-b630a9be-fee0&#8243;][vc_column_text css=\u00bb\u00bb]<\/p>\n<p data-start=\"576\" data-end=\"1127\">El preu de llogar un autocar o autob\u00fas a Sant Adri\u00e0 de Bes\u00f2s dep\u00e8n del recorregut, la data del servei, la durada del trajecte, la capacitat necess\u00e0ria i el tipus de vehicle sol\u00b7licitat. No hi ha una tarifa est\u00e0ndard, ja que cada despla\u00e7ament requereix una planificaci\u00f3 espec\u00edfica. Per con\u00e8ixer el cost exacte, nom\u00e9s cal indicar el punt de recollida a Sant Adri\u00e0, la destinaci\u00f3, l&#8217;horari i el nombre de passatgers. Amb aquesta informaci\u00f3 elaborem un pressupost personalitzat, transparent i ajustat al viatge real.<\/p>\n<p>[\/vc_column_text][\/vc_tta_section][vc_tta_section title=\u00bbCom puc demanar un pressupost per a un servei d&#8217;autocar a Sant Adri\u00e0 de Bes\u00f2s?\u00bb tab_id=\u00bb1764148097246-a151d5a7-d2ad\u00bb][vc_column_text css=\u00bb\u00bb]<\/p>\n<p data-start=\"1244\" data-end=\"1701\">Sol\u00b7licitar un pressupost \u00e9s molt senzill. Nom\u00e9s has d&#8217;omplir el formulari amb les dades b\u00e0siques del servei: data del viatge, punt de recollida a Sant Adri\u00e0 de Bes\u00f2s, destinaci\u00f3, nombre de passatgers i tipus de vehicle que necessites. Amb aquesta informaci\u00f3 preparem una proposta en poques hores. Si tens dubtes sobre quin \u00e9s el vehicle adequat, tamb\u00e9 oferim assessorament personalitzat per ajudar-te a triar la millor opci\u00f3.<\/p>\n<p>[\/vc_column_text][\/vc_tta_section][vc_tta_section title=\u00bbQu\u00e8 inclou el servei de lloguer d&#8217;autocar a Sant Adri\u00e0 de Bes\u00f2s?\u00bb tab_id=\u00bb1764148144386-b5b0f26f-3853&#8243;][vc_column_text css=\u00bb\u00bb]<\/p>\n<p data-start=\"1805\" data-end=\"2328\">El servei inclou un autocar equipat per al transport de passatgers i un conductor professional que s&#8217;encarrega del trajecte amb total seguretat. Els vehicles disposen de climatitzaci\u00f3, seients confortables, cinturons de seguretat i equipament pensat per a un viatge agradable. El pressupost pot incloure combustible, peatges i les hores previstes d&#8217;\u00fas del vehicle. Si calen serveis addicionals, com ara parades m\u00faltiples o hores extra, es detallen pr\u00e8viament per evitar sorpreses.<\/p>\n<p>[\/vc_column_text][\/vc_tta_section][vc_tta_section title=\u00bbQuins tipus de vehicles puc contractar a Sant Adri\u00e0 de Bes\u00f2s?\u00bb tab_id=\u00bb1764148162757-0ce69b49-bb71&#8243;][vc_column_text css=\u00bb\u00bb]<\/p>\n<p data-start=\"2424\" data-end=\"2852\">A Sant Adri\u00e0 de Bes\u00f2s oferim una flota variada que inclou minibusos per a grups redu\u00efts i autocars de m\u00e9s capacitat que poden arribar aproximadament a 60 places. Aquesta varietat permet cobrir excursions escolars, despla\u00e7aments d&#8217;empresa, viatges familiars, rutes tur\u00edstiques i esdeveniments de tota mena. Cada grup pot escollir el vehicle que millor s&#8217;adapti a les seves necessitats i nombre de passatgers.<\/p>\n<p>[\/vc_column_text][\/vc_tta_section][vc_tta_section title=\u00bbDisposeu de vehicles adaptats per a persones amb mobilitat redu\u00efda a Sant Adri\u00e0?\u00bb tab_id=\u00bb1764148183796-972b0d65-35d2&#8243;][vc_column_text css=\u00bb\u00bb]<\/p>\n<p data-start=\"2970\" data-end=\"3392\">S\u00ed, disposem d&#8217;autocars i minibusos adaptats per a persones amb mobilitat redu\u00efda a Sant Adri\u00e0 de Bes\u00f2s. Aquests vehicles compten amb plataforma elevadora, espai reservat per a cadires de rodes i sistemes de fixaci\u00f3 homologats. En sol\u00b7licitar el pressupost, nom\u00e9s cal indicar que es necessita un vehicle adaptat perqu\u00e8 puguem assignar l&#8217;opci\u00f3 adequada i planificar correctament el servei.<\/p>\n<p>[\/vc_column_text][\/vc_tta_section][vc_tta_section title=\u00bbAmb quanta antelaci\u00f3 \u00e9s recomanable reservar un autocar a Sant Adri\u00e0 de Bes\u00f2s?\u00bb tab_id=\u00bb1764148201842-d7e713ca-5bae\u00bb][vc_column_text css=\u00bb\u00bb]<\/p>\n<p data-start=\"3507\" data-end=\"3935\">L&#8217;antelaci\u00f3 ideal dep\u00e8n de la temporada i del tipus de servei. Durant \u00e8poques d&#8217;alta demanda\u2014com ara viatges escolars, caps de setmana, excursions o esdeveniments d&#8217;empresa\u2014\u00e9s recomanable reservar amb diverses setmanes de marge. Tot i aix\u00ed, tamb\u00e9 podem gestionar serveis d&#8217;\u00faltima hora sempre que hi hagi disponibilitat. Reservar com abans millor facilita assegurar el vehicle adequat per a la data sol\u00b7licitada.<\/p>\n<p>[\/vc_column_text][\/vc_tta_section][vc_tta_section title=\u00bbQuins serveis de transport oferiu des de Sant Adri\u00e0 de Bes\u00f2s?\u00bb tab_id=\u00bb1764148218203-960cec22-8c73&#8243;][vc_column_text css=\u00bb\u00bb]<\/p>\n<p data-start=\"4032\" data-end=\"4409\">Des de Sant Adri\u00e0 de Bes\u00f2s oferim una \u00e0mplia gamma de serveis: trasllats corporatius, rutes escolars, excursions tur\u00edstiques, despla\u00e7aments esportius, casaments, celebracions familiars, transfers a l&#8217;aeroport i serveis privats a mida. Gr\u00e0cies a la flexibilitat de la nostra flota, podem atendre tant serveis puntuals com recorreguts regulars.<\/p>\n<p>[\/vc_column_text][\/vc_tta_section][vc_tta_section title=\u00bbFeu despla\u00e7aments des de Sant Adri\u00e0 de Bes\u00f2s cap a altres ciutats o regions?\u00bb tab_id=\u00bb1764148236492-4a937cb4-062a\u00bb][vc_column_text css=\u00bb\u00bb]<\/p>\n<p data-start=\"4527\" data-end=\"4923\">S\u00ed, fem trajectes des de Sant Adri\u00e0 de Bes\u00f2s cap a qualsevol punt de Catalunya i tamb\u00e9 viatges a altres comunitats aut\u00f2nomes. Oferim recorreguts de curta, mitjana i llarga dist\u00e0ncia, tours tur\u00edstics, sortides culturals, transfers a l&#8217;aeroport i serveis personalitzats. Nom\u00e9s cal que ens indiquis origen, destinaci\u00f3 i data, i prepararem un servei adaptat al teu itinerari.<\/p>\n<p>[\/vc_column_text][\/vc_tta_section][\/vc_tta_accordion][vc_separator color=\u00bbwhite\u00bb border_width=\u00bb5&#8243; css=\u00bb\u00bb][\/vc_column][vc_column width=\u00bb1\/3&#8243; css=\u00bb.vc_custom_1744211247589{margin-right: 30px !important;margin-left: 30px !important;}\u00bb][vc_column_text css=\u00bb.vc_custom_1745410286391{margin-bottom: -10px !important;}\u00bb]<\/p>\n<p style=\"font-size: 30px; font-family: 'gotham-rounded'; text-align: left; color: #25a8ba; line-height: 1em;\"><strong>La teva companyia de confian\u00e7a a Sant Adri\u00e0 de Bes\u00f2s<\/strong><\/p>\n<p>[\/vc_column_text][vc_column_text css=\u00bb\u00bb]<\/p>\n<p style=\"font-size: 18px; font-family: 'gotham-rounded'; text-align: left;\"><strong>Badabus \u00e9s una empresa familiar dedicada al transport de viatgers per carretera.<\/strong><\/p>\n<p>Empresa especialista en el lloguer d&#8217;autocars a Sant Adri\u00e0 de Bes\u00f2s. Ens avala l&#8217;experi\u00e8ncia de m\u00e9s de 25 anys en el sector de les persones que la dirigim.[\/vc_column_text][vc_column_text css=\u00bb\u00bb]<b style=\"text-align: left; font-size: 20px;\"><img loading=\"lazy\" decoding=\"async\" class=\"alignnone wp-image-1964\" src=\"https:\/\/badabus.com\/wp-content\/uploads\/flechas-badabus.jpg\" alt=\"\" width=\"45\" height=\"27\" \/> CONTACTE<\/b>[\/vc_column_text][vc_column_text css=\u00bb\u00bb]<\/p>\n<h3 style=\"text-align: left; font-size: 20px;\">Autocares Badabus<\/h3>\n<p>Adre\u00e7a: <a href=\"https:\/\/www.google.com\/maps\/place\/Autocares+Badabus\/@41.3518513,2.1340148,17z\/data=!3m1!4b1!4m6!3m5!1s0x12a498a57225f481:0x27ebbd8420ff8f5e!8m2!3d41.3518513!4d2.1340148!16s%2Fg%2F11fz9zb2tf?entry=ttu\" target=\"_blank\" rel=\"noopener noreferrer\">Carrer de la Metal\u00b7l\u00fargia, 51, 08908 Barcelona<\/a><br \/>\nCorreu electr\u00f2nic: <a href=\"mailto:info@badabus.com\">info@badabus.com<\/a><br \/>\n<img loading=\"lazy\" decoding=\"async\" class=\"size-full wp-image-2239 alignleft\" src=\"https:\/\/badabus.com\/wp-content\/uploads\/telefon-de-lloguer-autocars-badabus.jpg\" alt=\"telefono de alquiler autocares badabus\" width=\"341\" height=\"124\" \/>[\/vc_column_text][\/vc_column][\/vc_row][vc_row row_fullwidth=\u00bb1&#8243; row_zero_column_space=\u00bb1&#8243; css=\u00bb.vc_custom_1525855960545{margin-top: 0px !important;margin-right: 0px !important;margin-bottom: 0px !important;margin-left: 0px !important;padding-top: 0px !important;padding-right: 0px !important;padding-bottom: 0px !important;padding-left: 0px !important;background-color: #303033 !important;}\u00bb][vc_column width=\u00bb1\/2&#8243; css=\u00bb.vc_custom_1525855742551{margin-top: -30px !important;}\u00bb][vc_single_image image=\u00bb15747&#8243; img_size=\u00bbfull\u00bb css=\u00bb\u00bb][\/vc_column][vc_column width=\u00bb1\/4&#8243; offset=\u00bbvc_hidden-xs\u00bb][vc_single_image image=\u00bb15755&#8243; img_size=\u00bbfull\u00bb css=\u00bb.vc_custom_1787296435134{padding-top: 10px !important;}\u00bb][\/vc_column][vc_column width=\u00bb1\/4&#8243; offset=\u00bbvc_hidden-xs\u00bb][vc_btn title=\u00bbDEMANAR PRESSUPOST\u00bb style=\u00bbgradient-custom\u00bb gradient_custom_color_1=\u00bb#25a6b9&#8243; gradient_custom_color_2=\u00bb#e22893&#8243; shape=\u00bbround\u00bb size=\u00bblg\u00bb align=\u00bbleft\u00bb css=\u00bb.vc_custom_1786959593369{padding-top: 20px !important;}\u00bb link=\u00bburl:https%3A%2F%2Fbadabus.com%2Fca%2Fpressupost-lloguer-dautobusos%2F\u00bb][\/vc_column][\/vc_row][vc_row][vc_column][vc_raw_html css=\u00bb\u00bb]PHNjcmlwdCB0eXBlPSJhcHBsaWNhdGlvbi9sZCtqc29uIj4KewogICJAY29udGV4dCI6ICJodHRwczovL3NjaGVtYS5vcmciLAogICJAdHlwZSI6ICJGQVFQYWdlIiwKICAibWFpbkVudGl0eSI6IFt7CiAgICAiQHR5cGUiOiAiUXVlc3Rpb24iLAogICAgIm5hbWUiOiAiUXVpbiBwcmV1IHTDqSBsbG9nYXIgdW4gYXV0b2NhciBvIGF1dG9iw7pzIGEgU2FudCBBZHJpw6AgZGUgQmVzw7JzPyIsCiAgICAiYWNjZXB0ZWRBbnN3ZXIiOiB7CiAgICAgICJAdHlwZSI6ICJBbnN3ZXIiLAogICAgICAidGV4dCI6ICJFbCBwcmV1IGRlIGxsb2dhciB1biBhdXRvY2FyIG8gYXV0b2LDunMgYSBTYW50IEFkcmnDoCBkZSBCZXPDsnMgZGVww6huIGRlbCByZWNvcnJlZ3V0LCBsYSBkYXRhIGRlbCBzZXJ2ZWksIGxhIGR1cmFkYSBkZWwgdHJhamVjdGUsIGxhIGNhcGFjaXRhdCBuZWNlc3PDoHJpYSBpIGVsIHRpcHVzIGRlIHZlaGljbGUgc29swrdsaWNpdGF0LiBObyBoaSBoYSB1bmEgdGFyaWZhIGVzdMOgbmRhcmQsIGphIHF1ZSBjYWRhIGRlc3BsYcOnYW1lbnQgcmVxdWVyZWl4IHVuYSBwbGFuaWZpY2FjacOzIGVzcGVjw61maWNhLiBQZXIgY29uw6hpeGVyIGVsIGNvc3QgZXhhY3RlLCBub23DqXMgY2FsIGluZGljYXIgZWwgcHVudCBkZSByZWNvbGxpZGEgYSBTYW50IEFkcmnDoCwgbGEgZGVzdGluYWNpw7MsIGwnaG9yYXJpIGkgZWwgbm9tYnJlIGRlIHBhc3NhdGdlcnMuIEFtYiBhcXVlc3RhIGluZm9ybWFjacOzIGVsYWJvcmVtIHVuIHByZXNzdXBvc3QgcGVyc29uYWxpdHphdCwgdHJhbnNwYXJlbnQgaSBhanVzdGF0IGFsIHZpYXRnZSByZWFsLiIKICAgIH0KICB9LHsKICAgICJAdHlwZSI6ICJRdWVzdGlvbiIsCiAgICAibmFtZSI6ICJDb20gcHVjIGRlbWFuYXIgdW4gcHJlc3N1cG9zdCBwZXIgYSB1biBzZXJ2ZWkgZCdhdXRvY2FyIGEgU2FudCBBZHJpw6AgZGUgQmVzw7JzPyIsCiAgICAiYWNjZXB0ZWRBbnN3ZXIiOiB7CiAgICAgICJAdHlwZSI6ICJBbnN3ZXIiLAogICAgICAidGV4dCI6ICJTb2zCt2xpY2l0YXIgdW4gcHJlc3N1cG9zdCDDqXMgbW9sdCBzZW56aWxsLiBOb23DqXMgaGFzIGQnb21wbGlyIGVsIGZvcm11bGFyaSBhbWIgbGVzIGRhZGVzIGLDoHNpcXVlcyBkZWwgc2VydmVpOiBkYXRhIGRlbCB2aWF0Z2UsIHB1bnQgZGUgcmVjb2xsaWRhIGEgU2FudCBBZHJpw6AgZGUgQmVzw7JzLCBkZXN0aW5hY2nDsywgbm9tYnJlIGRlIHBhc3NhdGdlcnMgaSB0aXB1cyBkZSB2ZWhpY2xlIHF1ZSBuZWNlc3NpdGVzLiBBbWIgYXF1ZXN0YSBpbmZvcm1hY2nDsyBwcmVwYXJlbSB1bmEgcHJvcG9zdGEgZW4gcG9xdWVzIGhvcmVzLiBTaSB0ZW5zIGR1YnRlcyBzb2JyZSBxdWluIMOpcyBlbCB2ZWhpY2xlIGFkZXF1YXQsIHRhbWLDqSBvZmVyaW0gYXNzZXNzb3JhbWVudCBwZXJzb25hbGl0emF0IHBlciBhanVkYXItdGUgYSB0cmlhciBsYSBtaWxsb3Igb3BjacOzLiIKICAgIH0KICB9LHsKICAgICJAdHlwZSI6ICJRdWVzdGlvbiIsCiAgICAibmFtZSI6ICJRdcOoIGluY2xvdSBlbCBzZXJ2ZWkgZGUgbGxvZ3VlciBkJ2F1dG9jYXIgYSBTYW50IEFkcmnDoCBkZSBCZXPDsnM\/IiwKICAgICJhY2NlcHRlZEFuc3dlciI6IHsKICAgICAgIkB0eXBlIjogIkFuc3dlciIsCiAgICAgICJ0ZXh0IjogIkVsIHNlcnZlaSBpbmNsb3UgdW4gYXV0b2NhciBlcXVpcGF0IHBlciBhbCB0cmFuc3BvcnQgZGUgcGFzc2F0Z2VycyBpIHVuIGNvbmR1Y3RvciBwcm9mZXNzaW9uYWwgcXVlIHMnZW5jYXJyZWdhIGRlbCB0cmFqZWN0ZSBhbWIgdG90YWwgc2VndXJldGF0LiBFbHMgdmVoaWNsZXMgZGlzcG9zZW4gZGUgY2xpbWF0aXR6YWNpw7MsIHNlaWVudHMgY29uZm9ydGFibGVzLCBjaW50dXJvbnMgZGUgc2VndXJldGF0IGkgZXF1aXBhbWVudCBwZW5zYXQgcGVyIGEgdW4gdmlhdGdlIGFncmFkYWJsZS4gRWwgcHJlc3N1cG9zdCBwb3QgaW5jbG91cmUgY29tYnVzdGlibGUsIHBlYXRnZXMgaSBsZXMgaG9yZXMgcHJldmlzdGVzIGQnw7pzIGRlbCB2ZWhpY2xlLiBTaSBjYWxlbiBzZXJ2ZWlzIGFkZGljaW9uYWxzLCBjb20gYXJhIHBhcmFkZXMgbcO6bHRpcGxlcyBvIGhvcmVzIGV4dHJhLCBlcyBkZXRhbGxlbiBwcsOodmlhbWVudCBwZXIgZXZpdGFyIHNvcnByZXNlcy4iCiAgICB9CiAgfSx7CiAgICAiQHR5cGUiOiAiUXVlc3Rpb24iLAogICAgIm5hbWUiOiAiUXVpbnMgdGlwdXMgZGUgdmVoaWNsZXMgcHVjIGNvbnRyYWN0YXIgYSBTYW50IEFkcmnDoCBkZSBCZXPDsnM\/IiwKICAgICJhY2NlcHRlZEFuc3dlciI6IHsKICAgICAgIkB0eXBlIjogIkFuc3dlciIsCiAgICAgICJ0ZXh0IjogIkEgU2FudCBBZHJpw6AgZGUgQmVzw7JzIG9mZXJpbSB1bmEgZmxvdGEgdmFyaWFkYSBxdWUgaW5jbG91IG1pbmlidXNvcyBwZXIgYSBncnVwcyByZWR1w690cyBpIGF1dG9jYXJzIGRlIG3DqXMgY2FwYWNpdGF0IHF1ZSBwb2RlbiBhcnJpYmFyIGFwcm94aW1hZGFtZW50IGEgNjAgcGxhY2VzLiBBcXVlc3RhIHZhcmlldGF0IHBlcm1ldCBjb2JyaXIgZXhjdXJzaW9ucyBlc2NvbGFycywgZGVzcGxhw6dhbWVudHMgZCdlbXByZXNhLCB2aWF0Z2VzIGZhbWlsaWFycywgcnV0ZXMgdHVyw61zdGlxdWVzIGkgZXNkZXZlbmltZW50cyBkZSB0b3RhIG1lbmEuIENhZGEgZ3J1cCBwb3QgZXNjb2xsaXIgZWwgdmVoaWNsZSBxdWUgbWlsbG9yIHMnYWRhcHRpIGEgbGVzIHNldmVzIG5lY2Vzc2l0YXRzIGkgbm9tYnJlIGRlIHBhc3NhdGdlcnMuIgogICAgfQogIH0sewogICAgIkB0eXBlIjogIlF1ZXN0aW9uIiwKICAgICJuYW1lIjogIkRpc3Bvc2V1IGRlIHZlaGljbGVzIGFkYXB0YXRzIHBlciBhIHBlcnNvbmVzIGFtYiBtb2JpbGl0YXQgcmVkdcOvZGEgYSBTYW50IEFkcmnDoD8iLAogICAgImFjY2VwdGVkQW5zd2VyIjogewogICAgICAiQHR5cGUiOiAiQW5zd2VyIiwKICAgICAgInRleHQiOiAiU8OtLCBkaXNwb3NlbSBkJ2F1dG9jYXJzIGkgbWluaWJ1c29zIGFkYXB0YXRzIHBlciBhIHBlcnNvbmVzIGFtYiBtb2JpbGl0YXQgcmVkdcOvZGEgYSBTYW50IEFkcmnDoCBkZSBCZXPDsnMuIEFxdWVzdHMgdmVoaWNsZXMgY29tcHRlbiBhbWIgcGxhdGFmb3JtYSBlbGV2YWRvcmEsIGVzcGFpIHJlc2VydmF0IHBlciBhIGNhZGlyZXMgZGUgcm9kZXMgaSBzaXN0ZW1lcyBkZSBmaXhhY2nDsyBob21vbG9nYXRzLiBFbiBzb2zCt2xpY2l0YXIgZWwgcHJlc3N1cG9zdCwgbm9tw6lzIGNhbCBpbmRpY2FyIHF1ZSBlcyBuZWNlc3NpdGEgdW4gdmVoaWNsZSBhZGFwdGF0IHBlcnF1w6ggcHVndWVtIGFzc2lnbmFyIGwnb3BjacOzIGFkZXF1YWRhIGkgcGxhbmlmaWNhciBjb3JyZWN0YW1lbnQgZWwgc2VydmVpLiIKICAgIH0KICB9LHsKICAgICJAdHlwZSI6ICJRdWVzdGlvbiIsCiAgICAibmFtZSI6ICJBbWIgcXVhbnRhIGFudGVsYWNpw7Mgw6lzIHJlY29tYW5hYmxlIHJlc2VydmFyIHVuIGF1dG9jYXIgYSBTYW50IEFkcmnDoCBkZSBCZXPDsnM\/IiwKICAgICJhY2NlcHRlZEFuc3dlciI6IHsKICAgICAgIkB0eXBlIjogIkFuc3dlciIsCiAgICAgICJ0ZXh0IjogIkwnYW50ZWxhY2nDsyBpZGVhbCBkZXDDqG4gZGUgbGEgdGVtcG9yYWRhIGkgZGVsIHRpcHVzIGRlIHNlcnZlaS4gRHVyYW50IMOocG9xdWVzIGQnYWx0YSBkZW1hbmRh4oCUY29tIGFyYSB2aWF0Z2VzIGVzY29sYXJzLCBjYXBzIGRlIHNldG1hbmEsIGV4Y3Vyc2lvbnMgbyBlc2RldmVuaW1lbnRzIGQnZW1wcmVzYeKAlMOpcyByZWNvbWFuYWJsZSByZXNlcnZhciBhbWIgZGl2ZXJzZXMgc2V0bWFuZXMgZGUgbWFyZ2UuIFRvdCBpIGFpeMOtLCB0YW1iw6kgcG9kZW0gZ2VzdGlvbmFyIHNlcnZlaXMgZCfDumx0aW1hIGhvcmEgc2VtcHJlIHF1ZSBoaSBoYWdpIGRpc3BvbmliaWxpdGF0LiBSZXNlcnZhciBjb20gYWJhbnMgbWlsbG9yIGZhY2lsaXRhIGFzc2VndXJhciBlbCB2ZWhpY2xlIGFkZXF1YXQgcGVyIGEgbGEgZGF0YSBzb2zCt2xpY2l0YWRhLiIKICAgIH0KICB9LHsKICAgICJAdHlwZSI6ICJRdWVzdGlvbiIsCiAgICAibmFtZSI6ICJRdWlucyBzZXJ2ZWlzIGRlIHRyYW5zcG9ydCBvZmVyaXUgZGVzIGRlIFNhbnQgQWRyacOgIGRlIEJlc8Oycz8iLAogICAgImFjY2VwdGVkQW5zd2VyIjogewogICAgICAiQHR5cGUiOiAiQW5zd2VyIiwKICAgICAgInRleHQiOiAiRGVzIGRlIFNhbnQgQWRyacOgIGRlIEJlc8OycyBvZmVyaW0gdW5hIMOgbXBsaWEgZ2FtbWEgZGUgc2VydmVpczogdHJhc2xsYXRzIGNvcnBvcmF0aXVzLCBydXRlcyBlc2NvbGFycywgZXhjdXJzaW9ucyB0dXLDrXN0aXF1ZXMsIGRlc3BsYcOnYW1lbnRzIGVzcG9ydGl1cywgY2FzYW1lbnRzLCBjZWxlYnJhY2lvbnMgZmFtaWxpYXJzLCB0cmFuc2ZlcnMgYSBsJ2Flcm9wb3J0IGkgc2VydmVpcyBwcml2YXRzIGEgbWlkYS4gR3LDoGNpZXMgYSBsYSBmbGV4aWJpbGl0YXQgZGUgbGEgbm9zdHJhIGZsb3RhLCBwb2RlbSBhdGVuZHJlIHRhbnQgc2VydmVpcyBwdW50dWFscyBjb20gcmVjb3JyZWd1dHMgcmVndWxhcnMuIgogICAgfQogIH0sewogICAgIkB0eXBlIjogIlF1ZXN0aW9uIiwKICAgICJuYW1lIjogIkZldSBkZXNwbGHDp2FtZW50cyBkZXMgZGUgU2FudCBBZHJpw6AgZGUgQmVzw7JzIGNhcCBhIGFsdHJlcyBjaXV0YXRzIG8gcmVnaW9ucz8iLAogICAgImFjY2VwdGVkQW5zd2VyIjogewogICAgICAiQHR5cGUiOiAiQW5zd2VyIiwKICAgICAgInRleHQiOiAiU8OtLCBmZW0gdHJhamVjdGVzIGRlcyBkZSBTYW50IEFkcmnDoCBkZSBCZXPDsnMgY2FwIGEgcXVhbHNldm9sIHB1bnQgZGUgQ2F0YWx1bnlhIGkgdGFtYsOpIHZpYXRnZXMgYSBhbHRyZXMgY29tdW5pdGF0cyBhdXTDsm5vbWVzLiBPZmVyaW0gcmVjb3JyZWd1dHMgZGUgY3VydGEsIG1pdGphbmEgaSBsbGFyZ2EgZGlzdMOgbmNpYSwgdG91cnMgdHVyw61zdGljcywgc29ydGlkZXMgY3VsdHVyYWxzLCB0cmFuc2ZlcnMgYSBsJ2Flcm9wb3J0IGkgc2VydmVpcyBwZXJzb25hbGl0emF0cy4gTm9tw6lzIGNhbCBxdWUgZW5zIGluZGlxdWlzIG9yaWdlbiwgZGVzdGluYWNpw7MgaSBkYXRhLCBpIHByZXBhcmFyZW0gdW4gc2VydmVpIGFkYXB0YXQgYWwgdGV1IGl0aW5lcmFyaS4iCiAgICB9CiAgfV0KfQo8L3NjcmlwdD4=[\/vc_raw_html][\/vc_column][\/vc_row]<\/p>\n<\/div>","protected":false},"excerpt":{"rendered":"<p>[vc_row row_fullwidth=\u00bb1&#8243; row_zero_column_space=\u00bb1&#8243; css=\u00bb.vc_custom_1461073450203{margin-top: 0px !important;margin-right: 0px !important;margin-bottom: 0px !important;margin-left: 0px !important;padding-top: 0px !important;padding-right: 0px !important;padding-bottom: 0px !important;padding-left: 0px !important;}\u00bb][vc_column offset=\u00bbvc_hidden-sm vc_hidden-xs\u00bb][rev_slider_vc alias=\u00bbsant-adria-besos-1&#8243; el_class=\u00bbno-bottom-margin\u00bb][\/vc_column][\/vc_row][vc_row gap=\u00bb5&#8243; row_fullwidth=\u00bb1&#8243; css=\u00bb.vc_custom_1684321545730{margin-top: 0px !important;margin-bottom: 0px [&hellip;]<\/p>\n","protected":false},"author":10,"featured_media":0,"parent":0,"menu_order":0,"comment_status":"closed","ping_status":"closed","template":"","meta":{"footnotes":""},"class_list":["post-15012","page","type-page","status-publish","hentry"],"_links":{"self":[{"href":"https:\/\/badabus.com\/ca\/wp-json\/wp\/v2\/pages\/15012","targetHints":{"allow":["GET"]}}],"collection":[{"href":"https:\/\/badabus.com\/ca\/wp-json\/wp\/v2\/pages"}],"about":[{"href":"https:\/\/badabus.com\/ca\/wp-json\/wp\/v2\/types\/page"}],"author":[{"embeddable":true,"href":"https:\/\/badabus.com\/ca\/wp-json\/wp\/v2\/users\/10"}],"replies":[{"embeddable":true,"href":"https:\/\/badabus.com\/ca\/wp-json\/wp\/v2\/comments?post=15012"}],"version-history":[{"count":7,"href":"https:\/\/badabus.com\/ca\/wp-json\/wp\/v2\/pages\/15012\/revisions"}],"predecessor-version":[{"id":15965,"href":"https:\/\/badabus.com\/ca\/wp-json\/wp\/v2\/pages\/15012\/revisions\/15965"}],"wp:attachment":[{"href":"https:\/\/badabus.com\/ca\/wp-json\/wp\/v2\/media?parent=15012"}],"curies":[{"name":"wp","href":"https:\/\/api.w.org\/{rel}","templated":true}]}}