{"id":15008,"date":"2026-08-21T08:59:24","date_gmt":"2026-08-21T06:59:24","guid":{"rendered":"https:\/\/badabus.com\/?page_id=15008"},"modified":"2026-08-31T12:13:04","modified_gmt":"2026-08-31T10:13:04","slug":"lloguer-autocar-gava","status":"publish","type":"page","link":"https:\/\/badabus.com\/ca\/lloguer-autocar-gava\/","title":{"rendered":"Inici Gav\u00e0 CAT"},"content":{"rendered":"<div class=\"wpb-content-wrapper\"><p>[vc_row row_fullwidth=\u00bb1&#8243; row_zero_column_space=\u00bb1&#8243; css=\u00bb.vc_custom_1461073450203{margin-top: 0px !important;margin-right: 0px !important;margin-bottom: 0px !important;margin-left: 0px !important;padding-top: 0px !important;padding-right: 0px !important;padding-bottom: 0px !important;padding-left: 0px !important;}\u00bb][vc_column offset=\u00bbvc_hidden-sm vc_hidden-xs\u00bb][rev_slider_vc alias=\u00bbgava-1&#8243; el_class=\u00bbno-bottom-margin\u00bb][\/vc_column][\/vc_row][vc_row gap=\u00bb5&#8243; row_fullwidth=\u00bb1&#8243; css=\u00bb.vc_custom_1684321545730{margin-top: 0px !important;margin-bottom: 0px !important;padding-top: 40px !important;padding-right: 40px !important;padding-left: 40px !important;background-color: #ffffff !important;}\u00bb][vc_column offset=\u00bbvc_hidden-sm vc_hidden-xs\u00bb][vc_column_text css=\u00bb\u00bb]<\/p>\n<h1 class=\"h1-home-cat\">Lloguer d&#8217;autocars a Gav\u00e0<\/h1>\n<h2 class=\"h1-servicios\">Les nostres opcions d&#8217;autocars per a Gav\u00e0<\/h2>\n<p>[\/vc_column_text][vc_raw_html css=\u00bb\u00bb]JTVCYmFkYWJ1c19zZXJ2ZWlzJTVE[\/vc_raw_html][\/vc_column][vc_column offset=\u00bbvc_hidden-sm vc_hidden-xs\u00bb css=\u00bb.vc_custom_1744208769323{margin-top: 50px !important;background-color: #F6F6F6 !important;}\u00bb][vc_custom_heading text=\u00bbNecessites un autocar a Gav\u00e0 per al teu trajecte?\u00bb font_container=\u00bbtag:h2|font_size:40|text_align:center|color:%23000000|line_height:30px\u00bb google_fonts=\u00bbfont_family:Raleway%3A100%2C200%2C300%2Cregular%2C500%2C600%2C700%2C800%2C900|font_style:300%20light%20regular%3A300%3Anormal\u00bb css=\u00bb.vc_custom_1745406068094{margin-top: 0px !important;margin-bottom: 0px !important;padding-top: 20px !important;padding-bottom: 0px !important;}\u00bb][vc_column_text css=\u00bb.vc_custom_1745406119285{margin-top: 10px !important;margin-bottom: 10px !important;}\u00bb]<\/p>\n<p style=\"text-align: center;\">Deixa&#8217;ns les dades del viatge i tindr\u00e0s el pressupost en menys de 24 hores laborables.<\/p>\n<p>[\/vc_column_text][vc_btn title=\u00bbSol\u00b7licitar pressupost per a lloguer d&#8217;autocar\u00bb style=\u00bboutline-custom\u00bb outline_custom_color=\u00bb#000000&#8243; outline_custom_hover_background=\u00bb#000000&#8243; outline_custom_hover_text=\u00bb#ffffff\u00bb shape=\u00bbround\u00bb size=\u00bblg\u00bb align=\u00bbcenter\u00bb i_type=\u00bblinecons\u00bb i_icon_linecons=\u00bbvc_li vc_li-clip\u00bb css=\u00bb.vc_custom_1786958156029{margin-top: 20px !important;margin-bottom: 55px !important;}\u00bb add_icon=\u00bbtrue\u00bb link=\u00bburl:https%3A%2F%2Fbadabus.com%2Fca%2Fpressupost-lloguer-dautobusos%2F|title:Pressupost%20lloguer%20d&#8217;autobusos\u00bb][\/vc_column][\/vc_row][vc_row row_fullwidth=\u00bb1&#8243; css=\u00bb.vc_custom_1613379287195{padding-right: 0px !important;padding-left: 0px !important;background-color: #0a0a0a !important;}\u00bb][vc_column css=\u00bb.vc_custom_1710964759406{padding-top: 0px !important;padding-right: 0px !important;padding-bottom: 0px !important;padding-left: 0px !important;background: #0a0a0a url(https:\/\/badabus.com\/wp-content\/uploads\/Alex-Bascuas-Photo-9610-opacity.jpg?id=9993) !important;background-position: center !important;background-repeat: no-repeat !important;background-size: cover !important;}\u00bb offset=\u00bbvc_hidden-lg vc_hidden-md\u00bb el_class=\u00bbimagen-background-home-mobile\u00bb][vc_column_text css=\u00bb.vc_custom_1745406671272{margin-top: 45px !important;margin-right: 5% !important;margin-bottom: 45px !important;margin-left: 5% !important;padding-right: 0px !important;padding-left: 0px !important;background-position: center !important;background-repeat: no-repeat !important;background-size: cover !important;}\u00bb]<\/p>\n<h1 class=\"h1-home-mob\">Lloguer d&#8217;autocars a Gav\u00e0<\/h1>\n<p>[\/vc_column_text][vc_btn title=\u00bbDEMANA PRESSUPOST\u00bb style=\u00bbcustom\u00bb custom_background=\u00bb#e22893&#8243; custom_text=\u00bb#ffffff\u00bb shape=\u00bbround\u00bb css=\u00bb.vc_custom_1786958168022{margin-left: 30px !important;}\u00bb link=\u00bburl:https%3A%2F%2Fbadabus.com%2Fca%2Fpressupost-lloguer-dautobusos%2F|title:Pressupost%20lloguer%20d&#8217;autobusos\u00bb][\/vc_column][\/vc_row][vc_row css=\u00bb.vc_custom_1744208838364{margin-top: 130px !important;margin-bottom: 15px !important;}\u00bb][vc_column width=\u00bb1\/2&#8243;][vc_column_text css=\u00bb\u00bb]<\/p>\n<h2>Des de quins barris de Gav\u00e0 sortim en autocar?<\/h2>\n<p>A Gav\u00e0 fem recollides des de zones com Gav\u00e0 Mar, Can Tintorer, \u00c0ngela Roca, Les B\u00f2biles, El Centre o Can Tries, cobrint tant zones residencials com nuclis empresarials.<\/p>\n<p>Tamb\u00e9 treballem amb sortides des d&#8217;urbanitzacions o pol\u00edgons, ideals per a grups tur\u00edstics, escolars o empreses que necessiten iniciar el viatge des de punts concrets. Si necessites un transport m\u00e9s lleuger, tamb\u00e9 disposem de <a href=\"https:\/\/badabus.com\/ca\/lloguer-minibus-gava\/\">minib\u00fas a Gav\u00e0<\/a>.[\/vc_column_text][\/vc_column][vc_column width=\u00bb1\/2&#8243;][vc_single_image image=\u00bb12891&#8243; img_size=\u00bb450&#215;450&#8243; css=\u00bb\u00bb][\/vc_column][\/vc_row][vc_row css=\u00bb.vc_custom_1744208847931{margin-top: 70px !important;margin-bottom: 30px !important;}\u00bb][vc_column width=\u00bb1\/2&#8243;][vc_column_text css=\u00bb.vc_custom_1787573832604{margin-bottom: 20px !important;}\u00bb]<\/p>\n<h2>De quantes places s\u00f3n els autocars?<\/h2>\n<p>La nostra flota a Gav\u00e0 est\u00e0 pensada per adaptar-se a tota mena de necessitats. Disposem de microbusos d&#8217;entre 16 i 25 places, perfectes per a grups petits, trasllats a l&#8217;aeroport o celebracions privades.<\/p>\n<p>Tamb\u00e9 comptem amb <a href=\"https:\/\/badabus.com\/ca\/lloguer-autocar-barcelona\/\">autocars de lloguer<\/a> de gran capacitat, de fins a 55 places, ideals per a escoles, empreses, clubs esportius o grups tur\u00edstics que busquen confort i seguretat en els seus despla\u00e7aments.<\/p>\n<h3>Vols con\u00e8ixer la nostra flota d&#8217;autocars per a Gav\u00e0?<\/h3>\n<p>[\/vc_column_text][vc_btn title=\u00bbVEURE FLOTA D&#8217;AUTOCARS\u00bb style=\u00bboutline-custom\u00bb outline_custom_color=\u00bb#000000&#8243; outline_custom_hover_background=\u00bb#000000&#8243; outline_custom_hover_text=\u00bb#ffffff\u00bb shape=\u00bbround\u00bb align=\u00bbleft\u00bb i_type=\u00bblinecons\u00bb i_icon_linecons=\u00bbvc_li vc_li-clip\u00bb css=\u00bb.vc_custom_1786958250264{margin-bottom: 35px !important;}\u00bb add_icon=\u00bbtrue\u00bb link=\u00bburl:https%3A%2F%2Fbadabus.com%2Fca%2Fflota%2F\u00bb][\/vc_column][vc_column width=\u00bb1\/2&#8243;][vc_single_image image=\u00bb15241&#8243; img_size=\u00bb450&#215;420&#8243; css=\u00bb\u00bb][\/vc_column][\/vc_row][vc_row css=\u00bb.vc_custom_1744209919418{padding-top: 35px !important;background-color: #25A6B9 !important;}\u00bb][vc_column width=\u00bb2\/3&#8243;][vc_column_text css=\u00bb\u00bb]<strong style=\"font-size: 26px; color: white;\">Necessites un autocar a Gav\u00e0 per al teu trajecte?<\/strong>[\/vc_column_text][\/vc_column][vc_column width=\u00bb1\/3&#8243;][vc_btn title=\u00bbPressupost en 24 h\u00bb style=\u00bboutline-custom\u00bb outline_custom_color=\u00bb#FFFFFF\u00bb outline_custom_hover_background=\u00bb#000000&#8243; outline_custom_hover_text=\u00bb#ffffff\u00bb shape=\u00bbround\u00bb align=\u00bbleft\u00bb i_type=\u00bblinecons\u00bb i_icon_linecons=\u00bbvc_li vc_li-clip\u00bb css=\u00bb.vc_custom_1786958261848{margin-bottom: 35px !important;}\u00bb add_icon=\u00bbtrue\u00bb link=\u00bburl:https%3A%2F%2Fbadabus.com%2Fca%2Fpressupost-lloguer-dautobusos%2F|title:Pressupost%20lloguer%20d&#8217;autobusos\u00bb][\/vc_column][\/vc_row][vc_row gap=\u00bb20&#8243; equal_height=\u00bbyes\u00bb css=\u00bb.vc_custom_1719475441479{margin-top: 40px !important;padding-top: 40px !important;padding-bottom: 120px !important;background-image: url(https:\/\/badabus.com\/wp-content\/uploads\/dotted.png?id=2221) !important;}\u00bb][vc_column][vc_column_text css=\u00bb\u00bb]<\/p>\n<p style=\"text-align: center; font-size: 40px; font-family: gotham-rounded; line-height: 1em;\"><strong>Per qu\u00e8 triar-nos per al teu trajecte des de Gav\u00e0?<\/strong><\/p>\n<p>[\/vc_column_text][vc_row_inner equal_height=\u00bbyes\u00bb css=\u00bb.vc_custom_1744209697713{margin-bottom: 0px !important;padding-top: 20px !important;padding-bottom: 0px !important;}\u00bb][vc_column_inner width=\u00bb1\/3&#8243; css=\u00bb.vc_custom_1719475287975{background-color: #25a6b9 !important;border-radius: 5px !important;}\u00bb][vc_column_text css=\u00bb\u00bb]<\/p>\n<p class=\"numero-porque\">\/\/ 01<\/p>\n<p class=\"titulo-porque\">Seguretat<\/p>\n<p class=\"p-porque\">Cuidem cada detall del manteniment per garantir la seguretat dels nostres clients en cada trajecte.<\/p>\n<p>[\/vc_column_text][vc_btn title=\u00bbVEURE FLOTA\u00bb style=\u00bboutline-custom\u00bb outline_custom_color=\u00bb#ffffff\u00bb outline_custom_hover_background=\u00bb#ffffff\u00bb outline_custom_hover_text=\u00bb#25a6b9&#8243; shape=\u00bbround\u00bb size=\u00bbsm\u00bb css=\u00bb.vc_custom_1786958272240{margin-left: 35px !important;}\u00bb link=\u00bburl:https%3A%2F%2Fbadabus.com%2Fca%2Fflota%2F|title:Veure%20flota%20d&#8217;autocars\u00bb][vc_empty_space][\/vc_column_inner][vc_column_inner width=\u00bb1\/3&#8243; css=\u00bb.vc_custom_1719475336589{background-color: #9b6da6 !important;border-radius: 5px !important;}\u00bb][vc_column_text css=\u00bb\u00bb]<\/p>\n<p class=\"numero-porque\">\/\/ 02<\/p>\n<p class=\"titulo-porque\">Confort<\/p>\n<p class=\"p-porque\">La seguretat i el confort no s\u00f3n opcionals: estan integrats en cadascun dels nostres vehicles.<\/p>\n<p>[\/vc_column_text][vc_btn title=\u00bbVEURE FLOTA\u00bb style=\u00bboutline-custom\u00bb outline_custom_color=\u00bb#ffffff\u00bb outline_custom_hover_background=\u00bb#ffffff\u00bb outline_custom_hover_text=\u00bb#9b6da6&#8243; shape=\u00bbround\u00bb size=\u00bbsm\u00bb css=\u00bb.vc_custom_1786958280656{margin-left: 35px !important;}\u00bb link=\u00bburl:https%3A%2F%2Fbadabus.com%2Fca%2Fflota%2F|title:Veure%20flota%20d&#8217;autocars\u00bb][vc_empty_space][\/vc_column_inner][vc_column_inner width=\u00bb1\/3&#8243; css=\u00bb.vc_custom_1719475343640{background-color: #e22893 !important;border-radius: 5px !important;}\u00bb][vc_column_text css=\u00bb\u00bb]<\/p>\n<p class=\"numero-porque\">\/\/ 03<\/p>\n<p class=\"titulo-porque\">Conductors<\/p>\n<p class=\"p-porque\">Al volant, nom\u00e9s professionals amb \u00e0mplia experi\u00e8ncia i comprom\u00eds amb la seguretat en cada trajecte.<\/p>\n<p>[\/vc_column_text][vc_btn title=\u00bbVEURE FLOTA\u00bb style=\u00bboutline-custom\u00bb outline_custom_color=\u00bb#ffffff\u00bb outline_custom_hover_background=\u00bb#ffffff\u00bb outline_custom_hover_text=\u00bb#e22893&#8243; shape=\u00bbround\u00bb size=\u00bbsm\u00bb css=\u00bb.vc_custom_1786958290825{margin-left: 35px !important;}\u00bb link=\u00bburl:https%3A%2F%2Fbadabus.com%2Fca%2Fflota%2F|title:Veure%20flota%20d&#8217;autocars\u00bb][vc_empty_space][\/vc_column_inner][\/vc_row_inner][\/vc_column][\/vc_row][vc_row gap=\u00bb35&#8243; row_fullwidth=\u00bb1&#8243; css=\u00bb.vc_custom_1595256381018{margin-bottom: 0px !important;padding-top: 0px !important;padding-bottom: 15px !important;background-color: #ffffff !important;}\u00bb][vc_column width=\u00bb2\/3&#8243; offset=\u00bbvc_hidden-lg vc_hidden-md\u00bb css=\u00bb.vc_custom_1595256410887{margin-top: -100px !important;}\u00bb][vc_column_text css=\u00bb.vc_custom_1595254868036{margin-bottom: -10px !important;}\u00bb]<\/p>\n<p style=\"font-size: 25px; font-family: 'gotham-rounded'; text-align: left; color: #25a8ba; line-height: 1em;\"><strong>La teva companyia de confian\u00e7a<\/strong><\/p>\n<p>[\/vc_column_text][vc_column_text]<\/p>\n<p style=\"font-size: 20px; font-family: 'gotham-rounded'; text-align: left;\"><strong>Badabus \u00e9s una empresa familiar dedicada al transport de viatgers per carretera.<\/strong><\/p>\n<p>Empresa especialista en el lloguer d&#8217;autocars i minibusos. Ens avala l&#8217;experi\u00e8ncia de m\u00e9s de 25 anys en el sector de les persones que la dirigim.[\/vc_column_text][vc_btn title=\u00bbVols saber-ne m\u00e9s?\u00bb style=\u00bbgradient-custom\u00bb gradient_custom_color_1=\u00bb#25a6b9&#8243; gradient_custom_color_2=\u00bb#e22893&#8243; shape=\u00bbround\u00bb size=\u00bblg\u00bb align=\u00bbleft\u00bb css=\u00bb.vc_custom_1786958303778{padding-right: 3% !important;padding-left: 3% !important;}\u00bb link=\u00bburl:https%3A%2F%2Fbadabus.com%2Fca%2Fflota%2F|title:Flota\u00bb][\/vc_column][vc_column width=\u00bb1\/3&#8243; offset=\u00bbvc_hidden-lg vc_hidden-md\u00bb][vc_column_text css=\u00bb\u00bb]<b style=\"text-align: left; font-size: 20px;\"><img loading=\"lazy\" decoding=\"async\" class=\"alignnone wp-image-1964\" src=\"https:\/\/badabus.com\/wp-content\/uploads\/flechas-badabus.jpg\" alt=\"\" width=\"45\" height=\"27\" \/> CONTACTE<\/b>[\/vc_column_text][vc_column_text css=\u00bb\u00bb]<\/p>\n<h3 style=\"text-align: left; font-size: 20px;\">Autocares Badabus<\/h3>\n<p>Adre\u00e7a: <a href=\"https:\/\/www.google.com\/maps\/place\/Autocares+Badabus\/@41.3518513,2.1340148,17z\/data=!3m1!4b1!4m6!3m5!1s0x12a498a57225f481:0x27ebbd8420ff8f5e!8m2!3d41.3518513!4d2.1340148!16s%2Fg%2F11fz9zb2tf?entry=ttu\" target=\"_blank\" rel=\"noopener noreferrer\">C\/Plom, 28 \u2013 08038 (Barcelona)<\/a><br \/>\nCorreu electr\u00f2nic: <a href=\"mailto:info@badabus.com\">info@badabus.com<\/a><br \/>\n<img loading=\"lazy\" decoding=\"async\" class=\"size-full wp-image-2239 alignleft\" src=\"https:\/\/badabus.com\/wp-content\/uploads\/telefon-de-lloguer-autocars-badabus.jpg\" alt=\"telefono de alquiler autocares badabus\" width=\"341\" height=\"124\" \/>[\/vc_column_text][\/vc_column][\/vc_row][vc_row gap=\u00bb35&#8243; css=\u00bb.vc_custom_1744210760780{margin-bottom: 25px !important;}\u00bb][vc_column width=\u00bb2\/3&#8243; css=\u00bb.vc_custom_1748242594186{margin-right: 30px !important;}\u00bb][vc_column_text css=\u00bb\u00bb]<\/p>\n<h2 style=\"font-size: 20px;\">Trajectes freq\u00fcents des de Gav\u00e0 amb els nostres autocars<\/h2>\n<p style=\"font-weight: 400; text-align: justify;\">Des de Gav\u00e0 surten moltes de les nostres rutes m\u00e9s demandades en autocar, com ara excursions a Montserrat, sortides a parcs d&#8217;atraccions i visites a destinacions culturals. Planifiquem cada trajecte perqu\u00e8 sigui c\u00f2mode, segur i adaptat a cada grup.<\/p>\n<p style=\"font-weight: 400; text-align: justify;\">A m\u00e9s, fem <a href=\"https:\/\/badabus.com\/ca\/transfer-aeroport-barcelona\/\">transfers freq\u00fcents a l&#8217;aeroport de Barcelona<\/a> per a grups d&#8217;empresa o turisme, i organitzem viatges escolars de final de curs, amb parades i temps pensats per a la m\u00e0xima efici\u00e8ncia del trajecte.<\/p>\n<h3 style=\"font-weight: 400;\">Serveis m\u00e9s demandats de lloguer d&#8217;autocars a Gav\u00e0<\/h3>\n<p style=\"font-weight: 400; text-align: justify;\">El servei d&#8217;autocars a Gav\u00e0 \u00e9s especialment popular entre empreses situades a l&#8217;entorn industrial, que necessiten despla\u00e7ar treballadors o rebre visites. Els centres escolars tamb\u00e9 aprofiten el nostre servei per a les seves excursions i sortides pedag\u00f2giques.<\/p>\n<p style=\"font-weight: 400; text-align: justify;\">A m\u00e9s, prestem servei en celebracions com casaments i esdeveniments familiars. Tamb\u00e9 col\u00b7laborem amb equips esportius i ag\u00e8ncies de viatges que organitzen rutes tur\u00edstiques amb sortida des de Gav\u00e0 cap a diversos punts d&#8217;inter\u00e8s de Catalunya.<\/p>\n<h3 style=\"font-weight: 400;\">Per qu\u00e8 \u00e9s millor llogar un autocar a Gav\u00e0 amb nosaltres?<\/h3>\n<p style=\"font-weight: 400; text-align: justify;\">A Gav\u00e0 prestem servei d&#8217;autocars amb la rapidesa i la proximitat que nom\u00e9s pot oferir una empresa que treballa di\u00e0riament a la zona. Ens adaptem a qualsevol punt de recollida, ja sigui a Gav\u00e0 Mar, Can Tintorer o el centre urb\u00e0, i dissenyem rutes fluides des del primer moment.<\/p>\n<p style=\"font-weight: 400; text-align: justify;\">Tenim experi\u00e8ncia treballant amb centres educatius, empreses de l&#8217;entorn log\u00edstic i organitzadors d&#8217;esdeveniments a Gav\u00e0. Aix\u00f2 ens permet oferir un servei a mida, basat en la confian\u00e7a, el coneixement de l&#8217;entorn i la puntualitat.<\/p>\n<p>[\/vc_column_text][vc_empty_space height=\u00bb30px\u00bb][vc_column_text css=\u00bb\u00bb]<strong style=\"margin-left: 6px;\">POBLACIONS ON OFERIM SERVEI DE LLOGUER D&#8217;AUTOCARS<br \/>\n<\/strong><div class=\"menu-horizontal\"><ul><div class=\"menu-horizontal\"><li id=\"menu-item-15934\" class=\"menu-item menu-item-type-post_type menu-item-object-page menu-item-15934\"><a href=\"https:\/\/badabus.com\/ca\/lloguer-autocar-badalona\/\">Lloguer autocar a Badalona<\/a><\/li> | <li id=\"menu-item-15940\" class=\"menu-item menu-item-type-post_type menu-item-object-page menu-item-15940\"><a href=\"https:\/\/badabus.com\/ca\/lloguer-autocar-hospitalet-de-llobregat\/\">Lloguer autocar a Hospitalet de Llobregat<\/a><\/li> | <li id=\"menu-item-15936\" class=\"menu-item menu-item-type-post_type menu-item-object-page menu-item-15936\"><a href=\"https:\/\/badabus.com\/ca\/lloguer-autocar-cornella-de-llobregat\/\">Lloguer autocar a Cornell\u00e0 de Llobregat<\/a><\/li> | <li id=\"menu-item-15938\" class=\"menu-item menu-item-type-post_type menu-item-object-page menu-item-15938\"><a href=\"https:\/\/badabus.com\/ca\/lloguer-autocar-esplugues-de-llobregat\/\">Lloguer autocar a Esplugues de Llobregat<\/a><\/li> | <li id=\"menu-item-15945\" class=\"menu-item menu-item-type-post_type menu-item-object-page menu-item-15945\"><a href=\"https:\/\/badabus.com\/ca\/lloguer-autocar-santa-coloma-de-gramenet\/\">Lloguer autocar a Santa Coloma de Gramenet<\/a><\/li> | <li id=\"menu-item-15937\" class=\"menu-item menu-item-type-post_type menu-item-object-page menu-item-15937\"><a href=\"https:\/\/badabus.com\/ca\/lloguer-autocar-el-prat-de-llobregat\/\">Lloguer autocar a El Prat de Llobregat<\/a><\/li> | <li id=\"menu-item-15946\" class=\"menu-item menu-item-type-post_type menu-item-object-page menu-item-15946\"><a href=\"https:\/\/badabus.com\/ca\/lloguer-autocar-viladecans\/\">Lloguer autocar a Viladecans<\/a><\/li> | <li id=\"menu-item-15935\" class=\"menu-item menu-item-type-post_type menu-item-object-page menu-item-15935\"><a href=\"https:\/\/badabus.com\/ca\/lloguer-autocar-castelldefels\/\">Lloguer autocar a Castelldefels<\/a><\/li> | <li id=\"menu-item-15939\" class=\"menu-item menu-item-type-post_type menu-item-object-page menu-item-15939\"><a href=\"https:\/\/badabus.com\/ca\/lloguer-autocar-gava\/\">Lloguer autocar a Gav\u00e0<\/a><\/li> | <li id=\"menu-item-15944\" class=\"menu-item menu-item-type-post_type menu-item-object-page menu-item-15944\"><a href=\"https:\/\/badabus.com\/ca\/lloguer-autocar-sant-joan-despi\/\">Lloguer autocar a Sant Joan Desp\u00ed<\/a><\/li> | <li id=\"menu-item-15942\" class=\"menu-item menu-item-type-post_type menu-item-object-page menu-item-15942\"><a href=\"https:\/\/badabus.com\/ca\/lloguer-autocar-sant-boi-de-llobregat\/\">Lloguer autocar a Sant Boi de Llobregat<\/a><\/li> | <li id=\"menu-item-15943\" class=\"menu-item menu-item-type-post_type menu-item-object-page menu-item-15943\"><a href=\"https:\/\/badabus.com\/ca\/lloguer-autocar-sant-feliu-de-llobregat\/\">Lloguer autocar a Sant Feliu de Llobregat<\/a><\/li> | <li id=\"menu-item-15941\" class=\"menu-item menu-item-type-post_type menu-item-object-page menu-item-15941\"><a href=\"https:\/\/badabus.com\/ca\/lloguer-autocar-sant-adria-de-besos\/\">Lloguer autocar a Sant Adri\u00e0 de Bes\u00f2s<\/a><\/li>\n<\/div><\/ul><\/div>[\/vc_column_text][vc_tta_accordion section_title_tag=\u00bbh2&#8243; color=\u00bbwhite\u00bb active_section=\u00bb1&#8243;][vc_tta_section title=\u00bbQuin preu t\u00e9 llogar un autocar o autob\u00fas a Gav\u00e0?\u00bb tab_id=\u00bb1764155870799-9e9c502c-4ce6&#8243;][vc_column_text css=\u00bb\u00bb]<\/p>\n<p data-start=\"492\" data-end=\"1021\">El preu de llogar un autocar a Gav\u00e0 dep\u00e8n de diversos factors, com ara el recorregut, la data del servei, la durada del trajecte, el nombre de passatgers i el tipus de vehicle sol\u00b7licitat. No hi ha una tarifa est\u00e0ndard, ja que cada viatge requereix una planificaci\u00f3 diferent. Per obtenir un pressupost prec\u00eds, nom\u00e9s cal indicar el punt de recollida a Gav\u00e0, la destinaci\u00f3, l&#8217;horari i la mida del grup. Amb aquesta informaci\u00f3 elaborem una proposta clara, personalitzada i sense costos inesperats.<\/p>\n<p>[\/vc_column_text][\/vc_tta_section][vc_tta_section title=\u00bbCom puc sol\u00b7licitar un pressupost per a un servei d&#8217;autocar des de Gav\u00e0?\u00bb tab_id=\u00bb1764155870831-0ba55ee1-05ab\u00bb][vc_column_text css=\u00bb\u00bb]<\/p>\n<p data-start=\"1130\" data-end=\"1559\">Sol\u00b7licitar un pressupost \u00e9s molt senzill. Nom\u00e9s has d&#8217;omplir el formulari amb les dades essencials del despla\u00e7ament: data, punt d&#8217;origen a Gav\u00e0, destinaci\u00f3, tipus de vehicle i nombre de passatgers. Amb aquesta informaci\u00f3 preparem una proposta detallada en poques hores. Si ho necessites, tamb\u00e9 oferim assessorament per ajudar-te a triar el vehicle m\u00e9s adequat segons les caracter\u00edstiques del trajecte.<\/p>\n<p>[\/vc_column_text][\/vc_tta_section][vc_tta_section title=\u00bbQu\u00e8 inclou el servei de lloguer d&#8217;autocar a Gav\u00e0?\u00bb tab_id=\u00bb1764155912123-8a6d1b17-5188&#8243;][vc_column_text css=\u00bb\u00bb]<\/p>\n<p data-start=\"1648\" data-end=\"2160\">El servei inclou un autocar totalment equipat i un conductor professional encarregat de fer el trajecte amb seguretat i puntualitat. Els vehicles disposen de climatitzaci\u00f3, seients confortables, cinturons de seguretat i equipament pensat per oferir un viatge agradable. El pressupost pot incloure combustible, peatges i el temps contractat d&#8217;\u00fas. Qualsevol servei addicional, com ara parades extra o esperes prolongades, s&#8217;especifica pr\u00e8viament per evitar costos imprevistos.<\/p>\n<p>[\/vc_column_text][\/vc_tta_section][vc_tta_section title=\u00bbQuins tipus de vehicles es poden contractar a Gav\u00e0?\u00bb tab_id=\u00bb1764155929029-2ad12240-5a39&#8243;][vc_column_text css=\u00bb\u00bb]<\/p>\n<p data-start=\"2245\" data-end=\"2652\">A Gav\u00e0 disposem d&#8217;una flota variada que inclou minibusos per a grups petits i autocars de m\u00e9s capacitat, que arriben aproximadament a 60 places. Aquesta varietat permet cobrir excursions escolars, viatges d&#8217;empresa, sortides tur\u00edstiques, celebracions familiars i tota mena d&#8217;esdeveniments. Cada grup pot triar el vehicle que millor s&#8217;ajusti a les seves necessitats i nombre de passatgers.<\/p>\n<p>[\/vc_column_text][\/vc_tta_section][vc_tta_section title=\u00bbDisposeu de vehicles adaptats per a persones amb mobilitat redu\u00efda a Gav\u00e0?\u00bb tab_id=\u00bb1764155953902-245e45bd-7ff0&#8243;][vc_column_text css=\u00bb\u00bb]<\/p>\n<p data-start=\"2764\" data-end=\"3172\">S\u00ed, comptem amb autocars i minibusos adaptats per a passatgers amb mobilitat redu\u00efda a Gav\u00e0. Aquests vehicles disposen de plataforma elevadora, espai per a cadires de rodes i sistemes de fixaci\u00f3 homologats. Si necessites un vehicle adaptat, nom\u00e9s cal que ho indiquis en sol\u00b7licitar el pressupost perqu\u00e8 puguem assignar el model adequat i planificar correctament el despla\u00e7ament.<\/p>\n<p>[\/vc_column_text][\/vc_tta_section][vc_tta_section title=\u00bbAmb quanta antelaci\u00f3 \u00e9s recomanable reservar un autocar a Gav\u00e0?\u00bb tab_id=\u00bb1764155962621-9e76f2c4-ce7d\u00bb][vc_column_text css=\u00bb\u00bb]<\/p>\n<p data-start=\"3272\" data-end=\"3693\">L&#8217;antelaci\u00f3 ideal dep\u00e8n de l&#8217;\u00e8poca de l&#8217;any i del tipus de viatge. Durant moments d&#8217;alta demanda\u2014com ara excursions escolars, caps de setmana, esdeveniments esportius o celebracions\u2014\u00e9s aconsellable reservar amb diverses setmanes d&#8217;antelaci\u00f3. Tot i aix\u00f2, tamb\u00e9 gestionem serveis d&#8217;\u00faltima hora quan hi ha disponibilitat. Com abans es reservi, m\u00e9s opcions hi haur\u00e0 de trobar el vehicle perfecte.<\/p>\n<p>[\/vc_column_text][\/vc_tta_section][vc_tta_section title=\u00bbQuins serveis de transport oferiu des de Gav\u00e0?\u00bb tab_id=\u00bb1764155994238-94c8e988-9a84&#8243;][vc_column_text css=\u00bb\u00bb]<\/p>\n<p data-start=\"3775\" data-end=\"4153\">Des de Gav\u00e0 oferim una \u00e0mplia varietat de serveis: rutes escolars, trasllats corporatius, excursions tur\u00edstiques, despla\u00e7aments esportius, casaments, celebracions familiars, transfers a l&#8217;aeroport i serveis privats a mida. La nostra flota s&#8217;adapta tant a trajectes curts com a despla\u00e7aments de llarga dist\u00e0ncia, segons les necessitats del grup.<\/p>\n<p>[\/vc_column_text][\/vc_tta_section][vc_tta_section title=\u00bbFeu trajectes des de Gav\u00e0 cap a altres ciutats o regions?\u00bb tab_id=\u00bb1764156011874-1d1ae911-a461&#8243;][vc_column_text css=\u00bb\u00bb]<\/p>\n<p data-start=\"4250\" data-end=\"4641\">S\u00ed, fem despla\u00e7aments des de Gav\u00e0 cap a qualsevol punt de Catalunya i tamb\u00e9 a altres comunitats aut\u00f2nomes. Oferim viatges de mitjana i llarga dist\u00e0ncia, excursions organitzades, visites culturals, transfers a l&#8217;aeroport i rutes tur\u00edstiques personalitzades. Nom\u00e9s cal indicar origen, destinaci\u00f3 i data per preparar un servei adaptat a l&#8217;itinerari desitjat.<\/p>\n<p>[\/vc_column_text][\/vc_tta_section][\/vc_tta_accordion][vc_separator color=\u00bbwhite\u00bb border_width=\u00bb5&#8243; css=\u00bb\u00bb][\/vc_column][vc_column width=\u00bb1\/3&#8243; css=\u00bb.vc_custom_1744211247589{margin-right: 30px !important;margin-left: 30px !important;}\u00bb][vc_column_text css=\u00bb.vc_custom_1745406785955{margin-bottom: -10px !important;}\u00bb]<\/p>\n<p style=\"font-size: 30px; font-family: 'gotham-rounded'; text-align: left; color: #25a8ba; line-height: 1em;\"><strong>La teva companyia de confian\u00e7a a Gav\u00e0<\/strong><\/p>\n<p>[\/vc_column_text][vc_column_text css=\u00bb\u00bb]<\/p>\n<p style=\"font-size: 18px; font-family: 'gotham-rounded'; text-align: left;\"><strong>Badabus \u00e9s una empresa familiar dedicada al transport de viatgers per carretera.<\/strong><\/p>\n<p>Empresa especialista en el lloguer d&#8217;autocars a Gav\u00e0. Ens avala l&#8217;experi\u00e8ncia de m\u00e9s de 25 anys en el sector de les persones que la dirigim.[\/vc_column_text][vc_column_text css=\u00bb\u00bb]<b style=\"text-align: left; font-size: 20px;\"><img loading=\"lazy\" decoding=\"async\" class=\"alignnone wp-image-1964\" src=\"https:\/\/badabus.com\/wp-content\/uploads\/flechas-badabus.jpg\" alt=\"\" width=\"45\" height=\"27\" \/> CONTACTE<\/b>[\/vc_column_text][vc_column_text css=\u00bb\u00bb]<\/p>\n<h3 style=\"text-align: left; font-size: 20px;\">Autocares Badabus<\/h3>\n<p>Adre\u00e7a: <a href=\"https:\/\/www.google.com\/maps\/place\/Autocares+Badabus\/@41.3518513,2.1340148,17z\/data=!3m1!4b1!4m6!3m5!1s0x12a498a57225f481:0x27ebbd8420ff8f5e!8m2!3d41.3518513!4d2.1340148!16s%2Fg%2F11fz9zb2tf?entry=ttu\" target=\"_blank\" rel=\"noopener noreferrer\">Carrer de la Metal\u00b7l\u00fargia, 51, 08908 Barcelona<\/a><br \/>\nCorreu electr\u00f2nic: <a href=\"mailto:info@badabus.com\">info@badabus.com<\/a><br \/>\n<img loading=\"lazy\" decoding=\"async\" class=\"size-full wp-image-2239 alignleft\" src=\"https:\/\/badabus.com\/wp-content\/uploads\/telefon-de-lloguer-autocars-badabus.jpg\" alt=\"telefono de alquiler autocares badabus\" width=\"341\" height=\"124\" \/>[\/vc_column_text][\/vc_column][\/vc_row][vc_row row_fullwidth=\u00bb1&#8243; row_zero_column_space=\u00bb1&#8243; css=\u00bb.vc_custom_1525855960545{margin-top: 0px !important;margin-right: 0px !important;margin-bottom: 0px !important;margin-left: 0px !important;padding-top: 0px !important;padding-right: 0px !important;padding-bottom: 0px !important;padding-left: 0px !important;background-color: #303033 !important;}\u00bb][vc_column width=\u00bb1\/2&#8243; css=\u00bb.vc_custom_1525855742551{margin-top: -30px !important;}\u00bb][vc_single_image image=\u00bb15747&#8243; img_size=\u00bbfull\u00bb css=\u00bb\u00bb][\/vc_column][vc_column width=\u00bb1\/4&#8243; offset=\u00bbvc_hidden-xs\u00bb][vc_single_image image=\u00bb15755&#8243; img_size=\u00bbfull\u00bb css=\u00bb.vc_custom_1787295692671{padding-top: 10px !important;}\u00bb][\/vc_column][vc_column width=\u00bb1\/4&#8243; offset=\u00bbvc_hidden-xs\u00bb][vc_btn title=\u00bbDEMANAR PRESSUPOST\u00bb style=\u00bbgradient-custom\u00bb gradient_custom_color_1=\u00bb#25a6b9&#8243; gradient_custom_color_2=\u00bb#e22893&#8243; shape=\u00bbround\u00bb size=\u00bblg\u00bb align=\u00bbleft\u00bb css=\u00bb.vc_custom_1786958361395{padding-top: 20px !important;}\u00bb link=\u00bburl:https%3A%2F%2Fbadabus.com%2Fca%2Fpressupost-lloguer-dautobusos%2F\u00bb][\/vc_column][\/vc_row][vc_row][vc_column][vc_raw_html css=\u00bb\u00bb]PHNjcmlwdCB0eXBlPSJhcHBsaWNhdGlvbi9sZCtqc29uIj4KewogICJAY29udGV4dCI6ICJodHRwczovL3NjaGVtYS5vcmciLAogICJAdHlwZSI6ICJGQVFQYWdlIiwKICAibWFpbkVudGl0eSI6IFt7CiAgICAiQHR5cGUiOiAiUXVlc3Rpb24iLAogICAgIm5hbWUiOiAiUXVpbiBwcmV1IHTDqSBsbG9nYXIgdW4gYXV0b2NhciBvIGF1dG9iw7pzIGEgR2F2w6A\/IiwKICAgICJhY2NlcHRlZEFuc3dlciI6IHsKICAgICAgIkB0eXBlIjogIkFuc3dlciIsCiAgICAgICJ0ZXh0IjogIkVsIHByZXUgZGUgbGxvZ2FyIHVuIGF1dG9jYXIgYSBHYXbDoCBkZXDDqG4gZGUgZGl2ZXJzb3MgZmFjdG9ycywgY29tIGFyYSBlbCByZWNvcnJlZ3V0LCBsYSBkYXRhIGRlbCBzZXJ2ZWksIGxhIGR1cmFkYSBkZWwgdHJhamVjdGUsIGVsIG5vbWJyZSBkZSBwYXNzYXRnZXJzIGkgZWwgdGlwdXMgZGUgdmVoaWNsZSBzb2zCt2xpY2l0YXQuIE5vIGhpIGhhIHVuYSB0YXJpZmEgZXN0w6BuZGFyZCwgamEgcXVlIGNhZGEgdmlhdGdlIHJlcXVlcmVpeCB1bmEgcGxhbmlmaWNhY2nDsyBkaWZlcmVudC4gUGVyIG9idGVuaXIgdW4gcHJlc3N1cG9zdCBwcmVjw61zLCBub23DqXMgY2FsIGluZGljYXIgZWwgcHVudCBkZSByZWNvbGxpZGEgYSBHYXbDoCwgbGEgZGVzdGluYWNpw7MsIGwnaG9yYXJpIGkgbGEgbWlkYSBkZWwgZ3J1cC4gQW1iIGFxdWVzdGEgaW5mb3JtYWNpw7MgZWxhYm9yZW0gdW5hIHByb3Bvc3RhIGNsYXJhLCBwZXJzb25hbGl0emFkYSBpIHNlbnNlIGNvc3RvcyBpbmVzcGVyYXRzLiIKICAgIH0KICB9LHsKICAgICJAdHlwZSI6ICJRdWVzdGlvbiIsCiAgICAibmFtZSI6ICJDb20gcHVjIHNvbMK3bGljaXRhciB1biBwcmVzc3Vwb3N0IHBlciBhIHVuIHNlcnZlaSBkJ2F1dG9jYXIgZGVzIGRlIEdhdsOgPyIsCiAgICAiYWNjZXB0ZWRBbnN3ZXIiOiB7CiAgICAgICJAdHlwZSI6ICJBbnN3ZXIiLAogICAgICAidGV4dCI6ICJTb2zCt2xpY2l0YXIgdW4gcHJlc3N1cG9zdCDDqXMgbW9sdCBzZW56aWxsLiBOb23DqXMgaGFzIGQnb21wbGlyIGVsIGZvcm11bGFyaSBhbWIgbGVzIGRhZGVzIGVzc2VuY2lhbHMgZGVsIGRlc3BsYcOnYW1lbnQ6IGRhdGEsIHB1bnQgZCdvcmlnZW4gYSBHYXbDoCwgZGVzdGluYWNpw7MsIHRpcHVzIGRlIHZlaGljbGUgaSBub21icmUgZGUgcGFzc2F0Z2Vycy4gQW1iIGFxdWVzdGEgaW5mb3JtYWNpw7MgcHJlcGFyZW0gdW5hIHByb3Bvc3RhIGRldGFsbGFkYSBlbiBwb3F1ZXMgaG9yZXMuIFNpIGhvIG5lY2Vzc2l0ZXMsIHRhbWLDqSBvZmVyaW0gYXNzZXNzb3JhbWVudCBwZXIgYWp1ZGFyLXRlIGEgdHJpYXIgZWwgdmVoaWNsZSBtw6lzIGFkZXF1YXQgc2Vnb25zIGxlcyBjYXJhY3RlcsOtc3RpcXVlcyBkZWwgdHJhamVjdGUuIgogICAgfQogIH0sewogICAgIkB0eXBlIjogIlF1ZXN0aW9uIiwKICAgICJuYW1lIjogIlF1w6ggaW5jbG91IGVsIHNlcnZlaSBkZSBsbG9ndWVyIGQnYXV0b2NhciBhIEdhdsOgPyIsCiAgICAiYWNjZXB0ZWRBbnN3ZXIiOiB7CiAgICAgICJAdHlwZSI6ICJBbnN3ZXIiLAogICAgICAidGV4dCI6ICJFbCBzZXJ2ZWkgaW5jbG91IHVuIGF1dG9jYXIgdG90YWxtZW50IGVxdWlwYXQgaSB1biBjb25kdWN0b3IgcHJvZmVzc2lvbmFsIGVuY2FycmVnYXQgZGUgZmVyIGVsIHRyYWplY3RlIGFtYiBzZWd1cmV0YXQgaSBwdW50dWFsaXRhdC4gRWxzIHZlaGljbGVzIGRpc3Bvc2VuIGRlIGNsaW1hdGl0emFjacOzLCBzZWllbnRzIGNvbmZvcnRhYmxlcywgY2ludHVyb25zIGRlIHNlZ3VyZXRhdCBpIGVxdWlwYW1lbnQgcGVuc2F0IHBlciBvZmVyaXIgdW4gdmlhdGdlIGFncmFkYWJsZS4gRWwgcHJlc3N1cG9zdCBwb3QgaW5jbG91cmUgY29tYnVzdGlibGUsIHBlYXRnZXMgaSBlbCB0ZW1wcyBjb250cmFjdGF0IGQnw7pzLiBRdWFsc2V2b2wgc2VydmVpIGFkZGljaW9uYWwsIGNvbSBhcmEgcGFyYWRlcyBleHRyYSBvIGVzcGVyZXMgcHJvbG9uZ2FkZXMsIHMnZXNwZWNpZmljYSBwcsOodmlhbWVudCBwZXIgZXZpdGFyIGNvc3RvcyBpbXByZXZpc3Rvcy4iCiAgICB9CiAgfSx7CiAgICAiQHR5cGUiOiAiUXVlc3Rpb24iLAogICAgIm5hbWUiOiAiUXVpbnMgdGlwdXMgZGUgdmVoaWNsZXMgZXMgcG9kZW4gY29udHJhY3RhciBhIEdhdsOgPyIsCiAgICAiYWNjZXB0ZWRBbnN3ZXIiOiB7CiAgICAgICJAdHlwZSI6ICJBbnN3ZXIiLAogICAgICAidGV4dCI6ICJBIEdhdsOgIGRpc3Bvc2VtIGQndW5hIGZsb3RhIHZhcmlhZGEgcXVlIGluY2xvdSBtaW5pYnVzb3MgcGVyIGEgZ3J1cHMgcGV0aXRzIGkgYXV0b2NhcnMgZGUgbcOpcyBjYXBhY2l0YXQsIHF1ZSBhcnJpYmVuIGFwcm94aW1hZGFtZW50IGEgNjAgcGxhY2VzLiBBcXVlc3RhIHZhcmlldGF0IHBlcm1ldCBjb2JyaXIgZXhjdXJzaW9ucyBlc2NvbGFycywgdmlhdGdlcyBkJ2VtcHJlc2EsIHNvcnRpZGVzIHR1csOtc3RpcXVlcywgY2VsZWJyYWNpb25zIGZhbWlsaWFycyBpIHRvdGEgbWVuYSBkJ2VzZGV2ZW5pbWVudHMuIENhZGEgZ3J1cCBwb3QgdHJpYXIgZWwgdmVoaWNsZSBxdWUgbWlsbG9yIHMnYWp1c3RpIGEgbGVzIHNldmVzIG5lY2Vzc2l0YXRzIGkgbm9tYnJlIGRlIHBhc3NhdGdlcnMuIgogICAgfQogIH0sewogICAgIkB0eXBlIjogIlF1ZXN0aW9uIiwKICAgICJuYW1lIjogIkRpc3Bvc2V1IGRlIHZlaGljbGVzIGFkYXB0YXRzIHBlciBhIHBlcnNvbmVzIGFtYiBtb2JpbGl0YXQgcmVkdcOvZGEgYSBHYXbDoD8iLAogICAgImFjY2VwdGVkQW5zd2VyIjogewogICAgICAiQHR5cGUiOiAiQW5zd2VyIiwKICAgICAgInRleHQiOiAiU8OtLCBjb21wdGVtIGFtYiBhdXRvY2FycyBpIG1pbmlidXNvcyBhZGFwdGF0cyBwZXIgYSBwYXNzYXRnZXJzIGFtYiBtb2JpbGl0YXQgcmVkdcOvZGEgYSBHYXbDoC4gQXF1ZXN0cyB2ZWhpY2xlcyBkaXNwb3NlbiBkZSBwbGF0YWZvcm1hIGVsZXZhZG9yYSwgZXNwYWkgcGVyIGEgY2FkaXJlcyBkZSByb2RlcyBpIHNpc3RlbWVzIGRlIGZpeGFjacOzIGhvbW9sb2dhdHMuIFNpIG5lY2Vzc2l0ZXMgdW4gdmVoaWNsZSBhZGFwdGF0LCBub23DqXMgY2FsIHF1ZSBobyBpbmRpcXVpcyBlbiBzb2zCt2xpY2l0YXIgZWwgcHJlc3N1cG9zdCBwZXJxdcOoIHB1Z3VlbSBhc3NpZ25hciBlbCBtb2RlbCBhZGVxdWF0IGkgcGxhbmlmaWNhciBjb3JyZWN0YW1lbnQgZWwgZGVzcGxhw6dhbWVudC4iCiAgICB9CiAgfSx7CiAgICAiQHR5cGUiOiAiUXVlc3Rpb24iLAogICAgIm5hbWUiOiAiQW1iIHF1YW50YSBhbnRlbGFjacOzIMOpcyByZWNvbWFuYWJsZSByZXNlcnZhciB1biBhdXRvY2FyIGEgR2F2w6A\/IiwKICAgICJhY2NlcHRlZEFuc3dlciI6IHsKICAgICAgIkB0eXBlIjogIkFuc3dlciIsCiAgICAgICJ0ZXh0IjogIkwnYW50ZWxhY2nDsyBpZGVhbCBkZXDDqG4gZGUgbCfDqHBvY2EgZGUgbCdhbnkgaSBkZWwgdGlwdXMgZGUgdmlhdGdlLiBEdXJhbnQgbW9tZW50cyBkJ2FsdGEgZGVtYW5kYeKAlGNvbSBhcmEgZXhjdXJzaW9ucyBlc2NvbGFycywgY2FwcyBkZSBzZXRtYW5hLCBlc2RldmVuaW1lbnRzIGVzcG9ydGl1cyBvIGNlbGVicmFjaW9uc+KAlMOpcyBhY29uc2VsbGFibGUgcmVzZXJ2YXIgYW1iIGRpdmVyc2VzIHNldG1hbmVzIGQnYW50ZWxhY2nDsy4gVG90IGkgYWl4w7IsIHRhbWLDqSBnZXN0aW9uZW0gc2VydmVpcyBkJ8O6bHRpbWEgaG9yYSBxdWFuIGhpIGhhIGRpc3BvbmliaWxpdGF0LiBDb20gYWJhbnMgZXMgcmVzZXJ2aSwgbcOpcyBvcGNpb25zIGhpIGhhdXLDoCBkZSB0cm9iYXIgZWwgdmVoaWNsZSBwZXJmZWN0ZS4iCiAgICB9CiAgfSx7CiAgICAiQHR5cGUiOiAiUXVlc3Rpb24iLAogICAgIm5hbWUiOiAiUXVpbnMgc2VydmVpcyBkZSB0cmFuc3BvcnQgb2Zlcml1IGRlcyBkZSBHYXbDoD8iLAogICAgImFjY2VwdGVkQW5zd2VyIjogewogICAgICAiQHR5cGUiOiAiQW5zd2VyIiwKICAgICAgInRleHQiOiAiRGVzIGRlIEdhdsOgIG9mZXJpbSB1bmEgw6BtcGxpYSB2YXJpZXRhdCBkZSBzZXJ2ZWlzOiBydXRlcyBlc2NvbGFycywgdHJhc2xsYXRzIGNvcnBvcmF0aXVzLCBleGN1cnNpb25zIHR1csOtc3RpcXVlcywgZGVzcGxhw6dhbWVudHMgZXNwb3J0aXVzLCBjYXNhbWVudHMsIGNlbGVicmFjaW9ucyBmYW1pbGlhcnMsIHRyYW5zZmVycyBhIGwnYWVyb3BvcnQgaSBzZXJ2ZWlzIHByaXZhdHMgYSBtaWRhLiBMYSBub3N0cmEgZmxvdGEgcydhZGFwdGEgdGFudCBhIHRyYWplY3RlcyBjdXJ0cyBjb20gYSBkZXNwbGHDp2FtZW50cyBkZSBsbGFyZ2EgZGlzdMOgbmNpYSwgc2Vnb25zIGxlcyBuZWNlc3NpdGF0cyBkZWwgZ3J1cC4iCiAgICB9CiAgfSx7CiAgICAiQHR5cGUiOiAiUXVlc3Rpb24iLAogICAgIm5hbWUiOiAiRmV1IHRyYWplY3RlcyBkZXMgZGUgR2F2w6AgY2FwIGEgYWx0cmVzIGNpdXRhdHMgbyByZWdpb25zPyIsCiAgICAiYWNjZXB0ZWRBbnN3ZXIiOiB7CiAgICAgICJAdHlwZSI6ICJBbnN3ZXIiLAogICAgICAidGV4dCI6ICJTw60sIGZlbSBkZXNwbGHDp2FtZW50cyBkZXMgZGUgR2F2w6AgY2FwIGEgcXVhbHNldm9sIHB1bnQgZGUgQ2F0YWx1bnlhIGkgdGFtYsOpIGEgYWx0cmVzIGNvbXVuaXRhdHMgYXV0w7Jub21lcy4gT2ZlcmltIHZpYXRnZXMgZGUgbWl0amFuYSBpIGxsYXJnYSBkaXN0w6BuY2lhLCBleGN1cnNpb25zIG9yZ2FuaXR6YWRlcywgdmlzaXRlcyBjdWx0dXJhbHMsIHRyYW5zZmVycyBhIGwnYWVyb3BvcnQgaSBydXRlcyB0dXLDrXN0aXF1ZXMgcGVyc29uYWxpdHphZGVzLiBOb23DqXMgY2FsIGluZGljYXIgb3JpZ2VuLCBkZXN0aW5hY2nDsyBpIGRhdGEgcGVyIHByZXBhcmFyIHVuIHNlcnZlaSBhZGFwdGF0IGEgbCdpdGluZXJhcmkgZGVzaXRqYXQuIgogICAgfQogIH1dCn0KPC9zY3JpcHQ+[\/vc_raw_html][\/vc_column][\/vc_row]<\/p>\n<\/div>","protected":false},"excerpt":{"rendered":"<p>[vc_row row_fullwidth=\u00bb1&#8243; row_zero_column_space=\u00bb1&#8243; css=\u00bb.vc_custom_1461073450203{margin-top: 0px !important;margin-right: 0px !important;margin-bottom: 0px !important;margin-left: 0px !important;padding-top: 0px !important;padding-right: 0px !important;padding-bottom: 0px !important;padding-left: 0px !important;}\u00bb][vc_column offset=\u00bbvc_hidden-sm vc_hidden-xs\u00bb][rev_slider_vc alias=\u00bbgava-1&#8243; el_class=\u00bbno-bottom-margin\u00bb][\/vc_column][\/vc_row][vc_row gap=\u00bb5&#8243; row_fullwidth=\u00bb1&#8243; css=\u00bb.vc_custom_1684321545730{margin-top: 0px !important;margin-bottom: 0px [&hellip;]<\/p>\n","protected":false},"author":10,"featured_media":0,"parent":0,"menu_order":0,"comment_status":"closed","ping_status":"closed","template":"","meta":{"footnotes":""},"class_list":["post-15008","page","type-page","status-publish","hentry"],"_links":{"self":[{"href":"https:\/\/badabus.com\/ca\/wp-json\/wp\/v2\/pages\/15008","targetHints":{"allow":["GET"]}}],"collection":[{"href":"https:\/\/badabus.com\/ca\/wp-json\/wp\/v2\/pages"}],"about":[{"href":"https:\/\/badabus.com\/ca\/wp-json\/wp\/v2\/types\/page"}],"author":[{"embeddable":true,"href":"https:\/\/badabus.com\/ca\/wp-json\/wp\/v2\/users\/10"}],"replies":[{"embeddable":true,"href":"https:\/\/badabus.com\/ca\/wp-json\/wp\/v2\/comments?post=15008"}],"version-history":[{"count":8,"href":"https:\/\/badabus.com\/ca\/wp-json\/wp\/v2\/pages\/15008\/revisions"}],"predecessor-version":[{"id":15963,"href":"https:\/\/badabus.com\/ca\/wp-json\/wp\/v2\/pages\/15008\/revisions\/15963"}],"wp:attachment":[{"href":"https:\/\/badabus.com\/ca\/wp-json\/wp\/v2\/media?parent=15008"}],"curies":[{"name":"wp","href":"https:\/\/api.w.org\/{rel}","templated":true}]}}