{"id":15005,"date":"2026-08-21T09:30:40","date_gmt":"2026-08-21T07:30:40","guid":{"rendered":"https:\/\/badabus.com\/?page_id=15005"},"modified":"2026-08-31T12:13:04","modified_gmt":"2026-08-31T10:13:04","slug":"lloguer-autocar-sant-joan-despi","status":"publish","type":"page","link":"https:\/\/badabus.com\/ca\/lloguer-autocar-sant-joan-despi\/","title":{"rendered":"Inici Sant Joan Desp\u00ed CAT"},"content":{"rendered":"<div class=\"wpb-content-wrapper\"><p>[vc_row row_fullwidth=\u00bb1&#8243; row_zero_column_space=\u00bb1&#8243; css=\u00bb.vc_custom_1461073450203{margin-top: 0px !important;margin-right: 0px !important;margin-bottom: 0px !important;margin-left: 0px !important;padding-top: 0px !important;padding-right: 0px !important;padding-bottom: 0px !important;padding-left: 0px !important;}\u00bb][vc_column offset=\u00bbvc_hidden-sm vc_hidden-xs\u00bb][rev_slider_vc alias=\u00bbsant-joan-despi-1&#8243; el_class=\u00bbno-bottom-margin\u00bb][\/vc_column][\/vc_row][vc_row gap=\u00bb5&#8243; row_fullwidth=\u00bb1&#8243; css=\u00bb.vc_custom_1684321545730{margin-top: 0px !important;margin-bottom: 0px !important;padding-top: 40px !important;padding-right: 40px !important;padding-left: 40px !important;background-color: #ffffff !important;}\u00bb][vc_column offset=\u00bbvc_hidden-sm vc_hidden-xs\u00bb][vc_column_text css=\u00bb\u00bb]<\/p>\n<h1 class=\"h1-home-cat\">Lloguer d&#8217;autocars a Sant Joan Desp\u00ed<\/h1>\n<h2 class=\"h1-servicios\">Les nostres opcions d&#8217;autocars per a Sant Joan Desp\u00ed<\/h2>\n<p>[\/vc_column_text][vc_raw_html css=\u00bb\u00bb]JTVCYmFkYWJ1c19zZXJ2ZWlzJTVE[\/vc_raw_html][\/vc_column][vc_column offset=\u00bbvc_hidden-sm vc_hidden-xs\u00bb css=\u00bb.vc_custom_1744208769323{margin-top: 50px !important;background-color: #F6F6F6 !important;}\u00bb][vc_custom_heading text=\u00bbNecessites un autocar a Sant Joan Desp\u00ed per al teu trajecte?\u00bb font_container=\u00bbtag:h2|font_size:40|text_align:center|color:%23000000|line_height:30px\u00bb google_fonts=\u00bbfont_family:Raleway%3A100%2C200%2C300%2Cregular%2C500%2C600%2C700%2C800%2C900|font_style:300%20light%20regular%3A300%3Anormal\u00bb css=\u00bb.vc_custom_1745404615651{margin-top: 0px !important;margin-bottom: 0px !important;padding-top: 20px !important;padding-bottom: 0px !important;}\u00bb][vc_column_text css=\u00bb.vc_custom_1745404642411{margin-top: 10px !important;margin-bottom: 10px !important;}\u00bb]<\/p>\n<p style=\"text-align: center;\">Explica&#8217;ns el trajecte i et responem amb el pressupost en un dia laborable com a m\u00e0xim.<\/p>\n<p>[\/vc_column_text][vc_btn title=\u00bbSol\u00b7licitar pressupost per a lloguer d&#8217;autocar\u00bb style=\u00bboutline-custom\u00bb outline_custom_color=\u00bb#000000&#8243; outline_custom_hover_background=\u00bb#000000&#8243; outline_custom_hover_text=\u00bb#ffffff\u00bb shape=\u00bbround\u00bb size=\u00bblg\u00bb align=\u00bbcenter\u00bb i_type=\u00bblinecons\u00bb i_icon_linecons=\u00bbvc_li vc_li-clip\u00bb css=\u00bb.vc_custom_1786961087553{margin-top: 20px !important;margin-bottom: 55px !important;}\u00bb add_icon=\u00bbtrue\u00bb link=\u00bburl:https%3A%2F%2Fbadabus.com%2Fca%2Fpressupost-lloguer-dautobusos%2F|title:Pressupost%20lloguer%20d&#8217;autobusos\u00bb][\/vc_column][\/vc_row][vc_row row_fullwidth=\u00bb1&#8243; css=\u00bb.vc_custom_1613379287195{padding-right: 0px !important;padding-left: 0px !important;background-color: #0a0a0a !important;}\u00bb][vc_column css=\u00bb.vc_custom_1710964759406{padding-top: 0px !important;padding-right: 0px !important;padding-bottom: 0px !important;padding-left: 0px !important;background: #0a0a0a url(https:\/\/badabus.com\/wp-content\/uploads\/Alex-Bascuas-Photo-9610-opacity.jpg?id=9993) !important;background-position: center !important;background-repeat: no-repeat !important;background-size: cover !important;}\u00bb offset=\u00bbvc_hidden-lg vc_hidden-md\u00bb el_class=\u00bbimagen-background-home-mobile\u00bb][vc_column_text css=\u00bb.vc_custom_1745405048172{margin-top: 45px !important;margin-right: 5% !important;margin-bottom: 45px !important;margin-left: 5% !important;padding-right: 0px !important;padding-left: 0px !important;background-position: center !important;background-repeat: no-repeat !important;background-size: cover !important;}\u00bb]<\/p>\n<h1 class=\"h1-home-mob\">Lloguer d&#8217;autocars a Sant Joan Desp\u00ed<\/h1>\n<p>[\/vc_column_text][vc_btn title=\u00bbDEMANA PRESSUPOST\u00bb style=\u00bbcustom\u00bb custom_background=\u00bb#e22893&#8243; custom_text=\u00bb#ffffff\u00bb shape=\u00bbround\u00bb css=\u00bb.vc_custom_1786961110146{margin-left: 30px !important;}\u00bb link=\u00bburl:https%3A%2F%2Fbadabus.com%2Fca%2Fpressupost-lloguer-dautobusos%2F|title:Pressupost%20lloguer%20d&#8217;autobusos\u00bb][\/vc_column][\/vc_row][vc_row css=\u00bb.vc_custom_1744208838364{margin-top: 130px !important;margin-bottom: 15px !important;}\u00bb][vc_column width=\u00bb1\/2&#8243;][vc_column_text css=\u00bb\u00bb]<\/p>\n<h2>Des de quins barris de Sant Joan Desp\u00ed sortim en autocar?<\/h2>\n<p>Els nostres serveis d&#8217;autocar a Sant Joan Desp\u00ed inclouen sortides des de Les Planes, El Centre, Torreblanca, TV3 i Residencial Sant Joan, zones on es concentren moltes empreses i centres educatius.<\/p>\n<p>Tamb\u00e9 ens adaptem a punts de recollida en urbanitzacions o zones menys c\u00e8ntriques, per facilitar que qualsevol grup pugui iniciar el seu trajecte sense despla\u00e7aments innecessaris. Si necessites un transport m\u00e9s lleuger, tamb\u00e9 disposem de <a href=\"https:\/\/badabus.com\/alquiler-minibus-sant-joan-despi\/\">minib\u00fas a Sant Joan Desp\u00ed<\/a>.[\/vc_column_text][\/vc_column][vc_column width=\u00bb1\/2&#8243;][vc_single_image image=\u00bb12893&#8243; img_size=\u00bb450&#215;450&#8243; css=\u00bb\u00bb][\/vc_column][\/vc_row][vc_row css=\u00bb.vc_custom_1744208847931{margin-top: 70px !important;margin-bottom: 30px !important;}\u00bb][vc_column width=\u00bb1\/2&#8243;][vc_column_text css=\u00bb.vc_custom_1787574144150{margin-bottom: 20px !important;}\u00bb]<\/p>\n<h2>De quantes places s\u00f3n els autocars?<\/h2>\n<p>A Sant Joan Desp\u00ed posem a la teva disposici\u00f3 microbusos de fins a 25 places, ideals per a celebracions, trasllats d&#8217;empresa o grups redu\u00efts que busquen comoditat en els seus despla\u00e7aments.<\/p>\n<p>Si es tracta d&#8217;un grup m\u00e9s gran, pots comptar amb els nostres <a href=\"https:\/\/badabus.com\/ca\/lloguer-autocar-barcelona\/\">autocars de lloguer<\/a> de 35, 50 i 55 places, perfectament equipats i preparats per a trajectes llargs, excursions o trasllats de grups escolars o esportius.<\/p>\n<h3>Vols con\u00e8ixer la nostra flota d&#8217;autocars per a Sant Joan Desp\u00ed?<\/h3>\n<p>[\/vc_column_text][vc_btn title=\u00bbVEURE FLOTA D&#8217;AUTOCARS\u00bb style=\u00bboutline-custom\u00bb outline_custom_color=\u00bb#000000&#8243; outline_custom_hover_background=\u00bb#000000&#8243; outline_custom_hover_text=\u00bb#ffffff\u00bb shape=\u00bbround\u00bb align=\u00bbleft\u00bb i_type=\u00bblinecons\u00bb i_icon_linecons=\u00bbvc_li vc_li-clip\u00bb css=\u00bb.vc_custom_1786961330720{margin-bottom: 35px !important;}\u00bb add_icon=\u00bbtrue\u00bb link=\u00bburl:https%3A%2F%2Fbadabus.com%2Fca%2Fflota%2F\u00bb][\/vc_column][vc_column width=\u00bb1\/2&#8243;][vc_single_image image=\u00bb15241&#8243; img_size=\u00bb450&#215;420&#8243; css=\u00bb\u00bb][\/vc_column][\/vc_row][vc_row css=\u00bb.vc_custom_1744209919418{padding-top: 35px !important;background-color: #25A6B9 !important;}\u00bb][vc_column width=\u00bb2\/3&#8243;][vc_column_text css=\u00bb\u00bb]<strong style=\"font-size: 26px; color: white;\">Necessites un autocar a Sant Joan Desp\u00ed per al teu trajecte?<\/strong>[\/vc_column_text][\/vc_column][vc_column width=\u00bb1\/3&#8243;][vc_btn title=\u00bbPressupost en 24 h\u00bb style=\u00bboutline-custom\u00bb outline_custom_color=\u00bb#FFFFFF\u00bb outline_custom_hover_background=\u00bb#000000&#8243; outline_custom_hover_text=\u00bb#ffffff\u00bb shape=\u00bbround\u00bb align=\u00bbleft\u00bb i_type=\u00bblinecons\u00bb i_icon_linecons=\u00bbvc_li vc_li-clip\u00bb css=\u00bb.vc_custom_1786961348754{margin-bottom: 35px !important;}\u00bb add_icon=\u00bbtrue\u00bb link=\u00bburl:https%3A%2F%2Fbadabus.com%2Fca%2Fpressupost-lloguer-dautobusos%2F|title:Pressupost%20lloguer%20d&#8217;autobusos\u00bb][\/vc_column][\/vc_row][vc_row gap=\u00bb20&#8243; equal_height=\u00bbyes\u00bb css=\u00bb.vc_custom_1719475441479{margin-top: 40px !important;padding-top: 40px !important;padding-bottom: 120px !important;background-image: url(https:\/\/badabus.com\/wp-content\/uploads\/dotted.png?id=2221) !important;}\u00bb][vc_column][vc_column_text css=\u00bb\u00bb]<\/p>\n<p style=\"text-align: center; font-size: 40px; font-family: gotham-rounded; line-height: 1em;\"><strong>Per qu\u00e8 triar-nos per al teu trajecte des de Sant Joan Desp\u00ed?<\/strong><\/p>\n<p>[\/vc_column_text][vc_row_inner equal_height=\u00bbyes\u00bb css=\u00bb.vc_custom_1744209697713{margin-bottom: 0px !important;padding-top: 20px !important;padding-bottom: 0px !important;}\u00bb][vc_column_inner width=\u00bb1\/3&#8243; css=\u00bb.vc_custom_1719475287975{background-color: #25a6b9 !important;border-radius: 5px !important;}\u00bb][vc_column_text css=\u00bb\u00bb]<\/p>\n<p class=\"numero-porque\">\/\/ 01<\/p>\n<p class=\"titulo-porque\">Seguretat<\/p>\n<p class=\"p-porque\">Som molt rigorosos en les revisions i el manteniment de la nostra flota per tenir cura dels nostres clients en els seus trajectes.<\/p>\n<p>[\/vc_column_text][vc_btn title=\u00bbVEURE FLOTA\u00bb style=\u00bboutline-custom\u00bb outline_custom_color=\u00bb#ffffff\u00bb outline_custom_hover_background=\u00bb#ffffff\u00bb outline_custom_hover_text=\u00bb#25a6b9&#8243; shape=\u00bbround\u00bb size=\u00bbsm\u00bb css=\u00bb.vc_custom_1786961359120{margin-left: 35px !important;}\u00bb link=\u00bburl:https%3A%2F%2Fbadabus.com%2Fca%2Fflota%2F|title:Veure%20flota%20d&#8217;autocars\u00bb][vc_empty_space][\/vc_column_inner][vc_column_inner width=\u00bb1\/3&#8243; css=\u00bb.vc_custom_1719475336589{background-color: #9b6da6 !important;border-radius: 5px !important;}\u00bb][vc_column_text css=\u00bb\u00bb]<\/p>\n<p class=\"numero-porque\">\/\/ 02<\/p>\n<p class=\"titulo-porque\">Confort<\/p>\n<p class=\"p-porque\">Dissenyem la nostra flota per a Sant Joan Desp\u00ed amb un sol objectiu: que viatgis segur, c\u00f2mode i sense preocupacions.<\/p>\n<p>[\/vc_column_text][vc_btn title=\u00bbVEURE FLOTA\u00bb style=\u00bboutline-custom\u00bb outline_custom_color=\u00bb#ffffff\u00bb outline_custom_hover_background=\u00bb#ffffff\u00bb outline_custom_hover_text=\u00bb#9b6da6&#8243; shape=\u00bbround\u00bb size=\u00bbsm\u00bb css=\u00bb.vc_custom_1786961370113{margin-left: 35px !important;}\u00bb link=\u00bburl:https%3A%2F%2Fbadabus.com%2Fca%2Fflota%2F|title:Veure%20flota%20d&#8217;autocars\u00bb][vc_empty_space][\/vc_column_inner][vc_column_inner width=\u00bb1\/3&#8243; css=\u00bb.vc_custom_1719475343640{background-color: #e22893 !important;border-radius: 5px !important;}\u00bb][vc_column_text css=\u00bb\u00bb]<\/p>\n<p class=\"numero-porque\">\/\/ 03<\/p>\n<p class=\"titulo-porque\">Conductors<\/p>\n<p class=\"p-porque\">Els nostres conductors professionals dominen tant la conducci\u00f3 segura com les rutes m\u00e9s eficients des de Sant Joan.<\/p>\n<p>[\/vc_column_text][vc_btn title=\u00bbVEURE FLOTA\u00bb style=\u00bboutline-custom\u00bb outline_custom_color=\u00bb#ffffff\u00bb outline_custom_hover_background=\u00bb#ffffff\u00bb outline_custom_hover_text=\u00bb#e22893&#8243; shape=\u00bbround\u00bb size=\u00bbsm\u00bb css=\u00bb.vc_custom_1786961379394{margin-left: 35px !important;}\u00bb link=\u00bburl:https%3A%2F%2Fbadabus.com%2Fca%2Fflota%2F|title:Veure%20flota%20d&#8217;autocars\u00bb][vc_empty_space][\/vc_column_inner][\/vc_row_inner][\/vc_column][\/vc_row][vc_row gap=\u00bb35&#8243; row_fullwidth=\u00bb1&#8243; css=\u00bb.vc_custom_1595256381018{margin-bottom: 0px !important;padding-top: 0px !important;padding-bottom: 15px !important;background-color: #ffffff !important;}\u00bb][vc_column width=\u00bb2\/3&#8243; offset=\u00bbvc_hidden-lg vc_hidden-md\u00bb css=\u00bb.vc_custom_1595256410887{margin-top: -100px !important;}\u00bb][vc_column_text css=\u00bb.vc_custom_1595254868036{margin-bottom: -10px !important;}\u00bb]<\/p>\n<p style=\"font-size: 25px; font-family: 'gotham-rounded'; text-align: left; color: #25a8ba; line-height: 1em;\"><strong>La teva companyia de confian\u00e7a<\/strong><\/p>\n<p>[\/vc_column_text][vc_column_text]<\/p>\n<p style=\"font-size: 20px; font-family: 'gotham-rounded'; text-align: left;\"><strong>Badabus \u00e9s una empresa familiar dedicada al transport de viatgers per carretera.<\/strong><\/p>\n<p>Empresa especialista en el lloguer d&#8217;autocars i minibusos. Ens avala l&#8217;experi\u00e8ncia de m\u00e9s de 25 anys en el sector de les persones que la dirigim.[\/vc_column_text][vc_btn title=\u00bbVols saber-ne m\u00e9s?\u00bb style=\u00bbgradient-custom\u00bb gradient_custom_color_1=\u00bb#25a6b9&#8243; gradient_custom_color_2=\u00bb#e22893&#8243; shape=\u00bbround\u00bb size=\u00bblg\u00bb align=\u00bbleft\u00bb css=\u00bb.vc_custom_1786961389425{padding-right: 3% !important;padding-left: 3% !important;}\u00bb link=\u00bburl:https%3A%2F%2Fbadabus.com%2Fca%2Fflota%2F|title:Flota\u00bb][\/vc_column][vc_column width=\u00bb1\/3&#8243; offset=\u00bbvc_hidden-lg vc_hidden-md\u00bb][vc_column_text css=\u00bb\u00bb]<b style=\"text-align: left; font-size: 20px;\"><img loading=\"lazy\" decoding=\"async\" class=\"alignnone wp-image-1964\" src=\"https:\/\/badabus.com\/wp-content\/uploads\/flechas-badabus.jpg\" alt=\"\" width=\"45\" height=\"27\" \/> CONTACTE<\/b>[\/vc_column_text][vc_column_text css=\u00bb\u00bb]<\/p>\n<h3 style=\"text-align: left; font-size: 20px;\">Autocares Badabus<\/h3>\n<p>Adre\u00e7a: <a href=\"https:\/\/www.google.com\/maps\/place\/Autocares+Badabus\/@41.3518513,2.1340148,17z\/data=!3m1!4b1!4m6!3m5!1s0x12a498a57225f481:0x27ebbd8420ff8f5e!8m2!3d41.3518513!4d2.1340148!16s%2Fg%2F11fz9zb2tf?entry=ttu\" target=\"_blank\" rel=\"noopener noreferrer\">C\/Plom, 28 \u2013 08038 (Barcelona)<\/a><br \/>\nCorreu electr\u00f2nic: <a href=\"mailto:info@badabus.com\">info@badabus.com<\/a><br \/>\n<img loading=\"lazy\" decoding=\"async\" class=\"size-full wp-image-2239 alignleft\" src=\"https:\/\/badabus.com\/wp-content\/uploads\/telefon-de-lloguer-autocars-badabus.jpg\" alt=\"telefono de alquiler autocares badabus\" width=\"341\" height=\"124\" \/>[\/vc_column_text][\/vc_column][\/vc_row][vc_row gap=\u00bb35&#8243; css=\u00bb.vc_custom_1744210760780{margin-bottom: 25px !important;}\u00bb][vc_column width=\u00bb2\/3&#8243; css=\u00bb.vc_custom_1748242611303{margin-right: 30px !important;}\u00bb][vc_column_text css=\u00bb\u00bb]<\/p>\n<h2 style=\"font-size: 20px;\">Trajectes freq\u00fcents des de Sant Joan Desp\u00ed amb els nostres autocars<\/h2>\n<p style=\"font-weight: 400; text-align: justify;\">Oferim trajectes en autocar des de Sant Joan Desp\u00ed cap a llocs tur\u00edstics i culturals com Montserrat, el centre de Barcelona o el Pened\u00e8s. Aquestes rutes s\u00f3n perfectes per a escoles, associacions i grups que busquen una sortida organitzada i c\u00f2moda.<\/p>\n<p style=\"font-weight: 400; text-align: justify;\">Aix\u00ed mateix, prestem servei de <a href=\"https:\/\/badabus.com\/ca\/transfer-aeroport-barcelona\/\">transfer a l&#8217;aeroport de Barcelona<\/a> i gestionem viatges de final de curs, excursions de diversos dies i sortides de cap de setmana per a grups escolars, adaptant-nos a cada itinerari.<\/p>\n<h3 style=\"font-weight: 400;\">Serveis m\u00e9s demandats de lloguer d&#8217;autocars a Sant Joan Desp\u00ed<\/h3>\n<p style=\"font-weight: 400; text-align: justify;\">A Sant Joan Desp\u00ed col\u00b7laborem amb empreses que necessiten despla\u00e7aments puntuals o regulars per als seus treballadors. Tamb\u00e9 oferim servei a escoles que organitzen excursions escolars i activitats fora del centre.<\/p>\n<p style=\"font-weight: 400; text-align: justify;\">Els nostres autocars tamb\u00e9 s&#8217;utilitzen en casaments, comunions i celebracions privades a la zona. Clubs esportius i grups culturals completen la demanda habitual, juntament amb turistes que busquen rutes organitzades amb sortida des de Sant Joan Desp\u00ed.<\/p>\n<h3 style=\"font-weight: 400;\">Per qu\u00e8 \u00e9s millor llogar un autocar a Sant Joan Desp\u00ed amb nosaltres?<\/h3>\n<p style=\"font-weight: 400; text-align: justify;\">La nostra experi\u00e8ncia a Sant Joan Desp\u00ed ens permet garantir una recollida puntual des de qualsevol zona de la ciutat, ja sigui en \u00e0rees residencials o al costat d&#8217;instal\u00b7lacions empresarials o esportives. Coneixem b\u00e9 els seus carrers i accessos, cosa que facilita cada trajecte.<\/p>\n<p style=\"font-weight: 400; text-align: justify;\">A m\u00e9s, treballem habitualment amb escoles, clubs i empreses de la zona, cosa que ens permet anticipar necessitats i oferir solucions eficaces. Triar-nos \u00e9s comptar amb un servei local, flexible i amb total garantia.<\/p>\n<p>[\/vc_column_text][vc_empty_space height=\u00bb30px\u00bb][vc_column_text css=\u00bb\u00bb]<strong style=\"margin-left: 6px;\">POBLACIONS ON OFERIM SERVEI DE LLOGUER D&#8217;AUTOCARS<br \/>\n<\/strong><div class=\"menu-horizontal\"><ul><div class=\"menu-horizontal\"><li id=\"menu-item-15934\" class=\"menu-item menu-item-type-post_type menu-item-object-page menu-item-15934\"><a href=\"https:\/\/badabus.com\/ca\/lloguer-autocar-badalona\/\">Lloguer autocar a Badalona<\/a><\/li> | <li id=\"menu-item-15940\" class=\"menu-item menu-item-type-post_type menu-item-object-page menu-item-15940\"><a href=\"https:\/\/badabus.com\/ca\/lloguer-autocar-hospitalet-de-llobregat\/\">Lloguer autocar a Hospitalet de Llobregat<\/a><\/li> | <li id=\"menu-item-15936\" class=\"menu-item menu-item-type-post_type menu-item-object-page menu-item-15936\"><a href=\"https:\/\/badabus.com\/ca\/lloguer-autocar-cornella-de-llobregat\/\">Lloguer autocar a Cornell\u00e0 de Llobregat<\/a><\/li> | <li id=\"menu-item-15938\" class=\"menu-item menu-item-type-post_type menu-item-object-page menu-item-15938\"><a href=\"https:\/\/badabus.com\/ca\/lloguer-autocar-esplugues-de-llobregat\/\">Lloguer autocar a Esplugues de Llobregat<\/a><\/li> | <li id=\"menu-item-15945\" class=\"menu-item menu-item-type-post_type menu-item-object-page menu-item-15945\"><a href=\"https:\/\/badabus.com\/ca\/lloguer-autocar-santa-coloma-de-gramenet\/\">Lloguer autocar a Santa Coloma de Gramenet<\/a><\/li> | <li id=\"menu-item-15937\" class=\"menu-item menu-item-type-post_type menu-item-object-page menu-item-15937\"><a href=\"https:\/\/badabus.com\/ca\/lloguer-autocar-el-prat-de-llobregat\/\">Lloguer autocar a El Prat de Llobregat<\/a><\/li> | <li id=\"menu-item-15946\" class=\"menu-item menu-item-type-post_type menu-item-object-page menu-item-15946\"><a href=\"https:\/\/badabus.com\/ca\/lloguer-autocar-viladecans\/\">Lloguer autocar a Viladecans<\/a><\/li> | <li id=\"menu-item-15935\" class=\"menu-item menu-item-type-post_type menu-item-object-page menu-item-15935\"><a href=\"https:\/\/badabus.com\/ca\/lloguer-autocar-castelldefels\/\">Lloguer autocar a Castelldefels<\/a><\/li> | <li id=\"menu-item-15939\" class=\"menu-item menu-item-type-post_type menu-item-object-page menu-item-15939\"><a href=\"https:\/\/badabus.com\/ca\/lloguer-autocar-gava\/\">Lloguer autocar a Gav\u00e0<\/a><\/li> | <li id=\"menu-item-15944\" class=\"menu-item menu-item-type-post_type menu-item-object-page menu-item-15944\"><a href=\"https:\/\/badabus.com\/ca\/lloguer-autocar-sant-joan-despi\/\">Lloguer autocar a Sant Joan Desp\u00ed<\/a><\/li> | <li id=\"menu-item-15942\" class=\"menu-item menu-item-type-post_type menu-item-object-page menu-item-15942\"><a href=\"https:\/\/badabus.com\/ca\/lloguer-autocar-sant-boi-de-llobregat\/\">Lloguer autocar a Sant Boi de Llobregat<\/a><\/li> | <li id=\"menu-item-15943\" class=\"menu-item menu-item-type-post_type menu-item-object-page menu-item-15943\"><a href=\"https:\/\/badabus.com\/ca\/lloguer-autocar-sant-feliu-de-llobregat\/\">Lloguer autocar a Sant Feliu de Llobregat<\/a><\/li> | <li id=\"menu-item-15941\" class=\"menu-item menu-item-type-post_type menu-item-object-page menu-item-15941\"><a href=\"https:\/\/badabus.com\/ca\/lloguer-autocar-sant-adria-de-besos\/\">Lloguer autocar a Sant Adri\u00e0 de Bes\u00f2s<\/a><\/li>\n<\/div><\/ul><\/div>[\/vc_column_text][vc_tta_accordion section_title_tag=\u00bbh2&#8243; color=\u00bbwhite\u00bb active_section=\u00bb1&#8243;][vc_tta_section title=\u00bbQuin preu t\u00e9 llogar un autocar o autob\u00fas a Sant Joan Desp\u00ed?\u00bb tab_id=\u00bb1764230595694-33c3aab7-dd89&#8243;][vc_column_text css=\u00bb\u00bb]<\/p>\n<p data-start=\"426\" data-end=\"974\">El cost de llogar un autocar a Sant Joan Desp\u00ed varia en funci\u00f3 del recorregut, la data del servei, la durada del trajecte, el nombre de passatgers i el tipus de vehicle sol\u00b7licitat. Cada viatge t\u00e9 particularitats pr\u00f2pies, per la qual cosa no hi ha una tarifa fixa. Per obtenir un import exacte, nom\u00e9s cal indicar el punt de recollida a Sant Joan Desp\u00ed, la destinaci\u00f3, l&#8217;horari i la mida del grup. Amb aquesta informaci\u00f3 elaborem un pressupost personalitzat, clar i adaptat a les necessitats reals del despla\u00e7ament.<\/p>\n<p>[\/vc_column_text][\/vc_tta_section][vc_tta_section title=\u00bbCom puc sol\u00b7licitar un pressupost per a un servei d&#8217;autocar des de Sant Joan Desp\u00ed?\u00bb tab_id=\u00bb1764230595715-da48bdd2-d703&#8243;][vc_column_text css=\u00bb\u00bb]<\/p>\n<p data-start=\"1094\" data-end=\"1502\">Sol\u00b7licitar un pressupost \u00e9s molt senzill. Nom\u00e9s has d&#8217;omplir el formulari indicant la data del servei, el punt d&#8217;origen a Sant Joan Desp\u00ed, la destinaci\u00f3, el tipus de vehicle i el nombre de passatgers. Amb aquestes dades preparem una proposta detallada en poques hores. Si necessites ajuda per triar el vehicle m\u00e9s adequat, oferim assessorament personalitzat sense cap comprom\u00eds.<\/p>\n<p>[\/vc_column_text][\/vc_tta_section][vc_tta_section title=\u00bbQu\u00e8 inclou el servei de lloguer d&#8217;autocar a Sant Joan Desp\u00ed?\u00bb tab_id=\u00bb1764230639187-fa7c2fdb-7d15&#8243;][vc_column_text css=\u00bb\u00bb]<\/p>\n<p data-start=\"1602\" data-end=\"2074\">El servei inclou un autocar totalment equipat i un conductor professional que s&#8217;encarrega de fer el trajecte amb seguretat i puntualitat. Els vehicles disposen de climatitzaci\u00f3, seients ergon\u00f2mics, cinturons de seguretat i equipament orientat al confort del passatger. El pressupost pot cobrir combustible, peatges i el temps d&#8217;\u00fas previst. Si calen serveis addicionals, sempre s&#8217;indiquen abans de confirmar la reserva.<\/p>\n<p>[\/vc_column_text][\/vc_tta_section][vc_tta_section title=\u00bbQuins tipus de vehicles es poden contractar a Sant Joan Desp\u00ed?\u00bb tab_id=\u00bb1764230657232-539239df-b256&#8243;][vc_column_text css=\u00bb\u00bb]<\/p>\n<p data-start=\"2169\" data-end=\"2597\">A Sant Joan Desp\u00ed disposem d&#8217;una flota variada que inclou minibusos per a grups petits i autocars de gran capacitat, que arriben aproximadament a les 60 places. Aix\u00f2 permet cobrir tota mena de necessitats: excursions escolars, viatges d&#8217;empresa, trasllats tur\u00edstics, celebracions familiars i esdeveniments corporatius. Aix\u00ed, cada grup pot triar l&#8217;opci\u00f3 que millor s&#8217;adapti al seu despla\u00e7ament.<\/p>\n<p>[\/vc_column_text][\/vc_tta_section][vc_tta_section title=\u00bbDisposeu d&#8217;autocars adaptats per a persones amb mobilitat redu\u00efda a Sant Joan Desp\u00ed?\u00bb tab_id=\u00bb1764230674763-d9021a29-a06d\u00bb][vc_column_text css=\u00bb\u00bb]<\/p>\n<p data-start=\"2720\" data-end=\"3098\">S\u00ed, comptem amb vehicles adaptats per a persones amb mobilitat redu\u00efda a Sant Joan Desp\u00ed. Aquests autocars inclouen plataforma elevadora, espais reservats per a cadires de rodes i sistemes de subjecci\u00f3 homologats. En sol\u00b7licitar el pressupost, nom\u00e9s cal que ens indiquis aquesta necessitat per assignar el vehicle adequat i planificar el trajecte correctament.<\/p>\n<p>[\/vc_column_text][\/vc_tta_section][vc_tta_section title=\u00bbAmb quanta antelaci\u00f3 es recomana reservar un autocar a Sant Joan Desp\u00ed?\u00bb tab_id=\u00bb1764230691254-943abaa2-89ac\u00bb][vc_column_text css=\u00bb\u00bb]<\/p>\n<p data-start=\"3207\" data-end=\"3655\">L&#8217;antelaci\u00f3 ideal dep\u00e8n del tipus de servei i de l&#8217;\u00e8poca de l&#8217;any. Durant els per\u00edodes de m\u00e9s demanda\u2014com ara excursions escolars, caps de setmana, esdeveniments d&#8217;empresa o celebracions\u2014\u00e9s aconsellable reservar amb diverses setmanes d&#8217;antelaci\u00f3. Tot i aix\u00ed, tamb\u00e9 atenem sol\u00b7licituds d&#8217;\u00faltima hora sempre que hi hagi disponibilitat. Confirmar la reserva amb marge facilita assegurar el vehicle que millor s&#8217;ajusti al viatge.<\/p>\n<p>[\/vc_column_text][\/vc_tta_section][vc_tta_section title=\u00bbQuins serveis de transport oferiu des de Sant Joan Desp\u00ed?\u00bb tab_id=\u00bb1764230709029-486e3b1b-a1dd\u00bb][vc_column_text css=\u00bb\u00bb]<\/p>\n<p data-start=\"3748\" data-end=\"4124\">Des de Sant Joan Desp\u00ed oferim una \u00e0mplia varietat de serveis: transport escolar, excursions tur\u00edstiques, despla\u00e7aments esportius, trasllats corporatius, casaments, celebracions familiars, transfers a l&#8217;aeroport i serveis privats totalment adaptats a cada grup. La nostra flota permet cobrir des de trajectes puntuals fins a serveis recurrents.<\/p>\n<p>[\/vc_column_text][\/vc_tta_section][vc_tta_section title=\u00bbFeu trajectes des de Sant Joan Desp\u00ed cap a altres ciutats i regions?\u00bb tab_id=\u00bb1764230725621-46f72e29-8e47&#8243;][vc_column_text css=\u00bb\u00bb]<\/p>\n<p data-start=\"4232\" data-end=\"4616\">S\u00ed, fem despla\u00e7aments des de Sant Joan Desp\u00ed cap a qualsevol punt de Catalunya i tamb\u00e9 a altres comunitats aut\u00f2nomes. Duem a terme excursions, rutes tur\u00edstiques, viatges de llarga dist\u00e0ncia, transfers a l&#8217;aeroport i serveis personalitzats segons l&#8217;itinerari del grup. Indica&#8217;ns origen, destinaci\u00f3 i data, i prepararem un trajecte completament adaptat.<\/p>\n<p>[\/vc_column_text][\/vc_tta_section][\/vc_tta_accordion][vc_separator color=\u00bbwhite\u00bb border_width=\u00bb5&#8243; css=\u00bb\u00bb][\/vc_column][vc_column width=\u00bb1\/3&#8243; css=\u00bb.vc_custom_1744211247589{margin-right: 30px !important;margin-left: 30px !important;}\u00bb][vc_column_text css=\u00bb.vc_custom_1745405221092{margin-bottom: -10px !important;}\u00bb]<\/p>\n<p style=\"font-size: 30px; font-family: 'gotham-rounded'; text-align: left; color: #25a8ba; line-height: 1em;\"><strong>La teva companyia de confian\u00e7a a Sant Joan Desp\u00ed<\/strong><\/p>\n<p>[\/vc_column_text][vc_column_text css=\u00bb\u00bb]<\/p>\n<p style=\"font-size: 18px; font-family: 'gotham-rounded'; text-align: left;\"><strong>Badabus \u00e9s una empresa familiar dedicada al transport de viatgers per carretera.<\/strong><\/p>\n<p>Empresa especialista en el lloguer d&#8217;autocars a Sant Joan Desp\u00ed. Ens avala l&#8217;experi\u00e8ncia de m\u00e9s de 25 anys en el sector de les persones que la dirigim.[\/vc_column_text][vc_column_text css=\u00bb\u00bb]<b style=\"text-align: left; font-size: 20px;\"><img loading=\"lazy\" decoding=\"async\" class=\"alignnone wp-image-1964\" src=\"https:\/\/badabus.com\/wp-content\/uploads\/flechas-badabus.jpg\" alt=\"\" width=\"45\" height=\"27\" \/> CONTACTE<\/b>[\/vc_column_text][vc_column_text css=\u00bb\u00bb]<\/p>\n<h3 style=\"text-align: left; font-size: 20px;\">Autocares Badabus<\/h3>\n<p>Adre\u00e7a: <a href=\"https:\/\/www.google.com\/maps\/place\/Autocares+Badabus\/@41.3518513,2.1340148,17z\/data=!3m1!4b1!4m6!3m5!1s0x12a498a57225f481:0x27ebbd8420ff8f5e!8m2!3d41.3518513!4d2.1340148!16s%2Fg%2F11fz9zb2tf?entry=ttu\" target=\"_blank\" rel=\"noopener noreferrer\">Carrer de la Metal\u00b7l\u00fargia, 51, 08908 Barcelona<\/a><br \/>\nCorreu electr\u00f2nic: <a href=\"mailto:info@badabus.com\">info@badabus.com<\/a><br \/>\n<img loading=\"lazy\" decoding=\"async\" class=\"size-full wp-image-2239 alignleft\" src=\"https:\/\/badabus.com\/wp-content\/uploads\/telefon-de-lloguer-autocars-badabus.jpg\" alt=\"telefono de alquiler autocares badabus\" width=\"341\" height=\"124\" \/>[\/vc_column_text][\/vc_column][\/vc_row][vc_row row_fullwidth=\u00bb1&#8243; row_zero_column_space=\u00bb1&#8243; css=\u00bb.vc_custom_1525855960545{margin-top: 0px !important;margin-right: 0px !important;margin-bottom: 0px !important;margin-left: 0px !important;padding-top: 0px !important;padding-right: 0px !important;padding-bottom: 0px !important;padding-left: 0px !important;background-color: #303033 !important;}\u00bb][vc_column width=\u00bb1\/2&#8243; css=\u00bb.vc_custom_1525855742551{margin-top: -30px !important;}\u00bb][vc_single_image image=\u00bb15747&#8243; img_size=\u00bbfull\u00bb css=\u00bb\u00bb][\/vc_column][vc_column width=\u00bb1\/4&#8243; offset=\u00bbvc_hidden-xs\u00bb][vc_single_image image=\u00bb15755&#8243; img_size=\u00bbfull\u00bb css=\u00bb.vc_custom_1787297525136{padding-top: 10px !important;}\u00bb][\/vc_column][vc_column width=\u00bb1\/4&#8243; offset=\u00bbvc_hidden-xs\u00bb][vc_btn title=\u00bbDEMANAR PRESSUPOST\u00bb style=\u00bbgradient-custom\u00bb gradient_custom_color_1=\u00bb#25a6b9&#8243; gradient_custom_color_2=\u00bb#e22893&#8243; shape=\u00bbround\u00bb size=\u00bblg\u00bb align=\u00bbleft\u00bb css=\u00bb.vc_custom_1786961478597{padding-top: 20px !important;}\u00bb link=\u00bburl:https%3A%2F%2Fbadabus.com%2Fca%2Fpressupost-lloguer-dautobusos%2F\u00bb][\/vc_column][\/vc_row][vc_row][vc_column][vc_raw_html css=\u00bb\u00bb]PHNjcmlwdCB0eXBlPSJhcHBsaWNhdGlvbi9sZCtqc29uIj4KewogICJAY29udGV4dCI6ICJodHRwczovL3NjaGVtYS5vcmciLAogICJAdHlwZSI6ICJGQVFQYWdlIiwKICAibWFpbkVudGl0eSI6IFt7CiAgICAiQHR5cGUiOiAiUXVlc3Rpb24iLAogICAgIm5hbWUiOiAiUXVpbiBwcmV1IHTDqSBsbG9nYXIgdW4gYXV0b2NhciBvIGF1dG9iw7pzIGEgU2FudCBKb2FuIERlc3DDrT8iLAogICAgImFjY2VwdGVkQW5zd2VyIjogewogICAgICAiQHR5cGUiOiAiQW5zd2VyIiwKICAgICAgInRleHQiOiAiRWwgY29zdCBkZSBsbG9nYXIgdW4gYXV0b2NhciBhIFNhbnQgSm9hbiBEZXNww60gdmFyaWEgZW4gZnVuY2nDsyBkZWwgcmVjb3JyZWd1dCwgbGEgZGF0YSBkZWwgc2VydmVpLCBsYSBkdXJhZGEgZGVsIHRyYWplY3RlLCBlbCBub21icmUgZGUgcGFzc2F0Z2VycyBpIGVsIHRpcHVzIGRlIHZlaGljbGUgc29swrdsaWNpdGF0LiBDYWRhIHZpYXRnZSB0w6kgcGFydGljdWxhcml0YXRzIHByw7JwaWVzLCBwZXIgbGEgcXVhbCBjb3NhIG5vIGhpIGhhIHVuYSB0YXJpZmEgZml4YS4gUGVyIG9idGVuaXIgdW4gaW1wb3J0IGV4YWN0ZSwgbm9tw6lzIGNhbCBpbmRpY2FyIGVsIHB1bnQgZGUgcmVjb2xsaWRhIGEgU2FudCBKb2FuIERlc3DDrSwgbGEgZGVzdGluYWNpw7MsIGwnaG9yYXJpIGkgbGEgbWlkYSBkZWwgZ3J1cC4gQW1iIGFxdWVzdGEgaW5mb3JtYWNpw7MgZWxhYm9yZW0gdW4gcHJlc3N1cG9zdCBwZXJzb25hbGl0emF0LCBjbGFyIGkgYWRhcHRhdCBhIGxlcyBuZWNlc3NpdGF0cyByZWFscyBkZWwgZGVzcGxhw6dhbWVudC4iCiAgICB9CiAgfSx7CiAgICAiQHR5cGUiOiAiUXVlc3Rpb24iLAogICAgIm5hbWUiOiAiQ29tIHB1YyBzb2zCt2xpY2l0YXIgdW4gcHJlc3N1cG9zdCBwZXIgYSB1biBzZXJ2ZWkgZCdhdXRvY2FyIGRlcyBkZSBTYW50IEpvYW4gRGVzcMOtPyIsCiAgICAiYWNjZXB0ZWRBbnN3ZXIiOiB7CiAgICAgICJAdHlwZSI6ICJBbnN3ZXIiLAogICAgICAidGV4dCI6ICJTb2zCt2xpY2l0YXIgdW4gcHJlc3N1cG9zdCDDqXMgbW9sdCBzZW56aWxsLiBOb23DqXMgaGFzIGQnb21wbGlyIGVsIGZvcm11bGFyaSBpbmRpY2FudCBsYSBkYXRhIGRlbCBzZXJ2ZWksIGVsIHB1bnQgZCdvcmlnZW4gYSBTYW50IEpvYW4gRGVzcMOtLCBsYSBkZXN0aW5hY2nDsywgZWwgdGlwdXMgZGUgdmVoaWNsZSBpIGVsIG5vbWJyZSBkZSBwYXNzYXRnZXJzLiBBbWIgYXF1ZXN0ZXMgZGFkZXMgcHJlcGFyZW0gdW5hIHByb3Bvc3RhIGRldGFsbGFkYSBlbiBwb3F1ZXMgaG9yZXMuIFNpIG5lY2Vzc2l0ZXMgYWp1ZGEgcGVyIHRyaWFyIGVsIHZlaGljbGUgbcOpcyBhZGVxdWF0LCBvZmVyaW0gYXNzZXNzb3JhbWVudCBwZXJzb25hbGl0emF0IHNlbnNlIGNhcCBjb21wcm9tw61zLiIKICAgIH0KICB9LHsKICAgICJAdHlwZSI6ICJRdWVzdGlvbiIsCiAgICAibmFtZSI6ICJRdcOoIGluY2xvdSBlbCBzZXJ2ZWkgZGUgbGxvZ3VlciBkJ2F1dG9jYXIgYSBTYW50IEpvYW4gRGVzcMOtPyIsCiAgICAiYWNjZXB0ZWRBbnN3ZXIiOiB7CiAgICAgICJAdHlwZSI6ICJBbnN3ZXIiLAogICAgICAidGV4dCI6ICJFbCBzZXJ2ZWkgaW5jbG91IHVuIGF1dG9jYXIgdG90YWxtZW50IGVxdWlwYXQgaSB1biBjb25kdWN0b3IgcHJvZmVzc2lvbmFsIHF1ZSBzJ2VuY2FycmVnYSBkZSBmZXIgZWwgdHJhamVjdGUgYW1iIHNlZ3VyZXRhdCBpIHB1bnR1YWxpdGF0LiBFbHMgdmVoaWNsZXMgZGlzcG9zZW4gZGUgY2xpbWF0aXR6YWNpw7MsIHNlaWVudHMgZXJnb27Dsm1pY3MsIGNpbnR1cm9ucyBkZSBzZWd1cmV0YXQgaSBlcXVpcGFtZW50IG9yaWVudGF0IGFsIGNvbmZvcnQgZGVsIHBhc3NhdGdlci4gRWwgcHJlc3N1cG9zdCBwb3QgY29icmlyIGNvbWJ1c3RpYmxlLCBwZWF0Z2VzIGkgZWwgdGVtcHMgZCfDunMgcHJldmlzdC4gU2kgY2FsZW4gc2VydmVpcyBhZGRpY2lvbmFscywgc2VtcHJlIHMnaW5kaXF1ZW4gYWJhbnMgZGUgY29uZmlybWFyIGxhIHJlc2VydmEuIgogICAgfQogIH0sewogICAgIkB0eXBlIjogIlF1ZXN0aW9uIiwKICAgICJuYW1lIjogIlF1aW5zIHRpcHVzIGRlIHZlaGljbGVzIGVzIHBvZGVuIGNvbnRyYWN0YXIgYSBTYW50IEpvYW4gRGVzcMOtPyIsCiAgICAiYWNjZXB0ZWRBbnN3ZXIiOiB7CiAgICAgICJAdHlwZSI6ICJBbnN3ZXIiLAogICAgICAidGV4dCI6ICJBIFNhbnQgSm9hbiBEZXNww60gZGlzcG9zZW0gZCd1bmEgZmxvdGEgdmFyaWFkYSBxdWUgaW5jbG91IG1pbmlidXNvcyBwZXIgYSBncnVwcyBwZXRpdHMgaSBhdXRvY2FycyBkZSBncmFuIGNhcGFjaXRhdCwgcXVlIGFycmliZW4gYXByb3hpbWFkYW1lbnQgYSBsZXMgNjAgcGxhY2VzLiBBaXjDsiBwZXJtZXQgY29icmlyIHRvdGEgbWVuYSBkZSBuZWNlc3NpdGF0czogZXhjdXJzaW9ucyBlc2NvbGFycywgdmlhdGdlcyBkJ2VtcHJlc2EsIHRyYXNsbGF0cyB0dXLDrXN0aWNzLCBjZWxlYnJhY2lvbnMgZmFtaWxpYXJzIGkgZXNkZXZlbmltZW50cyBjb3Jwb3JhdGl1cy4gQWl4w60sIGNhZGEgZ3J1cCBwb3QgdHJpYXIgbCdvcGNpw7MgcXVlIG1pbGxvciBzJ2FkYXB0aSBhbCBzZXUgZGVzcGxhw6dhbWVudC4iCiAgICB9CiAgfSx7CiAgICAiQHR5cGUiOiAiUXVlc3Rpb24iLAogICAgIm5hbWUiOiAiRGlzcG9zZXUgZCdhdXRvY2FycyBhZGFwdGF0cyBwZXIgYSBwZXJzb25lcyBhbWIgbW9iaWxpdGF0IHJlZHXDr2RhIGEgU2FudCBKb2FuIERlc3DDrT8iLAogICAgImFjY2VwdGVkQW5zd2VyIjogewogICAgICAiQHR5cGUiOiAiQW5zd2VyIiwKICAgICAgInRleHQiOiAiU8OtLCBjb21wdGVtIGFtYiB2ZWhpY2xlcyBhZGFwdGF0cyBwZXIgYSBwZXJzb25lcyBhbWIgbW9iaWxpdGF0IHJlZHXDr2RhIGEgU2FudCBKb2FuIERlc3DDrS4gQXF1ZXN0cyBhdXRvY2FycyBpbmNsb3VlbiBwbGF0YWZvcm1hIGVsZXZhZG9yYSwgZXNwYWlzIHJlc2VydmF0cyBwZXIgYSBjYWRpcmVzIGRlIHJvZGVzIGkgc2lzdGVtZXMgZGUgc3ViamVjY2nDsyBob21vbG9nYXRzLiBFbiBzb2zCt2xpY2l0YXIgZWwgcHJlc3N1cG9zdCwgbm9tw6lzIGNhbCBxdWUgZW5zIGluZGlxdWlzIGFxdWVzdGEgbmVjZXNzaXRhdCBwZXIgYXNzaWduYXIgZWwgdmVoaWNsZSBhZGVxdWF0IGkgcGxhbmlmaWNhciBlbCB0cmFqZWN0ZSBjb3JyZWN0YW1lbnQuIgogICAgfQogIH0sewogICAgIkB0eXBlIjogIlF1ZXN0aW9uIiwKICAgICJuYW1lIjogIkFtYiBxdWFudGEgYW50ZWxhY2nDsyBlcyByZWNvbWFuYSByZXNlcnZhciB1biBhdXRvY2FyIGEgU2FudCBKb2FuIERlc3DDrT8iLAogICAgImFjY2VwdGVkQW5zd2VyIjogewogICAgICAiQHR5cGUiOiAiQW5zd2VyIiwKICAgICAgInRleHQiOiAiTCdhbnRlbGFjacOzIGlkZWFsIGRlcMOobiBkZWwgdGlwdXMgZGUgc2VydmVpIGkgZGUgbCfDqHBvY2EgZGUgbCdhbnkuIER1cmFudCBlbHMgcGVyw61vZGVzIGRlIG3DqXMgZGVtYW5kYeKAlGNvbSBhcmEgZXhjdXJzaW9ucyBlc2NvbGFycywgY2FwcyBkZSBzZXRtYW5hLCBlc2RldmVuaW1lbnRzIGQnZW1wcmVzYSBvIGNlbGVicmFjaW9uc+KAlMOpcyBhY29uc2VsbGFibGUgcmVzZXJ2YXIgYW1iIGRpdmVyc2VzIHNldG1hbmVzIGQnYW50ZWxhY2nDsy4gVG90IGkgYWl4w60sIHRhbWLDqSBhdGVuZW0gc29swrdsaWNpdHVkcyBkJ8O6bHRpbWEgaG9yYSBzZW1wcmUgcXVlIGhpIGhhZ2kgZGlzcG9uaWJpbGl0YXQuIENvbmZpcm1hciBsYSByZXNlcnZhIGFtYiBtYXJnZSBmYWNpbGl0YSBhc3NlZ3VyYXIgZWwgdmVoaWNsZSBxdWUgbWlsbG9yIHMnYWp1c3RpIGFsIHZpYXRnZS4iCiAgICB9CiAgfSx7CiAgICAiQHR5cGUiOiAiUXVlc3Rpb24iLAogICAgIm5hbWUiOiAiUXVpbnMgc2VydmVpcyBkZSB0cmFuc3BvcnQgb2Zlcml1IGRlcyBkZSBTYW50IEpvYW4gRGVzcMOtPyIsCiAgICAiYWNjZXB0ZWRBbnN3ZXIiOiB7CiAgICAgICJAdHlwZSI6ICJBbnN3ZXIiLAogICAgICAidGV4dCI6ICJEZXMgZGUgU2FudCBKb2FuIERlc3DDrSBvZmVyaW0gdW5hIMOgbXBsaWEgdmFyaWV0YXQgZGUgc2VydmVpczogdHJhbnNwb3J0IGVzY29sYXIsIGV4Y3Vyc2lvbnMgdHVyw61zdGlxdWVzLCBkZXNwbGHDp2FtZW50cyBlc3BvcnRpdXMsIHRyYXNsbGF0cyBjb3Jwb3JhdGl1cywgY2FzYW1lbnRzLCBjZWxlYnJhY2lvbnMgZmFtaWxpYXJzLCB0cmFuc2ZlcnMgYSBsJ2Flcm9wb3J0IGkgc2VydmVpcyBwcml2YXRzIHRvdGFsbWVudCBhZGFwdGF0cyBhIGNhZGEgZ3J1cC4gTGEgbm9zdHJhIGZsb3RhIHBlcm1ldCBjb2JyaXIgZGVzIGRlIHRyYWplY3RlcyBwdW50dWFscyBmaW5zIGEgc2VydmVpcyByZWN1cnJlbnRzLiIKICAgIH0KICB9LHsKICAgICJAdHlwZSI6ICJRdWVzdGlvbiIsCiAgICAibmFtZSI6ICJGZXUgdHJhamVjdGVzIGRlcyBkZSBTYW50IEpvYW4gRGVzcMOtIGNhcCBhIGFsdHJlcyBjaXV0YXRzIGkgcmVnaW9ucz8iLAogICAgImFjY2VwdGVkQW5zd2VyIjogewogICAgICAiQHR5cGUiOiAiQW5zd2VyIiwKICAgICAgInRleHQiOiAiU8OtLCBmZW0gZGVzcGxhw6dhbWVudHMgZGVzIGRlIFNhbnQgSm9hbiBEZXNww60gY2FwIGEgcXVhbHNldm9sIHB1bnQgZGUgQ2F0YWx1bnlhIGkgdGFtYsOpIGEgYWx0cmVzIGNvbXVuaXRhdHMgYXV0w7Jub21lcy4gRHVlbSBhIHRlcm1lIGV4Y3Vyc2lvbnMsIHJ1dGVzIHR1csOtc3RpcXVlcywgdmlhdGdlcyBkZSBsbGFyZ2EgZGlzdMOgbmNpYSwgdHJhbnNmZXJzIGEgbCdhZXJvcG9ydCBpIHNlcnZlaXMgcGVyc29uYWxpdHphdHMgc2Vnb25zIGwnaXRpbmVyYXJpIGRlbCBncnVwLiBJbmRpY2EnbnMgb3JpZ2VuLCBkZXN0aW5hY2nDsyBpIGRhdGEsIGkgcHJlcGFyYXJlbSB1biB0cmFqZWN0ZSBjb21wbGV0YW1lbnQgYWRhcHRhdC4iCiAgICB9CiAgfV0KfQo8L3NjcmlwdD4=[\/vc_raw_html][\/vc_column][\/vc_row]<\/p>\n<\/div>","protected":false},"excerpt":{"rendered":"<p>[vc_row row_fullwidth=\u00bb1&#8243; row_zero_column_space=\u00bb1&#8243; css=\u00bb.vc_custom_1461073450203{margin-top: 0px !important;margin-right: 0px !important;margin-bottom: 0px !important;margin-left: 0px !important;padding-top: 0px !important;padding-right: 0px !important;padding-bottom: 0px !important;padding-left: 0px !important;}\u00bb][vc_column offset=\u00bbvc_hidden-sm vc_hidden-xs\u00bb][rev_slider_vc alias=\u00bbsant-joan-despi-1&#8243; el_class=\u00bbno-bottom-margin\u00bb][\/vc_column][\/vc_row][vc_row gap=\u00bb5&#8243; row_fullwidth=\u00bb1&#8243; css=\u00bb.vc_custom_1684321545730{margin-top: 0px !important;margin-bottom: 0px [&hellip;]<\/p>\n","protected":false},"author":10,"featured_media":0,"parent":0,"menu_order":0,"comment_status":"closed","ping_status":"closed","template":"","meta":{"footnotes":""},"class_list":["post-15005","page","type-page","status-publish","hentry"],"_links":{"self":[{"href":"https:\/\/badabus.com\/ca\/wp-json\/wp\/v2\/pages\/15005","targetHints":{"allow":["GET"]}}],"collection":[{"href":"https:\/\/badabus.com\/ca\/wp-json\/wp\/v2\/pages"}],"about":[{"href":"https:\/\/badabus.com\/ca\/wp-json\/wp\/v2\/types\/page"}],"author":[{"embeddable":true,"href":"https:\/\/badabus.com\/ca\/wp-json\/wp\/v2\/users\/10"}],"replies":[{"embeddable":true,"href":"https:\/\/badabus.com\/ca\/wp-json\/wp\/v2\/comments?post=15005"}],"version-history":[{"count":17,"href":"https:\/\/badabus.com\/ca\/wp-json\/wp\/v2\/pages\/15005\/revisions"}],"predecessor-version":[{"id":15968,"href":"https:\/\/badabus.com\/ca\/wp-json\/wp\/v2\/pages\/15005\/revisions\/15968"}],"wp:attachment":[{"href":"https:\/\/badabus.com\/ca\/wp-json\/wp\/v2\/media?parent=15005"}],"curies":[{"name":"wp","href":"https:\/\/api.w.org\/{rel}","templated":true}]}}