{"id":15003,"date":"2026-08-21T09:45:41","date_gmt":"2026-08-21T07:45:41","guid":{"rendered":"https:\/\/badabus.com\/?page_id=15003"},"modified":"2026-08-31T12:13:05","modified_gmt":"2026-08-31T10:13:05","slug":"fira-seafood-expo-global-barcelona","status":"publish","type":"page","link":"https:\/\/badabus.com\/ca\/fira-seafood-expo-global-barcelona\/","title":{"rendered":"Landing Fira Seafood Expo Global Barcelona CAT"},"content":{"rendered":"<div class=\"wpb-content-wrapper\"><p>[vc_row row_fullwidth=\u00bb1&#8243; row_zero_column_space=\u00bb1&#8243; css=\u00bb.vc_custom_1771569095907{margin-top: 0px !important;margin-right: 0px !important;margin-bottom: 0px !important;margin-left: 0px !important;padding-top: 0px !important;padding-right: 0px !important;padding-bottom: 0px !important;padding-left: 0px !important;background-image: url(https:\/\/badabus.com\/wp-content\/uploads\/feria-barcelona-1920.webp?id=13834) !important;}\u00bb el_id=\u00bbfila-fondo-1&#8243;][vc_column offset=\u00bbvc_hidden-sm vc_hidden-xs\u00bb][vc_empty_space height=\u00bb85px\u00bb][vc_column_text css=\u00bb\u00bb]<\/p>\n<h1 class=\"h1-ferias-largo\">Minib\u00fas per a Seafood Expo Global Barcelona<\/h1>\n<p class=\"subtitular-ferias\">Trasllats privats, aeroport, hotels i transfers per al teu equip durant el Seafood Expo Global a Barcelona<\/p>\n<p>[\/vc_column_text][vc_btn title=\u00bbSol\u00b7licitar pressupost sense comprom\u00eds\u00bb style=\u00bbgradient-custom\u00bb gradient_custom_color_1=\u00bb#25a6b9&#8243; gradient_custom_color_2=\u00bb#e22893&#8243; shape=\u00bbround\u00bb size=\u00bblg\u00bb align=\u00bbcenter\u00bb css=\u00bb.vc_custom_1786963398976{padding-right: 3% !important;padding-left: 3% !important;}\u00bb link=\u00bburl:https%3A%2F%2Fbadabus.com%2Fca%2Fpressupost-lloguer-de-minibusos%2F|title:Pressupost%20lloguer%20Minib%C3%BAs%20VIP\u00bb][vc_empty_space height=\u00bb85px\u00bb][\/vc_column][\/vc_row][vc_row][vc_column][vc_empty_space height=\u00bb80px\u00bb][\/vc_column][\/vc_row][vc_row][vc_column width=\u00bb1\/2&#8243; css=\u00bb.vc_custom_1771842321319{margin-left: 30px !important;}\u00bb][vc_single_image image=\u00bb15042&#8243; img_size=\u00bblarge\u00bb alignment=\u00bbcenter\u00bb css=\u00bb.vc_custom_1771585136961{border-radius: 5px !important;}\u00bb][\/vc_column][vc_column width=\u00bb1\/2&#8243;][vc_column_text css=\u00bb\u00bb]<\/p>\n<h2 class=\"h2-ferias\">Minib\u00fas VIP per al Seafood Expo Global<\/h2>\n<p>[\/vc_column_text][vc_column_text css=\u00bb\u00bb]<\/p>\n<p class=\"p-tics\"><img loading=\"lazy\" decoding=\"async\" class=\"icono-tic\" src=\"https:\/\/badabus.com\/wp-content\/uploads\/icono-tic.png\" alt=\"icona tic\" width=\"15\" height=\"15\" \/> Transfers puntuals aeroport <img loading=\"lazy\" decoding=\"async\" class=\"alignnone size-full wp-image-13803\" src=\"https:\/\/badabus.com\/wp-content\/uploads\/flecha-rutas.png\" alt=\"fletxa rutes fires\" width=\"27\" height=\"8\" \/> fira <img loading=\"lazy\" decoding=\"async\" class=\"alignnone size-full wp-image-13803\" src=\"https:\/\/badabus.com\/wp-content\/uploads\/flecha-rutas.png\" alt=\"fletxa rutes fires\" width=\"27\" height=\"8\" \/> hotel<\/p>\n<p class=\"p-tics\"><img loading=\"lazy\" decoding=\"async\" class=\"icono-tic\" src=\"https:\/\/badabus.com\/wp-content\/uploads\/icono-tic.png\" alt=\"icona tic\" width=\"15\" height=\"15\" \/> Minibusos moderns i conductors professionals<\/p>\n<p class=\"p-tics\"><img loading=\"lazy\" decoding=\"async\" class=\"icono-tic\" src=\"https:\/\/badabus.com\/wp-content\/uploads\/icono-tic.png\" alt=\"icona tic\" width=\"15\" height=\"15\" \/> Servei flexible adaptat a agendes de congressos<\/p>\n<p class=\"p-tics\"><img loading=\"lazy\" decoding=\"async\" class=\"icono-tic\" src=\"https:\/\/badabus.com\/wp-content\/uploads\/icono-tic.png\" alt=\"icona tic\" width=\"15\" height=\"15\" \/> Disponible en exclusiva les hores que necessitis<\/p>\n<p>[\/vc_column_text][vc_btn title=\u00bbSol\u00b7licitar pressupost sense comprom\u00eds\u00bb style=\u00bbgradient-custom\u00bb gradient_custom_color_1=\u00bb#25a6b9&#8243; gradient_custom_color_2=\u00bb#e22893&#8243; shape=\u00bbround\u00bb size=\u00bblg\u00bb align=\u00bbleft\u00bb css=\u00bb.vc_custom_1786963441017{padding-right: 3% !important;padding-left: 3% !important;}\u00bb link=\u00bburl:https%3A%2F%2Fbadabus.com%2Fca%2Fpressupost-lloguer-de-minibusos%2F|title:Pressupost%20lloguer%20Minib%C3%BAs%20VIP\u00bb][\/vc_column][\/vc_row][vc_row][vc_column][vc_empty_space height=\u00bb80px\u00bb][\/vc_column][\/vc_row][vc_row el_id=\u00bbfila-gris\u00bb css=\u00bb.vc_custom_1771569848809{padding-top: 80px !important;padding-bottom: 80px !important;}\u00bb][vc_column][vc_column_text css=\u00bb\u00bb]<\/p>\n<h2 class=\"h2-quien-necesita color-negro\">Qui necessita transport per al Seafood Expo Global?<\/h2>\n<p class=\"p-tics centrado\">Transport corporatiu per a professionals que visiten Barcelona amb motiu del Seafood Expo Global<\/p>\n<p>[\/vc_column_text][vc_empty_space height=\u00bb20px\u00bb][vc_row_inner][vc_column_inner width=\u00bb1\/4&#8243;][vc_single_image image=\u00bb13805&#8243; alignment=\u00bbcenter\u00bb css=\u00bb.vc_custom_1771569533318{margin-bottom: 0px !important;}\u00bb][vc_column_text css=\u00bb.vc_custom_1771589825077{margin-bottom: 0px !important;}\u00bb]<\/p>\n<p class=\"titulo-icono color-negro\">Comercials i directius<\/p>\n<p class=\"p-icono color-gris-osc\">Transporta el teu equip complet<\/p>\n<p>[\/vc_column_text][\/vc_column_inner][vc_column_inner width=\u00bb1\/4&#8243;][vc_single_image image=\u00bb15046&#8243; alignment=\u00bbcenter\u00bb css=\u00bb.vc_custom_1771573005490{margin-bottom: 0px !important;}\u00bb][vc_column_text css=\u00bb.vc_custom_1771589852246{margin-bottom: 0px !important;}\u00bb]<\/p>\n<p class=\"titulo-icono color-negro\">Organitzadors de fires i congressos<\/p>\n<p class=\"p-icono color-gris-osc\">Trasllats grupals organitzats<\/p>\n<p>[\/vc_column_text][\/vc_column_inner][vc_column_inner width=\u00bb1\/4&#8243;][vc_single_image image=\u00bb15048&#8243; alignment=\u00bbcenter\u00bb css=\u00bb.vc_custom_1771573017674{margin-bottom: 0px !important;}\u00bb][vc_column_text css=\u00bb.vc_custom_1771589868845{margin-bottom: 0px !important;}\u00bb]<\/p>\n<p class=\"titulo-icono color-negro\">Empreses expositores<\/p>\n<p class=\"p-icono color-gris-osc\">Log\u00edstica per a estands i equips<\/p>\n<p>[\/vc_column_text][\/vc_column_inner][vc_column_inner width=\u00bb1\/4&#8243;][vc_single_image image=\u00bb15047&#8243; alignment=\u00bbcenter\u00bb css=\u00bb.vc_custom_1771573029689{margin-bottom: 0px !important;}\u00bb][vc_column_text css=\u00bb.vc_custom_1771589887678{margin-bottom: 0px !important;}\u00bb]<\/p>\n<p class=\"titulo-icono color-negro\">Ag\u00e8ncies d&#8217;esdeveniments<\/p>\n<p class=\"p-icono color-gris-osc\">Servei individual personalitzat<\/p>\n<p>[\/vc_column_text][\/vc_column_inner][\/vc_row_inner][\/vc_column][\/vc_row][vc_row css=\u00bb.vc_custom_1771571985762{padding-top: 120px !important;padding-bottom: 80px !important;}\u00bb][vc_column][vc_column_text css=\u00bb\u00bb]<\/p>\n<h3 class=\"h3-transporte\">Servei de transport disponible<\/h3>\n<p class=\"p-tics centrado\">per a la Fira Seafood Expo Global a Barcelona<\/p>\n<p>[\/vc_column_text][vc_empty_space height=\u00bb30px\u00bb][vc_row_inner][vc_column_inner width=\u00bb1\/3&#8243; el_id=\u00bbfondo-traslados-directos\u00bb css=\u00bb.vc_custom_1771574011180{padding-top: 35px !important;padding-right: 20px !important;padding-bottom: 35px !important;padding-left: 20px !important;}\u00bb][vc_single_image image=\u00bb15043&#8243; css=\u00bb.vc_custom_1771572737759{margin-bottom: 0px !important;}\u00bb][vc_column_text css=\u00bb.vc_custom_1771925147566{margin-bottom: 0px !important;}\u00bb]<\/p>\n<h4 class=\"h4-traslados\">Fira Seafood Expo Global<\/h4>\n<p class=\"titulo-traslados color-blanco\">Trasllats directes<br \/>\n(anada i tornada)<\/p>\n<p class=\"p-traslados\">Des de l&#8217;aeroport, l&#8217;hotel o qualsevol punt de Barcelona fins al recinte firal i tornada:<\/p>\n<p class=\"p-traslados\">\u00b7 Aeroport <img loading=\"lazy\" decoding=\"async\" class=\"alignnone size-full wp-image-14019\" src=\"https:\/\/badabus.com\/wp-content\/uploads\/flecha-rutas-blanca.png\" alt=\"fletxa rutes blanca\" width=\"27\" height=\"8\" \/> Fira<br \/>\n\u00b7 Hotel <img loading=\"lazy\" decoding=\"async\" class=\"alignnone size-full wp-image-14019\" src=\"https:\/\/badabus.com\/wp-content\/uploads\/flecha-rutas-blanca.png\" alt=\"fletxa rutes blanca\" width=\"27\" height=\"8\" \/> Fira<br \/>\n\u00b7 Punt espec\u00edfic <img loading=\"lazy\" decoding=\"async\" class=\"alignnone size-full wp-image-14019\" src=\"https:\/\/badabus.com\/wp-content\/uploads\/flecha-rutas-blanca.png\" alt=\"fletxa rutes blanca\" width=\"27\" height=\"8\" \/> Fira<\/p>\n<p>[\/vc_column_text][vc_empty_space height=\u00bb42px\u00bb][\/vc_column_inner][vc_column_inner width=\u00bb1\/3&#8243; el_id=\u00bbfondo-traslados-combinados\u00bb css=\u00bb.vc_custom_1771574023281{padding-top: 35px !important;padding-right: 20px !important;padding-bottom: 35px !important;padding-left: 20px !important;}\u00bb][vc_single_image image=\u00bb15045&#8243; css=\u00bb.vc_custom_1771573263466{margin-bottom: 0px !important;}\u00bb][vc_column_text css=\u00bb.vc_custom_1771925155666{margin-bottom: 0px !important;}\u00bb]<\/p>\n<h4 class=\"h4-traslados\">Fira Seafood Expo Global<\/h4>\n<p class=\"titulo-traslados color-blanco\">Trasllats combinats<br \/>\nhotel &#8211; fira &#8211; aeroport<\/p>\n<p class=\"p-traslados\">Servei integral per a diversos dies de l&#8217;esdeveniment:<\/p>\n<p class=\"p-traslados\">\u00b7 Aeroport <img loading=\"lazy\" decoding=\"async\" class=\"alignnone size-full wp-image-14019\" src=\"https:\/\/badabus.com\/wp-content\/uploads\/flecha-rutas-blanca.png\" alt=\"fletxa rutes blanca\" width=\"27\" height=\"8\" \/> Hotel<br \/>\n\u00b7 Hotel <img loading=\"lazy\" decoding=\"async\" class=\"alignnone size-full wp-image-14019\" src=\"https:\/\/badabus.com\/wp-content\/uploads\/flecha-rutas-blanca.png\" alt=\"fletxa rutes blanca\" width=\"27\" height=\"8\" \/> Fira<br \/>\n\u00b7 Fira <img loading=\"lazy\" decoding=\"async\" class=\"alignnone size-full wp-image-14019\" src=\"https:\/\/badabus.com\/wp-content\/uploads\/flecha-rutas-blanca.png\" alt=\"fletxa rutes blanca\" width=\"27\" height=\"8\" \/> Hotel<br \/>\n\u00b7 Hotel <img loading=\"lazy\" decoding=\"async\" class=\"alignnone size-full wp-image-14019\" src=\"https:\/\/badabus.com\/wp-content\/uploads\/flecha-rutas-blanca.png\" alt=\"fletxa rutes blanca\" width=\"27\" height=\"8\" \/> Aeroport<\/p>\n<p>[\/vc_column_text][vc_empty_space height=\u00bb42px\u00bb][\/vc_column_inner][vc_column_inner width=\u00bb1\/3&#8243; el_id=\u00bbfondo-traslados-corporativos\u00bb css=\u00bb.vc_custom_1771574041731{padding-top: 35px !important;padding-right: 20px !important;padding-bottom: 35px !important;padding-left: 20px !important;}\u00bb][vc_single_image image=\u00bb15044&#8243; css=\u00bb.vc_custom_1771573280198{margin-bottom: 0px !important;}\u00bb][vc_column_text css=\u00bb.vc_custom_1771925163800{margin-bottom: 0px !important;}\u00bb]<\/p>\n<h4 class=\"h4-traslados\">Fira Seafood Expo Global<\/h4>\n<p class=\"titulo-traslados color-blanco\">Transport corporatiu<br \/>\namb ruta addicional<\/p>\n<p class=\"p-traslados\">Per a directius que necessiten privacitat, comoditat i atenci\u00f3 personalitzada:<\/p>\n<p class=\"p-traslados\">\u00b7 Aeroport <img loading=\"lazy\" decoding=\"async\" class=\"alignnone size-full wp-image-14019\" src=\"https:\/\/badabus.com\/wp-content\/uploads\/flecha-rutas-blanca.png\" alt=\"fletxa rutes blanca\" width=\"27\" height=\"8\" \/> Fira +<br \/>\nRuta per Barcelona i\/o Catalunya<\/p>\n<p class=\"p-traslados-peq\">Andorra \u00b7 La Roca Village \u00b7 Montserrat \u00b7 Sitges \u00b7 Figueres \u00b7 Costa Brava \u00b7 Altres destinacions sota petici\u00f3<\/p>\n<p>[\/vc_column_text][\/vc_column_inner][\/vc_row_inner][\/vc_column][\/vc_row][vc_row][vc_column][vc_single_image image=\u00bb15070&#8243; img_size=\u00bbfull\u00bb alignment=\u00bbcenter\u00bb css=\u00bb\u00bb][\/vc_column][\/vc_row][vc_row css=\u00bb.vc_custom_1771569848809{padding-top: 80px !important;padding-bottom: 80px !important;}\u00bb][vc_column][vc_column_text css=\u00bb\u00bb]<\/p>\n<h2 class=\"p-que-necesitas\">Qu\u00e8 necessites saber sobre la<br \/>\n<span class=\"h2-que-necesitas\">Fira Seafood Expo Global a Barcelona<\/span><\/h2>\n<p>[\/vc_column_text][vc_empty_space height=\u00bb20px\u00bb][vc_row_inner][vc_column_inner el_class=\u00bbcolumna-tarjeta\u00bb width=\u00bb1\/3&#8243;][vc_column_text css=\u00bb.vc_custom_1771583601394{margin-bottom: 0px !important;}\u00bb]<\/p>\n<div class=\"tarjeta-info tarjeta-ubicacion\">\n<div class=\"tarjeta-ubicacion__texto\">\n<p class=\"p-banner-que-necesitas\">Ubicaci\u00f3<\/p>\n<p class=\"h3-banner-que-necesitas color-magenta\">Fira Barcelona Gran Via<br \/>\nCatalunya<\/p>\n<\/div>\n<\/div>\n<p>[\/vc_column_text][\/vc_column_inner][vc_column_inner el_class=\u00bbcolumna-tarjeta\u00bb width=\u00bb1\/3&#8243;][vc_column_text css=\u00bb.vc_custom_1771925766053{margin-bottom: 0px !important;}\u00bb]<\/p>\n<div class=\"tarjeta-info tarjeta-sector\">\n<div class=\"tarjeta-ubicacion__texto\">\n<p class=\"p-banner-que-necesitas\">Sector<\/p>\n<p class=\"h3-banner-que-necesitas color-azul-osc\">Ind\u00fastria<br \/>\naliment\u00e0ria<\/p>\n<\/div>\n<\/div>\n<p>[\/vc_column_text][\/vc_column_inner][vc_column_inner el_class=\u00bbcolumna-tarjeta\u00bb width=\u00bb1\/3&#8243;][vc_column_text css=\u00bb.vc_custom_1771584027098{margin-bottom: 0px !important;}\u00bb]<\/p>\n<div class=\"tarjeta-info tarjeta-transporte-recomendado\">\n<div class=\"tarjeta-ubicacion__texto\">\n<p class=\"p-banner-que-necesitas\">Transport recomanat<\/p>\n<p class=\"h3-banner-que-necesitas color-azul-cla\">Minib\u00fas VIP<br \/>\nBadabus<\/p>\n<\/div>\n<\/div>\n<p>[\/vc_column_text][\/vc_column_inner][\/vc_row_inner][vc_row_inner css=\u00bb.vc_custom_1771588754055{margin-top: 10px !important;}\u00bb][vc_column_inner width=\u00bb1\/2&#8243; css=\u00bb.vc_custom_1771588768920{border-radius: 5px !important;}\u00bb][vc_single_image image=\u00bb15051&#8243; img_size=\u00bblarge\u00bb alignment=\u00bbcenter\u00bb css=\u00bb.vc_custom_1771588764979{border-radius: 5px !important;}\u00bb el_class=\u00bbradio-fotos\u00bb][\/vc_column_inner][vc_column_inner width=\u00bb1\/2&#8243;][vc_column_text css=\u00bb\u00bb]<\/p>\n<p class=\"p-detalle-feria\"><strong>La <a href=\"https:\/\/www.seafoodexpo.com\/global\/\" target=\"_blank\" rel=\"noopener nofollow\">Seafood Expo Global<\/a> \u00e9s una de les trobades internacionals m\u00e9s rellevants del sector de la ind\u00fastria pesquera i els productes del mar.<\/strong> Cada any reuneix a Barcelona milers de professionals, directius i empreses expositores procedents de tot el m\u00f3n, i es consolida com un punt clau per al comer\u00e7 internacional, la innovaci\u00f3 i les relacions estrat\u00e8giques dins del sector alimentari.<\/p>\n<p class=\"p-detalle-feria\">Durant els dies de la fira, la ciutat experimenta una alta concentraci\u00f3 de visitants professionals, amb agendes molt definides i m\u00faltiples despla\u00e7aments diaris entre aeroport, hotels, recinte firal i trobades comercials paral\u00b7leles.<\/p>\n<p class=\"p-detalle-feria\">Aquesta intensa activitat converteix la planificaci\u00f3 del transport en un factor determinant per garantir puntualitat, comoditat i una organitzaci\u00f3 eficient durant tot l&#8217;esdeveniment. En aquest context, disposar d&#8217;un servei de transport professional en <a href=\"https:\/\/badabus.com\/ca\/lloguer-de-minibus-barcelona\/\">minib\u00fas<\/a> permet a empreses, delegacions i equips comercials <strong>optimitzar temps, coordinar millor els seus despla\u00e7aments i delegar la log\u00edstica en un prove\u00efdor especialitzat<\/strong>.<\/p>\n<p class=\"p-detalle-feria\">Una soluci\u00f3 pensada per a qui assisteix a la Seafood Expo Global amb un objectiu clar: aprofitar al m\u00e0xim les oportunitats comercials i de networking, sense preocupar-se per la mobilitat en una ciutat que viu el ritme d&#8217;una gran fira internacional.<\/p>\n<p>[\/vc_column_text][\/vc_column_inner][\/vc_row_inner][vc_row_inner el_class=\u00bbfila-centrada\u00bb css=\u00bb.vc_custom_1771935040335{margin-bottom: 0px !important;}\u00bb][vc_column_inner el_class=\u00bbcolumna-details\u00bb width=\u00bb1\/2&#8243; css=\u00bb.vc_custom_1771935061701{margin-bottom: 10px !important;}\u00bb][vc_column_text css=\u00bb.vc_custom_1771935229752{margin-bottom: 0px !important;}\u00bb]<\/p>\n<details>\n<summary class=\"titulo-details\">Perfil del visitant del Seafood Expo Global<\/summary>\n<p class=\"p-details\">El Seafood Expo Global reuneix professionals del sector pesquer i alimentari amb interessos de negoci ben definits. El perfil de visitant est\u00e0 format principalment per:<\/p>\n<ul class=\"p-details\">\n<li>Compradors i distribu\u00efdors majoristes de productes del mar.<\/li>\n<li>Importadors i exportadors de peix, marisc i productes afins.<\/li>\n<li>Representants de cadenes de supermercats i retail.<\/li>\n<li>Responsables de compres de restauraci\u00f3 i horeca.<\/li>\n<li>Empreses i executius del sector de processament i log\u00edstica d&#8217;aliments.<\/li>\n<\/ul>\n<p class=\"p-details\">Aquests assistents hi acudeixen amb objectius concrets: ampliar la seva xarxa de prove\u00efdors, con\u00e8ixer noves ofertes de producte i establir acords comercials a escala internacional.<\/p>\n<\/details>\n<p>[\/vc_column_text][\/vc_column_inner][vc_column_inner el_class=\u00bbcolumna-details\u00bb width=\u00bb1\/2&#8243; css=\u00bb.vc_custom_1771935070358{margin-bottom: 10px !important;}\u00bb][vc_column_text css=\u00bb.vc_custom_1771935303835{margin-bottom: 0px !important;}\u00bb]<\/p>\n<details>\n<summary class=\"titulo-details\">Tipus d&#8217;empreses expositores del Seafood Expo Global<\/summary>\n<p class=\"p-details\">En aquesta fira s&#8217;hi exhibeixen empreses especialitzades en diferents baules del mercat del mar, com ara:<\/p>\n<ul class=\"p-details\">\n<li>Prove\u00efdors de productes pesquers frescos, congelats i processats.<\/li>\n<li>Fabricants d&#8217;equips de processament i envasat d&#8217;aliments.<\/li>\n<li>Empreses de log\u00edstica i cadena de fred.<\/li>\n<li>Serveis de qualitat aliment\u00e0ria i seguretat sanit\u00e0ria.<\/li>\n<li>Organitzacions de promoci\u00f3 regional i nacional.<\/li>\n<\/ul>\n<p class=\"p-details\">La combinaci\u00f3 de productes i serveis converteix el Seafood Expo Global en el principal punt de trobada mundial per als professionals de la ind\u00fastria del mar i l&#8217;alimentaci\u00f3.<\/p>\n<\/details>\n<p>[\/vc_column_text][\/vc_column_inner][\/vc_row_inner][vc_row_inner el_class=\u00bbfila-centrada\u00bb css=\u00bb.vc_custom_1771935040335{margin-bottom: 0px !important;}\u00bb][vc_column_inner el_class=\u00bbcolumna-details\u00bb width=\u00bb1\/2&#8243; css=\u00bb.vc_custom_1771935061701{margin-bottom: 10px !important;}\u00bb][vc_column_text css=\u00bb.vc_custom_1771935522219{margin-bottom: 0px !important;}\u00bb]<\/p>\n<details>\n<summary class=\"titulo-details\">Necessitats log\u00edstiques de l&#8217;esdeveniment Seafood Expo Global<\/summary>\n<p class=\"p-details\">La log\u00edstica del Seafood Expo Global est\u00e0 orientada a facilitar el negoci i la gesti\u00f3 professional. Entre les seves necessitats destaquen:<\/p>\n<ul class=\"p-details\">\n<li>Transport especialitzat per a grans grups de delegats internacionals.<\/li>\n<li>Mobilitat entre hotels, aeroports i el recinte firal de Fira Gran Via.<\/li>\n<li>Gesti\u00f3 de trasllats amb horaris ajustats durant els dies de fira.<\/li>\n<li>Suport al trasllat de material promocional o mostres comercials.<\/li>\n<li>Coordinaci\u00f3 de viatges per a compradors i delegacions amb agendes m\u00faltiples.<\/li>\n<\/ul>\n<p class=\"p-details\">Aquests requeriments espec\u00edfics reflecteixen que, a m\u00e9s de ser un esdeveniment d&#8217;exposici\u00f3, \u00e9s un espai clau de negociaci\u00f3 i networking professional.<\/p>\n<\/details>\n<p>[\/vc_column_text][\/vc_column_inner][vc_column_inner el_class=\u00bbcolumna-details\u00bb width=\u00bb1\/2&#8243; css=\u00bb.vc_custom_1771935070358{margin-bottom: 10px !important;}\u00bb][vc_column_text css=\u00bb.vc_custom_1771935538854{margin-bottom: 0px !important;}\u00bb]<\/p>\n<details>\n<summary class=\"titulo-details\">Principals pa\u00efsos representats al Seafood Expo Global<\/summary>\n<p class=\"p-details\">La participaci\u00f3 internacional al Seafood Expo Global \u00e9s molt \u00e0mplia i inclou regions com ara:<\/p>\n<ul class=\"p-details\">\n<li>Europa (Espanya, Noruega, Pa\u00efsos Baixos)<\/li>\n<li>Am\u00e8rica del Nord (Estats Units, Canad\u00e0)<\/li>\n<li>\u00c0sia (Jap\u00f3, Corea del Sud)<\/li>\n<li>\u00c0frica (Sud-\u00e0frica, Egipte)<\/li>\n<li>Llatinoam\u00e8rica (Xile, Per\u00fa)<\/li>\n<\/ul>\n<p class=\"p-details\">En edicions recents s&#8217;hi va registrar la pres\u00e8ncia de professionals de 87 pa\u00efsos, amb una representaci\u00f3 s\u00f2lida dels mercats globals de pesca, aq\u00fcicultura i distribuci\u00f3 aliment\u00e0ria.<\/p>\n<p><strong>Nombre d&#8217;assistents del Seafood Expo Global<\/strong><br \/>\n2023: m\u00e9s de 33.000 professionals del sector.<br \/>\n2024: m\u00e9s de 35.000 visitants i professionals de la ind\u00fastria.<br \/>\n2025: m\u00e9s de 35.000 professionals de la ind\u00fastria del mar i afins.<\/p>\n<p>Aquestes xifres consoliden el Seafood Expo Global com un dels esdeveniments de m\u00e9s volum i creixement del sector alimentari a escala internacional.<\/p>\n<\/details>\n<p>[\/vc_column_text][\/vc_column_inner][\/vc_row_inner][\/vc_column][\/vc_row][vc_row el_id=\u00bbfila-morada\u00bb css=\u00bb.vc_custom_1771596688152{padding-top: 60px !important;padding-bottom: 60px !important;}\u00bb][vc_column][vc_column_text css=\u00bb\u00bb]<\/p>\n<h2 class=\"h2-quien-necesita color-blanco\">Per qu\u00e8 triar Badabus per al teu congr\u00e9s o fira a Barcelona?<\/h2>\n<p>[\/vc_column_text][vc_empty_space height=\u00bb30px\u00bb][vc_row_inner][vc_column_inner width=\u00bb1\/5&#8243;][vc_single_image image=\u00bb15053&#8243; alignment=\u00bbcenter\u00bb css=\u00bb.vc_custom_1771592050302{margin-bottom: 0px !important;}\u00bb][vc_column_text css=\u00bb.vc_custom_1771596543019{margin-top: 0px !important;margin-bottom: 0px !important;}\u00bb]<\/p>\n<p class=\"titulo-icono color-blanco\">Puntualitat garantida<\/p>\n<p class=\"p-icono color-blanco\">Arribem sempre a temps<\/p>\n<p>[\/vc_column_text][\/vc_column_inner][vc_column_inner width=\u00bb1\/5&#8243;][vc_single_image image=\u00bb15056&#8243; alignment=\u00bbcenter\u00bb css=\u00bb.vc_custom_1771592056165{margin-bottom: 0px !important;}\u00bb][vc_column_text css=\u00bb.vc_custom_1771591701073{margin-bottom: 0px !important;}\u00bb]<\/p>\n<p class=\"titulo-icono color-blanco\">Conductors professionals<\/p>\n<p class=\"p-icono color-blanco\">amb experi\u00e8ncia en esdeveniments<\/p>\n<p>[\/vc_column_text][\/vc_column_inner][vc_column_inner width=\u00bb1\/5&#8243;][vc_single_image image=\u00bb15054&#8243; alignment=\u00bbcenter\u00bb css=\u00bb.vc_custom_1771592068345{margin-bottom: 0px !important;}\u00bb][vc_column_text css=\u00bb.vc_custom_1771589955328{margin-bottom: 0px !important;}\u00bb]<\/p>\n<p class=\"titulo-icono color-blanco\">Minibusos c\u00f2modes<\/p>\n<p class=\"p-icono color-blanco\">Climatitzats i espaiosos<\/p>\n<p>[\/vc_column_text][\/vc_column_inner][vc_column_inner width=\u00bb1\/5&#8243;][vc_single_image image=\u00bb15052&#8243; alignment=\u00bbcenter\u00bb css=\u00bb.vc_custom_1771592074535{margin-bottom: 0px !important;}\u00bb][vc_column_text css=\u00bb.vc_custom_1771589980245{margin-bottom: 0px !important;}\u00bb]<\/p>\n<p class=\"titulo-icono color-blanco\">Imatge professional<\/p>\n<p class=\"p-icono color-blanco\">Per a empreses i equips<\/p>\n<p>[\/vc_column_text][\/vc_column_inner][vc_column_inner width=\u00bb1\/5&#8243;][vc_single_image image=\u00bb15055&#8243; alignment=\u00bbcenter\u00bb css=\u00bb.vc_custom_1771592093860{margin-bottom: 0px !important;}\u00bb][vc_column_text css=\u00bb\u00bb]<\/p>\n<p class=\"titulo-icono color-blanco\">Facilitador de log\u00edstica<\/p>\n<p class=\"p-icono color-blanco\">Un \u00fanic prove\u00efdor per a tot<\/p>\n<p>[\/vc_column_text][\/vc_column_inner][\/vc_row_inner][\/vc_column][\/vc_row][vc_row css=\u00bb.vc_custom_1771596688152{padding-top: 60px !important;padding-bottom: 60px !important;}\u00bb][vc_column][vc_empty_space height=\u00bb30px\u00bb][\/vc_column][\/vc_row][vc_row row_fullwidth=\u00bb1&#8243; row_vertical_center=\u00bb1&#8243;][vc_column width=\u00bb1\/4&#8243; el_class=\u00bbcolumna1-como-funciona\u00bb][vc_column_text css=\u00bb\u00bb]<\/p>\n<h3 class=\"h3-como-funciona\">Com funciona el servei<\/h3>\n<p>[\/vc_column_text][vc_column_text css=\u00bb.vc_custom_1771847463191{margin-bottom: 10px !important;}\u00bb]<\/p>\n<div class=\"bloque-info\">\n<div class=\"icono\"><img decoding=\"async\" src=\"https:\/\/badabus.com\/wp-content\/uploads\/circulos-01.svg\" alt=\"Pas 1\" \/><\/div>\n<div class=\"texto-como-funciona\">Indiques l&#8217;esdeveniment, les dates i el nombre de persones<\/div>\n<\/div>\n<p>[\/vc_column_text][vc_column_text css=\u00bb.vc_custom_1771847668598{margin-bottom: 10px !important;}\u00bb]<\/p>\n<div class=\"bloque-info\">\n<div class=\"icono\"><img decoding=\"async\" src=\"https:\/\/badabus.com\/wp-content\/uploads\/circulos-02.svg\" alt=\"Pas 2\" \/><\/div>\n<div class=\"texto-como-funciona\">Assignaci\u00f3 de vehicle i conductor especialitzat<\/div>\n<\/div>\n<p>[\/vc_column_text][vc_column_text css=\u00bb.vc_custom_1771847446841{margin-bottom: 10px !important;}\u00bb]<\/p>\n<div class=\"bloque-info\">\n<div class=\"icono\"><img decoding=\"async\" src=\"https:\/\/badabus.com\/wp-content\/uploads\/circulos-03.svg\" alt=\"Pas 3\" \/><\/div>\n<div class=\"texto-como-funciona\">Dissenyem la ruta i els horaris \u00f2ptims<\/div>\n<\/div>\n<p>[\/vc_column_text][vc_column_text css=\u00bb.vc_custom_1771847679498{margin-bottom: 10px !important;}\u00bb]<\/p>\n<div class=\"bloque-info\">\n<div class=\"icono\"><img decoding=\"async\" src=\"https:\/\/badabus.com\/wp-content\/uploads\/circulos-04.svg\" alt=\"Pas 4\" \/><\/div>\n<div class=\"texto-como-funciona\">Transport puntual durant el congr\u00e9s o esdeveniment<\/div>\n<\/div>\n<p>[\/vc_column_text][vc_column_text css=\u00bb.vc_custom_1771847689148{margin-bottom: 10px !important;}\u00bb]<\/p>\n<div class=\"bloque-info\">\n<div class=\"icono\"><img decoding=\"async\" src=\"https:\/\/badabus.com\/wp-content\/uploads\/circulos-05.svg\" alt=\"Pas 5\" \/><\/div>\n<div class=\"texto-como-funciona\">Confirmaci\u00f3 del servei i planificaci\u00f3<\/div>\n<\/div>\n<p>[\/vc_column_text][vc_btn title=\u00bbSol\u00b7licitar pressupost sense comprom\u00eds\u00bb style=\u00bbgradient-custom\u00bb gradient_custom_color_1=\u00bb#25a6b9&#8243; gradient_custom_color_2=\u00bb#e22893&#8243; shape=\u00bbround\u00bb align=\u00bbleft\u00bb css=\u00bb.vc_custom_1786963519565{padding-right: 3% !important;padding-left: 3% !important;}\u00bb link=\u00bburl:https%3A%2F%2Fbadabus.com%2Fca%2Fpressupost-lloguer-de-minibusos%2F|title:Pressupost%20lloguer%20Minib%C3%BAs%20VIP\u00bb][\/vc_column][vc_column width=\u00bb3\/4&#8243; el_class=\u00bbcolumna2-como-funciona\u00bb][vc_single_image image=\u00bb15057&#8243; img_size=\u00bbfull\u00bb css=\u00bb.vc_custom_1771842447378{border-radius: 10px !important;}\u00bb][\/vc_column][\/vc_row][vc_row][vc_column][vc_empty_space height=\u00bb50px\u00bb][vc_row_inner][vc_column_inner][vc_column_text css=\u00bb\u00bb]<\/p>\n<h2 class=\"p-que-necesitas\">Vehicles i capacitat<br \/>\n<span class=\"h2-que-necesitas\">Transport Premium per al Seafood Expo Global<\/span><\/h2>\n<p>[\/vc_column_text][\/vc_column_inner][\/vc_row_inner][vc_row_inner][vc_column_inner width=\u00bb1\/2&#8243;][vc_images_carousel images=\u00bb15058,15059,15060,15061&#8243; img_size=\u00bblarge\u00bb onclick=\u00bblink_no\u00bb autoplay=\u00bbyes\u00bb hide_pagination_control=\u00bbyes\u00bb wrap=\u00bbyes\u00bb css=\u00bb.vc_custom_1771855271562{border-radius: 5px !important;}\u00bb][vc_column_text css=\u00bb.vc_custom_1772005914336{padding-right: 20px !important;padding-left: 20px !important;}\u00bb]<\/p>\n<h3 class=\"titulo-capacidad color-azul-cla\">Minibusos VIP per a grups professionals<\/h3>\n<ul class=\"lista-personalizada\">\n<li class=\"p-tics\">Capacitat adaptable segons les necessitats<\/li>\n<li class=\"p-tics\">Vehicles revisats i confortables<\/li>\n<li class=\"p-tics\">Espai per a equipatge, material promocional o expositors<\/li>\n<\/ul>\n<p>[\/vc_column_text][\/vc_column_inner][vc_column_inner width=\u00bb1\/2&#8243;][vc_images_carousel images=\u00bb15067,15065,15062,15063&#8243; img_size=\u00bblarge\u00bb onclick=\u00bblink_no\u00bb autoplay=\u00bbyes\u00bb hide_pagination_control=\u00bbyes\u00bb wrap=\u00bbyes\u00bb css=\u00bb.vc_custom_1771855364299{border-radius: 5px !important;}\u00bb][vc_column_text css=\u00bb.vc_custom_1772005920355{padding-right: 20px !important;padding-left: 20px !important;}\u00bb]<\/p>\n<h3 class=\"titulo-capacidad color-morado\">Autocars per a transports amb m\u00e9s capacitat<\/h3>\n<ul>\n<li class=\"p-tics\">Puntualitat i flexibilitat segons l&#8217;agenda del congr\u00e9s<\/li>\n<li class=\"p-tics\">Servei personalitzat per a esdeveniments corporatius<\/li>\n<li class=\"p-tics\">Conductors professionals i alta seguretat<\/li>\n<\/ul>\n<p>[\/vc_column_text][\/vc_column_inner][\/vc_row_inner][vc_row_inner][vc_column_inner][vc_btn title=\u00bbSol\u00b7licitar pressupost sense comprom\u00eds\u00bb style=\u00bbgradient-custom\u00bb gradient_custom_color_1=\u00bb#25a6b9&#8243; gradient_custom_color_2=\u00bb#e22893&#8243; shape=\u00bbround\u00bb align=\u00bbcenter\u00bb css=\u00bb.vc_custom_1786963532301{padding-right: 3% !important;padding-left: 3% !important;}\u00bb link=\u00bburl:https%3A%2F%2Fbadabus.com%2Fca%2Fpressupost-lloguer-de-minibusos%2F|title:Pressupost%20lloguer%20Minib%C3%BAs%20VIP\u00bb][\/vc_column_inner][\/vc_row_inner][\/vc_column][\/vc_row][vc_row full_width=\u00bbstretch_row\u00bb row_fullwidth=\u00bb1&#8243;][vc_column][vc_row_inner][vc_column_inner][vc_empty_space height=\u00bb50px\u00bb][\/vc_column_inner][\/vc_row_inner][vc_row_inner el_class=\u00bbfranja-turquesa\u00bb css=\u00bb.vc_custom_1771857500073{padding-top: 120px !important;padding-bottom: 65px !important;}\u00bb][vc_column_inner width=\u00bb1\/2&#8243;][vc_column_text css=\u00bb.vc_custom_1771857515037{padding-right: 20px !important;padding-left: 20px !important;}\u00bb]<\/p>\n<h2 class=\"titulo-traslados color-blanco\">Organitza el transport del teu equip per al congr\u00e9s sense preocupacions<\/h2>\n<p>&nbsp;<\/p>\n<ul>\n<li class=\"p-tics-organiza\">Experi\u00e8ncia en transport per a esdeveniments a Barcelona i l&#8217;\u00e0rea metropolitana<\/li>\n<li class=\"p-tics-organiza\">Optimitzaci\u00f3 de rutes en dies de gran aflu\u00e8ncia<\/li>\n<li class=\"p-tics-organiza\">Coneixement dels accessos a recintes firals, hotels i aeroports<\/li>\n<\/ul>\n<p>[\/vc_column_text][\/vc_column_inner][vc_column_inner width=\u00bb1\/2&#8243;][vc_single_image image=\u00bb15069&#8243; img_size=\u00bblarge\u00bb alignment=\u00bbcenter\u00bb css=\u00bb\u00bb][\/vc_column_inner][\/vc_row_inner][\/vc_column][\/vc_row][vc_row css=\u00bb.vc_custom_1594969838619{margin-bottom: 25px !important;}\u00bb][vc_column][vc_empty_space height=\u00bb60px\u00bb][vc_column_text css=\u00bb\u00bb]<\/p>\n<h2 class=\"h2-titular\">Preguntes freq\u00fcents<span class=\"h2-subtitular\"><br \/>\nsobre el transport a Barcelona del Seafood Expo Global<\/span><\/h2>\n<p>[\/vc_column_text][vc_tta_accordion title_tag=\u00bbh3&#8243; section_title_tag=\u00bbh3&#8243; color=\u00bbwhite\u00bb active_section=\u00bb1&#8243;][vc_tta_section title=\u00bbEl servei pot ser exclusiu per a la nostra empresa?\u00bb tab_id=\u00bb1764068880149-745c9551-1279&#8243; el_class=\u00bbpregunta-faqs\u00bb][vc_column_text css=\u00bb\u00bb]S\u00ed, es pot contractar el servei de manera privada per a la teva empresa o delegaci\u00f3, i es garanteix un entorn reservat, c\u00f2mode i amb atenci\u00f3 personalitzada.<\/p>\n<p>Aquesta modalitat permet establir itineraris, punts de recollida i horaris a mida, i aconseguir un servei de transport m\u00e9s organitzat i coherent amb la planificaci\u00f3 i la imatge corporativa de la teva empresa.[\/vc_column_text][\/vc_tta_section][vc_tta_section title=\u00bbOferiu servei per a grups grans i redu\u00efts?\u00bb tab_id=\u00bb1764068839576-8bfd4fa0-5049&#8243; el_class=\u00bbpregunta-faqs\u00bb][vc_column_text css=\u00bb\u00bb]S\u00ed, ens adaptem a tota mena de grups. Comptem amb una flota vers\u00e0til que abasta des de minibusos per a equips petits fins a autocars per a delegacions \u00e0mplies, cosa que ens permet dimensionar el servei segons cada cas.<\/p>\n<p>Tant si es tracta d&#8217;un trasllat de poques persones com d&#8217;un grup nombr\u00f3s, posem a disposici\u00f3 vehicles confortables i segurs, sempre amb conductor professional, i assegurem un servei organitzat i d&#8217;acord amb el nombre de passatgers.[\/vc_column_text][\/vc_tta_section][vc_tta_section title=\u00bbEs poden ajustar els horaris durant el Seafood Expo Global?\u00bb tab_id=\u00bb1764068316574-314030d4-e84a\u00bb el_class=\u00bbpregunta-faqs\u00bb][vc_column_text css=\u00bb\u00bb]S\u00ed. Sabem que en un esdeveniment d&#8217;aquesta magnitud l&#8217;agenda pot variar en qualsevol moment. Per aix\u00f2 oferim un servei amb marge d&#8217;adaptaci\u00f3 que permet fer modificacions sobre la marxa davant de canvis en reunions, retards o noves necessitats.<\/p>\n<p>El nostre equip gestiona cada ajust de manera \u00e0gil per mantenir la puntualitat i assegurar que el servei continu\u00ef sense interrupcions, fins i tot davant d&#8217;imprevistos.[\/vc_column_text][\/vc_tta_section][vc_tta_section title=\u00bbEs pot reservar el servei durant diversos dies?\u00bb tab_id=\u00bb1764068316557-79ee0471-877b\u00bb el_class=\u00bbpregunta-faqs\u00bb][vc_column_text css=\u00bb\u00bb]\u00c9s clar que s\u00ed. Disposem d&#8217;opcions de contractaci\u00f3 tant per a jornades puntuals com per a la totalitat de l&#8217;esdeveniment, i ens ajustem a la durada i a les necessitats de cada planificaci\u00f3.<\/p>\n<p>Organitzem el servei de transport en funci\u00f3 dels teus horaris i despla\u00e7aments previstos, i assegurem una coordinaci\u00f3 eficient tot reduint qualsevol possible contratemps. Aquesta alternativa resulta especialment pr\u00e0ctica per a fires, congressos o serveis que requereixen mobilitat continuada al llarg de diversos dies.[\/vc_column_text][\/vc_tta_section][\/vc_tta_accordion][vc_empty_space height=\u00bb60px\u00bb][\/vc_column][\/vc_row][vc_row row_fullwidth=\u00bb1&#8243; row_zero_column_space=\u00bb1&#8243; css=\u00bb.vc_custom_1525855960545{margin-top: 0px !important;margin-right: 0px !important;margin-bottom: 0px !important;margin-left: 0px !important;padding-top: 0px !important;padding-right: 0px !important;padding-bottom: 0px !important;padding-left: 0px !important;background-color: #303033 !important;}\u00bb][vc_column width=\u00bb1\/2&#8243; css=\u00bb.vc_custom_1525855742551{margin-top: -30px !important;}\u00bb][vc_single_image image=\u00bb15747&#8243; img_size=\u00bbfull\u00bb css=\u00bb\u00bb][\/vc_column][vc_column width=\u00bb1\/4&#8243; offset=\u00bbvc_hidden-xs\u00bb][vc_single_image image=\u00bb15755&#8243; img_size=\u00bbfull\u00bb css=\u00bb.vc_custom_1787298440997{padding-top: 10px !important;}\u00bb][\/vc_column][vc_column width=\u00bb1\/4&#8243; offset=\u00bbvc_hidden-xs\u00bb][vc_btn title=\u00bbDEMANAR PRESSUPOST\u00bb style=\u00bbgradient-custom\u00bb gradient_custom_color_1=\u00bb#25a6b9&#8243; gradient_custom_color_2=\u00bb#e22893&#8243; shape=\u00bbround\u00bb size=\u00bblg\u00bb align=\u00bbleft\u00bb css=\u00bb.vc_custom_1786963558413{padding-top: 20px !important;}\u00bb link=\u00bburl:https%3A%2F%2Fbadabus.com%2Fca%2Fpressupost-lloguer-de-minibusos%2F\u00bb][\/vc_column][\/vc_row][vc_row][vc_column][vc_raw_html css=\u00bb\u00bb]PHNjcmlwdCB0eXBlPSJhcHBsaWNhdGlvbi9sZCtqc29uIj4KewogICJAY29udGV4dCI6ICJodHRwczovL3NjaGVtYS5vcmciLAogICJAdHlwZSI6ICJGQVFQYWdlIiwKICAibWFpbkVudGl0eSI6IFt7CiAgICAiQHR5cGUiOiAiUXVlc3Rpb24iLAogICAgIm5hbWUiOiAiRWwgc2VydmVpIHBvdCBzZXIgZXhjbHVzaXUgcGVyIGEgbGEgbm9zdHJhIGVtcHJlc2E\/IiwKICAgICJhY2NlcHRlZEFuc3dlciI6IHsKICAgICAgIkB0eXBlIjogIkFuc3dlciIsCiAgICAgICJ0ZXh0IjogIlPDrSwgZXMgcG90IGNvbnRyYWN0YXIgZWwgc2VydmVpIGRlIG1hbmVyYSBwcml2YWRhIHBlciBhIGxhIHRldmEgZW1wcmVzYSBvIGRlbGVnYWNpw7MsIGkgZXMgZ2FyYW50ZWl4IHVuIGVudG9ybiByZXNlcnZhdCwgY8OybW9kZSBpIGFtYiBhdGVuY2nDsyBwZXJzb25hbGl0emFkYS4gQXF1ZXN0YSBtb2RhbGl0YXQgcGVybWV0IGVzdGFibGlyIGl0aW5lcmFyaXMsIHB1bnRzIGRlIHJlY29sbGlkYSBpIGhvcmFyaXMgYSBtaWRhLCBpIGFjb25zZWd1aXIgdW4gc2VydmVpIGRlIHRyYW5zcG9ydCBtw6lzIG9yZ2FuaXR6YXQgaSBjb2hlcmVudCBhbWIgbGEgcGxhbmlmaWNhY2nDsyBpIGxhIGltYXRnZSBjb3Jwb3JhdGl2YSBkZSBsYSB0ZXZhIGVtcHJlc2EuIgogICAgfQogIH0sewogICAgIkB0eXBlIjogIlF1ZXN0aW9uIiwKICAgICJuYW1lIjogIk9mZXJpdSBzZXJ2ZWkgcGVyIGEgZ3J1cHMgZ3JhbnMgaSByZWR1w690cz8iLAogICAgImFjY2VwdGVkQW5zd2VyIjogewogICAgICAiQHR5cGUiOiAiQW5zd2VyIiwKICAgICAgInRleHQiOiAiU8OtLCBlbnMgYWRhcHRlbSBhIHRvdGEgbWVuYSBkZSBncnVwcy4gQ29tcHRlbSBhbWIgdW5hIGZsb3RhIHZlcnPDoHRpbCBxdWUgYWJhc3RhIGRlcyBkZSBtaW5pYnVzb3MgcGVyIGEgZXF1aXBzIHBldGl0cyBmaW5zIGEgYXV0b2NhcnMgcGVyIGEgZGVsZWdhY2lvbnMgw6BtcGxpZXMsIGNvc2EgcXVlIGVucyBwZXJtZXQgZGltZW5zaW9uYXIgZWwgc2VydmVpIHNlZ29ucyBjYWRhIGNhcy4gVGFudCBzaSBlcyB0cmFjdGEgZCd1biB0cmFzbGxhdCBkZSBwb3F1ZXMgcGVyc29uZXMgY29tIGQndW4gZ3J1cCBub21icsOzcywgcG9zZW0gYSBkaXNwb3NpY2nDsyB2ZWhpY2xlcyBjb25mb3J0YWJsZXMgaSBzZWd1cnMsIHNlbXByZSBhbWIgY29uZHVjdG9yIHByb2Zlc3Npb25hbCwgaSBhc3NlZ3VyZW0gdW4gc2VydmVpIG9yZ2FuaXR6YXQgaSBkJ2Fjb3JkIGFtYiBlbCBub21icmUgZGUgcGFzc2F0Z2Vycy4iCiAgICB9CiAgfSx7CiAgICAiQHR5cGUiOiAiUXVlc3Rpb24iLAogICAgIm5hbWUiOiAiRXMgcG9kZW4gYWp1c3RhciBlbHMgaG9yYXJpcyBkdXJhbnQgZWwgU2VhZm9vZCBFeHBvIEdsb2JhbD8iLAogICAgImFjY2VwdGVkQW5zd2VyIjogewogICAgICAiQHR5cGUiOiAiQW5zd2VyIiwKICAgICAgInRleHQiOiAiU8OtLiBTYWJlbSBxdWUgZW4gdW4gZXNkZXZlbmltZW50IGQnYXF1ZXN0YSBtYWduaXR1ZCBsJ2FnZW5kYSBwb3QgdmFyaWFyIGVuIHF1YWxzZXZvbCBtb21lbnQuIFBlciBhaXjDsiBvZmVyaW0gdW4gc2VydmVpIGFtYiBtYXJnZSBkJ2FkYXB0YWNpw7MgcXVlIHBlcm1ldCBmZXIgbW9kaWZpY2FjaW9ucyBzb2JyZSBsYSBtYXJ4YSBkYXZhbnQgZGUgY2FudmlzIGVuIHJldW5pb25zLCByZXRhcmRzIG8gbm92ZXMgbmVjZXNzaXRhdHMuIEVsIG5vc3RyZSBlcXVpcCBnZXN0aW9uYSBjYWRhIGFqdXN0IGRlIG1hbmVyYSDDoGdpbCBwZXIgbWFudGVuaXIgbGEgcHVudHVhbGl0YXQgaSBhc3NlZ3VyYXIgcXVlIGVsIHNlcnZlaSBjb250aW51w68gc2Vuc2UgaW50ZXJydXBjaW9ucywgZmlucyBpIHRvdCBkYXZhbnQgZCdpbXByZXZpc3Rvcy4iCiAgICB9CiAgfSx7CiAgICAiQHR5cGUiOiAiUXVlc3Rpb24iLAogICAgIm5hbWUiOiAiRXMgcG90IHJlc2VydmFyIGVsIHNlcnZlaSBkdXJhbnQgZGl2ZXJzb3MgZGllcz8iLAogICAgImFjY2VwdGVkQW5zd2VyIjogewogICAgICAiQHR5cGUiOiAiQW5zd2VyIiwKICAgICAgInRleHQiOiAiw4lzIGNsYXIgcXVlIHPDrS4gRGlzcG9zZW0gZCdvcGNpb25zIGRlIGNvbnRyYWN0YWNpw7MgdGFudCBwZXIgYSBqb3JuYWRlcyBwdW50dWFscyBjb20gcGVyIGEgbGEgdG90YWxpdGF0IGRlIGwnZXNkZXZlbmltZW50LCBpIGVucyBhanVzdGVtIGEgbGEgZHVyYWRhIGkgYSBsZXMgbmVjZXNzaXRhdHMgZGUgY2FkYSBwbGFuaWZpY2FjacOzLiBPcmdhbml0emVtIGVsIHNlcnZlaSBkZSB0cmFuc3BvcnQgZW4gZnVuY2nDsyBkZWxzIHRldXMgaG9yYXJpcyBpIGRlc3BsYcOnYW1lbnRzIHByZXZpc3RvcywgaSBhc3NlZ3VyZW0gdW5hIGNvb3JkaW5hY2nDsyBlZmljaWVudCB0b3QgcmVkdWludCBxdWFsc2V2b2wgcG9zc2libGUgY29udHJhdGVtcHMuIEFxdWVzdGEgYWx0ZXJuYXRpdmEgcmVzdWx0YSBlc3BlY2lhbG1lbnQgcHLDoGN0aWNhIHBlciBhIGZpcmVzLCBjb25ncmVzc29zIG8gc2VydmVpcyBxdWUgcmVxdWVyZWl4ZW4gbW9iaWxpdGF0IGNvbnRpbnVhZGEgYWwgbGxhcmcgZGUgZGl2ZXJzb3MgZGllcy4iCiAgICB9CiAgfV0KfQo8L3NjcmlwdD4=[\/vc_raw_html][\/vc_column][\/vc_row]<\/p>\n<\/div>","protected":false},"excerpt":{"rendered":"<p>[vc_row row_fullwidth=\u00bb1&#8243; row_zero_column_space=\u00bb1&#8243; css=\u00bb.vc_custom_1771569095907{margin-top: 0px !important;margin-right: 0px !important;margin-bottom: 0px !important;margin-left: 0px !important;padding-top: 0px !important;padding-right: 0px !important;padding-bottom: 0px !important;padding-left: 0px !important;background-image: url(https:\/\/badabus.com\/wp-content\/uploads\/feria-barcelona-1920.webp?id=13834) !important;}\u00bb el_id=\u00bbfila-fondo-1&#8243;][vc_column offset=\u00bbvc_hidden-sm vc_hidden-xs\u00bb][vc_empty_space height=\u00bb85px\u00bb][vc_column_text css=\u00bb\u00bb] Minib\u00fas per a [&hellip;]<\/p>\n","protected":false},"author":10,"featured_media":0,"parent":0,"menu_order":0,"comment_status":"closed","ping_status":"closed","template":"","meta":{"footnotes":""},"class_list":["post-15003","page","type-page","status-publish","hentry"],"_links":{"self":[{"href":"https:\/\/badabus.com\/ca\/wp-json\/wp\/v2\/pages\/15003","targetHints":{"allow":["GET"]}}],"collection":[{"href":"https:\/\/badabus.com\/ca\/wp-json\/wp\/v2\/pages"}],"about":[{"href":"https:\/\/badabus.com\/ca\/wp-json\/wp\/v2\/types\/page"}],"author":[{"embeddable":true,"href":"https:\/\/badabus.com\/ca\/wp-json\/wp\/v2\/users\/10"}],"replies":[{"embeddable":true,"href":"https:\/\/badabus.com\/ca\/wp-json\/wp\/v2\/comments?post=15003"}],"version-history":[{"count":5,"href":"https:\/\/badabus.com\/ca\/wp-json\/wp\/v2\/pages\/15003\/revisions"}],"predecessor-version":[{"id":15905,"href":"https:\/\/badabus.com\/ca\/wp-json\/wp\/v2\/pages\/15003\/revisions\/15905"}],"wp:attachment":[{"href":"https:\/\/badabus.com\/ca\/wp-json\/wp\/v2\/media?parent=15003"}],"curies":[{"name":"wp","href":"https:\/\/api.w.org\/{rel}","templated":true}]}}