{"id":14996,"date":"2026-08-20T14:12:15","date_gmt":"2026-08-20T12:12:15","guid":{"rendered":"https:\/\/badabus.com\/?page_id=14996"},"modified":"2026-08-31T12:13:03","modified_gmt":"2026-08-31T10:13:03","slug":"lloguer-minibus-cornella","status":"publish","type":"page","link":"https:\/\/badabus.com\/ca\/lloguer-minibus-cornella\/","title":{"rendered":"Home Cornell\u00e0 Minib\u00fas CAT"},"content":{"rendered":"<div class=\"wpb-content-wrapper\"><p>[vc_row row_fullwidth=\u00bb1&#8243; row_zero_column_space=\u00bb1&#8243; css=\u00bb.vc_custom_1461073450203{margin-top: 0px !important;margin-right: 0px !important;margin-bottom: 0px !important;margin-left: 0px !important;padding-top: 0px !important;padding-right: 0px !important;padding-bottom: 0px !important;padding-left: 0px !important;}\u00bb][vc_column offset=\u00bbvc_hidden-sm vc_hidden-xs\u00bb][rev_slider_vc alias=\u00bbcornella-minibus-1&#8243; el_class=\u00bbno-bottom-margin\u00bb][\/vc_column][\/vc_row][vc_row gap=\u00bb5&#8243; row_fullwidth=\u00bb1&#8243; css=\u00bb.vc_custom_1684321545730{margin-top: 0px !important;margin-bottom: 0px !important;padding-top: 40px !important;padding-right: 40px !important;padding-left: 40px !important;background-color: #ffffff !important;}\u00bb][vc_column offset=\u00bbvc_hidden-sm vc_hidden-xs\u00bb][vc_column_text css=\u00bb\u00bb]<\/p>\n<h1 class=\"h1-home-cat\">Lloguer de Minib\u00fas a Cornell\u00e0 de Llobregat<\/h1>\n<h2 class=\"h1-servicios\">Les nostres opcions de minib\u00fas per a Cornell\u00e0 de Llobregat<\/h2>\n<p>[\/vc_column_text][vc_raw_html css=\u00bb\u00bb]JTVCYmFkYWJ1c19zZXJ2ZWlzJTVE[\/vc_raw_html][\/vc_column][vc_column offset=\u00bbvc_hidden-sm vc_hidden-xs\u00bb css=\u00bb.vc_custom_1744208769323{margin-top: 50px !important;background-color: #F6F6F6 !important;}\u00bb][vc_custom_heading text=\u00bbNecessites un minib\u00fas a Cornell\u00e0 de Llobregat per al teu trajecte?\u00bb font_container=\u00bbtag:h2|font_size:40|text_align:center|color:%23000000|line_height:30px\u00bb google_fonts=\u00bbfont_family:Raleway%3A100%2C200%2C300%2Cregular%2C500%2C600%2C700%2C800%2C900|font_style:300%20light%20regular%3A300%3Anormal\u00bb css=\u00bb.vc_custom_1746432595323{margin-top: 0px !important;margin-bottom: 0px !important;padding-top: 20px !important;padding-bottom: 0px !important;}\u00bb][vc_column_text css=\u00bb.vc_custom_1746432611101{margin-top: 10px !important;margin-bottom: 10px !important;}\u00bb]<\/p>\n<p style=\"text-align: center;\">Indica&#8217;ns on vols viatjar i rebr\u00e0s el pressupost en un m\u00e0xim de 24 h (dies feiners)<\/p>\n<p>[\/vc_column_text][vc_btn title=\u00bbSol\u00b7licitar pressupost per a lloguer de minib\u00fas\u00bb style=\u00bboutline-custom\u00bb outline_custom_color=\u00bb#000000&#8243; outline_custom_hover_background=\u00bb#000000&#8243; outline_custom_hover_text=\u00bb#ffffff\u00bb shape=\u00bbround\u00bb size=\u00bblg\u00bb align=\u00bbcenter\u00bb i_type=\u00bblinecons\u00bb i_icon_linecons=\u00bbvc_li vc_li-clip\u00bb css=\u00bb.vc_custom_1786951651089{margin-top: 20px !important;margin-bottom: 55px !important;}\u00bb add_icon=\u00bbtrue\u00bb link=\u00bburl:https%3A%2F%2Fbadabus.com%2Fca%2Fpressupost-lloguer-de-minibusos%2F|title:Pressupost%20lloguer%20d&#8217;autobusos\u00bb][\/vc_column][\/vc_row][vc_row row_fullwidth=\u00bb1&#8243; css=\u00bb.vc_custom_1613379287195{padding-right: 0px !important;padding-left: 0px !important;background-color: #0a0a0a !important;}\u00bb][vc_column css=\u00bb.vc_custom_1710964759406{padding-top: 0px !important;padding-right: 0px !important;padding-bottom: 0px !important;padding-left: 0px !important;background: #0a0a0a url(https:\/\/badabus.com\/wp-content\/uploads\/Alex-Bascuas-Photo-9610-opacity.jpg?id=9993) !important;background-position: center !important;background-repeat: no-repeat !important;background-size: cover !important;}\u00bb offset=\u00bbvc_hidden-lg vc_hidden-md\u00bb el_class=\u00bbimagen-background-home-mobile\u00bb][vc_column_text css=\u00bb.vc_custom_1787228071554{margin-top: 45px !important;margin-right: 5% !important;margin-bottom: 45px !important;margin-left: 5% !important;padding-right: 0px !important;padding-left: 0px !important;background-position: center !important;background-repeat: no-repeat !important;background-size: cover !important;}\u00bb]<\/p>\n<h1 class=\"h1-home-mob\">Lloguer de minibusos a Cornell\u00e0 de Llobregat<\/h1>\n<p>[\/vc_column_text][vc_btn title=\u00bbDEMANA PRESSUPOST\u00bb style=\u00bbcustom\u00bb custom_background=\u00bb#e22893&#8243; custom_text=\u00bb#ffffff\u00bb shape=\u00bbround\u00bb css=\u00bb.vc_custom_1786951662115{margin-left: 30px !important;}\u00bb link=\u00bburl:https%3A%2F%2Fbadabus.com%2Fca%2Fpressupost-lloguer-de-minibusos%2F|title:Pressupost%20Lloguer%20Autobusos\u00bb][\/vc_column][\/vc_row][vc_row css=\u00bb.vc_custom_1744208838364{margin-top: 130px !important;margin-bottom: 15px !important;}\u00bb][vc_column width=\u00bb1\/2&#8243;][vc_column_text css=\u00bb\u00bb]<\/p>\n<h2>Des de quins barris de Cornell\u00e0 de Llobregat sortim?<\/h2>\n<p>Des de Cornell\u00e0 oferim sortides en minib\u00fas des de barris com Almeda, Gavarra, Fontsanta-Fatj\u00f3 o Sant Ildefons, i permetem que qualsevol grup pugui iniciar el trajecte c\u00f2modament des de la seva zona m\u00e9s propera.<\/p>\n<p>Tamb\u00e9 cobrim recollides al Centre, el Pedr\u00f3 o fins i tot des de pol\u00edgons industrials propers si el trasllat \u00e9s per a treballadors. Ens adaptem a la ubicaci\u00f3 de cada client per oferir sempre la m\u00e0xima flexibilitat.[\/vc_column_text][\/vc_column][vc_column width=\u00bb1\/2&#8243;][vc_single_image image=\u00bb15097&#8243; img_size=\u00bb450&#215;450&#8243; css=\u00bb\u00bb][\/vc_column][\/vc_row][vc_row css=\u00bb.vc_custom_1744208847931{margin-top: 70px !important;margin-bottom: 30px !important;}\u00bb][vc_column width=\u00bb1\/2&#8243;][vc_column_text css=\u00bb.vc_custom_1786952127681{margin-bottom: 20px !important;}\u00bb]<\/p>\n<h2>De quantes places s\u00f3n els minibusos?<\/h2>\n<p>A Cornell\u00e0 de Llobregat disposem de vehicles per a tota mena de grups. Oferim <a href=\"https:\/\/badabus.com\/ca\/lloguer-de-minibus-barcelona\/\">microbusos<\/a> de fins a 25 places per a trasllats \u00e0gils i flexibles, perfectes per a celebracions o viatges de curta dist\u00e0ncia.<\/p>\n<p>A m\u00e9s, comptem amb <a href=\"https:\/\/badabus.com\/ca\/lloguer-autocar-cornella-de-llobregat\/\">autocars per a Cornell\u00e0<\/a> de gran capacitat, amb 35, 50 i 55 places, pensats per a excursions escolars, despla\u00e7aments d&#8217;empreses, activitats culturals o sortides organitzades per ag\u00e8ncies.<\/p>\n<h3>Vols con\u00e8ixer la nostra flota de microbusos per a Cornell\u00e0 de Llobregat?<\/h3>\n<p>[\/vc_column_text][vc_btn title=\u00bbVEURE FLOTA DE MINIBUSOS\u00bb style=\u00bboutline-custom\u00bb outline_custom_color=\u00bb#000000&#8243; outline_custom_hover_background=\u00bb#000000&#8243; outline_custom_hover_text=\u00bb#ffffff\u00bb shape=\u00bbround\u00bb align=\u00bbleft\u00bb i_type=\u00bblinecons\u00bb i_icon_linecons=\u00bbvc_li vc_li-clip\u00bb css=\u00bb.vc_custom_1786952140105{margin-bottom: 35px !important;}\u00bb add_icon=\u00bbtrue\u00bb link=\u00bburl:https%3A%2F%2Fbadabus.com%2Fca%2Fflota%2F\u00bb][\/vc_column][vc_column width=\u00bb1\/2&#8243;][vc_single_image image=\u00bb12673&#8243; img_size=\u00bb450&#215;420&#8243; css=\u00bb\u00bb][\/vc_column][\/vc_row][vc_row css=\u00bb.vc_custom_1744209919418{padding-top: 35px !important;background-color: #25A6B9 !important;}\u00bb][vc_column width=\u00bb2\/3&#8243;][vc_column_text css=\u00bb\u00bb]<strong style=\"font-size: 26px; color: white;\">Necessites un minib\u00fas a Cornell\u00e0 de Llobregat per al teu trajecte?<\/strong>[\/vc_column_text][\/vc_column][vc_column width=\u00bb1\/3&#8243;][vc_btn title=\u00bbPressupost en 24 h\u00bb style=\u00bboutline-custom\u00bb outline_custom_color=\u00bb#FFFFFF\u00bb outline_custom_hover_background=\u00bb#000000&#8243; outline_custom_hover_text=\u00bb#ffffff\u00bb shape=\u00bbround\u00bb align=\u00bbleft\u00bb i_type=\u00bblinecons\u00bb i_icon_linecons=\u00bbvc_li vc_li-clip\u00bb css=\u00bb.vc_custom_1786952163210{margin-bottom: 35px !important;}\u00bb add_icon=\u00bbtrue\u00bb link=\u00bburl:https%3A%2F%2Fbadabus.com%2Fca%2Fpressupost-lloguer-de-minibusos%2F|title:Pressupost%20lloguer%20d&#8217;autobusos\u00bb][\/vc_column][\/vc_row][vc_row gap=\u00bb20&#8243; equal_height=\u00bbyes\u00bb css=\u00bb.vc_custom_1719475441479{margin-top: 40px !important;padding-top: 40px !important;padding-bottom: 120px !important;background-image: url(https:\/\/badabus.com\/wp-content\/uploads\/dotted.png?id=2221) !important;}\u00bb][vc_column][vc_column_text css=\u00bb\u00bb]<\/p>\n<p style=\"text-align: center; font-size: 40px; font-family: gotham-rounded; line-height: 1em;\"><strong>Per qu\u00e8 triar-nos per al teu trajecte des de Cornell\u00e0 de Llobregat?<\/strong><\/p>\n<p>[\/vc_column_text][vc_row_inner equal_height=\u00bbyes\u00bb css=\u00bb.vc_custom_1744209697713{margin-bottom: 0px !important;padding-top: 20px !important;padding-bottom: 0px !important;}\u00bb][vc_column_inner width=\u00bb1\/3&#8243; css=\u00bb.vc_custom_1719475287975{background-color: #25a6b9 !important;border-radius: 5px !important;}\u00bb][vc_column_text css=\u00bb\u00bb]<\/p>\n<p class=\"numero-porque\">\/\/ 01<\/p>\n<p class=\"titulo-porque\">Seguretat<\/p>\n<p class=\"p-porque\">La nostra flota per a Cornell\u00e0 se sotmet a revisions constants perqu\u00e8 la teva seguretat \u00e9s la nostra prioritat en cada viatge.<\/p>\n<p>[\/vc_column_text][vc_btn title=\u00bbVEURE FLOTA\u00bb style=\u00bboutline-custom\u00bb outline_custom_color=\u00bb#ffffff\u00bb outline_custom_hover_background=\u00bb#ffffff\u00bb outline_custom_hover_text=\u00bb#25a6b9&#8243; shape=\u00bbround\u00bb size=\u00bbsm\u00bb css=\u00bb.vc_custom_1786952223203{margin-left: 35px !important;}\u00bb link=\u00bburl:https%3A%2F%2Fbadabus.com%2Fca%2Fflota%2F|title:Veure%20flota%20d&#8217;autocars\u00bb][vc_empty_space][\/vc_column_inner][vc_column_inner width=\u00bb1\/3&#8243; css=\u00bb.vc_custom_1719475336589{background-color: #9b6da6 !important;border-radius: 5px !important;}\u00bb][vc_column_text css=\u00bb\u00bb]<\/p>\n<p class=\"numero-porque\">\/\/ 02<\/p>\n<p class=\"titulo-porque\">Confort<\/p>\n<p class=\"p-porque\">Cada vehicle de la nostra flota est\u00e0 preparat per oferir el m\u00e0xim confort i protecci\u00f3 a la carretera.<\/p>\n<p>[\/vc_column_text][vc_btn title=\u00bbVEURE FLOTA\u00bb style=\u00bboutline-custom\u00bb outline_custom_color=\u00bb#ffffff\u00bb outline_custom_hover_background=\u00bb#ffffff\u00bb outline_custom_hover_text=\u00bb#9b6da6&#8243; shape=\u00bbround\u00bb size=\u00bbsm\u00bb css=\u00bb.vc_custom_1786952233836{margin-left: 35px !important;}\u00bb link=\u00bburl:https%3A%2F%2Fbadabus.com%2Fca%2Fflota%2F|title:Veure%20flota%20d&#8217;autocars\u00bb][vc_empty_space][\/vc_column_inner][vc_column_inner width=\u00bb1\/3&#8243; css=\u00bb.vc_custom_1719475343640{background-color: #e22893 !important;border-radius: 5px !important;}\u00bb][vc_column_text css=\u00bb\u00bb]<\/p>\n<p class=\"numero-porque\">\/\/ 03<\/p>\n<p class=\"titulo-porque\">Conductors<\/p>\n<p class=\"p-porque\">Al volant, nom\u00e9s professionals amb \u00e0mplia experi\u00e8ncia i comprom\u00eds amb la seguretat en cada trajecte.<\/p>\n<p>[\/vc_column_text][vc_btn title=\u00bbVEURE FLOTA\u00bb style=\u00bboutline-custom\u00bb outline_custom_color=\u00bb#ffffff\u00bb outline_custom_hover_background=\u00bb#ffffff\u00bb outline_custom_hover_text=\u00bb#e22893&#8243; shape=\u00bbround\u00bb size=\u00bbsm\u00bb css=\u00bb.vc_custom_1786952244444{margin-left: 35px !important;}\u00bb link=\u00bburl:https%3A%2F%2Fbadabus.com%2Fca%2Fflota%2F|title:Veure%20flota%20d&#8217;autocars\u00bb][vc_empty_space][\/vc_column_inner][\/vc_row_inner][\/vc_column][\/vc_row][vc_row gap=\u00bb35&#8243; row_fullwidth=\u00bb1&#8243; css=\u00bb.vc_custom_1595256381018{margin-bottom: 0px !important;padding-top: 0px !important;padding-bottom: 15px !important;background-color: #ffffff !important;}\u00bb][vc_column width=\u00bb2\/3&#8243; offset=\u00bbvc_hidden-lg vc_hidden-md\u00bb css=\u00bb.vc_custom_1595256410887{margin-top: -100px !important;}\u00bb][vc_column_text css=\u00bb.vc_custom_1595254868036{margin-bottom: -10px !important;}\u00bb]<\/p>\n<p style=\"font-size: 25px; font-family: 'gotham-rounded'; text-align: left; color: #25a8ba; line-height: 1em;\"><strong>La teva companyia de confian\u00e7a<\/strong><\/p>\n<p>[\/vc_column_text][vc_column_text]<\/p>\n<p style=\"font-size: 20px; font-family: 'gotham-rounded'; text-align: left;\"><strong>Badabus \u00e9s una empresa familiar dedicada al transport de viatgers per carretera.<\/strong><\/p>\n<p>Empresa especialista en el lloguer d&#8217;autocars i minibusos. Ens avala l&#8217;experi\u00e8ncia de m\u00e9s de 25 anys en el sector de les persones que la dirigim.[\/vc_column_text][vc_btn title=\u00bbVols saber-ne m\u00e9s?\u00bb style=\u00bbgradient-custom\u00bb gradient_custom_color_1=\u00bb#25a6b9&#8243; gradient_custom_color_2=\u00bb#e22893&#8243; shape=\u00bbround\u00bb size=\u00bblg\u00bb align=\u00bbleft\u00bb css=\u00bb.vc_custom_1786952277590{padding-right: 3% !important;padding-left: 3% !important;}\u00bb link=\u00bburl:https%3A%2F%2Fbadabus.com%2Fca%2Fflota%2F|title:Flota\u00bb][\/vc_column][vc_column width=\u00bb1\/3&#8243; offset=\u00bbvc_hidden-lg vc_hidden-md\u00bb][vc_column_text css=\u00bb\u00bb]<b style=\"text-align: left; font-size: 20px;\"><img loading=\"lazy\" decoding=\"async\" class=\"alignnone wp-image-1964\" src=\"https:\/\/badabus.com\/wp-content\/uploads\/flechas-badabus.jpg\" alt=\"\" width=\"45\" height=\"27\" \/> CONTACTE<\/b>[\/vc_column_text][vc_column_text css=\u00bb\u00bb]<\/p>\n<h3 style=\"text-align: left; font-size: 20px;\">Autocares Badabus<\/h3>\n<p>Adre\u00e7a: <a href=\"https:\/\/www.google.com\/maps\/place\/Autocares+Badabus\/@41.3518513,2.1340148,17z\/data=!3m1!4b1!4m6!3m5!1s0x12a498a57225f481:0x27ebbd8420ff8f5e!8m2!3d41.3518513!4d2.1340148!16s%2Fg%2F11fz9zb2tf?entry=ttu\" target=\"_blank\" rel=\"noopener noreferrer\">C\/ Plom, 28 \u2013 08038 (Barcelona)<\/a><br \/>\nCorreu electr\u00f2nic: <a href=\"mailto:info@badabus.com\">info@badabus.com<\/a><br \/>\n<img loading=\"lazy\" decoding=\"async\" class=\"size-full wp-image-2239 alignleft\" src=\"https:\/\/badabus.com\/wp-content\/uploads\/telefon-de-lloguer-autocars-badabus.jpg\" alt=\"tel\u00e8fon de lloguer d'autocars badabus\" width=\"341\" height=\"124\" \/>[\/vc_column_text][\/vc_column][\/vc_row][vc_row gap=\u00bb35&#8243; css=\u00bb.vc_custom_1744210760780{margin-bottom: 25px !important;}\u00bb][vc_column width=\u00bb2\/3&#8243; css=\u00bb.vc_custom_1748247717899{margin-right: 30px !important;}\u00bb][vc_column_text css=\u00bb\u00bb]<\/p>\n<h2 style=\"font-size: 20px;\">Trajectes freq\u00fcents des de Cornell\u00e0 de Llobregat amb els nostres minibusos<\/h2>\n<p style=\"font-weight: 400; text-align: justify;\">Des de Cornell\u00e0 de Llobregat organitzem excursions a llocs com Montserrat, Sitges o la Costa Brava, ideals per a grups escolars, associacions o fam\u00edlies que busquen una sortida cultural o d&#8217;oci. Adaptem els trajectes i les parades dels nostres autocars perqu\u00e8 l&#8217;experi\u00e8ncia sigui c\u00f2moda i completa.<\/p>\n<p style=\"font-weight: 400; text-align: justify;\">Tamb\u00e9 fem <a href=\"https:\/\/badabus.com\/ca\/lloguer-autocar-cornella-de-llobregat\/\">transfers a l&#8217;Aeroport del Prat<\/a>, especialment per a grups tur\u00edstics o empreses. I si es tracta de viatges de fi de curs o escapades escolars, tenim tot el que cal per garantir un servei segur, puntual i adaptat a cada grup.<\/p>\n<h3 style=\"font-weight: 400;\">Serveis m\u00e9s demandats de lloguer de minib\u00fas a Cornell\u00e0 de Llobregat<\/h3>\n<p style=\"font-weight: 400; text-align: justify;\">El lloguer de minibusos a Cornell\u00e0 de Llobregat \u00e9s una soluci\u00f3 molt demandada per empreses que necessiten traslladar grups redu\u00efts de treballadors a centres de treball situats en pol\u00edgons industrials o zones amb poc acc\u00e9s al transport p\u00fablic. Tamb\u00e9 treballem amb escoles i instituts per organitzar excursions, sortides escolars i viatges de fi de curs, amb un servei puntual, segur i ajustat a les caracter\u00edstiques de cada grup.<\/p>\n<p style=\"font-weight: 400; text-align: justify;\">A m\u00e9s, moltes persones confien en els nostres minibusos per al trasllat de convidats en casaments, celebracions familiars o esdeveniments privats en masies i finques de la prov\u00edncia. Tamb\u00e9 col\u00b7laborem amb clubs esportius locals per als seus despla\u00e7aments a competicions, i amb grups tur\u00edstics que busquen comoditat i flexibilitat per visitar els principals atractius de la zona sense preocupar-se per la log\u00edstica.<\/p>\n<h3 style=\"font-weight: 400;\">Per qu\u00e8 \u00e9s millor llogar un autocar a Cornell\u00e0 de Llobregat amb nosaltres?<\/h3>\n<p style=\"font-weight: 400; text-align: justify;\">La nostra experi\u00e8ncia a Cornell\u00e0 de Llobregat ens permet oferir recollides flexibles des de tots els barris, amb rutes eficients i planificaci\u00f3 personalitzada. Estem acostumats a operar a la ciutat, cosa que ens permet garantir una recollida r\u00e0pida i un coneixement detallat dels seus barris i accessos principals.<\/p>\n<p style=\"font-weight: 400; text-align: justify;\">Col\u00b7laborem amb entitats socials, centres escolars i col\u00b7lectius esportius del municipi, per la qual cosa comprenem b\u00e9 les particularitats del client local. Triar-nos \u00e9s apostar per un servei de confian\u00e7a i amb un equip que coneix b\u00e9 Cornell\u00e0 de Llobregat.<\/p>\n<p>[\/vc_column_text][vc_empty_space height=\u00bb30px\u00bb][vc_column_text css=\u00bb\u00bb]<strong style=\"margin-left: 6px;\">POBLACIONS ON OFERIM SERVEI DE LLOGUER D&#8217;AUTOCAR<br \/>\n<\/strong><div class=\"menu-horizontal\"><ul><div class=\"menu-horizontal\"><li id=\"menu-item-15926\" class=\"menu-item menu-item-type-post_type menu-item-object-page menu-item-15926\"><a href=\"https:\/\/badabus.com\/ca\/lloguer-minibus-badalona\/\">Lloguer Minib\u00fas a Badalona<\/a><\/li> | <li id=\"menu-item-15933\" class=\"menu-item menu-item-type-post_type menu-item-object-page menu-item-15933\"><a href=\"https:\/\/badabus.com\/ca\/lloguer-minibus-viladecans\/\">Lloguer Minib\u00fas a Viladecans<\/a><\/li> | <li id=\"menu-item-15932\" class=\"menu-item menu-item-type-post_type menu-item-object-page menu-item-15932\"><a href=\"https:\/\/badabus.com\/ca\/lloguer-minibus-santa-coloma-de-gramenet\/\">Lloguer Minib\u00fas a Santa Coloma de Gramanet<\/a><\/li> | <li id=\"menu-item-15931\" class=\"menu-item menu-item-type-post_type menu-item-object-page menu-item-15931\"><a href=\"https:\/\/badabus.com\/ca\/lloguer-minibus-sant-joan-despi\/\">Lloguer Minib\u00fas a Sant Joan Desp\u00ed<\/a><\/li> | <li id=\"menu-item-15925\" class=\"menu-item menu-item-type-post_type menu-item-object-page menu-item-15925\"><a href=\"https:\/\/badabus.com\/ca\/lloguer-minibus-sant-feliu\/\">Lloguer Minib\u00fas a Sant Feliu de Llobregat<\/a><\/li> | <li id=\"menu-item-15930\" class=\"menu-item menu-item-type-post_type menu-item-object-page menu-item-15930\"><a href=\"https:\/\/badabus.com\/ca\/lloguer-minibus-sant-boi-llobregat\/\">Lloguer Minib\u00fas a Sant Boi de Llobregat<\/a><\/li> | <li id=\"menu-item-15924\" class=\"menu-item menu-item-type-post_type menu-item-object-page menu-item-15924\"><a href=\"https:\/\/badabus.com\/ca\/lloguer-minibus-sant-adria\/\">Lloguer Minib\u00fas a Sant Adri\u00e0 del Bes\u00f3s<\/a><\/li> | <li id=\"menu-item-15929\" class=\"menu-item menu-item-type-post_type menu-item-object-page menu-item-15929\"><a href=\"https:\/\/badabus.com\/ca\/lloguer-minibus-hospitalet-de-llobregat\/\">Lloguer Minib\u00fas a Hospitalet de Llobregat<\/a><\/li> | <li id=\"menu-item-15928\" class=\"menu-item menu-item-type-post_type menu-item-object-page menu-item-15928\"><a href=\"https:\/\/badabus.com\/ca\/lloguer-minibus-gava\/\">Lloguer Minib\u00fas a Gav\u00e0<\/a><\/li> | <li id=\"menu-item-15923\" class=\"menu-item menu-item-type-post_type menu-item-object-page menu-item-15923\"><a href=\"https:\/\/badabus.com\/ca\/lloguer-minibus-esplugues\/\">Lloguer Minib\u00fas a Esplugues de Llobregat<\/a><\/li> | <li id=\"menu-item-15927\" class=\"menu-item menu-item-type-post_type menu-item-object-page menu-item-15927\"><a href=\"https:\/\/badabus.com\/ca\/lloguer-minibus-el-prat-llobregat\/\">Lloguer Minib\u00fas a El Prat de Llobregat<\/a><\/li> | <li id=\"menu-item-15922\" class=\"menu-item menu-item-type-post_type menu-item-object-page menu-item-15922\"><a href=\"https:\/\/badabus.com\/ca\/lloguer-minibus-cornella\/\">Lloguer Minib\u00fas a Cornell\u00e0 de Llobregat<\/a><\/li> | <li id=\"menu-item-15921\" class=\"menu-item menu-item-type-post_type menu-item-object-page menu-item-15921\"><a href=\"https:\/\/badabus.com\/ca\/lloguer-minibus-castelldefels\/\">Lloguer Minib\u00fas a Castelldefels<\/a><\/li>\n<\/div><\/ul><\/div>[\/vc_column_text][vc_tta_accordion section_title_tag=\u00bbh2&#8243; color=\u00bbwhite\u00bb active_section=\u00bb1&#8243;][vc_tta_section title=\u00bbQuin \u00e9s el preu de llogar un minib\u00fas a Cornell\u00e0 de Llobregat?\u00bb tab_id=\u00bb1764147765905-ebeded98-a5fd\u00bb][vc_column_text css=\u00bb\u00bb]<\/p>\n<p data-start=\"578\" data-end=\"1099\">El preu del lloguer d&#8217;un minib\u00fas a Cornell\u00e0 de Llobregat dep\u00e8n del recorregut, la durada del servei, la data del viatge, la mida del grup i el model de minib\u00fas sol\u00b7licitat. Com que cada despla\u00e7ament requereix una planificaci\u00f3 diferent, no hi ha una tarifa fixa. Per obtenir un pressupost prec\u00eds, nom\u00e9s cal indicar el punt de recollida a Cornell\u00e0, la destinaci\u00f3, l&#8217;horari i el nombre de passatgers. Amb aquestes dades elaborem una proposta ajustada, clara i sense costos inesperats.<\/p>\n<p>[\/vc_column_text][\/vc_tta_section][vc_tta_section title=\u00bbQuins avantatges t\u00e9 contractar un minib\u00fas a Cornell\u00e0 per a grups petits o mitjans?\u00bb tab_id=\u00bb1764147765938-fe492485-0788&#8243;][vc_column_text css=\u00bb\u00bb]<\/p>\n<p data-start=\"1217\" data-end=\"1736\">Reservar un minib\u00fas a Cornell\u00e0 \u00e9s una opci\u00f3 molt pr\u00e0ctica per a grups que volen viatjar junts de manera c\u00f2moda i eficient. La seva mida compacta permet moure&#8217;s amb agilitat pel municipi i connectar f\u00e0cilment amb Barcelona, l&#8217;aeroport o ciutats properes. Els minibusos estan equipats amb climatitzaci\u00f3, seients amplis i un interior confortable, cosa que els converteix en una alternativa ideal per a sortides escolars, activitats familiars, despla\u00e7aments d&#8217;empresa o excursions tur\u00edstiques.<\/p>\n<p>[\/vc_column_text][\/vc_tta_section][vc_tta_section title=\u00bbEs poden contractar minibusos per a excursions i visites sortint des de Cornell\u00e0?\u00bb tab_id=\u00bb1764147814753-bff2c983-1445&#8243;][vc_column_text css=\u00bb\u00bb]<\/p>\n<p data-start=\"1851\" data-end=\"2255\">S\u00ed, es pot contractar un minib\u00fas per fer rutes i excursions personalitzades amb sortida des de Cornell\u00e0. Els grups poden organitzar visites a Barcelona, Montserrat, la Costa Brava, el Pened\u00e8s o qualsevol destinaci\u00f3 de Catalunya. L&#8217;itinerari s&#8217;adapta totalment a les prefer\u00e8ncies del grup i permet una experi\u00e8ncia flexible, c\u00f2moda i completament organitzada des de l&#8217;inici.<\/p>\n<p>[\/vc_column_text][\/vc_tta_section][vc_tta_section title=\u00bbQuina durada solen tenir els serveis de minib\u00fas a Cornell\u00e0?\u00bb tab_id=\u00bb1764147838687-b80ccaed-7272&#8243;][vc_column_text css=\u00bb\u00bb]<\/p>\n<p data-start=\"2352\" data-end=\"2719\">La durada del servei dep\u00e8n del tipus de trajecte. Es poden sol\u00b7licitar despla\u00e7aments curts dins de Cornell\u00e0, serveis per hores per a esdeveniments o despla\u00e7aments amb m\u00faltiples parades, aix\u00ed com excursions de mig dia o de jornada completa. Cada servei s&#8217;ajusta a l&#8217;horari del grup per garantir un viatge fluid, c\u00f2mode i ben planificat.<\/p>\n<p>[\/vc_column_text][\/vc_tta_section][vc_tta_section title=\u00bbQuina capacitat tenen els minibusos disponibles a Cornell\u00e0 de Llobregat?\u00bb tab_id=\u00bb1764147862366-7239c48f-9bb0&#8243;][vc_column_text css=\u00bb\u00bb]<\/p>\n<p data-start=\"2825\" data-end=\"3289\">A Cornell\u00e0 comptem amb minibusos de diferents capacitats, des de vehicles petits per a grups redu\u00efts fins a models d&#8217;aproximadament 25 places. Aquesta varietat permet triar l&#8217;opci\u00f3 adequada segons el nombre de passatgers i el tipus d&#8217;activitat: trasllats urbans, excursions, esdeveniments, celebracions o serveis corporatius. Quan sol\u00b7licitis el pressupost, n&#8217;hi ha prou amb indicar quantes persones viatjaran per assignar el vehicle m\u00e9s adequat.<\/p>\n<p>[\/vc_column_text][\/vc_tta_section][vc_tta_section title=\u00bbPuc reservar un minib\u00fas des de Cornell\u00e0 cap a l&#8217;Aeroport de Barcelona?\u00bb tab_id=\u00bb1764147880816-477f4cb6-5c0b\u00bb][vc_column_text css=\u00bb\u00bb]<\/p>\n<p data-start=\"3397\" data-end=\"3803\">S\u00ed, oferim trasllats en minib\u00fas des de Cornell\u00e0 fins a l&#8217;Aeroport de Barcelona-el Prat. \u00c9s una soluci\u00f3 pr\u00e0ctica per a grups que busquen un transport directe, puntual i segur. El conductor fa la recollida al punt acordat, ajuda amb l&#8217;equipatge i s&#8217;ocupa que el trajecte sigui c\u00f2mode i eficient. Tamb\u00e9 gestionem recollides per a grups que arriben en horaris diferents.<\/p>\n<p>[\/vc_column_text][\/vc_tta_section][vc_tta_section title=\u00bbHi ha difer\u00e8ncies entre llogar un minib\u00fas o un autocar a Cornell\u00e0?\u00bb tab_id=\u00bb1764147900500-8090457b-8233&#8243;][vc_column_text css=\u00bb\u00bb]<\/p>\n<p data-start=\"3904\" data-end=\"4373\">La principal difer\u00e8ncia \u00e9s la capacitat del vehicle i el tipus de despla\u00e7ament. El minib\u00fas \u00e9s l&#8217;opci\u00f3 ideal per a grups petits o mitjans que necessiten agilitat en trajectes locals o interurbans. L&#8217;autocar, en canvi, \u00e9s m\u00e9s adequat per a grups grans o viatges de llarga dist\u00e0ncia. Tots dos vehicles ofereixen climatitzaci\u00f3, comoditat i totes les mesures de seguretat, per\u00f2 es trien segons les caracter\u00edstiques del grup i del viatge.<\/p>\n<p>[\/vc_column_text][\/vc_tta_section][vc_tta_section title=\u00bbCal fer un pagament previ per confirmar la reserva d&#8217;un minib\u00fas a Cornell\u00e0?\u00bb tab_id=\u00bb1764147918455-524e046a-5370&#8243;][vc_column_text css=\u00bb\u00bb]<\/p>\n<p data-start=\"4486\" data-end=\"4907\">En funci\u00f3 del tipus de servei i de la data sol\u00b7licitada, pot ser necessari fer un dip\u00f2sit per garantir la reserva del minib\u00fas. Aquest pagament assegura la disponibilitat del vehicle i del conductor en l&#8217;horari acordat. Al pressupost es detallen clarament les condicions, els imports i els terminis de pagament, i s&#8217;ofereix total transpar\u00e8ncia per planificar el despla\u00e7ament amb tranquil\u00b7litat.<\/p>\n<p>[\/vc_column_text][\/vc_tta_section][\/vc_tta_accordion][vc_separator color=\u00bbwhite\u00bb border_width=\u00bb5&#8243; css=\u00bb\u00bb][\/vc_column][vc_column width=\u00bb1\/3&#8243; css=\u00bb.vc_custom_1744211247589{margin-right: 30px !important;margin-left: 30px !important;}\u00bb][vc_column_text css=\u00bb.vc_custom_1787736546806{margin-bottom: -10px !important;}\u00bb]<\/p>\n<p style=\"font-size: 30px; font-family: 'gotham-rounded'; text-align: left; color: #25a8ba; line-height: 1em;\"><strong>La teva companyia de confian\u00e7a a Cornell\u00e0 de Llobregat<\/strong><\/p>\n<p>[\/vc_column_text][vc_column_text css=\u00bb\u00bb]<\/p>\n<p style=\"font-size: 18px; font-family: 'gotham-rounded'; text-align: left;\"><strong>Badabus \u00e9s una empresa familiar dedicada al transport de viatgers per carretera.<\/strong><\/p>\n<p>Empresa especialista en el lloguer de minibusos a Cornell\u00e0 de Llobregat. Ens avala l&#8217;experi\u00e8ncia de m\u00e9s de 25 anys en el sector de les persones que la dirigim.[\/vc_column_text][vc_column_text css=\u00bb\u00bb]<b style=\"text-align: left; font-size: 20px;\"><img loading=\"lazy\" decoding=\"async\" class=\"alignnone wp-image-1964\" src=\"https:\/\/badabus.com\/wp-content\/uploads\/flechas-badabus.jpg\" alt=\"\" width=\"45\" height=\"27\" \/> CONTACTE<\/b>[\/vc_column_text][vc_column_text css=\u00bb\u00bb]<\/p>\n<h3 style=\"text-align: left; font-size: 20px;\">Autocares Badabus<\/h3>\n<p>Adre\u00e7a: <a href=\"https:\/\/www.google.com\/maps\/place\/Autocares+Badabus\/@41.3518513,2.1340148,17z\/data=!3m1!4b1!4m6!3m5!1s0x12a498a57225f481:0x27ebbd8420ff8f5e!8m2!3d41.3518513!4d2.1340148!16s%2Fg%2F11fz9zb2tf?entry=ttu\" target=\"_blank\" rel=\"noopener noreferrer\">Carrer de la Metal\u00b7l\u00fargia, 51, 08908 Barcelona<\/a><br \/>\nCorreu electr\u00f2nic: <a href=\"mailto:info@badabus.com\">info@badabus.com<\/a><br \/>\n<img loading=\"lazy\" decoding=\"async\" class=\"size-full wp-image-2239 alignleft\" src=\"https:\/\/badabus.com\/wp-content\/uploads\/telefon-de-lloguer-autocars-badabus.jpg\" alt=\"tel\u00e8fon de lloguer d'autocars badabus\" width=\"341\" height=\"124\" \/>[\/vc_column_text][\/vc_column][\/vc_row][vc_row row_fullwidth=\u00bb1&#8243; row_zero_column_space=\u00bb1&#8243; css=\u00bb.vc_custom_1525855960545{margin-top: 0px !important;margin-right: 0px !important;margin-bottom: 0px !important;margin-left: 0px !important;padding-top: 0px !important;padding-right: 0px !important;padding-bottom: 0px !important;padding-left: 0px !important;background-color: #303033 !important;}\u00bb][vc_column width=\u00bb1\/2&#8243; css=\u00bb.vc_custom_1525855742551{margin-top: -30px !important;}\u00bb][vc_single_image image=\u00bb15747&#8243; img_size=\u00bbfull\u00bb css=\u00bb\u00bb][\/vc_column][vc_column width=\u00bb1\/4&#8243; offset=\u00bbvc_hidden-xs\u00bb][vc_single_image image=\u00bb15755&#8243; img_size=\u00bbfull\u00bb css=\u00bb.vc_custom_1787228261934{padding-top: 10px !important;}\u00bb][\/vc_column][vc_column width=\u00bb1\/4&#8243; offset=\u00bbvc_hidden-xs\u00bb][vc_btn title=\u00bbDEMANAR PRESSUPOST\u00bb style=\u00bbgradient-custom\u00bb gradient_custom_color_1=\u00bb#25a6b9&#8243; gradient_custom_color_2=\u00bb#e22893&#8243; shape=\u00bbround\u00bb size=\u00bblg\u00bb align=\u00bbleft\u00bb css=\u00bb.vc_custom_1786952647033{padding-top: 20px !important;}\u00bb link=\u00bburl:https%3A%2F%2Fbadabus.com%2Fca%2Fpressupost-lloguer-de-minibusos%2F\u00bb][\/vc_column][\/vc_row][vc_row][vc_column][vc_raw_html css=\u00bb\u00bb]PHNjcmlwdCB0eXBlPSJhcHBsaWNhdGlvbi9sZCtqc29uIj4KewogICJAY29udGV4dCI6ICJodHRwczovL3NjaGVtYS5vcmciLAogICJAdHlwZSI6ICJGQVFQYWdlIiwKICAibWFpbkVudGl0eSI6IFt7CiAgICAiQHR5cGUiOiAiUXVlc3Rpb24iLAogICAgIm5hbWUiOiAiUXVpbiDDqXMgZWwgcHJldSBkZSBsbG9nYXIgdW4gbWluaWLDunMgYSBDb3JuZWxsw6AgZGUgTGxvYnJlZ2F0PyIsCiAgICAiYWNjZXB0ZWRBbnN3ZXIiOiB7CiAgICAgICJAdHlwZSI6ICJBbnN3ZXIiLAogICAgICAidGV4dCI6ICJFbCBwcmV1IGRlbCBsbG9ndWVyIGQndW4gbWluaWLDunMgYSBDb3JuZWxsw6AgZGUgTGxvYnJlZ2F0IGRlcMOobiBkZWwgcmVjb3JyZWd1dCwgbGEgZHVyYWRhIGRlbCBzZXJ2ZWksIGxhIGRhdGEgZGVsIHZpYXRnZSwgbGEgbWlkYSBkZWwgZ3J1cCBpIGVsIG1vZGVsIGRlIG1pbmliw7pzIHNvbMK3bGljaXRhdC4gQ29tIHF1ZSBjYWRhIGRlc3BsYcOnYW1lbnQgcmVxdWVyZWl4IHVuYSBwbGFuaWZpY2FjacOzIGRpZmVyZW50LCBubyBoaSBoYSB1bmEgdGFyaWZhIGZpeGEuIFBlciBvYnRlbmlyIHVuIHByZXNzdXBvc3QgcHJlY8Otcywgbm9tw6lzIGNhbCBpbmRpY2FyIGVsIHB1bnQgZGUgcmVjb2xsaWRhIGEgQ29ybmVsbMOgLCBsYSBkZXN0aW5hY2nDsywgbCdob3JhcmkgaSBlbCBub21icmUgZGUgcGFzc2F0Z2Vycy4gQW1iIGFxdWVzdGVzIGRhZGVzIGVsYWJvcmVtIHVuYSBwcm9wb3N0YSBhanVzdGFkYSwgY2xhcmEgaSBzZW5zZSBjb3N0b3MgaW5lc3BlcmF0cy4iCiAgICB9CiAgfSx7CiAgICAiQHR5cGUiOiAiUXVlc3Rpb24iLAogICAgIm5hbWUiOiAiUXVpbnMgYXZhbnRhdGdlcyB0w6kgY29udHJhY3RhciB1biBtaW5pYsO6cyBhIENvcm5lbGzDoCBwZXIgYSBncnVwcyBwZXRpdHMgbyBtaXRqYW5zPyIsCiAgICAiYWNjZXB0ZWRBbnN3ZXIiOiB7CiAgICAgICJAdHlwZSI6ICJBbnN3ZXIiLAogICAgICAidGV4dCI6ICJSZXNlcnZhciB1biBtaW5pYsO6cyBhIENvcm5lbGzDoCDDqXMgdW5hIG9wY2nDsyBtb2x0IHByw6BjdGljYSBwZXIgYSBncnVwcyBxdWUgdm9sZW4gdmlhdGphciBqdW50cyBkZSBtYW5lcmEgY8OybW9kYSBpIGVmaWNpZW50LiBMYSBzZXZhIG1pZGEgY29tcGFjdGEgcGVybWV0IG1vdXJlJ3MgYW1iIGFnaWxpdGF0IHBlbCBtdW5pY2lwaSBpIGNvbm5lY3RhciBmw6BjaWxtZW50IGFtYiBCYXJjZWxvbmEsIGwnYWVyb3BvcnQgbyBjaXV0YXRzIHByb3BlcmVzLiBFbHMgbWluaWJ1c29zIGVzdGFuIGVxdWlwYXRzIGFtYiBjbGltYXRpdHphY2nDsywgc2VpZW50cyBhbXBsaXMgaSB1biBpbnRlcmlvciBjb25mb3J0YWJsZSwgY29zYSBxdWUgZWxzIGNvbnZlcnRlaXggZW4gdW5hIGFsdGVybmF0aXZhIGlkZWFsIHBlciBhIHNvcnRpZGVzIGVzY29sYXJzLCBhY3Rpdml0YXRzIGZhbWlsaWFycywgZGVzcGxhw6dhbWVudHMgZCdlbXByZXNhIG8gZXhjdXJzaW9ucyB0dXLDrXN0aXF1ZXMuIgogICAgfQogIH0sewogICAgIkB0eXBlIjogIlF1ZXN0aW9uIiwKICAgICJuYW1lIjogIkVzIHBvZGVuIGNvbnRyYWN0YXIgbWluaWJ1c29zIHBlciBhIGV4Y3Vyc2lvbnMgaSB2aXNpdGVzIHNvcnRpbnQgZGVzIGRlIENvcm5lbGzDoD8iLAogICAgImFjY2VwdGVkQW5zd2VyIjogewogICAgICAiQHR5cGUiOiAiQW5zd2VyIiwKICAgICAgInRleHQiOiAiU8OtLCBlcyBwb3QgY29udHJhY3RhciB1biBtaW5pYsO6cyBwZXIgZmVyIHJ1dGVzIGkgZXhjdXJzaW9ucyBwZXJzb25hbGl0emFkZXMgYW1iIHNvcnRpZGEgZGVzIGRlIENvcm5lbGzDoC4gRWxzIGdydXBzIHBvZGVuIG9yZ2FuaXR6YXIgdmlzaXRlcyBhIEJhcmNlbG9uYSwgTW9udHNlcnJhdCwgbGEgQ29zdGEgQnJhdmEsIGVsIFBlbmVkw6hzIG8gcXVhbHNldm9sIGRlc3RpbmFjacOzIGRlIENhdGFsdW55YS4gTCdpdGluZXJhcmkgcydhZGFwdGEgdG90YWxtZW50IGEgbGVzIHByZWZlcsOobmNpZXMgZGVsIGdydXAgaSBwZXJtZXQgdW5hIGV4cGVyacOobmNpYSBmbGV4aWJsZSwgY8OybW9kYSBpIGNvbXBsZXRhbWVudCBvcmdhbml0emFkYSBkZXMgZGUgbCdpbmljaS4iCiAgICB9CiAgfSx7CiAgICAiQHR5cGUiOiAiUXVlc3Rpb24iLAogICAgIm5hbWUiOiAiUXVpbmEgZHVyYWRhIHNvbGVuIHRlbmlyIGVscyBzZXJ2ZWlzIGRlIG1pbmliw7pzIGEgQ29ybmVsbMOgPyIsCiAgICAiYWNjZXB0ZWRBbnN3ZXIiOiB7CiAgICAgICJAdHlwZSI6ICJBbnN3ZXIiLAogICAgICAidGV4dCI6ICJMYSBkdXJhZGEgZGVsIHNlcnZlaSBkZXDDqG4gZGVsIHRpcHVzIGRlIHRyYWplY3RlLiBFcyBwb2RlbiBzb2zCt2xpY2l0YXIgZGVzcGxhw6dhbWVudHMgY3VydHMgZGlucyBkZSBDb3JuZWxsw6AsIHNlcnZlaXMgcGVyIGhvcmVzIHBlciBhIGVzZGV2ZW5pbWVudHMgbyBkZXNwbGHDp2FtZW50cyBhbWIgbcO6bHRpcGxlcyBwYXJhZGVzLCBhaXjDrSBjb20gZXhjdXJzaW9ucyBkZSBtaWcgZGlhIG8gZGUgam9ybmFkYSBjb21wbGV0YS4gQ2FkYSBzZXJ2ZWkgcydhanVzdGEgYSBsJ2hvcmFyaSBkZWwgZ3J1cCBwZXIgZ2FyYW50aXIgdW4gdmlhdGdlIGZsdWlkLCBjw7Jtb2RlIGkgYmVuIHBsYW5pZmljYXQuIgogICAgfQogIH0sewogICAgIkB0eXBlIjogIlF1ZXN0aW9uIiwKICAgICJuYW1lIjogIlF1aW5hIGNhcGFjaXRhdCB0ZW5lbiBlbHMgbWluaWJ1c29zIGRpc3BvbmlibGVzIGEgQ29ybmVsbMOgIGRlIExsb2JyZWdhdD8iLAogICAgImFjY2VwdGVkQW5zd2VyIjogewogICAgICAiQHR5cGUiOiAiQW5zd2VyIiwKICAgICAgInRleHQiOiAiQSBDb3JuZWxsw6AgY29tcHRlbSBhbWIgbWluaWJ1c29zIGRlIGRpZmVyZW50cyBjYXBhY2l0YXRzLCBkZXMgZGUgdmVoaWNsZXMgcGV0aXRzIHBlciBhIGdydXBzIHJlZHXDr3RzIGZpbnMgYSBtb2RlbHMgZCdhcHJveGltYWRhbWVudCAyNSBwbGFjZXMuIEFxdWVzdGEgdmFyaWV0YXQgcGVybWV0IHRyaWFyIGwnb3BjacOzIGFkZXF1YWRhIHNlZ29ucyBlbCBub21icmUgZGUgcGFzc2F0Z2VycyBpIGVsIHRpcHVzIGQnYWN0aXZpdGF0OiB0cmFzbGxhdHMgdXJiYW5zLCBleGN1cnNpb25zLCBlc2RldmVuaW1lbnRzLCBjZWxlYnJhY2lvbnMgbyBzZXJ2ZWlzIGNvcnBvcmF0aXVzLiBRdWFuIHNvbMK3bGljaXRpcyBlbCBwcmVzc3Vwb3N0LCBuJ2hpIGhhIHByb3UgYW1iIGluZGljYXIgcXVhbnRlcyBwZXJzb25lcyB2aWF0amFyYW4gcGVyIGFzc2lnbmFyIGVsIHZlaGljbGUgbcOpcyBhZGVxdWF0LiIKICAgIH0KICB9LHsKICAgICJAdHlwZSI6ICJRdWVzdGlvbiIsCiAgICAibmFtZSI6ICJQdWMgcmVzZXJ2YXIgdW4gbWluaWLDunMgZGVzIGRlIENvcm5lbGzDoCBjYXAgYSBsJ0Flcm9wb3J0IGRlIEJhcmNlbG9uYT8iLAogICAgImFjY2VwdGVkQW5zd2VyIjogewogICAgICAiQHR5cGUiOiAiQW5zd2VyIiwKICAgICAgInRleHQiOiAiU8OtLCBvZmVyaW0gdHJhc2xsYXRzIGVuIG1pbmliw7pzIGRlcyBkZSBDb3JuZWxsw6AgZmlucyBhIGwnQWVyb3BvcnQgZGUgQmFyY2Vsb25hLWVsIFByYXQuIMOJcyB1bmEgc29sdWNpw7MgcHLDoGN0aWNhIHBlciBhIGdydXBzIHF1ZSBidXNxdWVuIHVuIHRyYW5zcG9ydCBkaXJlY3RlLCBwdW50dWFsIGkgc2VndXIuIEVsIGNvbmR1Y3RvciBmYSBsYSByZWNvbGxpZGEgYWwgcHVudCBhY29yZGF0LCBhanVkYSBhbWIgbCdlcXVpcGF0Z2UgaSBzJ29jdXBhIHF1ZSBlbCB0cmFqZWN0ZSBzaWd1aSBjw7Jtb2RlIGkgZWZpY2llbnQuIFRhbWLDqSBnZXN0aW9uZW0gcmVjb2xsaWRlcyBwZXIgYSBncnVwcyBxdWUgYXJyaWJlbiBlbiBob3JhcmlzIGRpZmVyZW50cy4iCiAgICB9CiAgfSx7CiAgICAiQHR5cGUiOiAiUXVlc3Rpb24iLAogICAgIm5hbWUiOiAiSGkgaGEgZGlmZXLDqG5jaWVzIGVudHJlIGxsb2dhciB1biBtaW5pYsO6cyBvIHVuIGF1dG9jYXIgYSBDb3JuZWxsw6A\/IiwKICAgICJhY2NlcHRlZEFuc3dlciI6IHsKICAgICAgIkB0eXBlIjogIkFuc3dlciIsCiAgICAgICJ0ZXh0IjogIkxhIHByaW5jaXBhbCBkaWZlcsOobmNpYSDDqXMgbGEgY2FwYWNpdGF0IGRlbCB2ZWhpY2xlIGkgZWwgdGlwdXMgZGUgZGVzcGxhw6dhbWVudC4gRWwgbWluaWLDunMgw6lzIGwnb3BjacOzIGlkZWFsIHBlciBhIGdydXBzIHBldGl0cyBvIG1pdGphbnMgcXVlIG5lY2Vzc2l0ZW4gYWdpbGl0YXQgZW4gdHJhamVjdGVzIGxvY2FscyBvIGludGVydXJiYW5zLiBMJ2F1dG9jYXIsIGVuIGNhbnZpLCDDqXMgbcOpcyBhZGVxdWF0IHBlciBhIGdydXBzIGdyYW5zIG8gdmlhdGdlcyBkZSBsbGFyZ2EgZGlzdMOgbmNpYS4gVG90cyBkb3MgdmVoaWNsZXMgb2ZlcmVpeGVuIGNsaW1hdGl0emFjacOzLCBjb21vZGl0YXQgaSB0b3RlcyBsZXMgbWVzdXJlcyBkZSBzZWd1cmV0YXQsIHBlcsOyIGVzIHRyaWVuIHNlZ29ucyBsZXMgY2FyYWN0ZXLDrXN0aXF1ZXMgZGVsIGdydXAgaSBkZWwgdmlhdGdlLiIKICAgIH0KICB9LHsKICAgICJAdHlwZSI6ICJRdWVzdGlvbiIsCiAgICAibmFtZSI6ICJDYWwgZmVyIHVuIHBhZ2FtZW50IHByZXZpIHBlciBjb25maXJtYXIgbGEgcmVzZXJ2YSBkJ3VuIG1pbmliw7pzIGEgQ29ybmVsbMOgPyIsCiAgICAiYWNjZXB0ZWRBbnN3ZXIiOiB7CiAgICAgICJAdHlwZSI6ICJBbnN3ZXIiLAogICAgICAidGV4dCI6ICJFbiBmdW5jacOzIGRlbCB0aXB1cyBkZSBzZXJ2ZWkgaSBkZSBsYSBkYXRhIHNvbMK3bGljaXRhZGEsIHBvdCBzZXIgbmVjZXNzYXJpIGZlciB1biBkaXDDsnNpdCBwZXIgZ2FyYW50aXIgbGEgcmVzZXJ2YSBkZWwgbWluaWLDunMuIEFxdWVzdCBwYWdhbWVudCBhc3NlZ3VyYSBsYSBkaXNwb25pYmlsaXRhdCBkZWwgdmVoaWNsZSBpIGRlbCBjb25kdWN0b3IgZW4gbCdob3JhcmkgYWNvcmRhdC4gQWwgcHJlc3N1cG9zdCBlcyBkZXRhbGxlbiBjbGFyYW1lbnQgbGVzIGNvbmRpY2lvbnMsIGVscyBpbXBvcnRzIGkgZWxzIHRlcm1pbmlzIGRlIHBhZ2FtZW50LCBpIHMnb2ZlcmVpeCB0b3RhbCB0cmFuc3BhcsOobmNpYSBwZXIgcGxhbmlmaWNhciBlbCBkZXNwbGHDp2FtZW50IGFtYiB0cmFucXVpbMK3bGl0YXQuIgogICAgfQogIH1dCn0KPC9zY3JpcHQ+[\/vc_raw_html][\/vc_column][\/vc_row]<\/p>\n<\/div>","protected":false},"excerpt":{"rendered":"<p>[vc_row row_fullwidth=\u00bb1&#8243; row_zero_column_space=\u00bb1&#8243; css=\u00bb.vc_custom_1461073450203{margin-top: 0px !important;margin-right: 0px !important;margin-bottom: 0px !important;margin-left: 0px !important;padding-top: 0px !important;padding-right: 0px !important;padding-bottom: 0px !important;padding-left: 0px !important;}\u00bb][vc_column offset=\u00bbvc_hidden-sm vc_hidden-xs\u00bb][rev_slider_vc alias=\u00bbcornella-minibus-1&#8243; el_class=\u00bbno-bottom-margin\u00bb][\/vc_column][\/vc_row][vc_row gap=\u00bb5&#8243; row_fullwidth=\u00bb1&#8243; css=\u00bb.vc_custom_1684321545730{margin-top: 0px !important;margin-bottom: 0px [&hellip;]<\/p>\n","protected":false},"author":10,"featured_media":0,"parent":0,"menu_order":0,"comment_status":"closed","ping_status":"closed","template":"","meta":{"footnotes":""},"class_list":["post-14996","page","type-page","status-publish","hentry"],"_links":{"self":[{"href":"https:\/\/badabus.com\/ca\/wp-json\/wp\/v2\/pages\/14996","targetHints":{"allow":["GET"]}}],"collection":[{"href":"https:\/\/badabus.com\/ca\/wp-json\/wp\/v2\/pages"}],"about":[{"href":"https:\/\/badabus.com\/ca\/wp-json\/wp\/v2\/types\/page"}],"author":[{"embeddable":true,"href":"https:\/\/badabus.com\/ca\/wp-json\/wp\/v2\/users\/10"}],"replies":[{"embeddable":true,"href":"https:\/\/badabus.com\/ca\/wp-json\/wp\/v2\/comments?post=14996"}],"version-history":[{"count":11,"href":"https:\/\/badabus.com\/ca\/wp-json\/wp\/v2\/pages\/14996\/revisions"}],"predecessor-version":[{"id":16025,"href":"https:\/\/badabus.com\/ca\/wp-json\/wp\/v2\/pages\/14996\/revisions\/16025"}],"wp:attachment":[{"href":"https:\/\/badabus.com\/ca\/wp-json\/wp\/v2\/media?parent=14996"}],"curies":[{"name":"wp","href":"https:\/\/api.w.org\/{rel}","templated":true}]}}