{"id":14990,"date":"2026-08-20T13:05:24","date_gmt":"2026-08-20T11:05:24","guid":{"rendered":"https:\/\/badabus.com\/?page_id=14990"},"modified":"2026-08-31T12:13:03","modified_gmt":"2026-08-31T10:13:03","slug":"lloguer-minibus-castelldefels","status":"publish","type":"page","link":"https:\/\/badabus.com\/ca\/lloguer-minibus-castelldefels\/","title":{"rendered":"Home Castelldefels Minib\u00fas CAT"},"content":{"rendered":"<div class=\"wpb-content-wrapper\"><p>[vc_row row_fullwidth=\u00bb1&#8243; row_zero_column_space=\u00bb1&#8243; css=\u00bb.vc_custom_1461073450203{margin-top: 0px !important;margin-right: 0px !important;margin-bottom: 0px !important;margin-left: 0px !important;padding-top: 0px !important;padding-right: 0px !important;padding-bottom: 0px !important;padding-left: 0px !important;}\u00bb][vc_column offset=\u00bbvc_hidden-sm vc_hidden-xs\u00bb][rev_slider_vc alias=\u00bbcastelldefels-minibus-1&#8243; el_class=\u00bbno-bottom-margin\u00bb][\/vc_column][\/vc_row][vc_row gap=\u00bb5&#8243; row_fullwidth=\u00bb1&#8243; css=\u00bb.vc_custom_1684321545730{margin-top: 0px !important;margin-bottom: 0px !important;padding-top: 40px !important;padding-right: 40px !important;padding-left: 40px !important;background-color: #ffffff !important;}\u00bb][vc_column offset=\u00bbvc_hidden-sm vc_hidden-xs\u00bb][vc_column_text css=\u00bb\u00bb]<\/p>\n<h1 class=\"h1-home-cat\">Lloguer de Minib\u00fas a Castelldefels<\/h1>\n<h2 class=\"h1-servicios\">Les nostres opcions de minib\u00fas per a Castelldefels<\/h2>\n<p>[\/vc_column_text][vc_raw_html css=\u00bb\u00bb]JTVCYmFkYWJ1c19zZXJ2ZWlzJTVE[\/vc_raw_html][\/vc_column][vc_column offset=\u00bbvc_hidden-sm vc_hidden-xs\u00bb css=\u00bb.vc_custom_1744208769323{margin-top: 50px !important;background-color: #F6F6F6 !important;}\u00bb][vc_custom_heading text=\u00bbNecessites un minib\u00fas a Castelldefels per al teu trajecte?\u00bb font_container=\u00bbtag:h2|font_size:40|text_align:center|color:%23000000|line_height:30px\u00bb google_fonts=\u00bbfont_family:Raleway%3A100%2C200%2C300%2Cregular%2C500%2C600%2C700%2C800%2C900|font_style:300%20light%20regular%3A300%3Anormal\u00bb css=\u00bb.vc_custom_1746437207524{margin-top: 0px !important;margin-bottom: 0px !important;padding-top: 20px !important;padding-bottom: 0px !important;}\u00bb][vc_column_text css=\u00bb.vc_custom_1746437241561{margin-top: 10px !important;margin-bottom: 10px !important;}\u00bb]<\/p>\n<p style=\"text-align: center;\">En 24 h feineres t&#8217;enviem el pressupost. Nom\u00e9s cal que ens diguis on necessites arribar.<\/p>\n<p>[\/vc_column_text][vc_btn title=\u00bbSol\u00b7licitar pressupost per a lloguer de minib\u00fas\u00bb style=\u00bboutline-custom\u00bb outline_custom_color=\u00bb#000000&#8243; outline_custom_hover_background=\u00bb#000000&#8243; outline_custom_hover_text=\u00bb#ffffff\u00bb shape=\u00bbround\u00bb size=\u00bblg\u00bb align=\u00bbcenter\u00bb i_type=\u00bblinecons\u00bb i_icon_linecons=\u00bbvc_li vc_li-clip\u00bb css=\u00bb.vc_custom_1787731550452{margin-top: 20px !important;margin-bottom: 55px !important;}\u00bb add_icon=\u00bbtrue\u00bb link=\u00bburl:https%3A%2F%2Fbadabus.com%2Fca%2Fpressupost-lloguer-de-minibusos%2F|title:Pressupost%20lloguer%20d&#8217;autobusos\u00bb][\/vc_column][\/vc_row][vc_row row_fullwidth=\u00bb1&#8243; css=\u00bb.vc_custom_1613379287195{padding-right: 0px !important;padding-left: 0px !important;background-color: #0a0a0a !important;}\u00bb][vc_column css=\u00bb.vc_custom_1710964759406{padding-top: 0px !important;padding-right: 0px !important;padding-bottom: 0px !important;padding-left: 0px !important;background: #0a0a0a url(https:\/\/badabus.com\/wp-content\/uploads\/Alex-Bascuas-Photo-9610-opacity.jpg?id=9993) !important;background-position: center !important;background-repeat: no-repeat !important;background-size: cover !important;}\u00bb offset=\u00bbvc_hidden-lg vc_hidden-md\u00bb el_class=\u00bbimagen-background-home-mobile\u00bb][vc_column_text css=\u00bb.vc_custom_1746437214442{margin-top: 45px !important;margin-right: 5% !important;margin-bottom: 45px !important;margin-left: 5% !important;padding-right: 0px !important;padding-left: 0px !important;background-position: center !important;background-repeat: no-repeat !important;background-size: cover !important;}\u00bb]<\/p>\n<h1 class=\"h1-home-mob\">Lloguer de minibusos a Castelldefels<\/h1>\n<p>[\/vc_column_text][vc_btn title=\u00bbDEMANA PRESSUPOST\u00bb style=\u00bbcustom\u00bb custom_background=\u00bb#e22893&#8243; custom_text=\u00bb#ffffff\u00bb shape=\u00bbround\u00bb css=\u00bb.vc_custom_1787731558811{margin-left: 30px !important;}\u00bb link=\u00bburl:https%3A%2F%2Fbadabus.com%2Fca%2Fpressupost-lloguer-de-minibusos%2F|title:Pressupost%20Lloguer%20Autobusos\u00bb][\/vc_column][\/vc_row][vc_row css=\u00bb.vc_custom_1744208838364{margin-top: 130px !important;margin-bottom: 15px !important;}\u00bb][vc_column width=\u00bb1\/2&#8243;][vc_column_text css=\u00bb\u00bb]<\/p>\n<h2>Des de quins barris de Castelldefels sortim?<\/h2>\n<p>Fem sortides en <a href=\"https:\/\/badabus.com\/ca\/lloguer-de-minibus-barcelona\/\">minib\u00fas<\/a> des de barris com el Centre, Can Roca, els Canyars, Gran Via Mar, Bellamar i el Baixador, i ajustem el punt d&#8217;inici segons la ubicaci\u00f3 del grup.<\/p>\n<p>Tamb\u00e9 oferim recollides en zones com Montmar o les Lluminetes, ideals per a esdeveniments privats, excursions escolars o trasllats a l&#8217;aeroport des d&#8217;urbanitzacions residencials.[\/vc_column_text][\/vc_column][vc_column width=\u00bb1\/2&#8243;][vc_single_image image=\u00bb12889&#8243; img_size=\u00bb450&#215;450&#8243; css=\u00bb\u00bb][\/vc_column][\/vc_row][vc_row css=\u00bb.vc_custom_1744208847931{margin-top: 70px !important;margin-bottom: 30px !important;}\u00bb][vc_column width=\u00bb1\/2&#8243;][vc_column_text css=\u00bb.vc_custom_1786950645418{margin-bottom: 20px !important;}\u00bb]<\/p>\n<h2>De quantes places s\u00f3n els minibusos?<\/h2>\n<p>A Castelldefels oferim microbusos perfectes per a 16 a 25 persones, pensats per a esdeveniments petits, trasllats a aeroports o reunions familiars. S\u00f3n vehicles c\u00f2modes i vers\u00e0tils per a trajectes dins o fora de la ciutat.<\/p>\n<p>Per a grups m\u00e9s nombrosos, comptem amb <a href=\"https:\/\/badabus.com\/ca\/lloguer-autocar-castelldefels\/\">autocars per a Castelldefels<\/a> de fins a 55 places, molt utilitzats en excursions escolars, sortides culturals, viatges esportius o esdeveniments multitudinaris. La nostra flota est\u00e0 preparada per adaptar-se a qualsevol mena de grup.<\/p>\n<h3>Vols con\u00e8ixer la nostra flota de microbusos per a Castelldefels?<\/h3>\n<p>[\/vc_column_text][vc_btn title=\u00bbVEURE FLOTA DE MINIBUSOS\u00bb style=\u00bboutline-custom\u00bb outline_custom_color=\u00bb#000000&#8243; outline_custom_hover_background=\u00bb#000000&#8243; outline_custom_hover_text=\u00bb#ffffff\u00bb shape=\u00bbround\u00bb align=\u00bbleft\u00bb i_type=\u00bblinecons\u00bb i_icon_linecons=\u00bbvc_li vc_li-clip\u00bb css=\u00bb.vc_custom_1787732153751{margin-bottom: 35px !important;}\u00bb add_icon=\u00bbtrue\u00bb link=\u00bburl:https%3A%2F%2Fbadabus.com%2Fca%2Flloguer-de-minibus-barcelona%2F\u00bb][\/vc_column][vc_column width=\u00bb1\/2&#8243;][vc_single_image image=\u00bb12673&#8243; img_size=\u00bb450&#215;420&#8243; css=\u00bb\u00bb][\/vc_column][\/vc_row][vc_row css=\u00bb.vc_custom_1744209919418{padding-top: 35px !important;background-color: #25A6B9 !important;}\u00bb][vc_column width=\u00bb2\/3&#8243;][vc_column_text css=\u00bb\u00bb]<strong style=\"font-size: 26px; color: white;\">Necessites un minib\u00fas a Castelldefels per al teu trajecte?<\/strong>[\/vc_column_text][\/vc_column][vc_column width=\u00bb1\/3&#8243;][vc_btn title=\u00bbPressupost en 24 h\u00bb style=\u00bboutline-custom\u00bb outline_custom_color=\u00bb#FFFFFF\u00bb outline_custom_hover_background=\u00bb#000000&#8243; outline_custom_hover_text=\u00bb#ffffff\u00bb shape=\u00bbround\u00bb align=\u00bbleft\u00bb i_type=\u00bblinecons\u00bb i_icon_linecons=\u00bbvc_li vc_li-clip\u00bb css=\u00bb.vc_custom_1787731570364{margin-bottom: 35px !important;}\u00bb add_icon=\u00bbtrue\u00bb link=\u00bburl:https%3A%2F%2Fbadabus.com%2Fca%2Fpressupost-lloguer-de-minibusos%2F|title:Pressupost%20lloguer%20d&#8217;autobusos\u00bb][\/vc_column][\/vc_row][vc_row gap=\u00bb20&#8243; equal_height=\u00bbyes\u00bb css=\u00bb.vc_custom_1719475441479{margin-top: 40px !important;padding-top: 40px !important;padding-bottom: 120px !important;background-image: url(https:\/\/badabus.com\/wp-content\/uploads\/dotted.png?id=2221) !important;}\u00bb][vc_column][vc_column_text css=\u00bb\u00bb]<\/p>\n<p style=\"text-align: center; font-size: 40px; font-family: gotham-rounded; line-height: 1em;\"><strong>Per qu\u00e8 triar-nos per al teu trajecte des de Castelldefels?<\/strong><\/p>\n<p>[\/vc_column_text][vc_row_inner equal_height=\u00bbyes\u00bb css=\u00bb.vc_custom_1744209697713{margin-bottom: 0px !important;padding-top: 20px !important;padding-bottom: 0px !important;}\u00bb][vc_column_inner width=\u00bb1\/3&#8243; css=\u00bb.vc_custom_1719475287975{background-color: #25a6b9 !important;border-radius: 5px !important;}\u00bb][vc_column_text css=\u00bb\u00bb]<\/p>\n<p class=\"numero-porque\">\/\/ 01<\/p>\n<p class=\"titulo-porque\">Seguretat<\/p>\n<p class=\"p-porque\">La nostra flota per a Castelldefels se sotmet a revisions constants perqu\u00e8 la teva seguretat \u00e9s la nostra prioritat en cada viatge.<\/p>\n<p>[\/vc_column_text][vc_btn title=\u00bbVEURE FLOTA\u00bb style=\u00bboutline-custom\u00bb outline_custom_color=\u00bb#ffffff\u00bb outline_custom_hover_background=\u00bb#ffffff\u00bb outline_custom_hover_text=\u00bb#25a6b9&#8243; shape=\u00bbround\u00bb size=\u00bbsm\u00bb css=\u00bb.vc_custom_1786949645932{margin-left: 35px !important;}\u00bb link=\u00bburl:https%3A%2F%2Fbadabus.com%2Fca%2Fflota%2F|title:Veure%20flota%20d&#8217;autocars\u00bb][vc_empty_space][\/vc_column_inner][vc_column_inner width=\u00bb1\/3&#8243; css=\u00bb.vc_custom_1719475336589{background-color: #9b6da6 !important;border-radius: 5px !important;}\u00bb][vc_column_text css=\u00bb\u00bb]<\/p>\n<p class=\"numero-porque\">\/\/ 02<\/p>\n<p class=\"titulo-porque\">Confort<\/p>\n<p class=\"p-porque\">Els nostres minibusos estan preparats per oferir-te un viatge c\u00f2mode, segur i sense ensurts.<\/p>\n<p>[\/vc_column_text][vc_btn title=\u00bbVEURE FLOTA\u00bb style=\u00bboutline-custom\u00bb outline_custom_color=\u00bb#ffffff\u00bb outline_custom_hover_background=\u00bb#ffffff\u00bb outline_custom_hover_text=\u00bb#9b6da6&#8243; shape=\u00bbround\u00bb size=\u00bbsm\u00bb css=\u00bb.vc_custom_1786949658452{margin-left: 35px !important;}\u00bb link=\u00bburl:https%3A%2F%2Fbadabus.com%2Fca%2Fflota%2F|title:Veure%20flota%20d&#8217;autocars\u00bb][vc_empty_space][\/vc_column_inner][vc_column_inner width=\u00bb1\/3&#8243; css=\u00bb.vc_custom_1719475343640{background-color: #e22893 !important;border-radius: 5px !important;}\u00bb][vc_column_text css=\u00bb\u00bb]<\/p>\n<p class=\"numero-porque\">\/\/ 03<\/p>\n<p class=\"titulo-porque\">Conductors<\/p>\n<p class=\"p-porque\">Cada viatge est\u00e0 en mans de conductors qualificats, experts en rutes i amb formaci\u00f3 en seguretat vi\u00e0ria.<\/p>\n<p>[\/vc_column_text][vc_btn title=\u00bbVEURE FLOTA\u00bb style=\u00bboutline-custom\u00bb outline_custom_color=\u00bb#ffffff\u00bb outline_custom_hover_background=\u00bb#ffffff\u00bb outline_custom_hover_text=\u00bb#e22893&#8243; shape=\u00bbround\u00bb size=\u00bbsm\u00bb css=\u00bb.vc_custom_1786949748798{margin-left: 35px !important;}\u00bb link=\u00bburl:https%3A%2F%2Fbadabus.com%2Fca%2Fflota%2F|title:Veure%20flota%20d&#8217;autocars\u00bb][vc_empty_space][\/vc_column_inner][\/vc_row_inner][\/vc_column][\/vc_row][vc_row gap=\u00bb35&#8243; row_fullwidth=\u00bb1&#8243; css=\u00bb.vc_custom_1595256381018{margin-bottom: 0px !important;padding-top: 0px !important;padding-bottom: 15px !important;background-color: #ffffff !important;}\u00bb][vc_column width=\u00bb2\/3&#8243; offset=\u00bbvc_hidden-lg vc_hidden-md\u00bb css=\u00bb.vc_custom_1595256410887{margin-top: -100px !important;}\u00bb][vc_column_text css=\u00bb.vc_custom_1595254868036{margin-bottom: -10px !important;}\u00bb]<\/p>\n<p style=\"font-size: 25px; font-family: 'gotham-rounded'; text-align: left; color: #25a8ba; line-height: 1em;\"><strong>La teva companyia de confian\u00e7a<\/strong><\/p>\n<p>[\/vc_column_text][vc_column_text]<\/p>\n<p style=\"font-size: 20px; font-family: 'gotham-rounded'; text-align: left;\"><strong>Badabus \u00e9s una empresa familiar dedicada al transport de viatgers per carretera.<\/strong><\/p>\n<p>Empresa especialista en el lloguer d&#8217;autocars i minibusos. Ens avala l&#8217;experi\u00e8ncia de m\u00e9s de 25 anys en el sector de les persones que la dirigim.[\/vc_column_text][vc_btn title=\u00bbVols saber-ne m\u00e9s?\u00bb style=\u00bbgradient-custom\u00bb gradient_custom_color_1=\u00bb#25a6b9&#8243; gradient_custom_color_2=\u00bb#e22893&#8243; shape=\u00bbround\u00bb size=\u00bblg\u00bb align=\u00bbleft\u00bb css=\u00bb.vc_custom_1786950670028{padding-right: 3% !important;padding-left: 3% !important;}\u00bb link=\u00bburl:https%3A%2F%2Fbadabus.com%2Fflota%2F|title:Flota|\u00bb][\/vc_column][vc_column width=\u00bb1\/3&#8243; offset=\u00bbvc_hidden-lg vc_hidden-md\u00bb][vc_column_text css=\u00bb\u00bb]<b style=\"text-align: left; font-size: 20px;\"><img loading=\"lazy\" decoding=\"async\" class=\"alignnone wp-image-1964\" src=\"https:\/\/badabus.com\/wp-content\/uploads\/flechas-badabus.jpg\" alt=\"\" width=\"45\" height=\"27\" \/> CONTACTE<\/b>[\/vc_column_text][vc_column_text css=\u00bb\u00bb]<\/p>\n<h3 style=\"text-align: left; font-size: 20px;\">Autocares Badabus<\/h3>\n<p>Adre\u00e7a: <a href=\"https:\/\/www.google.com\/maps\/place\/Autocares+Badabus\/@41.3518513,2.1340148,17z\/data=!3m1!4b1!4m6!3m5!1s0x12a498a57225f481:0x27ebbd8420ff8f5e!8m2!3d41.3518513!4d2.1340148!16s%2Fg%2F11fz9zb2tf?entry=ttu\" target=\"_blank\" rel=\"noopener noreferrer\">C\/ Plom, 28 \u2013 08038 (Barcelona)<\/a><br \/>\nCorreu electr\u00f2nic: <a href=\"mailto:info@badabus.com\">info@badabus.com<\/a><br \/>\n<img loading=\"lazy\" decoding=\"async\" class=\"size-full wp-image-2239 alignleft\" src=\"https:\/\/badabus.com\/wp-content\/uploads\/telefon-de-lloguer-autocars-badabus.jpg\" alt=\"tel\u00e8fon de lloguer d'autocars badabus\" width=\"341\" height=\"124\" \/>[\/vc_column_text][\/vc_column][\/vc_row][vc_row gap=\u00bb35&#8243; css=\u00bb.vc_custom_1744210760780{margin-bottom: 25px !important;}\u00bb][vc_column width=\u00bb2\/3&#8243; css=\u00bb.vc_custom_1748247731383{margin-right: 30px !important;}\u00bb][vc_column_text css=\u00bb\u00bb]<\/p>\n<h2 style=\"font-size: 20px;\">Trajectes freq\u00fcents des de Castelldefels amb els nostres minibusos<\/h2>\n<p style=\"font-weight: 400; text-align: justify;\">Des de Castelldefels surten moltes de les nostres rutes m\u00e9s demandades en minib\u00fas, com ara excursions a Montserrat, sortides a parcs d&#8217;atraccions i visites a destinacions culturals. Planifiquem cada trajecte perqu\u00e8 sigui c\u00f2mode, segur i adaptat a cada grup.<\/p>\n<p style=\"font-weight: 400; text-align: justify;\">A m\u00e9s, fem <a href=\"https:\/\/badabus.com\/ca\/transfer-aeroport-barcelona\/\">transfers freq\u00fcents a l&#8217;aeroport<\/a> per a grups d&#8217;empresa o turisme, i organitzem viatges escolars de fi de curs, amb parades i temps pensats per a la m\u00e0xima efici\u00e8ncia del trajecte.<\/p>\n<h3 style=\"font-weight: 400;\">Serveis m\u00e9s demandats de lloguer de minibusos a Castelldefels<\/h3>\n<p style=\"font-weight: 400; text-align: justify;\">A Castelldefels col\u00b7laborem amb empreses que necessiten despla\u00e7aments puntuals o regulars per als seus empleats. Tamb\u00e9 oferim servei a escoles que organitzen excursions escolars i activitats fora del centre.<\/p>\n<p style=\"font-weight: 400; text-align: justify;\">Els nostres minibusos tamb\u00e9 s&#8217;utilitzen en casaments, comunions i celebracions privades a la zona. Clubs esportius i grups culturals completen la demanda habitual, juntament amb turistes que busquen rutes organitzades amb sortida des de Castelldefels.<\/p>\n<h3 style=\"font-weight: 400;\">Per qu\u00e8 \u00e9s millor llogar un minib\u00fas a Castelldefels amb nosaltres?<\/h3>\n<p style=\"font-weight: 400; text-align: justify;\">A Castelldefels oferim un servei de lloguer de minibusos pensat per a qui busca rapidesa, tracte proper, coneixement de l&#8217;entorn i una log\u00edstica pensada per oferir recollides eficients des de qualsevol punt del municipi, ja sigui al centre, a Montmar o a la zona de platja.<\/p>\n<p style=\"font-weight: 400; text-align: justify;\">Al llarg del temps hem col\u00b7laborat amb institucions educatives, entitats locals i empreses de Castelldefels, cosa que ens permet con\u00e8ixer de primera m\u00e0 les seves necessitats i adaptar-nos a cada tipus de grup. Per aix\u00f2, triar-nos \u00e9s apostar per comoditat, confian\u00e7a i experi\u00e8ncia local.<\/p>\n<p>[\/vc_column_text][vc_empty_space height=\u00bb65px\u00bb][vc_column_text css=\u00bb\u00bb]<strong style=\"margin-left: 6px;\">POBLACIONS ON OFERIM SERVEI DE LLOGUER D&#8217;AUTOCAR<br \/>\n<\/strong><div class=\"menu-horizontal\"><ul><div class=\"menu-horizontal\"><li id=\"menu-item-15926\" class=\"menu-item menu-item-type-post_type menu-item-object-page menu-item-15926\"><a href=\"https:\/\/badabus.com\/ca\/lloguer-minibus-badalona\/\">Lloguer Minib\u00fas a Badalona<\/a><\/li> | <li id=\"menu-item-15933\" class=\"menu-item menu-item-type-post_type menu-item-object-page menu-item-15933\"><a href=\"https:\/\/badabus.com\/ca\/lloguer-minibus-viladecans\/\">Lloguer Minib\u00fas a Viladecans<\/a><\/li> | <li id=\"menu-item-15932\" class=\"menu-item menu-item-type-post_type menu-item-object-page menu-item-15932\"><a href=\"https:\/\/badabus.com\/ca\/lloguer-minibus-santa-coloma-de-gramenet\/\">Lloguer Minib\u00fas a Santa Coloma de Gramanet<\/a><\/li> | <li id=\"menu-item-15931\" class=\"menu-item menu-item-type-post_type menu-item-object-page menu-item-15931\"><a href=\"https:\/\/badabus.com\/ca\/lloguer-minibus-sant-joan-despi\/\">Lloguer Minib\u00fas a Sant Joan Desp\u00ed<\/a><\/li> | <li id=\"menu-item-15925\" class=\"menu-item menu-item-type-post_type menu-item-object-page menu-item-15925\"><a href=\"https:\/\/badabus.com\/ca\/lloguer-minibus-sant-feliu\/\">Lloguer Minib\u00fas a Sant Feliu de Llobregat<\/a><\/li> | <li id=\"menu-item-15930\" class=\"menu-item menu-item-type-post_type menu-item-object-page menu-item-15930\"><a href=\"https:\/\/badabus.com\/ca\/lloguer-minibus-sant-boi-llobregat\/\">Lloguer Minib\u00fas a Sant Boi de Llobregat<\/a><\/li> | <li id=\"menu-item-15924\" class=\"menu-item menu-item-type-post_type menu-item-object-page menu-item-15924\"><a href=\"https:\/\/badabus.com\/ca\/lloguer-minibus-sant-adria\/\">Lloguer Minib\u00fas a Sant Adri\u00e0 del Bes\u00f3s<\/a><\/li> | <li id=\"menu-item-15929\" class=\"menu-item menu-item-type-post_type menu-item-object-page menu-item-15929\"><a href=\"https:\/\/badabus.com\/ca\/lloguer-minibus-hospitalet-de-llobregat\/\">Lloguer Minib\u00fas a Hospitalet de Llobregat<\/a><\/li> | <li id=\"menu-item-15928\" class=\"menu-item menu-item-type-post_type menu-item-object-page menu-item-15928\"><a href=\"https:\/\/badabus.com\/ca\/lloguer-minibus-gava\/\">Lloguer Minib\u00fas a Gav\u00e0<\/a><\/li> | <li id=\"menu-item-15923\" class=\"menu-item menu-item-type-post_type menu-item-object-page menu-item-15923\"><a href=\"https:\/\/badabus.com\/ca\/lloguer-minibus-esplugues\/\">Lloguer Minib\u00fas a Esplugues de Llobregat<\/a><\/li> | <li id=\"menu-item-15927\" class=\"menu-item menu-item-type-post_type menu-item-object-page menu-item-15927\"><a href=\"https:\/\/badabus.com\/ca\/lloguer-minibus-el-prat-llobregat\/\">Lloguer Minib\u00fas a El Prat de Llobregat<\/a><\/li> | <li id=\"menu-item-15922\" class=\"menu-item menu-item-type-post_type menu-item-object-page menu-item-15922\"><a href=\"https:\/\/badabus.com\/ca\/lloguer-minibus-cornella\/\">Lloguer Minib\u00fas a Cornell\u00e0 de Llobregat<\/a><\/li> | <li id=\"menu-item-15921\" class=\"menu-item menu-item-type-post_type menu-item-object-page menu-item-15921\"><a href=\"https:\/\/badabus.com\/ca\/lloguer-minibus-castelldefels\/\">Lloguer Minib\u00fas a Castelldefels<\/a><\/li>\n<\/div><\/ul><\/div>[\/vc_column_text][vc_tta_accordion section_title_tag=\u00bbh2&#8243; color=\u00bbwhite\u00bb active_section=\u00bb1&#8243;][vc_tta_section title=\u00bbQuin \u00e9s el preu de llogar un minib\u00fas a Castelldefels?\u00bb tab_id=\u00bb1764146881027-0b3c41bb-b5f7&#8243;][vc_column_text css=\u00bb\u00bb]<\/p>\n<p data-start=\"569\" data-end=\"1110\">El preu de llogar un minib\u00fas a Castelldefels pot variar segons el recorregut, la data, la durada del servei, el nombre de passatgers i el tipus de vehicle que es necessiti. Cada despla\u00e7ament requereix una planificaci\u00f3 diferent, per la qual cosa no hi ha una tarifa fixa. Per obtenir un import exacte, n&#8217;hi ha prou amb indicar el punt de recollida a Castelldefels, la destinaci\u00f3, l&#8217;horari i la mida del grup. Amb aquestes dades elaborem un pressupost personalitzat, clar i adaptat a les necessitats reals del trajecte.<\/p>\n<p>[\/vc_column_text][\/vc_tta_section][vc_tta_section title=\u00bbQuins s\u00f3n els avantatges de llogar un minib\u00fas a Castelldefels per a grups petits o mitjans?\u00bb tab_id=\u00bb1764146881052-2ae640b8-0e69&#8243;][vc_column_text css=\u00bb\u00bb]<\/p>\n<p data-start=\"1240\" data-end=\"1785\">El lloguer d&#8217;un minib\u00fas a Castelldefels \u00e9s una opci\u00f3 ideal per a grups que volen moure&#8217;s junts de manera c\u00f2moda i eficient. Gr\u00e0cies a la seva mida, aquests vehicles permeten circular amb facilitat pel municipi i els seus voltants, i faciliten els despla\u00e7aments cap a l&#8217;aeroport, Barcelona o zones costaneres. Els minibusos compten amb climatitzaci\u00f3, interiors amplis i seients confortables, cosa que els converteix en una alternativa pr\u00e0ctica per a excursions, activitats familiars, sortides escolars o esdeveniments d&#8217;empresa.<\/p>\n<p>[\/vc_column_text][\/vc_tta_section][vc_tta_section title=\u00bbPuc contractar un minib\u00fas per fer visites i excursions des de Castelldefels?\u00bb tab_id=\u00bb1764146931166-10b6b8b9-3ecc\u00bb][vc_column_text css=\u00bb\u00bb]<\/p>\n<p data-start=\"1902\" data-end=\"2343\">S\u00ed, pots contractar un minib\u00fas per fer rutes personalitzades amb sortida des de Castelldefels. Aquest servei \u00e9s molt \u00fatil per a grups que volen visitar punts d&#8217;inter\u00e8s de Barcelona, rec\u00f3rrer la Costa del Garraf, despla\u00e7ar-se a Montserrat o fer excursions per tot Catalunya. L&#8217;itinerari s&#8217;adapta completament a les necessitats del grup i ofereix flexibilitat, comoditat i un servei totalment planificat.<\/p>\n<p>[\/vc_column_text][\/vc_tta_section][vc_tta_section title=\u00bbQuina durada solen tenir els serveis de lloguer de minib\u00fas a Castelldefels?\u00bb tab_id=\u00bb1764146951544-3622f6fd-4da2&#8243;][vc_column_text css=\u00bb\u00bb]<\/p>\n<p data-start=\"2457\" data-end=\"2914\">La durada dep\u00e8n del tipus de trajecte que vulguis fer. Pots contractar trasllats curts dins de Castelldefels, serveis per hores, rutes de mig dia o excursions de jornada completa. Per a esdeveniments o activitats que requereixin m\u00faltiples parades, tamb\u00e9 oferim la possibilitat d&#8217;incloure esperes programades. Cada servei s&#8217;organitza seguint els horaris del grup per assegurar un despla\u00e7ament c\u00f2mode i ben estructurat.<\/p>\n<p>[\/vc_column_text][\/vc_tta_section][vc_tta_section title=\u00bbQuantes places tenen els minibusos disponibles a Castelldefels?\u00bb tab_id=\u00bb1764146969489-bf7d67c5-c97a\u00bb][vc_column_text css=\u00bb\u00bb]<\/p>\n<p data-start=\"3013\" data-end=\"3442\">La nostra flota a Castelldefels inclou minibusos amb capacitats que van aproximadament de 8 a 25 places. Aquesta varietat permet triar l&#8217;opci\u00f3 ideal segons la mida del grup i el tipus de trajecte, ja sigui un trasllat local, una excursi\u00f3, un esdeveniment o un viatge corporatiu. Quan sol\u00b7licitis el pressupost, nom\u00e9s cal indicar quantes persones viatjaran per assignar el vehicle m\u00e9s adequat.<\/p>\n<p>[\/vc_column_text][\/vc_tta_section][vc_tta_section title=\u00bbPuc reservar un minib\u00fas des de Castelldefels cap a l&#8217;Aeroport de Barcelona?\u00bb tab_id=\u00bb1764146988266-3aad255a-0514&#8243;][vc_column_text css=\u00bb\u00bb]<\/p>\n<p data-start=\"3555\" data-end=\"3975\">S\u00ed, pots reservar un minib\u00fas per fer trasllats des de Castelldefels fins a l&#8217;Aeroport de Barcelona-el Prat. Aquest servei \u00e9s perfecte per a grups que necessitin un transport directe, puntual i c\u00f2mode. El conductor s&#8217;ocupa de la recollida al punt acordat, de l&#8217;equipatge i de fer el trajecte amb total seguretat. Tamb\u00e9 gestionem recollides per a grups que arriben en vols diferents.<\/p>\n<p>[\/vc_column_text][\/vc_tta_section][vc_tta_section title=\u00bbQuina difer\u00e8ncia hi ha entre contractar un minib\u00fas o un autocar a Castelldefels?\u00bb tab_id=\u00bb1764147007896-11726516-750e\u00bb][vc_column_text css=\u00bb\u00bb]<\/p>\n<p data-start=\"4085\" data-end=\"4549\">La difer\u00e8ncia principal rau en la capacitat del vehicle i en el tipus de servei. El minib\u00fas \u00e9s ideal per a grups redu\u00efts o mitjans que necessitin mobilitat \u00e0gil a Castelldefels o despla\u00e7aments cap a municipis propers. L&#8217;autocar, en canvi, \u00e9s m\u00e9s adequat per a grups grans o viatges llargs. Tots dos vehicles ofereixen confort i equipament complet, per\u00f2 es tria l&#8217;un o l&#8217;altre segons la mida del grup i el recorregut previst.<\/p>\n<p>[\/vc_column_text][\/vc_tta_section][vc_tta_section title=\u00bbCal fer un pagament previ per reservar un minib\u00fas a Castelldefels?\u00bb tab_id=\u00bb1764147024554-795d8466-3721&#8243;][vc_column_text css=\u00bb\u00bb]<\/p>\n<p data-start=\"4662\" data-end=\"5073\">Segons la data i el tipus de servei, pot ser necessari fer un dip\u00f2sit per garantir la disponibilitat del minib\u00fas. Aquest pagament assegura que el vehicle i el conductor quedin reservats per a l&#8217;horari sol\u00b7licitat. Al pressupost es detallen clarament els imports, les condicions i els terminis, perqu\u00e8 puguis planificar el servei amb tota tranquil\u00b7litat i sense sorpreses.<\/p>\n<p>[\/vc_column_text][\/vc_tta_section][\/vc_tta_accordion][vc_separator color=\u00bbwhite\u00bb border_width=\u00bb5&#8243; css=\u00bb\u00bb][\/vc_column][vc_column width=\u00bb1\/3&#8243; css=\u00bb.vc_custom_1744211247589{margin-right: 30px !important;margin-left: 30px !important;}\u00bb][vc_column_text css=\u00bb.vc_custom_1787736384492{margin-bottom: -10px !important;}\u00bb]<\/p>\n<p style=\"font-size: 30px; font-family: 'gotham-rounded'; text-align: left; color: #25a8ba; line-height: 1em;\"><strong>La teva companyia de confian\u00e7a a Castelldefels<\/strong><\/p>\n<p>[\/vc_column_text][vc_column_text css=\u00bb\u00bb]<\/p>\n<p style=\"font-size: 18px; font-family: 'gotham-rounded'; text-align: left;\"><strong>Badabus \u00e9s una empresa familiar dedicada al transport de viatgers per carretera.<\/strong><\/p>\n<p>Empresa especialista en el lloguer de minibusos a Castelldefels. Ens avala l&#8217;experi\u00e8ncia de m\u00e9s de 25 anys en el sector de les persones que la dirigim.[\/vc_column_text][vc_column_text css=\u00bb\u00bb]<b style=\"text-align: left; font-size: 20px;\"><img loading=\"lazy\" decoding=\"async\" class=\"alignnone wp-image-1964\" src=\"https:\/\/badabus.com\/wp-content\/uploads\/flechas-badabus.jpg\" alt=\"\" width=\"45\" height=\"27\" \/> CONTACTE<\/b>[\/vc_column_text][vc_column_text css=\u00bb\u00bb]<\/p>\n<h3 style=\"text-align: left; font-size: 20px;\">Autocares Badabus<\/h3>\n<p>Adre\u00e7a: <a href=\"https:\/\/www.google.com\/maps\/place\/Autocares+Badabus\/@41.3518513,2.1340148,17z\/data=!3m1!4b1!4m6!3m5!1s0x12a498a57225f481:0x27ebbd8420ff8f5e!8m2!3d41.3518513!4d2.1340148!16s%2Fg%2F11fz9zb2tf?entry=ttu\" target=\"_blank\" rel=\"noopener noreferrer\">Carrer de la Metal\u00b7l\u00fargia, 51, 08908 Barcelona<\/a><br \/>\nCorreu electr\u00f2nic: <a href=\"mailto:info@badabus.com\">info@badabus.com<\/a><br \/>\n<img loading=\"lazy\" decoding=\"async\" class=\"size-full wp-image-2239 alignleft\" src=\"https:\/\/badabus.com\/wp-content\/uploads\/telefon-de-lloguer-autocars-badabus.jpg\" alt=\"tel\u00e8fon de lloguer d'autocars badabus\" width=\"341\" height=\"124\" \/>[\/vc_column_text][\/vc_column][\/vc_row][vc_row row_fullwidth=\u00bb1&#8243; row_zero_column_space=\u00bb1&#8243; css=\u00bb.vc_custom_1525855960545{margin-top: 0px !important;margin-right: 0px !important;margin-bottom: 0px !important;margin-left: 0px !important;padding-top: 0px !important;padding-right: 0px !important;padding-bottom: 0px !important;padding-left: 0px !important;background-color: #303033 !important;}\u00bb][vc_column width=\u00bb1\/2&#8243; css=\u00bb.vc_custom_1525855742551{margin-top: -30px !important;}\u00bb][vc_single_image image=\u00bb15747&#8243; img_size=\u00bbfull\u00bb css=\u00bb\u00bb][\/vc_column][vc_column width=\u00bb1\/4&#8243; offset=\u00bbvc_hidden-xs\u00bb][vc_single_image image=\u00bb15755&#8243; img_size=\u00bbfull\u00bb css=\u00bb.vc_custom_1787227780800{padding-top: 10px !important;}\u00bb][\/vc_column][vc_column width=\u00bb1\/4&#8243; offset=\u00bbvc_hidden-xs\u00bb][vc_btn title=\u00bbDEMANAR PRESSUPOST\u00bb style=\u00bbgradient-custom\u00bb gradient_custom_color_1=\u00bb#25a6b9&#8243; gradient_custom_color_2=\u00bb#e22893&#8243; shape=\u00bbround\u00bb size=\u00bblg\u00bb align=\u00bbleft\u00bb css=\u00bb.vc_custom_1787731585787{padding-top: 20px !important;}\u00bb link=\u00bburl:https%3A%2F%2Fbadabus.com%2Fca%2Fpressupost-lloguer-de-minibusos%2F\u00bb][\/vc_column][\/vc_row][vc_row][vc_column][vc_raw_html css=\u00bb\u00bb]PHNjcmlwdCB0eXBlPSJhcHBsaWNhdGlvbi9sZCtqc29uIj4KewogICJAY29udGV4dCI6ICJodHRwczovL3NjaGVtYS5vcmciLAogICJAdHlwZSI6ICJGQVFQYWdlIiwKICAibWFpbkVudGl0eSI6IFt7CiAgICAiQHR5cGUiOiAiUXVlc3Rpb24iLAogICAgIm5hbWUiOiAiUXVpbiDDqXMgZWwgcHJldSBkZSBsbG9nYXIgdW4gbWluaWLDunMgYSBDYXN0ZWxsZGVmZWxzPyIsCiAgICAiYWNjZXB0ZWRBbnN3ZXIiOiB7CiAgICAgICJAdHlwZSI6ICJBbnN3ZXIiLAogICAgICAidGV4dCI6ICJFbCBwcmV1IGRlIGxsb2dhciB1biBtaW5pYsO6cyBhIENhc3RlbGxkZWZlbHMgcG90IHZhcmlhciBzZWdvbnMgZWwgcmVjb3JyZWd1dCwgbGEgZGF0YSwgbGEgZHVyYWRhIGRlbCBzZXJ2ZWksIGVsIG5vbWJyZSBkZSBwYXNzYXRnZXJzIGkgZWwgdGlwdXMgZGUgdmVoaWNsZSBxdWUgZXMgbmVjZXNzaXRpLiBDYWRhIGRlc3BsYcOnYW1lbnQgcmVxdWVyZWl4IHVuYSBwbGFuaWZpY2FjacOzIGRpZmVyZW50LCBwZXIgbGEgcXVhbCBjb3NhIG5vIGhpIGhhIHVuYSB0YXJpZmEgZml4YS4gUGVyIG9idGVuaXIgdW4gaW1wb3J0IGV4YWN0ZSwgbidoaSBoYSBwcm91IGFtYiBpbmRpY2FyIGVsIHB1bnQgZGUgcmVjb2xsaWRhIGEgQ2FzdGVsbGRlZmVscywgbGEgZGVzdGluYWNpw7MsIGwnaG9yYXJpIGkgbGEgbWlkYSBkZWwgZ3J1cC4gQW1iIGFxdWVzdGVzIGRhZGVzIGVsYWJvcmVtIHVuIHByZXNzdXBvc3QgcGVyc29uYWxpdHphdCwgY2xhciBpIGFkYXB0YXQgYSBsZXMgbmVjZXNzaXRhdHMgcmVhbHMgZGVsIHRyYWplY3RlLiIKICAgIH0KICB9LHsKICAgICJAdHlwZSI6ICJRdWVzdGlvbiIsCiAgICAibmFtZSI6ICJRdWlucyBzw7NuIGVscyBhdmFudGF0Z2VzIGRlIGxsb2dhciB1biBtaW5pYsO6cyBhIENhc3RlbGxkZWZlbHMgcGVyIGEgZ3J1cHMgcGV0aXRzIG8gbWl0amFucz8iLAogICAgImFjY2VwdGVkQW5zd2VyIjogewogICAgICAiQHR5cGUiOiAiQW5zd2VyIiwKICAgICAgInRleHQiOiAiRWwgbGxvZ3VlciBkJ3VuIG1pbmliw7pzIGEgQ2FzdGVsbGRlZmVscyDDqXMgdW5hIG9wY2nDsyBpZGVhbCBwZXIgYSBncnVwcyBxdWUgdm9sZW4gbW91cmUncyBqdW50cyBkZSBtYW5lcmEgY8OybW9kYSBpIGVmaWNpZW50LiBHcsOgY2llcyBhIGxhIHNldmEgbWlkYSwgYXF1ZXN0cyB2ZWhpY2xlcyBwZXJtZXRlbiBjaXJjdWxhciBhbWIgZmFjaWxpdGF0IHBlbCBtdW5pY2lwaSBpIGVscyBzZXVzIHZvbHRhbnRzLCBpIGZhY2lsaXRlbiBlbHMgZGVzcGxhw6dhbWVudHMgY2FwIGEgbCdhZXJvcG9ydCwgQmFyY2Vsb25hIG8gem9uZXMgY29zdGFuZXJlcy4gRWxzIG1pbmlidXNvcyBjb21wdGVuIGFtYiBjbGltYXRpdHphY2nDsywgaW50ZXJpb3JzIGFtcGxpcyBpIHNlaWVudHMgY29uZm9ydGFibGVzLCBjb3NhIHF1ZSBlbHMgY29udmVydGVpeCBlbiB1bmEgYWx0ZXJuYXRpdmEgcHLDoGN0aWNhIHBlciBhIGV4Y3Vyc2lvbnMsIGFjdGl2aXRhdHMgZmFtaWxpYXJzLCBzb3J0aWRlcyBlc2NvbGFycyBvIGVzZGV2ZW5pbWVudHMgZCdlbXByZXNhLiIKICAgIH0KICB9LHsKICAgICJAdHlwZSI6ICJRdWVzdGlvbiIsCiAgICAibmFtZSI6ICJQdWMgY29udHJhY3RhciB1biBtaW5pYsO6cyBwZXIgZmVyIHZpc2l0ZXMgaSBleGN1cnNpb25zIGRlcyBkZSBDYXN0ZWxsZGVmZWxzPyIsCiAgICAiYWNjZXB0ZWRBbnN3ZXIiOiB7CiAgICAgICJAdHlwZSI6ICJBbnN3ZXIiLAogICAgICAidGV4dCI6ICJTw60sIHBvdHMgY29udHJhY3RhciB1biBtaW5pYsO6cyBwZXIgZmVyIHJ1dGVzIHBlcnNvbmFsaXR6YWRlcyBhbWIgc29ydGlkYSBkZXMgZGUgQ2FzdGVsbGRlZmVscy4gQXF1ZXN0IHNlcnZlaSDDqXMgbW9sdCDDunRpbCBwZXIgYSBncnVwcyBxdWUgdm9sZW4gdmlzaXRhciBwdW50cyBkJ2ludGVyw6hzIGRlIEJhcmNlbG9uYSwgcmVjw7NycmVyIGxhIENvc3RhIGRlbCBHYXJyYWYsIGRlc3BsYcOnYXItc2UgYSBNb250c2VycmF0IG8gZmVyIGV4Y3Vyc2lvbnMgcGVyIHRvdCBDYXRhbHVueWEuIEwnaXRpbmVyYXJpIHMnYWRhcHRhIGNvbXBsZXRhbWVudCBhIGxlcyBuZWNlc3NpdGF0cyBkZWwgZ3J1cCBpIG9mZXJlaXggZmxleGliaWxpdGF0LCBjb21vZGl0YXQgaSB1biBzZXJ2ZWkgdG90YWxtZW50IHBsYW5pZmljYXQuIgogICAgfQogIH0sewogICAgIkB0eXBlIjogIlF1ZXN0aW9uIiwKICAgICJuYW1lIjogIlF1aW5hIGR1cmFkYSBzb2xlbiB0ZW5pciBlbHMgc2VydmVpcyBkZSBsbG9ndWVyIGRlIG1pbmliw7pzIGEgQ2FzdGVsbGRlZmVscz8iLAogICAgImFjY2VwdGVkQW5zd2VyIjogewogICAgICAiQHR5cGUiOiAiQW5zd2VyIiwKICAgICAgInRleHQiOiAiTGEgZHVyYWRhIGRlcMOobiBkZWwgdGlwdXMgZGUgdHJhamVjdGUgcXVlIHZ1bGd1aXMgZmVyLiBQb3RzIGNvbnRyYWN0YXIgdHJhc2xsYXRzIGN1cnRzIGRpbnMgZGUgQ2FzdGVsbGRlZmVscywgc2VydmVpcyBwZXIgaG9yZXMsIHJ1dGVzIGRlIG1pZyBkaWEgbyBleGN1cnNpb25zIGRlIGpvcm5hZGEgY29tcGxldGEuIFBlciBhIGVzZGV2ZW5pbWVudHMgbyBhY3Rpdml0YXRzIHF1ZSByZXF1ZXJlaXhpbiBtw7psdGlwbGVzIHBhcmFkZXMsIHRhbWLDqSBvZmVyaW0gbGEgcG9zc2liaWxpdGF0IGQnaW5jbG91cmUgZXNwZXJlcyBwcm9ncmFtYWRlcy4gQ2FkYSBzZXJ2ZWkgcydvcmdhbml0emEgc2VndWludCBlbHMgaG9yYXJpcyBkZWwgZ3J1cCBwZXIgYXNzZWd1cmFyIHVuIGRlc3BsYcOnYW1lbnQgY8OybW9kZSBpIGJlbiBlc3RydWN0dXJhdC4iCiAgICB9CiAgfSx7CiAgICAiQHR5cGUiOiAiUXVlc3Rpb24iLAogICAgIm5hbWUiOiAiUXVhbnRlcyBwbGFjZXMgdGVuZW4gZWxzIG1pbmlidXNvcyBkaXNwb25pYmxlcyBhIENhc3RlbGxkZWZlbHM\/IiwKICAgICJhY2NlcHRlZEFuc3dlciI6IHsKICAgICAgIkB0eXBlIjogIkFuc3dlciIsCiAgICAgICJ0ZXh0IjogIkxhIG5vc3RyYSBmbG90YSBhIENhc3RlbGxkZWZlbHMgaW5jbG91IG1pbmlidXNvcyBhbWIgY2FwYWNpdGF0cyBxdWUgdmFuIGFwcm94aW1hZGFtZW50IGRlIDggYSAyNSBwbGFjZXMuIEFxdWVzdGEgdmFyaWV0YXQgcGVybWV0IHRyaWFyIGwnb3BjacOzIGlkZWFsIHNlZ29ucyBsYSBtaWRhIGRlbCBncnVwIGkgZWwgdGlwdXMgZGUgdHJhamVjdGUsIGphIHNpZ3VpIHVuIHRyYXNsbGF0IGxvY2FsLCB1bmEgZXhjdXJzacOzLCB1biBlc2RldmVuaW1lbnQgbyB1biB2aWF0Z2UgY29ycG9yYXRpdS4gUXVhbiBzb2zCt2xpY2l0aXMgZWwgcHJlc3N1cG9zdCwgbm9tw6lzIGNhbCBpbmRpY2FyIHF1YW50ZXMgcGVyc29uZXMgdmlhdGphcmFuIHBlciBhc3NpZ25hciBlbCB2ZWhpY2xlIG3DqXMgYWRlcXVhdC4iCiAgICB9CiAgfSx7CiAgICAiQHR5cGUiOiAiUXVlc3Rpb24iLAogICAgIm5hbWUiOiAiUHVjIHJlc2VydmFyIHVuIG1pbmliw7pzIGRlcyBkZSBDYXN0ZWxsZGVmZWxzIGNhcCBhIGwnQWVyb3BvcnQgZGUgQmFyY2Vsb25hPyIsCiAgICAiYWNjZXB0ZWRBbnN3ZXIiOiB7CiAgICAgICJAdHlwZSI6ICJBbnN3ZXIiLAogICAgICAidGV4dCI6ICJTw60sIHBvdHMgcmVzZXJ2YXIgdW4gbWluaWLDunMgcGVyIGZlciB0cmFzbGxhdHMgZGVzIGRlIENhc3RlbGxkZWZlbHMgZmlucyBhIGwnQWVyb3BvcnQgZGUgQmFyY2Vsb25hLWVsIFByYXQuIEFxdWVzdCBzZXJ2ZWkgw6lzIHBlcmZlY3RlIHBlciBhIGdydXBzIHF1ZSBuZWNlc3NpdGluIHVuIHRyYW5zcG9ydCBkaXJlY3RlLCBwdW50dWFsIGkgY8OybW9kZS4gRWwgY29uZHVjdG9yIHMnb2N1cGEgZGUgbGEgcmVjb2xsaWRhIGFsIHB1bnQgYWNvcmRhdCwgZGUgbCdlcXVpcGF0Z2UgaSBkZSBmZXIgZWwgdHJhamVjdGUgYW1iIHRvdGFsIHNlZ3VyZXRhdC4gVGFtYsOpIGdlc3Rpb25lbSByZWNvbGxpZGVzIHBlciBhIGdydXBzIHF1ZSBhcnJpYmVuIGVuIHZvbHMgZGlmZXJlbnRzLiIKICAgIH0KICB9LHsKICAgICJAdHlwZSI6ICJRdWVzdGlvbiIsCiAgICAibmFtZSI6ICJRdWluYSBkaWZlcsOobmNpYSBoaSBoYSBlbnRyZSBjb250cmFjdGFyIHVuIG1pbmliw7pzIG8gdW4gYXV0b2NhciBhIENhc3RlbGxkZWZlbHM\/IiwKICAgICJhY2NlcHRlZEFuc3dlciI6IHsKICAgICAgIkB0eXBlIjogIkFuc3dlciIsCiAgICAgICJ0ZXh0IjogIkxhIGRpZmVyw6huY2lhIHByaW5jaXBhbCByYXUgZW4gbGEgY2FwYWNpdGF0IGRlbCB2ZWhpY2xlIGkgZW4gZWwgdGlwdXMgZGUgc2VydmVpLiBFbCBtaW5pYsO6cyDDqXMgaWRlYWwgcGVyIGEgZ3J1cHMgcmVkdcOvdHMgbyBtaXRqYW5zIHF1ZSBuZWNlc3NpdGluIG1vYmlsaXRhdCDDoGdpbCBhIENhc3RlbGxkZWZlbHMgbyBkZXNwbGHDp2FtZW50cyBjYXAgYSBtdW5pY2lwaXMgcHJvcGVycy4gTCdhdXRvY2FyLCBlbiBjYW52aSwgw6lzIG3DqXMgYWRlcXVhdCBwZXIgYSBncnVwcyBncmFucyBvIHZpYXRnZXMgbGxhcmdzLiBUb3RzIGRvcyB2ZWhpY2xlcyBvZmVyZWl4ZW4gY29uZm9ydCBpIGVxdWlwYW1lbnQgY29tcGxldCwgcGVyw7IgZXMgdHJpYSBsJ3VuIG8gbCdhbHRyZSBzZWdvbnMgbGEgbWlkYSBkZWwgZ3J1cCBpIGVsIHJlY29ycmVndXQgcHJldmlzdC4iCiAgICB9CiAgfSx7CiAgICAiQHR5cGUiOiAiUXVlc3Rpb24iLAogICAgIm5hbWUiOiAiQ2FsIGZlciB1biBwYWdhbWVudCBwcmV2aSBwZXIgcmVzZXJ2YXIgdW4gbWluaWLDunMgYSBDYXN0ZWxsZGVmZWxzPyIsCiAgICAiYWNjZXB0ZWRBbnN3ZXIiOiB7CiAgICAgICJAdHlwZSI6ICJBbnN3ZXIiLAogICAgICAidGV4dCI6ICJTZWdvbnMgbGEgZGF0YSBpIGVsIHRpcHVzIGRlIHNlcnZlaSwgcG90IHNlciBuZWNlc3NhcmkgZmVyIHVuIGRpcMOyc2l0IHBlciBnYXJhbnRpciBsYSBkaXNwb25pYmlsaXRhdCBkZWwgbWluaWLDunMuIEFxdWVzdCBwYWdhbWVudCBhc3NlZ3VyYSBxdWUgZWwgdmVoaWNsZSBpIGVsIGNvbmR1Y3RvciBxdWVkaW4gcmVzZXJ2YXRzIHBlciBhIGwnaG9yYXJpIHNvbMK3bGljaXRhdC4gQWwgcHJlc3N1cG9zdCBlcyBkZXRhbGxlbiBjbGFyYW1lbnQgZWxzIGltcG9ydHMsIGxlcyBjb25kaWNpb25zIGkgZWxzIHRlcm1pbmlzLCBwZXJxdcOoIHB1Z3VpcyBwbGFuaWZpY2FyIGVsIHNlcnZlaSBhbWIgdG90YSB0cmFucXVpbMK3bGl0YXQgaSBzZW5zZSBzb3JwcmVzZXMuIgogICAgfQogIH1dCn0KPC9zY3JpcHQ+[\/vc_raw_html][\/vc_column][\/vc_row]<\/p>\n<\/div>","protected":false},"excerpt":{"rendered":"<p>[vc_row row_fullwidth=\u00bb1&#8243; row_zero_column_space=\u00bb1&#8243; css=\u00bb.vc_custom_1461073450203{margin-top: 0px !important;margin-right: 0px !important;margin-bottom: 0px !important;margin-left: 0px !important;padding-top: 0px !important;padding-right: 0px !important;padding-bottom: 0px !important;padding-left: 0px !important;}\u00bb][vc_column offset=\u00bbvc_hidden-sm vc_hidden-xs\u00bb][rev_slider_vc alias=\u00bbcastelldefels-minibus-1&#8243; el_class=\u00bbno-bottom-margin\u00bb][\/vc_column][\/vc_row][vc_row gap=\u00bb5&#8243; row_fullwidth=\u00bb1&#8243; css=\u00bb.vc_custom_1684321545730{margin-top: 0px !important;margin-bottom: 0px [&hellip;]<\/p>\n","protected":false},"author":10,"featured_media":0,"parent":0,"menu_order":0,"comment_status":"closed","ping_status":"closed","template":"","meta":{"footnotes":""},"class_list":["post-14990","page","type-page","status-publish","hentry"],"_links":{"self":[{"href":"https:\/\/badabus.com\/ca\/wp-json\/wp\/v2\/pages\/14990","targetHints":{"allow":["GET"]}}],"collection":[{"href":"https:\/\/badabus.com\/ca\/wp-json\/wp\/v2\/pages"}],"about":[{"href":"https:\/\/badabus.com\/ca\/wp-json\/wp\/v2\/types\/page"}],"author":[{"embeddable":true,"href":"https:\/\/badabus.com\/ca\/wp-json\/wp\/v2\/users\/10"}],"replies":[{"embeddable":true,"href":"https:\/\/badabus.com\/ca\/wp-json\/wp\/v2\/comments?post=14990"}],"version-history":[{"count":13,"href":"https:\/\/badabus.com\/ca\/wp-json\/wp\/v2\/pages\/14990\/revisions"}],"predecessor-version":[{"id":16024,"href":"https:\/\/badabus.com\/ca\/wp-json\/wp\/v2\/pages\/14990\/revisions\/16024"}],"wp:attachment":[{"href":"https:\/\/badabus.com\/ca\/wp-json\/wp\/v2\/media?parent=14990"}],"curies":[{"name":"wp","href":"https:\/\/api.w.org\/{rel}","templated":true}]}}