{"id":14987,"date":"2026-08-21T09:02:42","date_gmt":"2026-08-21T07:02:42","guid":{"rendered":"https:\/\/badabus.com\/?page_id=14987"},"modified":"2026-08-31T12:13:04","modified_gmt":"2026-08-31T10:13:04","slug":"lloguer-minibus-gava","status":"publish","type":"page","link":"https:\/\/badabus.com\/ca\/lloguer-minibus-gava\/","title":{"rendered":"Inici Gav\u00e0 Minib\u00fas CAT"},"content":{"rendered":"<div class=\"wpb-content-wrapper\"><p>[vc_row row_fullwidth=\u00bb1&#8243; row_zero_column_space=\u00bb1&#8243; css=\u00bb.vc_custom_1461073450203{margin-top: 0px !important;margin-right: 0px !important;margin-bottom: 0px !important;margin-left: 0px !important;padding-top: 0px !important;padding-right: 0px !important;padding-bottom: 0px !important;padding-left: 0px !important;}\u00bb][vc_column offset=\u00bbvc_hidden-sm vc_hidden-xs\u00bb][rev_slider_vc alias=\u00bbgava-minibus-1&#8243; el_class=\u00bbno-bottom-margin\u00bb][\/vc_column][\/vc_row][vc_row gap=\u00bb5&#8243; row_fullwidth=\u00bb1&#8243; css=\u00bb.vc_custom_1684321545730{margin-top: 0px !important;margin-bottom: 0px !important;padding-top: 40px !important;padding-right: 40px !important;padding-left: 40px !important;background-color: #ffffff !important;}\u00bb][vc_column offset=\u00bbvc_hidden-sm vc_hidden-xs\u00bb][vc_column_text css=\u00bb\u00bb]<\/p>\n<h1 class=\"h1-home-cat\">Lloguer de minib\u00fas a Gav\u00e0<\/h1>\n<h2 class=\"h1-servicios\">Les nostres opcions de minib\u00fas per a Gav\u00e0<\/h2>\n<p>[\/vc_column_text][vc_raw_html css=\u00bb\u00bb]JTVCYmFkYWJ1c19zZXJ2ZWlzJTVE[\/vc_raw_html][\/vc_column][vc_column offset=\u00bbvc_hidden-sm vc_hidden-xs\u00bb css=\u00bb.vc_custom_1744208769323{margin-top: 50px !important;background-color: #F6F6F6 !important;}\u00bb][vc_custom_heading text=\u00bbNecessites un minib\u00fas a Gav\u00e0 per al teu trajecte?\u00bb font_container=\u00bbtag:h2|font_size:40|text_align:center|color:%23000000|line_height:30px\u00bb google_fonts=\u00bbfont_family:Raleway%3A100%2C200%2C300%2Cregular%2C500%2C600%2C700%2C800%2C900|font_style:300%20light%20regular%3A300%3Anormal\u00bb css=\u00bb.vc_custom_1746436734493{margin-top: 0px !important;margin-bottom: 0px !important;padding-top: 20px !important;padding-bottom: 0px !important;}\u00bb][vc_column_text css=\u00bb.vc_custom_1746436774103{margin-top: 10px !important;margin-bottom: 10px !important;}\u00bb]<\/p>\n<p style=\"text-align: center;\">Deixa&#8217;ns les dades del viatge i tindr\u00e0s el pressupost en menys de 24 hores laborables.<\/p>\n<p>[\/vc_column_text][vc_btn title=\u00bbSol\u00b7licitar pressupost per a lloguer de minib\u00fas\u00bb style=\u00bboutline-custom\u00bb outline_custom_color=\u00bb#000000&#8243; outline_custom_hover_background=\u00bb#000000&#8243; outline_custom_hover_text=\u00bb#ffffff\u00bb shape=\u00bbround\u00bb size=\u00bblg\u00bb align=\u00bbcenter\u00bb i_type=\u00bblinecons\u00bb i_icon_linecons=\u00bbvc_li vc_li-clip\u00bb css=\u00bb.vc_custom_1786958518737{margin-top: 20px !important;margin-bottom: 55px !important;}\u00bb add_icon=\u00bbtrue\u00bb link=\u00bburl:https%3A%2F%2Fbadabus.com%2Fca%2Fpressupost-lloguer-de-minibusos%2F|title:Pressupost%20lloguer%20d&#8217;autobusos\u00bb][\/vc_column][\/vc_row][vc_row row_fullwidth=\u00bb1&#8243; css=\u00bb.vc_custom_1613379287195{padding-right: 0px !important;padding-left: 0px !important;background-color: #0a0a0a !important;}\u00bb][vc_column css=\u00bb.vc_custom_1710964759406{padding-top: 0px !important;padding-right: 0px !important;padding-bottom: 0px !important;padding-left: 0px !important;background: #0a0a0a url(https:\/\/badabus.com\/wp-content\/uploads\/Alex-Bascuas-Photo-9610-opacity.jpg?id=9993) !important;background-position: center !important;background-repeat: no-repeat !important;background-size: cover !important;}\u00bb offset=\u00bbvc_hidden-lg vc_hidden-md\u00bb el_class=\u00bbimagen-background-home-mobile\u00bb][vc_column_text css=\u00bb.vc_custom_1746436741803{margin-top: 45px !important;margin-right: 5% !important;margin-bottom: 45px !important;margin-left: 5% !important;padding-right: 0px !important;padding-left: 0px !important;background-position: center !important;background-repeat: no-repeat !important;background-size: cover !important;}\u00bb]<\/p>\n<h1 class=\"h1-home-mob\">Lloguer de minibusos a Gav\u00e0<\/h1>\n<p>[\/vc_column_text][vc_btn title=\u00bbDEMANA PRESSUPOST\u00bb style=\u00bbcustom\u00bb custom_background=\u00bb#e22893&#8243; custom_text=\u00bb#ffffff\u00bb shape=\u00bbround\u00bb css=\u00bb.vc_custom_1786958543992{margin-left: 30px !important;}\u00bb link=\u00bburl:https%3A%2F%2Fbadabus.com%2Fca%2Fpressupost-lloguer-de-minibusos%2F|title:Pressupost%20lloguer%20d&#8217;autobusos\u00bb][\/vc_column][\/vc_row][vc_row css=\u00bb.vc_custom_1744208838364{margin-top: 130px !important;margin-bottom: 15px !important;}\u00bb][vc_column width=\u00bb1\/2&#8243;][vc_column_text css=\u00bb\u00bb]<\/p>\n<h2>Des de quins barris de Gav\u00e0 sortim?<\/h2>\n<p>A Gav\u00e0 fem recollides des de zones com Gav\u00e0 Mar, Can Tintorer, \u00c0ngela Roca, Les B\u00f2biles, El Centre o Can Tries, cobrint tant zones residencials com nuclis empresarials.<\/p>\n<p>Tamb\u00e9 treballem amb sortides en <a href=\"https:\/\/badabus.com\/ca\/lloguer-de-minibus-barcelona\/\">minib\u00fas<\/a> des d&#8217;urbanitzacions o pol\u00edgons, ideals per a grups tur\u00edstics, escolars o empreses que necessiten iniciar el viatge des de punts concrets.[\/vc_column_text][\/vc_column][vc_column width=\u00bb1\/2&#8243;][vc_single_image image=\u00bb12891&#8243; img_size=\u00bb450&#215;450&#8243; css=\u00bb\u00bb][\/vc_column][\/vc_row][vc_row css=\u00bb.vc_custom_1744208847931{margin-top: 70px !important;margin-bottom: 30px !important;}\u00bb][vc_column width=\u00bb1\/2&#8243;][vc_column_text css=\u00bb.vc_custom_1786958595241{margin-bottom: 20px !important;}\u00bb]<\/p>\n<h2>De quantes places s\u00f3n els minibusos?<\/h2>\n<p>La nostra flota a Gav\u00e0 est\u00e0 formada per vehicles que s&#8217;ajusten a la mida de cada grup. Disposem de microbusos de 16-25 places i <a href=\"https:\/\/badabus.com\/ca\/lloguer-autocar-gava\/\">autocars per a Gav\u00e0<\/a> de gran capacitat de fins a 55 places, tots amb aire condicionat, espai per a equipatge i m\u00e0xima comoditat.<\/p>\n<p>Aquesta varietat d&#8217;opcions ens permet cobrir des de serveis escolars fins a esdeveniments corporatius o excursions de grups tur\u00edstics que surten des de Gav\u00e0.<\/p>\n<h3>Vols con\u00e8ixer la nostra flota de microbusos per a Gav\u00e0?<\/h3>\n<p>[\/vc_column_text][vc_btn title=\u00bbVEURE FLOTA DE MINIBUSOS\u00bb style=\u00bboutline-custom\u00bb outline_custom_color=\u00bb#000000&#8243; outline_custom_hover_background=\u00bb#000000&#8243; outline_custom_hover_text=\u00bb#ffffff\u00bb shape=\u00bbround\u00bb align=\u00bbleft\u00bb i_type=\u00bblinecons\u00bb i_icon_linecons=\u00bbvc_li vc_li-clip\u00bb css=\u00bb.vc_custom_1786958606291{margin-bottom: 35px !important;}\u00bb add_icon=\u00bbtrue\u00bb link=\u00bburl:https%3A%2F%2Fbadabus.com%2Fca%2Fflota%2F\u00bb][\/vc_column][vc_column width=\u00bb1\/2&#8243;][vc_single_image image=\u00bb12673&#8243; img_size=\u00bb450&#215;420&#8243; css=\u00bb\u00bb][\/vc_column][\/vc_row][vc_row css=\u00bb.vc_custom_1744209919418{padding-top: 35px !important;background-color: #25A6B9 !important;}\u00bb][vc_column width=\u00bb2\/3&#8243;][vc_column_text css=\u00bb\u00bb]<strong style=\"font-size: 26px; color: white;\">Necessites un minib\u00fas a Gav\u00e0 per al teu trajecte?<\/strong>[\/vc_column_text][\/vc_column][vc_column width=\u00bb1\/3&#8243;][vc_btn title=\u00bbPressupost en 24 h\u00bb style=\u00bboutline-custom\u00bb outline_custom_color=\u00bb#FFFFFF\u00bb outline_custom_hover_background=\u00bb#000000&#8243; outline_custom_hover_text=\u00bb#ffffff\u00bb shape=\u00bbround\u00bb align=\u00bbleft\u00bb i_type=\u00bblinecons\u00bb i_icon_linecons=\u00bbvc_li vc_li-clip\u00bb css=\u00bb.vc_custom_1786958661445{margin-bottom: 35px !important;}\u00bb add_icon=\u00bbtrue\u00bb link=\u00bburl:https%3A%2F%2Fbadabus.com%2Fca%2Fpressupost-lloguer-de-minibusos%2F|title:Pressupost%20lloguer%20d&#8217;autobusos\u00bb][\/vc_column][\/vc_row][vc_row gap=\u00bb20&#8243; equal_height=\u00bbyes\u00bb css=\u00bb.vc_custom_1719475441479{margin-top: 40px !important;padding-top: 40px !important;padding-bottom: 120px !important;background-image: url(https:\/\/badabus.com\/wp-content\/uploads\/dotted.png?id=2221) !important;}\u00bb][vc_column][vc_column_text css=\u00bb\u00bb]<\/p>\n<p style=\"text-align: center; font-size: 40px; font-family: gotham-rounded; line-height: 1em;\"><strong>Per qu\u00e8 triar-nos per al teu trajecte des de Gav\u00e0?<\/strong><\/p>\n<p>[\/vc_column_text][vc_row_inner equal_height=\u00bbyes\u00bb css=\u00bb.vc_custom_1744209697713{margin-bottom: 0px !important;padding-top: 20px !important;padding-bottom: 0px !important;}\u00bb][vc_column_inner width=\u00bb1\/3&#8243; css=\u00bb.vc_custom_1719475287975{background-color: #25a6b9 !important;border-radius: 5px !important;}\u00bb][vc_column_text css=\u00bb\u00bb]<\/p>\n<p class=\"numero-porque\">\/\/ 01<\/p>\n<p class=\"titulo-porque\">Seguretat<\/p>\n<p class=\"p-porque\">En el lloguer de minibusos per a Gav\u00e0, cuidem cada detall del manteniment per garantir la seguretat dels nostres clients en cada trajecte.<\/p>\n<p>[\/vc_column_text][vc_btn title=\u00bbVEURE FLOTA\u00bb style=\u00bboutline-custom\u00bb outline_custom_color=\u00bb#ffffff\u00bb outline_custom_hover_background=\u00bb#ffffff\u00bb outline_custom_hover_text=\u00bb#25a6b9&#8243; shape=\u00bbround\u00bb size=\u00bbsm\u00bb css=\u00bb.vc_custom_1786958617779{margin-left: 35px !important;}\u00bb link=\u00bburl:https%3A%2F%2Fbadabus.com%2Fca%2Fflota%2F|title:Veure%20flota%20d&#8217;autocars\u00bb][vc_empty_space][\/vc_column_inner][vc_column_inner width=\u00bb1\/3&#8243; css=\u00bb.vc_custom_1719475336589{background-color: #9b6da6 !important;border-radius: 5px !important;}\u00bb][vc_column_text css=\u00bb\u00bb]<\/p>\n<p class=\"numero-porque\">\/\/ 02<\/p>\n<p class=\"titulo-porque\">Confort<\/p>\n<p class=\"p-porque\">La seguretat i el confort no s\u00f3n opcionals: estan integrats en cadascun dels nostres vehicles.<\/p>\n<p>[\/vc_column_text][vc_btn title=\u00bbVEURE FLOTA\u00bb style=\u00bboutline-custom\u00bb outline_custom_color=\u00bb#ffffff\u00bb outline_custom_hover_background=\u00bb#ffffff\u00bb outline_custom_hover_text=\u00bb#9b6da6&#8243; shape=\u00bbround\u00bb size=\u00bbsm\u00bb css=\u00bb.vc_custom_1786958625787{margin-left: 35px !important;}\u00bb link=\u00bburl:https%3A%2F%2Fbadabus.com%2Fca%2Fflota%2F|title:Veure%20flota%20d&#8217;autocars\u00bb][vc_empty_space][\/vc_column_inner][vc_column_inner width=\u00bb1\/3&#8243; css=\u00bb.vc_custom_1719475343640{background-color: #e22893 !important;border-radius: 5px !important;}\u00bb][vc_column_text css=\u00bb\u00bb]<\/p>\n<p class=\"numero-porque\">\/\/ 03<\/p>\n<p class=\"titulo-porque\">Conductors<\/p>\n<p class=\"p-porque\">Al volant, nom\u00e9s professionals amb \u00e0mplia experi\u00e8ncia i comprom\u00eds amb la seguretat en cada trajecte.<\/p>\n<p>[\/vc_column_text][vc_btn title=\u00bbVEURE FLOTA\u00bb style=\u00bboutline-custom\u00bb outline_custom_color=\u00bb#ffffff\u00bb outline_custom_hover_background=\u00bb#ffffff\u00bb outline_custom_hover_text=\u00bb#e22893&#8243; shape=\u00bbround\u00bb size=\u00bbsm\u00bb css=\u00bb.vc_custom_1786958633468{margin-left: 35px !important;}\u00bb link=\u00bburl:https%3A%2F%2Fbadabus.com%2Fca%2Fflota%2F|title:Veure%20flota%20d&#8217;autocars\u00bb][vc_empty_space][\/vc_column_inner][\/vc_row_inner][\/vc_column][\/vc_row][vc_row gap=\u00bb35&#8243; row_fullwidth=\u00bb1&#8243; css=\u00bb.vc_custom_1595256381018{margin-bottom: 0px !important;padding-top: 0px !important;padding-bottom: 15px !important;background-color: #ffffff !important;}\u00bb][vc_column width=\u00bb2\/3&#8243; offset=\u00bbvc_hidden-lg vc_hidden-md\u00bb css=\u00bb.vc_custom_1595256410887{margin-top: -100px !important;}\u00bb][vc_column_text css=\u00bb.vc_custom_1595254868036{margin-bottom: -10px !important;}\u00bb]<\/p>\n<p style=\"font-size: 25px; font-family: 'gotham-rounded'; text-align: left; color: #25a8ba; line-height: 1em;\"><strong>La teva companyia de confian\u00e7a<\/strong><\/p>\n<p>[\/vc_column_text][vc_column_text]<\/p>\n<p style=\"font-size: 20px; font-family: 'gotham-rounded'; text-align: left;\"><strong>Badabus \u00e9s una empresa familiar dedicada al transport de viatgers per carretera.<\/strong><\/p>\n<p>Empresa especialista en el lloguer d&#8217;autocars i minibusos. Ens avala l&#8217;experi\u00e8ncia de m\u00e9s de 25 anys en el sector de les persones que la dirigim.[\/vc_column_text][vc_btn title=\u00bbVols saber-ne m\u00e9s?\u00bb style=\u00bbgradient-custom\u00bb gradient_custom_color_1=\u00bb#25a6b9&#8243; gradient_custom_color_2=\u00bb#e22893&#8243; shape=\u00bbround\u00bb size=\u00bblg\u00bb align=\u00bbleft\u00bb css=\u00bb.vc_custom_1786958670645{padding-right: 3% !important;padding-left: 3% !important;}\u00bb link=\u00bburl:https%3A%2F%2Fbadabus.com%2Fca%2Fflota%2F|title:Flota\u00bb][\/vc_column][vc_column width=\u00bb1\/3&#8243; offset=\u00bbvc_hidden-lg vc_hidden-md\u00bb][vc_column_text css=\u00bb\u00bb]<b style=\"text-align: left; font-size: 20px;\"><img loading=\"lazy\" decoding=\"async\" class=\"alignnone wp-image-1964\" src=\"https:\/\/badabus.com\/wp-content\/uploads\/flechas-badabus.jpg\" alt=\"\" width=\"45\" height=\"27\" \/> CONTACTE<\/b>[\/vc_column_text][vc_column_text css=\u00bb\u00bb]<\/p>\n<h3 style=\"text-align: left; font-size: 20px;\">Autocares Badabus<\/h3>\n<p>Adre\u00e7a: <a href=\"https:\/\/www.google.com\/maps\/place\/Autocares+Badabus\/@41.3518513,2.1340148,17z\/data=!3m1!4b1!4m6!3m5!1s0x12a498a57225f481:0x27ebbd8420ff8f5e!8m2!3d41.3518513!4d2.1340148!16s%2Fg%2F11fz9zb2tf?entry=ttu\" target=\"_blank\" rel=\"noopener noreferrer\">C\/Plom, 28 \u2013 08038 (Barcelona)<\/a><br \/>\nCorreu electr\u00f2nic: <a href=\"mailto:info@badabus.com\">info@badabus.com<\/a><br \/>\n<img loading=\"lazy\" decoding=\"async\" class=\"size-full wp-image-2239 alignleft\" src=\"https:\/\/badabus.com\/wp-content\/uploads\/telefon-de-lloguer-autocars-badabus.jpg\" alt=\"telefono de alquiler autocares badabus\" width=\"341\" height=\"124\" \/>[\/vc_column_text][\/vc_column][\/vc_row][vc_row gap=\u00bb35&#8243; css=\u00bb.vc_custom_1744210760780{margin-bottom: 25px !important;}\u00bb][vc_column width=\u00bb2\/3&#8243; css=\u00bb.vc_custom_1748247673732{margin-right: 30px !important;}\u00bb][vc_column_text css=\u00bb\u00bb]<\/p>\n<h2 style=\"font-size: 20px;\">Trajectes freq\u00fcents des de Gav\u00e0 amb els nostres minibusos<\/h2>\n<p style=\"font-weight: 400; text-align: justify;\">Oferim trajectes en autocar des de Gav\u00e0 cap a llocs tur\u00edstics i culturals com Montserrat, el centre de Barcelona o el Pened\u00e8s. Aquestes rutes s\u00f3n perfectes per a escoles, associacions i grups que busquen una sortida organitzada i c\u00f2moda.<\/p>\n<p style=\"font-weight: 400; text-align: justify;\">Aix\u00ed mateix, prestem servei de <a href=\"https:\/\/badabus.com\/ca\/transfer-aeroport-barcelona\/\">transfer a l&#8217;aeroport<\/a> i gestionem viatges de final de curs, excursions de diversos dies i sortides de cap de setmana per a grups escolars, adaptant-nos a cada itinerari.<\/p>\n<h3 style=\"font-weight: 400;\">Serveis m\u00e9s demandats de lloguer de minibusos a Gav\u00e0<\/h3>\n<p style=\"font-weight: 400; text-align: justify;\">A Gav\u00e0 prestem servei a nombroses empreses que necessiten transport per al seu personal en horaris rotatius o rutes espec\u00edfiques. Els centres escolars tamb\u00e9 recorren al nostre servei per organitzar sortides culturals, excursions o viatges de final de curs.<\/p>\n<p style=\"font-weight: 400; text-align: justify;\">Celebracions com casaments, bateigs o aniversaris tamb\u00e9 generen demanda d&#8217;autocars, igual que els equips esportius locals. Oferim tamb\u00e9 suport log\u00edstic per a grups tur\u00edstics que visiten l&#8217;\u00e0rea metropolitana sortint des de Gav\u00e0.<\/p>\n<h3 style=\"font-weight: 400;\">Per qu\u00e8 \u00e9s millor llogar un minib\u00fas a Gav\u00e0 amb nosaltres?<\/h3>\n<p style=\"font-weight: 400; text-align: justify;\">Llogar un minib\u00fas amb nosaltres a Gav\u00e0 \u00e9s comptar amb una empresa que opera regularment a la ciutat. Ens adaptem a qualsevol punt de recollida, ja sigui a Gav\u00e0 Mar, Can Tintorer o el centre urb\u00e0, i dissenyem rutes fluides des del primer moment.<\/p>\n<p style=\"font-weight: 400; text-align: justify;\">A m\u00e9s, mantenim una col\u00b7laboraci\u00f3 activa amb escoles, empreses de l&#8217;entorn log\u00edstic i organitzadors d&#8217;esdeveniments de la zona, cosa que ens converteix en una opci\u00f3 de confian\u00e7a per a qualsevol tipus de trasllat. Proximitat, experi\u00e8ncia i flexibilitat formen part del nostre dia a dia a Gav\u00e0.<\/p>\n<p>[\/vc_column_text][vc_empty_space height=\u00bb30px\u00bb][vc_column_text css=\u00bb\u00bb]<strong style=\"margin-left: 6px;\">POBLACIONS ON OFERIM SERVEI DE LLOGUER D&#8217;AUTOCARS<br \/>\n<\/strong><div class=\"menu-horizontal\"><ul><div class=\"menu-horizontal\"><li id=\"menu-item-15926\" class=\"menu-item menu-item-type-post_type menu-item-object-page menu-item-15926\"><a href=\"https:\/\/badabus.com\/ca\/lloguer-minibus-badalona\/\">Lloguer Minib\u00fas a Badalona<\/a><\/li> | <li id=\"menu-item-15933\" class=\"menu-item menu-item-type-post_type menu-item-object-page menu-item-15933\"><a href=\"https:\/\/badabus.com\/ca\/lloguer-minibus-viladecans\/\">Lloguer Minib\u00fas a Viladecans<\/a><\/li> | <li id=\"menu-item-15932\" class=\"menu-item menu-item-type-post_type menu-item-object-page menu-item-15932\"><a href=\"https:\/\/badabus.com\/ca\/lloguer-minibus-santa-coloma-de-gramenet\/\">Lloguer Minib\u00fas a Santa Coloma de Gramanet<\/a><\/li> | <li id=\"menu-item-15931\" class=\"menu-item menu-item-type-post_type menu-item-object-page menu-item-15931\"><a href=\"https:\/\/badabus.com\/ca\/lloguer-minibus-sant-joan-despi\/\">Lloguer Minib\u00fas a Sant Joan Desp\u00ed<\/a><\/li> | <li id=\"menu-item-15925\" class=\"menu-item menu-item-type-post_type menu-item-object-page menu-item-15925\"><a href=\"https:\/\/badabus.com\/ca\/lloguer-minibus-sant-feliu\/\">Lloguer Minib\u00fas a Sant Feliu de Llobregat<\/a><\/li> | <li id=\"menu-item-15930\" class=\"menu-item menu-item-type-post_type menu-item-object-page menu-item-15930\"><a href=\"https:\/\/badabus.com\/ca\/lloguer-minibus-sant-boi-llobregat\/\">Lloguer Minib\u00fas a Sant Boi de Llobregat<\/a><\/li> | <li id=\"menu-item-15924\" class=\"menu-item menu-item-type-post_type menu-item-object-page menu-item-15924\"><a href=\"https:\/\/badabus.com\/ca\/lloguer-minibus-sant-adria\/\">Lloguer Minib\u00fas a Sant Adri\u00e0 del Bes\u00f3s<\/a><\/li> | <li id=\"menu-item-15929\" class=\"menu-item menu-item-type-post_type menu-item-object-page menu-item-15929\"><a href=\"https:\/\/badabus.com\/ca\/lloguer-minibus-hospitalet-de-llobregat\/\">Lloguer Minib\u00fas a Hospitalet de Llobregat<\/a><\/li> | <li id=\"menu-item-15928\" class=\"menu-item menu-item-type-post_type menu-item-object-page menu-item-15928\"><a href=\"https:\/\/badabus.com\/ca\/lloguer-minibus-gava\/\">Lloguer Minib\u00fas a Gav\u00e0<\/a><\/li> | <li id=\"menu-item-15923\" class=\"menu-item menu-item-type-post_type menu-item-object-page menu-item-15923\"><a href=\"https:\/\/badabus.com\/ca\/lloguer-minibus-esplugues\/\">Lloguer Minib\u00fas a Esplugues de Llobregat<\/a><\/li> | <li id=\"menu-item-15927\" class=\"menu-item menu-item-type-post_type menu-item-object-page menu-item-15927\"><a href=\"https:\/\/badabus.com\/ca\/lloguer-minibus-el-prat-llobregat\/\">Lloguer Minib\u00fas a El Prat de Llobregat<\/a><\/li> | <li id=\"menu-item-15922\" class=\"menu-item menu-item-type-post_type menu-item-object-page menu-item-15922\"><a href=\"https:\/\/badabus.com\/ca\/lloguer-minibus-cornella\/\">Lloguer Minib\u00fas a Cornell\u00e0 de Llobregat<\/a><\/li> | <li id=\"menu-item-15921\" class=\"menu-item menu-item-type-post_type menu-item-object-page menu-item-15921\"><a href=\"https:\/\/badabus.com\/ca\/lloguer-minibus-castelldefels\/\">Lloguer Minib\u00fas a Castelldefels<\/a><\/li>\n<\/div><\/ul><\/div>[\/vc_column_text][vc_tta_accordion section_title_tag=\u00bbh2&#8243; color=\u00bbwhite\u00bb active_section=\u00bb1&#8243;][vc_tta_section title=\u00bbQuin preu t\u00e9 llogar un minib\u00fas a Gav\u00e0?\u00bb tab_id=\u00bb1764156131923-f999fd00-5057&#8243;][vc_column_text css=\u00bb\u00bb]<\/p>\n<p data-start=\"387\" data-end=\"903\">El preu del lloguer d&#8217;un minib\u00fas a Gav\u00e0 dep\u00e8n del recorregut, la data del servei, la durada del trajecte, la capacitat del vehicle i el nombre de passatgers. Cada despla\u00e7ament requereix una planificaci\u00f3 espec\u00edfica, per la qual cosa no hi ha una tarifa fixa. Per obtenir un pressupost exacte, nom\u00e9s cal indicar el punt de recollida a Gav\u00e0, la destinaci\u00f3, l&#8217;horari i la mida del grup. Amb aquestes dades elaborem una proposta personalitzada, transparent i sense costos imprevistos.<\/p>\n<p>[\/vc_column_text][\/vc_tta_section][vc_tta_section title=\u00bbQuins avantatges t\u00e9 llogar un minib\u00fas a Gav\u00e0 per a grups petits o mitjans?\u00bb tab_id=\u00bb1764156131941-a793f0a5-ab32&#8243;][vc_column_text css=\u00bb\u00bb]<\/p>\n<p data-start=\"1016\" data-end=\"1503\">El lloguer d&#8217;un minib\u00fas a Gav\u00e0 \u00e9s una opci\u00f3 perfecta per a grups que volen viatjar junts de manera c\u00f2moda, segura i coordinada. Aquests vehicles permeten despla\u00e7ar-se amb agilitat tant dins del municipi com cap a Barcelona, Castelldefels, l&#8217;aeroport o qualsevol localitat propera. Els minibusos disposen de climatitzaci\u00f3, seients espaiosos i un interior confortable, ideals per a sortides escolars, excursions, esdeveniments d&#8217;empresa o activitats familiars.<\/p>\n<p>[\/vc_column_text][\/vc_tta_section][vc_tta_section title=\u00bb\u00c9s possible contractar un minib\u00fas per a excursions des de Gav\u00e0?\u00bb tab_id=\u00bb1764156180255-727f15ca-18a9&#8243;][vc_column_text css=\u00bb\u00bb]<\/p>\n<p data-start=\"1597\" data-end=\"1997\">S\u00ed, pots contractar un minib\u00fas per fer excursions i rutes personalitzades des de Gav\u00e0. \u00c9s una excel\u00b7lent alternativa per a grups que vulguin visitar Barcelona, Montserrat, Sitges, la Costa Brava o qualsevol punt de Catalunya. Els itineraris s&#8217;adapten completament a les necessitats del grup, garantint comoditat, flexibilitat i una planificaci\u00f3 \u00f2ptima durant tot el viatge.<\/p>\n<p>[\/vc_column_text][\/vc_tta_section][vc_tta_section title=\u00bbQuina durada solen tenir els serveis de minib\u00fas a Gav\u00e0?\u00bb tab_id=\u00bb1764156198645-fff16d74-39ad\u00bb][vc_column_text css=\u00bb\u00bb]<\/p>\n<p data-start=\"2090\" data-end=\"2427\">La durada del servei dep\u00e8n del tipus de despla\u00e7ament sol\u00b7licitat. Podem organitzar trasllats curts dins de Gav\u00e0, serveis per hores, rutes amb parades m\u00faltiples, excursions de mig dia o de jornada completa. Cada servei s&#8217;ajusta a l&#8217;horari del grup i ofereix un viatge c\u00f2mode i totalment planificat.<\/p>\n<p>[\/vc_column_text][\/vc_tta_section][vc_tta_section title=\u00bbQuina capacitat tenen els minibusos disponibles a Gav\u00e0?\u00bb tab_id=\u00bb1764156216199-f8fe3235-9505&#8243;][vc_column_text css=\u00bb\u00bb]<\/p>\n<p data-start=\"2516\" data-end=\"2932\">A Gav\u00e0 disposem de minibusos amb capacitats que se solen situar entre 8 i 25 places, ideals per a grups petits i mitjans. Aquesta varietat permet adaptar el vehicle al tipus de trajecte: excursions, trasllats urbans, celebracions, viatges corporatius o activitats escolars. En sol\u00b7licitar un pressupost, nom\u00e9s cal indicar quantes persones viatjaran per assignar el model adequat.<\/p>\n<p>[\/vc_column_text][\/vc_tta_section][vc_tta_section title=\u00bbPuc contractar un minib\u00fas des de Gav\u00e0 cap a l&#8217;aeroport de Barcelona?\u00bb tab_id=\u00bb1764156235832-c777bb7b-baed\u00bb][vc_column_text css=\u00bb\u00bb]<\/p>\n<p data-start=\"3037\" data-end=\"3397\">S\u00ed, pots reservar un minib\u00fas des de Gav\u00e0 fins a l&#8217;aeroport de Barcelona-el Prat. \u00c9s una opci\u00f3 molt pr\u00e0ctica per a grups que necessiten un transport directe, c\u00f2mode i puntual fins a la terminal. El conductor s&#8217;encarrega de la recollida, l&#8217;equipatge i el trajecte. Tamb\u00e9 gestionem recollides per a grups que aterren en horaris diferents.<\/p>\n<p>[\/vc_column_text][\/vc_tta_section][vc_tta_section title=\u00bbEn qu\u00e8 es diferencia llogar un minib\u00fas respecte d&#8217;un autocar a Gav\u00e0?\u00bb tab_id=\u00bb1764156253334-284ea9cc-14b0&#8243;][vc_column_text css=\u00bb\u00bb]<\/p>\n<p data-start=\"3500\" data-end=\"3932\">La difer\u00e8ncia principal \u00e9s la capacitat i el tipus de despla\u00e7ament. El minib\u00fas \u00e9s ideal per a grups petits o mitjans que busquen mobilitat \u00e0gil en trajectes locals o despla\u00e7aments curts. L&#8217;autocar \u00e9s m\u00e9s adequat per a grups nombrosos o per a rutes de llarga dist\u00e0ncia. Tots dos vehicles ofereixen seguretat, climatitzaci\u00f3 i comoditat, per\u00f2 l&#8217;elecci\u00f3 dep\u00e8n de la mida del grup i del recorregut previst.<\/p>\n<p>[\/vc_column_text][\/vc_tta_section][vc_tta_section title=\u00bbCal fer un pagament previ per reservar un minib\u00fas a Gav\u00e0?\u00bb tab_id=\u00bb1764156269767-be175fb0-81de\u00bb][vc_column_text css=\u00bb\u00bb]<\/p>\n<p data-start=\"4026\" data-end=\"4405\">Segons la data i el tipus de servei, pot ser necessari fer un dip\u00f2sit per confirmar la reserva del minib\u00fas. Aquest pagament assegura la disponibilitat del vehicle i del conductor en l&#8217;horari sol\u00b7licitat. Totes les condicions, els imports i els terminis apareixen detallats al pressupost per oferir total claredat durant la planificaci\u00f3 del viatge.<\/p>\n<p>[\/vc_column_text][\/vc_tta_section][\/vc_tta_accordion][vc_separator color=\u00bbwhite\u00bb border_width=\u00bb5&#8243; css=\u00bb\u00bb][\/vc_column][vc_column width=\u00bb1\/3&#8243; css=\u00bb.vc_custom_1744211247589{margin-right: 30px !important;margin-left: 30px !important;}\u00bb][vc_column_text css=\u00bb.vc_custom_1744210584346{margin-bottom: -10px !important;}\u00bb]<\/p>\n<p style=\"font-size: 30px; font-family: 'gotham-rounded'; text-align: left; color: #25a8ba; line-height: 1em;\"><strong>La teva companyia de confian\u00e7a a Gav\u00e0<\/strong><\/p>\n<p>[\/vc_column_text][vc_column_text css=\u00bb\u00bb]<\/p>\n<p style=\"font-size: 18px; font-family: 'gotham-rounded'; text-align: left;\"><strong>Badabus \u00e9s una empresa familiar dedicada al transport de viatgers per carretera.<\/strong><\/p>\n<p>Empresa especialista en el lloguer de minibusos a Gav\u00e0. Ens avala l&#8217;experi\u00e8ncia de m\u00e9s de 25 anys en el sector de les persones que la dirigim.[\/vc_column_text][vc_column_text css=\u00bb\u00bb]<b style=\"text-align: left; font-size: 20px;\"><img loading=\"lazy\" decoding=\"async\" class=\"alignnone wp-image-1964\" src=\"https:\/\/badabus.com\/wp-content\/uploads\/flechas-badabus.jpg\" alt=\"\" width=\"45\" height=\"27\" \/> CONTACTE<\/b>[\/vc_column_text][vc_column_text css=\u00bb\u00bb]<\/p>\n<h3 style=\"text-align: left; font-size: 20px;\">Autocares Badabus<\/h3>\n<p>Adre\u00e7a: <a href=\"https:\/\/www.google.com\/maps\/place\/Autocares+Badabus\/@41.3518513,2.1340148,17z\/data=!3m1!4b1!4m6!3m5!1s0x12a498a57225f481:0x27ebbd8420ff8f5e!8m2!3d41.3518513!4d2.1340148!16s%2Fg%2F11fz9zb2tf?entry=ttu\" target=\"_blank\" rel=\"noopener noreferrer\">Carrer de la Metal\u00b7l\u00fargia, 51, 08908 Barcelona<\/a><br \/>\nCorreu electr\u00f2nic: <a href=\"mailto:info@badabus.com\">info@badabus.com<\/a><br \/>\n<img loading=\"lazy\" decoding=\"async\" class=\"size-full wp-image-2239 alignleft\" src=\"https:\/\/badabus.com\/wp-content\/uploads\/telefon-de-lloguer-autocars-badabus.jpg\" alt=\"telefono de alquiler autocares badabus\" width=\"341\" height=\"124\" \/>[\/vc_column_text][\/vc_column][\/vc_row][vc_row row_fullwidth=\u00bb1&#8243; row_zero_column_space=\u00bb1&#8243; css=\u00bb.vc_custom_1525855960545{margin-top: 0px !important;margin-right: 0px !important;margin-bottom: 0px !important;margin-left: 0px !important;padding-top: 0px !important;padding-right: 0px !important;padding-bottom: 0px !important;padding-left: 0px !important;background-color: #303033 !important;}\u00bb][vc_column width=\u00bb1\/2&#8243; css=\u00bb.vc_custom_1525855742551{margin-top: -30px !important;}\u00bb][vc_single_image image=\u00bb15747&#8243; img_size=\u00bbfull\u00bb css=\u00bb\u00bb][\/vc_column][vc_column width=\u00bb1\/4&#8243; offset=\u00bbvc_hidden-xs\u00bb][vc_single_image image=\u00bb15755&#8243; img_size=\u00bbfull\u00bb css=\u00bb.vc_custom_1787295877893{padding-top: 10px !important;}\u00bb][\/vc_column][vc_column width=\u00bb1\/4&#8243; offset=\u00bbvc_hidden-xs\u00bb][vc_btn title=\u00bbDEMANAR PRESSUPOST\u00bb style=\u00bbgradient-custom\u00bb gradient_custom_color_1=\u00bb#25a6b9&#8243; gradient_custom_color_2=\u00bb#e22893&#8243; shape=\u00bbround\u00bb size=\u00bblg\u00bb align=\u00bbleft\u00bb css=\u00bb.vc_custom_1786958710383{padding-top: 20px !important;}\u00bb link=\u00bburl:https%3A%2F%2Fbadabus.com%2Fca%2Fpressupost-lloguer-de-minibusos%2F\u00bb][\/vc_column][\/vc_row][vc_row][vc_column][vc_raw_html css=\u00bb\u00bb]PHNjcmlwdCB0eXBlPSJhcHBsaWNhdGlvbi9sZCtqc29uIj4KewogICJAY29udGV4dCI6ICJodHRwczovL3NjaGVtYS5vcmciLAogICJAdHlwZSI6ICJGQVFQYWdlIiwKICAibWFpbkVudGl0eSI6IFt7CiAgICAiQHR5cGUiOiAiUXVlc3Rpb24iLAogICAgIm5hbWUiOiAiUXVpbiBwcmV1IHTDqSBsbG9nYXIgdW4gbWluaWLDunMgYSBHYXbDoD8iLAogICAgImFjY2VwdGVkQW5zd2VyIjogewogICAgICAiQHR5cGUiOiAiQW5zd2VyIiwKICAgICAgInRleHQiOiAiRWwgcHJldSBkZWwgbGxvZ3VlciBkJ3VuIG1pbmliw7pzIGEgR2F2w6AgZGVww6huIGRlbCByZWNvcnJlZ3V0LCBsYSBkYXRhIGRlbCBzZXJ2ZWksIGxhIGR1cmFkYSBkZWwgdHJhamVjdGUsIGxhIGNhcGFjaXRhdCBkZWwgdmVoaWNsZSBpIGVsIG5vbWJyZSBkZSBwYXNzYXRnZXJzLiBDYWRhIGRlc3BsYcOnYW1lbnQgcmVxdWVyZWl4IHVuYSBwbGFuaWZpY2FjacOzIGVzcGVjw61maWNhLCBwZXIgbGEgcXVhbCBjb3NhIG5vIGhpIGhhIHVuYSB0YXJpZmEgZml4YS4gUGVyIG9idGVuaXIgdW4gcHJlc3N1cG9zdCBleGFjdGUsIG5vbcOpcyBjYWwgaW5kaWNhciBlbCBwdW50IGRlIHJlY29sbGlkYSBhIEdhdsOgLCBsYSBkZXN0aW5hY2nDsywgbCdob3JhcmkgaSBsYSBtaWRhIGRlbCBncnVwLiBBbWIgYXF1ZXN0ZXMgZGFkZXMgZWxhYm9yZW0gdW5hIHByb3Bvc3RhIHBlcnNvbmFsaXR6YWRhLCB0cmFuc3BhcmVudCBpIHNlbnNlIGNvc3RvcyBpbXByZXZpc3Rvcy4iCiAgICB9CiAgfSx7CiAgICAiQHR5cGUiOiAiUXVlc3Rpb24iLAogICAgIm5hbWUiOiAiUXVpbnMgYXZhbnRhdGdlcyB0w6kgbGxvZ2FyIHVuIG1pbmliw7pzIGEgR2F2w6AgcGVyIGEgZ3J1cHMgcGV0aXRzIG8gbWl0amFucz8iLAogICAgImFjY2VwdGVkQW5zd2VyIjogewogICAgICAiQHR5cGUiOiAiQW5zd2VyIiwKICAgICAgInRleHQiOiAiRWwgbGxvZ3VlciBkJ3VuIG1pbmliw7pzIGEgR2F2w6Agw6lzIHVuYSBvcGNpw7MgcGVyZmVjdGEgcGVyIGEgZ3J1cHMgcXVlIHZvbGVuIHZpYXRqYXIganVudHMgZGUgbWFuZXJhIGPDsm1vZGEsIHNlZ3VyYSBpIGNvb3JkaW5hZGEuIEFxdWVzdHMgdmVoaWNsZXMgcGVybWV0ZW4gZGVzcGxhw6dhci1zZSBhbWIgYWdpbGl0YXQgdGFudCBkaW5zIGRlbCBtdW5pY2lwaSBjb20gY2FwIGEgQmFyY2Vsb25hLCBDYXN0ZWxsZGVmZWxzLCBsJ2Flcm9wb3J0IG8gcXVhbHNldm9sIGxvY2FsaXRhdCBwcm9wZXJhLiBFbHMgbWluaWJ1c29zIGRpc3Bvc2VuIGRlIGNsaW1hdGl0emFjacOzLCBzZWllbnRzIGVzcGFpb3NvcyBpIHVuIGludGVyaW9yIGNvbmZvcnRhYmxlLCBpZGVhbHMgcGVyIGEgc29ydGlkZXMgZXNjb2xhcnMsIGV4Y3Vyc2lvbnMsIGVzZGV2ZW5pbWVudHMgZCdlbXByZXNhIG8gYWN0aXZpdGF0cyBmYW1pbGlhcnMuIgogICAgfQogIH0sewogICAgIkB0eXBlIjogIlF1ZXN0aW9uIiwKICAgICJuYW1lIjogIsOJcyBwb3NzaWJsZSBjb250cmFjdGFyIHVuIG1pbmliw7pzIHBlciBhIGV4Y3Vyc2lvbnMgZGVzIGRlIEdhdsOgPyIsCiAgICAiYWNjZXB0ZWRBbnN3ZXIiOiB7CiAgICAgICJAdHlwZSI6ICJBbnN3ZXIiLAogICAgICAidGV4dCI6ICJTw60sIHBvdHMgY29udHJhY3RhciB1biBtaW5pYsO6cyBwZXIgZmVyIGV4Y3Vyc2lvbnMgaSBydXRlcyBwZXJzb25hbGl0emFkZXMgZGVzIGRlIEdhdsOgLiDDiXMgdW5hIGV4Y2VswrdsZW50IGFsdGVybmF0aXZhIHBlciBhIGdydXBzIHF1ZSB2dWxndWluIHZpc2l0YXIgQmFyY2Vsb25hLCBNb250c2VycmF0LCBTaXRnZXMsIGxhIENvc3RhIEJyYXZhIG8gcXVhbHNldm9sIHB1bnQgZGUgQ2F0YWx1bnlhLiBFbHMgaXRpbmVyYXJpcyBzJ2FkYXB0ZW4gY29tcGxldGFtZW50IGEgbGVzIG5lY2Vzc2l0YXRzIGRlbCBncnVwLCBnYXJhbnRpbnQgY29tb2RpdGF0LCBmbGV4aWJpbGl0YXQgaSB1bmEgcGxhbmlmaWNhY2nDsyDDsnB0aW1hIGR1cmFudCB0b3QgZWwgdmlhdGdlLiIKICAgIH0KICB9LHsKICAgICJAdHlwZSI6ICJRdWVzdGlvbiIsCiAgICAibmFtZSI6ICJRdWluYSBkdXJhZGEgc29sZW4gdGVuaXIgZWxzIHNlcnZlaXMgZGUgbWluaWLDunMgYSBHYXbDoD8iLAogICAgImFjY2VwdGVkQW5zd2VyIjogewogICAgICAiQHR5cGUiOiAiQW5zd2VyIiwKICAgICAgInRleHQiOiAiTGEgZHVyYWRhIGRlbCBzZXJ2ZWkgZGVww6huIGRlbCB0aXB1cyBkZSBkZXNwbGHDp2FtZW50IHNvbMK3bGljaXRhdC4gUG9kZW0gb3JnYW5pdHphciB0cmFzbGxhdHMgY3VydHMgZGlucyBkZSBHYXbDoCwgc2VydmVpcyBwZXIgaG9yZXMsIHJ1dGVzIGFtYiBwYXJhZGVzIG3Dumx0aXBsZXMsIGV4Y3Vyc2lvbnMgZGUgbWlnIGRpYSBvIGRlIGpvcm5hZGEgY29tcGxldGEuIENhZGEgc2VydmVpIHMnYWp1c3RhIGEgbCdob3JhcmkgZGVsIGdydXAgaSBvZmVyZWl4IHVuIHZpYXRnZSBjw7Jtb2RlIGkgdG90YWxtZW50IHBsYW5pZmljYXQuIgogICAgfQogIH0sewogICAgIkB0eXBlIjogIlF1ZXN0aW9uIiwKICAgICJuYW1lIjogIlF1aW5hIGNhcGFjaXRhdCB0ZW5lbiBlbHMgbWluaWJ1c29zIGRpc3BvbmlibGVzIGEgR2F2w6A\/IiwKICAgICJhY2NlcHRlZEFuc3dlciI6IHsKICAgICAgIkB0eXBlIjogIkFuc3dlciIsCiAgICAgICJ0ZXh0IjogIkEgR2F2w6AgZGlzcG9zZW0gZGUgbWluaWJ1c29zIGFtYiBjYXBhY2l0YXRzIHF1ZSBzZSBzb2xlbiBzaXR1YXIgZW50cmUgOCBpIDI1IHBsYWNlcywgaWRlYWxzIHBlciBhIGdydXBzIHBldGl0cyBpIG1pdGphbnMuIEFxdWVzdGEgdmFyaWV0YXQgcGVybWV0IGFkYXB0YXIgZWwgdmVoaWNsZSBhbCB0aXB1cyBkZSB0cmFqZWN0ZTogZXhjdXJzaW9ucywgdHJhc2xsYXRzIHVyYmFucywgY2VsZWJyYWNpb25zLCB2aWF0Z2VzIGNvcnBvcmF0aXVzIG8gYWN0aXZpdGF0cyBlc2NvbGFycy4gRW4gc29swrdsaWNpdGFyIHVuIHByZXNzdXBvc3QsIG5vbcOpcyBjYWwgaW5kaWNhciBxdWFudGVzIHBlcnNvbmVzIHZpYXRqYXJhbiBwZXIgYXNzaWduYXIgZWwgbW9kZWwgYWRlcXVhdC4iCiAgICB9CiAgfSx7CiAgICAiQHR5cGUiOiAiUXVlc3Rpb24iLAogICAgIm5hbWUiOiAiUHVjIGNvbnRyYWN0YXIgdW4gbWluaWLDunMgZGVzIGRlIEdhdsOgIGNhcCBhIGwnYWVyb3BvcnQgZGUgQmFyY2Vsb25hPyIsCiAgICAiYWNjZXB0ZWRBbnN3ZXIiOiB7CiAgICAgICJAdHlwZSI6ICJBbnN3ZXIiLAogICAgICAidGV4dCI6ICJTw60sIHBvdHMgcmVzZXJ2YXIgdW4gbWluaWLDunMgZGVzIGRlIEdhdsOgIGZpbnMgYSBsJ2Flcm9wb3J0IGRlIEJhcmNlbG9uYS1lbCBQcmF0LiDDiXMgdW5hIG9wY2nDsyBtb2x0IHByw6BjdGljYSBwZXIgYSBncnVwcyBxdWUgbmVjZXNzaXRlbiB1biB0cmFuc3BvcnQgZGlyZWN0ZSwgY8OybW9kZSBpIHB1bnR1YWwgZmlucyBhIGxhIHRlcm1pbmFsLiBFbCBjb25kdWN0b3IgcydlbmNhcnJlZ2EgZGUgbGEgcmVjb2xsaWRhLCBsJ2VxdWlwYXRnZSBpIGVsIHRyYWplY3RlLiBUYW1iw6kgZ2VzdGlvbmVtIHJlY29sbGlkZXMgcGVyIGEgZ3J1cHMgcXVlIGF0ZXJyZW4gZW4gaG9yYXJpcyBkaWZlcmVudHMuIgogICAgfQogIH0sewogICAgIkB0eXBlIjogIlF1ZXN0aW9uIiwKICAgICJuYW1lIjogIkVuIHF1w6ggZXMgZGlmZXJlbmNpYSBsbG9nYXIgdW4gbWluaWLDunMgcmVzcGVjdGUgZCd1biBhdXRvY2FyIGEgR2F2w6A\/IiwKICAgICJhY2NlcHRlZEFuc3dlciI6IHsKICAgICAgIkB0eXBlIjogIkFuc3dlciIsCiAgICAgICJ0ZXh0IjogIkxhIGRpZmVyw6huY2lhIHByaW5jaXBhbCDDqXMgbGEgY2FwYWNpdGF0IGkgZWwgdGlwdXMgZGUgZGVzcGxhw6dhbWVudC4gRWwgbWluaWLDunMgw6lzIGlkZWFsIHBlciBhIGdydXBzIHBldGl0cyBvIG1pdGphbnMgcXVlIGJ1c3F1ZW4gbW9iaWxpdGF0IMOgZ2lsIGVuIHRyYWplY3RlcyBsb2NhbHMgbyBkZXNwbGHDp2FtZW50cyBjdXJ0cy4gTCdhdXRvY2FyIMOpcyBtw6lzIGFkZXF1YXQgcGVyIGEgZ3J1cHMgbm9tYnJvc29zIG8gcGVyIGEgcnV0ZXMgZGUgbGxhcmdhIGRpc3TDoG5jaWEuIFRvdHMgZG9zIHZlaGljbGVzIG9mZXJlaXhlbiBzZWd1cmV0YXQsIGNsaW1hdGl0emFjacOzIGkgY29tb2RpdGF0LCBwZXLDsiBsJ2VsZWNjacOzIGRlcMOobiBkZSBsYSBtaWRhIGRlbCBncnVwIGkgZGVsIHJlY29ycmVndXQgcHJldmlzdC4iCiAgICB9CiAgfSx7CiAgICAiQHR5cGUiOiAiUXVlc3Rpb24iLAogICAgIm5hbWUiOiAiQ2FsIGZlciB1biBwYWdhbWVudCBwcmV2aSBwZXIgcmVzZXJ2YXIgdW4gbWluaWLDunMgYSBHYXbDoD8iLAogICAgImFjY2VwdGVkQW5zd2VyIjogewogICAgICAiQHR5cGUiOiAiQW5zd2VyIiwKICAgICAgInRleHQiOiAiU2Vnb25zIGxhIGRhdGEgaSBlbCB0aXB1cyBkZSBzZXJ2ZWksIHBvdCBzZXIgbmVjZXNzYXJpIGZlciB1biBkaXDDsnNpdCBwZXIgY29uZmlybWFyIGxhIHJlc2VydmEgZGVsIG1pbmliw7pzLiBBcXVlc3QgcGFnYW1lbnQgYXNzZWd1cmEgbGEgZGlzcG9uaWJpbGl0YXQgZGVsIHZlaGljbGUgaSBkZWwgY29uZHVjdG9yIGVuIGwnaG9yYXJpIHNvbMK3bGljaXRhdC4gVG90ZXMgbGVzIGNvbmRpY2lvbnMsIGVscyBpbXBvcnRzIGkgZWxzIHRlcm1pbmlzIGFwYXJlaXhlbiBkZXRhbGxhdHMgYWwgcHJlc3N1cG9zdCBwZXIgb2ZlcmlyIHRvdGFsIGNsYXJlZGF0IGR1cmFudCBsYSBwbGFuaWZpY2FjacOzIGRlbCB2aWF0Z2UuIgogICAgfQogIH1dCn0KPC9zY3JpcHQ+[\/vc_raw_html][\/vc_column][\/vc_row]<\/p>\n<\/div>","protected":false},"excerpt":{"rendered":"<p>[vc_row row_fullwidth=\u00bb1&#8243; row_zero_column_space=\u00bb1&#8243; css=\u00bb.vc_custom_1461073450203{margin-top: 0px !important;margin-right: 0px !important;margin-bottom: 0px !important;margin-left: 0px !important;padding-top: 0px !important;padding-right: 0px !important;padding-bottom: 0px !important;padding-left: 0px !important;}\u00bb][vc_column offset=\u00bbvc_hidden-sm vc_hidden-xs\u00bb][rev_slider_vc alias=\u00bbgava-minibus-1&#8243; el_class=\u00bbno-bottom-margin\u00bb][\/vc_column][\/vc_row][vc_row gap=\u00bb5&#8243; row_fullwidth=\u00bb1&#8243; css=\u00bb.vc_custom_1684321545730{margin-top: 0px !important;margin-bottom: 0px [&hellip;]<\/p>\n","protected":false},"author":10,"featured_media":0,"parent":0,"menu_order":0,"comment_status":"closed","ping_status":"closed","template":"","meta":{"footnotes":""},"class_list":["post-14987","page","type-page","status-publish","hentry"],"_links":{"self":[{"href":"https:\/\/badabus.com\/ca\/wp-json\/wp\/v2\/pages\/14987","targetHints":{"allow":["GET"]}}],"collection":[{"href":"https:\/\/badabus.com\/ca\/wp-json\/wp\/v2\/pages"}],"about":[{"href":"https:\/\/badabus.com\/ca\/wp-json\/wp\/v2\/types\/page"}],"author":[{"embeddable":true,"href":"https:\/\/badabus.com\/ca\/wp-json\/wp\/v2\/users\/10"}],"replies":[{"embeddable":true,"href":"https:\/\/badabus.com\/ca\/wp-json\/wp\/v2\/comments?post=14987"}],"version-history":[{"count":12,"href":"https:\/\/badabus.com\/ca\/wp-json\/wp\/v2\/pages\/14987\/revisions"}],"predecessor-version":[{"id":15878,"href":"https:\/\/badabus.com\/ca\/wp-json\/wp\/v2\/pages\/14987\/revisions\/15878"}],"wp:attachment":[{"href":"https:\/\/badabus.com\/ca\/wp-json\/wp\/v2\/media?parent=14987"}],"curies":[{"name":"wp","href":"https:\/\/api.w.org\/{rel}","templated":true}]}}