{"id":14984,"date":"2026-08-14T11:01:28","date_gmt":"2026-08-14T09:01:28","guid":{"rendered":"https:\/\/badabus.com\/?page_id=14984"},"modified":"2026-08-31T12:13:03","modified_gmt":"2026-08-31T10:13:03","slug":"lloguer-minibus-sant-feliu","status":"publish","type":"page","link":"https:\/\/badabus.com\/ca\/lloguer-minibus-sant-feliu\/","title":{"rendered":"Home Sant Feliu Minib\u00fas CAT"},"content":{"rendered":"<div class=\"wpb-content-wrapper\"><p>[vc_row row_fullwidth=\u00bb1&#8243; row_zero_column_space=\u00bb1&#8243; css=\u00bb.vc_custom_1461073450203{margin-top: 0px !important;margin-right: 0px !important;margin-bottom: 0px !important;margin-left: 0px !important;padding-top: 0px !important;padding-right: 0px !important;padding-bottom: 0px !important;padding-left: 0px !important;}\u00bb][vc_column offset=\u00bbvc_hidden-sm vc_hidden-xs\u00bb][rev_slider_vc alias=\u00bbsant-feliu-minibus-1&#8243; el_class=\u00bbno-bottom-margin\u00bb][\/vc_column][\/vc_row][vc_row gap=\u00bb5&#8243; row_fullwidth=\u00bb1&#8243; css=\u00bb.vc_custom_1684321545730{margin-top: 0px !important;margin-bottom: 0px !important;padding-top: 40px !important;padding-right: 40px !important;padding-left: 40px !important;background-color: #ffffff !important;}\u00bb][vc_column offset=\u00bbvc_hidden-sm vc_hidden-xs\u00bb][vc_column_text css=\u00bb\u00bb]<\/p>\n<h1 class=\"h1-home-cat\">Lloguer de Minib\u00fas a Sant Feliu de Llobregat<\/h1>\n<h2 class=\"h1-servicios\">Les nostres opcions de minib\u00fas per a Sant Feliu de Llobregat<\/h2>\n<p>[\/vc_column_text][vc_raw_html css=\u00bb\u00bb]JTVCYmFkYWJ1c19zZXJ2ZWlzJTVE[\/vc_raw_html][\/vc_column][vc_column offset=\u00bbvc_hidden-sm vc_hidden-xs\u00bb css=\u00bb.vc_custom_1744208769323{margin-top: 50px !important;background-color: #F6F6F6 !important;}\u00bb][vc_custom_heading text=\u00bbNecessites un minib\u00fas a Sant Feliu de Llobregat per al teu trajecte?\u00bb font_container=\u00bbtag:h2|font_size:40|text_align:center|color:%23000000|line_height:30px\u00bb google_fonts=\u00bbfont_family:Raleway%3A100%2C200%2C300%2Cregular%2C500%2C600%2C700%2C800%2C900|font_style:300%20light%20regular%3A300%3Anormal\u00bb css=\u00bb.vc_custom_1746438202346{margin-top: 0px !important;margin-bottom: 0px !important;padding-top: 20px !important;padding-bottom: 0px !important;}\u00bb][vc_column_text css=\u00bb.vc_custom_1746438239668{margin-top: 10px !important;margin-bottom: 10px !important;}\u00bb]<\/p>\n<p style=\"text-align: center;\">Indica&#8217;ns el punt de sortida i la destinaci\u00f3 i t&#8217;enviarem el pressupost en 24 h h\u00e0bils.<\/p>\n<p>[\/vc_column_text][vc_btn title=\u00bbSol\u00b7licitar pressupost per a lloguer de minib\u00fas\u00bb style=\u00bboutline-custom\u00bb outline_custom_color=\u00bb#000000&#8243; outline_custom_hover_background=\u00bb#000000&#8243; outline_custom_hover_text=\u00bb#ffffff\u00bb shape=\u00bbround\u00bb size=\u00bblg\u00bb align=\u00bbcenter\u00bb i_type=\u00bblinecons\u00bb i_icon_linecons=\u00bbvc_li vc_li-clip\u00bb css=\u00bb.vc_custom_1786955440753{margin-top: 20px !important;margin-bottom: 55px !important;}\u00bb add_icon=\u00bbtrue\u00bb link=\u00bburl:https%3A%2F%2Fbadabus.com%2Fca%2Fpressupost-lloguer-de-minibusos%2F|title:Pressupost%20lloguer%20d&#8217;autobusos\u00bb][\/vc_column][\/vc_row][vc_row row_fullwidth=\u00bb1&#8243; css=\u00bb.vc_custom_1613379287195{padding-right: 0px !important;padding-left: 0px !important;background-color: #0a0a0a !important;}\u00bb][vc_column css=\u00bb.vc_custom_1710964759406{padding-top: 0px !important;padding-right: 0px !important;padding-bottom: 0px !important;padding-left: 0px !important;background: #0a0a0a url(https:\/\/badabus.com\/wp-content\/uploads\/Alex-Bascuas-Photo-9610-opacity.jpg?id=9993) !important;background-position: center !important;background-repeat: no-repeat !important;background-size: cover !important;}\u00bb offset=\u00bbvc_hidden-lg vc_hidden-md\u00bb el_class=\u00bbimagen-background-home-mobile\u00bb][vc_column_text css=\u00bb.vc_custom_1746438212799{margin-top: 45px !important;margin-right: 5% !important;margin-bottom: 45px !important;margin-left: 5% !important;padding-right: 0px !important;padding-left: 0px !important;background-position: center !important;background-repeat: no-repeat !important;background-size: cover !important;}\u00bb]<\/p>\n<h1 class=\"h1-home-mob\">Lloguer de minibusos a Sant Feliu de Llobregat<\/h1>\n<p>[\/vc_column_text][vc_btn title=\u00bbDEMANA PRESSUPOST\u00bb style=\u00bbcustom\u00bb custom_background=\u00bb#e22893&#8243; custom_text=\u00bb#ffffff\u00bb shape=\u00bbround\u00bb css=\u00bb.vc_custom_1786955460641{margin-left: 30px !important;}\u00bb link=\u00bburl:https%3A%2F%2Fbadabus.com%2Fca%2Fpressupost-lloguer-de-minibusos%2F|title:Pressupost%20Lloguer%20Autobusos\u00bb][\/vc_column][\/vc_row][vc_row css=\u00bb.vc_custom_1744208838364{margin-top: 130px !important;margin-bottom: 15px !important;}\u00bb][vc_column width=\u00bb1\/2&#8243;][vc_column_text css=\u00bb\u00bb]<\/p>\n<h2>Des de quins barris de Sant Feliu de Llobregat sortim?<\/h2>\n<p>A Sant Feliu de Llobregat oferim sortides en <a href=\"https:\/\/badabus.com\/alquiler-minibus-barcelona\/\">minib\u00fas<\/a> des de barris com la Salut, les Grases, Can Calders, el Centre, Mas Llu\u00ed o la Falguera, i cobrim tant zones residencials com nuclis educatius i empresarials.<\/p>\n<p>Tamb\u00e9 fem recollides des de zones com Roses-Castellbell, cosa que permet que grups escolars, empreses o particulars puguin sortir c\u00f2modament des del seu propi barri[\/vc_column_text][\/vc_column][vc_column width=\u00bb1\/2&#8243;][vc_single_image image=\u00bb12885&#8243; img_size=\u00bb450&#215;450&#8243; css=\u00bb\u00bb][\/vc_column][\/vc_row][vc_row css=\u00bb.vc_custom_1744208847931{margin-top: 70px !important;margin-bottom: 30px !important;}\u00bb][vc_column width=\u00bb1\/2&#8243;][vc_column_text css=\u00bb.vc_custom_1786955603974{margin-bottom: 20px !important;}\u00bb]<\/p>\n<h2>De quantes places s\u00f3n els minibusos?<\/h2>\n<p>La nostra flota a Sant Feliu de Llobregat est\u00e0 pensada per adaptar-se a tota mena de necessitats. Disposem de microbusos d&#8217;entre 16 i 25 places, perfectes per a grups petits, <a href=\"https:\/\/badabus.com\/ca\/transfer-aeroport-barcelona\/\">transfers a l&#8217;aeroport de Barcelona<\/a> o celebracions privades.<\/p>\n<p>Tamb\u00e9 comptem amb <a href=\"https:\/\/badabus.com\/ca\/lloguer-minibus-sant-feliu\/\">autocars per a Sant Feliu<\/a> de gran capacitat, de fins a 55 places, ideals per a escoles, empreses, clubs esportius o grups tur\u00edstics que busquen confort i seguretat en els seus despla\u00e7aments.<\/p>\n<h3>Vols con\u00e8ixer la nostra flota de microbusos per a Sant Feliu de Llobregat?<\/h3>\n<p>[\/vc_column_text][vc_btn title=\u00bbVEURE FLOTA DE MINIBUSOS\u00bb style=\u00bboutline-custom\u00bb outline_custom_color=\u00bb#000000&#8243; outline_custom_hover_background=\u00bb#000000&#8243; outline_custom_hover_text=\u00bb#ffffff\u00bb shape=\u00bbround\u00bb align=\u00bbleft\u00bb i_type=\u00bblinecons\u00bb i_icon_linecons=\u00bbvc_li vc_li-clip\u00bb css=\u00bb.vc_custom_1786955615701{margin-bottom: 35px !important;}\u00bb add_icon=\u00bbtrue\u00bb link=\u00bburl:https%3A%2F%2Fbadabus.com%2Fca%2Fflota%2F\u00bb][\/vc_column][vc_column width=\u00bb1\/2&#8243;][vc_single_image image=\u00bb12673&#8243; img_size=\u00bb450&#215;420&#8243; css=\u00bb\u00bb][\/vc_column][\/vc_row][vc_row css=\u00bb.vc_custom_1744209919418{padding-top: 35px !important;background-color: #25A6B9 !important;}\u00bb][vc_column width=\u00bb2\/3&#8243;][vc_column_text css=\u00bb\u00bb]<strong style=\"font-size: 26px; color: white;\">Necessites un minib\u00fas a Sant Feliu de Llobregat per al teu trajecte?<\/strong>[\/vc_column_text][\/vc_column][vc_column width=\u00bb1\/3&#8243;][vc_btn title=\u00bbPressupost en 24 h\u00bb style=\u00bboutline-custom\u00bb outline_custom_color=\u00bb#FFFFFF\u00bb outline_custom_hover_background=\u00bb#000000&#8243; outline_custom_hover_text=\u00bb#ffffff\u00bb shape=\u00bbround\u00bb align=\u00bbleft\u00bb i_type=\u00bblinecons\u00bb i_icon_linecons=\u00bbvc_li vc_li-clip\u00bb css=\u00bb.vc_custom_1786955635094{margin-bottom: 35px !important;}\u00bb add_icon=\u00bbtrue\u00bb link=\u00bburl:https%3A%2F%2Fbadabus.com%2Fca%2Fpressupost-lloguer-de-minibusos%2F|title:Pressupost%20lloguer%20d&#8217;autobusos\u00bb][\/vc_column][\/vc_row][vc_row gap=\u00bb20&#8243; equal_height=\u00bbyes\u00bb css=\u00bb.vc_custom_1719475441479{margin-top: 40px !important;padding-top: 40px !important;padding-bottom: 120px !important;background-image: url(https:\/\/badabus.com\/wp-content\/uploads\/dotted.png?id=2221) !important;}\u00bb][vc_column][vc_column_text css=\u00bb\u00bb]<\/p>\n<p style=\"text-align: center; font-size: 40px; font-family: gotham-rounded; line-height: 1em;\"><strong>Per qu\u00e8 triar-nos per al teu trajecte des de Sant Feliu de Llobregat?<\/strong><\/p>\n<p>[\/vc_column_text][vc_row_inner equal_height=\u00bbyes\u00bb css=\u00bb.vc_custom_1744209697713{margin-bottom: 0px !important;padding-top: 20px !important;padding-bottom: 0px !important;}\u00bb][vc_column_inner width=\u00bb1\/3&#8243; css=\u00bb.vc_custom_1719475287975{background-color: #25a6b9 !important;border-radius: 5px !important;}\u00bb][vc_column_text css=\u00bb\u00bb]<\/p>\n<p class=\"numero-porque\">\/\/ 01<\/p>\n<p class=\"titulo-porque\">Seguretat<\/p>\n<p class=\"p-porque\">Ens prenem molt seriosament el manteniment dels nostres minibusos per a Sant Feliu de Llobregat per tenir cura de tu a cada quil\u00f2metre.<\/p>\n<p>[\/vc_column_text][vc_btn title=\u00bbVEURE FLOTA\u00bb style=\u00bboutline-custom\u00bb outline_custom_color=\u00bb#ffffff\u00bb outline_custom_hover_background=\u00bb#ffffff\u00bb outline_custom_hover_text=\u00bb#25a6b9&#8243; shape=\u00bbround\u00bb size=\u00bbsm\u00bb css=\u00bb.vc_custom_1786955649558{margin-left: 35px !important;}\u00bb link=\u00bburl:https%3A%2F%2Fbadabus.com%2Fca%2Fflota%2F|title:Veure%20flota%20d&#8217;autocars\u00bb][vc_empty_space][\/vc_column_inner][vc_column_inner width=\u00bb1\/3&#8243; css=\u00bb.vc_custom_1719475336589{background-color: #9b6da6 !important;border-radius: 5px !important;}\u00bb][vc_column_text css=\u00bb\u00bb]<\/p>\n<p class=\"numero-porque\">\/\/ 02<\/p>\n<p class=\"titulo-porque\">Confort<\/p>\n<p class=\"p-porque\">Els nostres minibusos estan dissenyats perqu\u00e8 gaudeixis del viatge amb tota confian\u00e7a i confort.<\/p>\n<p>[\/vc_column_text][vc_btn title=\u00bbVEURE FLOTA\u00bb style=\u00bboutline-custom\u00bb outline_custom_color=\u00bb#ffffff\u00bb outline_custom_hover_background=\u00bb#ffffff\u00bb outline_custom_hover_text=\u00bb#9b6da6&#8243; shape=\u00bbround\u00bb size=\u00bbsm\u00bb css=\u00bb.vc_custom_1786955659977{margin-left: 35px !important;}\u00bb link=\u00bburl:https%3A%2F%2Fbadabus.com%2Fca%2Fflota%2F|title:Veure%20flota%20d&#8217;autocars\u00bb][vc_empty_space][\/vc_column_inner][vc_column_inner width=\u00bb1\/3&#8243; css=\u00bb.vc_custom_1719475343640{background-color: #e22893 !important;border-radius: 5px !important;}\u00bb][vc_column_text css=\u00bb\u00bb]<\/p>\n<p class=\"numero-porque\">\/\/ 03<\/p>\n<p class=\"titulo-porque\">Conductors<\/p>\n<p class=\"p-porque\">Viatges acompanyat per conductors que combinen professionalitat i coneixement de la ruta per tenir cura de tu en tot moment.<\/p>\n<p>[\/vc_column_text][vc_btn title=\u00bbVEURE FLOTA\u00bb style=\u00bboutline-custom\u00bb outline_custom_color=\u00bb#ffffff\u00bb outline_custom_hover_background=\u00bb#ffffff\u00bb outline_custom_hover_text=\u00bb#e22893&#8243; shape=\u00bbround\u00bb size=\u00bbsm\u00bb css=\u00bb.vc_custom_1786955670808{margin-left: 35px !important;}\u00bb link=\u00bburl:https%3A%2F%2Fbadabus.com%2Fca%2Fflota%2F|title:Veure%20flota%20d&#8217;autocars\u00bb][vc_empty_space][\/vc_column_inner][\/vc_row_inner][\/vc_column][\/vc_row][vc_row gap=\u00bb35&#8243; row_fullwidth=\u00bb1&#8243; css=\u00bb.vc_custom_1595256381018{margin-bottom: 0px !important;padding-top: 0px !important;padding-bottom: 15px !important;background-color: #ffffff !important;}\u00bb][vc_column width=\u00bb2\/3&#8243; offset=\u00bbvc_hidden-lg vc_hidden-md\u00bb css=\u00bb.vc_custom_1595256410887{margin-top: -100px !important;}\u00bb][vc_column_text css=\u00bb.vc_custom_1595254868036{margin-bottom: -10px !important;}\u00bb]<\/p>\n<p style=\"font-size: 25px; font-family: 'gotham-rounded'; text-align: left; color: #25a8ba; line-height: 1em;\"><strong>La teva companyia de confian\u00e7a<\/strong><\/p>\n<p>[\/vc_column_text][vc_column_text]<\/p>\n<p style=\"font-size: 20px; font-family: 'gotham-rounded'; text-align: left;\"><strong>Badabus \u00e9s una empresa familiar dedicada al transport de viatgers per carretera.<\/strong><\/p>\n<p>Empresa especialista en el lloguer d&#8217;autocars i minibusos. Ens avala l&#8217;experi\u00e8ncia de m\u00e9s de 25 anys en el sector de les persones que la dirigim.[\/vc_column_text][vc_btn title=\u00bbVols saber-ne m\u00e9s?\u00bb style=\u00bbgradient-custom\u00bb gradient_custom_color_1=\u00bb#25a6b9&#8243; gradient_custom_color_2=\u00bb#e22893&#8243; shape=\u00bbround\u00bb size=\u00bblg\u00bb align=\u00bbleft\u00bb css=\u00bb.vc_custom_1786955682514{padding-right: 3% !important;padding-left: 3% !important;}\u00bb link=\u00bburl:https%3A%2F%2Fbadabus.com%2Fca%2Fflota%2F|title:Flota\u00bb][\/vc_column][vc_column width=\u00bb1\/3&#8243; offset=\u00bbvc_hidden-lg vc_hidden-md\u00bb][vc_column_text css=\u00bb\u00bb]<b style=\"text-align: left; font-size: 20px;\"><img loading=\"lazy\" decoding=\"async\" class=\"alignnone wp-image-1964\" src=\"https:\/\/badabus.com\/wp-content\/uploads\/flechas-badabus.jpg\" alt=\"\" width=\"45\" height=\"27\" \/> CONTACTE<\/b>[\/vc_column_text][vc_column_text css=\u00bb\u00bb]<\/p>\n<h3 style=\"text-align: left; font-size: 20px;\">Autocares Badabus<\/h3>\n<p>Adre\u00e7a: <a href=\"https:\/\/www.google.com\/maps\/place\/Autocares+Badabus\/@41.3518513,2.1340148,17z\/data=!3m1!4b1!4m6!3m5!1s0x12a498a57225f481:0x27ebbd8420ff8f5e!8m2!3d41.3518513!4d2.1340148!16s%2Fg%2F11fz9zb2tf?entry=ttu\" target=\"_blank\" rel=\"noopener noreferrer\">C\/ Plom, 28 \u2013 08038 (Barcelona)<\/a><br \/>\nCorreu electr\u00f2nic: <a href=\"mailto:info@badabus.com\">info@badabus.com<\/a><br \/>\n<img loading=\"lazy\" decoding=\"async\" class=\"size-full wp-image-2239 alignleft\" src=\"https:\/\/badabus.com\/wp-content\/uploads\/telefon-de-lloguer-autocars-badabus.jpg\" alt=\"tel\u00e8fon de lloguer d'autocars badabus\" width=\"341\" height=\"124\" \/>[\/vc_column_text][\/vc_column][\/vc_row][vc_row gap=\u00bb35&#8243; css=\u00bb.vc_custom_1744210760780{margin-bottom: 25px !important;}\u00bb][vc_column width=\u00bb2\/3&#8243; css=\u00bb.vc_custom_1748247617536{margin-right: 30px !important;}\u00bb][vc_column_text css=\u00bb\u00bb]<\/p>\n<h2 style=\"font-size: 20px;\">Trajectes freq\u00fcents des de Sant Feliu de Llobregat amb els nostres minibusos<\/h2>\n<p style=\"font-weight: 400; text-align: justify;\">Des de Sant Feliu de Llobregat oferim sortides en minib\u00fas a destinacions com Montserrat, les platges del Garraf o el nucli hist\u00f2ric de Tarragona. Els nostres vehicles s&#8217;adapten a cada tipus de grup, ja siguin escolars, empreses o fam\u00edlies.<\/p>\n<p style=\"font-weight: 400; text-align: justify;\">Els serveis m\u00e9s sol\u00b7licitats inclouen tamb\u00e9 transfers a l&#8217;aeroport i viatges escolars de diversos dies. Ens ocupem de tota la log\u00edstica perqu\u00e8 el grup nom\u00e9s s&#8217;hagi de preocupar de gaudir del trajecte.<\/p>\n<h3 style=\"font-weight: 400;\">Serveis m\u00e9s demandats de lloguer de minibusos a Sant Feliu de Llobregat<\/h3>\n<p style=\"font-weight: 400; text-align: justify;\">A Sant Feliu de Llobregat oferim minibusos a empreses que organitzen jornades, convencions o trasllats d&#8217;empleats. Les escoles i els centres educatius de la ciutat tamb\u00e9 ens trien habitualment per a les seves excursions escolars i viatges de conviv\u00e8ncia.<\/p>\n<p style=\"font-weight: 400; text-align: justify;\">Celebracions com casaments o festes privades tamb\u00e9 es troben entre els serveis m\u00e9s contractats. A m\u00e9s, atenem clubs esportius i turistes que surten des de Sant Feliu cap a altres punts de la prov\u00edncia de Barcelona o m\u00e9s enll\u00e0.<\/p>\n<h3 style=\"font-weight: 400;\">Per qu\u00e8 \u00e9s millor llogar un minib\u00fas a Sant Feliu de Llobregat amb nosaltres?<\/h3>\n<p style=\"font-weight: 400; text-align: justify;\">La nostra experi\u00e8ncia a Sant Feliu de Llobregat ens permet garantir una recollida puntual des de qualsevol zona de la ciutat, tant en \u00e0rees residencials com al costat d&#8217;instal\u00b7lacions empresarials o esportives. Coneixem b\u00e9 la ciutat i els seus accessos, cosa que agilitza cada servei.<\/p>\n<p style=\"font-weight: 400; text-align: justify;\">A m\u00e9s, treballem regularment amb escoles, clubs i empreses de la zona, cosa que ens permet anticipar necessitats i oferir solucions eficaces. Triar-nos \u00e9s comptar amb un servei local, flexible i amb totes les garanties.<\/p>\n<p>[\/vc_column_text][vc_empty_space height=\u00bb30px\u00bb][vc_column_text css=\u00bb\u00bb]<strong style=\"margin-left: 6px;\">POBLACIONS ON OFERIM SERVEI DE LLOGUER D&#8217;AUTOCAR<br \/>\n<\/strong><div class=\"menu-horizontal\"><ul><div class=\"menu-horizontal\"><li id=\"menu-item-15926\" class=\"menu-item menu-item-type-post_type menu-item-object-page menu-item-15926\"><a href=\"https:\/\/badabus.com\/ca\/lloguer-minibus-badalona\/\">Lloguer Minib\u00fas a Badalona<\/a><\/li> | <li id=\"menu-item-15933\" class=\"menu-item menu-item-type-post_type menu-item-object-page menu-item-15933\"><a href=\"https:\/\/badabus.com\/ca\/lloguer-minibus-viladecans\/\">Lloguer Minib\u00fas a Viladecans<\/a><\/li> | <li id=\"menu-item-15932\" class=\"menu-item menu-item-type-post_type menu-item-object-page menu-item-15932\"><a href=\"https:\/\/badabus.com\/ca\/lloguer-minibus-santa-coloma-de-gramenet\/\">Lloguer Minib\u00fas a Santa Coloma de Gramanet<\/a><\/li> | <li id=\"menu-item-15931\" class=\"menu-item menu-item-type-post_type menu-item-object-page menu-item-15931\"><a href=\"https:\/\/badabus.com\/ca\/lloguer-minibus-sant-joan-despi\/\">Lloguer Minib\u00fas a Sant Joan Desp\u00ed<\/a><\/li> | <li id=\"menu-item-15925\" class=\"menu-item menu-item-type-post_type menu-item-object-page menu-item-15925\"><a href=\"https:\/\/badabus.com\/ca\/lloguer-minibus-sant-feliu\/\">Lloguer Minib\u00fas a Sant Feliu de Llobregat<\/a><\/li> | <li id=\"menu-item-15930\" class=\"menu-item menu-item-type-post_type menu-item-object-page menu-item-15930\"><a href=\"https:\/\/badabus.com\/ca\/lloguer-minibus-sant-boi-llobregat\/\">Lloguer Minib\u00fas a Sant Boi de Llobregat<\/a><\/li> | <li id=\"menu-item-15924\" class=\"menu-item menu-item-type-post_type menu-item-object-page menu-item-15924\"><a href=\"https:\/\/badabus.com\/ca\/lloguer-minibus-sant-adria\/\">Lloguer Minib\u00fas a Sant Adri\u00e0 del Bes\u00f3s<\/a><\/li> | <li id=\"menu-item-15929\" class=\"menu-item menu-item-type-post_type menu-item-object-page menu-item-15929\"><a href=\"https:\/\/badabus.com\/ca\/lloguer-minibus-hospitalet-de-llobregat\/\">Lloguer Minib\u00fas a Hospitalet de Llobregat<\/a><\/li> | <li id=\"menu-item-15928\" class=\"menu-item menu-item-type-post_type menu-item-object-page menu-item-15928\"><a href=\"https:\/\/badabus.com\/ca\/lloguer-minibus-gava\/\">Lloguer Minib\u00fas a Gav\u00e0<\/a><\/li> | <li id=\"menu-item-15923\" class=\"menu-item menu-item-type-post_type menu-item-object-page menu-item-15923\"><a href=\"https:\/\/badabus.com\/ca\/lloguer-minibus-esplugues\/\">Lloguer Minib\u00fas a Esplugues de Llobregat<\/a><\/li> | <li id=\"menu-item-15927\" class=\"menu-item menu-item-type-post_type menu-item-object-page menu-item-15927\"><a href=\"https:\/\/badabus.com\/ca\/lloguer-minibus-el-prat-llobregat\/\">Lloguer Minib\u00fas a El Prat de Llobregat<\/a><\/li> | <li id=\"menu-item-15922\" class=\"menu-item menu-item-type-post_type menu-item-object-page menu-item-15922\"><a href=\"https:\/\/badabus.com\/ca\/lloguer-minibus-cornella\/\">Lloguer Minib\u00fas a Cornell\u00e0 de Llobregat<\/a><\/li> | <li id=\"menu-item-15921\" class=\"menu-item menu-item-type-post_type menu-item-object-page menu-item-15921\"><a href=\"https:\/\/badabus.com\/ca\/lloguer-minibus-castelldefels\/\">Lloguer Minib\u00fas a Castelldefels<\/a><\/li>\n<\/div><\/ul><\/div>[\/vc_column_text][vc_tta_accordion section_title_tag=\u00bbh2&#8243; color=\u00bbwhite\u00bb active_section=\u00bb1&#8243;][vc_tta_section title=\u00bbQuin \u00e9s el preu de llogar un minib\u00fas a Sant Feliu de Llobregat?\u00bb tab_id=\u00bb1764149029243-338fad7c-a839&#8243;][vc_column_text css=\u00bb\u00bb]<\/p>\n<p data-start=\"509\" data-end=\"1031\">El preu de llogar un minib\u00fas a Sant Feliu de Llobregat dep\u00e8n de factors com el recorregut, la data, la durada del servei, la capacitat del vehicle i el nombre de passatgers. No hi ha una tarifa fixa perqu\u00e8 cada viatge requereix una planificaci\u00f3 personalitzada. Per obtenir un pressupost exacte, nom\u00e9s cal indicar el punt de recollida a Sant Feliu, la destinaci\u00f3, l&#8217;horari i la mida del grup. Amb aquesta informaci\u00f3 elaborem una proposta clara, ajustada i sense costos imprevistos.<\/p>\n<p>[\/vc_column_text][\/vc_tta_section][vc_tta_section title=\u00bbQuins avantatges ofereix llogar un minib\u00fas a Sant Feliu per a grups petits i mitjans?\u00bb tab_id=\u00bb1764149029268-789caf48-311c\u00bb][vc_column_text css=\u00bb\u00bb]<\/p>\n<p data-start=\"1151\" data-end=\"1635\">Llogar un minib\u00fas a Sant Feliu de Llobregat \u00e9s perfecte per a grups que busquen un transport c\u00f2mode, pr\u00e0ctic i coordinat. La seva mida facilita la mobilitat per la ciutat i permet fer despla\u00e7aments \u00e0gils cap a Barcelona, l&#8217;aeroport o municipis propers. Els minibusos compten amb climatitzaci\u00f3, interiors amplis i seients ergon\u00f2mics, ideals per a activitats familiars, sortides escolars, excursions, esdeveniments d&#8217;empresa o trasllats corporatius.<\/p>\n<p>[\/vc_column_text][\/vc_tta_section][vc_tta_section title=\u00bbPuc contractar un minib\u00fas per fer rutes o excursions des de Sant Feliu?\u00bb tab_id=\u00bb1764149079286-80cdb9c3-df10&#8243;][vc_column_text css=\u00bb\u00bb]<\/p>\n<p data-start=\"1747\" data-end=\"2146\">S\u00ed, pots contractar un minib\u00fas per fer rutes personalitzades amb sortida des de Sant Feliu de Llobregat. Aquest servei \u00e9s ideal per a grups que volen visitar Barcelona, Montserrat, la Costa Brava, el Pened\u00e8s o qualsevol destinaci\u00f3 de Catalunya. L&#8217;itinerari s&#8217;adapta totalment a les necessitats del grup i assegura comoditat, flexibilitat i una organitzaci\u00f3 \u00f2ptima del viatge.<\/p>\n<p>[\/vc_column_text][\/vc_tta_section][vc_tta_section title=\u00bbQuina \u00e9s la durada habitual d&#8217;un servei de minib\u00fas a Sant Feliu de Llobregat?\u00bb tab_id=\u00bb1764149097072-1916b0f6-f644&#8243;][vc_column_text css=\u00bb\u00bb]<\/p>\n<p data-start=\"2262\" data-end=\"2619\">La durada dep\u00e8n del tipus de servei sol\u00b7licitat. Fem trasllats curts dins de Sant Feliu, serveis per hores, rutes amb m\u00faltiples parades, excursions de mig dia o de jornada completa. El servei s&#8217;ajusta a l&#8217;horari i a les necessitats del grup per garantir un viatge fluid, c\u00f2mode i ben planificat des de l&#8217;inici.<\/p>\n<p>[\/vc_column_text][\/vc_tta_section][vc_tta_section title=\u00bbQuina capacitat tenen els minibusos disponibles a Sant Feliu de Llobregat?\u00bb tab_id=\u00bb1764149116593-ebec5c5f-2436&#8243;][vc_column_text css=\u00bb\u00bb]<\/p>\n<p data-start=\"2727\" data-end=\"3163\">Els minibusos disponibles a Sant Feliu de Llobregat ofereixen capacitats diferents, amb opcions que solen oscil\u00b7lar entre 8 i 25 places. Aquesta varietat permet adaptar el vehicle a cada tipus de despla\u00e7ament: excursions, trasllats urbans, celebracions, activitats escolars o serveis d&#8217;empresa. Quan sol\u00b7licitis el pressupost, nom\u00e9s cal indicar el nombre de passatgers per assignar el model m\u00e9s adequat.<\/p>\n<p>[\/vc_column_text][\/vc_tta_section][vc_tta_section title=\u00bbEs poden fer trasllats en minib\u00fas des de Sant Feliu de Llobregat a l&#8217;aeroport?\u00bb tab_id=\u00bb1764149136862-73a146df-2511&#8243;][vc_column_text css=\u00bb\u00bb]<\/p>\n<p data-start=\"3281\" data-end=\"3678\">S\u00ed, fem trasllats en minib\u00fas des de Sant Feliu de Llobregat fins a l&#8217;Aeroport de Barcelona-el Prat. \u00c9s un servei c\u00f2mode i eficient per a grups que necessiten un transport directe i puntual. El conductor s&#8217;encarrega de la recollida, l&#8217;equipatge i el trajecte fins a la terminal. Tamb\u00e9 oferim recollides a l&#8217;aeroport per a grups amb arribades en horaris diferents.<\/p>\n<p>[\/vc_column_text][\/vc_tta_section][vc_tta_section title=\u00bbQuina difer\u00e8ncia hi ha entre llogar un minib\u00fas i un autocar a Sant Feliu de Llobregat?\u00bb tab_id=\u00bb1764149154789-9ef34a73-e3e3&#8243;][vc_column_text css=\u00bb\u00bb]<\/p>\n<p data-start=\"3797\" data-end=\"4225\">La difer\u00e8ncia principal \u00e9s la capacitat i el tipus de despla\u00e7ament. El minib\u00fas \u00e9s ideal per a grups petits o mitjans que busquen agilitat en trajectes locals o despla\u00e7aments a ciutats properes. L&#8217;autocar, en canvi, est\u00e0 pensat per a grups grans o viatges m\u00e9s llargs. Tots dos vehicles ofereixen comoditat i seguretat, per\u00f2 es tria l&#8217;un o l&#8217;altre segons les caracter\u00edstiques del grup i del recorregut.<\/p>\n<p>[\/vc_column_text][\/vc_tta_section][vc_tta_section title=\u00bbCal fer un pagament previ per reservar un minib\u00fas a Sant Feliu?\u00bb tab_id=\u00bb1764149171959-1e8f10fa-3be2&#8243;][vc_column_text css=\u00bb\u00bb]<\/p>\n<p data-start=\"4330\" data-end=\"4722\">En funci\u00f3 de la data i del tipus de servei, es pot requerir un dip\u00f2sit per confirmar la reserva del minib\u00fas. Aquest pagament garanteix la disponibilitat del vehicle i del conductor en l&#8217;horari sol\u00b7licitat. Al pressupost es detallen totes les condicions, els imports i els terminis perqu\u00e8 el client tingui tota la informaci\u00f3 necess\u00e0ria abans de formalitzar la reserva.<\/p>\n<p>[\/vc_column_text][\/vc_tta_section][\/vc_tta_accordion][vc_separator color=\u00bbwhite\u00bb border_width=\u00bb5&#8243; css=\u00bb\u00bb][\/vc_column][vc_column width=\u00bb1\/3&#8243; css=\u00bb.vc_custom_1744211247589{margin-right: 30px !important;margin-left: 30px !important;}\u00bb][vc_column_text css=\u00bb.vc_custom_1787736732093{margin-bottom: -10px !important;}\u00bb]<\/p>\n<p style=\"font-size: 30px; font-family: 'gotham-rounded'; text-align: left; color: #25a8ba; line-height: 1em;\"><strong>La teva companyia de confian\u00e7a a Sant Feliu de Llobregat<\/strong><\/p>\n<p>[\/vc_column_text][vc_column_text css=\u00bb\u00bb]<\/p>\n<p style=\"font-size: 18px; font-family: 'gotham-rounded'; text-align: left;\"><strong>Badabus \u00e9s una empresa familiar dedicada al transport de viatgers per carretera.<\/strong><\/p>\n<p>Empresa especialista en el lloguer de minibusos a Sant Feliu de Llobregat. Ens avala l&#8217;experi\u00e8ncia de m\u00e9s de 25 anys en el sector de les persones que la dirigim.[\/vc_column_text][vc_column_text css=\u00bb\u00bb]<b style=\"text-align: left; font-size: 20px;\"><img loading=\"lazy\" decoding=\"async\" class=\"alignnone wp-image-1964\" src=\"https:\/\/badabus.com\/wp-content\/uploads\/flechas-badabus.jpg\" alt=\"\" width=\"45\" height=\"27\" \/> CONTACTE<\/b>[\/vc_column_text][vc_column_text css=\u00bb\u00bb]<\/p>\n<h3 style=\"text-align: left; font-size: 20px;\">Autocares Badabus<\/h3>\n<p>Adre\u00e7a: <a href=\"https:\/\/www.google.com\/maps\/place\/Autocares+Badabus\/@41.3518513,2.1340148,17z\/data=!3m1!4b1!4m6!3m5!1s0x12a498a57225f481:0x27ebbd8420ff8f5e!8m2!3d41.3518513!4d2.1340148!16s%2Fg%2F11fz9zb2tf?entry=ttu\" target=\"_blank\" rel=\"noopener noreferrer\">Carrer de la Metal\u00b7l\u00fargia, 51, 08908 Barcelona<\/a><br \/>\nCorreu electr\u00f2nic: <a href=\"mailto:info@badabus.com\">info@badabus.com<\/a><br \/>\n<img loading=\"lazy\" decoding=\"async\" class=\"size-full wp-image-2239 alignleft\" src=\"https:\/\/badabus.com\/wp-content\/uploads\/telefon-de-lloguer-autocars-badabus.jpg\" alt=\"tel\u00e8fon de lloguer d'autocars badabus\" width=\"341\" height=\"124\" \/>[\/vc_column_text][\/vc_column][\/vc_row][vc_row row_fullwidth=\u00bb1&#8243; row_zero_column_space=\u00bb1&#8243; css=\u00bb.vc_custom_1525855960545{margin-top: 0px !important;margin-right: 0px !important;margin-bottom: 0px !important;margin-left: 0px !important;padding-top: 0px !important;padding-right: 0px !important;padding-bottom: 0px !important;padding-left: 0px !important;background-color: #303033 !important;}\u00bb][vc_column width=\u00bb1\/2&#8243; css=\u00bb.vc_custom_1525855742551{margin-top: -30px !important;}\u00bb][vc_single_image image=\u00bb15747&#8243; img_size=\u00bbfull\u00bb css=\u00bb\u00bb][\/vc_column][vc_column width=\u00bb1\/4&#8243; offset=\u00bbvc_hidden-xs\u00bb][vc_single_image image=\u00bb15755&#8243; img_size=\u00bbfull\u00bb css=\u00bb.vc_custom_1787293945088{padding-top: 10px !important;}\u00bb][\/vc_column][vc_column width=\u00bb1\/4&#8243; offset=\u00bbvc_hidden-xs\u00bb][vc_btn title=\u00bbDEMANAR PRESSUPOST\u00bb style=\u00bbgradient-custom\u00bb gradient_custom_color_1=\u00bb#25a6b9&#8243; gradient_custom_color_2=\u00bb#e22893&#8243; shape=\u00bbround\u00bb size=\u00bblg\u00bb align=\u00bbleft\u00bb css=\u00bb.vc_custom_1786955702329{padding-top: 20px !important;}\u00bb link=\u00bburl:https%3A%2F%2Fbadabus.com%2Fca%2Fpressupost-lloguer-de-minibusos%2F\u00bb][\/vc_column][\/vc_row][vc_row][vc_column][vc_raw_html css=\u00bb\u00bb]PHNjcmlwdCB0eXBlPSJhcHBsaWNhdGlvbi9sZCtqc29uIj4KewogICJAY29udGV4dCI6ICJodHRwczovL3NjaGVtYS5vcmciLAogICJAdHlwZSI6ICJGQVFQYWdlIiwKICAibWFpbkVudGl0eSI6IFt7CiAgICAiQHR5cGUiOiAiUXVlc3Rpb24iLAogICAgIm5hbWUiOiAiUXVpbiDDqXMgZWwgcHJldSBkZSBsbG9nYXIgdW4gbWluaWLDunMgYSBTYW50IEZlbGl1IGRlIExsb2JyZWdhdD8iLAogICAgImFjY2VwdGVkQW5zd2VyIjogewogICAgICAiQHR5cGUiOiAiQW5zd2VyIiwKICAgICAgInRleHQiOiAiRWwgcHJldSBkZSBsbG9nYXIgdW4gbWluaWLDunMgYSBTYW50IEZlbGl1IGRlIExsb2JyZWdhdCBkZXDDqG4gZGUgZmFjdG9ycyBjb20gZWwgcmVjb3JyZWd1dCwgbGEgZGF0YSwgbGEgZHVyYWRhIGRlbCBzZXJ2ZWksIGxhIGNhcGFjaXRhdCBkZWwgdmVoaWNsZSBpIGVsIG5vbWJyZSBkZSBwYXNzYXRnZXJzLiBObyBoaSBoYSB1bmEgdGFyaWZhIGZpeGEgcGVycXXDqCBjYWRhIHZpYXRnZSByZXF1ZXJlaXggdW5hIHBsYW5pZmljYWNpw7MgcGVyc29uYWxpdHphZGEuIFBlciBvYnRlbmlyIHVuIHByZXNzdXBvc3QgZXhhY3RlLCBub23DqXMgY2FsIGluZGljYXIgZWwgcHVudCBkZSByZWNvbGxpZGEgYSBTYW50IEZlbGl1LCBsYSBkZXN0aW5hY2nDsywgbCdob3JhcmkgaSBsYSBtaWRhIGRlbCBncnVwLiBBbWIgYXF1ZXN0YSBpbmZvcm1hY2nDsyBlbGFib3JlbSB1bmEgcHJvcG9zdGEgY2xhcmEsIGFqdXN0YWRhIGkgc2Vuc2UgY29zdG9zIGltcHJldmlzdG9zLiIKICAgIH0KICB9LHsKICAgICJAdHlwZSI6ICJRdWVzdGlvbiIsCiAgICAibmFtZSI6ICJRdWlucyBhdmFudGF0Z2VzIG9mZXJlaXggbGxvZ2FyIHVuIG1pbmliw7pzIGEgU2FudCBGZWxpdSBwZXIgYSBncnVwcyBwZXRpdHMgaSBtaXRqYW5zPyIsCiAgICAiYWNjZXB0ZWRBbnN3ZXIiOiB7CiAgICAgICJAdHlwZSI6ICJBbnN3ZXIiLAogICAgICAidGV4dCI6ICJMbG9nYXIgdW4gbWluaWLDunMgYSBTYW50IEZlbGl1IGRlIExsb2JyZWdhdCDDqXMgcGVyZmVjdGUgcGVyIGEgZ3J1cHMgcXVlIGJ1c3F1ZW4gdW4gdHJhbnNwb3J0IGPDsm1vZGUsIHByw6BjdGljIGkgY29vcmRpbmF0LiBMYSBzZXZhIG1pZGEgZmFjaWxpdGEgbGEgbW9iaWxpdGF0IHBlciBsYSBjaXV0YXQgaSBwZXJtZXQgZmVyIGRlc3BsYcOnYW1lbnRzIMOgZ2lscyBjYXAgYSBCYXJjZWxvbmEsIGwnYWVyb3BvcnQgbyBtdW5pY2lwaXMgcHJvcGVycy4gRWxzIG1pbmlidXNvcyBjb21wdGVuIGFtYiBjbGltYXRpdHphY2nDsywgaW50ZXJpb3JzIGFtcGxpcyBpIHNlaWVudHMgZXJnb27Dsm1pY3MsIGlkZWFscyBwZXIgYSBhY3Rpdml0YXRzIGZhbWlsaWFycywgc29ydGlkZXMgZXNjb2xhcnMsIGV4Y3Vyc2lvbnMsIGVzZGV2ZW5pbWVudHMgZCdlbXByZXNhIG8gdHJhc2xsYXRzIGNvcnBvcmF0aXVzLiIKICAgIH0KICB9LHsKICAgICJAdHlwZSI6ICJRdWVzdGlvbiIsCiAgICAibmFtZSI6ICJQdWMgY29udHJhY3RhciB1biBtaW5pYsO6cyBwZXIgZmVyIHJ1dGVzIG8gZXhjdXJzaW9ucyBkZXMgZGUgU2FudCBGZWxpdT8iLAogICAgImFjY2VwdGVkQW5zd2VyIjogewogICAgICAiQHR5cGUiOiAiQW5zd2VyIiwKICAgICAgInRleHQiOiAiU8OtLCBwb3RzIGNvbnRyYWN0YXIgdW4gbWluaWLDunMgcGVyIGZlciBydXRlcyBwZXJzb25hbGl0emFkZXMgYW1iIHNvcnRpZGEgZGVzIGRlIFNhbnQgRmVsaXUgZGUgTGxvYnJlZ2F0LiBBcXVlc3Qgc2VydmVpIMOpcyBpZGVhbCBwZXIgYSBncnVwcyBxdWUgdm9sZW4gdmlzaXRhciBCYXJjZWxvbmEsIE1vbnRzZXJyYXQsIGxhIENvc3RhIEJyYXZhLCBlbCBQZW5lZMOocyBvIHF1YWxzZXZvbCBkZXN0aW5hY2nDsyBkZSBDYXRhbHVueWEuIEwnaXRpbmVyYXJpIHMnYWRhcHRhIHRvdGFsbWVudCBhIGxlcyBuZWNlc3NpdGF0cyBkZWwgZ3J1cCBpIGFzc2VndXJhIGNvbW9kaXRhdCwgZmxleGliaWxpdGF0IGkgdW5hIG9yZ2FuaXR6YWNpw7Mgw7JwdGltYSBkZWwgdmlhdGdlLiIKICAgIH0KICB9LHsKICAgICJAdHlwZSI6ICJRdWVzdGlvbiIsCiAgICAibmFtZSI6ICJRdWluYSDDqXMgbGEgZHVyYWRhIGhhYml0dWFsIGQndW4gc2VydmVpIGRlIG1pbmliw7pzIGEgU2FudCBGZWxpdSBkZSBMbG9icmVnYXQ\/IiwKICAgICJhY2NlcHRlZEFuc3dlciI6IHsKICAgICAgIkB0eXBlIjogIkFuc3dlciIsCiAgICAgICJ0ZXh0IjogIkxhIGR1cmFkYSBkZXDDqG4gZGVsIHRpcHVzIGRlIHNlcnZlaSBzb2zCt2xpY2l0YXQuIEZlbSB0cmFzbGxhdHMgY3VydHMgZGlucyBkZSBTYW50IEZlbGl1LCBzZXJ2ZWlzIHBlciBob3JlcywgcnV0ZXMgYW1iIG3Dumx0aXBsZXMgcGFyYWRlcywgZXhjdXJzaW9ucyBkZSBtaWcgZGlhIG8gZGUgam9ybmFkYSBjb21wbGV0YS4gRWwgc2VydmVpIHMnYWp1c3RhIGEgbCdob3JhcmkgaSBhIGxlcyBuZWNlc3NpdGF0cyBkZWwgZ3J1cCBwZXIgZ2FyYW50aXIgdW4gdmlhdGdlIGZsdWlkLCBjw7Jtb2RlIGkgYmVuIHBsYW5pZmljYXQgZGVzIGRlIGwnaW5pY2kuIgogICAgfQogIH0sewogICAgIkB0eXBlIjogIlF1ZXN0aW9uIiwKICAgICJuYW1lIjogIlF1aW5hIGNhcGFjaXRhdCB0ZW5lbiBlbHMgbWluaWJ1c29zIGRpc3BvbmlibGVzIGEgU2FudCBGZWxpdSBkZSBMbG9icmVnYXQ\/IiwKICAgICJhY2NlcHRlZEFuc3dlciI6IHsKICAgICAgIkB0eXBlIjogIkFuc3dlciIsCiAgICAgICJ0ZXh0IjogIkVscyBtaW5pYnVzb3MgZGlzcG9uaWJsZXMgYSBTYW50IEZlbGl1IGRlIExsb2JyZWdhdCBvZmVyZWl4ZW4gY2FwYWNpdGF0cyBkaWZlcmVudHMsIGFtYiBvcGNpb25zIHF1ZSBzb2xlbiBvc2NpbMK3bGFyIGVudHJlIDggaSAyNSBwbGFjZXMuIEFxdWVzdGEgdmFyaWV0YXQgcGVybWV0IGFkYXB0YXIgZWwgdmVoaWNsZSBhIGNhZGEgdGlwdXMgZGUgZGVzcGxhw6dhbWVudDogZXhjdXJzaW9ucywgdHJhc2xsYXRzIHVyYmFucywgY2VsZWJyYWNpb25zLCBhY3Rpdml0YXRzIGVzY29sYXJzIG8gc2VydmVpcyBkJ2VtcHJlc2EuIFF1YW4gc29swrdsaWNpdGlzIGVsIHByZXNzdXBvc3QsIG5vbcOpcyBjYWwgaW5kaWNhciBlbCBub21icmUgZGUgcGFzc2F0Z2VycyBwZXIgYXNzaWduYXIgZWwgbW9kZWwgbcOpcyBhZGVxdWF0LiIKICAgIH0KICB9LHsKICAgICJAdHlwZSI6ICJRdWVzdGlvbiIsCiAgICAibmFtZSI6ICJFcyBwb2RlbiBmZXIgdHJhc2xsYXRzIGVuIG1pbmliw7pzIGRlcyBkZSBTYW50IEZlbGl1IGRlIExsb2JyZWdhdCBhIGwnYWVyb3BvcnQ\/IiwKICAgICJhY2NlcHRlZEFuc3dlciI6IHsKICAgICAgIkB0eXBlIjogIkFuc3dlciIsCiAgICAgICJ0ZXh0IjogIlPDrSwgZmVtIHRyYXNsbGF0cyBlbiBtaW5pYsO6cyBkZXMgZGUgU2FudCBGZWxpdSBkZSBMbG9icmVnYXQgZmlucyBhIGwnQWVyb3BvcnQgZGUgQmFyY2Vsb25hLWVsIFByYXQuIMOJcyB1biBzZXJ2ZWkgY8OybW9kZSBpIGVmaWNpZW50IHBlciBhIGdydXBzIHF1ZSBuZWNlc3NpdGVuIHVuIHRyYW5zcG9ydCBkaXJlY3RlIGkgcHVudHVhbC4gRWwgY29uZHVjdG9yIHMnZW5jYXJyZWdhIGRlIGxhIHJlY29sbGlkYSwgbCdlcXVpcGF0Z2UgaSBlbCB0cmFqZWN0ZSBmaW5zIGEgbGEgdGVybWluYWwuIFRhbWLDqSBvZmVyaW0gcmVjb2xsaWRlcyBhIGwnYWVyb3BvcnQgcGVyIGEgZ3J1cHMgYW1iIGFycmliYWRlcyBlbiBob3JhcmlzIGRpZmVyZW50cy4iCiAgICB9CiAgfSx7CiAgICAiQHR5cGUiOiAiUXVlc3Rpb24iLAogICAgIm5hbWUiOiAiUXVpbmEgZGlmZXLDqG5jaWEgaGkgaGEgZW50cmUgbGxvZ2FyIHVuIG1pbmliw7pzIGkgdW4gYXV0b2NhciBhIFNhbnQgRmVsaXUgZGUgTGxvYnJlZ2F0PyIsCiAgICAiYWNjZXB0ZWRBbnN3ZXIiOiB7CiAgICAgICJAdHlwZSI6ICJBbnN3ZXIiLAogICAgICAidGV4dCI6ICJMYSBkaWZlcsOobmNpYSBwcmluY2lwYWwgw6lzIGxhIGNhcGFjaXRhdCBpIGVsIHRpcHVzIGRlIGRlc3BsYcOnYW1lbnQuIEVsIG1pbmliw7pzIMOpcyBpZGVhbCBwZXIgYSBncnVwcyBwZXRpdHMgbyBtaXRqYW5zIHF1ZSBidXNxdWVuIGFnaWxpdGF0IGVuIHRyYWplY3RlcyBsb2NhbHMgbyBkZXNwbGHDp2FtZW50cyBhIGNpdXRhdHMgcHJvcGVyZXMuIEwnYXV0b2NhciwgZW4gY2FudmksIGVzdMOgIHBlbnNhdCBwZXIgYSBncnVwcyBncmFucyBvIHZpYXRnZXMgbcOpcyBsbGFyZ3MuIFRvdHMgZG9zIHZlaGljbGVzIG9mZXJlaXhlbiBjb21vZGl0YXQgaSBzZWd1cmV0YXQsIHBlcsOyIGVzIHRyaWEgbCd1biBvIGwnYWx0cmUgc2Vnb25zIGxlcyBjYXJhY3RlcsOtc3RpcXVlcyBkZWwgZ3J1cCBpIGRlbCByZWNvcnJlZ3V0LiIKICAgIH0KICB9LHsKICAgICJAdHlwZSI6ICJRdWVzdGlvbiIsCiAgICAibmFtZSI6ICJDYWwgZmVyIHVuIHBhZ2FtZW50IHByZXZpIHBlciByZXNlcnZhciB1biBtaW5pYsO6cyBhIFNhbnQgRmVsaXU\/IiwKICAgICJhY2NlcHRlZEFuc3dlciI6IHsKICAgICAgIkB0eXBlIjogIkFuc3dlciIsCiAgICAgICJ0ZXh0IjogIkVuIGZ1bmNpw7MgZGUgbGEgZGF0YSBpIGRlbCB0aXB1cyBkZSBzZXJ2ZWksIGVzIHBvdCByZXF1ZXJpciB1biBkaXDDsnNpdCBwZXIgY29uZmlybWFyIGxhIHJlc2VydmEgZGVsIG1pbmliw7pzLiBBcXVlc3QgcGFnYW1lbnQgZ2FyYW50ZWl4IGxhIGRpc3BvbmliaWxpdGF0IGRlbCB2ZWhpY2xlIGkgZGVsIGNvbmR1Y3RvciBlbiBsJ2hvcmFyaSBzb2zCt2xpY2l0YXQuIEFsIHByZXNzdXBvc3QgZXMgZGV0YWxsZW4gdG90ZXMgbGVzIGNvbmRpY2lvbnMsIGVscyBpbXBvcnRzIGkgZWxzIHRlcm1pbmlzIHBlcnF1w6ggZWwgY2xpZW50IHRpbmd1aSB0b3RhIGxhIGluZm9ybWFjacOzIG5lY2Vzc8OgcmlhIGFiYW5zIGRlIGZvcm1hbGl0emFyIGxhIHJlc2VydmEuIgogICAgfQogIH1dCn0KPC9zY3JpcHQ+[\/vc_raw_html][\/vc_column][\/vc_row]<\/p>\n<\/div>","protected":false},"excerpt":{"rendered":"<p>[vc_row row_fullwidth=\u00bb1&#8243; row_zero_column_space=\u00bb1&#8243; css=\u00bb.vc_custom_1461073450203{margin-top: 0px !important;margin-right: 0px !important;margin-bottom: 0px !important;margin-left: 0px !important;padding-top: 0px !important;padding-right: 0px !important;padding-bottom: 0px !important;padding-left: 0px !important;}\u00bb][vc_column offset=\u00bbvc_hidden-sm vc_hidden-xs\u00bb][rev_slider_vc alias=\u00bbsant-feliu-minibus-1&#8243; el_class=\u00bbno-bottom-margin\u00bb][\/vc_column][\/vc_row][vc_row gap=\u00bb5&#8243; row_fullwidth=\u00bb1&#8243; css=\u00bb.vc_custom_1684321545730{margin-top: 0px !important;margin-bottom: 0px [&hellip;]<\/p>\n","protected":false},"author":10,"featured_media":0,"parent":0,"menu_order":0,"comment_status":"closed","ping_status":"closed","template":"","meta":{"footnotes":""},"class_list":["post-14984","page","type-page","status-publish","hentry"],"_links":{"self":[{"href":"https:\/\/badabus.com\/ca\/wp-json\/wp\/v2\/pages\/14984","targetHints":{"allow":["GET"]}}],"collection":[{"href":"https:\/\/badabus.com\/ca\/wp-json\/wp\/v2\/pages"}],"about":[{"href":"https:\/\/badabus.com\/ca\/wp-json\/wp\/v2\/types\/page"}],"author":[{"embeddable":true,"href":"https:\/\/badabus.com\/ca\/wp-json\/wp\/v2\/users\/10"}],"replies":[{"embeddable":true,"href":"https:\/\/badabus.com\/ca\/wp-json\/wp\/v2\/comments?post=14984"}],"version-history":[{"count":9,"href":"https:\/\/badabus.com\/ca\/wp-json\/wp\/v2\/pages\/14984\/revisions"}],"predecessor-version":[{"id":16027,"href":"https:\/\/badabus.com\/ca\/wp-json\/wp\/v2\/pages\/14984\/revisions\/16027"}],"wp:attachment":[{"href":"https:\/\/badabus.com\/ca\/wp-json\/wp\/v2\/media?parent=14984"}],"curies":[{"name":"wp","href":"https:\/\/api.w.org\/{rel}","templated":true}]}}