{"id":14978,"date":"2026-08-21T08:26:45","date_gmt":"2026-08-21T06:26:45","guid":{"rendered":"https:\/\/badabus.com\/?page_id=14978"},"modified":"2026-08-31T12:13:03","modified_gmt":"2026-08-31T10:13:03","slug":"lloguer-minibus-sant-adria","status":"publish","type":"page","link":"https:\/\/badabus.com\/ca\/lloguer-minibus-sant-adria\/","title":{"rendered":"Home Sant Adri\u00e0 Minib\u00fas CAT"},"content":{"rendered":"<div class=\"wpb-content-wrapper\"><p>[vc_row row_fullwidth=\u00bb1&#8243; row_zero_column_space=\u00bb1&#8243; css=\u00bb.vc_custom_1461073450203{margin-top: 0px !important;margin-right: 0px !important;margin-bottom: 0px !important;margin-left: 0px !important;padding-top: 0px !important;padding-right: 0px !important;padding-bottom: 0px !important;padding-left: 0px !important;}\u00bb][vc_column offset=\u00bbvc_hidden-sm vc_hidden-xs\u00bb][rev_slider_vc alias=\u00bbsant-adria-minibus-1&#8243; el_class=\u00bbno-bottom-margin\u00bb][\/vc_column][\/vc_row][vc_row gap=\u00bb5&#8243; row_fullwidth=\u00bb1&#8243; css=\u00bb.vc_custom_1684321545730{margin-top: 0px !important;margin-bottom: 0px !important;padding-top: 40px !important;padding-right: 40px !important;padding-left: 40px !important;background-color: #ffffff !important;}\u00bb][vc_column offset=\u00bbvc_hidden-sm vc_hidden-xs\u00bb][vc_column_text css=\u00bb\u00bb]<\/p>\n<h1 class=\"h1-home-cat\">Lloguer de Minib\u00fas a Sant Adri\u00e0 de Bes\u00f2s<\/h1>\n<h2 class=\"h1-servicios\">Les nostres opcions de minib\u00fas per a Sant Adri\u00e0 de Bes\u00f2s<\/h2>\n<p>[\/vc_column_text][vc_raw_html css=\u00bb\u00bb]JTVCYmFkYWJ1c19zZXJ2ZWlzJTVE[\/vc_raw_html][\/vc_column][vc_column offset=\u00bbvc_hidden-sm vc_hidden-xs\u00bb css=\u00bb.vc_custom_1744208769323{margin-top: 50px !important;background-color: #F6F6F6 !important;}\u00bb][vc_custom_heading text=\u00bbNecessites un minib\u00fas a Sant Adri\u00e0 de Bes\u00f2s per al teu trajecte?\u00bb font_container=\u00bbtag:h2|font_size:40|text_align:center|color:%23000000|line_height:30px\u00bb google_fonts=\u00bbfont_family:Raleway%3A100%2C200%2C300%2Cregular%2C500%2C600%2C700%2C800%2C900|font_style:300%20light%20regular%3A300%3Anormal\u00bb css=\u00bb.vc_custom_1746437748389{margin-top: 0px !important;margin-bottom: 0px !important;padding-top: 20px !important;padding-bottom: 0px !important;}\u00bb][vc_column_text css=\u00bb.vc_custom_1746437794353{margin-top: 10px !important;margin-bottom: 10px !important;}\u00bb]<\/p>\n<p style=\"text-align: center;\">Est\u00e0s planificant una sortida? Et donem pressupost en menys d&#8217;un dia feiner.<\/p>\n<p>[\/vc_column_text][vc_btn title=\u00bbSol\u00b7licitar pressupost per a lloguer de minib\u00fas\u00bb style=\u00bboutline-custom\u00bb outline_custom_color=\u00bb#000000&#8243; outline_custom_hover_background=\u00bb#000000&#8243; outline_custom_hover_text=\u00bb#ffffff\u00bb shape=\u00bbround\u00bb size=\u00bblg\u00bb align=\u00bbcenter\u00bb i_type=\u00bblinecons\u00bb i_icon_linecons=\u00bbvc_li vc_li-clip\u00bb css=\u00bb.vc_custom_1786953526038{margin-top: 20px !important;margin-bottom: 55px !important;}\u00bb add_icon=\u00bbtrue\u00bb link=\u00bburl:https%3A%2F%2Fbadabus.com%2Fca%2Fpressupost-lloguer-de-minibusos%2F|title:Pressupost%20lloguer%20d&#8217;autobusos\u00bb][\/vc_column][\/vc_row][vc_row row_fullwidth=\u00bb1&#8243; css=\u00bb.vc_custom_1613379287195{padding-right: 0px !important;padding-left: 0px !important;background-color: #0a0a0a !important;}\u00bb][vc_column css=\u00bb.vc_custom_1710964759406{padding-top: 0px !important;padding-right: 0px !important;padding-bottom: 0px !important;padding-left: 0px !important;background: #0a0a0a url(https:\/\/badabus.com\/wp-content\/uploads\/Alex-Bascuas-Photo-9610-opacity.jpg?id=9993) !important;background-position: center !important;background-repeat: no-repeat !important;background-size: cover !important;}\u00bb offset=\u00bbvc_hidden-lg vc_hidden-md\u00bb el_class=\u00bbimagen-background-home-mobile\u00bb][vc_column_text css=\u00bb.vc_custom_1746437757232{margin-top: 45px !important;margin-right: 5% !important;margin-bottom: 45px !important;margin-left: 5% !important;padding-right: 0px !important;padding-left: 0px !important;background-position: center !important;background-repeat: no-repeat !important;background-size: cover !important;}\u00bb]<\/p>\n<h1 class=\"h1-home-mob\">Lloguer de minibusos a Sant Adri\u00e0 de Bes\u00f2s<\/h1>\n<p>[\/vc_column_text][vc_btn title=\u00bbDEMANA PRESSUPOST\u00bb style=\u00bbcustom\u00bb custom_background=\u00bb#e22893&#8243; custom_text=\u00bb#ffffff\u00bb shape=\u00bbround\u00bb css=\u00bb.vc_custom_1786953539613{margin-left: 30px !important;}\u00bb link=\u00bburl:https%3A%2F%2Fbadabus.com%2Fca%2Fpressupost-lloguer-de-minibusos|title:Pressupost%20Lloguer%20Autobusos\u00bb][\/vc_column][\/vc_row][vc_row css=\u00bb.vc_custom_1744208838364{margin-top: 130px !important;margin-bottom: 15px !important;}\u00bb][vc_column width=\u00bb1\/2&#8243;][vc_column_text css=\u00bb\u00bb]<\/p>\n<h2>Des de quins barris de Sant Adri\u00e0 de Bes\u00f2s sortim?<\/h2>\n<p>Oferim recollides en <a href=\"https:\/\/badabus.com\/ca\/lloguer-de-minibus-barcelona\/\">minib\u00fas<\/a> des de zones com el Bes\u00f2s, la Verneda, Sant Joan Baptista i el Centre, i facilitem l&#8217;acc\u00e9s al nostre servei des de qualsevol punt de Sant Adri\u00e0.<\/p>\n<p>Tant si es tracta d&#8217;un trasllat escolar, una excursi\u00f3, un esdeveniment o un despla\u00e7ament d&#8217;empresa, adaptem el punt de recollida a les necessitats de cada client.[\/vc_column_text][\/vc_column][vc_column width=\u00bb1\/2&#8243;][vc_single_image image=\u00bb12887&#8243; img_size=\u00bb450&#215;450&#8243; css=\u00bb\u00bb][\/vc_column][\/vc_row][vc_row css=\u00bb.vc_custom_1744208847931{margin-top: 70px !important;margin-bottom: 30px !important;}\u00bb][vc_column width=\u00bb1\/2&#8243;][vc_column_text css=\u00bb.vc_custom_1786953833694{margin-bottom: 20px !important;}\u00bb]<\/p>\n<h2>De quantes places s\u00f3n els minibusos?<\/h2>\n<p>A Sant Adri\u00e0 de Bes\u00f2s posem a la teva disposici\u00f3 microbusos de fins a 25 places, ideals per a celebracions, trasllats d&#8217;empresa o grups redu\u00efts que busquen comoditat en els seus despla\u00e7aments.<\/p>\n<p>Si es tracta d&#8217;un grup m\u00e9s gran, pots comptar amb els nostres <a href=\"https:\/\/badabus.com\/ca\/lloguer-minibus-sant-adria\/\">autocars per a Sant Adri\u00e0<\/a> de 35, 50 i 55 places, perfectament equipats i preparats per a trajectes llargs, excursions o trasllats de grups escolars o esportius.<\/p>\n<h3>Vols con\u00e8ixer la nostra flota de microbusos per a Sant Adri\u00e0 de Bes\u00f2s?<\/h3>\n<p>[\/vc_column_text][vc_btn title=\u00bbVEURE FLOTA DE MINIBUSOS\u00bb style=\u00bboutline-custom\u00bb outline_custom_color=\u00bb#000000&#8243; outline_custom_hover_background=\u00bb#000000&#8243; outline_custom_hover_text=\u00bb#ffffff\u00bb shape=\u00bbround\u00bb align=\u00bbleft\u00bb i_type=\u00bblinecons\u00bb i_icon_linecons=\u00bbvc_li vc_li-clip\u00bb css=\u00bb.vc_custom_1786953847127{margin-bottom: 35px !important;}\u00bb add_icon=\u00bbtrue\u00bb link=\u00bburl:https%3A%2F%2Fbadabus.com%2Fca%2Fflota%2F\u00bb][\/vc_column][vc_column width=\u00bb1\/2&#8243;][vc_single_image image=\u00bb12673&#8243; img_size=\u00bb450&#215;420&#8243; css=\u00bb\u00bb][\/vc_column][\/vc_row][vc_row css=\u00bb.vc_custom_1744209919418{padding-top: 35px !important;background-color: #25A6B9 !important;}\u00bb][vc_column width=\u00bb2\/3&#8243;][vc_column_text css=\u00bb\u00bb]<strong style=\"font-size: 26px; color: white;\">Necessites un minib\u00fas a Sant Adri\u00e0 de Bes\u00f2s per al teu trajecte?<\/strong>[\/vc_column_text][\/vc_column][vc_column width=\u00bb1\/3&#8243;][vc_btn title=\u00bbPressupost en 24 h\u00bb style=\u00bboutline-custom\u00bb outline_custom_color=\u00bb#FFFFFF\u00bb outline_custom_hover_background=\u00bb#000000&#8243; outline_custom_hover_text=\u00bb#ffffff\u00bb shape=\u00bbround\u00bb align=\u00bbleft\u00bb i_type=\u00bblinecons\u00bb i_icon_linecons=\u00bbvc_li vc_li-clip\u00bb css=\u00bb.vc_custom_1786953945985{margin-bottom: 35px !important;}\u00bb add_icon=\u00bbtrue\u00bb link=\u00bburl:https%3A%2F%2Fbadabus.com%2Fca%2Fpressupost-lloguer-de-minibusos%2F|title:Pressupost%20lloguer%20d&#8217;autobusos\u00bb][\/vc_column][\/vc_row][vc_row gap=\u00bb20&#8243; equal_height=\u00bbyes\u00bb css=\u00bb.vc_custom_1719475441479{margin-top: 40px !important;padding-top: 40px !important;padding-bottom: 120px !important;background-image: url(https:\/\/badabus.com\/wp-content\/uploads\/dotted.png?id=2221) !important;}\u00bb][vc_column][vc_column_text css=\u00bb\u00bb]<\/p>\n<p style=\"text-align: center; font-size: 40px; font-family: gotham-rounded; line-height: 1em;\"><strong>Per qu\u00e8 triar-nos per al teu trajecte des de Sant Adri\u00e0 de Bes\u00f2s?<\/strong><\/p>\n<p>[\/vc_column_text][vc_row_inner equal_height=\u00bbyes\u00bb css=\u00bb.vc_custom_1744209697713{margin-bottom: 0px !important;padding-top: 20px !important;padding-bottom: 0px !important;}\u00bb][vc_column_inner width=\u00bb1\/3&#8243; css=\u00bb.vc_custom_1719475287975{background-color: #25a6b9 !important;border-radius: 5px !important;}\u00bb][vc_column_text css=\u00bb\u00bb]<\/p>\n<p class=\"numero-porque\">\/\/ 01<\/p>\n<p class=\"titulo-porque\">Seguretat<\/p>\n<p class=\"p-porque\">Als nostres minibusos a Sant Adri\u00e0 de Bes\u00f2s fem controls i manteniments exhaustius perqu\u00e8 cada trajecte sigui segur, c\u00f2mode i sense imprevistos.<\/p>\n<p>[\/vc_column_text][vc_btn title=\u00bbVEURE FLOTA\u00bb style=\u00bboutline-custom\u00bb outline_custom_color=\u00bb#ffffff\u00bb outline_custom_hover_background=\u00bb#ffffff\u00bb outline_custom_hover_text=\u00bb#25a6b9&#8243; shape=\u00bbround\u00bb size=\u00bbsm\u00bb css=\u00bb.vc_custom_1786953959289{margin-left: 35px !important;}\u00bb link=\u00bburl:https%3A%2F%2Fbadabus.com%2Fca%2Fflota%2F|title:Veure%20flota%20d&#8217;autocars\u00bb][vc_empty_space][\/vc_column_inner][vc_column_inner width=\u00bb1\/3&#8243; css=\u00bb.vc_custom_1719475336589{background-color: #9b6da6 !important;border-radius: 5px !important;}\u00bb][vc_column_text css=\u00bb\u00bb]<\/p>\n<p class=\"numero-porque\">\/\/ 02<\/p>\n<p class=\"titulo-porque\">Confort<\/p>\n<p class=\"p-porque\">Els nostres minibusos estan dissenyats amb cura per oferir la millor comoditat i seguretat als nostres clients en cada viatge.<\/p>\n<p>[\/vc_column_text][vc_btn title=\u00bbVEURE FLOTA\u00bb style=\u00bboutline-custom\u00bb outline_custom_color=\u00bb#ffffff\u00bb outline_custom_hover_background=\u00bb#ffffff\u00bb outline_custom_hover_text=\u00bb#9b6da6&#8243; shape=\u00bbround\u00bb size=\u00bbsm\u00bb css=\u00bb.vc_custom_1786954041245{margin-left: 35px !important;}\u00bb link=\u00bburl:https%3A%2F%2Fbadabus.com%2Fca%2Fflota%2F|title:Veure%20flota%20d&#8217;autocars\u00bb][vc_empty_space][\/vc_column_inner][vc_column_inner width=\u00bb1\/3&#8243; css=\u00bb.vc_custom_1719475343640{background-color: #e22893 !important;border-radius: 5px !important;}\u00bb][vc_column_text css=\u00bb\u00bb]<\/p>\n<p class=\"numero-porque\">\/\/ 03<\/p>\n<p class=\"titulo-porque\">Conductors<\/p>\n<p class=\"p-porque\">Posem el teu viatge en mans de professionals que coneixen el cam\u00ed i vetllen per la teva seguretat.<\/p>\n<p>[\/vc_column_text][vc_btn title=\u00bbVEURE FLOTA\u00bb style=\u00bboutline-custom\u00bb outline_custom_color=\u00bb#ffffff\u00bb outline_custom_hover_background=\u00bb#ffffff\u00bb outline_custom_hover_text=\u00bb#e22893&#8243; shape=\u00bbround\u00bb size=\u00bbsm\u00bb css=\u00bb.vc_custom_1786954051328{margin-left: 35px !important;}\u00bb link=\u00bburl:https%3A%2F%2Fbadabus.com%2Fca%2Fflota%2F|title:Veure%20flota%20d&#8217;autocars\u00bb][vc_empty_space][\/vc_column_inner][\/vc_row_inner][\/vc_column][\/vc_row][vc_row gap=\u00bb35&#8243; row_fullwidth=\u00bb1&#8243; css=\u00bb.vc_custom_1595256381018{margin-bottom: 0px !important;padding-top: 0px !important;padding-bottom: 15px !important;background-color: #ffffff !important;}\u00bb][vc_column width=\u00bb2\/3&#8243; offset=\u00bbvc_hidden-lg vc_hidden-md\u00bb css=\u00bb.vc_custom_1595256410887{margin-top: -100px !important;}\u00bb][vc_column_text css=\u00bb.vc_custom_1595254868036{margin-bottom: -10px !important;}\u00bb]<\/p>\n<p style=\"font-size: 25px; font-family: 'gotham-rounded'; text-align: left; color: #25a8ba; line-height: 1em;\"><strong>La teva companyia de confian\u00e7a<\/strong><\/p>\n<p>[\/vc_column_text][vc_column_text]<\/p>\n<p style=\"font-size: 20px; font-family: 'gotham-rounded'; text-align: left;\"><strong>Badabus \u00e9s una empresa familiar dedicada al transport de viatgers per carretera.<\/strong><\/p>\n<p>Empresa especialista en el lloguer d&#8217;autocars i minibusos. Ens avala l&#8217;experi\u00e8ncia de m\u00e9s de 25 anys en el sector de les persones que la dirigim.[\/vc_column_text][vc_btn title=\u00bbVols saber-ne m\u00e9s?\u00bb style=\u00bbgradient-custom\u00bb gradient_custom_color_1=\u00bb#25a6b9&#8243; gradient_custom_color_2=\u00bb#e22893&#8243; shape=\u00bbround\u00bb size=\u00bblg\u00bb align=\u00bbleft\u00bb css=\u00bb.vc_custom_1612647591198{padding-right: 3% !important;padding-left: 3% !important;}\u00bb link=\u00bburl:https%3A%2F%2Fbadabus.com%2Fflota%2F|title:Flota|\u00bb][\/vc_column][vc_column width=\u00bb1\/3&#8243; offset=\u00bbvc_hidden-lg vc_hidden-md\u00bb][vc_column_text css=\u00bb\u00bb]<b style=\"text-align: left; font-size: 20px;\"><img loading=\"lazy\" decoding=\"async\" class=\"alignnone wp-image-1964\" src=\"https:\/\/badabus.com\/wp-content\/uploads\/flechas-badabus.jpg\" alt=\"\" width=\"45\" height=\"27\" \/> CONTACTE<\/b>[\/vc_column_text][vc_column_text css=\u00bb\u00bb]<\/p>\n<h3 style=\"text-align: left; font-size: 20px;\">Autocares Badabus<\/h3>\n<p>Adre\u00e7a: <a href=\"https:\/\/www.google.com\/maps\/place\/Autocares+Badabus\/@41.3518513,2.1340148,17z\/data=!3m1!4b1!4m6!3m5!1s0x12a498a57225f481:0x27ebbd8420ff8f5e!8m2!3d41.3518513!4d2.1340148!16s%2Fg%2F11fz9zb2tf?entry=ttu\" target=\"_blank\" rel=\"noopener noreferrer\">C\/ Plom, 28 \u2013 08038 (Barcelona)<\/a><br \/>\nCorreu electr\u00f2nic: <a href=\"mailto:info@badabus.com\">info@badabus.com<\/a><br \/>\n<img loading=\"lazy\" decoding=\"async\" class=\"size-full wp-image-2239 alignleft\" src=\"https:\/\/badabus.com\/wp-content\/uploads\/telefon-de-lloguer-autocars-badabus.jpg\" alt=\"tel\u00e8fon de lloguer d'autocars badabus\" width=\"341\" height=\"124\" \/>[\/vc_column_text][\/vc_column][\/vc_row][vc_row gap=\u00bb35&#8243; css=\u00bb.vc_custom_1744210760780{margin-bottom: 25px !important;}\u00bb][vc_column width=\u00bb2\/3&#8243; css=\u00bb.vc_custom_1748247644881{margin-right: 30px !important;}\u00bb][vc_column_text css=\u00bb\u00bb]<\/p>\n<h2 style=\"font-size: 20px;\">Trajectes freq\u00fcents des de Sant Adri\u00e0 de Bes\u00f2s amb els nostres minibusos<\/h2>\n<p style=\"font-weight: 400; text-align: justify;\">Sant Adri\u00e0 de Bes\u00f2s \u00e9s un dels nostres punts de sortida habituals per a excursions en minib\u00fas en grup cap a Montserrat, rutes culturals per Barcelona o visites a entorns naturals com el Montseny. Cada viatge es personalitza segons el tipus de grup i les seves necessitats.<\/p>\n<p style=\"font-weight: 400; text-align: justify;\">Tamb\u00e9 fem <a href=\"https:\/\/badabus.com\/ca\/lloguer-minibus-sant-adria\/\">trasllats des de Sant Adri\u00e0 de Bes\u00f2s a l&#8217;Aeroport del Prat<\/a> i acompanyem les escoles en els seus viatges de fi de curs, amb un servei puntual, segur i adaptat a cada etapa del recorregut.<\/p>\n<h3 style=\"font-weight: 400;\">Serveis m\u00e9s demandats de lloguer de minibusos a Sant Adri\u00e0 de Bes\u00f2s<\/h3>\n<p style=\"font-weight: 400; text-align: justify;\">El servei de minibusos a Sant Adri\u00e0 de Bes\u00f2s \u00e9s especialment popular entre les empreses ubicades a l&#8217;entorn industrial, que necessiten traslladar empleats o rebre visites. Els centres escolars tamb\u00e9 aprofiten el nostre servei per a les seves excursions i sortides pedag\u00f2giques.<\/p>\n<p style=\"font-weight: 400; text-align: justify;\">A m\u00e9s, donem servei en celebracions com ara casaments i esdeveniments familiars. Tamb\u00e9 col\u00b7laborem amb equips esportius i ag\u00e8ncies de viatges que organitzen rutes tur\u00edstiques amb sortida des de Sant Adri\u00e0 cap a diversos punts d&#8217;inter\u00e8s de Catalunya.<\/p>\n<h3 style=\"font-weight: 400;\">Per qu\u00e8 \u00e9s millor llogar un minib\u00fas a Sant Adri\u00e0 de Bes\u00f2s amb nosaltres?<\/h3>\n<p style=\"font-weight: 400; text-align: justify;\">Amb una forta pres\u00e8ncia a Sant Adri\u00e0 de Bes\u00f2s, oferim recollides r\u00e0pides i eficients des de qualsevol barri. Com que hi som de manera regular, podem garantir un servei \u00e0gil i sense imprevistos.<\/p>\n<p style=\"font-weight: 400; text-align: justify;\">Col\u00b7laborem amb empreses del parc industrial, centres educatius i entitats esportives de la ciutat, cosa que ens permet oferir un servei totalment adaptat. Llogar un autocar amb nosaltres a Sant Adri\u00e0 \u00e9s sin\u00f2nim de proximitat, experi\u00e8ncia i comprom\u00eds.<\/p>\n<p>[\/vc_column_text][vc_empty_space height=\u00bb30px\u00bb][vc_column_text css=\u00bb\u00bb]<strong style=\"margin-left: 6px;\">POBLACIONS ON OFERIM SERVEI DE LLOGUER D&#8217;AUTOCAR<br \/>\n<\/strong><div class=\"menu-horizontal\"><ul><div class=\"menu-horizontal\"><li id=\"menu-item-15926\" class=\"menu-item menu-item-type-post_type menu-item-object-page menu-item-15926\"><a href=\"https:\/\/badabus.com\/ca\/lloguer-minibus-badalona\/\">Lloguer Minib\u00fas a Badalona<\/a><\/li> | <li id=\"menu-item-15933\" class=\"menu-item menu-item-type-post_type menu-item-object-page menu-item-15933\"><a href=\"https:\/\/badabus.com\/ca\/lloguer-minibus-viladecans\/\">Lloguer Minib\u00fas a Viladecans<\/a><\/li> | <li id=\"menu-item-15932\" class=\"menu-item menu-item-type-post_type menu-item-object-page menu-item-15932\"><a href=\"https:\/\/badabus.com\/ca\/lloguer-minibus-santa-coloma-de-gramenet\/\">Lloguer Minib\u00fas a Santa Coloma de Gramanet<\/a><\/li> | <li id=\"menu-item-15931\" class=\"menu-item menu-item-type-post_type menu-item-object-page menu-item-15931\"><a href=\"https:\/\/badabus.com\/ca\/lloguer-minibus-sant-joan-despi\/\">Lloguer Minib\u00fas a Sant Joan Desp\u00ed<\/a><\/li> | <li id=\"menu-item-15925\" class=\"menu-item menu-item-type-post_type menu-item-object-page menu-item-15925\"><a href=\"https:\/\/badabus.com\/ca\/lloguer-minibus-sant-feliu\/\">Lloguer Minib\u00fas a Sant Feliu de Llobregat<\/a><\/li> | <li id=\"menu-item-15930\" class=\"menu-item menu-item-type-post_type menu-item-object-page menu-item-15930\"><a href=\"https:\/\/badabus.com\/ca\/lloguer-minibus-sant-boi-llobregat\/\">Lloguer Minib\u00fas a Sant Boi de Llobregat<\/a><\/li> | <li id=\"menu-item-15924\" class=\"menu-item menu-item-type-post_type menu-item-object-page menu-item-15924\"><a href=\"https:\/\/badabus.com\/ca\/lloguer-minibus-sant-adria\/\">Lloguer Minib\u00fas a Sant Adri\u00e0 del Bes\u00f3s<\/a><\/li> | <li id=\"menu-item-15929\" class=\"menu-item menu-item-type-post_type menu-item-object-page menu-item-15929\"><a href=\"https:\/\/badabus.com\/ca\/lloguer-minibus-hospitalet-de-llobregat\/\">Lloguer Minib\u00fas a Hospitalet de Llobregat<\/a><\/li> | <li id=\"menu-item-15928\" class=\"menu-item menu-item-type-post_type menu-item-object-page menu-item-15928\"><a href=\"https:\/\/badabus.com\/ca\/lloguer-minibus-gava\/\">Lloguer Minib\u00fas a Gav\u00e0<\/a><\/li> | <li id=\"menu-item-15923\" class=\"menu-item menu-item-type-post_type menu-item-object-page menu-item-15923\"><a href=\"https:\/\/badabus.com\/ca\/lloguer-minibus-esplugues\/\">Lloguer Minib\u00fas a Esplugues de Llobregat<\/a><\/li> | <li id=\"menu-item-15927\" class=\"menu-item menu-item-type-post_type menu-item-object-page menu-item-15927\"><a href=\"https:\/\/badabus.com\/ca\/lloguer-minibus-el-prat-llobregat\/\">Lloguer Minib\u00fas a El Prat de Llobregat<\/a><\/li> | <li id=\"menu-item-15922\" class=\"menu-item menu-item-type-post_type menu-item-object-page menu-item-15922\"><a href=\"https:\/\/badabus.com\/ca\/lloguer-minibus-cornella\/\">Lloguer Minib\u00fas a Cornell\u00e0 de Llobregat<\/a><\/li> | <li id=\"menu-item-15921\" class=\"menu-item menu-item-type-post_type menu-item-object-page menu-item-15921\"><a href=\"https:\/\/badabus.com\/ca\/lloguer-minibus-castelldefels\/\">Lloguer Minib\u00fas a Castelldefels<\/a><\/li>\n<\/div><\/ul><\/div>[\/vc_column_text][vc_tta_accordion section_title_tag=\u00bbh2&#8243; color=\u00bbwhite\u00bb active_section=\u00bb1&#8243;][vc_tta_section title=\u00bbQuin preu t\u00e9 llogar un minib\u00fas a Sant Adri\u00e0 de Bes\u00f2s?\u00bb tab_id=\u00bb1764148384477-2fdb2360-6588&#8243;][vc_column_text css=\u00bb\u00bb]<\/p>\n<p data-start=\"576\" data-end=\"1117\">El preu del lloguer d&#8217;un minib\u00fas a Sant Adri\u00e0 de Bes\u00f2s dep\u00e8n del tipus de recorregut, la data del servei, la durada del trajecte, el nombre de passatgers i el model de vehicle sol\u00b7licitat. No hi ha una tarifa fixa, ja que cada despla\u00e7ament requereix una organitzaci\u00f3 espec\u00edfica. Per obtenir un pressupost exacte, nom\u00e9s cal indicar el punt de recollida a Sant Adri\u00e0, la destinaci\u00f3, l&#8217;horari i la mida del grup. Amb aquesta informaci\u00f3 elaborem una proposta personalitzada, clara i sense costos ocults.<\/p>\n<p>[\/vc_column_text][\/vc_tta_section][vc_tta_section title=\u00bbQuins beneficis ofereix contractar un minib\u00fas a Sant Adri\u00e0 per a grups petits o mitjans?\u00bb tab_id=\u00bb1764148384506-8dcd0ed4-1bc0&#8243;][vc_column_text css=\u00bb\u00bb]<\/p>\n<p data-start=\"1240\" data-end=\"1791\">El lloguer d&#8217;un minib\u00fas a Sant Adri\u00e0 de Bes\u00f2s \u00e9s una soluci\u00f3 ideal per a grups que volen viatjar de manera c\u00f2moda i coordinada. Gr\u00e0cies a la seva mida, aquests vehicles permeten moure&#8217;s f\u00e0cilment pel municipi i per Barcelona, facilitar transfers a l&#8217;aeroport i fer rutes urbanes o interurbanes sense complicacions. Els minibusos disposen de climatitzaci\u00f3, seients amplis i un interior c\u00f2mode, cosa que els converteix en la millor opci\u00f3 per a sortides escolars, activitats familiars, excursions o despla\u00e7aments d&#8217;empresa.<\/p>\n<p>[\/vc_column_text][\/vc_tta_section][vc_tta_section title=\u00bbPuc contractar un minib\u00fas per a excursions o visites des de Sant Adri\u00e0 de Bes\u00f2s?\u00bb tab_id=\u00bb1764148440408-e7d421d6-fbe7&#8243;][vc_column_text css=\u00bb\u00bb]<\/p>\n<p data-start=\"1905\" data-end=\"2305\">S\u00ed, pots contractar un minib\u00fas per fer excursions, tours i rutes personalitzades des de Sant Adri\u00e0 de Bes\u00f2s. Aquesta opci\u00f3 \u00e9s ideal per a grups que volen visitar Barcelona, Montserrat, Sitges, la Costa Brava o qualsevol punt de Catalunya. Dissenyem l&#8217;itinerari en funci\u00f3 de les necessitats del grup i garantim flexibilitat, comoditat i un servei totalment organitzat.<\/p>\n<p>[\/vc_column_text][\/vc_tta_section][vc_tta_section title=\u00bbQuina \u00e9s la durada habitual d&#8217;un servei de minib\u00fas a Sant Adri\u00e0?\u00bb tab_id=\u00bb1764148458078-6eabc22a-cfe2&#8243;][vc_column_text css=\u00bb\u00bb]<\/p>\n<p data-start=\"2408\" data-end=\"2782\">La durada del servei dep\u00e8n del tipus de viatge sol\u00b7licitat. Podem fer trasllats curts dins de Sant Adri\u00e0 de Bes\u00f2s, rutes per hores per a esdeveniments o activitats amb diferents parades, aix\u00ed com excursions de mig dia o de jornada completa. Adaptem el servei a l&#8217;horari del grup per assegurar un recorregut c\u00f2mode, eficient i ben planificat.<\/p>\n<p>[\/vc_column_text][\/vc_tta_section][vc_tta_section title=\u00bbQuina capacitat tenen els minibusos disponibles a Sant Adri\u00e0 de Bes\u00f2s?\u00bb tab_id=\u00bb1764148475335-3a2c1124-3554&#8243;][vc_column_text css=\u00bb\u00bb]<\/p>\n<p data-start=\"2886\" data-end=\"3370\">La nostra flota a Sant Adri\u00e0 disposa de minibusos de diferents capacitats, amb opcions que van aproximadament de 8 a 25 places. Aquesta varietat permet seleccionar el vehicle m\u00e9s adequat segons el nombre de passatgers i el tipus d&#8217;activitat: despla\u00e7ar-se pel municipi, fer una excursi\u00f3, assistir a un esdeveniment o fer un trajecte corporatiu. Quan sol\u00b7licitis el pressupost, nom\u00e9s cal que indiquis quantes persones viatjaran per assignar-te el vehicle ideal.<\/p>\n<p>[\/vc_column_text][\/vc_tta_section][vc_tta_section title=\u00bbEs pot reservar un minib\u00fas de Sant Adri\u00e0 de Bes\u00f2s a l&#8217;Aeroport de Barcelona?\u00bb tab_id=\u00bb1764148491924-febd3512-32be\u00bb][vc_column_text css=\u00bb\u00bb]<\/p>\n<p data-start=\"3483\" data-end=\"3901\">S\u00ed, fem trasllats en minib\u00fas des de Sant Adri\u00e0 de Bes\u00f2s fins a l&#8217;Aeroport de Barcelona-el Prat. \u00c9s un servei molt pr\u00e0ctic per a grups que necessiten un transport directe, puntual i segur. El conductor s&#8217;ocupa de la recollida al punt acordat, de l&#8217;equipatge i del trajecte fins a la terminal. Tamb\u00e9 gestionem recollides a l&#8217;aeroport per a grups amb arribades en horaris diferents.<\/p>\n<p>[\/vc_column_text][\/vc_tta_section][vc_tta_section title=\u00bbQuina difer\u00e8ncia hi ha entre llogar un minib\u00fas o un autocar a Sant Adri\u00e0 de Bes\u00f2s?\u00bb tab_id=\u00bb1764148509322-6edad6a4-5c88&#8243;][vc_column_text css=\u00bb\u00bb]<\/p>\n<p data-start=\"4016\" data-end=\"4501\">La difer\u00e8ncia principal \u00e9s la capacitat i el tipus de despla\u00e7ament. El minib\u00fas \u00e9s l&#8217;opci\u00f3 m\u00e9s c\u00f2moda per a grups petits o mitjans que necessiten agilitat en trajectes locals o despla\u00e7aments cap a Barcelona i municipis propers. L&#8217;autocar, en canvi, s&#8217;utilitza per a grups grans o viatges llargs. Tots dos vehicles ofereixen comoditat i totes les mesures de seguretat, per\u00f2 es trien segons les caracter\u00edstiques del trajecte i el nombre de passatgers.<\/p>\n<p>[\/vc_column_text][\/vc_tta_section][vc_tta_section title=\u00bbCal fer un pagament previ per reservar un minib\u00fas a Sant Adri\u00e0?\u00bb tab_id=\u00bb1764148528564-97012846-49c2&#8243;][vc_column_text css=\u00bb\u00bb]<\/p>\n<p data-start=\"4608\" data-end=\"5009\">Segons el tipus de servei i la data sol\u00b7licitada, pot ser necessari fer un dip\u00f2sit per confirmar la reserva del minib\u00fas. Aquest pagament assegura la disponibilitat del vehicle i del conductor en l&#8217;horari acordat. Al pressupost es detallen tots els imports, condicions i terminis, de manera que puguis planificar el teu despla\u00e7ament amb tranquil\u00b7litat i sense sorpreses.<\/p>\n<p>[\/vc_column_text][\/vc_tta_section][\/vc_tta_accordion][vc_separator color=\u00bbwhite\u00bb border_width=\u00bb5&#8243; css=\u00bb\u00bb][\/vc_column][vc_column width=\u00bb1\/3&#8243; css=\u00bb.vc_custom_1744211247589{margin-right: 30px !important;margin-left: 30px !important;}\u00bb][vc_column_text css=\u00bb.vc_custom_1744210584346{margin-bottom: -10px !important;}\u00bb]<\/p>\n<p style=\"font-size: 30px; font-family: 'gotham-rounded'; text-align: left; color: #25a8ba; line-height: 1em;\"><strong>La teva companyia de confian\u00e7a a Sant Adri\u00e0 de Bes\u00f2s<\/strong><\/p>\n<p>[\/vc_column_text][vc_column_text css=\u00bb\u00bb]<\/p>\n<p style=\"font-size: 18px; font-family: 'gotham-rounded'; text-align: left;\"><strong>Badabus \u00e9s una empresa familiar dedicada al transport de viatgers per carretera.<\/strong><\/p>\n<p>Empresa especialista en el lloguer de minibusos a Sant Adri\u00e0 de Bes\u00f2s. Ens avala l&#8217;experi\u00e8ncia de m\u00e9s de 25 anys en el sector de les persones que la dirigim.[\/vc_column_text][vc_column_text css=\u00bb\u00bb]<b style=\"text-align: left; font-size: 20px;\"><img loading=\"lazy\" decoding=\"async\" class=\"alignnone wp-image-1964\" src=\"https:\/\/badabus.com\/wp-content\/uploads\/flechas-badabus.jpg\" alt=\"\" width=\"45\" height=\"27\" \/> CONTACTE<\/b>[\/vc_column_text][vc_column_text css=\u00bb\u00bb]<\/p>\n<h3 style=\"text-align: left; font-size: 20px;\">Autocares Badabus<\/h3>\n<p>Adre\u00e7a: <a href=\"https:\/\/www.google.com\/maps\/place\/Autocares+Badabus\/@41.3518513,2.1340148,17z\/data=!3m1!4b1!4m6!3m5!1s0x12a498a57225f481:0x27ebbd8420ff8f5e!8m2!3d41.3518513!4d2.1340148!16s%2Fg%2F11fz9zb2tf?entry=ttu\" target=\"_blank\" rel=\"noopener noreferrer\">Carrer de la Metal\u00b7l\u00fargia, 51, 08908 Barcelona<\/a><br \/>\nCorreu electr\u00f2nic: <a href=\"mailto:info@badabus.com\">info@badabus.com<\/a><br \/>\n<img loading=\"lazy\" decoding=\"async\" class=\"size-full wp-image-2239 alignleft\" src=\"https:\/\/badabus.com\/wp-content\/uploads\/telefon-de-lloguer-autocars-badabus.jpg\" alt=\"tel\u00e8fon de lloguer d'autocars badabus\" width=\"341\" height=\"124\" \/>[\/vc_column_text][\/vc_column][\/vc_row][vc_row row_fullwidth=\u00bb1&#8243; row_zero_column_space=\u00bb1&#8243; css=\u00bb.vc_custom_1525855960545{margin-top: 0px !important;margin-right: 0px !important;margin-bottom: 0px !important;margin-left: 0px !important;padding-top: 0px !important;padding-right: 0px !important;padding-bottom: 0px !important;padding-left: 0px !important;background-color: #303033 !important;}\u00bb][vc_column width=\u00bb1\/2&#8243; css=\u00bb.vc_custom_1525855742551{margin-top: -30px !important;}\u00bb][vc_single_image image=\u00bb15747&#8243; img_size=\u00bbfull\u00bb css=\u00bb\u00bb][\/vc_column][vc_column width=\u00bb1\/4&#8243; offset=\u00bbvc_hidden-xs\u00bb][vc_single_image image=\u00bb15755&#8243; img_size=\u00bbfull\u00bb css=\u00bb.vc_custom_1787293773346{padding-top: 10px !important;}\u00bb][\/vc_column][vc_column width=\u00bb1\/4&#8243; offset=\u00bbvc_hidden-xs\u00bb][vc_btn title=\u00bbDEMANAR PRESSUPOST\u00bb style=\u00bbgradient-custom\u00bb gradient_custom_color_1=\u00bb#25a6b9&#8243; gradient_custom_color_2=\u00bb#e22893&#8243; shape=\u00bbround\u00bb size=\u00bblg\u00bb align=\u00bbleft\u00bb css=\u00bb.vc_custom_1786955401142{padding-top: 20px !important;}\u00bb link=\u00bburl:https%3A%2F%2Fbadabus.com%2Fca%2Fpressupost-lloguer-de-minibusos%2F\u00bb][\/vc_column][\/vc_row][vc_row][vc_column][vc_raw_html css=\u00bb\u00bb]PHNjcmlwdCB0eXBlPSJhcHBsaWNhdGlvbi9sZCtqc29uIj4KewogICJAY29udGV4dCI6ICJodHRwczovL3NjaGVtYS5vcmciLAogICJAdHlwZSI6ICJGQVFQYWdlIiwKICAibWFpbkVudGl0eSI6IFt7CiAgICAiQHR5cGUiOiAiUXVlc3Rpb24iLAogICAgIm5hbWUiOiAiUXVpbiBwcmV1IHTDqSBsbG9nYXIgdW4gbWluaWLDunMgYSBTYW50IEFkcmnDoCBkZSBCZXPDsnM\/IiwKICAgICJhY2NlcHRlZEFuc3dlciI6IHsKICAgICAgIkB0eXBlIjogIkFuc3dlciIsCiAgICAgICJ0ZXh0IjogIkVsIHByZXUgZGVsIGxsb2d1ZXIgZCd1biBtaW5pYsO6cyBhIFNhbnQgQWRyacOgIGRlIEJlc8OycyBkZXDDqG4gZGVsIHRpcHVzIGRlIHJlY29ycmVndXQsIGxhIGRhdGEgZGVsIHNlcnZlaSwgbGEgZHVyYWRhIGRlbCB0cmFqZWN0ZSwgZWwgbm9tYnJlIGRlIHBhc3NhdGdlcnMgaSBlbCBtb2RlbCBkZSB2ZWhpY2xlIHNvbMK3bGljaXRhdC4gTm8gaGkgaGEgdW5hIHRhcmlmYSBmaXhhLCBqYSBxdWUgY2FkYSBkZXNwbGHDp2FtZW50IHJlcXVlcmVpeCB1bmEgb3JnYW5pdHphY2nDsyBlc3BlY8OtZmljYS4gUGVyIG9idGVuaXIgdW4gcHJlc3N1cG9zdCBleGFjdGUsIG5vbcOpcyBjYWwgaW5kaWNhciBlbCBwdW50IGRlIHJlY29sbGlkYSBhIFNhbnQgQWRyacOgLCBsYSBkZXN0aW5hY2nDsywgbCdob3JhcmkgaSBsYSBtaWRhIGRlbCBncnVwLiBBbWIgYXF1ZXN0YSBpbmZvcm1hY2nDsyBlbGFib3JlbSB1bmEgcHJvcG9zdGEgcGVyc29uYWxpdHphZGEsIGNsYXJhIGkgc2Vuc2UgY29zdG9zIG9jdWx0cy4iCiAgICB9CiAgfSx7CiAgICAiQHR5cGUiOiAiUXVlc3Rpb24iLAogICAgIm5hbWUiOiAiUXVpbnMgYmVuZWZpY2lzIG9mZXJlaXggY29udHJhY3RhciB1biBtaW5pYsO6cyBhIFNhbnQgQWRyacOgIHBlciBhIGdydXBzIHBldGl0cyBvIG1pdGphbnM\/IiwKICAgICJhY2NlcHRlZEFuc3dlciI6IHsKICAgICAgIkB0eXBlIjogIkFuc3dlciIsCiAgICAgICJ0ZXh0IjogIkVsIGxsb2d1ZXIgZCd1biBtaW5pYsO6cyBhIFNhbnQgQWRyacOgIGRlIEJlc8OycyDDqXMgdW5hIHNvbHVjacOzIGlkZWFsIHBlciBhIGdydXBzIHF1ZSB2b2xlbiB2aWF0amFyIGRlIG1hbmVyYSBjw7Jtb2RhIGkgY29vcmRpbmFkYS4gR3LDoGNpZXMgYSBsYSBzZXZhIG1pZGEsIGFxdWVzdHMgdmVoaWNsZXMgcGVybWV0ZW4gbW91cmUncyBmw6BjaWxtZW50IHBlbCBtdW5pY2lwaSBpIHBlciBCYXJjZWxvbmEsIGZhY2lsaXRhciB0cmFuc2ZlcnMgYSBsJ2Flcm9wb3J0IGkgZmVyIHJ1dGVzIHVyYmFuZXMgbyBpbnRlcnVyYmFuZXMgc2Vuc2UgY29tcGxpY2FjaW9ucy4gRWxzIG1pbmlidXNvcyBkaXNwb3NlbiBkZSBjbGltYXRpdHphY2nDsywgc2VpZW50cyBhbXBsaXMgaSB1biBpbnRlcmlvciBjw7Jtb2RlLCBjb3NhIHF1ZSBlbHMgY29udmVydGVpeCBlbiBsYSBtaWxsb3Igb3BjacOzIHBlciBhIHNvcnRpZGVzIGVzY29sYXJzLCBhY3Rpdml0YXRzIGZhbWlsaWFycywgZXhjdXJzaW9ucyBvIGRlc3BsYcOnYW1lbnRzIGQnZW1wcmVzYS4iCiAgICB9CiAgfSx7CiAgICAiQHR5cGUiOiAiUXVlc3Rpb24iLAogICAgIm5hbWUiOiAiUHVjIGNvbnRyYWN0YXIgdW4gbWluaWLDunMgcGVyIGEgZXhjdXJzaW9ucyBvIHZpc2l0ZXMgZGVzIGRlIFNhbnQgQWRyacOgIGRlIEJlc8Oycz8iLAogICAgImFjY2VwdGVkQW5zd2VyIjogewogICAgICAiQHR5cGUiOiAiQW5zd2VyIiwKICAgICAgInRleHQiOiAiU8OtLCBwb3RzIGNvbnRyYWN0YXIgdW4gbWluaWLDunMgcGVyIGZlciBleGN1cnNpb25zLCB0b3VycyBpIHJ1dGVzIHBlcnNvbmFsaXR6YWRlcyBkZXMgZGUgU2FudCBBZHJpw6AgZGUgQmVzw7JzLiBBcXVlc3RhIG9wY2nDsyDDqXMgaWRlYWwgcGVyIGEgZ3J1cHMgcXVlIHZvbGVuIHZpc2l0YXIgQmFyY2Vsb25hLCBNb250c2VycmF0LCBTaXRnZXMsIGxhIENvc3RhIEJyYXZhIG8gcXVhbHNldm9sIHB1bnQgZGUgQ2F0YWx1bnlhLiBEaXNzZW55ZW0gbCdpdGluZXJhcmkgZW4gZnVuY2nDsyBkZSBsZXMgbmVjZXNzaXRhdHMgZGVsIGdydXAgaSBnYXJhbnRpbSBmbGV4aWJpbGl0YXQsIGNvbW9kaXRhdCBpIHVuIHNlcnZlaSB0b3RhbG1lbnQgb3JnYW5pdHphdC4iCiAgICB9CiAgfSx7CiAgICAiQHR5cGUiOiAiUXVlc3Rpb24iLAogICAgIm5hbWUiOiAiUXVpbmEgw6lzIGxhIGR1cmFkYSBoYWJpdHVhbCBkJ3VuIHNlcnZlaSBkZSBtaW5pYsO6cyBhIFNhbnQgQWRyacOgPyIsCiAgICAiYWNjZXB0ZWRBbnN3ZXIiOiB7CiAgICAgICJAdHlwZSI6ICJBbnN3ZXIiLAogICAgICAidGV4dCI6ICJMYSBkdXJhZGEgZGVsIHNlcnZlaSBkZXDDqG4gZGVsIHRpcHVzIGRlIHZpYXRnZSBzb2zCt2xpY2l0YXQuIFBvZGVtIGZlciB0cmFzbGxhdHMgY3VydHMgZGlucyBkZSBTYW50IEFkcmnDoCBkZSBCZXPDsnMsIHJ1dGVzIHBlciBob3JlcyBwZXIgYSBlc2RldmVuaW1lbnRzIG8gYWN0aXZpdGF0cyBhbWIgZGlmZXJlbnRzIHBhcmFkZXMsIGFpeMOtIGNvbSBleGN1cnNpb25zIGRlIG1pZyBkaWEgbyBkZSBqb3JuYWRhIGNvbXBsZXRhLiBBZGFwdGVtIGVsIHNlcnZlaSBhIGwnaG9yYXJpIGRlbCBncnVwIHBlciBhc3NlZ3VyYXIgdW4gcmVjb3JyZWd1dCBjw7Jtb2RlLCBlZmljaWVudCBpIGJlbiBwbGFuaWZpY2F0LiIKICAgIH0KICB9LHsKICAgICJAdHlwZSI6ICJRdWVzdGlvbiIsCiAgICAibmFtZSI6ICJRdWluYSBjYXBhY2l0YXQgdGVuZW4gZWxzIG1pbmlidXNvcyBkaXNwb25pYmxlcyBhIFNhbnQgQWRyacOgIGRlIEJlc8Oycz8iLAogICAgImFjY2VwdGVkQW5zd2VyIjogewogICAgICAiQHR5cGUiOiAiQW5zd2VyIiwKICAgICAgInRleHQiOiAiTGEgbm9zdHJhIGZsb3RhIGEgU2FudCBBZHJpw6AgZGlzcG9zYSBkZSBtaW5pYnVzb3MgZGUgZGlmZXJlbnRzIGNhcGFjaXRhdHMsIGFtYiBvcGNpb25zIHF1ZSB2YW4gYXByb3hpbWFkYW1lbnQgZGUgOCBhIDI1IHBsYWNlcy4gQXF1ZXN0YSB2YXJpZXRhdCBwZXJtZXQgc2VsZWNjaW9uYXIgZWwgdmVoaWNsZSBtw6lzIGFkZXF1YXQgc2Vnb25zIGVsIG5vbWJyZSBkZSBwYXNzYXRnZXJzIGkgZWwgdGlwdXMgZCdhY3Rpdml0YXQ6IGRlc3BsYcOnYXItc2UgcGVsIG11bmljaXBpLCBmZXIgdW5hIGV4Y3Vyc2nDsywgYXNzaXN0aXIgYSB1biBlc2RldmVuaW1lbnQgbyBmZXIgdW4gdHJhamVjdGUgY29ycG9yYXRpdS4gUXVhbiBzb2zCt2xpY2l0aXMgZWwgcHJlc3N1cG9zdCwgbm9tw6lzIGNhbCBxdWUgaW5kaXF1aXMgcXVhbnRlcyBwZXJzb25lcyB2aWF0amFyYW4gcGVyIGFzc2lnbmFyLXRlIGVsIHZlaGljbGUgaWRlYWwuIgogICAgfQogIH0sewogICAgIkB0eXBlIjogIlF1ZXN0aW9uIiwKICAgICJuYW1lIjogIkVzIHBvdCByZXNlcnZhciB1biBtaW5pYsO6cyBkZSBTYW50IEFkcmnDoCBkZSBCZXPDsnMgYSBsJ0Flcm9wb3J0IGRlIEJhcmNlbG9uYT8iLAogICAgImFjY2VwdGVkQW5zd2VyIjogewogICAgICAiQHR5cGUiOiAiQW5zd2VyIiwKICAgICAgInRleHQiOiAiU8OtLCBmZW0gdHJhc2xsYXRzIGVuIG1pbmliw7pzIGRlcyBkZSBTYW50IEFkcmnDoCBkZSBCZXPDsnMgZmlucyBhIGwnQWVyb3BvcnQgZGUgQmFyY2Vsb25hLWVsIFByYXQuIMOJcyB1biBzZXJ2ZWkgbW9sdCBwcsOgY3RpYyBwZXIgYSBncnVwcyBxdWUgbmVjZXNzaXRlbiB1biB0cmFuc3BvcnQgZGlyZWN0ZSwgcHVudHVhbCBpIHNlZ3VyLiBFbCBjb25kdWN0b3IgcydvY3VwYSBkZSBsYSByZWNvbGxpZGEgYWwgcHVudCBhY29yZGF0LCBkZSBsJ2VxdWlwYXRnZSBpIGRlbCB0cmFqZWN0ZSBmaW5zIGEgbGEgdGVybWluYWwuIFRhbWLDqSBnZXN0aW9uZW0gcmVjb2xsaWRlcyBhIGwnYWVyb3BvcnQgcGVyIGEgZ3J1cHMgYW1iIGFycmliYWRlcyBlbiBob3JhcmlzIGRpZmVyZW50cy4iCiAgICB9CiAgfSx7CiAgICAiQHR5cGUiOiAiUXVlc3Rpb24iLAogICAgIm5hbWUiOiAiUXVpbmEgZGlmZXLDqG5jaWEgaGkgaGEgZW50cmUgbGxvZ2FyIHVuIG1pbmliw7pzIG8gdW4gYXV0b2NhciBhIFNhbnQgQWRyacOgIGRlIEJlc8Oycz8iLAogICAgImFjY2VwdGVkQW5zd2VyIjogewogICAgICAiQHR5cGUiOiAiQW5zd2VyIiwKICAgICAgInRleHQiOiAiTGEgZGlmZXLDqG5jaWEgcHJpbmNpcGFsIMOpcyBsYSBjYXBhY2l0YXQgaSBlbCB0aXB1cyBkZSBkZXNwbGHDp2FtZW50LiBFbCBtaW5pYsO6cyDDqXMgbCdvcGNpw7MgbcOpcyBjw7Jtb2RhIHBlciBhIGdydXBzIHBldGl0cyBvIG1pdGphbnMgcXVlIG5lY2Vzc2l0ZW4gYWdpbGl0YXQgZW4gdHJhamVjdGVzIGxvY2FscyBvIGRlc3BsYcOnYW1lbnRzIGNhcCBhIEJhcmNlbG9uYSBpIG11bmljaXBpcyBwcm9wZXJzLiBMJ2F1dG9jYXIsIGVuIGNhbnZpLCBzJ3V0aWxpdHphIHBlciBhIGdydXBzIGdyYW5zIG8gdmlhdGdlcyBsbGFyZ3MuIFRvdHMgZG9zIHZlaGljbGVzIG9mZXJlaXhlbiBjb21vZGl0YXQgaSB0b3RlcyBsZXMgbWVzdXJlcyBkZSBzZWd1cmV0YXQsIHBlcsOyIGVzIHRyaWVuIHNlZ29ucyBsZXMgY2FyYWN0ZXLDrXN0aXF1ZXMgZGVsIHRyYWplY3RlIGkgZWwgbm9tYnJlIGRlIHBhc3NhdGdlcnMuIgogICAgfQogIH0sewogICAgIkB0eXBlIjogIlF1ZXN0aW9uIiwKICAgICJuYW1lIjogIkNhbCBmZXIgdW4gcGFnYW1lbnQgcHJldmkgcGVyIHJlc2VydmFyIHVuIG1pbmliw7pzIGEgU2FudCBBZHJpw6A\/IiwKICAgICJhY2NlcHRlZEFuc3dlciI6IHsKICAgICAgIkB0eXBlIjogIkFuc3dlciIsCiAgICAgICJ0ZXh0IjogIlNlZ29ucyBlbCB0aXB1cyBkZSBzZXJ2ZWkgaSBsYSBkYXRhIHNvbMK3bGljaXRhZGEsIHBvdCBzZXIgbmVjZXNzYXJpIGZlciB1biBkaXDDsnNpdCBwZXIgY29uZmlybWFyIGxhIHJlc2VydmEgZGVsIG1pbmliw7pzLiBBcXVlc3QgcGFnYW1lbnQgYXNzZWd1cmEgbGEgZGlzcG9uaWJpbGl0YXQgZGVsIHZlaGljbGUgaSBkZWwgY29uZHVjdG9yIGVuIGwnaG9yYXJpIGFjb3JkYXQuIEFsIHByZXNzdXBvc3QgZXMgZGV0YWxsZW4gdG90cyBlbHMgaW1wb3J0cywgY29uZGljaW9ucyBpIHRlcm1pbmlzLCBkZSBtYW5lcmEgcXVlIHB1Z3VpcyBwbGFuaWZpY2FyIGVsIHRldSBkZXNwbGHDp2FtZW50IGFtYiB0cmFucXVpbMK3bGl0YXQgaSBzZW5zZSBzb3JwcmVzZXMuIgogICAgfQogIH1dCn0KPC9zY3JpcHQ+[\/vc_raw_html][\/vc_column][\/vc_row]<\/p>\n<\/div>","protected":false},"excerpt":{"rendered":"<p>[vc_row row_fullwidth=\u00bb1&#8243; row_zero_column_space=\u00bb1&#8243; css=\u00bb.vc_custom_1461073450203{margin-top: 0px !important;margin-right: 0px !important;margin-bottom: 0px !important;margin-left: 0px !important;padding-top: 0px !important;padding-right: 0px !important;padding-bottom: 0px !important;padding-left: 0px !important;}\u00bb][vc_column offset=\u00bbvc_hidden-sm vc_hidden-xs\u00bb][rev_slider_vc alias=\u00bbsant-adria-minibus-1&#8243; el_class=\u00bbno-bottom-margin\u00bb][\/vc_column][\/vc_row][vc_row gap=\u00bb5&#8243; row_fullwidth=\u00bb1&#8243; css=\u00bb.vc_custom_1684321545730{margin-top: 0px !important;margin-bottom: 0px [&hellip;]<\/p>\n","protected":false},"author":10,"featured_media":0,"parent":0,"menu_order":0,"comment_status":"closed","ping_status":"closed","template":"","meta":{"footnotes":""},"class_list":["post-14978","page","type-page","status-publish","hentry"],"_links":{"self":[{"href":"https:\/\/badabus.com\/ca\/wp-json\/wp\/v2\/pages\/14978","targetHints":{"allow":["GET"]}}],"collection":[{"href":"https:\/\/badabus.com\/ca\/wp-json\/wp\/v2\/pages"}],"about":[{"href":"https:\/\/badabus.com\/ca\/wp-json\/wp\/v2\/types\/page"}],"author":[{"embeddable":true,"href":"https:\/\/badabus.com\/ca\/wp-json\/wp\/v2\/users\/10"}],"replies":[{"embeddable":true,"href":"https:\/\/badabus.com\/ca\/wp-json\/wp\/v2\/comments?post=14978"}],"version-history":[{"count":11,"href":"https:\/\/badabus.com\/ca\/wp-json\/wp\/v2\/pages\/14978\/revisions"}],"predecessor-version":[{"id":15858,"href":"https:\/\/badabus.com\/ca\/wp-json\/wp\/v2\/pages\/14978\/revisions\/15858"}],"wp:attachment":[{"href":"https:\/\/badabus.com\/ca\/wp-json\/wp\/v2\/media?parent=14978"}],"curies":[{"name":"wp","href":"https:\/\/api.w.org\/{rel}","templated":true}]}}